{"id":535724,"date":"2025-01-14T05:36:51","date_gmt":"2025-01-14T05:36:51","guid":{"rendered":"https:\/\/www.capgemini.com\/mx-es\/?page_id=535724&#038;preview_id=535724"},"modified":"2026-04-27T04:36:28","modified_gmt":"2026-04-27T04:36:28","slug":"govtech-uso-de-la-tecnologia-para-crear-valor-publico","status":"publish","type":"page","link":"https:\/\/www.capgemini.com\/mx-es\/insights\/iniciativas-e-investigacion-con-el-fmi\/govtech-impacto-social-a-traves-de-la-tecnologia\/","title":{"rendered":"GovTech: Uso de la tecnolog\u00eda para crear valor p\u00fablico"},"content":{"rendered":"\n<div class=\"wp-block-cg-blocks-hero-picture-card undefined  heroPictureCard\"><div class=\"heroPictureCardBgs\"><picture><source srcset=\"https:\/\/www.capgemini.com\/wp-content\/uploads\/2024\/12\/PS_GCTC_dotcom-banner_2880x1800px_bfbb81.jpg?w=2880&amp;quality=70 1x, https:\/\/www.capgemini.com\/wp-content\/uploads\/2024\/12\/PS_GCTC_dotcom-banner_2880x1800px_bfbb81.jpg?w=2880&amp;quality=70 2x\" media=\"(min-width: 1500px)\"\/><source srcset=\"https:\/\/www.capgemini.com\/wp-content\/uploads\/2024\/12\/PS_GCTC_dotcom-banner_2880x1800px_bfbb81.jpg?w=1440&amp;quality=70 1x, https:\/\/www.capgemini.com\/wp-content\/uploads\/2024\/12\/PS_GCTC_dotcom-banner_2880x1800px_bfbb81.jpg?w=2880&amp;quality=70 2x\" media=\"(min-width: 992px)\"\/><source srcset=\"https:\/\/www.capgemini.com\/wp-content\/uploads\/2024\/12\/PS_GCTC_dotcom-banner_2880x1800px_bfbb81.jpg?w=1024&amp;quality=70 1x, https:\/\/www.capgemini.com\/wp-content\/uploads\/2024\/12\/PS_GCTC_dotcom-banner_2880x1800px_bfbb81.jpg?w=1024&amp;quality=70 2x\" media=\"(min-width: 768px)\"\/><source srcset=\"https:\/\/www.capgemini.com\/wp-content\/uploads\/2024\/12\/PS_GCTC_dotcom-banner_2880x1800px_bfbb81.jpg?w=768&amp;quality=70 1x, https:\/\/www.capgemini.com\/wp-content\/uploads\/2024\/12\/PS_GCTC_dotcom-banner_2880x1800px_bfbb81.jpg?w=768&amp;quality=70 2x\" media=\"(min-width: 0)\"\/><img decoding=\"async\" src=\"https:\/\/www.capgemini.com\/wp-content\/uploads\/2024\/12\/PS_GCTC_dotcom-banner_2880x1800px_bfbb81.jpg\" class=\"desktopImage\" alt=\"\" style=\"object-fit:cover;object-position:45% 56.99999999999999%\" loading=\"eager\"\/><\/picture><picture><source srcset=\"https:\/\/www.capgemini.com\/wp-content\/uploads\/2024\/12\/PS_GCTC_dotcom-banner_2880x1800px_bfbb81.jpg?w=2880&amp;quality=70 1x, https:\/\/www.capgemini.com\/wp-content\/uploads\/2024\/12\/PS_GCTC_dotcom-banner_2880x1800px_bfbb81.jpg?w=2880&amp;quality=70 2x\" media=\"(min-width: 1500px)\"\/><source srcset=\"https:\/\/www.capgemini.com\/wp-content\/uploads\/2024\/12\/PS_GCTC_dotcom-banner_2880x1800px_bfbb81.jpg?w=1440&amp;quality=70 1x, https:\/\/www.capgemini.com\/wp-content\/uploads\/2024\/12\/PS_GCTC_dotcom-banner_2880x1800px_bfbb81.jpg?w=2880&amp;quality=70 2x\" media=\"(min-width: 992px)\"\/><source srcset=\"https:\/\/www.capgemini.com\/wp-content\/uploads\/2024\/12\/PS_GCTC_dotcom-banner_2880x1800px_bfbb81.jpg?w=1024&amp;quality=70 1x, https:\/\/www.capgemini.com\/wp-content\/uploads\/2024\/12\/PS_GCTC_dotcom-banner_2880x1800px_bfbb81.jpg?w=1024&amp;quality=70 2x\" media=\"(min-width: 768px)\"\/><source srcset=\"https:\/\/www.capgemini.com\/wp-content\/uploads\/2024\/12\/PS_GCTC_dotcom-banner_2880x1800px_bfbb81.jpg?w=768&amp;quality=70 1x, https:\/\/www.capgemini.com\/wp-content\/uploads\/2024\/12\/PS_GCTC_dotcom-banner_2880x1800px_bfbb81.jpg?w=768&amp;quality=70 2x\" media=\"(min-width: 0)\"\/><img decoding=\"async\" src=\"https:\/\/www.capgemini.com\/wp-content\/uploads\/2024\/12\/PS_GCTC_dotcom-banner_2880x1800px_bfbb81.jpg\" class=\"mobileImage\" alt=\"\" style=\"object-fit:cover;object-position:45% 56.99999999999999%\" loading=\"eager\"\/><\/picture><\/div><div class=\"heroPictureCardHeaderShape\"><\/div><div class=\"container\"><div class=\"row\"><div class=\"col-md-8 col-lg-6\"><div class=\"heroPictureCardBox\"><div class=\"heroPictureCardBoxTitle\"><h1 data-maxlength=\"88\">GovTech: Uso de la tecnolog\u00eda para crear valor p\u00fablico<\/h1><\/div><\/div><\/div><\/div><\/div><div class=\"small-device\"><div class=\"brandLogoWrapper\"> <\/div><\/div><\/div>\n\n\n\n<section class=\"wp-block-cg-blocks-group undefined section section--article-content\"><div class=\"article-main-content\"><div class=\"container\"><div class=\"grid-container\"><div class=\"col-12 col-md-2\"><nav class=\"article-social\"><ul class=\"social-nav\"><li class=\"ip-order-fb\"><a href=\"https:\/\/www.facebook.com\/sharer\/sharer.php?u=https:\/\/www.capgemini.com\/?page_id=1076173\" target=\"_blank\" rel=\"noopener noreferrer\" title=\"Abrir en una nueva ventana\"><i aria-hidden=\"true\" class=\"icon-fb\"><\/i><span class=\"sr-only\">Facebook<\/span><\/a><\/li><li class=\"ip-order-li\"><a href=\"https:\/\/www.linkedin.com\/shareArticle?url=https:\/\/www.capgemini.com\/?page_id=1076173\" target=\"_blank\" rel=\"noopener noreferrer\" title=\"Abrir en una nueva ventana\"><i aria-hidden=\"true\" class=\"icon-li\"><\/i><span class=\"sr-only\">Linkedin<\/span><\/a><\/li><\/ul><\/nav><\/div><div><div class=\"article-text article-quote-text\">\n<h2 class=\"wp-block-heading\" id=\"h-a-traves-de-nuestra-alianza-unica-con-el-foro-economico-mundial-wef-y-el-centro-global-de-tecnologia-gubernamental-ggtc-de-berlin-estamos-contribuyendo-a-que-la-tecnologia-no-sea-solo-una-caracteristica-del-gobierno-sino-su-fundamento\" style=\"font-size:30px\">A trav\u00e9s de nuestra alianza \u00fanica con el Foro Econ\u00f3mico Mundial (WEF) y el Centro Global de Tecnolog\u00eda Gubernamental (GGTC) de Berl\u00edn, estamos contribuyendo a que la tecnolog\u00eda no sea solo una caracter\u00edstica del gobierno, sino su fundamento.<\/h2>\n\n\n\n<p>GovTech puede ayudar a los gobiernos a ser m\u00e1s eficientes, transparentes y sostenibles. Sin embargo, su potencial se extiende mucho m\u00e1s all\u00e1 de la digitalizaci\u00f3n de procesos, llegando a redefinir el futuro del gobierno \u2014incluyendo el contrato con los ciudadanos.<\/p>\n\n\n\n<p>En Capgemini, nos hemos asociado con el Foro para ayudar a los gobiernos a realizar esta transici\u00f3n y a encontrar nuevas formas de generar valor para la sociedad. Mediante la participaci\u00f3n en proyectos conjuntos de investigaci\u00f3n y liderazgo intelectual, as\u00ed como facilitando conexiones dentro del ecosistema GovTech, estamos ayudando a los gobiernos a navegar por un entorno en constante evoluci\u00f3n. De este modo, pueden utilizar la tecnolog\u00eda para superar sus desaf\u00edos, respaldados por una red global de expertos y pares.<\/p>\n\n\n\n<section class=\"wp-block-cg-blocks-wrapper-card-text-pic wrapperCardTextPic hero-bg-shape\"><div class=\"container\"><div class=\"row\"><div class=\"col-md-12\">\n<div class=\"wp-block-cg-blocks-card-text-pic-right\"><div class=\"row card-text-pic rightCard\"><div class=\"col-md-12\"><div class=\"box--section\"><div class=\"box  row-nobleed\"><div class=\"col-lg-8 col-md-12 box-inner\"><h3 class=\"titlewithoutLink\" data-maxlength=\"144\">Hacer que la IA con capacidad de agencia funcione para el gobierno<\/h3><p class=\"box-text\" data-maxlength=\"\">Nuestro nuevo informe presenta un enfoque sistem\u00e1tico y basado en la evidencia para identificar por d\u00f3nde empezar con la IA ag\u00e9ntica, de modo que los gobiernos puedan pasar de la experimentaci\u00f3n a la generaci\u00f3n de valor p\u00fablico escalable.<\/p><div class=\"box-bottom\"><\/div><\/div><div class=\"col-lg-5 col-md-12 box-img-wrapper\"><picture><source srcset=\"https:\/\/www.capgemini.com\/wp-content\/uploads\/2026\/04\/Capture-decran-2026-04-22-103354.png?w=1000&amp;quality=70 1x, https:\/\/www.capgemini.com\/wp-content\/uploads\/2026\/04\/Capture-decran-2026-04-22-103354.png?w=1000&amp;quality=70 2x\" media=\"(min-width: 1500px)\"\/><source srcset=\"https:\/\/www.capgemini.com\/wp-content\/uploads\/2026\/04\/Capture-decran-2026-04-22-103354.png?w=500&amp;quality=70 1x, https:\/\/www.capgemini.com\/wp-content\/uploads\/2026\/04\/Capture-decran-2026-04-22-103354.png?w=1000&amp;quality=70 2x\" media=\"(min-width: 992px)\"\/><source srcset=\"https:\/\/www.capgemini.com\/wp-content\/uploads\/2026\/04\/Capture-decran-2026-04-22-103354.png?w=768&amp;quality=70 1x, https:\/\/www.capgemini.com\/wp-content\/uploads\/2026\/04\/Capture-decran-2026-04-22-103354.png?w=768&amp;quality=70 2x\" media=\"(min-width: 768px)\"\/><source srcset=\"https:\/\/www.capgemini.com\/wp-content\/uploads\/2026\/04\/Capture-decran-2026-04-22-103354.png?w=556&amp;quality=70 1x, https:\/\/www.capgemini.com\/wp-content\/uploads\/2026\/04\/Capture-decran-2026-04-22-103354.png?w=556&amp;quality=70 2x\" media=\"(min-width: 0)\"\/><img decoding=\"async\" src=\"https:\/\/www.capgemini.com\/wp-content\/uploads\/2026\/04\/Capture-decran-2026-04-22-103354.png\" class=\"box-img-without-hover\" alt=\"\" style=\"object-fit:cover;object-position:80% 89%\" loading=\"lazy\"\/><\/picture><\/div><\/div><\/div><\/div><\/div><\/div>\n<\/div><\/div><\/div><\/section>\n\n\n\n<div class=\"wp-block-buttons is-content-justification-left is-layout-flex wp-container-core-buttons-is-layout-fc4fd283 wp-block-buttons-is-layout-flex\">\n<div class=\"wp-block-button\"><a class=\"wp-block-button__link has-text-align-left wp-element-button\" href=\"https:\/\/www.weforum.org\/publications\/making-agentic-ai-work-for-government-a-readiness-framework\" target=\"_blank\" rel=\"noreferrer noopener\">Lea el informe en el sitio web del Foro.<\/a><\/div>\n\n\n\n<div class=\"wp-block-button\"><a class=\"wp-block-button__link wp-element-button\" href=\"https:\/\/agenticforgov.com\/\" target=\"_blank\" rel=\"noreferrer noopener\">Explore los hallazgos en el micrositio interactivo.<\/a><\/div>\n<\/div>\n<\/div><\/div><\/div><\/div><\/div><\/section>\n\n\n\n<section class=\"wp-block-cg-blocks-intro-para-video section section--info-2cols section--insights section-video \"><div class=\"bg-color video-align-right\"><div class=\"container\"><div class=\"row video-align-left\"><div class=\"col-md-12\"><div class=\"video-align-left row box box--4 box--mini\"><div class=\"col-md-3\"><h3 class=\"Video-title\" data-maxlength=\"34\">Claridad, no prisa<\/h3><div class=\"video-info\"><p data-maxlength=\"68\">Ayudar a los gobiernos a adoptar la IA ag\u00e9ntica estrat\u00e9gicamente<\/p><\/div><\/div><div class=\"col-md-8 box-img-wrapper\"><div class=\"video-box\"><div class=\"video-wrapper\"><iframe title=\"video-section\" src=\"https:\/\/www.youtube.com\/embed\/SnLPclNdbEw?rel=0&amp;modestbranding=1&amp;playsinline=1&amp;enablejsapi=1\" frameborder=\"0\" allow=\"accelerometer; autoplay; clipboard-write; encrypted-media; gyroscope; picture-in-picture\" allowfullscreen loading=\"lazy\" referrerpolicy=\"strict-origin-when-cross-origin\"><\/iframe><\/div><\/div><\/div><div class=\"col-md-1\"><\/div><\/div><\/div><\/div><\/div><\/div><\/section>\n\n\n<section class=\"section section--expert-perspectives\"><div class=\"container\"><div class=\"row\"><div class=\"content-title col-12 col-md-8\"><h2 class=\"expert-heading\">Perspectivas de expertos<\/h2><\/div><\/div><div class=\"expert-prospective-container\"><div class=\"row\"><div class=\"col-12 col-md-4 row-space\"><div class=\"box\"><div class=\"box-img-wrapper\"><a href=\"https:\/\/www.capgemini.com\/mx-es\/insights\/expert-perspectives\/where-should-governments-start-with-agentic-ai-a-guide-to-getting-the-most-value-from-this-trending-technology\/\" aria-label=\"Where should governments start with agentic AI? A guide to getting the most value from this trending technology\" tabindex=\"-1\"><img decoding=\"async\" class=\"box-img\" alt=\"\" src=\"https:\/\/www.capgemini.com\/mx-es\/wp-content\/uploads\/sites\/28\/2026\/04\/Dotcom-banner.jpg?w=600&#038;quality=70\" style=\"object-position: 50% 50%; object-fit: cover;\" loading=\"lazy\" \/><\/a><\/div><div class=\"box-inner\"><div class=\"box-tag\">Data and AI<\/div><a class=\"content-box-title\" href=\"https:\/\/www.capgemini.com\/mx-es\/insights\/expert-perspectives\/where-should-governments-start-with-agentic-ai-a-guide-to-getting-the-most-value-from-this-trending-technology\/\" aria-label=\"Where should governments start with agentic AI? A guide to getting the most value from this trending technology\"><h3 class=\"expert-subtitle\">Where should governments start with agentic AI? A guide to getting the most value from this trending technology<\/h3><\/a><div class=\"box-bottom\">\n\t\t   <div class=\"box-logo\"><img decoding=\"async\" class=\"\" loading=\"lazy\" alt=\"\" src=\"https:\/\/www.capgemini.com\/wp-content\/uploads\/2021\/05\/Marc-Reinhardt.jpg?w=555\" \/><\/div><div class=\"date-name-info\"><div class=\"author-text\">Marc Reinhardt<\/div><div class=\"date-text\">abr. 27, 2026<\/div><\/div><\/div><\/div><\/div><\/div><div class=\"col-12 col-md-4 row-space\"><div class=\"box\"><div class=\"box-img-wrapper\"><a href=\"https:\/\/www.capgemini.com\/mx-es\/insights\/expert-perspectives\/realizing-the-potential-of-govtech-if-not-now-when\/\" aria-label=\"Realizing the potential of GovTech \u2014 if not now, when?\" tabindex=\"-1\"><img decoding=\"async\" class=\"box-img\" alt=\"\" src=\"https:\/\/www.capgemini.com\/mx-es\/wp-content\/uploads\/sites\/28\/2025\/01\/PS_GCTC_dotcom-banner_2880x1800px_250108.jpg?w=600&#038;quality=70\" style=\"object-position: 50% 50%; object-fit: cover;\" loading=\"lazy\" \/><\/a><\/div><div class=\"box-inner\"><div class=\"box-tag\">Innovation, Technology<\/div><a class=\"content-box-title\" href=\"https:\/\/www.capgemini.com\/mx-es\/insights\/expert-perspectives\/realizing-the-potential-of-govtech-if-not-now-when\/\" aria-label=\"Realizing the potential of GovTech \u2014 if not now, when?\"><h3 class=\"expert-subtitle\">Realizing the potential of GovTech \u2014 if not now, when?<\/h3><\/a><div class=\"box-bottom\">\n\t\t   <div class=\"box-logo\"><img decoding=\"async\" class=\"\" loading=\"lazy\" alt=\"\" src=\"https:\/\/www.capgemini.com\/wp-content\/uploads\/2021\/05\/Marc-Reinhardt.jpg?w=555\" \/><\/div><div class=\"date-name-info\"><div class=\"author-text\">Marc Reinhardt<\/div><div class=\"date-text\">ene. 14, 2025<\/div><\/div><\/div><\/div><\/div><\/div><div class=\"col-12 col-md-4 row-space\"><div class=\"box\"><div class=\"box-img-wrapper\"><a href=\"https:\/\/www.capgemini.com\/mx-es\/insights\/expert-perspectives\/can-ai-help-draft-witness-statements-a-pioneering-collaboration-in-the-netherlands-says-yes\/\" aria-label=\"Can AI help draft witness statements? A pioneering collaboration in the Netherlands says yes\" tabindex=\"-1\"><img decoding=\"async\" class=\"box-img\" alt=\"\" src=\"https:\/\/www.capgemini.com\/mx-es\/wp-content\/uploads\/sites\/28\/2025\/01\/AIwitness-Dotcom-Banner.jpg?w=600&#038;quality=70\" style=\"object-position: 50% 50%; object-fit: cover;\" loading=\"lazy\" \/><\/a><\/div><div class=\"box-inner\"><div class=\"box-tag\">Data and AI, Gen AI<\/div><a class=\"content-box-title\" href=\"https:\/\/www.capgemini.com\/mx-es\/insights\/expert-perspectives\/can-ai-help-draft-witness-statements-a-pioneering-collaboration-in-the-netherlands-says-yes\/\" aria-label=\"Can AI help draft witness statements? A pioneering collaboration in the Netherlands says yes\"><h3 class=\"expert-subtitle\">Can AI help draft witness statements? A pioneering collaboration in the Netherlands says yes<\/h3><\/a><div class=\"box-bottom\">\n\t\t   <div class=\"box-logo\"><img decoding=\"async\" class=\"\" loading=\"lazy\" alt=\"\" src=\"https:\/\/www.capgemini.com\/mx-es\/wp-content\/uploads\/sites\/28\/2025\/01\/Frederik-Peters-muur2.jpg?w=341\" \/><\/div><div class=\"date-name-info\"><div class=\"author-text\">Frederik Peters<\/div><div class=\"date-text\">ene. 14, 2025<\/div><\/div><\/div><\/div><\/div><\/div><div class=\"col-12 col-md-4 row-space\"><div class=\"box\"><div class=\"box-img-wrapper\"><a href=\"https:\/\/www.capgemini.com\/mx-es\/insights\/expert-perspectives\/strategic-systematic-sustainable-the-new-era-of-govtech\/\" aria-label=\"Strategic, systematic, sustainable: the new era of GovTech\" tabindex=\"-1\"><img decoding=\"async\" class=\"box-img\" alt=\"\" src=\"https:\/\/www.capgemini.com\/mx-es\/wp-content\/uploads\/sites\/28\/2025\/01\/PS_GCTC_dotcom-banner_2880x1800px.jpg?w=600&#038;quality=70\" style=\"object-position: 50% 50%; object-fit: cover;\" loading=\"lazy\" \/><\/a><\/div><div class=\"box-inner\"><div class=\"box-tag\">Innovation, Technology<\/div><a class=\"content-box-title\" href=\"https:\/\/www.capgemini.com\/mx-es\/insights\/expert-perspectives\/strategic-systematic-sustainable-the-new-era-of-govtech\/\" aria-label=\"Strategic, systematic, sustainable: the new era of GovTech\"><h3 class=\"expert-subtitle\">Strategic, systematic, sustainable: the new era of GovTech<\/h3><\/a><div class=\"box-bottom\">\n\t\t   <div class=\"box-logo\"><img decoding=\"async\" class=\"\" loading=\"lazy\" alt=\"\" src=\"https:\/\/www.capgemini.com\/wp-content\/uploads\/2021\/05\/Marc-Reinhardt.jpg?w=555\" \/><\/div><div class=\"date-name-info\"><div class=\"author-text\">Marc Reinhardt<\/div><div class=\"date-text\">ene. 14, 2025<\/div><\/div><\/div><\/div><\/div><\/div><\/div><\/div><\/div><\/section>\n\n\t<section class=\"wp-block-cg-blocks-wrapper-learning-slider section learning-slider\">\n\t\t<div class=\"container\">\n\t\t\t<div class=\"learning-header\">\n\t\t\t\t\n\t\t\t\t\t\t\t<\/div>\n\t\t<\/div>\n\n\t<div class=\"slider slider-fader\">\n\t\t\t\t<div class=\"slider-list\">\n\t\t\t\t\t\t\t\t\t\t\t\t\t\t\t\t\t\t\t\t<div class=\"slide active card-learning-slide right-card short-copy\" data-align-right=\"false\" data-long-copy=\"false\">\n\t\t\t\t\t\t\t\t<div>\n\t\t\t\t\t\t\t\t\t<div class=\"slide-bg-wrapper\">\n\n                                        \n\t\t\t\t\t\t\t\t\t\t\t\t\t\t\t\t\t\t\t\t\t\n                                            \n                                            \n                                            \n                                            <img decoding=\"async\" loading=\"lazy\" class=\"slide-bg d-md-block\" src=\"https:\/\/www.capgemini.com\/wp-content\/uploads\/2026\/01\/Davos_26_VI_Clean1.webp\" alt=\"\" style=\"object-position: 54% 77%;object-fit: cover\" \/>\n                                        \n\n                  \t<\/div>\n\t\t\t\t\t\t\t\t\t<div class=\"slide-reveal\"><\/div>\n\n\t\t\t\t\t\t\t\t\t\t<div class=\"container slide-info-wrapper card-learning-slider\">\n\t\t\t\t\t\t\t\t\t\t\t<div class=\"row\">\n\t\t\t\t\t\t\t\t\t\t\t\t\t\t\t\t\t\t\t\t\t\t\t\t\t\t\t\t\t<div class=\"col-12 col-lg-10 col-xl-6 col-xxl-6 right-card\">\n\t\t\t\t\t\t\t\t\t\t\t\t<div class=\"slide-info short-copy\">\n\t\t\t\t\t\t\t\t\t\t\t\t\t<div class=\"box\">\n\t\t\t\t\t\t\t\t\t\t\t\t\t\t\t\t\t\t\t\t\t\t\t\t\t\t\t\t\t\t\t\t\t\t\t\t\t\t\t\t\t\t\t\t\t\t\t\t\t\t\t\t\t\t\t\t\t\t\t\t\t\t<a class=\"title-link\" href=\"\/mx-es\/insights\/biblioteca-de-investigacion\/aspectos-destacados-de-la-reunion-anual-del-foro-economico-mundial-enero-de-2026\/\" target=\"\" rel=\"noopener noreferrer\">\n\t\t\t\t\t\t\t\t\t\t\t\t\t\t\t\t\t\t\t\t\t<h3 class=\"title-text\" data-maxlength=\"88\">Perspectivas de Davos 2026<\/h3>\n\t\t\t\t\t\t\t\t\t\t\t\t\t\t\t\t\t\t\t\t\t<\/a>\n\t\t\t\t\t\t\t\t\t\t\t\t\t\t\t\t\t\t\t\t\t\t\t\t\t\t\t\t\t\t\t\t\t\t\t\t\t\t\t\t\t\t\t\t\t\t\t\t\t\t\t\t\t\t\t\t\t\t\t\t\t\t\t\t\t\t\t\t\t\t\t\t\t\t\t\t\t\t\t\t\t\t\t\t<p data-maxlength=\"330\">\n\t\t\t\t\t\t\t\t\t\t\t\t\t\t\t\t\t\t\t\t\tSoluciones reales para el mundo real. Juntos, con socios de todos los sectores, estamos haciendo realidad la promesa de la era de la inteligencia.\t\t\t\t\t\t\t\t\t\t\t\t\t\t\t\t\t\t\t\t\t<\/p>\n\t\t\t\t\t\t\t\t\t\t\t\t\t\t\t\t\t\t\t\t\t\t\t\t\t\t\t\t\t\t\t\t\t\t<\/div>\n\t\t\t\t\t\t\t\t\t\t\t\t\t\t\t\t\t\t\t<div class=\"box-bottom\">\n\t\t\t\t\t\t\t\t\t\t\t\t\t\t\t\t\t\t\t\t<div class=\"col-12 col-md-6\">\n\t\t\t\t\t\t\t\t\t\t\t\t\t\t\t\t\t\t\t\t\t<div class=\"slide-info-footer\">\n\t\t\t\t\t\t\t\t\t\t\t\t\t\t\t<div class=\"brand-logo-wrapper\">\n\t\t\t\t\t\t\t\t\t\t\t\t\t\t\t\t\t\t\t\t\t\t\t\t\t\t\t\t\t\t\t\t\t\t\t\t\t\t\t\t<\/div>\n\t\t\t\t\t\t\t\t\t\t\t\t\t\t<\/div>\n\t\t\t\t\t\t\t\t\t\t\t\t\t\t\t\t\t\t\t\t<\/div>\n\t\t\t\t\t\t\t\t\t\t\t\t\t\t\t\t\t\t\t\t<div class=\"col-12 col-md-6\">\n\t\t\t\t\t\t\t\t\t\t\t\t\t\t\t\t\t\t\t\t\t\t\t\t\t\t\t\t\t\t\t\t\t\t\t\t\t\t\t\t\t\t<div class=\"btnDiv\">\t<a class=\"more2\" aria-label=\"Leer m\u00e1s sobre Perspectivas de Davos 2026\" href=\"\/mx-es\/insights\/biblioteca-de-investigacion\/aspectos-destacados-de-la-reunion-anual-del-foro-economico-mundial-enero-de-2026\/\" target=\"\">\n\t\t\t\t\t\t\t\t\t\t\t\t\t\t\t\t\t\t\t\t\t\tLeer m\u00e1s\t\t\t\t\t\t\t\t\t\t\t\t\t\t\t\t\t\t\t\t\t<\/a>\n\t\t\t\t\t\t\t\t\t\t\t\t\t\t\t\t\t\t\t\t<\/div>\n\t\t\t\t\t\t\t\t\t\t\t\t\t\t\t\t\t\t\t\t\t\t\t\t\t\t\t\t\t\t\t\t\t\t\t\t\t\t\t<\/div>\n\t\t\t\t\t\t\t\t\t\t\t\t\t\t\t\t\t\t\t<\/div>\n\t\t\t\t\t\t\t\t\t\t\t\t<\/div>\n\t\t\t\t\t\t\t\t\t\t\t\t<\/div>\n\n\t\t\t\t\t\t\t\t\t\t\t<\/div>\n\t\t\t\t\t         \t\t\t<\/div>\n\n\n\t\t\t\t\t\t\t\t<\/div>\n\n\t\t\t\t\t\t\t<\/div>\n\n\t\t\t\t\t\t\t\t\t\t\t\t\t\t\t\t\t\t\t\t\t<div class=\"slide active card-learning-slide right-card short-copy\" data-align-right=\"false\" data-long-copy=\"false\">\n\t\t\t\t\t\t\t\t<div>\n\t\t\t\t\t\t\t\t\t<div class=\"slide-bg-wrapper\">\n\n                                        \n\t\t\t\t\t\t\t\t\t\t\t\t\t\t\t\t\t\t\t\t\t\n                                            \n                                            \n                                            \n                                            <img decoding=\"async\" loading=\"lazy\" class=\"slide-bg d-md-block\" src=\"https:\/\/www.capgemini.com\/wp-content\/uploads\/2024\/12\/IntelligenceMeetEnterprise-HR_v2_Horizontal.jpg\" alt=\"\" style=\"object-position: 50% 50%;object-fit: cover\" \/>\n                                        \n\n                  \t<\/div>\n\t\t\t\t\t\t\t\t\t<div class=\"slide-reveal\"><\/div>\n\n\t\t\t\t\t\t\t\t\t\t<div class=\"container slide-info-wrapper card-learning-slider\">\n\t\t\t\t\t\t\t\t\t\t\t<div class=\"row\">\n\t\t\t\t\t\t\t\t\t\t\t\t\t\t\t\t\t\t\t\t\t\t\t\t\t\t\t\t\t<div class=\"col-12 col-lg-10 col-xl-6 col-xxl-6 right-card\">\n\t\t\t\t\t\t\t\t\t\t\t\t<div class=\"slide-info short-copy\">\n\t\t\t\t\t\t\t\t\t\t\t\t\t<div class=\"box\">\n\t\t\t\t\t\t\t\t\t\t\t\t\t\t\t\t\t\t\t\t\t\t\t\t\t\t\t\t\t\t\t\t\t\t\t\t\t\t\t\t\t\t\t\t\t\t\t\t\t\t\t\t\t\t\t\t\t\t\t\t\t\t<a class=\"title-link\" href=\"\/mx-es\/insights\/biblioteca-de-investigacion\/aspectos-destacados-de-la-reunion-anual-del-foro-economico-mundial-enero-de-2025\/\" target=\"\" rel=\"noopener noreferrer\">\n\t\t\t\t\t\t\t\t\t\t\t\t\t\t\t\t\t\t\t\t\t<h3 class=\"title-text\" data-maxlength=\"88\">Insights from Davos 2025<\/h3>\n\t\t\t\t\t\t\t\t\t\t\t\t\t\t\t\t\t\t\t\t\t<\/a>\n\t\t\t\t\t\t\t\t\t\t\t\t\t\t\t\t\t\t\t\t\t\t\t\t\t\t\t\t\t\t\t\t\t\t\t\t\t\t\t\t\t\t\t\t\t\t\t\t\t\t\t\t\t\t\t\t\t\t\t\t\t\t\t\t\t\t\t\t\t\t\t\t\t\t\t\t\t\t\t\t\t\t\t\t<p data-maxlength=\"330\">\n\t\t\t\t\t\t\t\t\t\t\t\t\t\t\t\t\t\t\t\t\tIn the midst of growing technological convergence, where hybrid AI meets R&amp;D and design meets data, we believe intelligent collaboration will deliver true impact and value for all.\t\t\t\t\t\t\t\t\t\t\t\t\t\t\t\t\t\t\t\t\t<\/p>\n\t\t\t\t\t\t\t\t\t\t\t\t\t\t\t\t\t\t\t\t\t\t\t\t\t\t\t\t\t\t\t\t\t\t<\/div>\n\t\t\t\t\t\t\t\t\t\t\t\t\t\t\t\t\t\t\t<div class=\"box-bottom\">\n\t\t\t\t\t\t\t\t\t\t\t\t\t\t\t\t\t\t\t\t<div class=\"col-12 col-md-6\">\n\t\t\t\t\t\t\t\t\t\t\t\t\t\t\t\t\t\t\t\t\t<div class=\"slide-info-footer\">\n\t\t\t\t\t\t\t\t\t\t\t\t\t\t\t<div class=\"brand-logo-wrapper\">\n\t\t\t\t\t\t\t\t\t\t\t\t\t\t\t\t\t\t\t\t\t\t\t\t\t\t\t\t\t\t\t\t\t\t\t\t\t\t\t\t<\/div>\n\t\t\t\t\t\t\t\t\t\t\t\t\t\t<\/div>\n\t\t\t\t\t\t\t\t\t\t\t\t\t\t\t\t\t\t\t\t<\/div>\n\t\t\t\t\t\t\t\t\t\t\t\t\t\t\t\t\t\t\t\t<div class=\"col-12 col-md-6\">\n\t\t\t\t\t\t\t\t\t\t\t\t\t\t\t\t\t\t\t\t\t\t\t\t\t\t\t\t\t\t\t\t\t\t\t\t\t\t\t\t\t\t<div class=\"btnDiv\">\t<a class=\"more2\" aria-label=\"Leer m\u00e1s sobre Insights from Davos 2025\" href=\"\/mx-es\/insights\/biblioteca-de-investigacion\/aspectos-destacados-de-la-reunion-anual-del-foro-economico-mundial-enero-de-2025\/\" target=\"\">\n\t\t\t\t\t\t\t\t\t\t\t\t\t\t\t\t\t\t\t\t\t\tLeer m\u00e1s\t\t\t\t\t\t\t\t\t\t\t\t\t\t\t\t\t\t\t\t\t<\/a>\n\t\t\t\t\t\t\t\t\t\t\t\t\t\t\t\t\t\t\t\t<\/div>\n\t\t\t\t\t\t\t\t\t\t\t\t\t\t\t\t\t\t\t\t\t\t\t\t\t\t\t\t\t\t\t\t\t\t\t\t\t\t\t<\/div>\n\t\t\t\t\t\t\t\t\t\t\t\t\t\t\t\t\t\t\t<\/div>\n\t\t\t\t\t\t\t\t\t\t\t\t<\/div>\n\t\t\t\t\t\t\t\t\t\t\t\t<\/div>\n\n\t\t\t\t\t\t\t\t\t\t\t<\/div>\n\t\t\t\t\t         \t\t\t<\/div>\n\n\n\t\t\t\t\t\t\t\t<\/div>\n\n\t\t\t\t\t\t\t<\/div>\n\n\t\t\t\t\t\t\t\t\t\t\t\t\t\t\t\t\t\t\t\t\t<div class=\"slide active card-learning-slide right-card short-copy\" data-align-right=\"false\" data-long-copy=\"false\">\n\t\t\t\t\t\t\t\t<div>\n\t\t\t\t\t\t\t\t\t<div class=\"slide-bg-wrapper\">\n\n                                        \n\t\t\t\t\t\t\t\t\t\t\t\t\t\t\t\t\t\t\t\t\t\n                                            \n                                            \n                                            \n                                            <img decoding=\"async\" loading=\"lazy\" class=\"slide-bg d-md-block\" src=\"https:\/\/www.capgemini.com\/wp-content\/uploads\/2023\/11\/Davos-banner_event_page_2880_1800.jpg\" alt=\"\" style=\"object-position: 50% 50%;object-fit: cover\" \/>\n                                        \n\n                  \t<\/div>\n\t\t\t\t\t\t\t\t\t<div class=\"slide-reveal\"><\/div>\n\n\t\t\t\t\t\t\t\t\t\t<div class=\"container slide-info-wrapper card-learning-slider\">\n\t\t\t\t\t\t\t\t\t\t\t<div class=\"row\">\n\t\t\t\t\t\t\t\t\t\t\t\t\t\t\t\t\t\t\t\t\t\t\t\t\t\t\t\t\t<div class=\"col-12 col-lg-10 col-xl-6 col-xxl-6 right-card\">\n\t\t\t\t\t\t\t\t\t\t\t\t<div class=\"slide-info short-copy\">\n\t\t\t\t\t\t\t\t\t\t\t\t\t<div class=\"box\">\n\t\t\t\t\t\t\t\t\t\t\t\t\t\t\t\t\t\t\t\t\t\t\t\t\t\t\t\t\t\t\t\t\t\t\t\t\t\t\t\t\t\t\t\t\t\t\t\t\t\t\t\t\t\t\t\t\t\t\t\t\t\t<a class=\"title-link\" href=\"\/mx-es\/insights\/biblioteca-de-investigacion\/lo-mas-destacado-de-la-reunion-anual-del-foro-economico-mundial-enero-de-2024\/\" target=\"\" rel=\"noopener noreferrer\">\n\t\t\t\t\t\t\t\t\t\t\t\t\t\t\t\t\t\t\t\t\t<h3 class=\"title-text\" data-maxlength=\"88\">Reflexiones de Davos 2024<\/h3>\n\t\t\t\t\t\t\t\t\t\t\t\t\t\t\t\t\t\t\t\t\t<\/a>\n\t\t\t\t\t\t\t\t\t\t\t\t\t\t\t\t\t\t\t\t\t\t\t\t\t\t\t\t\t\t\t\t\t\t\t\t\t\t\t\t\t\t\t\t\t\t\t\t\t\t\t\t\t\t\t\t\t\t\t\t\t\t\t\t\t\t\t\t\t\t\t\t\t\t\t\t\t\t\t\t\t\t\t\t<p data-maxlength=\"330\">\n\t\t\t\t\t\t\t\t\t\t\t\t\t\t\t\t\t\t\t\t\tCuando lo digital se une a lo f\u00edsico, la IA generativa a la creatividad y la sostenibilidad a la escalabilidad, es cuando la tecnolog\u00eda libera su verdadero valor para su negocio.\t\t\t\t\t\t\t\t\t\t\t\t\t\t\t\t\t\t\t\t\t<\/p>\n\t\t\t\t\t\t\t\t\t\t\t\t\t\t\t\t\t\t\t\t\t\t\t\t\t\t\t\t\t\t\t\t\t\t<\/div>\n\t\t\t\t\t\t\t\t\t\t\t\t\t\t\t\t\t\t\t<div class=\"box-bottom\">\n\t\t\t\t\t\t\t\t\t\t\t\t\t\t\t\t\t\t\t\t<div class=\"col-12 col-md-6\">\n\t\t\t\t\t\t\t\t\t\t\t\t\t\t\t\t\t\t\t\t\t<div class=\"slide-info-footer\">\n\t\t\t\t\t\t\t\t\t\t\t\t\t\t\t<div class=\"brand-logo-wrapper\">\n\t\t\t\t\t\t\t\t\t\t\t\t\t\t\t\t\t\t\t\t\t\t\t\t\t\t\t\t\t\t\t\t\t\t\t\t\t\t\t\t<\/div>\n\t\t\t\t\t\t\t\t\t\t\t\t\t\t<\/div>\n\t\t\t\t\t\t\t\t\t\t\t\t\t\t\t\t\t\t\t\t<\/div>\n\t\t\t\t\t\t\t\t\t\t\t\t\t\t\t\t\t\t\t\t<div class=\"col-12 col-md-6\">\n\t\t\t\t\t\t\t\t\t\t\t\t\t\t\t\t\t\t\t\t\t\t\t\t\t\t\t\t\t\t\t\t\t\t\t\t\t\t\t\t\t\t<div class=\"btnDiv\">\t<a class=\"more2\" aria-label=\"Leer m\u00e1s sobre Reflexiones de Davos 2024\" href=\"\/mx-es\/insights\/biblioteca-de-investigacion\/lo-mas-destacado-de-la-reunion-anual-del-foro-economico-mundial-enero-de-2024\/\" target=\"\">\n\t\t\t\t\t\t\t\t\t\t\t\t\t\t\t\t\t\t\t\t\t\tLeer m\u00e1s\t\t\t\t\t\t\t\t\t\t\t\t\t\t\t\t\t\t\t\t\t<\/a>\n\t\t\t\t\t\t\t\t\t\t\t\t\t\t\t\t\t\t\t\t<\/div>\n\t\t\t\t\t\t\t\t\t\t\t\t\t\t\t\t\t\t\t\t\t\t\t\t\t\t\t\t\t\t\t\t\t\t\t\t\t\t\t<\/div>\n\t\t\t\t\t\t\t\t\t\t\t\t\t\t\t\t\t\t\t<\/div>\n\t\t\t\t\t\t\t\t\t\t\t\t<\/div>\n\t\t\t\t\t\t\t\t\t\t\t\t<\/div>\n\n\t\t\t\t\t\t\t\t\t\t\t<\/div>\n\t\t\t\t\t         \t\t\t<\/div>\n\n\n\t\t\t\t\t\t\t\t<\/div>\n\n\t\t\t\t\t\t\t<\/div>\n\n\t\t\t\t\t\t\t\t\t\t\t\t\t\t\t\t\t\t\t\t\t<div class=\"slide active card-learning-slide right-card short-copy\" data-align-right=\"false\" data-long-copy=\"false\">\n\t\t\t\t\t\t\t\t<div>\n\t\t\t\t\t\t\t\t\t<div class=\"slide-bg-wrapper\">\n\n                                        \n\t\t\t\t\t\t\t\t\t\t\t\t\t\t\t\t\t\t\t\t\t\n                                            \n                                            \n                                            \n                                            <img decoding=\"async\" loading=\"lazy\" class=\"slide-bg d-md-block\" src=\"https:\/\/www.capgemini.com\/wp-content\/uploads\/2022\/11\/DAVOS_23_KEY_VISUAL-no-text.jpg\" alt=\"\" style=\"object-position: 50% 50%;object-fit: cover\" \/>\n                                        \n\n                  \t<\/div>\n\t\t\t\t\t\t\t\t\t<div class=\"slide-reveal\"><\/div>\n\n\t\t\t\t\t\t\t\t\t\t<div class=\"container slide-info-wrapper card-learning-slider\">\n\t\t\t\t\t\t\t\t\t\t\t<div class=\"row\">\n\t\t\t\t\t\t\t\t\t\t\t\t\t\t\t\t\t\t\t\t\t\t\t\t\t\t\t\t\t<div class=\"col-12 col-lg-10 col-xl-6 col-xxl-6 right-card\">\n\t\t\t\t\t\t\t\t\t\t\t\t<div class=\"slide-info short-copy\">\n\t\t\t\t\t\t\t\t\t\t\t\t\t<div class=\"box\">\n\t\t\t\t\t\t\t\t\t\t\t\t\t\t\t\t\t\t\t\t\t\t\t\t\t\t\t\t\t\t\t\t\t\t\t\t\t\t\t\t\t\t\t\t\t\t\t\t\t\t\t\t\t\t\t\t\t\t\t\t\t\t<a class=\"title-link\" href=\"\/mx-es\/insights\/biblioteca-de-investigacion\/aspectos-destacados-de-la-reunion-anual-del-foro-economico-mundial\/\" target=\"\" rel=\"noopener noreferrer\">\n\t\t\t\t\t\t\t\t\t\t\t\t\t\t\t\t\t\t\t\t\t<h3 class=\"title-text\" data-maxlength=\"88\">Reflexiones de Davos 2023<\/h3>\n\t\t\t\t\t\t\t\t\t\t\t\t\t\t\t\t\t\t\t\t\t<\/a>\n\t\t\t\t\t\t\t\t\t\t\t\t\t\t\t\t\t\t\t\t\t\t\t\t\t\t\t\t\t\t\t\t\t\t\t\t\t\t\t\t\t\t\t\t\t\t\t\t\t\t\t\t\t\t\t\t\t\t\t\t\t\t\t\t\t\t\t\t\t\t\t\t\t\t\t\t\t\t\t\t\t\t\t\t<p data-maxlength=\"330\">\n\t\t\t\t\t\t\t\t\t\t\t\t\t\t\t\t\t\t\t\t\tEl futuro de la industria ser\u00e1 m\u00e1s inteligente, eficiente, sostenible y resiliente.\t\t\t\t\t\t\t\t\t\t\t\t\t\t\t\t\t\t\t\t\t<\/p>\n\t\t\t\t\t\t\t\t\t\t\t\t\t\t\t\t\t\t\t\t\t\t\t\t\t\t\t\t\t\t\t\t\t\t<\/div>\n\t\t\t\t\t\t\t\t\t\t\t\t\t\t\t\t\t\t\t<div class=\"box-bottom\">\n\t\t\t\t\t\t\t\t\t\t\t\t\t\t\t\t\t\t\t\t<div class=\"col-12 col-md-6\">\n\t\t\t\t\t\t\t\t\t\t\t\t\t\t\t\t\t\t\t\t\t<div class=\"slide-info-footer\">\n\t\t\t\t\t\t\t\t\t\t\t\t\t\t\t<div class=\"brand-logo-wrapper\">\n\t\t\t\t\t\t\t\t\t\t\t\t\t\t\t\t\t\t\t\t\t\t\t\t\t\t\t\t\t\t\t\t\t\t\t\t\t\t\t\t<\/div>\n\t\t\t\t\t\t\t\t\t\t\t\t\t\t<\/div>\n\t\t\t\t\t\t\t\t\t\t\t\t\t\t\t\t\t\t\t\t<\/div>\n\t\t\t\t\t\t\t\t\t\t\t\t\t\t\t\t\t\t\t\t<div class=\"col-12 col-md-6\">\n\t\t\t\t\t\t\t\t\t\t\t\t\t\t\t\t\t\t\t\t\t\t\t\t\t\t\t\t\t\t\t\t\t\t\t\t\t\t\t\t\t\t<div class=\"btnDiv\">\t<a class=\"more2\" aria-label=\"Leer m\u00e1s sobre Reflexiones de Davos 2023\" href=\"\/mx-es\/insights\/biblioteca-de-investigacion\/aspectos-destacados-de-la-reunion-anual-del-foro-economico-mundial\/\" target=\"\">\n\t\t\t\t\t\t\t\t\t\t\t\t\t\t\t\t\t\t\t\t\t\tLeer m\u00e1s\t\t\t\t\t\t\t\t\t\t\t\t\t\t\t\t\t\t\t\t\t<\/a>\n\t\t\t\t\t\t\t\t\t\t\t\t\t\t\t\t\t\t\t\t<\/div>\n\t\t\t\t\t\t\t\t\t\t\t\t\t\t\t\t\t\t\t\t\t\t\t\t\t\t\t\t\t\t\t\t\t\t\t\t\t\t\t<\/div>\n\t\t\t\t\t\t\t\t\t\t\t\t\t\t\t\t\t\t\t<\/div>\n\t\t\t\t\t\t\t\t\t\t\t\t<\/div>\n\t\t\t\t\t\t\t\t\t\t\t\t<\/div>\n\n\t\t\t\t\t\t\t\t\t\t\t<\/div>\n\t\t\t\t\t         \t\t\t<\/div>\n\n\n\t\t\t\t\t\t\t\t<\/div>\n\n\t\t\t\t\t\t\t<\/div>\n\n\t\t\t\t\t\t\t\t\t\t\t\t<\/div>\n\t\t\t\t\t<div class=\"slider-nav-wrapper container\">\n\t\t\t\t\t\t\t\t\t\t<div class=\"row\">\n\t\t\t\t\t\t\t\t\t\t\t<div class=\"slider-nav-content col-12 col-lg-10 col-xl-6 col-xxl-6\" data-nav-content>\n\t\t\t\t\t\t\t\t\t\t\t\t<div class=\"slide-nav-container\">\n                                                                                                                    <div class=\"slider-nav\">\n                                                                <button class=\"slider-prev inactive\" aria-label=\"Slider-previous\"><\/button>\n\n                                                                <button class=\"slider-next\" aria-label=\"Slider-next\"><\/button>\n                                                            <\/div>\n                                                                                                            <\/div>\n\t\t\t\t\t\t\t\t\t\t\t<\/div>\n\t\t\t\t\t\t\t\t\t\t<\/div>\n\t\t\t\t\t\t\t\t\t<\/div>\n\t\t\t\t<\/div>\n\t<\/section>\n\n\t\n\n\n<section class=\"wp-block-cg-blocks-group undefined section section--article-content\"><div class=\"article-main-content\"><div class=\"container\"><div class=\"grid-container\"><div><div class=\"article-text article-quote-text\">\n<h3 class=\"wp-block-heading\" id=\"h-somos-socios-fundadores-del-global-government-technology-centre-ggtc-en-berlin\">Somos socios fundadores del Global Government Technology Centre (GGTC) en Berl\u00edn.<\/h3>\n\n\n\n<p>Lanzado oficialmente por el Foro Econ\u00f3mico Mundial y GovTech Campus Deutschland en octubre de 2024, el GGTC es una iniciativa pionera en su g\u00e9nero que re\u00fane al ecosistema GovTech para abordar desaf\u00edos comunes.<\/p>\n\n\n\n<p>El GGTC crea un espacio para la innovaci\u00f3n y la colaboraci\u00f3n, brindando a las organizaciones del sector p\u00fablico acceso a soluciones que generar\u00e1n un mayor valor y fomentar\u00e1n la innovaci\u00f3n. Gracias a un potente conjunto de herramientas que les ayuda a modernizar su forma de trabajar, los gobiernos tienen la oportunidad de colaborar con el GGTC para mejorar la calidad y la accesibilidad de los servicios p\u00fablicos, as\u00ed como para ampliar su alcance.<\/p>\n\n\n\n<div class=\"wp-block-buttons is-layout-flex wp-block-buttons-is-layout-flex\">\n<div class=\"wp-block-button is-style-outline is-style-outline--1\"><a class=\"wp-block-button__link wp-element-button\" href=\"https:\/\/www.globalgovtechcentre.org\/\" target=\"_blank\" rel=\"noreferrer noopener\">M\u00e1s informaci\u00f3n sobre el GGTC<\/a><\/div>\n\n\n\n<div class=\"wp-block-button is-style-outline is-style-outline--2\"><a class=\"wp-block-button__link wp-element-button\" href=\"https:\/\/www.weforum.org\/press\/2024\/10\/new-global-government-technology-centre-opens-in-berlin-to-accelerate-government-digital-transformation\/\" target=\"_blank\" rel=\"noreferrer noopener\">Lea el comunicado de prensa oficial del lanzamiento.<\/a><\/div>\n<\/div>\n\n\n\n<p><a id=\"_msocom_1\"><\/a><\/p>\n<\/div><\/div><\/div><\/div><\/div><\/section>\n\n\n\n\t\t<section\n\t\t\tclass=\"section section--lifeatcap-learning section--event-slider-careerInvent \">\n\n\t\t\t<div class=\"container\">\n\t\t\t\t<div class='career-invent-header'>\n\t\t\t\t\t\t\t\t\t\t\t<div class=\"row\">\n\t\t\t\t\t\t\t<div class=\"heading col-12 col-md-8\">\n\t\t\t\t\t\t\t\t<h2>M\u00e1s informaci\u00f3n<\/h2>\n\t\t\t\t\t\t\t<\/div>\n\t\t\t\t\t\t<\/div>\n\t\t\t\t\t\t\t\t\t\t\t\t\t\t<\/div>\n\t\t\t<\/div>\n\n\t\t\t<div class=\"slider slider-fader 979dec0c-036b-46e3-a81d-231088bcc622\">\n\t\t\t\t\t\t\t\t<div\n\t\t\t\t\tclass=\"slider-list \">\n\t\t\t\t\t\t\t\t\t\t\t<div\n\t\t\t\t\t\t\tclass=\"slide active \">\n\t\t\t\t\t\t\t<div\n\t\t\t\t\t\t\t\tclass=\"slide-bg-wrapper wp-block-cg-blocks-career-invent is-style-sapphire2\">\n\t\t\t\t\t\t\t\t<div class=\"bgImagesection\">\n\t\t\t\t\t\t\t\t\t\t\t\t\t\t\t\t\t\t\t<div class=\"bgColor\"><\/div>\n\t\t\t\t\t\t\t\t\t\n\t\t\t\t\t\t\t\t\t<div class=\"container slide-info-wrapper\">\n\t\t\t\t\t\t\t\t\t\t<div class=\"row\">\n\t\t\t\t\t\t\t\t\t\t\t<div\n\t\t\t\t\t\t\t\t\t\t\t\tclass=\"col-md-6 col-sm-12 box-inner \">\n\t\t\t\t\t\t\t\t\t\t\t\t\t\t\t\t\t\t\t\t\t\t\t\t\t<div class=\"bgColor\"><\/div>\n\t\t\t\t\t\t\t\t\t\t\t\t\t\t\t\t\t\t\t\t\t\t\t\t\t\t\t\t\t\t\t\t\t\t\t\t\t<div\n\t\t\t\t\t\t\t\t\t\t\t\t\t\tclass=\"content-title \">\n\t\t\t\t\t\t\t\t\t\t\t\t\t\t<h3 class=\"explore-header\"\n\t\t\t\t\t\t\t\t\t\t\t\t\t\t\tdata-maxlength=\"68\"\n\t\t\t\t\t\t\t\t\t\t\t\t\t\t\ttitle=\"Iniciativas e investigaciones con el Foro Econ\u00f3mico Mundial\">\n\t\t\t\t\t\t\t\t\t\t\t\t\t\t\tIniciativas e investigaciones con el Foro Econ\u00f3mico Mundial\t\t\t\t\t\t\t\t\t\t\t\t\t\t<\/h3>\n\t\t\t\t\t\t\t\t\t\t\t\t\t<\/div>\n\t\t\t\t\t\t\t\t\t\t\t\t\n\t\t\t\t\t\t\t\t\t\t\t\t\t\t\t\t\t\t\t\t\t\t\t\t\t\t\t\t\t\t\t\t\t\t\t\t\t\t\t<div\n\t\t\t\t\t\t\t\t\t\t\t\t\t\t\tclass=\"box-title \">\n\t\t\t\t\t\t\t\t\t\t\t\t\t\t\t<h4 data-maxlength=\"144\"\n\t\t\t\t\t\t\t\t\t\t\t\t\t\t\t\ttitle=\"Como socio estrat\u00e9gico del Foro Econ\u00f3mico Mundial, colaboramos para desarrollar soluciones a los desaf\u00edos m\u00e1s urgentes del mundo.\"\n\t\t\t\t\t\t\t\t\t\t\t\t\t\t\t\tstyle=\"white-space: pre-wrap;\">\n\t\t\t\t\t\t\t\t\t\t\t\t\t\t\t\tComo socio estrat\u00e9gico del Foro Econ\u00f3mico Mundial, colaboramos para desarrollar soluciones a los desaf\u00edos m\u00e1s urgentes del mundo.\t\t\t\t\t\t\t\t\t\t\t\t\t\t\t<\/h4>\n\t\t\t\t\t\t\t\t\t\t\t\t\t\t<\/div>\n\t\t\t\t\t\t\t\t\t\t\t\t\t\t\t\t\t\t\t\t\t\t\t\t\t\n\t\t\t\t\t\t\t\t\t\t\t\t\t\t\t\t\t\t\t\t\t\t\t\t\t<div >\n\t\t\t\t\t\t\t\t\t\t\t\t\t\t\t\t\t\t\t\t\t\t\t\t\t\t\t<\/div>\n\t\t\t\t\t\t\t\t\t\t\t\t\n\t\t\t\t\t\t\t\t\t\t\t\t\t\t\t\t\t\t\t\t\t\t\t\t\t\t\t\t\t\t\t\t\t\t\t\t\t<div class=\"btnDiv\"> <a class=\"more2\" data-maxlength=\"24\" aria-label=\"Leer m\u00e1s sobre Iniciativas e investigaciones con el Foro Econ\u00f3mico Mundial\"\n\t\t\t\t\t\t\t\t\t\t\t\t\t\t tabindex=\"0\" href=\"\/mx-es\/insights\/iniciativas-e-investigacion-con-el-fmi\/convergencia-tecnologica\/\"\n\t\t\t\t\t\t\t\t\t\t\t\t\t\t\ttarget=\"\">\n\t\t\t\t\t\t\t\t\t\t\t\t\t\tLeer m\u00e1s\t\t\t\t\t\t\t\t\t\t\t\t\t<\/a> <\/div>\n\t\t\t\t\t\t\t\t\t\t\t\t\t\t\t\t\t\t\t\t\t\t\t\t\t\n\n\n\t\t\t\t\t\t\t\t\t\t\t<\/div>\n\n\t\t\t\t\t\t\t\t\t\t\t<div class=\"col-md-6 col-sm-12 text-right box-img-wrapper escaper escaper-right\">\n\t\t\t\t\t\t\t\t\t\t\t\t\n\n\t\t\t\t\t\t\t\t\t\t\t\t<picture>\n\t\t\t\t\t\t\t\t\t\t\t\t\t<source\n\t\t\t\t\t\t\t\t\t\t\t\t\t\tsrcset=\"https:\/\/www.capgemini.com\/wp-content\/uploads\/2025\/01\/Insights-GettyImages-476835437_905b52.jpg?w=1200&amp;quality=90 1x, https:\/\/www.capgemini.com\/wp-content\/uploads\/2025\/01\/Insights-GettyImages-476835437_905b52.jpg?w=1200&amp;quality=90 2x\"\n\t\t\t\t\t\t\t\t\t\t\t\t\t\tmedia=\"(min-width: 1500px)\" \/>\n\t\t\t\t\t\t\t\t\t\t\t\t\t<source\n\t\t\t\t\t\t\t\t\t\t\t\t\t\tsrcset=\"https:\/\/www.capgemini.com\/wp-content\/uploads\/2025\/01\/Insights-GettyImages-476835437_905b52.jpg?w=600&amp;quality=90 1x, https:\/\/www.capgemini.com\/wp-content\/uploads\/2025\/01\/Insights-GettyImages-476835437_905b52.jpg?w=1200&amp;quality=90 2x\"\n\t\t\t\t\t\t\t\t\t\t\t\t\t\tmedia=\"(min-width: 992px)\" \/>\n\t\t\t\t\t\t\t\t\t\t\t\t\t<source\n\t\t\t\t\t\t\t\t\t\t\t\t\t\tsrcset=\"https:\/\/www.capgemini.com\/wp-content\/uploads\/2025\/01\/Insights-GettyImages-476835437_905b52.jpg?w=400&amp;quality=90 1x, https:\/\/www.capgemini.com\/wp-content\/uploads\/2025\/01\/Insights-GettyImages-476835437_905b52.jpg?w=800&amp;quality=90 2x\"\n\t\t\t\t\t\t\t\t\t\t\t\t\t\tmedia=\"(min-width: 768px)\" \/>\n\t\t\t\t\t\t\t\t\t\t\t\t\t<source\n\t\t\t\t\t\t\t\t\t\t\t\t\t\tsrcset=\"https:\/\/www.capgemini.com\/wp-content\/uploads\/2025\/01\/Insights-GettyImages-476835437_905b52.jpg?w=400&amp;quality=90 1x, https:\/\/www.capgemini.com\/wp-content\/uploads\/2025\/01\/Insights-GettyImages-476835437_905b52.jpg?w=800&amp;quality=90 2x\"\n\t\t\t\t\t\t\t\t\t\t\t\t\t\tmedia=\"(min-width: 0)\" \/>\n\n\n\t\t\t\t\t\t\t\t\t\t\t\t\t<img loading=\"lazy\" class=\"box-img\"\n\t\t\t\t\t\t\t\t\t\t\t\t\t\tsrc=\"https:\/\/www.capgemini.com\/wp-content\/uploads\/2025\/01\/Insights-GettyImages-476835437_905b52.jpg\"\n\t\t\t\t\t\t\t\t\t\t\t\t\t\tstyle=\"\n\t\t\t\t\t\t\t\t\t\t\t\t\t\tobject-position: 28% 46%; object-fit: cover;\t\t\t\t\t\t\t\t\t\t\t\t\t\t\t\t\t\" alt=\"\" \/>\n\n\t\t\t\t\t\t\t\t\t\t\t\t<\/picture>\n\t\t\t\t\t\t\t\t\t\t\t\t<!-- <img decoding=\"async\" class=\"box-img\" src=\"\n\t\t\t\t\t\t\t\t\t\t\t\t\t\t\t\t\t\t\t\t\t\t\t\t\t\t\t\"\n\t\t\t\t\t\t\t\t\t\t\tstyle=\"\n\t\t\t\t\t\t\t\t\t\t\t\t\t\t\t\t\t\t\t\t\t\t\t\t\t\" alt=\"\"\n\t\t\t\t\t\t\t\t\t\t\/> -->\n\t\t\t\t\t\t\t\t\t\t\t<\/div>\n\t\t\t\t\t\t\t\t\t\t<\/div>\n\t\t\t\t\t\t\t\t\t<\/div>\n\t\t\t\t\t\t\t\t<\/div>\n\t\t\t\t\t\t\t\t<div class=\"\">\n\t\t\t\t\t\t\t\t<\/div>\n\t\t\t\t\t\t\t\t<div class=\"slide-reveal\"><\/div>\n\t\t\t\t\t\t\t<\/div>\n\t\t\t\t\t\t<\/div>\n\t\t\t\t\t\n\t\t\t\t<\/div>\n\n\t\t\t\t\n\t\t\t<\/div>\n\n\t\t<\/section>\n\n\t\t\n\n\n<div class=\"wp-block-cg-blocks-cg-blocks-faq-schema\"><section class=\"undefined section section--faqs-content\"><div class=\"container\"><div class=\"row\"><div class=\"col-12 col-md-8\"><div class=\"content-title\"><h2>Preguntas frecuentes: IA ag\u00e9ntica en el gobierno<\/h2><\/div><\/div><\/div><div class=\"filters filters--vertical\" data-max=\"100\"><div class=\"expanders filters-content\"><div class=\"row\"><div class=\"col-12 col-md-8\"><div class=\"expander-box filter-box tag-active opened\" data-filter=\"\"><div class=\"expander-title\" role=\"button\" tabindex=\"0\" aria-expanded=\"true\"><h3>\u00bfQu\u00e9 hay de nuevo en la IA ag\u00e9ntica?<\/h3><\/div><div class=\"expander-content\"><p>En lugar de automatizar tareas individuales, la IA ag\u00e9ntica coordina procesos repetitivos de m\u00faltiples pasos de principio a fin. Esto otorga a los gobiernos el potencial de automatizar flujos de trabajo completos, incluso aquellos que abarcan distintos departamentos o agencias.<\/p><\/div><\/div><\/div><\/div><div class=\"row\"><div class=\"col-12 col-md-8\"><div class=\"expander-box filter-box tag-active \" data-filter=\"\"><div class=\"expander-title\" role=\"button\" tabindex=\"0\" aria-expanded=\"false\"><h3>\u00bfEst\u00e1 la IA ag\u00e9ntica lista para los gobiernos?<\/h3><\/div><div class=\"expander-content\"><p>La IA ag\u00e9ntica es una tecnolog\u00eda emergente. Los gobiernos a\u00fan no la han aplicado a gran escala, pero la est\u00e1n utilizando en \u00e1reas espec\u00edficas con buenos resultados.<\/p><\/div><\/div><\/div><\/div><div class=\"row\"><div class=\"col-12 col-md-8\"><div class=\"expander-box filter-box tag-active \" data-filter=\"\"><div class=\"expander-title\" role=\"button\" tabindex=\"0\" aria-expanded=\"false\"><h3>\u00bfPor d\u00f3nde deber\u00edan empezar los gobiernos?<\/h3><\/div><div class=\"expander-content\"><p>La clave reside en implementar la IA ag\u00e9ntica de manera gradual, comenzando por aquellas \u00e1reas que presentan un alto grado de preparaci\u00f3n y aprovechando las capacidades y los conocimientos derivados de dichas implementaciones para expandirse de forma incremental. El documento <em>Hacer que la IA ag\u00e9ntica funcione para el gobierno: un marco de preparaci\u00f3n<\/em> ofrece un enfoque sistem\u00e1tico y basado en la evidencia para identificar aquellos flujos de trabajo que poseen el mayor potencial de generar valor p\u00fablico y conllevan el menor riesgo.<\/p><\/div><\/div><\/div><\/div><\/div><\/div><\/div><\/section><\/div>\n","protected":false},"excerpt":{"rendered":"<p>GovTech: Permitir a los gobiernos crear impacto social con la tecnolog\u00eda<\/p>\n","protected":false},"author":81,"featured_media":535725,"parent":535639,"menu_order":6,"comment_status":"closed","ping_status":"closed","template":"","meta":{"cg_dt_proposed_to":[9,25],"cg_seo_hreflang_relations":"[{\"uuid\":\"935a1d1a-330c-465e-8817-ebe5d30974f8\",\"blogId\":\"10\",\"domain\":\"www.capgemini.com\",\"sitePath\":\"\/au-en\/\",\"postLink\":\"https:\/\/www.capgemini.com\/au-en\/insights\/initiatives-and-research-with-wef\/govtech-social-impact-through-technology\/\",\"postId\":529937,\"isSaved\":true,\"isCrossLink\":true,\"hasCrossLink\":false},{\"uuid\":\"8b73ca81-897d-4e02-b8c6-6232120c6e30\",\"blogId\":\"1\",\"domain\":\"www.capgemini.com\",\"sitePath\":\"\/\",\"postLink\":\"https:\/\/www.capgemini.com\/insights\/initiatives-and-research-with-wef\/govtech-social-impact-through-technology\/\",\"postId\":1081377,\"isSaved\":true,\"isCrossLink\":true,\"hasCrossLink\":false},{\"uuid\":\"ea4d213e-3fb9-4bba-b2c0-31681230000e\",\"blogId\":\"28\",\"domain\":\"www.capgemini.com\",\"sitePath\":\"\/mx-es\/\",\"postLink\":\"https:\/\/www.capgemini.com\/mx-es\/insights\/iniciativas-e-investigacion-con-el-fmi\/govtech-impacto-social-a-traves-de-la-tecnologia\/\",\"postId\":535724,\"isSaved\":true,\"isCrossLink\":true,\"hasCrossLink\":false},{\"uuid\":\"5e57e6bb-1bd2-49f6-b67e-90ff5557b21a\",\"blogId\":\"18\",\"domain\":\"www.capgemini.com\",\"sitePath\":\"\/in-en\/\",\"postLink\":\"https:\/\/www.capgemini.com\/in-en\/insights\/initiatives-and-research-with-wef\/govtech-social-impact-through-technology\/\",\"postId\":1137333,\"isSaved\":true,\"isCrossLink\":true,\"hasCrossLink\":false},{\"uuid\":\"747cf857-fc07-4198-ab7e-6193c0b62d86\",\"blogId\":\"14\",\"domain\":\"www.capgemini.com\",\"sitePath\":\"\/be-en\/\",\"postLink\":\"https:\/\/www.capgemini.com\/be-en\/insights\/initiatives-and-research-with-wef\/govtech-social-impact-through-technology\/\",\"postId\":868218,\"isSaved\":true,\"isCrossLink\":true,\"hasCrossLink\":false},{\"uuid\":\"561cc56d-f576-4202-9d67-67843e5743f6\",\"blogId\":\"16\",\"domain\":\"www.capgemini.com\",\"sitePath\":\"\/es-es\/\",\"postLink\":\"https:\/\/www.capgemini.com\/es-es\/investigacion\/iniciativas-investigacion-world-economic-forum\/govtech-social-impact-through-technology\/\",\"postId\":565699,\"isSaved\":true,\"isCrossLink\":true,\"hasCrossLink\":false},{\"uuid\":\"6a4ac9bc-6d09-4347-a728-f747653866f1\",\"blogId\":\"30\",\"domain\":\"www.capgemini.com\",\"sitePath\":\"\/us-en\/\",\"postLink\":\"https:\/\/www.capgemini.com\/us-en\/insights\/initiatives-and-research-with-wef\/govtech-social-impact-through-technology\/\",\"postId\":736899,\"isSaved\":true,\"isCrossLink\":true,\"hasCrossLink\":false},{\"uuid\":\"ead41fb6-8cc1-4f12-9021-8ecf826844e7\",\"blogId\":\"20\",\"domain\":\"www.capgemini.com\",\"sitePath\":\"\/se-en\/\",\"postLink\":\"https:\/\/www.capgemini.com\/se-en\/insights\/initiatives-and-research-with-wef\/govtech-social-impact-through-technology\/\",\"postId\":549728,\"isSaved\":true,\"isCrossLink\":true,\"hasCrossLink\":false},{\"uuid\":\"4044282d-3a50-420b-a21f-85b43cb16f63\",\"blogId\":\"23\",\"domain\":\"www.capgemini.com\",\"sitePath\":\"\/no-no\/\",\"postLink\":\"https:\/\/www.capgemini.com\/no-no\/insights\/initiatives-and-research-with-wef\/govtech-social-impact-through-technology\/\",\"postId\":852803,\"isSaved\":true,\"isCrossLink\":true,\"hasCrossLink\":false}]","cg_seo_canonical_relation":"","cg_seo_hreflang_x_default_relation":"{\"uuid\":\"9367b093-a57a-4ac4-a31b-c9357689ac51\",\"blogId\":\"\",\"domain\":\"\",\"sitePath\":\"\",\"postLink\":\"\",\"postId\":null,\"isSaved\":true,\"isCrossLink\":false,\"hasCrossLink\":false}","cg_dt_approved_content":true,"cg_dt_mandatory_content":false,"cg_dt_notes":"","cg_dg_source_changed":true,"cg_dt_link_disabled":true,"_yoast_wpseo_primary_brand":"","footnotes":"","featured_focal_points":"","partner_card_description":"","gsap_animation":0},"brand":[],"partner_type":[],"service":[],"industry":[],"partners":[],"page-type":[199],"content-group":[],"class_list":["post-535724","page","type-page","status-publish","has-post-thumbnail","hentry","page-type-insights"],"yoast_head":"<!-- This site is optimized with the Yoast SEO Premium plugin v22.8 (Yoast SEO v22.8) - https:\/\/yoast.com\/wordpress\/plugins\/seo\/ -->\n<title>GovTech: Impacto social a trav\u00e9s de la tecnolog\u00eda<\/title>\n<meta name=\"description\" content=\"La tecnolog\u00eda gubernamental (GovTech) va m\u00e1s all\u00e1 de la propia tecnolog\u00eda.\" \/>\n<meta name=\"robots\" content=\"index, follow, max-snippet:-1, max-image-preview:large, max-video-preview:-1\" \/>\n<link rel=\"canonical\" href=\"https:\/\/www.capgemini.com\/mx-es\/insights\/iniciativas-e-investigacion-con-el-fmi\/govtech-impacto-social-a-traves-de-la-tecnologia\/\" \/>\n<meta property=\"og:locale\" content=\"es_MX\" \/>\n<meta property=\"og:type\" content=\"article\" \/>\n<meta property=\"og:title\" content=\"GovTech: Uso de la tecnolog\u00eda para crear valor p\u00fablico\" \/>\n<meta property=\"og:description\" content=\"La tecnolog\u00eda gubernamental (GovTech) va m\u00e1s all\u00e1 de la propia tecnolog\u00eda.\" \/>\n<meta property=\"og:url\" content=\"https:\/\/www.capgemini.com\/mx-es\/insights\/iniciativas-e-investigacion-con-el-fmi\/govtech-impacto-social-a-traves-de-la-tecnologia\/\" \/>\n<meta property=\"og:site_name\" content=\"Capgemini Mexico\" \/>\n<meta property=\"article:modified_time\" content=\"2026-04-27T04:36:28+00:00\" \/>\n<meta property=\"og:image\" content=\"https:\/\/www.capgemini.com\/mx-es\/wp-content\/uploads\/sites\/28\/2025\/10\/New-Web-preview-global.jpg\" \/>\n\t<meta property=\"og:image:width\" content=\"1200\" \/>\n\t<meta property=\"og:image:height\" content=\"627\" \/>\n\t<meta property=\"og:image:type\" content=\"image\/jpeg\" \/>\n<meta name=\"twitter:card\" content=\"summary_large_image\" \/>\n<meta name=\"twitter:label1\" content=\"Est. reading time\" \/>\n\t<meta name=\"twitter:data1\" content=\"3 minutes\" \/>\n<script type=\"application\/ld+json\" class=\"yoast-schema-graph\">{\"@context\":\"https:\/\/schema.org\",\"@graph\":[{\"@type\":\"WebPage\",\"@id\":\"https:\/\/www.capgemini.com\/mx-es\/insights\/iniciativas-e-investigacion-con-el-fmi\/govtech-impacto-social-a-traves-de-la-tecnologia\/\",\"url\":\"https:\/\/www.capgemini.com\/mx-es\/insights\/iniciativas-e-investigacion-con-el-fmi\/govtech-impacto-social-a-traves-de-la-tecnologia\/\",\"name\":\"GovTech: Impacto social a trav\u00e9s de la tecnolog\u00eda\",\"isPartOf\":{\"@id\":\"https:\/\/www.capgemini.com\/mx-es\/#website\"},\"primaryImageOfPage\":{\"@id\":\"https:\/\/www.capgemini.com\/mx-es\/insights\/iniciativas-e-investigacion-con-el-fmi\/govtech-impacto-social-a-traves-de-la-tecnologia\/#primaryimage\"},\"image\":{\"@id\":\"https:\/\/www.capgemini.com\/mx-es\/insights\/iniciativas-e-investigacion-con-el-fmi\/govtech-impacto-social-a-traves-de-la-tecnologia\/#primaryimage\"},\"thumbnailUrl\":\"https:\/\/www.capgemini.com\/mx-es\/wp-content\/uploads\/sites\/28\/2025\/01\/PS_GCTC_dotcom-banner_2880x1800px_bfbb81.jpg\",\"datePublished\":\"2025-01-14T05:36:51+00:00\",\"dateModified\":\"2026-04-27T04:36:28+00:00\",\"description\":\"La tecnolog\u00eda gubernamental (GovTech) va m\u00e1s all\u00e1 de la propia tecnolog\u00eda.\",\"breadcrumb\":{\"@id\":\"https:\/\/www.capgemini.com\/mx-es\/insights\/iniciativas-e-investigacion-con-el-fmi\/govtech-impacto-social-a-traves-de-la-tecnologia\/#breadcrumb\"},\"inLanguage\":\"es-MX\",\"potentialAction\":[{\"@type\":\"ReadAction\",\"target\":[\"https:\/\/www.capgemini.com\/mx-es\/insights\/iniciativas-e-investigacion-con-el-fmi\/govtech-impacto-social-a-traves-de-la-tecnologia\/\"]}]},{\"@type\":\"ImageObject\",\"inLanguage\":\"es-MX\",\"@id\":\"https:\/\/www.capgemini.com\/mx-es\/insights\/iniciativas-e-investigacion-con-el-fmi\/govtech-impacto-social-a-traves-de-la-tecnologia\/#primaryimage\",\"url\":\"https:\/\/www.capgemini.com\/mx-es\/wp-content\/uploads\/sites\/28\/2025\/01\/PS_GCTC_dotcom-banner_2880x1800px_bfbb81.jpg\",\"contentUrl\":\"https:\/\/www.capgemini.com\/mx-es\/wp-content\/uploads\/sites\/28\/2025\/01\/PS_GCTC_dotcom-banner_2880x1800px_bfbb81.jpg\",\"width\":2880,\"height\":1800},{\"@type\":\"BreadcrumbList\",\"@id\":\"https:\/\/www.capgemini.com\/mx-es\/insights\/iniciativas-e-investigacion-con-el-fmi\/govtech-impacto-social-a-traves-de-la-tecnologia\/#breadcrumb\",\"itemListElement\":[{\"@type\":\"ListItem\",\"position\":1,\"name\":\"Home\",\"item\":\"https:\/\/www.capgemini.com\/mx-es\/\"},{\"@type\":\"ListItem\",\"position\":2,\"name\":\"Insights\",\"item\":\"https:\/\/www.capgemini.com\/mx-es\/insights\/\"},{\"@type\":\"ListItem\",\"position\":3,\"name\":\"Iniciativas e investigaci\u00f3n con el Foro Econ\u00f3mico Mundial\",\"item\":\"https:\/\/www.capgemini.com\/mx-es\/insights\/iniciativas-e-investigacion-con-el-fmi\/\"},{\"@type\":\"ListItem\",\"position\":4,\"name\":\"GovTech: Uso de la tecnolog\u00eda para crear valor p\u00fablico\"}]},{\"@type\":\"WebSite\",\"@id\":\"https:\/\/www.capgemini.com\/mx-es\/#website\",\"url\":\"https:\/\/www.capgemini.com\/mx-es\/\",\"name\":\"Capgemini Mexico\",\"description\":\"Capgemini\",\"publisher\":{\"@id\":\"https:\/\/www.capgemini.com\/mx-es\/#organization\"},\"potentialAction\":[{\"@type\":\"SearchAction\",\"target\":{\"@type\":\"EntryPoint\",\"urlTemplate\":\"https:\/\/www.capgemini.com\/mx-es\/?s={search_term_string}\"},\"query-input\":\"required name=search_term_string\"}],\"inLanguage\":\"es-MX\"},{\"@type\":\"Organization\",\"@id\":\"https:\/\/www.capgemini.com\/mx-es\/#organization\",\"name\":\"Capgemini Mexico\",\"url\":\"https:\/\/www.capgemini.com\/mx-es\/\",\"logo\":{\"@type\":\"ImageObject\",\"inLanguage\":\"es-MX\",\"@id\":\"https:\/\/www.capgemini.com\/mx-es\/#\/schema\/logo\/image\/\",\"url\":\"https:\/\/www.capgemini.com\/mx-es\/wp-content\/uploads\/sites\/28\/2025\/07\/linkedin_mwo0q6.png\",\"contentUrl\":\"https:\/\/www.capgemini.com\/mx-es\/wp-content\/uploads\/sites\/28\/2025\/07\/linkedin_mwo0q6.png\",\"width\":800,\"height\":800,\"caption\":\"Capgemini Mexico\"},\"image\":{\"@id\":\"https:\/\/www.capgemini.com\/mx-es\/#\/schema\/logo\/image\/\"}}]}<\/script>\n<!-- \/ Yoast SEO Premium plugin. -->","yoast_head_json":{"title":"GovTech: Impacto social a trav\u00e9s de la tecnolog\u00eda","description":"La tecnolog\u00eda gubernamental (GovTech) va m\u00e1s all\u00e1 de la propia tecnolog\u00eda.","robots":{"index":"index","follow":"follow","max-snippet":"max-snippet:-1","max-image-preview":"max-image-preview:large","max-video-preview":"max-video-preview:-1"},"canonical":"https:\/\/www.capgemini.com\/mx-es\/insights\/iniciativas-e-investigacion-con-el-fmi\/govtech-impacto-social-a-traves-de-la-tecnologia\/","og_locale":"es_MX","og_type":"article","og_title":"GovTech: Uso de la tecnolog\u00eda para crear valor p\u00fablico","og_description":"La tecnolog\u00eda gubernamental (GovTech) va m\u00e1s all\u00e1 de la propia tecnolog\u00eda.","og_url":"https:\/\/www.capgemini.com\/mx-es\/insights\/iniciativas-e-investigacion-con-el-fmi\/govtech-impacto-social-a-traves-de-la-tecnologia\/","og_site_name":"Capgemini Mexico","article_modified_time":"2026-04-27T04:36:28+00:00","og_image":[{"width":1200,"height":627,"url":"https:\/\/www.capgemini.com\/mx-es\/wp-content\/uploads\/sites\/28\/2025\/10\/New-Web-preview-global.jpg","type":"image\/jpeg"}],"twitter_card":"summary_large_image","twitter_misc":{"Est. reading time":"3 minutes"},"schema":{"@context":"https:\/\/schema.org","@graph":[{"@type":"WebPage","@id":"https:\/\/www.capgemini.com\/mx-es\/insights\/iniciativas-e-investigacion-con-el-fmi\/govtech-impacto-social-a-traves-de-la-tecnologia\/","url":"https:\/\/www.capgemini.com\/mx-es\/insights\/iniciativas-e-investigacion-con-el-fmi\/govtech-impacto-social-a-traves-de-la-tecnologia\/","name":"GovTech: Impacto social a trav\u00e9s de la tecnolog\u00eda","isPartOf":{"@id":"https:\/\/www.capgemini.com\/mx-es\/#website"},"primaryImageOfPage":{"@id":"https:\/\/www.capgemini.com\/mx-es\/insights\/iniciativas-e-investigacion-con-el-fmi\/govtech-impacto-social-a-traves-de-la-tecnologia\/#primaryimage"},"image":{"@id":"https:\/\/www.capgemini.com\/mx-es\/insights\/iniciativas-e-investigacion-con-el-fmi\/govtech-impacto-social-a-traves-de-la-tecnologia\/#primaryimage"},"thumbnailUrl":"https:\/\/www.capgemini.com\/mx-es\/wp-content\/uploads\/sites\/28\/2025\/01\/PS_GCTC_dotcom-banner_2880x1800px_bfbb81.jpg","datePublished":"2025-01-14T05:36:51+00:00","dateModified":"2026-04-27T04:36:28+00:00","description":"La tecnolog\u00eda gubernamental (GovTech) va m\u00e1s all\u00e1 de la propia tecnolog\u00eda.","breadcrumb":{"@id":"https:\/\/www.capgemini.com\/mx-es\/insights\/iniciativas-e-investigacion-con-el-fmi\/govtech-impacto-social-a-traves-de-la-tecnologia\/#breadcrumb"},"inLanguage":"es-MX","potentialAction":[{"@type":"ReadAction","target":["https:\/\/www.capgemini.com\/mx-es\/insights\/iniciativas-e-investigacion-con-el-fmi\/govtech-impacto-social-a-traves-de-la-tecnologia\/"]}]},{"@type":"ImageObject","inLanguage":"es-MX","@id":"https:\/\/www.capgemini.com\/mx-es\/insights\/iniciativas-e-investigacion-con-el-fmi\/govtech-impacto-social-a-traves-de-la-tecnologia\/#primaryimage","url":"https:\/\/www.capgemini.com\/mx-es\/wp-content\/uploads\/sites\/28\/2025\/01\/PS_GCTC_dotcom-banner_2880x1800px_bfbb81.jpg","contentUrl":"https:\/\/www.capgemini.com\/mx-es\/wp-content\/uploads\/sites\/28\/2025\/01\/PS_GCTC_dotcom-banner_2880x1800px_bfbb81.jpg","width":2880,"height":1800},{"@type":"BreadcrumbList","@id":"https:\/\/www.capgemini.com\/mx-es\/insights\/iniciativas-e-investigacion-con-el-fmi\/govtech-impacto-social-a-traves-de-la-tecnologia\/#breadcrumb","itemListElement":[{"@type":"ListItem","position":1,"name":"Home","item":"https:\/\/www.capgemini.com\/mx-es\/"},{"@type":"ListItem","position":2,"name":"Insights","item":"https:\/\/www.capgemini.com\/mx-es\/insights\/"},{"@type":"ListItem","position":3,"name":"Iniciativas e investigaci\u00f3n con el Foro Econ\u00f3mico Mundial","item":"https:\/\/www.capgemini.com\/mx-es\/insights\/iniciativas-e-investigacion-con-el-fmi\/"},{"@type":"ListItem","position":4,"name":"GovTech: Uso de la tecnolog\u00eda para crear valor p\u00fablico"}]},{"@type":"WebSite","@id":"https:\/\/www.capgemini.com\/mx-es\/#website","url":"https:\/\/www.capgemini.com\/mx-es\/","name":"Capgemini Mexico","description":"Capgemini","publisher":{"@id":"https:\/\/www.capgemini.com\/mx-es\/#organization"},"potentialAction":[{"@type":"SearchAction","target":{"@type":"EntryPoint","urlTemplate":"https:\/\/www.capgemini.com\/mx-es\/?s={search_term_string}"},"query-input":"required name=search_term_string"}],"inLanguage":"es-MX"},{"@type":"Organization","@id":"https:\/\/www.capgemini.com\/mx-es\/#organization","name":"Capgemini Mexico","url":"https:\/\/www.capgemini.com\/mx-es\/","logo":{"@type":"ImageObject","inLanguage":"es-MX","@id":"https:\/\/www.capgemini.com\/mx-es\/#\/schema\/logo\/image\/","url":"https:\/\/www.capgemini.com\/mx-es\/wp-content\/uploads\/sites\/28\/2025\/07\/linkedin_mwo0q6.png","contentUrl":"https:\/\/www.capgemini.com\/mx-es\/wp-content\/uploads\/sites\/28\/2025\/07\/linkedin_mwo0q6.png","width":800,"height":800,"caption":"Capgemini Mexico"},"image":{"@id":"https:\/\/www.capgemini.com\/mx-es\/#\/schema\/logo\/image\/"}}]}},"brand_term":[],"parsely":{"version":"1.1.0","canonical_url":"https:\/\/capgemini.com\/mx-es\/insights\/iniciativas-e-investigacion-con-el-fmi\/govtech-impacto-social-a-traves-de-la-tecnologia\/","smart_links":{"inbound":0,"outbound":0},"traffic_boost_suggestions_count":0,"meta":{"@context":"https:\/\/schema.org","@type":"WebPage","headline":"GovTech: Uso de la tecnolog\u00eda para crear valor p\u00fablico","url":"https:\/\/www.capgemini.com\/mx-es\/insights\/iniciativas-e-investigacion-con-el-fmi\/govtech-impacto-social-a-traves-de-la-tecnologia\/","mainEntityOfPage":{"@type":"WebPage","@id":"https:\/\/www.capgemini.com\/mx-es\/insights\/iniciativas-e-investigacion-con-el-fmi\/govtech-impacto-social-a-traves-de-la-tecnologia\/"},"thumbnailUrl":"https:\/\/www.capgemini.com\/mx-es\/wp-content\/uploads\/sites\/28\/2025\/01\/PS_GCTC_dotcom-banner_2880x1800px_bfbb81.jpg?w=150&h=150&crop=1","image":{"@type":"ImageObject","url":"https:\/\/www.capgemini.com\/mx-es\/wp-content\/uploads\/sites\/28\/2025\/01\/PS_GCTC_dotcom-banner_2880x1800px_bfbb81.jpg"},"articleSection":"Uncategorized","author":[],"creator":[],"publisher":{"@type":"Organization","name":"Capgemini Mexico","logo":""},"keywords":[],"dateCreated":"2025-01-14T05:36:51Z","datePublished":"2025-01-14T05:36:51Z","dateModified":"2026-04-27T04:36:28Z"},"rendered":"<meta name=\"parsely-title\" content=\"GovTech: Uso de la tecnolog\u00eda para crear valor p\u00fablico\" \/>\n<meta name=\"parsely-link\" content=\"https:\/\/www.capgemini.com\/mx-es\/insights\/iniciativas-e-investigacion-con-el-fmi\/govtech-impacto-social-a-traves-de-la-tecnologia\/\" \/>\n<meta name=\"parsely-type\" content=\"index\" \/>\n<meta name=\"parsely-image-url\" content=\"https:\/\/www.capgemini.com\/mx-es\/wp-content\/uploads\/sites\/28\/2025\/01\/PS_GCTC_dotcom-banner_2880x1800px_bfbb81.jpg?w=150&amp;h=150&amp;crop=1\" \/>\n<meta name=\"parsely-pub-date\" content=\"2025-01-14T05:36:51Z\" \/>\n<meta name=\"parsely-section\" content=\"Uncategorized\" \/>","tracker_url":"https:\/\/cdn.parsely.com\/keys\/capgemini.com\/p.js"},"archive_status":false,"featured_image_src":"https:\/\/www.capgemini.com\/mx-es\/wp-content\/uploads\/sites\/28\/2025\/01\/PS_GCTC_dotcom-banner_2880x1800px_bfbb81.jpg","featured_image_alt":"","jetpack_sharing_enabled":true,"distributor_meta":false,"distributor_terms":false,"distributor_media":false,"distributor_original_site_name":"Capgemini Mexico","distributor_original_site_url":"https:\/\/www.capgemini.com\/mx-es","push-errors":false,"_links":{"self":[{"href":"https:\/\/www.capgemini.com\/mx-es\/wp-json\/wp\/v2\/pages\/535724","targetHints":{"allow":["GET"]}}],"collection":[{"href":"https:\/\/www.capgemini.com\/mx-es\/wp-json\/wp\/v2\/pages"}],"about":[{"href":"https:\/\/www.capgemini.com\/mx-es\/wp-json\/wp\/v2\/types\/page"}],"author":[{"embeddable":true,"href":"https:\/\/www.capgemini.com\/mx-es\/wp-json\/wp\/v2\/users\/81"}],"replies":[{"embeddable":true,"href":"https:\/\/www.capgemini.com\/mx-es\/wp-json\/wp\/v2\/comments?post=535724"}],"version-history":[{"count":18,"href":"https:\/\/www.capgemini.com\/mx-es\/wp-json\/wp\/v2\/pages\/535724\/revisions"}],"predecessor-version":[{"id":563444,"href":"https:\/\/www.capgemini.com\/mx-es\/wp-json\/wp\/v2\/pages\/535724\/revisions\/563444"}],"up":[{"embeddable":true,"href":"https:\/\/www.capgemini.com\/mx-es\/wp-json\/wp\/v2\/pages\/535639"}],"wp:featuredmedia":[{"embeddable":true,"href":"https:\/\/www.capgemini.com\/mx-es\/wp-json\/wp\/v2\/media\/535725"}],"wp:attachment":[{"href":"https:\/\/www.capgemini.com\/mx-es\/wp-json\/wp\/v2\/media?parent=535724"}],"wp:term":[{"taxonomy":"brand","embeddable":true,"href":"https:\/\/www.capgemini.com\/mx-es\/wp-json\/wp\/v2\/brand?post=535724"},{"taxonomy":"partner_type","embeddable":true,"href":"https:\/\/www.capgemini.com\/mx-es\/wp-json\/wp\/v2\/partner_type?post=535724"},{"taxonomy":"service","embeddable":true,"href":"https:\/\/www.capgemini.com\/mx-es\/wp-json\/wp\/v2\/service?post=535724"},{"taxonomy":"industry","embeddable":true,"href":"https:\/\/www.capgemini.com\/mx-es\/wp-json\/wp\/v2\/industry?post=535724"},{"taxonomy":"partners","embeddable":true,"href":"https:\/\/www.capgemini.com\/mx-es\/wp-json\/wp\/v2\/partners?post=535724"},{"taxonomy":"page-type","embeddable":true,"href":"https:\/\/www.capgemini.com\/mx-es\/wp-json\/wp\/v2\/page-type?post=535724"},{"taxonomy":"content-group","embeddable":true,"href":"https:\/\/www.capgemini.com\/mx-es\/wp-json\/wp\/v2\/content-group?post=535724"}],"curies":[{"name":"wp","href":"https:\/\/api.w.org\/{rel}","templated":true}]}}