{"id":534209,"date":"2025-10-08T02:39:04","date_gmt":"2025-10-08T02:39:04","guid":{"rendered":"https:\/\/www.capgemini.com\/mx-es\/?post_type=event&#038;p=534209"},"modified":"2025-10-08T02:39:07","modified_gmt":"2025-10-08T02:39:07","slug":"cumbre-de-mujeres-del-sector-automovilistico-en-europa","status":"publish","type":"event","link":"https:\/\/www.capgemini.com\/mx-es\/news\/events\/cumbre-de-mujeres-del-sector-automovilistico-en-europa\/","title":{"rendered":"Cumbre de Mujeres en el Autom\u00f3vil: Europa 2025"},"content":{"rendered":"\n<header class=\"wp-block-cg-blocks-hero-reusable header heroReusable  \"><div class=\"header-bgs\"><picture><source srcset=\"https:\/\/www.capgemini.com\/wp-content\/uploads\/2024\/08\/Women-Automotive-Summit.jpg?w=2880&amp;quality=70 1x, https:\/\/www.capgemini.com\/wp-content\/uploads\/2024\/08\/Women-Automotive-Summit.jpg?w=2880&amp;quality=70 2x\" media=\"(min-width: 1500px)\"\/><source srcset=\"https:\/\/www.capgemini.com\/wp-content\/uploads\/2024\/08\/Women-Automotive-Summit.jpg?w=1440&amp;quality=70 1x, https:\/\/www.capgemini.com\/wp-content\/uploads\/2024\/08\/Women-Automotive-Summit.jpg?w=2880&amp;quality=70 2x\" media=\"(min-width: 992px)\"\/><source srcset=\"https:\/\/www.capgemini.com\/wp-content\/uploads\/2024\/08\/Women-Automotive-Summit.jpg?w=1024&amp;quality=70 1x, https:\/\/www.capgemini.com\/wp-content\/uploads\/2024\/08\/Women-Automotive-Summit.jpg?w=1024&amp;quality=70 2x\" media=\"(min-width: 768px)\"\/><source srcset=\"https:\/\/www.capgemini.com\/wp-content\/uploads\/2024\/08\/Women-Automotive-Summit.jpg?w=768&amp;quality=70 1x, https:\/\/www.capgemini.com\/wp-content\/uploads\/2024\/08\/Women-Automotive-Summit.jpg?w=768&amp;quality=70 2x\" media=\"(min-width: 0)\"\/><img decoding=\"async\" src=\"https:\/\/www.capgemini.com\/wp-content\/uploads\/2024\/08\/Women-Automotive-Summit.jpg\" class=\"header-img header-img-d\" alt=\"\" style=\"object-fit:cover;object-position:45% 34%\" loading=\"eager\"\/><\/picture><\/div><div class=\"heroPictureCardHeaderShape\"><\/div><div class=\"container\"><div class=\"row\"><div class=\"col-md-12\"><div class=\"box\"><div class=\"boxTagWrapper\"><div class=\"tagInfo\"><div><span class=\"box-tag\">Event<\/span><\/div><\/div><\/div><div class=\"box-title\"><h1 data-maxlength=\"34\">Cumbre de Mujeres en el Autom\u00f3vil: Europa 2025<\/h1><\/div><h2 class=\"reasearchInsightTitle\">7 de octubre de 2025<br><sub>Forum am Schlosspark, Luisburgo, Alemania<\/sub><\/h2><div class=\"inner-row-insight download-btn\"><\/div><\/div><\/div><\/div><\/div><\/header>\n\n\n\n<section class=\"wp-block-cg-blocks-group undefined section section--article-content\"><div class=\"article-main-content\"><div class=\"container\"><div class=\"row\"><div class=\"col-12 col-md-1\"><nav class=\"article-social\"><ul class=\"social-nav\"><li class=\"ip-order-fb\"><a href=\"https:\/\/www.facebook.com\/sharer\/sharer.php?u=https:\/\/www.capgemini.com\/?post_type=event&amp;p=1049602\" target=\"_blank\" rel=\"noopener noreferrer\" title=\"opens in a new window\"><i aria-hidden=\"true\" class=\"icon-fb\"><\/i><span class=\"sr-only\">Facebook<\/span><\/a><\/li><li class=\"ip-order-li\"><a href=\"https:\/\/www.linkedin.com\/shareArticle?url=https:\/\/www.capgemini.com\/?post_type=event&amp;p=1049602\" target=\"_blank\" rel=\"noopener noreferrer\" title=\"opens in a new window\"><i aria-hidden=\"true\" class=\"icon-li\"><\/i><span class=\"sr-only\">Linkedin<\/span><\/a><\/li><\/ul><\/nav><\/div><div class=\"col-12 col-md-11 col-lg-10\"><div class=\"article-text article-quote-text\">\n<h3 class=\"wp-block-heading\" id=\"h-inspirate-con-las-mujeres-que-impulsan-la-transformacion-de-la-industria-automotriz-y-el-futuro-de-la-movilidad\">Insp\u00edrate con las mujeres que impulsan la transformaci\u00f3n de la industria automotriz y el futuro de la movilidad.<a href=\"https:\/\/www.linkedin.com\/shareArticle?url=https:\/\/www.capgemini.com\/news\/events\/ane-rising-stars-2024\/\"><\/a><\/h3>\n\n\n\n<p>Electrificaci\u00f3n, software, experiencias de cliente en constante evoluci\u00f3n y una ola de nuevos participantes en el mercado: la industria automotriz est\u00e1 experimentando la mayor transformaci\u00f3n de su historia y las mujeres est\u00e1n en el centro de ella, ayudando a dar forma a un futuro de experiencias de movilidad seguras, satisfactorias y sostenibles.<\/p>\n\n\n\n<p>En medio de esta ola de megatendencias y cambios, existe una necesidad urgente de nuevas habilidades, nuevas formas de trabajar y nuevas perspectivas.<\/p>\n\n\n\n<p>En las \u00e1reas de compras, ventas y marketing, ingenier\u00eda, TI, estrategia y dise\u00f1o, y muchas otras, las mujeres est\u00e1n asumiendo el desaf\u00edo, adquiriendo protagonismo, impulsando la evoluci\u00f3n de la cultura y la mentalidad colectiva de la industria e influyendo en cada etapa de las cadenas de valor de la automoci\u00f3n y la movilidad.<\/p>\n\n\n\n<p>Esto es evidente en Capgemini y en nuestra comunidad automotriz global. Dentro de nuestra organizaci\u00f3n, en nuestras relaciones con los clientes y a trav\u00e9s de eventos y asociaciones del sector, nos enorgullece promover el creciente papel de las mujeres en la industria y celebrar su contribuci\u00f3n al \u00e9xito de nuestros clientes y a la evoluci\u00f3n de las experiencias de movilidad.<\/p>\n<\/div><\/div><\/div><\/div><\/div><\/section>\n\n\n\n<section class=\"wp-block-cg-blocks-group section section--article-content\"><div class=\"article-main-content\"><div class=\"container\"><div class=\"row\"><div class=\"col-12 col-md-11 col-lg-10 offset-md-1 offset-lg-1\"><div class=\"article-text article-quote-text\">\n<h3 class=\"wp-block-heading\" id=\"h-unase-a-los-lideres-y-expertos-de-la-industria-en-ludwigsburg-alemania\">\u00danase a los l\u00edderes y expertos de la industria en Ludwigsburg, Alemania<\/h3>\n\n\n\n<p>Estamos encantados de asociarnos con <a href=\"https:\/\/womenautomotivenetwork.com\/en-eu\/pages\/women-automotive-summit-europe\" target=\"_blank\" rel=\"noreferrer noopener\">Women Automotive Summit Europe: 2025<\/a> en Ludwigsburg (cerca de Stuttgart): es un evento reconocido internacionalmente que tiene lugar en uno de los principales centros de experiencia en la comunidad automotriz y de movilidad global.<\/p>\n\n\n\n<p>La agenda incluir\u00e1 una combinaci\u00f3n de conferencias, entrevistas y talleres interactivos. Con l\u00edderes y expertos de todo el ecosistema de la movilidad, es una oportunidad perfecta para inspirarte, ampliar tu red de contactos y recibir consejos de las mujeres que abren camino para que otras las sigan y forjen carreras profesionales de gran \u00e9xito.<\/p>\n\n\n\n<h4 class=\"wp-block-heading\" id=\"h-sesion-destacada\">Sesi\u00f3n destacada<\/h4>\n\n\n\n<p><strong>Un intercambio de liderazgo: \u00bfC\u00f3mo conseguir un lugar en la mesa y tener \u00e9xito como l\u00edder en tiempos turbulentos?<\/strong><\/p>\n\n\n\n<p>Descubra c\u00f3mo algunos de los principales l\u00edderes de la industria actual ascendieron a sus puestos, los valores que dieron forma a sus trayectorias, c\u00f3mo han evolucionado las expectativas de los l\u00edderes a lo largo de los a\u00f1os, qu\u00e9 se necesita para liderar durante la transformaci\u00f3n y la turbulencia, y mucho m\u00e1s.<\/p>\n\n\n\n<p><strong>Moderado por:<\/strong><\/p>\n\n\n\n<div class=\"wp-block-columns is-layout-flex wp-container-core-columns-is-layout-28f84493 wp-block-columns-is-layout-flex\">\n<div class=\"wp-block-column is-layout-flow wp-block-column-is-layout-flow\" style=\"flex-basis:33.33%\">\n<figure class=\"wp-block-image size-large is-resized is-style-rounded\"><img decoding=\"async\" src=\"https:\/\/www.capgemini.com\/wp-content\/uploads\/2023\/10\/Emmanuelle-Bischoffe-Cluzel.jpg?w=600\" alt=\"\" class=\"wp-image-963685\" style=\"object-fit:cover;width:150px;height:150px\"\/><\/figure>\n\n\n\n<p><strong><a href=\"https:\/\/www.linkedin.com\/in\/dr-astrid-fontaine-28374519\/\" target=\"_blank\" rel=\"noreferrer noopener\">Emmanuelle Bischoffe-Cluzel<\/a><\/strong><br>Vicepresidente &#8211; L\u00edder de Sostenibilidad, Industria Automotriz Global, Capgemini<\/p>\n<\/div>\n\n\n\n<div class=\"wp-block-column is-layout-flow wp-block-column-is-layout-flow\" style=\"flex-basis:66.66%\"><\/div>\n<\/div>\n\n\n\n<p><strong>Oradoras:<\/strong><\/p>\n\n\n\n<div class=\"wp-block-columns is-layout-flex wp-container-core-columns-is-layout-28f84493 wp-block-columns-is-layout-flex\">\n<div class=\"wp-block-column is-layout-flow wp-block-column-is-layout-flow\" style=\"flex-basis:33.33%\">\n<figure class=\"wp-block-image size-full is-resized is-style-rounded\"><img decoding=\"async\" src=\"https:\/\/www.capgemini.com\/wp-content\/uploads\/2024\/08\/Sabine-Scheunert.jpg\" alt=\"\" class=\"wp-image-1163341\" style=\"object-fit:cover;width:150px;height:150px\"\/><\/figure>\n\n\n\n<p><strong><a href=\"https:\/\/www.linkedin.com\/in\/sabinescheunert\/\" target=\"_blank\" rel=\"noreferrer noopener\">Sabine Scheunert<\/a><\/strong><br>Director general y director ejecutivo, Dassault Syst\u00e8mes<\/p>\n<\/div>\n\n\n\n<div class=\"wp-block-column is-layout-flow wp-block-column-is-layout-flow\" style=\"flex-basis:33.33%\">\n<figure class=\"wp-block-image size-full is-resized is-style-rounded\"><img decoding=\"async\" src=\"https:\/\/www.capgemini.com\/wp-content\/uploads\/2024\/08\/Profile-photo-of-Maren-Graef.png\" alt=\"\" class=\"wp-image-1162005\" style=\"object-fit:cover;width:150px;height:150px\"\/><\/figure>\n\n\n\n<p><a href=\"https:\/\/www.linkedin.com\/in\/maren-graef-777b1a181\/\" target=\"_blank\" rel=\"noreferrer noopener\"><strong>Maren Graef<\/strong><\/a><br>CHRO, \u0160koda<\/p>\n<\/div>\n\n\n\n<div class=\"wp-block-column is-layout-flow wp-block-column-is-layout-flow\" style=\"flex-basis:33.33%\">\n<figure class=\"wp-block-image size-full is-resized is-style-rounded\"><img decoding=\"async\" src=\"https:\/\/www.capgemini.com\/wp-content\/uploads\/2024\/08\/Profile-photo-of-MariaGrazia-Davino.png\" alt=\"\" class=\"wp-image-1162006\" style=\"object-fit:cover;width:150px;height:150px\"\/><\/figure>\n\n\n\n<p><a href=\"https:\/\/www.linkedin.com\/in\/mariagrazia-davino-83a1241\/\" target=\"_blank\" rel=\"noreferrer noopener\"><strong>Maria-Grazia Davino<\/strong><\/a><br>Vicepresidente s\u00e9nior y director general regional de BYD<\/p>\n<\/div>\n\n\n\n<div class=\"wp-block-column is-layout-flow wp-block-column-is-layout-flow\" style=\"flex-basis:33.33%\">\n<p><\/p>\n<\/div>\n\n\n\n<div class=\"wp-block-column is-layout-flow wp-block-column-is-layout-flow\" style=\"flex-basis:22.33px\"><\/div>\n<\/div>\n\n\n\n<h4 class=\"wp-block-heading\" id=\"h-celebrando-a-las-mujeres-que-impulsan-el-futuro-de-la-automocion\">Celebrando a las mujeres que \u201cimpulsan el futuro\u201d de la automoci\u00f3n<\/h4>\n\n\n\n<p>Tambi\u00e9n habr\u00e1 premios para reconocer y celebrar a algunos de los l\u00edderes m\u00e1s inspiradores y destacados de la industria.<\/p>\n\n\n\n<p>En 2023, Marie-Fleur Revel de Capgemini gan\u00f3 un premio y habl\u00f3 en el evento (consulte la publicaci\u00f3n del <a href=\"https:\/\/www.capgemini.com\/mx-es\/insights\/expert-perspectives\/woman-in-automotive\/\">blog &#8220;Nunca ha habido un mejor momento para ser mujer en la industria automotriz<\/a>&#8220;, que se basa en su sesi\u00f3n como oradora del evento).<\/p>\n\n\n\n<p>Este a\u00f1o, Daniela Rittmeier, de Capgemini, est\u00e1 nominada a un premio en la categor\u00eda de Excelencia en Liderazgo. Conozca m\u00e1s sobre la <a href=\"https:\/\/share.transistor.fm\/s\/86612758\" target=\"_blank\" rel=\"noreferrer noopener\">historia de Daniela<\/a> y <a href=\"https:\/\/womenautomotivenetwork.com\/en-eu\/pages\/women-automotive-awards-europe\" target=\"_blank\" rel=\"noreferrer noopener\">consulte la lista completa de categor\u00edas y nominados aqu\u00ed<\/a>.<\/p>\n\n\n\n<iframe loading=\"lazy\" width=\"100%\" height=\"180\" frameborder=\"no\" scrolling=\"no\" seamless=\"\" src=\"https:\/\/share.transistor.fm\/e\/86612758?color=FFFFFF&#038;background=30343C\"><\/iframe>\n\n\n\n<div style=\"height:25px\" aria-hidden=\"true\" class=\"wp-block-spacer\"><\/div>\n\n\n\n<p>Women Automotive Summit: Europe est\u00e1 abierto a asistentes presenciales y virtuales y, con la Red de Mujeres Automotrices que cuenta con m\u00e1s de 40.000 miembros de 114 pa\u00edses, \u00a1estamos emocionados de ser parte de ella!<\/p>\n\n\n\n<p>Explora la <a href=\"https:\/\/womenautomotivenetwork.com\/en-eu\/pages\/women-automotive-summit-europe-agenda\" target=\"_blank\" rel=\"noreferrer noopener\">agenda completa<\/a> y la <a href=\"https:\/\/womenautomotivenetwork.com\/en-eu\/pages\/women-automotive-summit-europe-speakers\" target=\"_blank\" rel=\"noreferrer noopener\">lista de oradores<\/a>.<\/p>\n\n\n\n<p>Y si no puedes asistir al evento, te animamos a que consultes el libro \u201c<a href=\"https:\/\/womenautomotivenetwork.com\/en-eu\/pages\/the-women-driving-progress-book\" target=\"_blank\" rel=\"noreferrer noopener\">Women Driving Progress &#8211; 11 voices of resilience and success within automotive<\/a>\u201d, que cuenta la historia de Marie-Fleur Revel de Capgemini, quien anteriormente codirigi\u00f3 XL2, la empresa conjunta de Capgemini con Audi.<\/p>\n\n\n\n<h3 class=\"wp-block-heading\" id=\"h-conozca-mas-sobre-capgemini-en-automocion\">Conozca m\u00e1s sobre Capgemini en Automoci\u00f3n<\/h3>\n\n\n\n<p>En el sector de la automoci\u00f3n, Capgemini es socio comercial y de transformaci\u00f3n para los principales fabricantes de equipos originales (OEM) del mundo, tanto de turismos como de veh\u00edculos comerciales, as\u00ed como para proveedores de primer nivel, operadores de flotas, proveedores de servicios de movilidad y empresas tecnol\u00f3gicas. Estamos en el centro de la transformaci\u00f3n del sector, impulsados \u200b\u200bpor la ambici\u00f3n inquebrantable de apoyar la entrega de experiencias de movilidad seguras, satisfactorias y sostenibles.<\/p>\n\n\n\n<p>Obtenga m\u00e1s informaci\u00f3n sobre c\u00f3mo <a href=\"https:\/\/www.capgemini.com\/mx-es\/sectores\/automocion\/\">Capgemini est\u00e1 impulsando el futuro de las experiencias automotrices y de movilidad<\/a>.<\/p>\n<\/div><\/div><\/div><\/div><\/div><\/section>\n\n\n<section class=\"section section--expert-perspectives\"><div class=\"container\"><div class=\"row\"><div class=\"content-title col-12 col-md-8\"><h2 class=\"expert-heading\">Contenidos relacionados<\/h2><\/div><\/div><div class=\"expert-prospective-container\"><div class=\"row\"><div class=\"col-12 col-md-4 row-space\"><div class=\"box\"><div class=\"box-img-wrapper\"><a href=\"https:\/\/www.capgemini.com\/mx-es\/insights\/expert-perspectives\/women-in-automotive-10-learnings-from-the-road-to-leadership\/\" aria-label=\"Women in automotive: 10 learnings from the road to leadership\" tabindex=\"-1\"><img decoding=\"async\" class=\"box-img\" alt=\"\" src=\"https:\/\/www.capgemini.com\/mx-es\/wp-content\/uploads\/sites\/28\/2024\/05\/2024-03-06_Capgemini-Automotive-10-Learnings_Blog_WebBanner_2880x1800_v1.jpg?w=600&#038;quality=70\" style=\"object-position: 50% 50%; object-fit: cover;\" loading=\"lazy\" \/><\/a><\/div><div class=\"box-inner\"><div class=\"box-tag\">People experience, Talent and people<\/div><a class=\"content-box-title\" href=\"https:\/\/www.capgemini.com\/mx-es\/insights\/expert-perspectives\/women-in-automotive-10-learnings-from-the-road-to-leadership\/\" aria-label=\"Women in automotive: 10 learnings from the road to leadership\"><h3 class=\"expert-subtitle\">Women in automotive: 10 learnings from the road to leadership<\/h3><\/a><div class=\"box-bottom\">\n\t\t   <div class=\"box-logo\"><img decoding=\"async\" class=\"\" loading=\"lazy\" alt=\"\" src=\"https:\/\/www.capgemini.com\/mx-es\/wp-content\/uploads\/sites\/28\/2024\/05\/Marie-Fleur-Revel.jpg?w=750\" \/><\/div><div class=\"date-name-info\"><div class=\"author-text\">Marie-Fleur Revel<\/div><div class=\"date-text\">may. 29, 2024<\/div><\/div><\/div><\/div><\/div><\/div><\/div><\/div><\/div><\/section>\n\n\n<section class=\"wp-block-cg-blocks-group section section--article-content\"><div class=\"article-main-content\"><div class=\"container\"><div class=\"row\"><div class=\"col-12 col-md-11 col-lg-10 offset-md-1 offset-lg-1\"><div class=\"article-text article-quote-text\">\n<h3 class=\"wp-block-heading\" id=\"h-meet-our-experts\">Meet our experts<\/h3>\n\n\n\n<div style=\"height:30px\" aria-hidden=\"true\" class=\"wp-block-spacer\"><\/div>\n\n\n\n<div class=\"wp-block-columns is-layout-flex wp-container-core-columns-is-layout-28f84493 wp-block-columns-is-layout-flex\">\n<div class=\"wp-block-column is-layout-flow wp-block-column-is-layout-flow\">\n<figure class=\"wp-block-image size-large is-resized is-style-rounded\"><img decoding=\"async\" src=\"https:\/\/www.capgemini.com\/wp-content\/uploads\/2024\/06\/Laurence-Noel.jpg?w=400\" alt=\"\" class=\"wp-image-1035635\" style=\"object-fit:cover;width:150px;height:150px\"\/><\/figure>\n\n\n\n<p><a href=\"https:\/\/www.linkedin.com\/in\/laurence-no%C3%ABl\/\" target=\"_blank\" rel=\"noreferrer noopener\"><strong>Laurence No\u00ebl<\/strong><br><\/a>EVP, Head of Global Automotive Industry, Capgemini<\/p>\n<\/div>\n\n\n\n<div class=\"wp-block-column is-layout-flow wp-block-column-is-layout-flow\">\n<figure class=\"wp-block-image size-large is-resized is-style-rounded\"><img decoding=\"async\" src=\"https:\/\/www.capgemini.com\/wp-content\/uploads\/2023\/10\/Emmanuelle-Bischoffe-Cluzel.jpg?w=600\" alt=\"\" class=\"wp-image-963685\" style=\"object-fit:cover;width:150px;height:150px\"\/><\/figure>\n\n\n\n<p><strong><a href=\"https:\/\/www.capgemini.com\/careers\/meet-our-people\/emmanuelle\/\">Emmanuelle Bischoffe-Cluzel<\/a><\/strong><br>VP &#8211; Sustainability Lead, Global Automotive Industry, Capgemini<\/p>\n<\/div>\n\n\n\n<div class=\"wp-block-column is-layout-flow wp-block-column-is-layout-flow\">\n<figure class=\"wp-block-image size-large is-resized is-style-rounded\"><img decoding=\"async\" src=\"https:\/\/www.capgemini.com\/wp-content\/uploads\/2023\/03\/Fabienne-lefever-2022.jpg?w=925\" alt=\"Fabienne Lefever \u2013 Our Expert\" class=\"wp-image-874475\" style=\"object-fit:cover;width:150px;height:150px\"\/><\/figure>\n\n\n\n<p><strong><a href=\"https:\/\/www.linkedin.com\/in\/fabienne-lefever\/\" target=\"_blank\" rel=\"noreferrer noopener\">Fabienne Lefever<\/a><\/strong><br>Vice President \u2013 Head of Automotive Industry for Capgemini Engineering<\/p>\n<\/div>\n\n\n\n<div class=\"wp-block-column is-layout-flow wp-block-column-is-layout-flow\">\n<figure class=\"wp-block-image size-large is-resized is-style-rounded\"><img decoding=\"async\" src=\"https:\/\/www.capgemini.com\/wp-content\/uploads\/2023\/09\/Mariam-Belasfar.png?w=429\" alt=\"\" class=\"wp-image-954062\" style=\"object-fit:cover;width:150px;height:150px\"\/><\/figure>\n\n\n\n<p><a href=\"https:\/\/www.linkedin.com\/in\/mariam-belasfar-556934111\/\" target=\"_blank\" rel=\"noreferrer noopener\"><strong>Mariam Belasfar<\/strong><\/a><br>Packaging Management &amp; Supply Chain Sustainability Operations Manager, Capgemini Engineering<\/p>\n<\/div>\n<\/div>\n\n\n\n<div class=\"wp-block-columns is-layout-flex wp-container-core-columns-is-layout-28f84493 wp-block-columns-is-layout-flex\">\n<div class=\"wp-block-column is-layout-flow wp-block-column-is-layout-flow\">\n<figure class=\"wp-block-image size-large is-resized is-style-rounded\"><img decoding=\"async\" src=\"https:\/\/www.capgemini.com\/wp-content\/uploads\/2023\/08\/Daniela-Rittmeier.jpg?w=400\" alt=\"\" class=\"wp-image-947292\" style=\"object-fit:cover;width:150px;height:150px\"\/><\/figure>\n\n\n\n<p><a href=\"https:\/\/www.capgemini.com\/careers\/meet-our-people\/daniela\/\"><strong>Daniela Rittmeier<\/strong><\/a><br>Head of Data and AI Center of Excellence in Germany<\/p>\n<\/div>\n\n\n\n<div class=\"wp-block-column is-layout-flow wp-block-column-is-layout-flow\">\n<figure class=\"wp-block-image size-large is-resized is-style-rounded\"><img decoding=\"async\" src=\"https:\/\/www.capgemini.com\/wp-content\/uploads\/2023\/12\/Marie-Fleur-Revel.jpg?w=750\" alt=\"\" class=\"wp-image-978227\" style=\"object-fit:cover;width:150px;height:150px\"\/><\/figure>\n\n\n\n<p><a href=\"https:\/\/www.capgemini.com\/careers\/meet-our-people\/marie-fleur\/\"><strong>Marie-Fleur Revel<\/strong><\/a><br>Co-Managing Director of @XL2 by Audi and Capgemini<\/p>\n<\/div>\n\n\n\n<div class=\"wp-block-column is-layout-flow wp-block-column-is-layout-flow\">\n<figure class=\"wp-block-image size-large is-resized is-style-rounded\"><img decoding=\"async\" src=\"https:\/\/www.capgemini.com\/wp-content\/uploads\/2025\/03\/Christina-4x6_H2-e1745918173822.jpg?w=531\" alt=\"\" class=\"wp-image-1109115\" style=\"object-fit:cover;width:150px;height:150px\"\/><\/figure>\n\n\n\n<p><a href=\"https:\/\/www.capgemini.com\/careers\/meet-our-people\/christina-piasek\/\"><strong>Christina Piasek<\/strong><\/a><br>Client Manager and Sustainability Lead<\/p>\n<\/div>\n\n\n\n<div class=\"wp-block-column is-layout-flow wp-block-column-is-layout-flow\">\n<figure class=\"wp-block-image size-large is-resized is-style-rounded\"><img decoding=\"async\" src=\"https:\/\/www.capgemini.com\/wp-content\/uploads\/2025\/03\/Nino-1.jpg?w=768\" alt=\"\" class=\"wp-image-1109105\" style=\"object-fit:cover;width:150px;height:150px\"\/><\/figure>\n\n\n\n<p><strong><a href=\"https:\/\/www.capgemini.com\/careers\/meet-our-people\/nino\/\">Nino Nikolaishvili<\/a><\/strong><br>Sub-industry Head, Capgemini Engineering<\/p>\n<\/div>\n<\/div>\n<\/div><\/div><\/div><\/div><\/div><\/section>\n\n\n\n<p><\/p>\n","protected":false},"excerpt":{"rendered":"","protected":false},"author":33,"featured_media":534210,"template":"","meta":{"cg_dt_proposed_to":[9,25],"cg_seo_hreflang_relations":"[]","cg_seo_canonical_relation":"","cg_seo_hreflang_x_default_relation":"{\"uuid\":\"2c55a8c0-beaf-4125-81e6-5b2e107431d2\",\"blogId\":\"\",\"domain\":\"\",\"sitePath\":\"\",\"postLink\":\"\",\"postId\":null,\"isSaved\":true,\"isCrossLink\":false,\"hasCrossLink\":false}","cg_dt_approved_content":true,"cg_dt_mandatory_content":false,"cg_dt_notes":"","cg_dg_source_changed":true,"cg_dt_link_disabled":true,"footnotes":"","cg_event_start":"2024-10-8T00:00:00","cg_event_end":"2024-10-8T00:00:00","cg_event_timezone":"","event_location":"Stuttgart","cg_event_type":"Business","cg_event_short_title":"Women Automotive Summit: Europe 2024","cg_event_block_title":"","featured_focal_points":""},"tags":[],"brand":[],"event-location":[],"class_list":["post-534209","event","type-event","status-publish","has-post-thumbnail","hentry"],"yoast_head":"<!-- This site is optimized with the Yoast SEO Premium plugin v22.8 (Yoast SEO v22.8) - https:\/\/yoast.com\/wordpress\/plugins\/seo\/ -->\n<title>Cumbre de Mujeres en Automoci\u00f3n Europa 2025 | Capgemini<\/title>\n<meta name=\"description\" content=\"Capgemini impulsa el liderazgo femenino en la Cumbre de Mujeres del Sector Automovil\u00edstico en Europa 2025 en Ludwigsburg, Alemania.\" \/>\n<meta name=\"robots\" content=\"index, follow, max-snippet:-1, max-image-preview:large, max-video-preview:-1\" \/>\n<link rel=\"canonical\" href=\"https:\/\/www.capgemini.com\/mx-es\/news\/events\/cumbre-de-mujeres-del-sector-automovilistico-en-europa\/\" \/>\n<meta property=\"og:locale\" content=\"es_MX\" \/>\n<meta property=\"og:type\" content=\"article\" \/>\n<meta property=\"og:title\" content=\"Cumbre de Mujeres en el Autom\u00f3vil: Europa 2025\" \/>\n<meta property=\"og:description\" content=\"Capgemini impulsa el liderazgo femenino en la Cumbre de Mujeres del Sector Automovil\u00edstico en Europa 2025 en Ludwigsburg, Alemania.\" \/>\n<meta property=\"og:url\" content=\"https:\/\/www.capgemini.com\/mx-es\/news\/events\/cumbre-de-mujeres-del-sector-automovilistico-en-europa\/\" \/>\n<meta property=\"og:site_name\" content=\"Capgemini Mexico\" \/>\n<meta property=\"article:modified_time\" content=\"2025-10-08T02:39:07+00:00\" \/>\n<meta property=\"og:image\" content=\"https:\/\/www.capgemini.com\/mx-es\/wp-content\/uploads\/sites\/28\/2024\/11\/Women-Automotive-Summit.jpg\" \/>\n\t<meta property=\"og:image:width\" content=\"2121\" \/>\n\t<meta property=\"og:image:height\" content=\"1414\" \/>\n\t<meta property=\"og:image:type\" content=\"image\/jpeg\" \/>\n<meta name=\"twitter:card\" content=\"summary_large_image\" \/>\n<meta name=\"twitter:label1\" content=\"Est. reading time\" \/>\n\t<meta name=\"twitter:data1\" content=\"7 minutes\" \/>\n<script type=\"application\/ld+json\" class=\"yoast-schema-graph\">{\"@context\":\"https:\/\/schema.org\",\"@graph\":[{\"@type\":\"WebPage\",\"@id\":\"https:\/\/www.capgemini.com\/mx-es\/news\/events\/cumbre-de-mujeres-del-sector-automovilistico-en-europa\/\",\"url\":\"https:\/\/www.capgemini.com\/mx-es\/news\/events\/cumbre-de-mujeres-del-sector-automovilistico-en-europa\/\",\"name\":\"Cumbre de Mujeres en Automoci\u00f3n Europa 2025 | Capgemini\",\"isPartOf\":{\"@id\":\"https:\/\/www.capgemini.com\/mx-es\/#website\"},\"primaryImageOfPage\":{\"@id\":\"https:\/\/www.capgemini.com\/mx-es\/news\/events\/cumbre-de-mujeres-del-sector-automovilistico-en-europa\/#primaryimage\"},\"image\":{\"@id\":\"https:\/\/www.capgemini.com\/mx-es\/news\/events\/cumbre-de-mujeres-del-sector-automovilistico-en-europa\/#primaryimage\"},\"thumbnailUrl\":\"https:\/\/www.capgemini.com\/mx-es\/wp-content\/uploads\/sites\/28\/2024\/11\/Women-Automotive-Summit.jpg\",\"datePublished\":\"2025-10-08T02:39:04+00:00\",\"dateModified\":\"2025-10-08T02:39:07+00:00\",\"description\":\"Capgemini impulsa el liderazgo femenino en la Cumbre de Mujeres del Sector Automovil\u00edstico en Europa 2025 en Ludwigsburg, Alemania.\",\"breadcrumb\":{\"@id\":\"https:\/\/www.capgemini.com\/mx-es\/news\/events\/cumbre-de-mujeres-del-sector-automovilistico-en-europa\/#breadcrumb\"},\"inLanguage\":\"es-MX\",\"potentialAction\":[{\"@type\":\"ReadAction\",\"target\":[\"https:\/\/www.capgemini.com\/mx-es\/news\/events\/cumbre-de-mujeres-del-sector-automovilistico-en-europa\/\"]}]},{\"@type\":\"ImageObject\",\"inLanguage\":\"es-MX\",\"@id\":\"https:\/\/www.capgemini.com\/mx-es\/news\/events\/cumbre-de-mujeres-del-sector-automovilistico-en-europa\/#primaryimage\",\"url\":\"https:\/\/www.capgemini.com\/mx-es\/wp-content\/uploads\/sites\/28\/2024\/11\/Women-Automotive-Summit.jpg\",\"contentUrl\":\"https:\/\/www.capgemini.com\/mx-es\/wp-content\/uploads\/sites\/28\/2024\/11\/Women-Automotive-Summit.jpg\",\"width\":2121,\"height\":1414},{\"@type\":\"BreadcrumbList\",\"@id\":\"https:\/\/www.capgemini.com\/mx-es\/news\/events\/cumbre-de-mujeres-del-sector-automovilistico-en-europa\/#breadcrumb\",\"itemListElement\":[{\"@type\":\"ListItem\",\"position\":1,\"name\":\"Home\",\"item\":\"https:\/\/www.capgemini.com\/mx-es\/\"},{\"@type\":\"ListItem\",\"position\":2,\"name\":\"Events\",\"item\":\"https:\/\/www.capgemini.com\/mx-es\/event\/\"},{\"@type\":\"ListItem\",\"position\":3,\"name\":\"Cumbre de Mujeres en el Autom\u00f3vil: Europa 2025\"}]},{\"@type\":\"WebSite\",\"@id\":\"https:\/\/www.capgemini.com\/mx-es\/#website\",\"url\":\"https:\/\/www.capgemini.com\/mx-es\/\",\"name\":\"Capgemini Mexico\",\"description\":\"Capgemini\",\"publisher\":{\"@id\":\"https:\/\/www.capgemini.com\/mx-es\/#organization\"},\"potentialAction\":[{\"@type\":\"SearchAction\",\"target\":{\"@type\":\"EntryPoint\",\"urlTemplate\":\"https:\/\/www.capgemini.com\/mx-es\/?s={search_term_string}\"},\"query-input\":\"required name=search_term_string\"}],\"inLanguage\":\"es-MX\"},{\"@type\":\"Organization\",\"@id\":\"https:\/\/www.capgemini.com\/mx-es\/#organization\",\"name\":\"Capgemini Mexico\",\"url\":\"https:\/\/www.capgemini.com\/mx-es\/\",\"logo\":{\"@type\":\"ImageObject\",\"inLanguage\":\"es-MX\",\"@id\":\"https:\/\/www.capgemini.com\/mx-es\/#\/schema\/logo\/image\/\",\"url\":\"https:\/\/www.capgemini.com\/mx-es\/wp-content\/uploads\/sites\/28\/2025\/07\/linkedin_mwo0q6.png\",\"contentUrl\":\"https:\/\/www.capgemini.com\/mx-es\/wp-content\/uploads\/sites\/28\/2025\/07\/linkedin_mwo0q6.png\",\"width\":800,\"height\":800,\"caption\":\"Capgemini Mexico\"},\"image\":{\"@id\":\"https:\/\/www.capgemini.com\/mx-es\/#\/schema\/logo\/image\/\"}}]}<\/script>\n<!-- \/ Yoast SEO Premium plugin. -->","yoast_head_json":{"title":"Cumbre de Mujeres en Automoci\u00f3n Europa 2025 | Capgemini","description":"Capgemini impulsa el liderazgo femenino en la Cumbre de Mujeres del Sector Automovil\u00edstico en Europa 2025 en Ludwigsburg, Alemania.","robots":{"index":"index","follow":"follow","max-snippet":"max-snippet:-1","max-image-preview":"max-image-preview:large","max-video-preview":"max-video-preview:-1"},"canonical":"https:\/\/www.capgemini.com\/mx-es\/news\/events\/cumbre-de-mujeres-del-sector-automovilistico-en-europa\/","og_locale":"es_MX","og_type":"article","og_title":"Cumbre de Mujeres en el Autom\u00f3vil: Europa 2025","og_description":"Capgemini impulsa el liderazgo femenino en la Cumbre de Mujeres del Sector Automovil\u00edstico en Europa 2025 en Ludwigsburg, Alemania.","og_url":"https:\/\/www.capgemini.com\/mx-es\/news\/events\/cumbre-de-mujeres-del-sector-automovilistico-en-europa\/","og_site_name":"Capgemini Mexico","article_modified_time":"2025-10-08T02:39:07+00:00","og_image":[{"width":2121,"height":1414,"url":"https:\/\/www.capgemini.com\/mx-es\/wp-content\/uploads\/sites\/28\/2024\/11\/Women-Automotive-Summit.jpg","type":"image\/jpeg"}],"twitter_card":"summary_large_image","twitter_misc":{"Est. reading time":"7 minutes"},"schema":{"@context":"https:\/\/schema.org","@graph":[{"@type":"WebPage","@id":"https:\/\/www.capgemini.com\/mx-es\/news\/events\/cumbre-de-mujeres-del-sector-automovilistico-en-europa\/","url":"https:\/\/www.capgemini.com\/mx-es\/news\/events\/cumbre-de-mujeres-del-sector-automovilistico-en-europa\/","name":"Cumbre de Mujeres en Automoci\u00f3n Europa 2025 | Capgemini","isPartOf":{"@id":"https:\/\/www.capgemini.com\/mx-es\/#website"},"primaryImageOfPage":{"@id":"https:\/\/www.capgemini.com\/mx-es\/news\/events\/cumbre-de-mujeres-del-sector-automovilistico-en-europa\/#primaryimage"},"image":{"@id":"https:\/\/www.capgemini.com\/mx-es\/news\/events\/cumbre-de-mujeres-del-sector-automovilistico-en-europa\/#primaryimage"},"thumbnailUrl":"https:\/\/www.capgemini.com\/mx-es\/wp-content\/uploads\/sites\/28\/2024\/11\/Women-Automotive-Summit.jpg","datePublished":"2025-10-08T02:39:04+00:00","dateModified":"2025-10-08T02:39:07+00:00","description":"Capgemini impulsa el liderazgo femenino en la Cumbre de Mujeres del Sector Automovil\u00edstico en Europa 2025 en Ludwigsburg, Alemania.","breadcrumb":{"@id":"https:\/\/www.capgemini.com\/mx-es\/news\/events\/cumbre-de-mujeres-del-sector-automovilistico-en-europa\/#breadcrumb"},"inLanguage":"es-MX","potentialAction":[{"@type":"ReadAction","target":["https:\/\/www.capgemini.com\/mx-es\/news\/events\/cumbre-de-mujeres-del-sector-automovilistico-en-europa\/"]}]},{"@type":"ImageObject","inLanguage":"es-MX","@id":"https:\/\/www.capgemini.com\/mx-es\/news\/events\/cumbre-de-mujeres-del-sector-automovilistico-en-europa\/#primaryimage","url":"https:\/\/www.capgemini.com\/mx-es\/wp-content\/uploads\/sites\/28\/2024\/11\/Women-Automotive-Summit.jpg","contentUrl":"https:\/\/www.capgemini.com\/mx-es\/wp-content\/uploads\/sites\/28\/2024\/11\/Women-Automotive-Summit.jpg","width":2121,"height":1414},{"@type":"BreadcrumbList","@id":"https:\/\/www.capgemini.com\/mx-es\/news\/events\/cumbre-de-mujeres-del-sector-automovilistico-en-europa\/#breadcrumb","itemListElement":[{"@type":"ListItem","position":1,"name":"Home","item":"https:\/\/www.capgemini.com\/mx-es\/"},{"@type":"ListItem","position":2,"name":"Events","item":"https:\/\/www.capgemini.com\/mx-es\/event\/"},{"@type":"ListItem","position":3,"name":"Cumbre de Mujeres en el Autom\u00f3vil: Europa 2025"}]},{"@type":"WebSite","@id":"https:\/\/www.capgemini.com\/mx-es\/#website","url":"https:\/\/www.capgemini.com\/mx-es\/","name":"Capgemini Mexico","description":"Capgemini","publisher":{"@id":"https:\/\/www.capgemini.com\/mx-es\/#organization"},"potentialAction":[{"@type":"SearchAction","target":{"@type":"EntryPoint","urlTemplate":"https:\/\/www.capgemini.com\/mx-es\/?s={search_term_string}"},"query-input":"required name=search_term_string"}],"inLanguage":"es-MX"},{"@type":"Organization","@id":"https:\/\/www.capgemini.com\/mx-es\/#organization","name":"Capgemini Mexico","url":"https:\/\/www.capgemini.com\/mx-es\/","logo":{"@type":"ImageObject","inLanguage":"es-MX","@id":"https:\/\/www.capgemini.com\/mx-es\/#\/schema\/logo\/image\/","url":"https:\/\/www.capgemini.com\/mx-es\/wp-content\/uploads\/sites\/28\/2025\/07\/linkedin_mwo0q6.png","contentUrl":"https:\/\/www.capgemini.com\/mx-es\/wp-content\/uploads\/sites\/28\/2025\/07\/linkedin_mwo0q6.png","width":800,"height":800,"caption":"Capgemini Mexico"},"image":{"@id":"https:\/\/www.capgemini.com\/mx-es\/#\/schema\/logo\/image\/"}}]}},"event_post_tag":"","brand_term":[],"parsely":{"version":"1.1.0","canonical_url":"https:\/\/capgemini.com\/mx-es\/news\/events\/cumbre-de-mujeres-del-sector-automovilistico-en-europa\/","smart_links":{"inbound":0,"outbound":0},"traffic_boost_suggestions_count":0,"meta":{"@context":"https:\/\/schema.org","@type":"NewsArticle","headline":"Cumbre de Mujeres en el Autom\u00f3vil: Europa 2025","url":"https:\/\/www.capgemini.com\/mx-es\/news\/events\/cumbre-de-mujeres-del-sector-automovilistico-en-europa\/","mainEntityOfPage":{"@type":"WebPage","@id":"https:\/\/www.capgemini.com\/mx-es\/news\/events\/cumbre-de-mujeres-del-sector-automovilistico-en-europa\/"},"thumbnailUrl":"https:\/\/www.capgemini.com\/mx-es\/wp-content\/uploads\/sites\/28\/2024\/11\/Women-Automotive-Summit.jpg?w=150&h=150&crop=1","image":{"@type":"ImageObject","url":"https:\/\/www.capgemini.com\/mx-es\/wp-content\/uploads\/sites\/28\/2024\/11\/Women-Automotive-Summit.jpg"},"articleSection":"Uncategorized","author":[],"creator":[],"publisher":{"@type":"Organization","name":"Capgemini Mexico","logo":""},"keywords":[],"dateCreated":"2025-10-08T02:39:04Z","datePublished":"2025-10-08T02:39:04Z","dateModified":"2025-10-08T02:39:07Z"},"rendered":"<meta name=\"parsely-title\" content=\"Cumbre de Mujeres en el Autom\u00f3vil: Europa 2025\" \/>\n<meta name=\"parsely-link\" content=\"https:\/\/www.capgemini.com\/mx-es\/news\/events\/cumbre-de-mujeres-del-sector-automovilistico-en-europa\/\" \/>\n<meta name=\"parsely-type\" content=\"post\" \/>\n<meta name=\"parsely-image-url\" content=\"https:\/\/www.capgemini.com\/mx-es\/wp-content\/uploads\/sites\/28\/2024\/11\/Women-Automotive-Summit.jpg?w=150&amp;h=150&amp;crop=1\" \/>\n<meta name=\"parsely-pub-date\" content=\"2025-10-08T02:39:04Z\" \/>\n<meta name=\"parsely-section\" content=\"Uncategorized\" \/>","tracker_url":"https:\/\/cdn.parsely.com\/keys\/capgemini.com\/p.js"},"archive_status":false,"featured_image_src":"https:\/\/www.capgemini.com\/mx-es\/wp-content\/uploads\/sites\/28\/2024\/11\/Women-Automotive-Summit.jpg","featured_image_alt":"","jetpack_sharing_enabled":true,"distributor_meta":false,"distributor_terms":false,"distributor_media":false,"distributor_original_site_name":"Capgemini Mexico","distributor_original_site_url":"https:\/\/www.capgemini.com\/mx-es","push-errors":false,"_links":{"self":[{"href":"https:\/\/www.capgemini.com\/mx-es\/wp-json\/wp\/v2\/event\/534209","targetHints":{"allow":["GET"]}}],"collection":[{"href":"https:\/\/www.capgemini.com\/mx-es\/wp-json\/wp\/v2\/event"}],"about":[{"href":"https:\/\/www.capgemini.com\/mx-es\/wp-json\/wp\/v2\/types\/event"}],"author":[{"embeddable":true,"href":"https:\/\/www.capgemini.com\/mx-es\/wp-json\/wp\/v2\/users\/33"}],"version-history":[{"count":5,"href":"https:\/\/www.capgemini.com\/mx-es\/wp-json\/wp\/v2\/event\/534209\/revisions"}],"predecessor-version":[{"id":553286,"href":"https:\/\/www.capgemini.com\/mx-es\/wp-json\/wp\/v2\/event\/534209\/revisions\/553286"}],"wp:featuredmedia":[{"embeddable":true,"href":"https:\/\/www.capgemini.com\/mx-es\/wp-json\/wp\/v2\/media\/534210"}],"wp:attachment":[{"href":"https:\/\/www.capgemini.com\/mx-es\/wp-json\/wp\/v2\/media?parent=534209"}],"wp:term":[{"taxonomy":"post_tag","embeddable":true,"href":"https:\/\/www.capgemini.com\/mx-es\/wp-json\/wp\/v2\/tags?post=534209"},{"taxonomy":"brand","embeddable":true,"href":"https:\/\/www.capgemini.com\/mx-es\/wp-json\/wp\/v2\/brand?post=534209"},{"taxonomy":"event-location","embeddable":true,"href":"https:\/\/www.capgemini.com\/mx-es\/wp-json\/wp\/v2\/event-location?post=534209"}],"curies":[{"name":"wp","href":"https:\/\/api.w.org\/{rel}","templated":true}]}}