{"id":521524,"date":"2024-04-17T15:07:02","date_gmt":"2024-04-17T15:07:02","guid":{"rendered":"https:\/\/www.capgemini.com\/mx-es\/?post_type=employee-testimonial&#038;p=521524"},"modified":"2025-04-03T18:36:22","modified_gmt":"2025-04-03T18:36:22","slug":"alejandra-isabel-vargas-padilla","status":"publish","type":"employee-testimonial","link":"https:\/\/www.capgemini.com\/mx-es\/careers\/vida-en-capgemini\/conoce-a-nuestra-gente\/alejandra-isabel-vargas-padilla\/","title":{"rendered":"Alejandra"},"content":{"rendered":"<\/header>\n\n\n<section class=\"wp-block-cg-blocks-group undefined section section--article-content\"><div class=\"article-main-content\"><div class=\"container\"><div class=\"row\"><div class=\"col-12 col-md-1\"><nav class=\"article-social\"><ul class=\"social-nav\"><li class=\"ip-order-fb\"><a href=\"https:\/\/www.facebook.com\/sharer\/sharer.php?u=https:\/\/www.capgemini.com\/mx-es\/?post_type=employee-testimonial&amp;p=521501\" target=\"_blank\" rel=\"noopener noreferrer\" title=\"abrir en una nueva ventana\"><i aria-hidden=\"true\" class=\"icon-fb\"><\/i><span class=\"sr-only\">Facebook<\/span><\/a><\/li><li class=\"ip-order-li\"><a href=\"https:\/\/www.linkedin.com\/sharing\/share-offsite\/?url=https:\/\/www.capgemini.com\/mx-es\/?post_type=employee-testimonial&amp;p=521501\" target=\"_blank\" rel=\"noopener noreferrer\" title=\"abrir en una nueva ventana\"><i aria-hidden=\"true\" class=\"icon-li\"><\/i><span class=\"sr-only\">Linkedin<\/span><\/a><\/li><\/ul><\/nav><\/div><div class=\"col-12 col-md-11 col-lg-10\"><div class=\"article-text article-quote-text\">\n<h4 class=\"wp-block-heading\" id=\"h-cuentanos-sobre-tu-trayectoria-profesional-en-capgemini\">Cu\u00e9ntanos sobre tu trayectoria profesional en Capgemini.<\/h4>\n\n\n\n<p>Ingres\u00e9 iniciando este a\u00f1o 2024, Sin embargo, ha sido una gran oportunidad. Conoc\u00ed a Capgemini hace 3 a\u00f1os en una implementaci\u00f3n importante de Varicent para un cliente valioso. Mi trayectoria me abri\u00f3 las puertas a que el equipo de reclutamiento me buscara, y ahora que pertenezco a la empresa, me doy cuenta de lo grande que es y las posibilidades de crecimiento que se presentan.<\/p>\n\n\n\n<h4 class=\"wp-block-heading\" id=\"h-cual-es-tu-rol-actual-y-tu-principal-aporte-al-area\">\u00bfCu\u00e1l es tu rol actual y tu principal aporte al \u00e1rea?<\/h4>\n\n\n\n<p>Soy Consultora Senior en la herramienta ICM Varicent. Actualmente me encargo del soporte de las implementaciones que se realizaron desde el 2020 en KOF a nivel LATAM. Mi aporte ser\u00e1 hacer crecer al equipo, capacitar a mis colegas y con ello tener la capacidad de obtener mejores resultados y nuevas oportunidades de desarrollo.<\/p>\n\n\n\n<h4 class=\"wp-block-heading\" id=\"h-en-que-programas-sociales-has-participado-en-capgemini-y-por-que-es-importante-apoyar-estas-causas\">\u00bfEn qu\u00e9 programas sociales has participado en Capgemini y por qu\u00e9 es importante apoyar estas causas?<\/h4>\n\n\n\n<p>He asistido a diferentes pl\u00e1ticas que el programa Women@Capgemini imparti\u00f3 en el mes de la mujer, enfocadas en el empoderamiento de nosotras las mujeres en el \u00e1mbito personal y profesional. Como mujer y parte de la comunidad LGBTIQ+, me encanta la idea de inclusi\u00f3n y saber que tengo la oportunidad de contribuir en los programas sociales que Capgemini tiene para nuestra comunidad.<\/p>\n\n\n\n<h4 class=\"wp-block-heading\" id=\"h-puedes-compartir-uno-de-tus-recuerdos-favoritos-en-capgemini\">\u00bfPuedes compartir uno de tus recuerdos favoritos en Capgemini?<\/h4>\n\n\n\n<p>Definitivamente la bienvenida ha sido de las mejores. Esto porque el equipo se conforma por personas que ya conocen mi trabajo, me recibieron con gusto y con una vibra de que mi contribuci\u00f3n ayudar\u00e1 al crecimiento y a la mejora de servicios que podemos ofrecer a nuestros clientes.<\/p>\n\n\n\n<h4 class=\"wp-block-heading\" id=\"h-cual-ha-sido-tu-mayor-logro-en-capgemini\">\u00bfCu\u00e1l ha sido tu mayor logro en Capgemini?<\/h4>\n\n\n\n<p>Saber que soy de las pioneras en esta herramienta (ICM Varicent) dentro de Capgemini, ofreciendo servicios completos y oportunos tanto a colaboradores como clientes.<\/p>\n\n\n\n<h4 class=\"wp-block-heading\" id=\"h-como-te-ha-ayudado-capgemini-a-obtener-el-futuro-que-deseas\">\u00bfC\u00f3mo te ha ayudado Capgemini a obtener el futuro que deseas?<\/h4>\n\n\n\n<p>Capgemini me da el balance que quer\u00eda y buscaba desde tiempo atr\u00e1s. Ahora tengo la oportunidad de tener tiempo de calidad a lo que refiere al trabajo (proyectos, capacitaciones y dem\u00e1s), as\u00ed como a mi familia. Definitivamente vale la pena.<\/p>\n\n\n\n<h4 class=\"wp-block-heading\" id=\"h-en-que-aspectos-has-sentido-crecimiento-profesional\">\u00bfEn qu\u00e9 aspectos has sentido crecimiento profesional?<\/h4>\n\n\n\n<p>En la capacitaci\u00f3n continua, en la segurudad de poder externar cualquier duda y sentir que no importa qui\u00e9n, siempre hay alguien disouesto a contribuir. Me hace sentir segura y feliz en el d\u00eda a d\u00eda.<\/p>\n\n\n\n<h4 class=\"wp-block-heading\" id=\"h-por-que-recomendarias-trabajar-en-capgemini\">\u00bfPor qu\u00e9 recomendar\u00edas trabajar en Capgemini?<\/h4>\n\n\n\n<p>Porque que apoyan y valoran integralmente a las personas, tanto en lo profesional como en lo personal. Definitivamente pertenecier a Capgemini te motiva a vivir camino de crecimiento continuo.<\/p>\n\n\n\n<section class=\"wp-block-cg-blocks-learn-more learnMoreBlock updated-new-sample-amal\"><div class=\"container\"><div class=\"content-title\"><h3>Carreras profesionales<\/h3><\/div><div class=\"row\"><div class=\"col-md-4\"><div class=\"box\"><div class=\"box-wrapper\"><a class=\"box-title\" href=\"\/mx-es\/careers\/carreras-profesionales\/estudiantes-y-graduados\/\" target=\"\" rel=\"noopener noreferrer\"><div class=\"box-img-wrapper\"><img decoding=\"async\" src=\"https:\/\/www.capgemini.com\/wp-content\/uploads\/2021\/07\/Capgemini_Students-graduates.jpg?w=500&amp;quality=70\" srcset=\"https:\/\/www.capgemini.com\/wp-content\/uploads\/2021\/07\/Capgemini_Students-graduates.jpg?w=500&amp;quality=70 1x, https:\/\/www.capgemini.com\/wp-content\/uploads\/2021\/07\/Capgemini_Students-graduates.jpg?w=1000&amp;quality=70 2x\" class=\"box-img\" alt=\"\" style=\"object-fit:cover;object-position:50% 50%\" loading=\"lazy\"\/><\/div><h4 class=\"titleWithoutLink_learnMore\">Estudiantes y graduados<\/h4><\/a><\/div><\/div><div class=\"box-inner\"><p class=\"box-desc\">Da los primeros pasos en tu carrera con nosotros. Capgemini te ofrece la oportunidad de seguir una pasi\u00f3n existente o cultivar otras nuevas. Desarrolla tu carrera en la direcci\u00f3n que quieras tomar.<\/p><\/div><\/div><div class=\"col-md-4\"><div class=\"box\"><div class=\"box-wrapper\"><a class=\"box-title\" href=\"\/mx-es\/careers\/carreras-profesionales\/profesionales-experimentados\/\" target=\"\" rel=\"noopener noreferrer\"><div class=\"box-img-wrapper\"><img decoding=\"async\" src=\"https:\/\/www.capgemini.com\/wp-content\/uploads\/2021\/07\/Capgemini_experienced-professionals-1.jpg?w=500&amp;quality=70\" srcset=\"https:\/\/www.capgemini.com\/wp-content\/uploads\/2021\/07\/Capgemini_experienced-professionals-1.jpg?w=500&amp;quality=70 1x, https:\/\/www.capgemini.com\/wp-content\/uploads\/2021\/07\/Capgemini_experienced-professionals-1.jpg?w=1000&amp;quality=70 2x\" class=\"box-img\" alt=\"\" style=\"object-fit:cover;object-position:50% 50%\" loading=\"lazy\"\/><\/div><h4 class=\"titleWithoutLink_learnMore\">Profesionales con experiencia<\/h4><\/a><\/div><\/div><div class=\"box-inner\"><p class=\"box-desc\">Lleva tu maestr\u00eda y experiencia a un negocio global que valora y celebra a sus expertos, y te ofreceremos la oportunidad de dar el siguiente paso significativo en tu carrera profesional.<\/p><\/div><\/div><div class=\"col-md-4\"><div class=\"box\"><div class=\"box-wrapper\"><a class=\"box-title\" href=\"\/mx-es\/careers\/carreras-profesionales\/ejecutivos\/\" target=\"\" rel=\"noopener noreferrer\"><div class=\"box-img-wrapper\"><img decoding=\"async\" src=\"https:\/\/www.capgemini.com\/wp-content\/uploads\/2021\/08\/Capgemini_Executives.jpg?w=500&amp;quality=70\" srcset=\"https:\/\/www.capgemini.com\/wp-content\/uploads\/2021\/08\/Capgemini_Executives.jpg?w=500&amp;quality=70 1x, https:\/\/www.capgemini.com\/wp-content\/uploads\/2021\/08\/Capgemini_Executives.jpg?w=1000&amp;quality=70 2x\" class=\"box-img\" alt=\"\" style=\"object-fit:cover;object-position:50% 50%\" loading=\"lazy\"\/><\/div><h4 class=\"titleWithoutLink_learnMore\">Ejecutivos<\/h4><\/a><\/div><\/div><div class=\"box-inner\"><p class=\"box-desc\">Desarrollar a nuestros l\u00edderes es una de las prioridades clave de Capgemini. Hemos dise\u00f1ado iniciativas de aprendizaje de vanguardia espec\u00edficamente para ayudarte como ejecutivo a mejorar tus habilidades comerciales y personales.<\/p><\/div><\/div><\/div><\/div><\/section>\n<\/div><\/div><\/div><\/div><\/div><\/section>\n","protected":false},"excerpt":{"rendered":"<p>Consultor ICM Varicent Sr. &#8211; ADM<\/p>\n","protected":false},"author":367,"featured_media":521525,"template":"","meta":{"cg_dt_proposed_to":[9,25],"cg_seo_hreflang_relations":"[]","cg_seo_canonical_relation":"","cg_seo_hreflang_x_default_relation":"{\"uuid\":\"88b05457-279b-465c-a2ad-8b9f046d2c88\",\"blogId\":\"\",\"domain\":\"\",\"sitePath\":\"\",\"postLink\":\"\",\"postId\":null,\"isSaved\":true,\"isCrossLink\":false,\"hasCrossLink\":false}","cg_dt_approved_content":true,"cg_dt_mandatory_content":false,"cg_dt_notes":"","cg_dg_source_changed":false,"cg_dt_link_disabled":true,"footnotes":"","cg_testimonial_custom_title":"","people_tel":"","people_email":"","featured_focal_points":""},"tags":[],"brand":[82],"country":[],"grade":[],"job_family":[],"class_list":["post-521524","employee-testimonial","type-employee-testimonial","status-publish","has-post-thumbnail","hentry","brand-capgemini"],"yoast_head":"<!-- This site is optimized with the Yoast SEO Premium plugin v22.8 (Yoast SEO v22.8) - https:\/\/yoast.com\/wordpress\/plugins\/seo\/ -->\n<title>Alejandra - Capgemini Mexico<\/title>\n<meta name=\"robots\" content=\"index, follow, max-snippet:-1, max-image-preview:large, max-video-preview:-1\" \/>\n<link rel=\"canonical\" href=\"https:\/\/www.capgemini.com\/mx-es\/careers\/vida-en-capgemini\/conoce-a-nuestra-gente\/alejandra-isabel-vargas-padilla\/\" \/>\n<meta property=\"og:locale\" content=\"es_MX\" \/>\n<meta property=\"og:type\" content=\"article\" \/>\n<meta property=\"og:title\" content=\"Alejandra\" \/>\n<meta property=\"og:description\" content=\"Consultor ICM Varicent Sr. - ADM\" \/>\n<meta property=\"og:url\" content=\"https:\/\/www.capgemini.com\/mx-es\/careers\/vida-en-capgemini\/conoce-a-nuestra-gente\/alejandra-isabel-vargas-padilla\/\" \/>\n<meta property=\"og:site_name\" content=\"Capgemini Mexico\" \/>\n<meta property=\"article:modified_time\" content=\"2025-04-03T18:36:22+00:00\" \/>\n<meta property=\"og:image\" content=\"https:\/\/www.capgemini.com\/mx-es\/wp-content\/uploads\/sites\/28\/2025\/10\/New-Web-preview-global.jpg\" \/>\n\t<meta property=\"og:image:width\" content=\"1200\" \/>\n\t<meta property=\"og:image:height\" content=\"627\" \/>\n\t<meta property=\"og:image:type\" content=\"image\/jpeg\" \/>\n<meta name=\"twitter:card\" content=\"summary_large_image\" \/>\n<meta name=\"twitter:label1\" content=\"Est. reading time\" \/>\n\t<meta name=\"twitter:data1\" content=\"4 minutes\" \/>\n<script type=\"application\/ld+json\" class=\"yoast-schema-graph\">{\"@context\":\"https:\/\/schema.org\",\"@graph\":[{\"@type\":\"WebPage\",\"@id\":\"https:\/\/www.capgemini.com\/mx-es\/careers\/vida-en-capgemini\/conoce-a-nuestra-gente\/alejandra-isabel-vargas-padilla\/\",\"url\":\"https:\/\/www.capgemini.com\/mx-es\/careers\/vida-en-capgemini\/conoce-a-nuestra-gente\/alejandra-isabel-vargas-padilla\/\",\"name\":\"Alejandra - Capgemini Mexico\",\"isPartOf\":{\"@id\":\"https:\/\/www.capgemini.com\/mx-es\/#website\"},\"primaryImageOfPage\":{\"@id\":\"https:\/\/www.capgemini.com\/mx-es\/careers\/vida-en-capgemini\/conoce-a-nuestra-gente\/alejandra-isabel-vargas-padilla\/#primaryimage\"},\"image\":{\"@id\":\"https:\/\/www.capgemini.com\/mx-es\/careers\/vida-en-capgemini\/conoce-a-nuestra-gente\/alejandra-isabel-vargas-padilla\/#primaryimage\"},\"thumbnailUrl\":\"https:\/\/www.capgemini.com\/mx-es\/wp-content\/uploads\/sites\/28\/2024\/04\/alejandra_isabel.png\",\"datePublished\":\"2024-04-17T15:07:02+00:00\",\"dateModified\":\"2025-04-03T18:36:22+00:00\",\"breadcrumb\":{\"@id\":\"https:\/\/www.capgemini.com\/mx-es\/careers\/vida-en-capgemini\/conoce-a-nuestra-gente\/alejandra-isabel-vargas-padilla\/#breadcrumb\"},\"inLanguage\":\"es-MX\",\"potentialAction\":[{\"@type\":\"ReadAction\",\"target\":[\"https:\/\/www.capgemini.com\/mx-es\/careers\/vida-en-capgemini\/conoce-a-nuestra-gente\/alejandra-isabel-vargas-padilla\/\"]}]},{\"@type\":\"ImageObject\",\"inLanguage\":\"es-MX\",\"@id\":\"https:\/\/www.capgemini.com\/mx-es\/careers\/vida-en-capgemini\/conoce-a-nuestra-gente\/alejandra-isabel-vargas-padilla\/#primaryimage\",\"url\":\"https:\/\/www.capgemini.com\/mx-es\/wp-content\/uploads\/sites\/28\/2024\/04\/alejandra_isabel.png\",\"contentUrl\":\"https:\/\/www.capgemini.com\/mx-es\/wp-content\/uploads\/sites\/28\/2024\/04\/alejandra_isabel.png\",\"width\":1140,\"height\":1500},{\"@type\":\"BreadcrumbList\",\"@id\":\"https:\/\/www.capgemini.com\/mx-es\/careers\/vida-en-capgemini\/conoce-a-nuestra-gente\/alejandra-isabel-vargas-padilla\/#breadcrumb\",\"itemListElement\":[{\"@type\":\"ListItem\",\"position\":1,\"name\":\"Home\",\"item\":\"https:\/\/www.capgemini.com\/mx-es\/\"},{\"@type\":\"ListItem\",\"position\":2,\"name\":\"Employee Testimonials\",\"item\":\"https:\/\/www.capgemini.com\/mx-es\/employee-testimonial\/\"},{\"@type\":\"ListItem\",\"position\":3,\"name\":\"Alejandra\"}]},{\"@type\":\"WebSite\",\"@id\":\"https:\/\/www.capgemini.com\/mx-es\/#website\",\"url\":\"https:\/\/www.capgemini.com\/mx-es\/\",\"name\":\"Capgemini Mexico\",\"description\":\"Capgemini\",\"publisher\":{\"@id\":\"https:\/\/www.capgemini.com\/mx-es\/#organization\"},\"potentialAction\":[{\"@type\":\"SearchAction\",\"target\":{\"@type\":\"EntryPoint\",\"urlTemplate\":\"https:\/\/www.capgemini.com\/mx-es\/?s={search_term_string}\"},\"query-input\":\"required name=search_term_string\"}],\"inLanguage\":\"es-MX\"},{\"@type\":\"Organization\",\"@id\":\"https:\/\/www.capgemini.com\/mx-es\/#organization\",\"name\":\"Capgemini Mexico\",\"url\":\"https:\/\/www.capgemini.com\/mx-es\/\",\"logo\":{\"@type\":\"ImageObject\",\"inLanguage\":\"es-MX\",\"@id\":\"https:\/\/www.capgemini.com\/mx-es\/#\/schema\/logo\/image\/\",\"url\":\"https:\/\/www.capgemini.com\/mx-es\/wp-content\/uploads\/sites\/28\/2025\/07\/linkedin_mwo0q6.png\",\"contentUrl\":\"https:\/\/www.capgemini.com\/mx-es\/wp-content\/uploads\/sites\/28\/2025\/07\/linkedin_mwo0q6.png\",\"width\":800,\"height\":800,\"caption\":\"Capgemini Mexico\"},\"image\":{\"@id\":\"https:\/\/www.capgemini.com\/mx-es\/#\/schema\/logo\/image\/\"}}]}<\/script>\n<!-- \/ Yoast SEO Premium plugin. -->","yoast_head_json":{"title":"Alejandra - Capgemini Mexico","robots":{"index":"index","follow":"follow","max-snippet":"max-snippet:-1","max-image-preview":"max-image-preview:large","max-video-preview":"max-video-preview:-1"},"canonical":"https:\/\/www.capgemini.com\/mx-es\/careers\/vida-en-capgemini\/conoce-a-nuestra-gente\/alejandra-isabel-vargas-padilla\/","og_locale":"es_MX","og_type":"article","og_title":"Alejandra","og_description":"Consultor ICM Varicent Sr. - ADM","og_url":"https:\/\/www.capgemini.com\/mx-es\/careers\/vida-en-capgemini\/conoce-a-nuestra-gente\/alejandra-isabel-vargas-padilla\/","og_site_name":"Capgemini Mexico","article_modified_time":"2025-04-03T18:36:22+00:00","og_image":[{"width":1200,"height":627,"url":"https:\/\/www.capgemini.com\/mx-es\/wp-content\/uploads\/sites\/28\/2025\/10\/New-Web-preview-global.jpg","type":"image\/jpeg"}],"twitter_card":"summary_large_image","twitter_misc":{"Est. reading time":"4 minutes"},"schema":{"@context":"https:\/\/schema.org","@graph":[{"@type":"WebPage","@id":"https:\/\/www.capgemini.com\/mx-es\/careers\/vida-en-capgemini\/conoce-a-nuestra-gente\/alejandra-isabel-vargas-padilla\/","url":"https:\/\/www.capgemini.com\/mx-es\/careers\/vida-en-capgemini\/conoce-a-nuestra-gente\/alejandra-isabel-vargas-padilla\/","name":"Alejandra - Capgemini Mexico","isPartOf":{"@id":"https:\/\/www.capgemini.com\/mx-es\/#website"},"primaryImageOfPage":{"@id":"https:\/\/www.capgemini.com\/mx-es\/careers\/vida-en-capgemini\/conoce-a-nuestra-gente\/alejandra-isabel-vargas-padilla\/#primaryimage"},"image":{"@id":"https:\/\/www.capgemini.com\/mx-es\/careers\/vida-en-capgemini\/conoce-a-nuestra-gente\/alejandra-isabel-vargas-padilla\/#primaryimage"},"thumbnailUrl":"https:\/\/www.capgemini.com\/mx-es\/wp-content\/uploads\/sites\/28\/2024\/04\/alejandra_isabel.png","datePublished":"2024-04-17T15:07:02+00:00","dateModified":"2025-04-03T18:36:22+00:00","breadcrumb":{"@id":"https:\/\/www.capgemini.com\/mx-es\/careers\/vida-en-capgemini\/conoce-a-nuestra-gente\/alejandra-isabel-vargas-padilla\/#breadcrumb"},"inLanguage":"es-MX","potentialAction":[{"@type":"ReadAction","target":["https:\/\/www.capgemini.com\/mx-es\/careers\/vida-en-capgemini\/conoce-a-nuestra-gente\/alejandra-isabel-vargas-padilla\/"]}]},{"@type":"ImageObject","inLanguage":"es-MX","@id":"https:\/\/www.capgemini.com\/mx-es\/careers\/vida-en-capgemini\/conoce-a-nuestra-gente\/alejandra-isabel-vargas-padilla\/#primaryimage","url":"https:\/\/www.capgemini.com\/mx-es\/wp-content\/uploads\/sites\/28\/2024\/04\/alejandra_isabel.png","contentUrl":"https:\/\/www.capgemini.com\/mx-es\/wp-content\/uploads\/sites\/28\/2024\/04\/alejandra_isabel.png","width":1140,"height":1500},{"@type":"BreadcrumbList","@id":"https:\/\/www.capgemini.com\/mx-es\/careers\/vida-en-capgemini\/conoce-a-nuestra-gente\/alejandra-isabel-vargas-padilla\/#breadcrumb","itemListElement":[{"@type":"ListItem","position":1,"name":"Home","item":"https:\/\/www.capgemini.com\/mx-es\/"},{"@type":"ListItem","position":2,"name":"Employee Testimonials","item":"https:\/\/www.capgemini.com\/mx-es\/employee-testimonial\/"},{"@type":"ListItem","position":3,"name":"Alejandra"}]},{"@type":"WebSite","@id":"https:\/\/www.capgemini.com\/mx-es\/#website","url":"https:\/\/www.capgemini.com\/mx-es\/","name":"Capgemini Mexico","description":"Capgemini","publisher":{"@id":"https:\/\/www.capgemini.com\/mx-es\/#organization"},"potentialAction":[{"@type":"SearchAction","target":{"@type":"EntryPoint","urlTemplate":"https:\/\/www.capgemini.com\/mx-es\/?s={search_term_string}"},"query-input":"required name=search_term_string"}],"inLanguage":"es-MX"},{"@type":"Organization","@id":"https:\/\/www.capgemini.com\/mx-es\/#organization","name":"Capgemini Mexico","url":"https:\/\/www.capgemini.com\/mx-es\/","logo":{"@type":"ImageObject","inLanguage":"es-MX","@id":"https:\/\/www.capgemini.com\/mx-es\/#\/schema\/logo\/image\/","url":"https:\/\/www.capgemini.com\/mx-es\/wp-content\/uploads\/sites\/28\/2025\/07\/linkedin_mwo0q6.png","contentUrl":"https:\/\/www.capgemini.com\/mx-es\/wp-content\/uploads\/sites\/28\/2025\/07\/linkedin_mwo0q6.png","width":800,"height":800,"caption":"Capgemini Mexico"},"image":{"@id":"https:\/\/www.capgemini.com\/mx-es\/#\/schema\/logo\/image\/"}}]}},"parsely":{"version":"1.1.0","canonical_url":"https:\/\/capgemini.com\/mx-es\/careers\/vida-en-capgemini\/conoce-a-nuestra-gente\/alejandra-isabel-vargas-padilla\/","smart_links":{"inbound":0,"outbound":0},"traffic_boost_suggestions_count":0,"meta":{"@context":"https:\/\/schema.org","@type":"NewsArticle","headline":"Alejandra","url":"https:\/\/www.capgemini.com\/mx-es\/careers\/vida-en-capgemini\/conoce-a-nuestra-gente\/alejandra-isabel-vargas-padilla\/","mainEntityOfPage":{"@type":"WebPage","@id":"https:\/\/www.capgemini.com\/mx-es\/careers\/vida-en-capgemini\/conoce-a-nuestra-gente\/alejandra-isabel-vargas-padilla\/"},"thumbnailUrl":"https:\/\/www.capgemini.com\/mx-es\/wp-content\/uploads\/sites\/28\/2024\/04\/alejandra_isabel.png?w=150&h=150&crop=1","image":{"@type":"ImageObject","url":"https:\/\/www.capgemini.com\/mx-es\/wp-content\/uploads\/sites\/28\/2024\/04\/alejandra_isabel.png"},"articleSection":"Uncategorized","author":[],"creator":[],"publisher":{"@type":"Organization","name":"Capgemini Mexico","logo":""},"keywords":[],"dateCreated":"2024-04-17T15:07:02Z","datePublished":"2024-04-17T15:07:02Z","dateModified":"2025-04-03T18:36:22Z"},"rendered":"<meta name=\"parsely-title\" content=\"Alejandra\" \/>\n<meta name=\"parsely-link\" content=\"https:\/\/www.capgemini.com\/mx-es\/careers\/vida-en-capgemini\/conoce-a-nuestra-gente\/alejandra-isabel-vargas-padilla\/\" \/>\n<meta name=\"parsely-type\" content=\"post\" \/>\n<meta name=\"parsely-image-url\" content=\"https:\/\/www.capgemini.com\/mx-es\/wp-content\/uploads\/sites\/28\/2024\/04\/alejandra_isabel.png?w=150&amp;h=150&amp;crop=1\" \/>\n<meta name=\"parsely-pub-date\" content=\"2024-04-17T15:07:02Z\" \/>\n<meta name=\"parsely-section\" content=\"Uncategorized\" \/>","tracker_url":"https:\/\/cdn.parsely.com\/keys\/capgemini.com\/p.js"},"archive_status":false,"featured_image_src":"https:\/\/www.capgemini.com\/mx-es\/wp-content\/uploads\/sites\/28\/2024\/04\/alejandra_isabel.png","featured_image_alt":"","employee_position":"Consultor ICM Varicent Sr. - ADM - Ciudad de M\u00e9xico","jetpack_sharing_enabled":true,"distributor_meta":false,"distributor_terms":false,"distributor_media":false,"distributor_original_site_name":"Capgemini Mexico","distributor_original_site_url":"https:\/\/www.capgemini.com\/mx-es","push-errors":false,"_links":{"self":[{"href":"https:\/\/www.capgemini.com\/mx-es\/wp-json\/wp\/v2\/employee-testimonial\/521524","targetHints":{"allow":["GET"]}}],"collection":[{"href":"https:\/\/www.capgemini.com\/mx-es\/wp-json\/wp\/v2\/employee-testimonial"}],"about":[{"href":"https:\/\/www.capgemini.com\/mx-es\/wp-json\/wp\/v2\/types\/employee-testimonial"}],"author":[{"embeddable":true,"href":"https:\/\/www.capgemini.com\/mx-es\/wp-json\/wp\/v2\/users\/367"}],"version-history":[{"count":6,"href":"https:\/\/www.capgemini.com\/mx-es\/wp-json\/wp\/v2\/employee-testimonial\/521524\/revisions"}],"predecessor-version":[{"id":539756,"href":"https:\/\/www.capgemini.com\/mx-es\/wp-json\/wp\/v2\/employee-testimonial\/521524\/revisions\/539756"}],"wp:featuredmedia":[{"embeddable":true,"href":"https:\/\/www.capgemini.com\/mx-es\/wp-json\/wp\/v2\/media\/521525"}],"wp:attachment":[{"href":"https:\/\/www.capgemini.com\/mx-es\/wp-json\/wp\/v2\/media?parent=521524"}],"wp:term":[{"taxonomy":"post_tag","embeddable":true,"href":"https:\/\/www.capgemini.com\/mx-es\/wp-json\/wp\/v2\/tags?post=521524"},{"taxonomy":"brand","embeddable":true,"href":"https:\/\/www.capgemini.com\/mx-es\/wp-json\/wp\/v2\/brand?post=521524"},{"taxonomy":"country","embeddable":true,"href":"https:\/\/www.capgemini.com\/mx-es\/wp-json\/wp\/v2\/country?post=521524"},{"taxonomy":"grade","embeddable":true,"href":"https:\/\/www.capgemini.com\/mx-es\/wp-json\/wp\/v2\/grade?post=521524"},{"taxonomy":"job_family","embeddable":true,"href":"https:\/\/www.capgemini.com\/mx-es\/wp-json\/wp\/v2\/job_family?post=521524"}],"curies":[{"name":"wp","href":"https:\/\/api.w.org\/{rel}","templated":true}]}}