{"id":521521,"date":"2024-04-17T14:47:09","date_gmt":"2024-04-17T14:47:09","guid":{"rendered":"https:\/\/www.capgemini.com\/mx-es\/?post_type=employee-testimonial&#038;p=521521"},"modified":"2025-04-03T18:36:44","modified_gmt":"2025-04-03T18:36:44","slug":"susana-alvarez-garcia","status":"publish","type":"employee-testimonial","link":"https:\/\/www.capgemini.com\/mx-es\/careers\/vida-en-capgemini\/conoce-a-nuestra-gente\/susana-alvarez-garcia\/","title":{"rendered":"Susana"},"content":{"rendered":"<\/header>\n\n\n<section class=\"wp-block-cg-blocks-group undefined section section--article-content\"><div class=\"article-main-content\"><div class=\"container\"><div class=\"row\"><div class=\"col-12 col-md-1\"><nav class=\"article-social\"><ul class=\"social-nav\"><li class=\"ip-order-fb\"><a href=\"https:\/\/www.facebook.com\/sharer\/sharer.php?u=https:\/\/www.capgemini.com\/mx-es\/?post_type=employee-testimonial&amp;p=521501\" target=\"_blank\" rel=\"noopener noreferrer\" title=\"abrir en una nueva ventana\"><i aria-hidden=\"true\" class=\"icon-fb\"><\/i><span class=\"sr-only\">Facebook<\/span><\/a><\/li><li class=\"ip-order-li\"><a href=\"https:\/\/www.linkedin.com\/sharing\/share-offsite\/?url=https:\/\/www.capgemini.com\/mx-es\/?post_type=employee-testimonial&amp;p=521501\" target=\"_blank\" rel=\"noopener noreferrer\" title=\"abrir en una nueva ventana\"><i aria-hidden=\"true\" class=\"icon-li\"><\/i><span class=\"sr-only\">Linkedin<\/span><\/a><\/li><\/ul><\/nav><\/div><div class=\"col-12 col-md-11 col-lg-10\"><div class=\"article-text article-quote-text\">\n<h4 class=\"wp-block-heading\" id=\"h-cuentanos-sobre-tu-trayectoria-profesional-en-capgemini\">Cu\u00e9ntanos sobre tu trayectoria profesional en Capgemini.<\/h4>\n\n\n\n<p>En febrero cumpl\u00ed un a\u00f1o en Capgemini como Gerente de Alianzas para North LATAM.<\/p>\n\n\n\n<h4 class=\"wp-block-heading\" id=\"h-cual-es-tu-rol-actual-y-tu-principal-aporte-al-area\">\u00bfCu\u00e1l es tu rol actual y tu principal aporte al \u00e1rea?<\/h4>\n\n\n\n<p>Mi rol es Gerente de Alianzas para North LATAM. Pertenezco a Alianzas globales, principalmente me dedico al crecimiento en generaci\u00f3n de demanda de oportunidades con la alianza de AWS y Salesforce, aplicaci\u00f3n de fondos de incentivos de AWS en las oportunidades que trabajamos en conjunto con Capgemini y en el gobernance de la alianza generando cadencias con las \u00e1reas comerciales de ambas partes.<\/p>\n\n\n\n<h4 class=\"wp-block-heading\" id=\"h-en-que-programas-sociales-has-participado-en-capgemini-y-por-que-es-importante-apoyar-estas-causas\">\u00bfEn qu\u00e9 programas sociales has participado en Capgemini y por qu\u00e9 es importante apoyar estas causas? <\/h4>\n\n\n\n<p>Impact Together &#8211; OUTfront &#8211; Women@Capgemini. Para mi es muy importante, pues es una manera din\u00e1mica de generar equidad y diversidad en todos los niveles de la empresa.<\/p>\n\n\n\n<h4 class=\"wp-block-heading\" id=\"h-puedes-compartir-uno-de-tus-recuerdos-favoritos-en-capgemini\">\u00bfPuedes compartir uno de tus recuerdos favoritos en Capgemini?<\/h4>\n\n\n\n<p>Definitivamente el de participar en el Programa de Mentor\u00eda para Mujeres en Capgemini. Es un honor poder ayudar a mis colegas en su desarrollo profesional.<\/p>\n\n\n\n<h4 class=\"wp-block-heading\" id=\"h-cual-ha-sido-tu-mayor-logro-en-capgemini\">\u00bfCu\u00e1l ha sido tu mayor logro en Capgemini?<\/h4>\n\n\n\n<p>Crecer el pipeline de las oportunidades que se est\u00e1n trabajando con AWS y en aplicaci\u00f3n de fondos de incentivos para las oportunidades.<\/p>\n\n\n\n<h4 class=\"wp-block-heading\" id=\"h-como-te-ha-ayudado-capgemini-a-obtener-el-futuro-que-deseas\">\u00bfC\u00f3mo te ha ayudado Capgemini a obtener el futuro que deseas?<\/h4>\n\n\n\n<p>Capgemini es la mejor empresa en la que he trabajado en mi carrera profesional, me ha permitido crecer en conocimiento y en desempe\u00f1ar correctamente mi responsabilidad dentro de la compa\u00f1\u00eda.<\/p>\n\n\n\n<h4 class=\"wp-block-heading\" id=\"h-en-que-aspectos-has-sentido-crecimiento-profesional\">\u00bfEn qu\u00e9 aspectos has sentido crecimiento profesional?<\/h4>\n\n\n\n<p>En aumentar mis habilidades y conocimientos para aplicarlos en mi posici\u00f3n actual y en futuros roles.<\/p>\n\n\n\n<h4 class=\"wp-block-heading\" id=\"h-por-que-recomendarias-trabajar-en-capgemini\">\u00bfPor qu\u00e9 recomendar\u00edas trabajar en Capgemini?<\/h4>\n\n\n\n<p>Por su compromiso con el equilibrio entre vida personal y profesional. Capgemini se destaca como una empresa que se preocupa por el desarrollo de sus colaboradores, aplicando sus principios y valores fundamentales d\u00eda con d\u00eda.<\/p>\n\n\n\n<section class=\"wp-block-cg-blocks-learn-more learnMoreBlock updated-new-sample-amal\"><div class=\"container\"><div class=\"content-title\"><h3>Carreras profesionales<\/h3><\/div><div class=\"row\"><div class=\"col-md-4\"><div class=\"box\"><div class=\"box-wrapper\"><a class=\"box-title\" href=\"\/mx-es\/careers\/carreras-profesionales\/estudiantes-y-graduados\/\" target=\"\" rel=\"noopener noreferrer\"><div class=\"box-img-wrapper\"><img decoding=\"async\" src=\"https:\/\/www.capgemini.com\/wp-content\/uploads\/2021\/07\/Capgemini_Students-graduates.jpg?w=500&amp;quality=70\" srcset=\"https:\/\/www.capgemini.com\/wp-content\/uploads\/2021\/07\/Capgemini_Students-graduates.jpg?w=500&amp;quality=70 1x, https:\/\/www.capgemini.com\/wp-content\/uploads\/2021\/07\/Capgemini_Students-graduates.jpg?w=1000&amp;quality=70 2x\" class=\"box-img\" alt=\"\" style=\"object-fit:cover;object-position:50% 50%\" loading=\"lazy\"\/><\/div><h4 class=\"titleWithoutLink_learnMore\">Estudiantes y graduados<\/h4><\/a><\/div><\/div><div class=\"box-inner\"><p class=\"box-desc\">Da los primeros pasos en tu carrera con nosotros. Capgemini te ofrece la oportunidad de seguir una pasi\u00f3n existente o cultivar otras nuevas. Desarrolla tu carrera en la direcci\u00f3n que quieras tomar.<\/p><\/div><\/div><div class=\"col-md-4\"><div class=\"box\"><div class=\"box-wrapper\"><a class=\"box-title\" href=\"\/mx-es\/careers\/carreras-profesionales\/profesionales-experimentados\/\" target=\"\" rel=\"noopener noreferrer\"><div class=\"box-img-wrapper\"><img decoding=\"async\" src=\"https:\/\/www.capgemini.com\/wp-content\/uploads\/2021\/07\/Capgemini_experienced-professionals-1.jpg?w=500&amp;quality=70\" srcset=\"https:\/\/www.capgemini.com\/wp-content\/uploads\/2021\/07\/Capgemini_experienced-professionals-1.jpg?w=500&amp;quality=70 1x, https:\/\/www.capgemini.com\/wp-content\/uploads\/2021\/07\/Capgemini_experienced-professionals-1.jpg?w=1000&amp;quality=70 2x\" class=\"box-img\" alt=\"\" style=\"object-fit:cover;object-position:50% 50%\" loading=\"lazy\"\/><\/div><h4 class=\"titleWithoutLink_learnMore\">Profesionales con experiencia<\/h4><\/a><\/div><\/div><div class=\"box-inner\"><p class=\"box-desc\">Lleva tu maestr\u00eda y experiencia a un negocio global que valora y celebra a sus expertos, y te ofreceremos la oportunidad de dar el siguiente paso significativo en tu carrera profesional.<\/p><\/div><\/div><div class=\"col-md-4\"><div class=\"box\"><div class=\"box-wrapper\"><a class=\"box-title\" href=\"\/mx-es\/careers\/carreras-profesionales\/ejecutivos\/\" target=\"\" rel=\"noopener noreferrer\"><div class=\"box-img-wrapper\"><img decoding=\"async\" src=\"https:\/\/www.capgemini.com\/wp-content\/uploads\/2021\/08\/Capgemini_Executives.jpg?w=500&amp;quality=70\" srcset=\"https:\/\/www.capgemini.com\/wp-content\/uploads\/2021\/08\/Capgemini_Executives.jpg?w=500&amp;quality=70 1x, https:\/\/www.capgemini.com\/wp-content\/uploads\/2021\/08\/Capgemini_Executives.jpg?w=1000&amp;quality=70 2x\" class=\"box-img\" alt=\"\" style=\"object-fit:cover;object-position:50% 50%\" loading=\"lazy\"\/><\/div><h4 class=\"titleWithoutLink_learnMore\">Ejecutivos<\/h4><\/a><\/div><\/div><div class=\"box-inner\"><p class=\"box-desc\">Desarrollar a nuestros l\u00edderes es una de las prioridades clave de Capgemini. Hemos dise\u00f1ado iniciativas de aprendizaje de vanguardia espec\u00edficamente para ayudarte como ejecutivo a mejorar tus habilidades comerciales y personales.<\/p><\/div><\/div><\/div><\/div><\/section>\n<\/div><\/div><\/div><\/div><\/div><\/section>\n","protected":false},"excerpt":{"rendered":"<p>Alliance Manager &#8211; North LATAM<\/p>\n","protected":false},"author":367,"featured_media":521522,"template":"","meta":{"cg_dt_proposed_to":[9,25],"cg_seo_hreflang_relations":"[]","cg_seo_canonical_relation":"","cg_seo_hreflang_x_default_relation":"{\"uuid\":\"3183d8ab-d3a6-430f-88ed-7f6de0d912e6\",\"blogId\":\"\",\"domain\":\"\",\"sitePath\":\"\",\"postLink\":\"\",\"postId\":null,\"isSaved\":true,\"isCrossLink\":false,\"hasCrossLink\":false}","cg_dt_approved_content":true,"cg_dt_mandatory_content":false,"cg_dt_notes":"","cg_dg_source_changed":false,"cg_dt_link_disabled":true,"footnotes":"","cg_testimonial_custom_title":"","people_tel":"","people_email":"","featured_focal_points":""},"tags":[],"brand":[82],"country":[],"grade":[],"job_family":[],"class_list":["post-521521","employee-testimonial","type-employee-testimonial","status-publish","has-post-thumbnail","hentry","brand-capgemini"],"yoast_head":"<!-- This site is optimized with the Yoast SEO Premium plugin v22.8 (Yoast SEO v22.8) - https:\/\/yoast.com\/wordpress\/plugins\/seo\/ -->\n<title>Susana - Capgemini Mexico<\/title>\n<meta name=\"robots\" content=\"index, follow, max-snippet:-1, max-image-preview:large, max-video-preview:-1\" \/>\n<link rel=\"canonical\" href=\"https:\/\/www.capgemini.com\/mx-es\/careers\/vida-en-capgemini\/conoce-a-nuestra-gente\/susana-alvarez-garcia\/\" \/>\n<meta property=\"og:locale\" content=\"es_MX\" \/>\n<meta property=\"og:type\" content=\"article\" \/>\n<meta property=\"og:title\" content=\"Susana\" \/>\n<meta property=\"og:description\" content=\"Alliance Manager - North LATAM\" \/>\n<meta property=\"og:url\" content=\"https:\/\/www.capgemini.com\/mx-es\/careers\/vida-en-capgemini\/conoce-a-nuestra-gente\/susana-alvarez-garcia\/\" \/>\n<meta property=\"og:site_name\" content=\"Capgemini Mexico\" \/>\n<meta property=\"article:modified_time\" content=\"2025-04-03T18:36:44+00:00\" \/>\n<meta property=\"og:image\" content=\"https:\/\/www.capgemini.com\/mx-es\/wp-content\/uploads\/sites\/28\/2025\/10\/New-Web-preview-global.jpg\" \/>\n\t<meta property=\"og:image:width\" content=\"1200\" \/>\n\t<meta property=\"og:image:height\" content=\"627\" \/>\n\t<meta property=\"og:image:type\" content=\"image\/jpeg\" \/>\n<meta name=\"twitter:card\" content=\"summary_large_image\" \/>\n<meta name=\"twitter:label1\" content=\"Est. reading time\" \/>\n\t<meta name=\"twitter:data1\" content=\"3 minutes\" \/>\n<script type=\"application\/ld+json\" class=\"yoast-schema-graph\">{\"@context\":\"https:\/\/schema.org\",\"@graph\":[{\"@type\":\"WebPage\",\"@id\":\"https:\/\/www.capgemini.com\/mx-es\/careers\/vida-en-capgemini\/conoce-a-nuestra-gente\/susana-alvarez-garcia\/\",\"url\":\"https:\/\/www.capgemini.com\/mx-es\/careers\/vida-en-capgemini\/conoce-a-nuestra-gente\/susana-alvarez-garcia\/\",\"name\":\"Susana - Capgemini Mexico\",\"isPartOf\":{\"@id\":\"https:\/\/www.capgemini.com\/mx-es\/#website\"},\"primaryImageOfPage\":{\"@id\":\"https:\/\/www.capgemini.com\/mx-es\/careers\/vida-en-capgemini\/conoce-a-nuestra-gente\/susana-alvarez-garcia\/#primaryimage\"},\"image\":{\"@id\":\"https:\/\/www.capgemini.com\/mx-es\/careers\/vida-en-capgemini\/conoce-a-nuestra-gente\/susana-alvarez-garcia\/#primaryimage\"},\"thumbnailUrl\":\"https:\/\/www.capgemini.com\/mx-es\/wp-content\/uploads\/sites\/28\/2024\/04\/susana_alvarez_garcia.png\",\"datePublished\":\"2024-04-17T14:47:09+00:00\",\"dateModified\":\"2025-04-03T18:36:44+00:00\",\"breadcrumb\":{\"@id\":\"https:\/\/www.capgemini.com\/mx-es\/careers\/vida-en-capgemini\/conoce-a-nuestra-gente\/susana-alvarez-garcia\/#breadcrumb\"},\"inLanguage\":\"es-MX\",\"potentialAction\":[{\"@type\":\"ReadAction\",\"target\":[\"https:\/\/www.capgemini.com\/mx-es\/careers\/vida-en-capgemini\/conoce-a-nuestra-gente\/susana-alvarez-garcia\/\"]}]},{\"@type\":\"ImageObject\",\"inLanguage\":\"es-MX\",\"@id\":\"https:\/\/www.capgemini.com\/mx-es\/careers\/vida-en-capgemini\/conoce-a-nuestra-gente\/susana-alvarez-garcia\/#primaryimage\",\"url\":\"https:\/\/www.capgemini.com\/mx-es\/wp-content\/uploads\/sites\/28\/2024\/04\/susana_alvarez_garcia.png\",\"contentUrl\":\"https:\/\/www.capgemini.com\/mx-es\/wp-content\/uploads\/sites\/28\/2024\/04\/susana_alvarez_garcia.png\",\"width\":1136,\"height\":1498},{\"@type\":\"BreadcrumbList\",\"@id\":\"https:\/\/www.capgemini.com\/mx-es\/careers\/vida-en-capgemini\/conoce-a-nuestra-gente\/susana-alvarez-garcia\/#breadcrumb\",\"itemListElement\":[{\"@type\":\"ListItem\",\"position\":1,\"name\":\"Home\",\"item\":\"https:\/\/www.capgemini.com\/mx-es\/\"},{\"@type\":\"ListItem\",\"position\":2,\"name\":\"Employee Testimonials\",\"item\":\"https:\/\/www.capgemini.com\/mx-es\/employee-testimonial\/\"},{\"@type\":\"ListItem\",\"position\":3,\"name\":\"Susana\"}]},{\"@type\":\"WebSite\",\"@id\":\"https:\/\/www.capgemini.com\/mx-es\/#website\",\"url\":\"https:\/\/www.capgemini.com\/mx-es\/\",\"name\":\"Capgemini Mexico\",\"description\":\"Capgemini\",\"publisher\":{\"@id\":\"https:\/\/www.capgemini.com\/mx-es\/#organization\"},\"potentialAction\":[{\"@type\":\"SearchAction\",\"target\":{\"@type\":\"EntryPoint\",\"urlTemplate\":\"https:\/\/www.capgemini.com\/mx-es\/?s={search_term_string}\"},\"query-input\":\"required name=search_term_string\"}],\"inLanguage\":\"es-MX\"},{\"@type\":\"Organization\",\"@id\":\"https:\/\/www.capgemini.com\/mx-es\/#organization\",\"name\":\"Capgemini Mexico\",\"url\":\"https:\/\/www.capgemini.com\/mx-es\/\",\"logo\":{\"@type\":\"ImageObject\",\"inLanguage\":\"es-MX\",\"@id\":\"https:\/\/www.capgemini.com\/mx-es\/#\/schema\/logo\/image\/\",\"url\":\"https:\/\/www.capgemini.com\/mx-es\/wp-content\/uploads\/sites\/28\/2025\/07\/linkedin_mwo0q6.png\",\"contentUrl\":\"https:\/\/www.capgemini.com\/mx-es\/wp-content\/uploads\/sites\/28\/2025\/07\/linkedin_mwo0q6.png\",\"width\":800,\"height\":800,\"caption\":\"Capgemini Mexico\"},\"image\":{\"@id\":\"https:\/\/www.capgemini.com\/mx-es\/#\/schema\/logo\/image\/\"}}]}<\/script>\n<!-- \/ Yoast SEO Premium plugin. -->","yoast_head_json":{"title":"Susana - Capgemini Mexico","robots":{"index":"index","follow":"follow","max-snippet":"max-snippet:-1","max-image-preview":"max-image-preview:large","max-video-preview":"max-video-preview:-1"},"canonical":"https:\/\/www.capgemini.com\/mx-es\/careers\/vida-en-capgemini\/conoce-a-nuestra-gente\/susana-alvarez-garcia\/","og_locale":"es_MX","og_type":"article","og_title":"Susana","og_description":"Alliance Manager - North LATAM","og_url":"https:\/\/www.capgemini.com\/mx-es\/careers\/vida-en-capgemini\/conoce-a-nuestra-gente\/susana-alvarez-garcia\/","og_site_name":"Capgemini Mexico","article_modified_time":"2025-04-03T18:36:44+00:00","og_image":[{"width":1200,"height":627,"url":"https:\/\/www.capgemini.com\/mx-es\/wp-content\/uploads\/sites\/28\/2025\/10\/New-Web-preview-global.jpg","type":"image\/jpeg"}],"twitter_card":"summary_large_image","twitter_misc":{"Est. reading time":"3 minutes"},"schema":{"@context":"https:\/\/schema.org","@graph":[{"@type":"WebPage","@id":"https:\/\/www.capgemini.com\/mx-es\/careers\/vida-en-capgemini\/conoce-a-nuestra-gente\/susana-alvarez-garcia\/","url":"https:\/\/www.capgemini.com\/mx-es\/careers\/vida-en-capgemini\/conoce-a-nuestra-gente\/susana-alvarez-garcia\/","name":"Susana - Capgemini Mexico","isPartOf":{"@id":"https:\/\/www.capgemini.com\/mx-es\/#website"},"primaryImageOfPage":{"@id":"https:\/\/www.capgemini.com\/mx-es\/careers\/vida-en-capgemini\/conoce-a-nuestra-gente\/susana-alvarez-garcia\/#primaryimage"},"image":{"@id":"https:\/\/www.capgemini.com\/mx-es\/careers\/vida-en-capgemini\/conoce-a-nuestra-gente\/susana-alvarez-garcia\/#primaryimage"},"thumbnailUrl":"https:\/\/www.capgemini.com\/mx-es\/wp-content\/uploads\/sites\/28\/2024\/04\/susana_alvarez_garcia.png","datePublished":"2024-04-17T14:47:09+00:00","dateModified":"2025-04-03T18:36:44+00:00","breadcrumb":{"@id":"https:\/\/www.capgemini.com\/mx-es\/careers\/vida-en-capgemini\/conoce-a-nuestra-gente\/susana-alvarez-garcia\/#breadcrumb"},"inLanguage":"es-MX","potentialAction":[{"@type":"ReadAction","target":["https:\/\/www.capgemini.com\/mx-es\/careers\/vida-en-capgemini\/conoce-a-nuestra-gente\/susana-alvarez-garcia\/"]}]},{"@type":"ImageObject","inLanguage":"es-MX","@id":"https:\/\/www.capgemini.com\/mx-es\/careers\/vida-en-capgemini\/conoce-a-nuestra-gente\/susana-alvarez-garcia\/#primaryimage","url":"https:\/\/www.capgemini.com\/mx-es\/wp-content\/uploads\/sites\/28\/2024\/04\/susana_alvarez_garcia.png","contentUrl":"https:\/\/www.capgemini.com\/mx-es\/wp-content\/uploads\/sites\/28\/2024\/04\/susana_alvarez_garcia.png","width":1136,"height":1498},{"@type":"BreadcrumbList","@id":"https:\/\/www.capgemini.com\/mx-es\/careers\/vida-en-capgemini\/conoce-a-nuestra-gente\/susana-alvarez-garcia\/#breadcrumb","itemListElement":[{"@type":"ListItem","position":1,"name":"Home","item":"https:\/\/www.capgemini.com\/mx-es\/"},{"@type":"ListItem","position":2,"name":"Employee Testimonials","item":"https:\/\/www.capgemini.com\/mx-es\/employee-testimonial\/"},{"@type":"ListItem","position":3,"name":"Susana"}]},{"@type":"WebSite","@id":"https:\/\/www.capgemini.com\/mx-es\/#website","url":"https:\/\/www.capgemini.com\/mx-es\/","name":"Capgemini Mexico","description":"Capgemini","publisher":{"@id":"https:\/\/www.capgemini.com\/mx-es\/#organization"},"potentialAction":[{"@type":"SearchAction","target":{"@type":"EntryPoint","urlTemplate":"https:\/\/www.capgemini.com\/mx-es\/?s={search_term_string}"},"query-input":"required name=search_term_string"}],"inLanguage":"es-MX"},{"@type":"Organization","@id":"https:\/\/www.capgemini.com\/mx-es\/#organization","name":"Capgemini Mexico","url":"https:\/\/www.capgemini.com\/mx-es\/","logo":{"@type":"ImageObject","inLanguage":"es-MX","@id":"https:\/\/www.capgemini.com\/mx-es\/#\/schema\/logo\/image\/","url":"https:\/\/www.capgemini.com\/mx-es\/wp-content\/uploads\/sites\/28\/2025\/07\/linkedin_mwo0q6.png","contentUrl":"https:\/\/www.capgemini.com\/mx-es\/wp-content\/uploads\/sites\/28\/2025\/07\/linkedin_mwo0q6.png","width":800,"height":800,"caption":"Capgemini Mexico"},"image":{"@id":"https:\/\/www.capgemini.com\/mx-es\/#\/schema\/logo\/image\/"}}]}},"parsely":{"version":"1.1.0","canonical_url":"https:\/\/capgemini.com\/mx-es\/careers\/vida-en-capgemini\/conoce-a-nuestra-gente\/susana-alvarez-garcia\/","smart_links":{"inbound":0,"outbound":0},"traffic_boost_suggestions_count":0,"meta":{"@context":"https:\/\/schema.org","@type":"NewsArticle","headline":"Susana","url":"https:\/\/www.capgemini.com\/mx-es\/careers\/vida-en-capgemini\/conoce-a-nuestra-gente\/susana-alvarez-garcia\/","mainEntityOfPage":{"@type":"WebPage","@id":"https:\/\/www.capgemini.com\/mx-es\/careers\/vida-en-capgemini\/conoce-a-nuestra-gente\/susana-alvarez-garcia\/"},"thumbnailUrl":"https:\/\/www.capgemini.com\/mx-es\/wp-content\/uploads\/sites\/28\/2024\/04\/susana_alvarez_garcia.png?w=150&h=150&crop=1","image":{"@type":"ImageObject","url":"https:\/\/www.capgemini.com\/mx-es\/wp-content\/uploads\/sites\/28\/2024\/04\/susana_alvarez_garcia.png"},"articleSection":"Uncategorized","author":[],"creator":[],"publisher":{"@type":"Organization","name":"Capgemini Mexico","logo":""},"keywords":[],"dateCreated":"2024-04-17T14:47:09Z","datePublished":"2024-04-17T14:47:09Z","dateModified":"2025-04-03T18:36:44Z"},"rendered":"<meta name=\"parsely-title\" content=\"Susana\" \/>\n<meta name=\"parsely-link\" content=\"https:\/\/www.capgemini.com\/mx-es\/careers\/vida-en-capgemini\/conoce-a-nuestra-gente\/susana-alvarez-garcia\/\" \/>\n<meta name=\"parsely-type\" content=\"post\" \/>\n<meta name=\"parsely-image-url\" content=\"https:\/\/www.capgemini.com\/mx-es\/wp-content\/uploads\/sites\/28\/2024\/04\/susana_alvarez_garcia.png?w=150&amp;h=150&amp;crop=1\" \/>\n<meta name=\"parsely-pub-date\" content=\"2024-04-17T14:47:09Z\" \/>\n<meta name=\"parsely-section\" content=\"Uncategorized\" \/>","tracker_url":"https:\/\/cdn.parsely.com\/keys\/capgemini.com\/p.js"},"archive_status":false,"featured_image_src":"https:\/\/www.capgemini.com\/mx-es\/wp-content\/uploads\/sites\/28\/2024\/04\/susana_alvarez_garcia.png","featured_image_alt":"","employee_position":"Alliance Manager - North LATAM","jetpack_sharing_enabled":true,"distributor_meta":false,"distributor_terms":false,"distributor_media":false,"distributor_original_site_name":"Capgemini Mexico","distributor_original_site_url":"https:\/\/www.capgemini.com\/mx-es","push-errors":false,"_links":{"self":[{"href":"https:\/\/www.capgemini.com\/mx-es\/wp-json\/wp\/v2\/employee-testimonial\/521521","targetHints":{"allow":["GET"]}}],"collection":[{"href":"https:\/\/www.capgemini.com\/mx-es\/wp-json\/wp\/v2\/employee-testimonial"}],"about":[{"href":"https:\/\/www.capgemini.com\/mx-es\/wp-json\/wp\/v2\/types\/employee-testimonial"}],"author":[{"embeddable":true,"href":"https:\/\/www.capgemini.com\/mx-es\/wp-json\/wp\/v2\/users\/367"}],"version-history":[{"count":7,"href":"https:\/\/www.capgemini.com\/mx-es\/wp-json\/wp\/v2\/employee-testimonial\/521521\/revisions"}],"predecessor-version":[{"id":539758,"href":"https:\/\/www.capgemini.com\/mx-es\/wp-json\/wp\/v2\/employee-testimonial\/521521\/revisions\/539758"}],"wp:featuredmedia":[{"embeddable":true,"href":"https:\/\/www.capgemini.com\/mx-es\/wp-json\/wp\/v2\/media\/521522"}],"wp:attachment":[{"href":"https:\/\/www.capgemini.com\/mx-es\/wp-json\/wp\/v2\/media?parent=521521"}],"wp:term":[{"taxonomy":"post_tag","embeddable":true,"href":"https:\/\/www.capgemini.com\/mx-es\/wp-json\/wp\/v2\/tags?post=521521"},{"taxonomy":"brand","embeddable":true,"href":"https:\/\/www.capgemini.com\/mx-es\/wp-json\/wp\/v2\/brand?post=521521"},{"taxonomy":"country","embeddable":true,"href":"https:\/\/www.capgemini.com\/mx-es\/wp-json\/wp\/v2\/country?post=521521"},{"taxonomy":"grade","embeddable":true,"href":"https:\/\/www.capgemini.com\/mx-es\/wp-json\/wp\/v2\/grade?post=521521"},{"taxonomy":"job_family","embeddable":true,"href":"https:\/\/www.capgemini.com\/mx-es\/wp-json\/wp\/v2\/job_family?post=521521"}],"curies":[{"name":"wp","href":"https:\/\/api.w.org\/{rel}","templated":true}]}}