{"id":689489,"date":"2020-12-19T13:33:42","date_gmt":"2020-12-19T13:33:42","guid":{"rendered":"https:\/\/www.capgemini.com\/?post_type=people&#038;p=505880"},"modified":"2026-01-02T11:44:28","modified_gmt":"2026-01-02T10:44:28","slug":"anirban-bose","status":"publish","type":"people","link":"https:\/\/www.capgemini.com\/fr-fr\/notre-groupe\/gestion-gouvernance\/equipe-de-direction\/anirban-bose\/","title":{"rendered":"Anirban Bose*"},"content":{"rendered":"<\/header>\n\n\n<section class=\"wp-block-cg-blocks-intro-para undefined section section--intro\"><div class=\"intro-para\"><div class=\"container\"><div class=\"row\"><div class=\"col-12 col-md-1\"><nav class=\"article-social\"><ul class=\"social-nav\"><li class=\"ip-order-fb\"><a href=\"https:\/\/www.facebook.com\/sharer\/sharer.php?u=https:\/\/www.capgemini.com\/fr-fr\/notre-groupe\/gestion-gouvernance\/equipe-de-direction\/anirban-bose\/\" target=\"_blank\" rel=\"noopener noreferrer\" title=\"Ouvrir dans une nouvelle fen\u00eatre\"><i aria-hidden=\"true\" class=\"icon-fb\"><\/i><span class=\"sr-only\">Facebook<\/span><\/a><\/li><li class=\"ip-order-li\"><a href=\"https:\/\/www.linkedin.com\/sharing\/share-offsite\/?url=https:\/\/www.capgemini.com\/fr-fr\/notre-groupe\/gestion-gouvernance\/equipe-de-direction\/anirban-bose\/\" target=\"_blank\" rel=\"noopener noreferrer\" title=\"Ouvrir dans une nouvelle fen\u00eatre\"><i aria-hidden=\"true\" class=\"icon-li\"><\/i><span class=\"sr-only\">Linkedin<\/span><\/a><\/li><\/ul><\/nav><\/div><div class=\"col-12 col-md-11 col-lg-10\"><p class=\"intro-para-content-withoutTitle\">Directeur Am\u00e9riques<br>Membre du Comit\u00e9 de Direction g\u00e9n\u00e9rale du Groupe<br><br>Anirban Bose est Directeur ex\u00e9cutif, Am\u00e9riques, depuis novembre 2024. Pr\u00e9c\u00e9demment, il dirigeait depuis 2018 les\u00a0Services financiers de Capgemini. Il est \u00e9galement membre du Comit\u00e9 de Direction g\u00e9n\u00e9rale du Groupe depuis 2018.<br>Depuis 2015, Anirban dirigeait l\u2019activit\u00e9 Banques et March\u00e9s financiers de Capgemini dont la client\u00e8le est constitu\u00e9e de 12 des 15 plus importants acteurs mondiaux du secteur, avec des \u00e9quipes pr\u00e9sentes en Am\u00e9rique du Nord, en Europe et en Asie-Pacifique.<br>Anirban a une connaissance approfondie dans les domaines du conseil, des services et de l\u2019externalisation IT, des technologies innovantes pour le consommateur ainsi que des syst\u00e8mes de paiement, qu\u2019il a acquise aupr\u00e8s des grandes institutions financi\u00e8res mondiales.<br>De 2007 \u00e0 2015, Anirban \u00e9tait en charge de la division Banques de Capgemini.<br>Auparavant, entre 2004 et 2007, il a exerc\u00e9 la fonction de Vice-pr\u00e9sident ex\u00e9cutif de Kanbay, avant l\u2019acquisition de la soci\u00e9t\u00e9 par Capgemini en 2007. Chez Kanbay, Anirban \u00e9tait responsable du d\u00e9veloppement de l\u2019activit\u00e9 des services de cr\u00e9dit et de la production au niveau mondial\u00a0; il a \u00e9galement dirig\u00e9 la division Banques qui offrait des services de conseil strat\u00e9gique \u00e0 plusieurs marques mondiales.<br>Anirban r\u00e9side \u00e0 New York. Il est dipl\u00f4m\u00e9 de l\u2019<em>Indian Institute of Technology<\/em> et titulaire d\u2019un MBA en finance de l\u2019Universit\u00e9 de Chicago.<\/p><\/div><\/div><\/div><\/div><\/section>\n","protected":false},"excerpt":{"rendered":"<p>Am\u00e9riques <\/p>\n","protected":false},"author":22,"featured_media":689496,"template":"","meta":{"cg_dt_proposed_to":[21],"cg_seo_hreflang_relations":"[]","cg_seo_canonical_relation":"","cg_seo_hreflang_x_default_relation":"{\"uuid\":\"6d329441-e5cb-40b4-a18d-7ca5b5ee9f29\",\"blogId\":\"\",\"domain\":\"\",\"sitePath\":\"\",\"postLink\":\"\",\"postId\":null,\"isSaved\":true,\"isCrossLink\":false,\"hasCrossLink\":false}","cg_dt_approved_content":true,"cg_dt_mandatory_content":true,"cg_dt_notes":"","cg_dg_source_changed":true,"cg_dt_link_disabled":true,"_yoast_wpseo_primary_brand":"","footnotes":"","cg_testimonial_custom_title":"","people_tel":"","people_email":"","people_position":"Directeur Am\u00e9riques","people_profile_tw":"","people_profile_fb":"","people_profile_li":"https:\/\/www.linkedin.com\/in\/anirban-bose-8352a87\/","featured_focal_points":""},"tags":[],"people-type":[293],"brand":[],"service":[],"industry":[],"partners":[],"content-group":[],"class_list":["post-689489","people","type-people","status-publish","has-post-thumbnail","hentry","people-type-group-executive-board"],"yoast_head":"<!-- This site is optimized with the Yoast SEO Premium plugin v22.8 (Yoast SEO v22.8) - https:\/\/yoast.com\/wordpress\/plugins\/seo\/ -->\n<title>Anirban Bose | Comit\u00e9 de direction g\u00e9n\u00e9rale du Groupe | Capgemini<\/title>\n<meta name=\"robots\" content=\"index, follow, max-snippet:-1, max-image-preview:large, max-video-preview:-1\" \/>\n<link rel=\"canonical\" href=\"https:\/\/www.capgemini.com\/fr-fr\/notre-groupe\/gestion-gouvernance\/equipe-de-direction\/anirban-bose\/\" \/>\n<meta property=\"og:locale\" content=\"fr_FR\" \/>\n<meta property=\"og:type\" content=\"article\" \/>\n<meta property=\"og:title\" content=\"Anirban Bose*\" \/>\n<meta property=\"og:description\" content=\"Am\u00e9riques\" \/>\n<meta property=\"og:url\" content=\"https:\/\/www.capgemini.com\/fr-fr\/notre-groupe\/gestion-gouvernance\/equipe-de-direction\/anirban-bose\/\" \/>\n<meta property=\"og:site_name\" content=\"Capgemini France\" \/>\n<meta property=\"article:modified_time\" content=\"2026-01-02T10:44:28+00:00\" \/>\n<meta property=\"og:image\" content=\"https:\/\/www.capgemini.com\/fr-fr\/wp-content\/uploads\/sites\/6\/2020\/12\/ANIRBAN-BOSE-3.jpg\" \/>\n\t<meta property=\"og:image:width\" content=\"800\" \/>\n\t<meta property=\"og:image:height\" content=\"1066\" \/>\n\t<meta property=\"og:image:type\" content=\"image\/jpeg\" \/>\n<meta name=\"twitter:card\" content=\"summary_large_image\" \/>\n<meta name=\"twitter:label1\" content=\"Est. reading time\" \/>\n\t<meta name=\"twitter:data1\" content=\"2 minutes\" \/>\n<script type=\"application\/ld+json\" class=\"yoast-schema-graph\">{\"@context\":\"https:\/\/schema.org\",\"@graph\":[{\"@type\":\"WebPage\",\"@id\":\"https:\/\/www.capgemini.com\/fr-fr\/notre-groupe\/gestion-gouvernance\/equipe-de-direction\/anirban-bose\/\",\"url\":\"https:\/\/www.capgemini.com\/fr-fr\/notre-groupe\/gestion-gouvernance\/equipe-de-direction\/anirban-bose\/\",\"name\":\"Anirban Bose | Comit\u00e9 de direction g\u00e9n\u00e9rale du Groupe | Capgemini\",\"isPartOf\":{\"@id\":\"https:\/\/www.capgemini.com\/fr-fr\/#website\"},\"primaryImageOfPage\":{\"@id\":\"https:\/\/www.capgemini.com\/fr-fr\/notre-groupe\/gestion-gouvernance\/equipe-de-direction\/anirban-bose\/#primaryimage\"},\"image\":{\"@id\":\"https:\/\/www.capgemini.com\/fr-fr\/notre-groupe\/gestion-gouvernance\/equipe-de-direction\/anirban-bose\/#primaryimage\"},\"thumbnailUrl\":\"https:\/\/www.capgemini.com\/fr-fr\/wp-content\/uploads\/sites\/6\/2020\/12\/ANIRBAN-BOSE-3.jpg\",\"datePublished\":\"2020-12-19T13:33:42+00:00\",\"dateModified\":\"2026-01-02T10:44:28+00:00\",\"breadcrumb\":{\"@id\":\"https:\/\/www.capgemini.com\/fr-fr\/notre-groupe\/gestion-gouvernance\/equipe-de-direction\/anirban-bose\/#breadcrumb\"},\"inLanguage\":\"fr-FR\",\"potentialAction\":[{\"@type\":\"ReadAction\",\"target\":[\"https:\/\/www.capgemini.com\/fr-fr\/notre-groupe\/gestion-gouvernance\/equipe-de-direction\/anirban-bose\/\"]}]},{\"@type\":\"ImageObject\",\"inLanguage\":\"fr-FR\",\"@id\":\"https:\/\/www.capgemini.com\/fr-fr\/notre-groupe\/gestion-gouvernance\/equipe-de-direction\/anirban-bose\/#primaryimage\",\"url\":\"https:\/\/www.capgemini.com\/fr-fr\/wp-content\/uploads\/sites\/6\/2020\/12\/ANIRBAN-BOSE-3.jpg\",\"contentUrl\":\"https:\/\/www.capgemini.com\/fr-fr\/wp-content\/uploads\/sites\/6\/2020\/12\/ANIRBAN-BOSE-3.jpg\",\"width\":800,\"height\":1066},{\"@type\":\"BreadcrumbList\",\"@id\":\"https:\/\/www.capgemini.com\/fr-fr\/notre-groupe\/gestion-gouvernance\/equipe-de-direction\/anirban-bose\/#breadcrumb\",\"itemListElement\":[{\"@type\":\"ListItem\",\"position\":1,\"name\":\"People\",\"item\":\"https:\/\/www.capgemini.com\/fr-fr\/people\/\"},{\"@type\":\"ListItem\",\"position\":2,\"name\":\"Anirban Bose*\"}]},{\"@type\":\"WebSite\",\"@id\":\"https:\/\/www.capgemini.com\/fr-fr\/#website\",\"url\":\"https:\/\/www.capgemini.com\/fr-fr\/\",\"name\":\"Capgemini France\",\"description\":\"Just another www.capgemini.com site\",\"publisher\":{\"@id\":\"https:\/\/www.capgemini.com\/fr-fr\/#organization\"},\"potentialAction\":[{\"@type\":\"SearchAction\",\"target\":{\"@type\":\"EntryPoint\",\"urlTemplate\":\"https:\/\/www.capgemini.com\/fr-fr\/?s={search_term_string}\"},\"query-input\":\"required name=search_term_string\"}],\"inLanguage\":\"fr-FR\"},{\"@type\":\"Organization\",\"@id\":\"https:\/\/www.capgemini.com\/fr-fr\/#organization\",\"name\":\"Capgemini France\",\"url\":\"https:\/\/www.capgemini.com\/fr-fr\/\",\"logo\":{\"@type\":\"ImageObject\",\"inLanguage\":\"fr-FR\",\"@id\":\"https:\/\/www.capgemini.com\/fr-fr\/#\/schema\/logo\/image\/\",\"url\":\"https:\/\/www.capgemini.com\/fr-fr\/wp-content\/uploads\/sites\/6\/2022\/08\/Logo-Capgemini.png\",\"contentUrl\":\"https:\/\/www.capgemini.com\/fr-fr\/wp-content\/uploads\/sites\/6\/2022\/08\/Logo-Capgemini.png\",\"width\":202,\"height\":60,\"caption\":\"Capgemini France\"},\"image\":{\"@id\":\"https:\/\/www.capgemini.com\/fr-fr\/#\/schema\/logo\/image\/\"}}]}<\/script>\n<!-- \/ Yoast SEO Premium plugin. -->","yoast_head_json":{"title":"Anirban Bose | Comit\u00e9 de direction g\u00e9n\u00e9rale du Groupe | Capgemini","robots":{"index":"index","follow":"follow","max-snippet":"max-snippet:-1","max-image-preview":"max-image-preview:large","max-video-preview":"max-video-preview:-1"},"canonical":"https:\/\/www.capgemini.com\/fr-fr\/notre-groupe\/gestion-gouvernance\/equipe-de-direction\/anirban-bose\/","og_locale":"fr_FR","og_type":"article","og_title":"Anirban Bose*","og_description":"Am\u00e9riques","og_url":"https:\/\/www.capgemini.com\/fr-fr\/notre-groupe\/gestion-gouvernance\/equipe-de-direction\/anirban-bose\/","og_site_name":"Capgemini France","article_modified_time":"2026-01-02T10:44:28+00:00","og_image":[{"width":800,"height":1066,"url":"https:\/\/www.capgemini.com\/fr-fr\/wp-content\/uploads\/sites\/6\/2020\/12\/ANIRBAN-BOSE-3.jpg","type":"image\/jpeg"}],"twitter_card":"summary_large_image","twitter_misc":{"Est. reading time":"2 minutes"},"schema":{"@context":"https:\/\/schema.org","@graph":[{"@type":"WebPage","@id":"https:\/\/www.capgemini.com\/fr-fr\/notre-groupe\/gestion-gouvernance\/equipe-de-direction\/anirban-bose\/","url":"https:\/\/www.capgemini.com\/fr-fr\/notre-groupe\/gestion-gouvernance\/equipe-de-direction\/anirban-bose\/","name":"Anirban Bose | Comit\u00e9 de direction g\u00e9n\u00e9rale du Groupe | Capgemini","isPartOf":{"@id":"https:\/\/www.capgemini.com\/fr-fr\/#website"},"primaryImageOfPage":{"@id":"https:\/\/www.capgemini.com\/fr-fr\/notre-groupe\/gestion-gouvernance\/equipe-de-direction\/anirban-bose\/#primaryimage"},"image":{"@id":"https:\/\/www.capgemini.com\/fr-fr\/notre-groupe\/gestion-gouvernance\/equipe-de-direction\/anirban-bose\/#primaryimage"},"thumbnailUrl":"https:\/\/www.capgemini.com\/fr-fr\/wp-content\/uploads\/sites\/6\/2020\/12\/ANIRBAN-BOSE-3.jpg","datePublished":"2020-12-19T13:33:42+00:00","dateModified":"2026-01-02T10:44:28+00:00","breadcrumb":{"@id":"https:\/\/www.capgemini.com\/fr-fr\/notre-groupe\/gestion-gouvernance\/equipe-de-direction\/anirban-bose\/#breadcrumb"},"inLanguage":"fr-FR","potentialAction":[{"@type":"ReadAction","target":["https:\/\/www.capgemini.com\/fr-fr\/notre-groupe\/gestion-gouvernance\/equipe-de-direction\/anirban-bose\/"]}]},{"@type":"ImageObject","inLanguage":"fr-FR","@id":"https:\/\/www.capgemini.com\/fr-fr\/notre-groupe\/gestion-gouvernance\/equipe-de-direction\/anirban-bose\/#primaryimage","url":"https:\/\/www.capgemini.com\/fr-fr\/wp-content\/uploads\/sites\/6\/2020\/12\/ANIRBAN-BOSE-3.jpg","contentUrl":"https:\/\/www.capgemini.com\/fr-fr\/wp-content\/uploads\/sites\/6\/2020\/12\/ANIRBAN-BOSE-3.jpg","width":800,"height":1066},{"@type":"BreadcrumbList","@id":"https:\/\/www.capgemini.com\/fr-fr\/notre-groupe\/gestion-gouvernance\/equipe-de-direction\/anirban-bose\/#breadcrumb","itemListElement":[{"@type":"ListItem","position":1,"name":"People","item":"https:\/\/www.capgemini.com\/fr-fr\/people\/"},{"@type":"ListItem","position":2,"name":"Anirban Bose*"}]},{"@type":"WebSite","@id":"https:\/\/www.capgemini.com\/fr-fr\/#website","url":"https:\/\/www.capgemini.com\/fr-fr\/","name":"Capgemini France","description":"Just another www.capgemini.com site","publisher":{"@id":"https:\/\/www.capgemini.com\/fr-fr\/#organization"},"potentialAction":[{"@type":"SearchAction","target":{"@type":"EntryPoint","urlTemplate":"https:\/\/www.capgemini.com\/fr-fr\/?s={search_term_string}"},"query-input":"required name=search_term_string"}],"inLanguage":"fr-FR"},{"@type":"Organization","@id":"https:\/\/www.capgemini.com\/fr-fr\/#organization","name":"Capgemini France","url":"https:\/\/www.capgemini.com\/fr-fr\/","logo":{"@type":"ImageObject","inLanguage":"fr-FR","@id":"https:\/\/www.capgemini.com\/fr-fr\/#\/schema\/logo\/image\/","url":"https:\/\/www.capgemini.com\/fr-fr\/wp-content\/uploads\/sites\/6\/2022\/08\/Logo-Capgemini.png","contentUrl":"https:\/\/www.capgemini.com\/fr-fr\/wp-content\/uploads\/sites\/6\/2022\/08\/Logo-Capgemini.png","width":202,"height":60,"caption":"Capgemini France"},"image":{"@id":"https:\/\/www.capgemini.com\/fr-fr\/#\/schema\/logo\/image\/"}}]}},"parsely":{"version":"1.1.0","canonical_url":"https:\/\/capgemini.com\/fr-fr\/notre-groupe\/gestion-gouvernance\/equipe-de-direction\/anirban-bose\/","smart_links":{"inbound":0,"outbound":0},"traffic_boost_suggestions_count":0,"meta":{"@context":"https:\/\/schema.org","@type":"NewsArticle","headline":"Anirban Bose*","url":"https:\/\/www.capgemini.com\/fr-fr\/notre-groupe\/gestion-gouvernance\/equipe-de-direction\/anirban-bose\/","mainEntityOfPage":{"@type":"WebPage","@id":"https:\/\/www.capgemini.com\/fr-fr\/notre-groupe\/gestion-gouvernance\/equipe-de-direction\/anirban-bose\/"},"thumbnailUrl":"https:\/\/www.capgemini.com\/fr-fr\/wp-content\/uploads\/sites\/6\/2020\/12\/ANIRBAN-BOSE-3.jpg?w=150&h=150&crop=1","image":{"@type":"ImageObject","url":"https:\/\/www.capgemini.com\/fr-fr\/wp-content\/uploads\/sites\/6\/2020\/12\/ANIRBAN-BOSE-3.jpg"},"articleSection":"Uncategorized","author":[],"creator":[],"publisher":{"@type":"Organization","name":"Capgemini France","logo":""},"keywords":[],"dateCreated":"2020-12-19T13:33:42Z","datePublished":"2020-12-19T13:33:42Z","dateModified":"2026-01-02T10:44:28Z"},"rendered":"<meta name=\"parsely-title\" content=\"Anirban Bose*\" \/>\n<meta name=\"parsely-link\" content=\"https:\/\/www.capgemini.com\/fr-fr\/notre-groupe\/gestion-gouvernance\/equipe-de-direction\/anirban-bose\/\" \/>\n<meta name=\"parsely-type\" content=\"post\" \/>\n<meta name=\"parsely-image-url\" content=\"https:\/\/www.capgemini.com\/fr-fr\/wp-content\/uploads\/sites\/6\/2020\/12\/ANIRBAN-BOSE-3.jpg?w=150&amp;h=150&amp;crop=1\" \/>\n<meta name=\"parsely-pub-date\" content=\"2020-12-19T13:33:42Z\" \/>\n<meta name=\"parsely-section\" content=\"Uncategorized\" \/>","tracker_url":"https:\/\/cdn.parsely.com\/keys\/capgemini.com\/p.js"},"archive_status":false,"featured_image_src":"https:\/\/www.capgemini.com\/fr-fr\/wp-content\/uploads\/sites\/6\/2020\/12\/ANIRBAN-BOSE-3.jpg","featured_image_alt":"","jetpack_sharing_enabled":true,"distributor_meta":false,"distributor_terms":false,"distributor_media":false,"distributor_original_site_name":"Capgemini France","distributor_original_site_url":"https:\/\/www.capgemini.com\/fr-fr","push-errors":false,"_links":{"self":[{"href":"https:\/\/www.capgemini.com\/fr-fr\/wp-json\/wp\/v2\/people\/689489","targetHints":{"allow":["GET"]}}],"collection":[{"href":"https:\/\/www.capgemini.com\/fr-fr\/wp-json\/wp\/v2\/people"}],"about":[{"href":"https:\/\/www.capgemini.com\/fr-fr\/wp-json\/wp\/v2\/types\/people"}],"author":[{"embeddable":true,"href":"https:\/\/www.capgemini.com\/fr-fr\/wp-json\/wp\/v2\/users\/22"}],"version-history":[{"count":16,"href":"https:\/\/www.capgemini.com\/fr-fr\/wp-json\/wp\/v2\/people\/689489\/revisions"}],"predecessor-version":[{"id":799628,"href":"https:\/\/www.capgemini.com\/fr-fr\/wp-json\/wp\/v2\/people\/689489\/revisions\/799628"}],"wp:featuredmedia":[{"embeddable":true,"href":"https:\/\/www.capgemini.com\/fr-fr\/wp-json\/wp\/v2\/media\/689496"}],"wp:attachment":[{"href":"https:\/\/www.capgemini.com\/fr-fr\/wp-json\/wp\/v2\/media?parent=689489"}],"wp:term":[{"taxonomy":"post_tag","embeddable":true,"href":"https:\/\/www.capgemini.com\/fr-fr\/wp-json\/wp\/v2\/tags?post=689489"},{"taxonomy":"people-type","embeddable":true,"href":"https:\/\/www.capgemini.com\/fr-fr\/wp-json\/wp\/v2\/people-type?post=689489"},{"taxonomy":"brand","embeddable":true,"href":"https:\/\/www.capgemini.com\/fr-fr\/wp-json\/wp\/v2\/brand?post=689489"},{"taxonomy":"service","embeddable":true,"href":"https:\/\/www.capgemini.com\/fr-fr\/wp-json\/wp\/v2\/service?post=689489"},{"taxonomy":"industry","embeddable":true,"href":"https:\/\/www.capgemini.com\/fr-fr\/wp-json\/wp\/v2\/industry?post=689489"},{"taxonomy":"partners","embeddable":true,"href":"https:\/\/www.capgemini.com\/fr-fr\/wp-json\/wp\/v2\/partners?post=689489"},{"taxonomy":"content-group","embeddable":true,"href":"https:\/\/www.capgemini.com\/fr-fr\/wp-json\/wp\/v2\/content-group?post=689489"}],"curies":[{"name":"wp","href":"https:\/\/api.w.org\/{rel}","templated":true}]}}