{"id":708841,"date":"2026-02-11T19:10:00","date_gmt":"2026-02-11T18:10:00","guid":{"rendered":"https:\/\/www.capgemini.com\/fr-fr\/?post_type=event&#038;p=708841"},"modified":"2026-03-25T16:24:43","modified_gmt":"2026-03-25T15:24:43","slug":"aws-summit","status":"publish","type":"event","link":"https:\/\/www.capgemini.com\/fr-fr\/actualites\/evenements\/aws-summit\/","title":{"rendered":"AWS Summit"},"content":{"rendered":"\n<header class=\"wp-block-cg-blocks-hero-reusable header heroReusable  \"><div class=\"header-bgs\"><picture><source srcset=\"https:\/\/www.capgemini.com\/fr-fr\/wp-content\/uploads\/sites\/6\/2026\/03\/CAPGEMINI_AWS-Summit_BanniereLandingPage.jpg?w=2880&amp;quality=70 1x, https:\/\/www.capgemini.com\/fr-fr\/wp-content\/uploads\/sites\/6\/2026\/03\/CAPGEMINI_AWS-Summit_BanniereLandingPage.jpg?w=2880&amp;quality=70 2x\" media=\"(min-width: 1500px)\"\/><source srcset=\"https:\/\/www.capgemini.com\/fr-fr\/wp-content\/uploads\/sites\/6\/2026\/03\/CAPGEMINI_AWS-Summit_BanniereLandingPage.jpg?w=1440&amp;quality=70 1x, https:\/\/www.capgemini.com\/fr-fr\/wp-content\/uploads\/sites\/6\/2026\/03\/CAPGEMINI_AWS-Summit_BanniereLandingPage.jpg?w=2880&amp;quality=70 2x\" media=\"(min-width: 992px)\"\/><source srcset=\"https:\/\/www.capgemini.com\/fr-fr\/wp-content\/uploads\/sites\/6\/2026\/03\/CAPGEMINI_AWS-Summit_BanniereLandingPage.jpg?w=1024&amp;quality=70 1x, https:\/\/www.capgemini.com\/fr-fr\/wp-content\/uploads\/sites\/6\/2026\/03\/CAPGEMINI_AWS-Summit_BanniereLandingPage.jpg?w=1024&amp;quality=70 2x\" media=\"(min-width: 768px)\"\/><source srcset=\"https:\/\/www.capgemini.com\/fr-fr\/wp-content\/uploads\/sites\/6\/2026\/03\/CAPGEMINI_AWS-Summit_BanniereLandingPage.jpg?w=768&amp;quality=70 1x, https:\/\/www.capgemini.com\/fr-fr\/wp-content\/uploads\/sites\/6\/2026\/03\/CAPGEMINI_AWS-Summit_BanniereLandingPage.jpg?w=768&amp;quality=70 2x\" media=\"(min-width: 0)\"\/><img decoding=\"async\" src=\"https:\/\/www.capgemini.com\/fr-fr\/wp-content\/uploads\/sites\/6\/2026\/03\/CAPGEMINI_AWS-Summit_BanniereLandingPage.jpg\" class=\"header-img header-img-d\" alt=\"\" style=\"object-fit:cover;object-position:52% 70%\" loading=\"eager\"\/><\/picture><\/div><div class=\"heroPictureCardHeaderShape\"><\/div><div class=\"container\"><div class=\"row\"><div class=\"col-md-12\"><div class=\"box\"><div class=\"boxTagWrapper\"><div class=\"tagInfo\"><div><span class=\"box-tag\">Cloud<\/span><\/div><\/div><\/div><div class=\"box-title\"><h1 data-maxlength=\"34\">AWS Summit<\/h1><\/div><h2 class=\"reasearchInsightTitle\">1er avril | Paris | Palais des Congr\u00e8s &#8211; Porte Maillot | Stand G6<\/h2><div class=\"inner-row-insight download-btn\"><\/div><\/div><\/div><\/div><\/div><\/header>\n\n\n\n<section class=\"wp-block-cg-blocks-intro-para undefined section section--intro\"><div class=\"intro-para\"><div class=\"container\"><div class=\"row\"><div class=\"col-12 col-md-2\"><nav class=\"article-social\"><ul class=\"social-nav\"><li class=\"ip-order-fb\"><a href=\"https:\/\/www.facebook.com\/sharer\/sharer.php?u=https:\/\/www.capgemini.com\/fr-fr\/actualites\/evenements\/aws-summit\/\" target=\"_blank\" rel=\"noopener noreferrer\" title=\"Ouvrir dans une nouvelle fen\u00eatre\"><i aria-hidden=\"true\" class=\"icon-fb\"><\/i><span class=\"sr-only\">Facebook<\/span><\/a><\/li><li class=\"ip-order-li\"><a href=\"https:\/\/www.linkedin.com\/sharing\/share-offsite\/?url=https:\/\/www.capgemini.com\/fr-fr\/actualites\/evenements\/aws-summit\/\" target=\"_blank\" rel=\"noopener noreferrer\" title=\"Ouvrir dans une nouvelle fen\u00eatre\"><i aria-hidden=\"true\" class=\"icon-li\"><\/i><span class=\"sr-only\">Linkedin<\/span><\/a><\/li><\/ul><\/nav><\/div><div class=\"col-12 col-md-8\"><h2 class=\"intro-para-title\">Capgemini est partenaire de la nouvelle \u00e9dition de l\u2019AWS Summit, l\u2019\u00e9v\u00e9nement incontournable d\u00e9di\u00e9 au Cloud, \u00e0 la Data et \u00e0 l\u2019IA, avec un programme riche en innovations, d\u00e9monstrations et prises de parole pour acc\u00e9l\u00e9rer votre transformation digitale et cr\u00e9er de la valeur business.<br><\/h2><p class=\"intro-para-content\">L\u2019AWS Summit Paris est un \u00e9v\u00e9nement gratuit qui rassemble la communaut\u00e9 du cloud computing pour se connecter, collaborer et en savoir plus sur AWS.<\/p><\/div><\/div><\/div><\/div><\/section>\n\n\n\n<section class=\"wp-block-cg-blocks-group undefined section section--article-content\"><div class=\"article-main-content\"><div class=\"container\"><div class=\"grid-container\"><div><div class=\"article-text article-quote-text\">\n<div class=\"wp-block-buttons is-layout-flex wp-block-buttons-is-layout-flex\">\n<div class=\"wp-block-button\"><a class=\"wp-block-button__link wp-element-button\" href=\"#inscription\">S&#8217;inscrire<\/a><\/div>\n<\/div>\n\n\n\n<div style=\"height:46px\" aria-hidden=\"true\" class=\"wp-block-spacer\"><\/div>\n\n\n\n<h3 class=\"wp-block-heading\" id=\"h-inscrivez-vous-ci-dessous-pour-assister-aux-presentations-organisees-par-nos-experts\">Inscrivez-vous ci-dessous pour assister aux pr\u00e9sentations organis\u00e9es par nos experts.<\/h3>\n\n\n\n<section class=\"wp-block-cg-blocks-how-we-do-it section section--howwedoit block-howwedoit\"><div class=\"container\"><div><div class=\"row\"><div class=\"content-title col-12 col-md-8\"><h2 data-maxlength=\"72\" class=\"expandable-heading-tag\">Au programme<\/h2><\/div><\/div><div class=\"row\"><div class=\"col-12 col-md-8\"><p><\/p><\/div><\/div><\/div><div class=\"row\"><div class=\"col-12 col-md-8\"><div class=\"section-content\">\n<div class=\"wp-block-cg-blocks-card-howwedoit expanders\"><div class=\"box card-regulated-agreements card-howwedoit\"><div class=\"expander-box filter-box tag-active \"><div class=\"expander-title\" tabindex=\"0\" role=\"button\" aria-expanded=\"false\"><h3 class=\"expander-heading-title\"><strong>Approche end-to-end du Move to Cloud<\/strong><\/h3><\/div><div class=\"expander-subtitle\"><p class=\"small-description\"><strong>Stand G6 \/ 11h15-11h35<\/strong><\/p><\/div><div class=\"expander-content\"><p>Capgemini accompagne de bout en bout la transformation Cloud sur AWS \u2014 de la strat\u00e9gie \u00e0 l\u2019ex\u00e9cution \u2014 pour permettre aux organisations de moderniser leurs syst\u00e8mes, renforcer leur r\u00e9silience et acc\u00e9l\u00e9rer l\u2019innovation tout en ma\u00eetrisant les co\u00fbts et les risques op\u00e9rationnels.<br><br>Gr\u00e2ce \u00e0 ses frameworks industrialis\u00e9s, son expertise multi\u2011sectorielle et son partenariat de long terme avec AWS, Capgemini garantit un Move to Cloud s\u00e9curis\u00e9, automatis\u00e9 et orient\u00e9 valeur, offrant aux clients un time\u2011to\u2011market r\u00e9duit et une performance durable du SI.<br><br>Pr\u00e9sentation anim\u00e9e par :<span style=\"font-size: 1rem; letter-spacing: 0.4px;\"><\/span><\/p><ul class=\"box-list\"><li><a href=\"https:\/\/www.linkedin.com\/in\/olivier-perez-42993112\/\" target=\"_blank\" rel=\"noreferrer noopener\">Olivier Perez<\/a>, Cloud Strategist &amp; Transformation Leader chez Capgemini<\/li><li><a href=\"https:\/\/www.linkedin.com\/in\/marc-herubel-54056a10\/\" target=\"_blank\" rel=\"noreferrer noopener\">Marc Herubel<\/a>, Lead Cloud Transformation chez Capgemini<\/li><\/ul><div class=\"bg-color video-align-right\"><div class=\"container\"><div class=\"row video-align-left\"><div class=\"col-md-12\"><div class=\"video-align-left row box box--4 box--mini\"><div class=\"col-md-3\"><\/div><div class=\"col-md-8 box-img-wrapper\"><div class=\"video-box\"><\/div><\/div><\/div><\/div><\/div><\/div><\/div>\n<div class=\"wp-block-buttons is-layout-flex wp-block-buttons-is-layout-flex\">\n<div class=\"wp-block-button\"><a class=\"wp-block-button__link wp-element-button\" href=\"#inscription\">S&#8217;inscrire<\/a><\/div>\n<\/div>\n<div class=\"content-more\"><\/div><\/div><\/div><\/div><\/div>\n\n\n\n<div class=\"wp-block-cg-blocks-card-howwedoit expanders\"><div class=\"box card-regulated-agreements card-howwedoit\"><div class=\"expander-box filter-box tag-active \"><div class=\"expander-title\" tabindex=\"0\" role=\"button\" aria-expanded=\"false\"><h3 class=\"expander-heading-title\"><strong>Cartographier et optimiser le portefeuille applicatif pour pr\u00e9parer votre roadmap Cloud<\/strong><\/h3><\/div><div class=\"expander-subtitle\"><p class=\"small-description\"><strong>Stand G6 \/ 11h40-12h<\/strong><\/p><\/div><div class=\"expander-content\"><p>Grace \u00e0 notre d\u00e9marche outill\u00e9e Clearsight IT decision maker\u00a0offrant une visibilit\u00e9 unifi\u00e9e et temps r\u00e9el sur les environnements cloud et hybrides, Capgemini aide ses clients \u00e0 construire de fa\u00e7on tr\u00e8s pragmatique une strat\u00e9gie de transformation M2C et s\u00e9curiser un plan de migration.<br><br>Pr\u00e9sentation de la m\u00e9thode de roadmap cloud en mettant en avant un REX client AWS avec utilisation IA AWS.<br><br>Pr\u00e9sentation anim\u00e9e par :<span style=\"font-size: 1rem; letter-spacing: 0.4px;\"><\/span><\/p><ul class=\"box-list\"><li><a href=\"https:\/\/www.linkedin.com\/in\/thomas-sarrazin-fr-finops\/\" target=\"_blank\" rel=\"noreferrer noopener\">Thomas Sarrazin<\/a>, Global FinOps Offer leader chez Capgemini<\/li><\/ul><div class=\"bg-color video-align-right\"><div class=\"container\"><div class=\"row video-align-left\"><div class=\"col-md-12\"><div class=\"video-align-left row box box--4 box--mini\"><div class=\"col-md-3\"><\/div><div class=\"col-md-8 box-img-wrapper\"><div class=\"video-box\"><\/div><\/div><\/div><\/div><\/div><\/div><\/div>\n<div class=\"wp-block-buttons is-layout-flex wp-block-buttons-is-layout-flex\">\n<div class=\"wp-block-button\"><a class=\"wp-block-button__link wp-element-button\" href=\"#inscription\">S&#8217;inscrire<\/a><\/div>\n<\/div>\n<div class=\"content-more\"><\/div><\/div><\/div><\/div><\/div>\n\n\n\n<div class=\"wp-block-cg-blocks-card-howwedoit expanders\"><div class=\"box card-regulated-agreements card-howwedoit\"><div class=\"expander-box filter-box tag-active \"><div class=\"expander-title\" tabindex=\"0\" role=\"button\" aria-expanded=\"false\"><h3 class=\"expander-heading-title\"><strong><strong>Automatisation des op\u00e9rations IT et m\u00e9tier avec EAFS <\/strong>(Enterprise Automation Fabric Sovereign)<\/strong><\/h3><\/div><div class=\"expander-subtitle\"><p class=\"small-description\"><strong>Stand G6 \/ 12h-12h20<\/strong><\/p><\/div><div class=\"expander-content\"><p>EAFS (Enterprise Automation Fabric Sovereign) est une offre et plateforme de Capgemini d\u00e9di\u00e9e \u00e0 la transformation et \u00e0 l\u2019automatisation des op\u00e9rations IT et m\u00e9tier, dans une approche souveraine, s\u00e9curis\u00e9e et industrialis\u00e9e. <br><br>EAFS s\u2019appuie sur un \u00e9cosyst\u00e8me technologique et humain pour connecter les outils, orchestrer les processus et d\u00e9livrer des solutions automatis\u00e9es, intelligentes et conformes aux exigences locales, dans une logique automation\u2011first.<br><br>Pr\u00e9sentation anim\u00e9e par :<span style=\"font-size: 1rem; letter-spacing: 0.4px;\"><\/span><\/p><ul class=\"box-list\"><li><a href=\"https:\/\/www.linkedin.com\/in\/mhdkazma\/\" target=\"_blank\" rel=\"noreferrer noopener\">Mohamad Kazma<\/a>, Public Cloud Service Line Leader chez Capgemini<\/li><\/ul><div class=\"bg-color video-align-right\"><div class=\"container\"><div class=\"row video-align-left\"><div class=\"col-md-12\"><div class=\"video-align-left row box box--4 box--mini\"><div class=\"col-md-3\"><\/div><div class=\"col-md-8 box-img-wrapper\"><div class=\"video-box\"><\/div><\/div><\/div><\/div><\/div><\/div><\/div>\n<div class=\"wp-block-buttons is-layout-flex wp-block-buttons-is-layout-flex\">\n<div class=\"wp-block-button\"><a class=\"wp-block-button__link wp-element-button\" href=\"#inscription\">S&#8217;inscrire<\/a><\/div>\n<\/div>\n<div class=\"content-more\"><\/div><\/div><\/div><\/div><\/div>\n\n\n\n<div class=\"wp-block-cg-blocks-card-howwedoit expanders\"><div class=\"box card-regulated-agreements card-howwedoit\"><div class=\"expander-box filter-box tag-active \"><div class=\"expander-title\" tabindex=\"0\" role=\"button\" aria-expanded=\"false\"><h3 class=\"expander-heading-title\"><strong>FinOps end-to-end<\/strong><\/h3><\/div><div class=\"expander-subtitle\"><p class=\"small-description\"><strong>Stand G6 \/ 12h-12h20<\/strong><\/p><\/div><div class=\"expander-content\"><p>Capgemini a d\u00e9velopp\u00e9 une approche end to end FinOPs parfaitement align\u00e9e avec le framework de la finOps foundation. Nous aidons nos clients \u00e0 d\u00e9ployer une d\u00e9marche FinOps totalement int\u00e9gr\u00e9e dans leur strat\u00e9gie cloud. <br><br>Cette approche inclus la mise en place d&#8217;une gouvernance, de process Finops adapt\u00e9s, d&#8217;outils et s&#8217;accompagne d&#8217;une d\u00e9marche de change management\u00a0afin de sensibiliser les responsables applicatifs \u00e0 la gestion des co\u00fbts cloud.<br><br>Pr\u00e9sentation anim\u00e9e par :<span style=\"font-size: 1rem; letter-spacing: 0.4px;\"><\/span><\/p><ul class=\"box-list\"><li><a href=\"https:\/\/www.linkedin.com\/in\/thomas-sarrazin-fr-finops\/\" target=\"_blank\" rel=\"noreferrer noopener\">Thomas Sarrazin<\/a>, Global FinOps Offer leader chez Capgemini<\/li><\/ul><div class=\"bg-color video-align-right\"><div class=\"container\"><div class=\"row video-align-left\"><div class=\"col-md-12\"><div class=\"video-align-left row box box--4 box--mini\"><div class=\"col-md-3\"><\/div><div class=\"col-md-8 box-img-wrapper\"><div class=\"video-box\"><\/div><\/div><\/div><\/div><\/div><\/div><\/div>\n<div class=\"wp-block-buttons is-layout-flex wp-block-buttons-is-layout-flex\">\n<div class=\"wp-block-button\"><a class=\"wp-block-button__link wp-element-button\" href=\"#inscription\">S&#8217;inscrire<\/a><\/div>\n<\/div>\n<div class=\"content-more\"><\/div><\/div><\/div><\/div><\/div>\n\n\n\n<div class=\"wp-block-cg-blocks-card-howwedoit expanders\"><div class=\"box card-regulated-agreements card-howwedoit\"><div class=\"expander-box filter-box tag-active \"><div class=\"expander-title\" tabindex=\"0\" role=\"button\" aria-expanded=\"false\"><h3 class=\"expander-heading-title\"><strong>Modernisation applicative (via AWS Transform)<\/strong><\/h3><\/div><div class=\"expander-subtitle\"><p class=\"small-description\"><strong>Stand G6 \/ 12h40-13h<\/strong><\/p><\/div><div class=\"expander-content\"><p>Avec Capgemini et AWS, vos applications deviennent plus performantes, plus agiles et plus \u00e9conomiques. Nous s\u00e9curisons chaque \u00e9tape de votre transformation Cloud et modernisons vos applications pour g\u00e9n\u00e9rer un impact business imm\u00e9diat et durable.<br><br>Pr\u00e9sentation anim\u00e9e par :<span style=\"font-size: 1rem; letter-spacing: 0.4px;\"><\/span><\/p><ul class=\"box-list\"><li><a href=\"https:\/\/www.linkedin.com\/in\/thomasheron\/\" target=\"_blank\" rel=\"noreferrer noopener\">Thomas Heron<\/a>, Cloud &amp; Custom Applications, Responsable de la Service Line AWS chez Capgemini<\/li><\/ul><div class=\"bg-color video-align-right\"><div class=\"container\"><div class=\"row video-align-left\"><div class=\"col-md-12\"><div class=\"video-align-left row box box--4 box--mini\"><div class=\"col-md-3\"><\/div><div class=\"col-md-8 box-img-wrapper\"><div class=\"video-box\"><\/div><\/div><\/div><\/div><\/div><\/div><\/div>\n<div class=\"wp-block-buttons is-layout-flex wp-block-buttons-is-layout-flex\">\n<div class=\"wp-block-button\"><a class=\"wp-block-button__link wp-element-button\" href=\"#inscription\">S&#8217;inscrire<\/a><\/div>\n<\/div>\n<div class=\"content-more\"><\/div><\/div><\/div><\/div><\/div>\n\n\n\n<div class=\"wp-block-cg-blocks-card-howwedoit expanders\"><div class=\"box card-regulated-agreements card-howwedoit\"><div class=\"expander-box filter-box tag-active \"><div class=\"expander-title\" tabindex=\"0\" role=\"button\" aria-expanded=\"false\"><h3 class=\"expander-heading-title\"><strong>AWS European Sovereign Cloud<\/strong><\/h3><\/div><div class=\"expander-subtitle\"><p class=\"small-description\"><strong>Stand G6 \/ 13h40-14h<\/strong><\/p><\/div><div class=\"expander-content\"><p>B\u00e9n\u00e9ficier d\u2019une modernisation cloud et IA totalement conforme aux exigences europ\u00e9ennes gr\u00e2ce \u00e0 des solutions \u201csovereign\u2011ready\u201d op\u00e9r\u00e9es au sein d\u2019une infrastructure AWS enti\u00e8rement localis\u00e9e et g\u00e9r\u00e9e dans l\u2019UE, garantissant ma\u00eetrise des donn\u00e9es et conformit\u00e9 souveraine.<br><br>Pr\u00e9sentation anim\u00e9e par :<span style=\"font-size: 1rem; letter-spacing: 0.4px;\"><\/span><\/p><ul class=\"box-list\"><li><a href=\"https:\/\/www.linkedin.com\/in\/keelanclech\/\" target=\"_blank\" rel=\"noreferrer noopener\">Keelan Clech<\/a>, Cloud Deal Shaper chez Capgemini<\/li><\/ul><div class=\"bg-color video-align-right\"><div class=\"container\"><div class=\"row video-align-left\"><div class=\"col-md-12\"><div class=\"video-align-left row box box--4 box--mini\"><div class=\"col-md-3\"><\/div><div class=\"col-md-8 box-img-wrapper\"><div class=\"video-box\"><\/div><\/div><\/div><\/div><\/div><\/div><\/div>\n<div class=\"wp-block-buttons is-layout-flex wp-block-buttons-is-layout-flex\">\n<div class=\"wp-block-button\"><a class=\"wp-block-button__link wp-element-button\" href=\"#inscription\">S&#8217;inscrire<\/a><\/div>\n<\/div>\n<div class=\"content-more\"><\/div><\/div><\/div><\/div><\/div>\n\n\n\n<div class=\"wp-block-cg-blocks-card-howwedoit expanders\"><div class=\"box card-regulated-agreements card-howwedoit\"><div class=\"expander-box filter-box tag-active \"><div class=\"expander-title\" tabindex=\"0\" role=\"button\" aria-expanded=\"false\"><h3 class=\"expander-heading-title\"><strong>Digital twin &#8211; product optimization<\/strong><\/h3><\/div><div class=\"expander-subtitle\"><p class=\"small-description\"><strong>Stand G6 \/ 14h-14h20<\/strong><\/p><\/div><div class=\"expander-content\"><p>Asset d\u00e9velopp\u00e9 par AWS et Capgemini : le jumeau num\u00e9rique de production, d\u00e9velopp\u00e9 par Capgemini et AWS, unifie les donn\u00e9es IT\/OT, automatise les analyses d\u2019ing\u00e9nierie et anticipe les d\u00e9faillances pour optimiser en continu l\u2019extraction et la performance des \u00e9quipements.<br><br>Cette approche g\u00e9n\u00e8re jusqu\u2019\u00e0 +8\u202f% de production, \u201330\u202f% de NPT, une forte r\u00e9duction du torchage et jusqu\u2019\u00e0 \u201325\u202f% de co\u00fbts gr\u00e2ce \u00e0 une plateforme cloud-native, AI\u2011powered et pr\u00eate pour l\u2019agentic AI (#Agents4Energy).<br><br>Pr\u00e9sentation anim\u00e9e par :<br><span style=\"font-size: 1rem; letter-spacing: 0.4px;\"><\/span><\/p><ul class=\"box-list\"><li><a href=\"https:\/\/www.linkedin.com\/in\/mikhail-kazakov-28007a24\/\" target=\"_blank\" rel=\"noreferrer noopener\">Mikhail Kazakov<\/a>, Managing Director Open Cascade chez Capgemini<\/li><\/ul><div class=\"bg-color video-align-right\"><div class=\"container\"><div class=\"row video-align-left\"><div class=\"col-md-12\"><div class=\"video-align-left row box box--4 box--mini\"><div class=\"col-md-3\"><\/div><div class=\"col-md-8 box-img-wrapper\"><div class=\"video-box\"><\/div><\/div><\/div><\/div><\/div><\/div><\/div>\n<div class=\"wp-block-buttons is-layout-flex wp-block-buttons-is-layout-flex\">\n<div class=\"wp-block-button\"><a class=\"wp-block-button__link wp-element-button\" href=\"#inscription\">S&#8217;inscrire<\/a><\/div>\n<\/div>\n<div class=\"content-more\"><\/div><\/div><\/div><\/div><\/div>\n\n\n\n<div class=\"wp-block-cg-blocks-card-howwedoit expanders\"><div class=\"box card-regulated-agreements card-howwedoit\"><div class=\"expander-box filter-box tag-active \"><div class=\"expander-title\" tabindex=\"0\" role=\"button\" aria-expanded=\"false\"><h3 class=\"expander-heading-title\"><strong>Pr\u00e9servez le savoir des experts et acc\u00e9l\u00e9rez l&#8217;onboarding de votre \u00e9quipe avec Myellia<\/strong><\/h3><\/div><div class=\"expander-subtitle\"><p class=\"small-description\"><strong>Stand G6 \/ 14h20-14h40<\/strong><\/p><\/div><div class=\"expander-content\"><p>Myellia r\u00e9v\u00e8le l&#8217;intelligence collective cach\u00e9e de vos \u00e9quipes techniques.<br>En connectant Jira, Gitlab, Confluence et vos outils du quotidien, la plateforme rend visible le savoir implicite, souvent dispers\u00e9 ou non document\u00e9. R\u00e9sultat : vous pr\u00e9servez l&#8217;expertise, acc\u00e9l\u00e9rez l&#8217;onboarding et d\u00e9tectez les blocages avant qu&#8217;ils ne freinent vos projets.\u00a0<br><br>Propuls\u00e9e par Amazon Bedrock, Myellia transforme vos donn\u00e9es op\u00e9rationnelles en insights utiles pour mieux comprendre, transmettre et d\u00e9cider. Vos \u00e9quipes gagnent en autonomie, vos managers en clart\u00e9. Une nouvelle mani\u00e8re de piloter, centr\u00e9e sur la compr\u00e9hension plut\u00f4t que le contr\u00f4le, pour des organisations plus fluides, r\u00e9silientes et performantes durablement.<span style=\"font-size: 1rem; letter-spacing: 0.4px;\"><\/span><\/p><ul class=\"box-list\"><li><a href=\"https:\/\/www.linkedin.com\/in\/sandlawrence\/\" target=\"_blank\" rel=\"noreferrer noopener\">Sandy Lawrence<\/a>, IT Automation Team Leader chez Capgemini<\/li><li><a href=\"https:\/\/www.linkedin.com\/in\/ken-k-lawrence\/\">Ken Lawrence<\/a>, Cloud Architect chez Capgemini<\/li><\/ul><div class=\"bg-color video-align-right\"><div class=\"container\"><div class=\"row video-align-left\"><div class=\"col-md-12\"><div class=\"video-align-left row box box--4 box--mini\"><div class=\"col-md-3\"><\/div><div class=\"col-md-8 box-img-wrapper\"><div class=\"video-box\"><\/div><\/div><\/div><\/div><\/div><\/div><\/div>\n<div class=\"wp-block-buttons is-layout-flex wp-block-buttons-is-layout-flex\">\n<div class=\"wp-block-button\"><a class=\"wp-block-button__link wp-element-button\" href=\"#inscription\">S&#8217;inscrire<\/a><\/div>\n<\/div>\n<div class=\"content-more\"><\/div><\/div><\/div><\/div><\/div>\n<\/div><\/div><\/div><\/div><\/section>\n<\/div><\/div><\/div><\/div><\/div><\/section>\n\n\n\n<div class=\"wp-block-anchor-block-standard\" id=\"inscription\" data-anchor-padding=\"\" style=\"--data-anchor-padding: 0px\"><\/div>\n\n\n\n<div class=\"wp-block-cg-blocks-autocloud-form autocloudform\"><div class=\"section--autoCloud-form\"><div class=\"wrapperAutoCloudSection\" id=\"linkToForm\"><div class=\"container\"><div class=\"row\"><div class=\"col-md-12 col-lg-6 left-img align-self-center escaper-left\"><\/div><div class=\"col-md-12 \"><div class=\"autoCloudForm\"><h3 class=\"formHelpText\">Inscrivez-vous \u00e0 une ou plusieurs pr\u00e9sentations<\/h3>\t\t<div class=\"mf_forms__container \">\n\t\t\t\t\t\t\t\t<form id=\"mf_form_805198_2555072836\" class=\"mf_form__form row needs-validation\" action=\"\" method=\"post\" enctype=\"multipart\/form-data\" data-nosnippet>\n\n\t\t\t\t<div class=\"mf-field-wrapper form-floating col-sm-6\"><input type=\"text\" class=\"form-control\" id=\"_mf_805198_9998_1783051638\" name=\"_mf_805198_9998\" placeholder=\"Pr\u00e9nom\" required \/><label for=\"_mf_805198_9998_1783051638\" class=\"form-label\">Pr\u00e9nom <span class=\"star-required\">*<\/span><\/label><div class=\"invalid-feedback-frm\" role=\"alert\">Pr\u00e9nom n&#039;est pas valide<\/div><\/div><div class=\"mf-field-wrapper form-floating col-sm-6\"><input type=\"text\" class=\"form-control\" id=\"_mf_805198_4826_2704480151\" name=\"_mf_805198_4826\" placeholder=\"Nom\" required \/><label for=\"_mf_805198_4826_2704480151\" class=\"form-label\">Nom <span class=\"star-required\">*<\/span><\/label><div class=\"invalid-feedback-frm\" role=\"alert\">Nom n&#039;est pas valide<\/div><\/div><div class=\"mf-field-wrapper form-floating col-sm-6\"><input type=\"text\" class=\"form-control\" id=\"_mf_805198_8381_1488261208\" name=\"_mf_805198_8381\" placeholder=\"Entreprise\" required \/><label for=\"_mf_805198_8381_1488261208\" class=\"form-label\">Entreprise <span class=\"star-required\">*<\/span><\/label><div class=\"invalid-feedback-frm\" role=\"alert\">Entreprise n&#039;est pas valide<\/div><\/div><div class=\"mf-field-wrapper form-floating col-sm-6\">\n\t\t<select tabindex=\"0\" class=\"mac-form-selects form-control empty\"\n\t\t\tid=\"_mf_805198_1429_310683318\"\n\t\t\tname=\"_mf_805198_1429\"\n\t\t\trequired\t\t>\n\t\t\t<option value=\"\">S\u00e9lectionner une valeur<\/option>\n\t\t\t\t\t\t\t<option value=\"Manager\">Manager<\/option>\n\t\t\t\t\t\t\t<option value=\"Operational\">Op\u00e9rationnel<\/option>\n\t\t\t\t\t\t\t<option value=\"Purchaser\">Acheteur<\/option>\n\t\t\t\t\t\t\t<option value=\"Chairman\/Board of Direction\">Pr\u00e9sident\/Conseil d&#039;administration<\/option>\n\t\t\t\t\t\t\t<option value=\"CEO\">PDG<\/option>\n\t\t\t\t\t\t\t<option value=\"CFO\">CFO<\/option>\n\t\t\t\t\t\t\t<option value=\"CIO\/CTO\">DSI\/CTO<\/option>\n\t\t\t\t\t\t\t<option value=\"CDO\/CMO\">CDO\/CMO<\/option>\n\t\t\t\t\t\t\t<option value=\"Other CXO\">Autre CXO<\/option>\n\t\t\t\t\t\t\t<option value=\"Vice President\">Vice-Pr\u00e9sident<\/option>\n\t\t\t\t\t\t\t<option value=\"Director\/Principal Consultant\">Directeur\/Consultant<\/option>\n\t\t\t\t\t\t\t<option value=\"Senior Manager\/Managing consultant\">Gestionnaire\/Conseiller en gestion<\/option>\n\t\t\t\t\t\t\t<option value=\"Consultant\/Senior Consultant\">Consultant\/Senior Consultant<\/option>\n\t\t\t\t\t\t\t<option value=\"Assistant\/Secretary\">Assistant\/Secr\u00e9taire<\/option>\n\t\t\t\t\t<\/select>\n\n\t\t<label for=\"_mf_805198_1429_310683318\" class=\"form-label\">Niveau hi\u00e9rarchique <span class=\"star-required\">*<\/span><\/label><div class=\"invalid-feedback-frm\" role=\"alert\">Niveau hi\u00e9rarchique n&#039;est pas valide<\/div><\/div><div class=\"mf-field-wrapper form-floating col-sm-12\"><input type=\"email\" class=\"form-control\" id=\"_mf_805198_7147_2884634360\" name=\"_mf_805198_7147\" placeholder=\"Email\" required \/><label for=\"_mf_805198_7147_2884634360\" class=\"form-label\">Email <span class=\"star-required\">*<\/span><\/label><div class=\"invalid-feedback-frm\" role=\"alert\">Email n&#039;est pas valide<\/div><\/div><div class=\"mf-field-wrapper  col-sm-12\">\n\t\t<label for=\"_mf_805198_8821_789521623\" class=\"form-label\">\n\t\t\tPr\u00e9sentations \t\t<\/label>\n\n\t\t\n\t\t<div class=\"checkbox-controls checkboxrequired\">\n\n\t\t\t\n\t\t\t\t<div class=\"form-check\">\n\n\t\t\t\t\t<input class=\"form-check-input\" type=\"checkbox\"\n\t\t\t\t\t\tname=\"_mf_805198_8821[]\"\n\t\t\t\t\t\tid=\"_mf_805198_8821_0_789521623\"\n\t\t\t\t\t\tvalue=\"Pr\u00e9sentation 1 - 11h15-11h35 - Approche end-to-end du Move to Cloud\"\n\t\t\t\t\t\t\t\t\t\t\t\trequired\t\t\t\t\t>\n\n\t\t\t\t\t<label class=\"form-check-label\" for=\"_mf_805198_8821_0_789521623\">\n\t\t\t\t\t\tPr\u00e9sentation 1 - 11h15-11h35 - Approche end-to-end du Move to Cloud\t\t\t\t\t<\/label>\n\n\t\t\t\t<\/div>\n\n\t\t\t\t\n\t\t\t\t<div class=\"form-check\">\n\n\t\t\t\t\t<input class=\"form-check-input\" type=\"checkbox\"\n\t\t\t\t\t\tname=\"_mf_805198_8821[]\"\n\t\t\t\t\t\tid=\"_mf_805198_8821_1_789521623\"\n\t\t\t\t\t\tvalue=\"Pr\u00e9sentation 2 - 11h40-12h - Cartographier et optimiser le portefeuille applicatif pour pr\u00e9parer votre roadmap Cloud\"\n\t\t\t\t\t\t\t\t\t\t\t\trequired\t\t\t\t\t>\n\n\t\t\t\t\t<label class=\"form-check-label\" for=\"_mf_805198_8821_1_789521623\">\n\t\t\t\t\t\tPr\u00e9sentation 2 - 11h40-12h - Cartographier et optimiser le portefeuille applicatif pour pr\u00e9parer votre roadmap Cloud\t\t\t\t\t<\/label>\n\n\t\t\t\t<\/div>\n\n\t\t\t\t\n\t\t\t\t<div class=\"form-check\">\n\n\t\t\t\t\t<input class=\"form-check-input\" type=\"checkbox\"\n\t\t\t\t\t\tname=\"_mf_805198_8821[]\"\n\t\t\t\t\t\tid=\"_mf_805198_8821_2_789521623\"\n\t\t\t\t\t\tvalue=\"Pr\u00e9sentation 3 - 12h-12h20 - Automatisation des op\u00e9rations IT et m\u00e9tier avec EAFS ((Enterprise Automation Fabric Sovereign)\"\n\t\t\t\t\t\t\t\t\t\t\t\trequired\t\t\t\t\t>\n\n\t\t\t\t\t<label class=\"form-check-label\" for=\"_mf_805198_8821_2_789521623\">\n\t\t\t\t\t\tPr\u00e9sentation 3 - 12h-12h20 - Automatisation des op\u00e9rations IT et m\u00e9tier avec EAFS ((Enterprise Automation Fabric Sovereign)\t\t\t\t\t<\/label>\n\n\t\t\t\t<\/div>\n\n\t\t\t\t\n\t\t\t\t<div class=\"form-check\">\n\n\t\t\t\t\t<input class=\"form-check-input\" type=\"checkbox\"\n\t\t\t\t\t\tname=\"_mf_805198_8821[]\"\n\t\t\t\t\t\tid=\"_mf_805198_8821_3_789521623\"\n\t\t\t\t\t\tvalue=\"Pr\u00e9sentation 4 - 12h-12h20 - FinOps end-to-end\"\n\t\t\t\t\t\t\t\t\t\t\t\trequired\t\t\t\t\t>\n\n\t\t\t\t\t<label class=\"form-check-label\" for=\"_mf_805198_8821_3_789521623\">\n\t\t\t\t\t\tPr\u00e9sentation 4 - 12h-12h20 - FinOps end-to-end\t\t\t\t\t<\/label>\n\n\t\t\t\t<\/div>\n\n\t\t\t\t\n\t\t\t\t<div class=\"form-check\">\n\n\t\t\t\t\t<input class=\"form-check-input\" type=\"checkbox\"\n\t\t\t\t\t\tname=\"_mf_805198_8821[]\"\n\t\t\t\t\t\tid=\"_mf_805198_8821_4_789521623\"\n\t\t\t\t\t\tvalue=\"Pr\u00e9sentation 5 - 12h40-13h - Modernisation applicative (via AWS Transform)\"\n\t\t\t\t\t\t\t\t\t\t\t\trequired\t\t\t\t\t>\n\n\t\t\t\t\t<label class=\"form-check-label\" for=\"_mf_805198_8821_4_789521623\">\n\t\t\t\t\t\tPr\u00e9sentation 5 - 12h40-13h - Modernisation applicative (via AWS Transform)\t\t\t\t\t<\/label>\n\n\t\t\t\t<\/div>\n\n\t\t\t\t\n\t\t\t\t<div class=\"form-check\">\n\n\t\t\t\t\t<input class=\"form-check-input\" type=\"checkbox\"\n\t\t\t\t\t\tname=\"_mf_805198_8821[]\"\n\t\t\t\t\t\tid=\"_mf_805198_8821_5_789521623\"\n\t\t\t\t\t\tvalue=\"Pr\u00e9sentation 6 - 13h40-14h - AWS European Sovereign Cloud\"\n\t\t\t\t\t\t\t\t\t\t\t\trequired\t\t\t\t\t>\n\n\t\t\t\t\t<label class=\"form-check-label\" for=\"_mf_805198_8821_5_789521623\">\n\t\t\t\t\t\tPr\u00e9sentation 6 - 13h40-14h - AWS European Sovereign Cloud\t\t\t\t\t<\/label>\n\n\t\t\t\t<\/div>\n\n\t\t\t\t\n\t\t\t\t<div class=\"form-check\">\n\n\t\t\t\t\t<input class=\"form-check-input\" type=\"checkbox\"\n\t\t\t\t\t\tname=\"_mf_805198_8821[]\"\n\t\t\t\t\t\tid=\"_mf_805198_8821_6_789521623\"\n\t\t\t\t\t\tvalue=\"Pr\u00e9sentation 7 - 14h-14h20 - Digital twin - product optimization\"\n\t\t\t\t\t\t\t\t\t\t\t\trequired\t\t\t\t\t>\n\n\t\t\t\t\t<label class=\"form-check-label\" for=\"_mf_805198_8821_6_789521623\">\n\t\t\t\t\t\tPr\u00e9sentation 7 - 14h-14h20 - Digital twin - product optimization\t\t\t\t\t<\/label>\n\n\t\t\t\t<\/div>\n\n\t\t\t\t\n\t\t\t\t<div class=\"form-check\">\n\n\t\t\t\t\t<input class=\"form-check-input\" type=\"checkbox\"\n\t\t\t\t\t\tname=\"_mf_805198_8821[]\"\n\t\t\t\t\t\tid=\"_mf_805198_8821_7_789521623\"\n\t\t\t\t\t\tvalue=\"Pr\u00e9sentation 8 - 14h20-14h40 - Myellia, plateforme IA multi\u2011agents qui r\u00e9v\u00e8le l\u2019intelligence collective de l\u2019\u00e9quipe\"\n\t\t\t\t\t\t\t\t\t\t\t\trequired\t\t\t\t\t>\n\n\t\t\t\t\t<label class=\"form-check-label\" for=\"_mf_805198_8821_7_789521623\">\n\t\t\t\t\t\tPr\u00e9sentation 8 - 14h20-14h40 - Myellia, plateforme IA multi\u2011agents qui r\u00e9v\u00e8le l\u2019intelligence collective de l\u2019\u00e9quipe\t\t\t\t\t<\/label>\n\n\t\t\t\t<\/div>\n\n\t\t\t\t\n\t\t<\/div>\n\n\t\t<div class=\"invalid-feedback-frm\" role=\"alert\">Pr\u00e9sentations n&#039;est pas valide<\/div><\/div><div class=\"mf-field-wrapper  col-sm-12\">\n\t\t<div class=\"form-check checkbox-controls\">\n\n\t\t\t<input type=\"checkbox\" id=\"_mf_805198_5365_664468037\" class=\"form-check-input\"\n\t\t\t\tname=\"_mf_805198_5365[]\"\n\t\t\t\tvalue=\"1\"\n\t\t\t\trequired\n\t\t\t>\n\n\t\t\t<label for=\"_mf_805198_5365_664468037\" class=\"form-check-label consent-text\">\n\t\t\t\tEn acceptant cette invitation et en assistant \u00e0 cet \u00e9v\u00e9nement, vous confirmez que cette invitation respecte les r\u00e8gles internes en vigueur au sein de votre entreprise ou organisation.  &nbsp;\t\t\t<\/label>\n\n\t\t<\/div>\n\t\t<div class=\"invalid-feedback-frm\" role=\"alert\">Ce champs est requis<\/div><\/div>\t\t\t<div class=\"mf_field mf_field--recaptcha\">\n\t\t\t\t<div class=\"g-recaptcha\" data-sitekey=\"6Lc3OpIUAAAAADY4ErEHF0HF6Tr7vuknduDU-fbl\"><\/div>\n\t\t\t<\/div>\n\t\t\t\n\t\t\t<div class=\"mf_field mf_field--submit\" >\n\t\t\t\t<div class=\"slide-button-background button-background\">\n\t\t\t\t\t<label for=\"slider-submit-_mf_805198_3059\" class=\"slide-text\">\n\t\t\t\t\t\tFaire glisser\t\t\t\t\t<\/label>\n\t\t\t\t\t<input\n\t\t\t\t\t\tid=\"slider-submit-_mf_805198_3059\"\n\t\t\t\t\t\ttype=\"range\"\n\t\t\t\t\t\tclass=\"mf_field__input slider-frm-btn\"\n\t\t\t\t\t\trel=\"_mf_805198_3059\"\n\t\t\t\t\t\tmin=\"0\"\n\t\t\t\t\t\tmax=\"100\"\n\t\t\t\t\t\tvalue=\"0\"\n\t\t\t\t\t\taria-label=\"Slide to submit\"\n\t\t\t\t\t\taria-describedby=\"slide-instruction-_mf_805198_3059\"\n\t\t\t\t\t\taria-valuenow=\"0\"\n\t\t\t\t\t\taria-valuemin=\"0\"\n\t\t\t\t\t\taria-valuemax=\"100\"\n\t\t\t\t\t\taria-orientation=\"horizontal\"\n\t\t\t\t\t\trole=\"slider\"\n\t\t\t\t\t\ttabindex=\"0\"\n\t\t\t\t\t\/>\n\t\t\t\t\t<span id=\"slide-instruction-_mf_805198_3059\" class=\"sr-only\">\n\t\t\t\t\t\tUtilisez les fl\u00e8ches droite pour faire d\u00e9filer ou faites glisser vers la droite avec votre doigt. Lorsque vous atteignez 100 %, le formulaire est envoy\u00e9.\t\t\t\t\t<\/span>\n\t\t\t\t\t<!-- Mobile-only submit button fallback -->\n\t\t\t\t\t<button type=\"submit\" class=\"mf-mobile-submit-btn\" disabled>\n\t\t\t\t\t\t<span class=\"sr-only\">Si vous utilisez un lecteur d\u2019\u00e9cran ou VoiceOver, appuyez deux fois sur ce bouton pour envoyer le formulaire.<\/span>\n\t\t\t\t\t\tFaire glisser\t\t\t\t\t<\/button>\n\t\t\t\t<\/div>\n\t\t\t\t<input type=\"hidden\" name=\"submit_btn_txt\" class=\"submit_btn_txt\" value=\"Faire glisser\"\/>\n\t\t\t\t<input type=\"hidden\" name=\"submitted_state_txt\" class=\"submitted_state_txt\" value=\"Valider\"\/>\n\t\t\t<\/div>\n\t\t\t\t\t\t<input type=\"hidden\" name=\"form_id\" data-validate=\"number\" class=\"mf_form__id\" value=\"805198\" \/>\n\t\t\t\t<input type=\"hidden\" name=\"form_title\" class=\"mf_form__title\" value=\"aws-summit-2026\" \/>\n\t\t\t\t<input type=\"hidden\" name=\"wp_rest_nonce\" class=\"mf_form__wp_rest_nonce\" value=\"f3f724545d\" \/>\n\n\t\t\t\t<input type=\"hidden\" name=\"mf_form_conditional_logic\" class=\"mf_form__title conditional_logic\" value=\"\" \/>\n\t\t\t\t\n\t\t\t\t<input type=\"hidden\" name=\"mf_form_fields_country_dpo_field\" class=\"mf_form__title conditional_logic mf_form_fields_country_dpo_field\" value=\"_mf_805198_5365\" \/>\n\n\t\t\t\t<!-- Anti-spam field -->\n\t\t\t\t<input type=\"text\" \n\t\t\t\t\tname=\"website_url\" \n\t\t\t\t\tclass=\"mf_field__url\" \n\t\t\t\t\tautocomplete=\"off\"\n\t\t\t\t\ttabindex=\"-1\"\n\t\t\t\t\taria-hidden=\"true\"\n\t\t\t\t\tstyle=\"position:absolute;left:-9999px;width:1px;height:1px;opacity:0;pointer-events:none;\" \n\t\t\t\t\/>\n\t\t\t<\/form>\n\n\t\t\t<div class=\"mf_form__success\" tabindex=\"0\" role=\"alert\">\n\t\t\t\tMerci pour votre int\u00e9r\u00eat \u00e0 nos pr\u00e9sentations \u00e0 l'AWS Summit 2026.<\/p>\n\t\t\t<\/div>\n\t\t\t<div class=\"mf_form__errors\">\n\t\t\t\t<p>D\u00e9sol\u00e9, la soumission du formulaire a \u00e9chou\u00e9. Merci de r\u00e9essayer.<\/p>\n\t\t\t<\/div>\n\t\t\t\t<\/div>\n\n\t\t<script>\n\t\t\twindow.MF_CONFIG805198 = {\"805198\":{\"errors\":{\"_mf_805198_5365\":\"Ce champs est requis\"},\"redirect\":\"\"}};\n\t\t<\/script>\n\t\n<\/div><\/div><\/div><\/div><\/div><\/div><\/div>\n\n\n\n<section class=\" section section--expert-slider wrapper-people-slider wp-block-cg-blocks-wrapper-people-slider undefined\"><div class=\"container\"><div class=\"row\"><div class=\"content-title col-12 col-md-8\"><h2 data-maxlength=\"34\" class=\"people-heading-title\">Nos experts<\/h2><\/div><\/div><\/div><div class=\"slider slider-boxed\"><div class=\"container\"><div class=\"slider-window\"><div class=\"slider-list\">\t\t<div class=\"slide\">\n\t\t\t<div class=\"box\">\n\t\t\t\t<div class=\"row\">\n\t\t\t\t\t<div class=\"col-md-6 col-lg-4 box-img-wrapper\">\n\t\t\t\t\t\t<img decoding=\"async\" loading=\"lazy\" src=\"https:\/\/www.capgemini.com\/fr-fr\/wp-content\/uploads\/sites\/6\/2022\/04\/PC-Thomas-Sarrazin.png\" alt=\"Thomas Sarrazin\"\/>\n\t\t\t\t\t<\/div>\n\t\t\t\t\t<div class=\"col-md-6 col-lg-8 box-inner\">\n\t\t\t\t\t\t<div class=\"row title-social-media-header\">\n\t\t\t\t\t\t\t<div class=\"col-md-12 col-lg-6 mbl-social-icon\">\n\t\t\t\t\t\t\t\t<ul class=\"social-nav\">\n\t\t\t\t\t\t\t\t\t\t\t\t\t\t\t\t\t\t\t\t\t\t\t\t\t\t\t\t\t\t\t\t\t\t\t\t\t\t\t\t\t\t\t\t\t\t\t\t\t\t\t\t\t\t\t<li><a aria-label=\"Linkedin\" target=\"_blank\" title=\"Ouvrir dans une nouvelle fen\u00eatre\" href=\"http:\/\/www.linkedin.com\/in\/thomas-sarrazin-9462171\"><i aria-hidden=\"true\" class=\"icon-li\"><\/i><\/a><\/li>\n\t\t\t\t\t\t\t\t\t\t\t\t\t\t\t\t\t<\/ul>\n\t\t\t\t\t\t\t<\/div>\n\t\t\t\t\t\t\t<div class=\"col-md-12 col-lg-6 box-container\">\n\t\t\t\t\t\t\t\t<div class=\"box-title\">\n\t\t\t\t\t\t\t\t\t<h3 class=\"people-profile-title\">Thomas Sarrazin<\/h3>\n\t\t\t\t\t\t\t\t<\/div>\n\t\t\t\t\t\t\t\t\t\t\t\t\t\t\t\t\t<span>Chief Enterprise architect, Cloud advisor, FinOps, Capgemini<\/span>\n\t\t\t\t\t\t\t\t\t\t\t\t\t\t\t<\/div>\n\t\t\t\t\t\t\t<div class=\"col-md-12 col-lg-6 social-box-container dkt-social-icon\">\n\t\t\t\t\t\t\t\t<ul class=\"social-nav\">\n\t\t\t\t\t\t\t\t\t\t\t\t\t\t\t\t\t\t\t\t\t\t\t\t\t\t\t\t\t\t\t\t\t\t\t\t\t\t\t\t\t\t\t\t\t\t\t\t\t\t\t\t\t\t\t<li><a aria-label=\"Linkedin\" target=\"_blank\" title=\"Ouvrir dans une nouvelle fen\u00eatre\" href=\"http:\/\/www.linkedin.com\/in\/thomas-sarrazin-9462171\"><i aria-hidden=\"true\" class=\"icon-li\"><\/i><\/a><\/li>\n\t\t\t\t\t\t\t\t\t\t\t\t\t\t\t\t\t<\/ul>\n\t\t\t\t\t\t\t<\/div>\n\t\t\t\t\t\t<\/div>\n\t\t\t\t\t\t\t\t\t\t\t\t\t<div class=\"people-info\">Ing\u00e9nieur diplom\u00e9 de l\u2019ESME-Sudria, Thomas d\u00e9marre sa carri\u00e8re dans la gestion op\u00e9rationnelle d\u2019\u00e9quipes sp\u00e9cialis\u00e9es dans les infrastructures (Datacenter, r\u00e9seaux, syst\u00e8mes, poste de travail), Thomas a particip\u00e9 au lancement de startups Web parmi lesquelles Kelkoo. Il rejoint Capgemini dans des r\u00f4les d\u2019architecte cloud et de management d\u2019\u00e9quipes l\u2019amenant \u00e0 travailler pour de grands comptes du CAC40 ainsi que pour des projets de d\u00e9ploiement de solution cloud \u00e0 l\u2019international. Depuis quelques ann\u00e9es, Thomas est membre du centre d\u2019excellence Cloud assurant le r\u00f4le de cloud advisor et porteur des offres Cloud cost on demand et Sustainable FinOps se focalisant sur l\u2019optimisation des co\u00fbts des solutions cloud.<\/div>\n\t\t\t\t\t\t\t\t\t\t\t<\/div>\n\t\t\t\t<\/div>\n\t\t\t<\/div>\n\t\t\t\t\t<\/div>\n\t\t\n\n\t\t<div class=\"slide\">\n\t\t\t<div class=\"box\">\n\t\t\t\t<div class=\"row\">\n\t\t\t\t\t<div class=\"col-md-6 col-lg-4 box-img-wrapper\">\n\t\t\t\t\t\t<img decoding=\"async\" loading=\"lazy\" src=\"https:\/\/www.capgemini.com\/fr-fr\/wp-content\/uploads\/sites\/6\/2022\/04\/clech-keelan-1.jpg\" alt=\"Keelan Clech\"\/>\n\t\t\t\t\t<\/div>\n\t\t\t\t\t<div class=\"col-md-6 col-lg-8 box-inner\">\n\t\t\t\t\t\t<div class=\"row title-social-media-header\">\n\t\t\t\t\t\t\t<div class=\"col-md-12 col-lg-6 mbl-social-icon\">\n\t\t\t\t\t\t\t\t<ul class=\"social-nav\">\n\t\t\t\t\t\t\t\t\t\t\t\t\t\t\t\t\t\t\t\t\t\t\t\t\t\t\t\t\t\t\t\t\t\t\t\t\t\t\t\t\t\t\t\t\t\t\t\t\t\t\t\t\t\t\t<li><a aria-label=\"Linkedin\" target=\"_blank\" title=\"Ouvrir dans une nouvelle fen\u00eatre\" href=\"https:\/\/www.linkedin.com\/in\/keelanclech\/\"><i aria-hidden=\"true\" class=\"icon-li\"><\/i><\/a><\/li>\n\t\t\t\t\t\t\t\t\t\t\t\t\t\t\t\t\t<\/ul>\n\t\t\t\t\t\t\t<\/div>\n\t\t\t\t\t\t\t<div class=\"col-md-12 col-lg-6 box-container\">\n\t\t\t\t\t\t\t\t<div class=\"box-title\">\n\t\t\t\t\t\t\t\t\t<h3 class=\"people-profile-title\">Keelan Clech<\/h3>\n\t\t\t\t\t\t\t\t<\/div>\n\t\t\t\t\t\t\t\t\t\t\t\t\t\t\t\t\t<span>Expert en Cloud<\/span>\n\t\t\t\t\t\t\t\t\t\t\t\t\t\t\t<\/div>\n\t\t\t\t\t\t\t<div class=\"col-md-12 col-lg-6 social-box-container dkt-social-icon\">\n\t\t\t\t\t\t\t\t<ul class=\"social-nav\">\n\t\t\t\t\t\t\t\t\t\t\t\t\t\t\t\t\t\t\t\t\t\t\t\t\t\t\t\t\t\t\t\t\t\t\t\t\t\t\t\t\t\t\t\t\t\t\t\t\t\t\t\t\t\t\t<li><a aria-label=\"Linkedin\" target=\"_blank\" title=\"Ouvrir dans une nouvelle fen\u00eatre\" href=\"https:\/\/www.linkedin.com\/in\/keelanclech\/\"><i aria-hidden=\"true\" class=\"icon-li\"><\/i><\/a><\/li>\n\t\t\t\t\t\t\t\t\t\t\t\t\t\t\t\t\t<\/ul>\n\t\t\t\t\t\t\t<\/div>\n\t\t\t\t\t\t<\/div>\n\t\t\t\t\t\t\t\t\t\t\t<\/div>\n\t\t\t\t<\/div>\n\t\t\t<\/div>\n\t\t\t\t\t<\/div>\n\t\t\n\n\t\t<div class=\"slide\">\n\t\t\t<div class=\"box\">\n\t\t\t\t<div class=\"row\">\n\t\t\t\t\t<div class=\"col-md-6 col-lg-4 box-img-wrapper\">\n\t\t\t\t\t\t<img decoding=\"async\" loading=\"lazy\" src=\"https:\/\/www.capgemini.com\/fr-fr\/wp-content\/uploads\/sites\/6\/2024\/01\/Thomas-Heron-Pic.jpg\" alt=\"Thomas H\u00e9ron\"\/>\n\t\t\t\t\t<\/div>\n\t\t\t\t\t<div class=\"col-md-6 col-lg-8 box-inner\">\n\t\t\t\t\t\t<div class=\"row title-social-media-header\">\n\t\t\t\t\t\t\t<div class=\"col-md-12 col-lg-6 mbl-social-icon\">\n\t\t\t\t\t\t\t\t<ul class=\"social-nav\">\n\t\t\t\t\t\t\t\t\t\t\t\t\t\t\t\t\t\t\t\t\t\t\t\t\t\t\t\t\t\t\t\t\t\t\t\t\t\t\t\t\t\t\t\t\t\t\t\t\t\t\t\t\t\t\t<li><a aria-label=\"Linkedin\" target=\"_blank\" title=\"Ouvrir dans une nouvelle fen\u00eatre\" href=\"https:\/\/www.linkedin.com\/in\/thomasheron\/\"><i aria-hidden=\"true\" class=\"icon-li\"><\/i><\/a><\/li>\n\t\t\t\t\t\t\t\t\t\t\t\t\t\t\t\t\t<\/ul>\n\t\t\t\t\t\t\t<\/div>\n\t\t\t\t\t\t\t<div class=\"col-md-12 col-lg-6 box-container\">\n\t\t\t\t\t\t\t\t<div class=\"box-title\">\n\t\t\t\t\t\t\t\t\t<h3 class=\"people-profile-title\">Thomas H\u00e9ron<\/h3>\n\t\t\t\t\t\t\t\t<\/div>\n\t\t\t\t\t\t\t\t\t\t\t\t\t\t\t\t\t<span>Architecte d&#039;entreprise \u2013 Business Analyst \u2013 Cloud Advisor \u2013 Bid Manager<\/span>\n\t\t\t\t\t\t\t\t\t\t\t\t\t\t\t<\/div>\n\t\t\t\t\t\t\t<div class=\"col-md-12 col-lg-6 social-box-container dkt-social-icon\">\n\t\t\t\t\t\t\t\t<ul class=\"social-nav\">\n\t\t\t\t\t\t\t\t\t\t\t\t\t\t\t\t\t\t\t\t\t\t\t\t\t\t\t\t\t\t\t\t\t\t\t\t\t\t\t\t\t\t\t\t\t\t\t\t\t\t\t\t\t\t\t<li><a aria-label=\"Linkedin\" target=\"_blank\" title=\"Ouvrir dans une nouvelle fen\u00eatre\" href=\"https:\/\/www.linkedin.com\/in\/thomasheron\/\"><i aria-hidden=\"true\" class=\"icon-li\"><\/i><\/a><\/li>\n\t\t\t\t\t\t\t\t\t\t\t\t\t\t\t\t\t<\/ul>\n\t\t\t\t\t\t\t<\/div>\n\t\t\t\t\t\t<\/div>\n\t\t\t\t\t\t\t\t\t\t\t\t\t<div class=\"people-info\">Dipl\u00f4m\u00e9 de l&#8217;Ecole Centrale Paris (maintenant CentraleSupelec) et de l&#8217;Universit\u00e9 de Cambidge (UK) en Informatique G\u00e9n\u00e9rale (1992), j&#8217;ai principalement occup\u00e9 des fonctions de DSI\/CTO en PME dans diff\u00e9rents domaines. Chez un \u00e9diteur de logiciels (2006-2019) dans un contexte international et avec une \u00e9quipe de 40 personnes, j&#8217;ai men\u00e9 le changement du mod\u00e8le de delivery du produit lors de la transition strat\u00e9gique du passage en mode SaaS. J&#8217;y ai gagn\u00e9 une solide exp\u00e9rience du Cloud et de AWS en particulier. Depuis que j&#8217;ai rejoint Capgemini il y a deux ans, j&#8217;ai surtout \u00e9t\u00e9 impliqu\u00e9 dans des projets de consulting dans un r\u00f4le d&#8217;Architecte d&#8217;Entreprise.<\/div>\n\t\t\t\t\t\t\t\t\t\t\t<\/div>\n\t\t\t\t<\/div>\n\t\t\t<\/div>\n\t\t\t\t\t<\/div>\n\t\t\n\n\t\t<div class=\"slide\">\n\t\t\t<div class=\"box\">\n\t\t\t\t<div class=\"row\">\n\t\t\t\t\t<div class=\"col-md-6 col-lg-4 box-img-wrapper\">\n\t\t\t\t\t\t<img decoding=\"async\" loading=\"lazy\" src=\"https:\/\/www.capgemini.com\/fr-fr\/wp-content\/uploads\/sites\/6\/2022\/08\/Marc-Herubel-PC.jpg\" alt=\"Marc Herubel\"\/>\n\t\t\t\t\t<\/div>\n\t\t\t\t\t<div class=\"col-md-6 col-lg-8 box-inner\">\n\t\t\t\t\t\t<div class=\"row title-social-media-header\">\n\t\t\t\t\t\t\t<div class=\"col-md-12 col-lg-6 mbl-social-icon\">\n\t\t\t\t\t\t\t\t<ul class=\"social-nav\">\n\t\t\t\t\t\t\t\t\t\t\t\t\t\t\t\t\t\t\t\t\t\t\t\t\t\t\t\t\t\t\t\t\t\t\t\t\t\t\t\t\t\t\t\t\t\t\t\t\t\t\t\t\t\t\t<li><a aria-label=\"Linkedin\" target=\"_blank\" title=\"Ouvrir dans une nouvelle fen\u00eatre\" href=\"https:\/\/www.linkedin.com\/in\/marc-herubel-54056a10\/\"><i aria-hidden=\"true\" class=\"icon-li\"><\/i><\/a><\/li>\n\t\t\t\t\t\t\t\t\t\t\t\t\t\t\t\t\t<\/ul>\n\t\t\t\t\t\t\t<\/div>\n\t\t\t\t\t\t\t<div class=\"col-md-12 col-lg-6 box-container\">\n\t\t\t\t\t\t\t\t<div class=\"box-title\">\n\t\t\t\t\t\t\t\t\t<h3 class=\"people-profile-title\">Marc Herubel<\/h3>\n\t\t\t\t\t\t\t\t<\/div>\n\t\t\t\t\t\t\t\t\t\t\t\t\t\t\t\t\t<span>VP, Lead Cloud Transformation<\/span>\n\t\t\t\t\t\t\t\t\t\t\t\t\t\t\t<\/div>\n\t\t\t\t\t\t\t<div class=\"col-md-12 col-lg-6 social-box-container dkt-social-icon\">\n\t\t\t\t\t\t\t\t<ul class=\"social-nav\">\n\t\t\t\t\t\t\t\t\t\t\t\t\t\t\t\t\t\t\t\t\t\t\t\t\t\t\t\t\t\t\t\t\t\t\t\t\t\t\t\t\t\t\t\t\t\t\t\t\t\t\t\t\t\t\t<li><a aria-label=\"Linkedin\" target=\"_blank\" title=\"Ouvrir dans une nouvelle fen\u00eatre\" href=\"https:\/\/www.linkedin.com\/in\/marc-herubel-54056a10\/\"><i aria-hidden=\"true\" class=\"icon-li\"><\/i><\/a><\/li>\n\t\t\t\t\t\t\t\t\t\t\t\t\t\t\t\t\t<\/ul>\n\t\t\t\t\t\t\t<\/div>\n\t\t\t\t\t\t<\/div>\n\t\t\t\t\t\t\t\t\t\t\t<\/div>\n\t\t\t\t<\/div>\n\t\t\t<\/div>\n\t\t\t\t\t<\/div>\n\t\t\n\n\t\t<div class=\"slide\">\n\t\t\t<div class=\"box\">\n\t\t\t\t<div class=\"row\">\n\t\t\t\t\t<div class=\"col-md-6 col-lg-4 box-img-wrapper\">\n\t\t\t\t\t\t<img decoding=\"async\" loading=\"lazy\" src=\"https:\/\/www.capgemini.com\/fr-fr\/wp-content\/uploads\/sites\/6\/2026\/03\/sandy-lawrence-bw.jpg\" alt=\"Sandy Lawrence\"\/>\n\t\t\t\t\t<\/div>\n\t\t\t\t\t<div class=\"col-md-6 col-lg-8 box-inner\">\n\t\t\t\t\t\t<div class=\"row title-social-media-header\">\n\t\t\t\t\t\t\t<div class=\"col-md-12 col-lg-6 mbl-social-icon\">\n\t\t\t\t\t\t\t\t<ul class=\"social-nav\">\n\t\t\t\t\t\t\t\t\t\t\t\t\t\t\t\t\t\t\t\t\t\t\t\t\t\t\t\t\t\t\t\t\t\t\t\t\t\t\t\t\t\t\t\t\t\t\t\t\t\t\t\t\t\t\t<li><a aria-label=\"Linkedin\" target=\"_blank\" title=\"Ouvrir dans une nouvelle fen\u00eatre\" href=\"https:\/\/www.linkedin.com\/in\/sandlawrence\/overlay\/photo\/\"><i aria-hidden=\"true\" class=\"icon-li\"><\/i><\/a><\/li>\n\t\t\t\t\t\t\t\t\t\t\t\t\t\t\t\t\t<\/ul>\n\t\t\t\t\t\t\t<\/div>\n\t\t\t\t\t\t\t<div class=\"col-md-12 col-lg-6 box-container\">\n\t\t\t\t\t\t\t\t<div class=\"box-title\">\n\t\t\t\t\t\t\t\t\t<h3 class=\"people-profile-title\">Sandy Lawrence<\/h3>\n\t\t\t\t\t\t\t\t<\/div>\n\t\t\t\t\t\t\t\t\t\t\t\t\t\t\t\t\t<span>IT Automation Team Leader, Capgemini<\/span>\n\t\t\t\t\t\t\t\t\t\t\t\t\t\t\t<\/div>\n\t\t\t\t\t\t\t<div class=\"col-md-12 col-lg-6 social-box-container dkt-social-icon\">\n\t\t\t\t\t\t\t\t<ul class=\"social-nav\">\n\t\t\t\t\t\t\t\t\t\t\t\t\t\t\t\t\t\t\t\t\t\t\t\t\t\t\t\t\t\t\t\t\t\t\t\t\t\t\t\t\t\t\t\t\t\t\t\t\t\t\t\t\t\t\t<li><a aria-label=\"Linkedin\" target=\"_blank\" title=\"Ouvrir dans une nouvelle fen\u00eatre\" href=\"https:\/\/www.linkedin.com\/in\/sandlawrence\/overlay\/photo\/\"><i aria-hidden=\"true\" class=\"icon-li\"><\/i><\/a><\/li>\n\t\t\t\t\t\t\t\t\t\t\t\t\t\t\t\t\t<\/ul>\n\t\t\t\t\t\t\t<\/div>\n\t\t\t\t\t\t<\/div>\n\t\t\t\t\t\t\t\t\t\t\t\t\t<div class=\"people-info\">Sandy dirige une \u00e9quipe de dix ing\u00e9nieurs d\u00e9di\u00e9e \u00e0 l\u2019automatisation des infrastructures IT dans le secteur spatial. Apr\u00e8s une reconversion vers le d\u00e9veloppement en 2018, elle \u00e9volue vers l\u2019ing\u00e9nierie des syst\u00e8mes puis le DevOps. \nTitulaire du titre europ\u00e9en de psychologue du travail et d\u2019un master en ing\u00e9nierie de la formation, leader engag\u00e9e, elle incarne une nouvelle mani\u00e8re de penser la technologie : au service de l\u2019humain, de la transmission et de l\u2019excellence op\u00e9rationnelle. En 2025, elle pense et co\u2011con\u00e7oit un projet IA prim\u00e9 au concours d\u2019innovation toulousain de Capgemini.<\/div>\n\t\t\t\t\t\t\t\t\t\t\t<\/div>\n\t\t\t\t<\/div>\n\t\t\t<\/div>\n\t\t\t\t\t<\/div>\n\t\t\n\n\t\t<div class=\"slide\">\n\t\t\t<div class=\"box\">\n\t\t\t\t<div class=\"row\">\n\t\t\t\t\t<div class=\"col-md-6 col-lg-4 box-img-wrapper\">\n\t\t\t\t\t\t<img decoding=\"async\" loading=\"lazy\" src=\"https:\/\/www.capgemini.com\/fr-fr\/wp-content\/uploads\/sites\/6\/2026\/03\/Ken-LawrenceBW-1.jpg\" alt=\"Ken Lawrence\"\/>\n\t\t\t\t\t<\/div>\n\t\t\t\t\t<div class=\"col-md-6 col-lg-8 box-inner\">\n\t\t\t\t\t\t<div class=\"row title-social-media-header\">\n\t\t\t\t\t\t\t<div class=\"col-md-12 col-lg-6 mbl-social-icon\">\n\t\t\t\t\t\t\t\t<ul class=\"social-nav\">\n\t\t\t\t\t\t\t\t\t\t\t\t\t\t\t\t\t\t\t\t\t\t\t\t\t\t\t\t\t\t\t\t\t\t\t\t\t\t\t\t\t\t\t\t\t\t\t\t\t\t\t\t\t\t\t<li><a aria-label=\"Linkedin\" target=\"_blank\" title=\"Ouvrir dans une nouvelle fen\u00eatre\" href=\"https:\/\/www.linkedin.com\/in\/ken-k-lawrence\/\"><i aria-hidden=\"true\" class=\"icon-li\"><\/i><\/a><\/li>\n\t\t\t\t\t\t\t\t\t\t\t\t\t\t\t\t\t<\/ul>\n\t\t\t\t\t\t\t<\/div>\n\t\t\t\t\t\t\t<div class=\"col-md-12 col-lg-6 box-container\">\n\t\t\t\t\t\t\t\t<div class=\"box-title\">\n\t\t\t\t\t\t\t\t\t<h3 class=\"people-profile-title\">Ken Lawrence<\/h3>\n\t\t\t\t\t\t\t\t<\/div>\n\t\t\t\t\t\t\t\t\t\t\t\t\t\t\t\t\t<span>Cloud Architect, Capgemini<\/span>\n\t\t\t\t\t\t\t\t\t\t\t\t\t\t\t<\/div>\n\t\t\t\t\t\t\t<div class=\"col-md-12 col-lg-6 social-box-container dkt-social-icon\">\n\t\t\t\t\t\t\t\t<ul class=\"social-nav\">\n\t\t\t\t\t\t\t\t\t\t\t\t\t\t\t\t\t\t\t\t\t\t\t\t\t\t\t\t\t\t\t\t\t\t\t\t\t\t\t\t\t\t\t\t\t\t\t\t\t\t\t\t\t\t\t<li><a aria-label=\"Linkedin\" target=\"_blank\" title=\"Ouvrir dans une nouvelle fen\u00eatre\" href=\"https:\/\/www.linkedin.com\/in\/ken-k-lawrence\/\"><i aria-hidden=\"true\" class=\"icon-li\"><\/i><\/a><\/li>\n\t\t\t\t\t\t\t\t\t\t\t\t\t\t\t\t\t<\/ul>\n\t\t\t\t\t\t\t<\/div>\n\t\t\t\t\t\t<\/div>\n\t\t\t\t\t\t\t\t\t\t\t\t\t<div class=\"people-info\">Ken accompagne les organisations dans leur transformation cloud en s\u2019appuyant sur les services d\u2019AWS. \n \nSon approche allie vision strat\u00e9gique et excellence op\u00e9rationnelle pour concevoir des solutions performantes, s\u00e9curis\u00e9es et optimis\u00e9es en co\u00fbts. Il intervient sur des enjeux cl\u00e9s tels que la modernisation des syst\u00e8mes, l\u2019automatisation des d\u00e9ploiements et l\u2019am\u00e9lioration continue de la performance des plateformes num\u00e9riques.\n \nSa conviction forte : le cloud n\u2019est pas seulement une technologie, mais un levier d\u2019innovation et d\u2019acc\u00e9l\u00e9ration business.<\/div>\n\t\t\t\t\t\t\t\t\t\t\t<\/div>\n\t\t\t\t<\/div>\n\t\t\t<\/div>\n\t\t\t\t\t<\/div>\n\t\t<\/div><\/div><\/div><div class=\"slider-nav\"><button class=\"slider-prev inactive\" aria-label=\"Curseur pr\u00e9c\u00e9dent\" tabindex=\"-1\"><\/button><ul class=\"slider-paginator\"><\/ul><button class=\"slider-next\" aria-label=\"Curseur suivant\"><\/button><\/div><\/div><\/section>\n\n\n\n\t\t<section\n\t\t\tclass=\"section section--lifeatcap-learning section--event-slider-careerInvent \">\n\n\t\t\t<div class=\"container\">\n\t\t\t\t<div class='career-invent-header'>\n\t\t\t\t\t\t\t\t\t\t\t<div class=\"row\">\n\t\t\t\t\t\t\t<div class=\"heading col-12 col-md-8\">\n\t\t\t\t\t\t\t\t<h2>Pour aller plus loin<\/h2>\n\t\t\t\t\t\t\t<\/div>\n\t\t\t\t\t\t<\/div>\n\t\t\t\t\t\t\t\t\t\t\t\t\t\t<\/div>\n\t\t\t<\/div>\n\n\t\t\t<div class=\"slider slider-fader a700bf94-03df-434f-8022-089888bf2a9f\">\n\t\t\t\t\t\t\t\t<div\n\t\t\t\t\tclass=\"slider-list \">\n\t\t\t\t\t\t\t\t\t\t\t<div\n\t\t\t\t\t\t\tclass=\"slide active \">\n\t\t\t\t\t\t\t<div\n\t\t\t\t\t\t\t\tclass=\"slide-bg-wrapper wp-block-cg-blocks-career-invent \">\n\t\t\t\t\t\t\t\t<div class=\"bgImagesection\">\n\t\t\t\t\t\t\t\t\t\t\t\t\t\t\t\t\t\t\t<div class=\"bgColor\"><\/div>\n\t\t\t\t\t\t\t\t\t\n\t\t\t\t\t\t\t\t\t<div class=\"container slide-info-wrapper\">\n\t\t\t\t\t\t\t\t\t\t<div class=\"row\">\n\t\t\t\t\t\t\t\t\t\t\t<div\n\t\t\t\t\t\t\t\t\t\t\t\tclass=\"col-md-6 col-sm-12 box-inner \">\n\t\t\t\t\t\t\t\t\t\t\t\t\t\t\t\t\t\t\t\t\t\t\t\t\t<div class=\"bgColor\"><\/div>\n\t\t\t\t\t\t\t\t\t\t\t\t\t\t\t\t\t\t\t\t\t\t\t\t\t\t\t\t\t\t\t\t\t\t\t\t\t<div\n\t\t\t\t\t\t\t\t\t\t\t\t\t\tclass=\"content-title \">\n\t\t\t\t\t\t\t\t\t\t\t\t\t\t<h3 class=\"explore-header\"\n\t\t\t\t\t\t\t\t\t\t\t\t\t\t\tdata-maxlength=\"68\"\n\t\t\t\t\t\t\t\t\t\t\t\t\t\t\ttitle=\"Norte partenariat Amazon Web Services\">\n\t\t\t\t\t\t\t\t\t\t\t\t\t\t\tNorte partenariat Amazon Web Services\t\t\t\t\t\t\t\t\t\t\t\t\t\t<\/h3>\n\t\t\t\t\t\t\t\t\t\t\t\t\t<\/div>\n\t\t\t\t\t\t\t\t\t\t\t\t\n\t\t\t\t\t\t\t\t\t\t\t\t\t\t\t\t\t\t\t\t\t\t\t\t\t\t\t\t\t\t\t\t\t\t\t\t\t\t\t<div\n\t\t\t\t\t\t\t\t\t\t\t\t\t\t\tclass=\"box-title \">\n\t\t\t\t\t\t\t\t\t\t\t\t\t\t\t<h4 data-maxlength=\"144\"\n\t\t\t\t\t\t\t\t\t\t\t\t\t\t\t\ttitle=\"Ensemble, Capgemini et AWS associent une connaissance approfondie du secteur, une expertise du cloud et des services pour vous aider \u00e0 concr\u00e9tis\"\n\t\t\t\t\t\t\t\t\t\t\t\t\t\t\t\tstyle=\"white-space: pre-wrap;\">\n\t\t\t\t\t\t\t\t\t\t\t\t\t\t\t\tEnsemble, Capgemini et AWS associent une connaissance approfondie du secteur, une expertise du cloud et des services pour vous aider \u00e0 concr\u00e9tis\t\t\t\t\t\t\t\t\t\t\t\t\t\t\t<\/h4>\n\t\t\t\t\t\t\t\t\t\t\t\t\t\t<\/div>\n\t\t\t\t\t\t\t\t\t\t\t\t\t\t\t\t\t\t\t\t\t\t\t\t\t\n\t\t\t\t\t\t\t\t\t\t\t\t\t\t\t\t\t\t\t\t\t\t\t\t\t<div >\n\t\t\t\t\t\t\t\t\t\t\t\t\t\t\t\t\t\t\t\t\t\t\t\t\t\t\t<\/div>\n\t\t\t\t\t\t\t\t\t\t\t\t\n\t\t\t\t\t\t\t\t\t\t\t\t\t\t\t\t\t\t\t\t\t\t\t\t\t\t\t\t\t\t\t\t\t\t\t\t\t<div class=\"btnDiv\"> <a class=\"more2\" data-maxlength=\"24\" aria-label=\"En savoir plus A propos Norte partenariat Amazon Web Services\"\n\t\t\t\t\t\t\t\t\t\t\t\t\t\t tabindex=\"0\" href=\"https:\/\/www.capgemini.com\/fr-fr\/notre-groupe\/partenaires-technologiques\/amazon-web-services\/\"\n\t\t\t\t\t\t\t\t\t\t\t\t\t\t\ttarget=\"\">\n\t\t\t\t\t\t\t\t\t\t\t\t\t\tEn savoir plus\t\t\t\t\t\t\t\t\t\t\t\t\t<\/a> <\/div>\n\t\t\t\t\t\t\t\t\t\t\t\t\t\t\t\t\t\t\t\t\t\t\t\t\t\n\n\n\t\t\t\t\t\t\t\t\t\t\t<\/div>\n\n\t\t\t\t\t\t\t\t\t\t\t<div class=\"col-md-6 col-sm-12 text-right box-img-wrapper escaper escaper-right\">\n\t\t\t\t\t\t\t\t\t\t\t\t\n\n\t\t\t\t\t\t\t\t\t\t\t\t<picture>\n\t\t\t\t\t\t\t\t\t\t\t\t\t<source\n\t\t\t\t\t\t\t\t\t\t\t\t\t\tsrcset=\"https:\/\/www.capgemini.com\/wp-content\/uploads\/2022\/02\/Capgemini_Tech-Partner_AmazonWebServices.jpg?w=1200&amp;quality=90 1x, https:\/\/www.capgemini.com\/wp-content\/uploads\/2022\/02\/Capgemini_Tech-Partner_AmazonWebServices.jpg?w=1200&amp;quality=90 2x\"\n\t\t\t\t\t\t\t\t\t\t\t\t\t\tmedia=\"(min-width: 1500px)\" \/>\n\t\t\t\t\t\t\t\t\t\t\t\t\t<source\n\t\t\t\t\t\t\t\t\t\t\t\t\t\tsrcset=\"https:\/\/www.capgemini.com\/wp-content\/uploads\/2022\/02\/Capgemini_Tech-Partner_AmazonWebServices.jpg?w=600&amp;quality=90 1x, https:\/\/www.capgemini.com\/wp-content\/uploads\/2022\/02\/Capgemini_Tech-Partner_AmazonWebServices.jpg?w=1200&amp;quality=90 2x\"\n\t\t\t\t\t\t\t\t\t\t\t\t\t\tmedia=\"(min-width: 992px)\" \/>\n\t\t\t\t\t\t\t\t\t\t\t\t\t<source\n\t\t\t\t\t\t\t\t\t\t\t\t\t\tsrcset=\"https:\/\/www.capgemini.com\/wp-content\/uploads\/2022\/02\/Capgemini_Tech-Partner_AmazonWebServices.jpg?w=400&amp;quality=90 1x, https:\/\/www.capgemini.com\/wp-content\/uploads\/2022\/02\/Capgemini_Tech-Partner_AmazonWebServices.jpg?w=800&amp;quality=90 2x\"\n\t\t\t\t\t\t\t\t\t\t\t\t\t\tmedia=\"(min-width: 768px)\" \/>\n\t\t\t\t\t\t\t\t\t\t\t\t\t<source\n\t\t\t\t\t\t\t\t\t\t\t\t\t\tsrcset=\"https:\/\/www.capgemini.com\/wp-content\/uploads\/2022\/02\/Capgemini_Tech-Partner_AmazonWebServices.jpg?w=400&amp;quality=90 1x, https:\/\/www.capgemini.com\/wp-content\/uploads\/2022\/02\/Capgemini_Tech-Partner_AmazonWebServices.jpg?w=800&amp;quality=90 2x\"\n\t\t\t\t\t\t\t\t\t\t\t\t\t\tmedia=\"(min-width: 0)\" \/>\n\n\n\t\t\t\t\t\t\t\t\t\t\t\t\t<img loading=\"lazy\" class=\"box-img\"\n\t\t\t\t\t\t\t\t\t\t\t\t\t\tsrc=\"https:\/\/www.capgemini.com\/wp-content\/uploads\/2022\/02\/Capgemini_Tech-Partner_AmazonWebServices.jpg\"\n\t\t\t\t\t\t\t\t\t\t\t\t\t\tstyle=\"\n\t\t\t\t\t\t\t\t\t\t\t\t\t\tobject-position: 50% 50%; object-fit: cover;\t\t\t\t\t\t\t\t\t\t\t\t\t\t\t\t\t\" alt=\"\" \/>\n\n\t\t\t\t\t\t\t\t\t\t\t\t<\/picture>\n\t\t\t\t\t\t\t\t\t\t\t\t<!-- <img decoding=\"async\" class=\"box-img\" src=\"\n\t\t\t\t\t\t\t\t\t\t\t\t\t\t\t\t\t\t\t\t\t\t\t\t\t\t\t\"\n\t\t\t\t\t\t\t\t\t\t\tstyle=\"\n\t\t\t\t\t\t\t\t\t\t\t\t\t\t\t\t\t\t\t\t\t\t\t\t\t\" alt=\"\"\n\t\t\t\t\t\t\t\t\t\t\/> -->\n\t\t\t\t\t\t\t\t\t\t\t<\/div>\n\t\t\t\t\t\t\t\t\t\t<\/div>\n\t\t\t\t\t\t\t\t\t<\/div>\n\t\t\t\t\t\t\t\t<\/div>\n\t\t\t\t\t\t\t\t<div class=\"\">\n\t\t\t\t\t\t\t\t<\/div>\n\t\t\t\t\t\t\t\t<div class=\"slide-reveal\"><\/div>\n\t\t\t\t\t\t\t<\/div>\n\t\t\t\t\t\t<\/div>\n\t\t\t\t\t\n\t\t\t\t<\/div>\n\n\t\t\t\t\n\t\t\t<\/div>\n\n\t\t<\/section>\n\n\t\t","protected":false},"excerpt":{"rendered":"<p>Les sp\u00e9cialistes de la technologie se retrouvent pour se connecter, collaborer et d\u00e9couvrir comment les partenaires AWS\u00a0peuvent les aider \u00e0 innover rapidement,\u00a0\u00e0 fournir des solutions flexibles et fiables \u00e0 grande \u00e9chelle. <\/p>\n","protected":false},"author":201,"featured_media":713819,"template":"","meta":{"cg_dt_proposed_to":[],"cg_seo_hreflang_relations":"[]","cg_seo_canonical_relation":"","cg_seo_hreflang_x_default_relation":"{\"uuid\":\"4513df07-fecc-43d1-bb34-540fcfe858ba\",\"blogId\":\"\",\"domain\":\"\",\"sitePath\":\"\",\"postLink\":\"\",\"postId\":null,\"isSaved\":true,\"isCrossLink\":false,\"hasCrossLink\":false}","cg_dt_approved_content":true,"cg_dt_mandatory_content":false,"cg_dt_notes":"","cg_dg_source_changed":false,"cg_dt_link_disabled":false,"footnotes":"","cg_event_start":"2026-04-1T08:00:00","cg_event_end":"2026-04-1T19:00:00","cg_event_timezone":"CET","event_location":"Paris","cg_event_type":"Business","cg_event_short_title":"AWS Summit","cg_event_block_title":"1er avril","featured_focal_points":""},"tags":[188],"brand":[30],"event-location":[1210],"class_list":["post-708841","event","type-event","status-publish","has-post-thumbnail","hentry","tag-cloud","brand-capgemini","event-location-paris"],"yoast_head":"<!-- This site is optimized with the Yoast SEO Premium plugin v22.8 (Yoast SEO v22.8) - https:\/\/yoast.com\/wordpress\/plugins\/seo\/ -->\n<title>AWS Summit - Capgemini France<\/title>\n<meta name=\"description\" content=\"Le RDV des partenaires AWS pour vous aider \u00e0 innover rapidement,\u00a0\u00e0 fournir des solutions flexibles et fiables \u00e0 grande \u00e9chelle.\" \/>\n<meta name=\"robots\" content=\"index, follow, max-snippet:-1, max-image-preview:large, max-video-preview:-1\" \/>\n<link rel=\"canonical\" href=\"https:\/\/www.capgemini.com\/fr-fr\/actualites\/evenements\/aws-summit\/\" \/>\n<meta property=\"og:locale\" content=\"fr_FR\" \/>\n<meta property=\"og:type\" content=\"article\" \/>\n<meta property=\"og:title\" content=\"AWS Summit\" \/>\n<meta property=\"og:description\" content=\"Le RDV des partenaires AWS pour vous aider \u00e0 innover rapidement,\u00a0\u00e0 fournir des solutions flexibles et fiables \u00e0 grande \u00e9chelle.\" \/>\n<meta property=\"og:url\" content=\"https:\/\/www.capgemini.com\/fr-fr\/actualites\/evenements\/aws-summit\/\" \/>\n<meta property=\"og:site_name\" content=\"Capgemini France\" \/>\n<meta property=\"article:modified_time\" content=\"2026-03-25T15:24:43+00:00\" \/>\n<meta property=\"og:image\" content=\"https:\/\/www.capgemini.com\/fr-fr\/wp-content\/uploads\/sites\/6\/2025\/10\/image-1.jpg\" \/>\n\t<meta property=\"og:image:width\" content=\"1200\" \/>\n\t<meta property=\"og:image:height\" content=\"627\" \/>\n\t<meta property=\"og:image:type\" content=\"image\/jpeg\" \/>\n<meta name=\"twitter:card\" content=\"summary_large_image\" \/>\n<meta name=\"twitter:label1\" content=\"Est. reading time\" \/>\n\t<meta name=\"twitter:data1\" content=\"5 minutes\" \/>\n<script type=\"application\/ld+json\" class=\"yoast-schema-graph\">{\"@context\":\"https:\/\/schema.org\",\"@graph\":[{\"@type\":\"WebPage\",\"@id\":\"https:\/\/www.capgemini.com\/fr-fr\/actualites\/evenements\/aws-summit\/\",\"url\":\"https:\/\/www.capgemini.com\/fr-fr\/actualites\/evenements\/aws-summit\/\",\"name\":\"AWS Summit - Capgemini France\",\"isPartOf\":{\"@id\":\"https:\/\/www.capgemini.com\/fr-fr\/#website\"},\"primaryImageOfPage\":{\"@id\":\"https:\/\/www.capgemini.com\/fr-fr\/actualites\/evenements\/aws-summit\/#primaryimage\"},\"image\":{\"@id\":\"https:\/\/www.capgemini.com\/fr-fr\/actualites\/evenements\/aws-summit\/#primaryimage\"},\"thumbnailUrl\":\"https:\/\/www.capgemini.com\/fr-fr\/wp-content\/uploads\/sites\/6\/2023\/01\/Capgemini_AWSSummit-BannierePageWeb.jpg\",\"datePublished\":\"2026-02-11T18:10:00+00:00\",\"dateModified\":\"2026-03-25T15:24:43+00:00\",\"description\":\"Le RDV des partenaires AWS pour vous aider \u00e0 innover rapidement,\u00a0\u00e0 fournir des solutions flexibles et fiables \u00e0 grande \u00e9chelle.\",\"breadcrumb\":{\"@id\":\"https:\/\/www.capgemini.com\/fr-fr\/actualites\/evenements\/aws-summit\/#breadcrumb\"},\"inLanguage\":\"fr-FR\",\"potentialAction\":[{\"@type\":\"ReadAction\",\"target\":[\"https:\/\/www.capgemini.com\/fr-fr\/actualites\/evenements\/aws-summit\/\"]}]},{\"@type\":\"ImageObject\",\"inLanguage\":\"fr-FR\",\"@id\":\"https:\/\/www.capgemini.com\/fr-fr\/actualites\/evenements\/aws-summit\/#primaryimage\",\"url\":\"https:\/\/www.capgemini.com\/fr-fr\/wp-content\/uploads\/sites\/6\/2023\/01\/Capgemini_AWSSummit-BannierePageWeb.jpg\",\"contentUrl\":\"https:\/\/www.capgemini.com\/fr-fr\/wp-content\/uploads\/sites\/6\/2023\/01\/Capgemini_AWSSummit-BannierePageWeb.jpg\",\"width\":2880,\"height\":1800},{\"@type\":\"BreadcrumbList\",\"@id\":\"https:\/\/www.capgemini.com\/fr-fr\/actualites\/evenements\/aws-summit\/#breadcrumb\",\"itemListElement\":[{\"@type\":\"ListItem\",\"position\":1,\"name\":\"Events\",\"item\":\"https:\/\/www.capgemini.com\/fr-fr\/event\/\"},{\"@type\":\"ListItem\",\"position\":2,\"name\":\"AWS Summit\"}]},{\"@type\":\"WebSite\",\"@id\":\"https:\/\/www.capgemini.com\/fr-fr\/#website\",\"url\":\"https:\/\/www.capgemini.com\/fr-fr\/\",\"name\":\"Capgemini France\",\"description\":\"Just another www.capgemini.com site\",\"publisher\":{\"@id\":\"https:\/\/www.capgemini.com\/fr-fr\/#organization\"},\"potentialAction\":[{\"@type\":\"SearchAction\",\"target\":{\"@type\":\"EntryPoint\",\"urlTemplate\":\"https:\/\/www.capgemini.com\/fr-fr\/?s={search_term_string}\"},\"query-input\":\"required name=search_term_string\"}],\"inLanguage\":\"fr-FR\"},{\"@type\":\"Organization\",\"@id\":\"https:\/\/www.capgemini.com\/fr-fr\/#organization\",\"name\":\"Capgemini France\",\"url\":\"https:\/\/www.capgemini.com\/fr-fr\/\",\"logo\":{\"@type\":\"ImageObject\",\"inLanguage\":\"fr-FR\",\"@id\":\"https:\/\/www.capgemini.com\/fr-fr\/#\/schema\/logo\/image\/\",\"url\":\"https:\/\/www.capgemini.com\/fr-fr\/wp-content\/uploads\/sites\/6\/2022\/08\/Logo-Capgemini.png\",\"contentUrl\":\"https:\/\/www.capgemini.com\/fr-fr\/wp-content\/uploads\/sites\/6\/2022\/08\/Logo-Capgemini.png\",\"width\":202,\"height\":60,\"caption\":\"Capgemini France\"},\"image\":{\"@id\":\"https:\/\/www.capgemini.com\/fr-fr\/#\/schema\/logo\/image\/\"}}]}<\/script>\n<!-- \/ Yoast SEO Premium plugin. -->","yoast_head_json":{"title":"AWS Summit - Capgemini France","description":"Le RDV des partenaires AWS pour vous aider \u00e0 innover rapidement,\u00a0\u00e0 fournir des solutions flexibles et fiables \u00e0 grande \u00e9chelle.","robots":{"index":"index","follow":"follow","max-snippet":"max-snippet:-1","max-image-preview":"max-image-preview:large","max-video-preview":"max-video-preview:-1"},"canonical":"https:\/\/www.capgemini.com\/fr-fr\/actualites\/evenements\/aws-summit\/","og_locale":"fr_FR","og_type":"article","og_title":"AWS Summit","og_description":"Le RDV des partenaires AWS pour vous aider \u00e0 innover rapidement,\u00a0\u00e0 fournir des solutions flexibles et fiables \u00e0 grande \u00e9chelle.","og_url":"https:\/\/www.capgemini.com\/fr-fr\/actualites\/evenements\/aws-summit\/","og_site_name":"Capgemini France","article_modified_time":"2026-03-25T15:24:43+00:00","og_image":[{"width":1200,"height":627,"url":"https:\/\/www.capgemini.com\/fr-fr\/wp-content\/uploads\/sites\/6\/2025\/10\/image-1.jpg","type":"image\/jpeg"}],"twitter_card":"summary_large_image","twitter_misc":{"Est. reading time":"5 minutes"},"schema":{"@context":"https:\/\/schema.org","@graph":[{"@type":"WebPage","@id":"https:\/\/www.capgemini.com\/fr-fr\/actualites\/evenements\/aws-summit\/","url":"https:\/\/www.capgemini.com\/fr-fr\/actualites\/evenements\/aws-summit\/","name":"AWS Summit - Capgemini France","isPartOf":{"@id":"https:\/\/www.capgemini.com\/fr-fr\/#website"},"primaryImageOfPage":{"@id":"https:\/\/www.capgemini.com\/fr-fr\/actualites\/evenements\/aws-summit\/#primaryimage"},"image":{"@id":"https:\/\/www.capgemini.com\/fr-fr\/actualites\/evenements\/aws-summit\/#primaryimage"},"thumbnailUrl":"https:\/\/www.capgemini.com\/fr-fr\/wp-content\/uploads\/sites\/6\/2023\/01\/Capgemini_AWSSummit-BannierePageWeb.jpg","datePublished":"2026-02-11T18:10:00+00:00","dateModified":"2026-03-25T15:24:43+00:00","description":"Le RDV des partenaires AWS pour vous aider \u00e0 innover rapidement,\u00a0\u00e0 fournir des solutions flexibles et fiables \u00e0 grande \u00e9chelle.","breadcrumb":{"@id":"https:\/\/www.capgemini.com\/fr-fr\/actualites\/evenements\/aws-summit\/#breadcrumb"},"inLanguage":"fr-FR","potentialAction":[{"@type":"ReadAction","target":["https:\/\/www.capgemini.com\/fr-fr\/actualites\/evenements\/aws-summit\/"]}]},{"@type":"ImageObject","inLanguage":"fr-FR","@id":"https:\/\/www.capgemini.com\/fr-fr\/actualites\/evenements\/aws-summit\/#primaryimage","url":"https:\/\/www.capgemini.com\/fr-fr\/wp-content\/uploads\/sites\/6\/2023\/01\/Capgemini_AWSSummit-BannierePageWeb.jpg","contentUrl":"https:\/\/www.capgemini.com\/fr-fr\/wp-content\/uploads\/sites\/6\/2023\/01\/Capgemini_AWSSummit-BannierePageWeb.jpg","width":2880,"height":1800},{"@type":"BreadcrumbList","@id":"https:\/\/www.capgemini.com\/fr-fr\/actualites\/evenements\/aws-summit\/#breadcrumb","itemListElement":[{"@type":"ListItem","position":1,"name":"Events","item":"https:\/\/www.capgemini.com\/fr-fr\/event\/"},{"@type":"ListItem","position":2,"name":"AWS Summit"}]},{"@type":"WebSite","@id":"https:\/\/www.capgemini.com\/fr-fr\/#website","url":"https:\/\/www.capgemini.com\/fr-fr\/","name":"Capgemini France","description":"Just another www.capgemini.com site","publisher":{"@id":"https:\/\/www.capgemini.com\/fr-fr\/#organization"},"potentialAction":[{"@type":"SearchAction","target":{"@type":"EntryPoint","urlTemplate":"https:\/\/www.capgemini.com\/fr-fr\/?s={search_term_string}"},"query-input":"required name=search_term_string"}],"inLanguage":"fr-FR"},{"@type":"Organization","@id":"https:\/\/www.capgemini.com\/fr-fr\/#organization","name":"Capgemini France","url":"https:\/\/www.capgemini.com\/fr-fr\/","logo":{"@type":"ImageObject","inLanguage":"fr-FR","@id":"https:\/\/www.capgemini.com\/fr-fr\/#\/schema\/logo\/image\/","url":"https:\/\/www.capgemini.com\/fr-fr\/wp-content\/uploads\/sites\/6\/2022\/08\/Logo-Capgemini.png","contentUrl":"https:\/\/www.capgemini.com\/fr-fr\/wp-content\/uploads\/sites\/6\/2022\/08\/Logo-Capgemini.png","width":202,"height":60,"caption":"Capgemini France"},"image":{"@id":"https:\/\/www.capgemini.com\/fr-fr\/#\/schema\/logo\/image\/"}}]}},"event_post_tag":"Cloud","brand_term":[{"id":30,"slug":"capgemini"}],"parsely":{"version":"1.1.0","canonical_url":"https:\/\/capgemini.com\/fr-fr\/actualites\/evenements\/aws-summit\/","smart_links":{"inbound":0,"outbound":0},"traffic_boost_suggestions_count":0,"meta":{"@context":"https:\/\/schema.org","@type":"NewsArticle","headline":"AWS Summit","url":"https:\/\/www.capgemini.com\/fr-fr\/actualites\/evenements\/aws-summit\/","mainEntityOfPage":{"@type":"WebPage","@id":"https:\/\/www.capgemini.com\/fr-fr\/actualites\/evenements\/aws-summit\/"},"thumbnailUrl":"https:\/\/www.capgemini.com\/fr-fr\/wp-content\/uploads\/sites\/6\/2023\/01\/Capgemini_AWSSummit-BannierePageWeb.jpg?w=150&h=150&crop=1","image":{"@type":"ImageObject","url":"https:\/\/www.capgemini.com\/fr-fr\/wp-content\/uploads\/sites\/6\/2023\/01\/Capgemini_AWSSummit-BannierePageWeb.jpg"},"articleSection":"Uncategorized","author":[],"creator":[],"publisher":{"@type":"Organization","name":"Capgemini France","logo":""},"keywords":["cloud"],"dateCreated":"2026-02-11T18:10:00Z","datePublished":"2026-02-11T18:10:00Z","dateModified":"2026-03-25T15:24:43Z"},"rendered":"<meta name=\"parsely-title\" content=\"AWS Summit\" \/>\n<meta name=\"parsely-link\" content=\"https:\/\/www.capgemini.com\/fr-fr\/actualites\/evenements\/aws-summit\/\" \/>\n<meta name=\"parsely-type\" content=\"post\" \/>\n<meta name=\"parsely-image-url\" content=\"https:\/\/www.capgemini.com\/fr-fr\/wp-content\/uploads\/sites\/6\/2023\/01\/Capgemini_AWSSummit-BannierePageWeb.jpg?w=150&amp;h=150&amp;crop=1\" \/>\n<meta name=\"parsely-pub-date\" content=\"2026-02-11T18:10:00Z\" \/>\n<meta name=\"parsely-section\" content=\"Uncategorized\" \/>\n<meta name=\"parsely-tags\" content=\"cloud\" \/>","tracker_url":"https:\/\/cdn.parsely.com\/keys\/capgemini.com\/p.js"},"archive_status":false,"featured_image_src":"https:\/\/www.capgemini.com\/fr-fr\/wp-content\/uploads\/sites\/6\/2023\/01\/Capgemini_AWSSummit-BannierePageWeb.jpg","featured_image_alt":"","jetpack_sharing_enabled":true,"distributor_meta":false,"distributor_terms":false,"distributor_media":false,"distributor_original_site_name":"Capgemini France","distributor_original_site_url":"https:\/\/www.capgemini.com\/fr-fr","push-errors":false,"_links":{"self":[{"href":"https:\/\/www.capgemini.com\/fr-fr\/wp-json\/wp\/v2\/event\/708841","targetHints":{"allow":["GET"]}}],"collection":[{"href":"https:\/\/www.capgemini.com\/fr-fr\/wp-json\/wp\/v2\/event"}],"about":[{"href":"https:\/\/www.capgemini.com\/fr-fr\/wp-json\/wp\/v2\/types\/event"}],"author":[{"embeddable":true,"href":"https:\/\/www.capgemini.com\/fr-fr\/wp-json\/wp\/v2\/users\/201"}],"version-history":[{"count":21,"href":"https:\/\/www.capgemini.com\/fr-fr\/wp-json\/wp\/v2\/event\/708841\/revisions"}],"predecessor-version":[{"id":805521,"href":"https:\/\/www.capgemini.com\/fr-fr\/wp-json\/wp\/v2\/event\/708841\/revisions\/805521"}],"wp:featuredmedia":[{"embeddable":true,"href":"https:\/\/www.capgemini.com\/fr-fr\/wp-json\/wp\/v2\/media\/713819"}],"wp:attachment":[{"href":"https:\/\/www.capgemini.com\/fr-fr\/wp-json\/wp\/v2\/media?parent=708841"}],"wp:term":[{"taxonomy":"post_tag","embeddable":true,"href":"https:\/\/www.capgemini.com\/fr-fr\/wp-json\/wp\/v2\/tags?post=708841"},{"taxonomy":"brand","embeddable":true,"href":"https:\/\/www.capgemini.com\/fr-fr\/wp-json\/wp\/v2\/brand?post=708841"},{"taxonomy":"event-location","embeddable":true,"href":"https:\/\/www.capgemini.com\/fr-fr\/wp-json\/wp\/v2\/event-location?post=708841"}],"curies":[{"name":"wp","href":"https:\/\/api.w.org\/{rel}","templated":true}]}}