{"id":705979,"date":"2025-01-04T14:43:00","date_gmt":"2025-01-04T13:43:00","guid":{"rendered":"https:\/\/www.capgemini.com\/fr-fr\/?post_type=event&#038;p=705979"},"modified":"2026-03-03T14:40:14","modified_gmt":"2026-03-03T13:40:14","slug":"viva-fabrica","status":"publish","type":"event","link":"https:\/\/www.capgemini.com\/fr-fr\/actualites\/evenements\/viva-fabrica\/","title":{"rendered":"Viva Fabrica !"},"content":{"rendered":"\n<div class=\"wp-block-cg-blocks-hero-picture-card undefined  heroPictureCard heroPictureCardLogTitle \"><div class=\"heroPictureCardBgs\"><picture><source srcset=\"https:\/\/www.capgemini.com\/fr-fr\/wp-content\/uploads\/sites\/6\/2025\/02\/Capgemini-VivaFabrica-WebsiteBanner.jpg?w=2880&amp;quality=70 1x, https:\/\/www.capgemini.com\/fr-fr\/wp-content\/uploads\/sites\/6\/2025\/02\/Capgemini-VivaFabrica-WebsiteBanner.jpg?w=2880&amp;quality=70 2x\" media=\"(min-width: 1500px)\"\/><source srcset=\"https:\/\/www.capgemini.com\/fr-fr\/wp-content\/uploads\/sites\/6\/2025\/02\/Capgemini-VivaFabrica-WebsiteBanner.jpg?w=1440&amp;quality=70 1x, https:\/\/www.capgemini.com\/fr-fr\/wp-content\/uploads\/sites\/6\/2025\/02\/Capgemini-VivaFabrica-WebsiteBanner.jpg?w=2880&amp;quality=70 2x\" media=\"(min-width: 992px)\"\/><source srcset=\"https:\/\/www.capgemini.com\/fr-fr\/wp-content\/uploads\/sites\/6\/2025\/02\/Capgemini-VivaFabrica-WebsiteBanner.jpg?w=1024&amp;quality=70 1x, https:\/\/www.capgemini.com\/fr-fr\/wp-content\/uploads\/sites\/6\/2025\/02\/Capgemini-VivaFabrica-WebsiteBanner.jpg?w=1024&amp;quality=70 2x\" media=\"(min-width: 768px)\"\/><source srcset=\"https:\/\/www.capgemini.com\/fr-fr\/wp-content\/uploads\/sites\/6\/2025\/02\/Capgemini-VivaFabrica-WebsiteBanner.jpg?w=768&amp;quality=70 1x, https:\/\/www.capgemini.com\/fr-fr\/wp-content\/uploads\/sites\/6\/2025\/02\/Capgemini-VivaFabrica-WebsiteBanner.jpg?w=768&amp;quality=70 2x\" media=\"(min-width: 0)\"\/><img decoding=\"async\" src=\"https:\/\/www.capgemini.com\/fr-fr\/wp-content\/uploads\/sites\/6\/2025\/02\/Capgemini-VivaFabrica-WebsiteBanner.jpg\" class=\"desktopImage\" alt=\"\" style=\"object-fit:cover;object-position:100% 32%\" loading=\"eager\"\/><\/picture><picture><source srcset=\"https:\/\/www.capgemini.com\/fr-fr\/wp-content\/uploads\/sites\/6\/2025\/02\/Capgemini-VivaFabrica-WebsiteBanner.jpg?w=2880&amp;quality=70 1x, https:\/\/www.capgemini.com\/fr-fr\/wp-content\/uploads\/sites\/6\/2025\/02\/Capgemini-VivaFabrica-WebsiteBanner.jpg?w=2880&amp;quality=70 2x\" media=\"(min-width: 1500px)\"\/><source srcset=\"https:\/\/www.capgemini.com\/fr-fr\/wp-content\/uploads\/sites\/6\/2025\/02\/Capgemini-VivaFabrica-WebsiteBanner.jpg?w=1440&amp;quality=70 1x, https:\/\/www.capgemini.com\/fr-fr\/wp-content\/uploads\/sites\/6\/2025\/02\/Capgemini-VivaFabrica-WebsiteBanner.jpg?w=2880&amp;quality=70 2x\" media=\"(min-width: 992px)\"\/><source srcset=\"https:\/\/www.capgemini.com\/fr-fr\/wp-content\/uploads\/sites\/6\/2025\/02\/Capgemini-VivaFabrica-WebsiteBanner.jpg?w=1024&amp;quality=70 1x, https:\/\/www.capgemini.com\/fr-fr\/wp-content\/uploads\/sites\/6\/2025\/02\/Capgemini-VivaFabrica-WebsiteBanner.jpg?w=1024&amp;quality=70 2x\" media=\"(min-width: 768px)\"\/><source srcset=\"https:\/\/www.capgemini.com\/fr-fr\/wp-content\/uploads\/sites\/6\/2025\/02\/Capgemini-VivaFabrica-WebsiteBanner.jpg?w=768&amp;quality=70 1x, https:\/\/www.capgemini.com\/fr-fr\/wp-content\/uploads\/sites\/6\/2025\/02\/Capgemini-VivaFabrica-WebsiteBanner.jpg?w=768&amp;quality=70 2x\" media=\"(min-width: 0)\"\/><img decoding=\"async\" src=\"https:\/\/www.capgemini.com\/fr-fr\/wp-content\/uploads\/sites\/6\/2025\/02\/Capgemini-VivaFabrica-WebsiteBanner.jpg\" class=\"mobileImage\" alt=\"\" style=\"object-fit:cover;object-position:100% 32%\" loading=\"eager\"\/><\/picture><\/div><div class=\"heroPictureCardHeaderShape\"><\/div><div class=\"container\"><div class=\"row\"><div class=\"col-md-10 col-lg-10 LongTitle\"><div class=\"heroPictureCardBox\"><div class=\"heroPictureCardBoxTitle\"><h1 data-maxlength=\"144\">Viva Fabrica !<br>Lille &amp; Dunkerque | 26 f\u00e9vrier-2 mars\u00a0<\/h1><\/div><\/div><\/div><\/div><\/div><div class=\"small-device\"><div class=\"logoWrapperLongTitle\"> <\/div><\/div><\/div>\n\n\n\n<section class=\"wp-block-cg-blocks-intro-para undefined section section--intro\"><div class=\"intro-para\"><div class=\"container\"><div class=\"row\"><div class=\"col-12 col-md-1\"><nav class=\"article-social\"><ul class=\"social-nav\"><li class=\"ip-order-fb\"><a href=\"https:\/\/www.facebook.com\/sharer\/sharer.php?u=https:\/\/www.capgemini.com\/fr-fr\/actualites\/evenements\/viva-fabrica\/\" target=\"_blank\" rel=\"noopener noreferrer\" title=\"Ouvrir dans une nouvelle fen\u00eatre\"><i aria-hidden=\"true\" class=\"icon-fb\"><\/i><span class=\"sr-only\">Facebook<\/span><\/a><\/li><li class=\"ip-order-li\"><a href=\"https:\/\/www.linkedin.com\/sharing\/share-offsite\/?url=https:\/\/www.capgemini.com\/fr-fr\/actualites\/evenements\/viva-fabrica\/\" target=\"_blank\" rel=\"noopener noreferrer\" title=\"Ouvrir dans une nouvelle fen\u00eatre\"><i aria-hidden=\"true\" class=\"icon-li\"><\/i><span class=\"sr-only\">Linkedin<\/span><\/a><\/li><\/ul><\/nav><\/div><div class=\"col-12 col-md-11 col-lg-10\"><h2 class=\"intro-para-title\">Ensemble, cr\u00e9ons un avenir durable pour l&#8217;industrie\u00a0<\/h2><p class=\"intro-para-content\">Viva Fabrica ! c\u2019est l\u2019\u00e9v\u00e8nement qui rassemble les acteurs du monde industriel et les jeunes g\u00e9n\u00e9rations autour du futur de l\u2019industrie. Cette 5<sup>\u00e8me<\/sup>\u00a0\u00e9dition aura lieu \u00e0 Lille, au sein du Grand Palais, et \u00e0 Dunkerque. En tant que partenaire des transformations durable et num\u00e9rique des organisations, nous r\u00e9pondons une nouvelle fois pr\u00e9sent\u00a0! L\u2019occasion de d\u00e9montrer comment notre engagement se concr\u00e9tise pour faire rayonner le monde de l\u2019industrie.<br>\u00c0 travers nos d\u00e9monstrations et prises de parole, d\u00e9couvrez comment nous contribuons \u00e0 un avenir porteur de sens pour les g\u00e9n\u00e9rations \u00e0 venir.<\/p><\/div><\/div><\/div><\/div><\/section>\n\n\n\n<section class=\"wp-block-cg-blocks-group undefined section section--article-content\"><div class=\"article-main-content\"><div class=\"container\"><div class=\"row\"><div class=\"col-12 col-md-11 col-lg-10 offset-md-1 offset-lg-1\"><div class=\"article-text article-quote-text\">\n<h3 class=\"wp-block-heading\" id=\"h-capgemini-partenaire-engage-pour-un-futur-responsable\"><strong>Capgemini, partenaire engag\u00e9 pour un futur responsable<\/strong><\/h3>\n\n\n\n<p>Nous avons la conviction profonde que l&#8217;innovation technologique doit contribuer \u00e0 un avenir meilleur. C&#8217;est pourquoi nous mettons l&#8217;accent sur des solutions qui allient performance et responsabilit\u00e9.<\/p>\n\n\n\n<h4 class=\"wp-block-heading\" id=\"h-capgemini-engineering-au-coeur-de-l-industrie-du-futur-nbsp\"><strong>Capgemini Engineering au c\u0153ur de l&#8217;industrie du futur<\/strong>&nbsp;<\/h4>\n\n\n\n<p>Capgemini Engineering est fier de participer \u00e0 <a href=\"https:\/\/viva-fabrica.fr\/\" target=\"_blank\" rel=\"noreferrer noopener\"><strong>Viva Fabrica !<\/strong><\/a> pour faire d\u00e9couvrir aux jeunes g\u00e9n\u00e9rations les m\u00e9tiers de l\u2019industrie du futur et les opportunit\u00e9s professionnelles dans un secteur en pleine transformation. Notre pr\u00e9sence dans les <strong>Hauts-de-France<\/strong> s\u2019inscrit dans une dynamique de forte croissance industrielle avec plus de <strong>100 recrutements pr\u00e9vus en 2025<\/strong>.&nbsp;<\/p>\n\n\n\n<p>Venez d\u00e9couvrir l\u2019industrie et ses m\u00e9tiers comme vous ne l\u2019avez jamais vu \u00e0&nbsp;Viva Fabrica&nbsp;! Sur notre espace d\u2019exposition, vivez des exp\u00e9riences ludiques et immersives qui vous permettront de comprendre comment nous \u0153uvrons \u00e0 la construction d\u2019une industrie plus durable et inclusive.<\/p>\n\n\n\n<div class=\"wp-block-buttons is-layout-flex wp-block-buttons-is-layout-flex\">\n<div class=\"wp-block-button\"><a class=\"wp-block-button__link wp-element-button\" href=\"https:\/\/viva-fabrica.fr\/\">D\u00e9couvrir l&#8217;\u00e9v\u00e9nement<\/a><\/div>\n<\/div>\n\n\n\n<div style=\"height:43px\" aria-hidden=\"true\" class=\"wp-block-spacer\"><\/div>\n\n\n\n<section class=\"wp-block-cg-blocks-how-we-do-it section section--howwedoit block-howwedoit\"><div class=\"container\"><div><div class=\"content-title\"><h2 data-maxlength=\"72\" class=\"expandable-heading-tag\">Au programme \u00e0 Lille<\/h2><\/div><p><\/p><\/div><div class=\"section-content\">\n<div class=\"wp-block-cg-blocks-card-howwedoit expanders\"><div class=\"box card-regulated-agreements card-howwedoit\"><div class=\"expander-box filter-box tag-active \"><div class=\"expander-title\" tabindex=\"0\" role=\"button\" aria-expanded=\"false\"><h3 class=\"expander-heading-title\">Journ\u00e9es r\u00e9serv\u00e9es aux groupes sur inscription\u00a0<\/h3><\/div><div class=\"expander-subtitle\"><p class=\"small-description\">26-28 f\u00e9vrier | 8h30-17h\u00a0<\/p><\/div><div class=\"expander-content\"><p><\/p><div class=\"bg-color video-align-right\"><div class=\"container\"><div class=\"row video-align-left\"><div class=\"col-md-12\"><div class=\"video-align-left row box box--4 box--mini\"><div class=\"col-md-3\"><\/div><div class=\"col-md-8 box-img-wrapper\"><div class=\"video-box\"><\/div><\/div><\/div><\/div><\/div><\/div><\/div><div class=\"content-more\"><\/div><\/div><\/div><\/div><\/div>\n\n\n\n<div class=\"wp-block-cg-blocks-card-howwedoit expanders\"><div class=\"box card-regulated-agreements card-howwedoit\"><div class=\"expander-box filter-box tag-active \"><div class=\"expander-title\" tabindex=\"0\" role=\"button\" aria-expanded=\"false\"><h3 class=\"expander-heading-title\">Journ\u00e9es grand public<\/h3><\/div><div class=\"expander-subtitle\"><p class=\"small-description\">1er mars | 10h-19h\u00a0<br>2 mars | 10h-17h\u00a0<\/p><\/div><div class=\"expander-content\"><p><\/p><div class=\"bg-color video-align-right\"><div class=\"container\"><div class=\"row video-align-left\"><div class=\"col-md-12\"><div class=\"video-align-left row box box--4 box--mini\"><div class=\"col-md-3\"><\/div><div class=\"col-md-8 box-img-wrapper\"><div class=\"video-box\"><\/div><\/div><\/div><\/div><\/div><\/div><\/div><div class=\"content-more\"><\/div><\/div><\/div><\/div><\/div>\n<\/div><\/div><\/section>\n\n\n\n<div style=\"height:31px\" aria-hidden=\"true\" class=\"wp-block-spacer\"><\/div>\n\n\n\n<h4 class=\"wp-block-heading\">\u00c0 quoi vous attendre ? <\/h4>\n\n\n\n<p>Cet \u00e9v\u00e9nement offre une occasion unique de d\u00e9couvrir les technologies les plus avant-gardistes qui transforment d\u00e9j\u00e0 positivement l\u2019industrie.<\/p>\n\n\n\n<section class=\"wp-block-cg-blocks-wrapper-card-text-pic wrapperCardTextPic hero-bg-shape\"><div class=\"container\"><div class=\"content-title content-title-with-desc\"><h2 class=\"card-text-pic-heading\"><strong>Une exp\u00e9rience immersive : 6 d\u00e9monstrations inspirantes<\/strong><\/h2><\/div><div class=\"content-description\"><p>Pour illustrer notre engagement, nous pr\u00e9senterons six d\u00e9monstrations sur notre stand qui permettront aux visiteurs de s&#8217;immerger dans une ville o\u00f9 la technologie agit au service du bien commun et des Objectifs de D\u00e9veloppement Durable.<\/p><\/div><div class=\"row\"><div class=\"col-md-12\">\n<div class=\"wp-block-cg-blocks-card-text-pic-right\"><div class=\"row card-text-pic rightCard\"><div class=\"col-md-12\"><div class=\"box--section\"><div class=\"box  row-nobleed\"><div class=\"col-lg-8 col-md-12 box-inner\"><h3 class=\"titlewithoutLink\" data-maxlength=\"144\"><strong>SimCity4Climate<\/strong><\/h3><p class=\"box-text\" data-maxlength=\"600\">Un simulateur combinant simulations thermiques et IA pour \u00e9valuer les meilleures solutions \u00e9cologiques et aider les industries et villes \u00e0 lutter contre les \u00eelots de chaleur urbains.\u00a0<\/p><\/div><div class=\"col-lg-5 col-md-12 box-img-wrapper\"><picture><source srcset=\"https:\/\/www.capgemini.com\/fr-fr\/wp-content\/uploads\/sites\/6\/2025\/01\/SimCity4Climate.png?w=1000&amp;quality=70 1x, https:\/\/www.capgemini.com\/fr-fr\/wp-content\/uploads\/sites\/6\/2025\/01\/SimCity4Climate.png?w=1000&amp;quality=70 2x\" media=\"(min-width: 1500px)\"\/><source srcset=\"https:\/\/www.capgemini.com\/fr-fr\/wp-content\/uploads\/sites\/6\/2025\/01\/SimCity4Climate.png?w=500&amp;quality=70 1x, https:\/\/www.capgemini.com\/fr-fr\/wp-content\/uploads\/sites\/6\/2025\/01\/SimCity4Climate.png?w=1000&amp;quality=70 2x\" media=\"(min-width: 992px)\"\/><source srcset=\"https:\/\/www.capgemini.com\/fr-fr\/wp-content\/uploads\/sites\/6\/2025\/01\/SimCity4Climate.png?w=768&amp;quality=70 1x, https:\/\/www.capgemini.com\/fr-fr\/wp-content\/uploads\/sites\/6\/2025\/01\/SimCity4Climate.png?w=768&amp;quality=70 2x\" media=\"(min-width: 768px)\"\/><source srcset=\"https:\/\/www.capgemini.com\/fr-fr\/wp-content\/uploads\/sites\/6\/2025\/01\/SimCity4Climate.png?w=556&amp;quality=70 1x, https:\/\/www.capgemini.com\/fr-fr\/wp-content\/uploads\/sites\/6\/2025\/01\/SimCity4Climate.png?w=556&amp;quality=70 2x\" media=\"(min-width: 0)\"\/><img decoding=\"async\" src=\"https:\/\/www.capgemini.com\/fr-fr\/wp-content\/uploads\/sites\/6\/2025\/01\/SimCity4Climate.png\" class=\"box-img-without-hover\" alt=\"\" style=\"object-fit:cover;object-position:50% 50%\" loading=\"lazy\"\/><\/picture><\/div><\/div><\/div><\/div><\/div><\/div>\n\n\n\n<div class=\"wp-block-cg-blocks-card-text-pic-left\"><div class=\"row card-text-pic leftCard\"><div class=\"col-md-12\"><div class=\"box--section\"><div class=\"box row-nobleed\"><div class=\"col-lg-5 col-md-12 box-img-wrapper \"><a href=\"https:\/\/www.youtube.com\/watch?v=vqzwZIpO5t4\" aria-label=\"Lire la suite Forest Planting Machine\" tabindex=\"-1\" target=\"\" rel=\"noopener noreferrer\" title=\"\"><picture><source srcset=\"https:\/\/www.capgemini.com\/fr-fr\/wp-content\/uploads\/sites\/6\/2025\/01\/Forest-Planting-Machine.jpg?w=1000&amp;quality=70 1x, https:\/\/www.capgemini.com\/fr-fr\/wp-content\/uploads\/sites\/6\/2025\/01\/Forest-Planting-Machine.jpg?w=1000&amp;quality=70 2x\" media=\"(min-width: 1500px)\"\/><source srcset=\"https:\/\/www.capgemini.com\/fr-fr\/wp-content\/uploads\/sites\/6\/2025\/01\/Forest-Planting-Machine.jpg?w=500&amp;quality=70 1x, https:\/\/www.capgemini.com\/fr-fr\/wp-content\/uploads\/sites\/6\/2025\/01\/Forest-Planting-Machine.jpg?w=1000&amp;quality=70 2x\" media=\"(min-width: 992px)\"\/><source srcset=\"https:\/\/www.capgemini.com\/fr-fr\/wp-content\/uploads\/sites\/6\/2025\/01\/Forest-Planting-Machine.jpg?w=768&amp;quality=70 1x, https:\/\/www.capgemini.com\/fr-fr\/wp-content\/uploads\/sites\/6\/2025\/01\/Forest-Planting-Machine.jpg?w=768&amp;quality=70 2x\" media=\"(min-width: 768px)\"\/><source srcset=\"https:\/\/www.capgemini.com\/fr-fr\/wp-content\/uploads\/sites\/6\/2025\/01\/Forest-Planting-Machine.jpg?w=556&amp;quality=70 1x, https:\/\/www.capgemini.com\/fr-fr\/wp-content\/uploads\/sites\/6\/2025\/01\/Forest-Planting-Machine.jpg?w=556&amp;quality=70 2x\" media=\"(min-width: 0)\"\/><img decoding=\"async\" src=\"https:\/\/www.capgemini.com\/fr-fr\/wp-content\/uploads\/sites\/6\/2025\/01\/Forest-Planting-Machine.jpg\" class=\"box-img\" alt=\"\" style=\"object-fit:cover;object-position:50% 50%\" loading=\"lazy\"\/><\/picture><\/a><\/div><div class=\"col-lg-8 col-md-12 box-inner \"><a href=\"https:\/\/www.youtube.com\/watch?v=vqzwZIpO5t4\" aria-label=\"Forest Planting Machine\" target=\"\" rel=\"noopener noreferrer\" title=\"\"><h3 class=\"titlewithLink\" data-maxlength=\"144\"><strong>Forest Planting Machine<\/strong><\/h3><\/a><p class=\"box-text\" data-maxlength=\"\">Le premier v\u00e9hicule qui aide les for\u00eats \u00e0 devenir plus r\u00e9silientes. Gr\u00e2ce \u00e0 ce 4&#215;4 \u00e9lectrique capable de planter 1500 arbres par jour sur une surface d\u2019un hectare, Capgemini s\u2019attaque au probl\u00e8me du stockage de carbone.<\/p><div class=\"box-bottom\"><a aria-label=\"Lire la suite Forest Planting Machine\" class=\"more2\" data-maxlength=\"24\" href=\"https:\/\/www.youtube.com\/watch?v=vqzwZIpO5t4\" target=\"\" rel=\"noopener noreferrer\" title=\"\">En savoir plus<\/a><\/div><\/div><\/div><\/div><\/div><\/div><\/div>\n\n\n\n<div class=\"wp-block-cg-blocks-card-text-pic-right\"><div class=\"row card-text-pic rightCard\"><div class=\"col-md-12\"><div class=\"box--section\"><div class=\"box  row-nobleed\"><div class=\"col-lg-8 col-md-12 box-inner\"><a href=\"https:\/\/www.capgemini.com\/fr-fr\/solutions\/aircab-optimiser-la-qualite-de-lair\/\" aria-label=\"AirCab\" target=\"\" rel=\"noopener noreferrer\" title=\"\"><h3 class=\"titlewithLink\" data-maxlength=\"144\">AirCab<\/h3><\/a><p class=\"box-text\" data-maxlength=\"\">Un dispositif nomade et connect\u00e9 qui mesure et optimise la qualit\u00e9 de l\u2019air dans les espaces confin\u00e9s. AirCab r\u00e9pond aux enjeux de sant\u00e9 publique en utilisant l\u2019IA pour fiabiliser les mesures et personnaliser les recommandations.<\/p><div class=\"box-bottom\"><a aria-label=\"Lire la suite AirCab\" class=\"more2\" data-maxlength=\"24\" href=\"https:\/\/www.capgemini.com\/fr-fr\/solutions\/aircab-optimiser-la-qualite-de-lair\/\" target=\"\" rel=\"noopener noreferrer\" title=\"\">En savoir plus<\/a><\/div><\/div><div class=\"col-lg-5 col-md-12 box-img-wrapper\"><a href=\"https:\/\/www.capgemini.com\/fr-fr\/solutions\/aircab-optimiser-la-qualite-de-lair\/\" aria-label=\"En savoir plus A propos AirCab\" tabindex=\"-1\" target=\"\" rel=\"noopener noreferrer\" title=\"\"><picture><source srcset=\"https:\/\/www.capgemini.com\/fr-fr\/wp-content\/uploads\/sites\/6\/2024\/11\/aircab_appli_3.jpg?w=1000&amp;quality=70 1x, https:\/\/www.capgemini.com\/fr-fr\/wp-content\/uploads\/sites\/6\/2024\/11\/aircab_appli_3.jpg?w=1000&amp;quality=70 2x\" media=\"(min-width: 1500px)\"\/><source srcset=\"https:\/\/www.capgemini.com\/fr-fr\/wp-content\/uploads\/sites\/6\/2024\/11\/aircab_appli_3.jpg?w=500&amp;quality=70 1x, https:\/\/www.capgemini.com\/fr-fr\/wp-content\/uploads\/sites\/6\/2024\/11\/aircab_appli_3.jpg?w=1000&amp;quality=70 2x\" media=\"(min-width: 992px)\"\/><source srcset=\"https:\/\/www.capgemini.com\/fr-fr\/wp-content\/uploads\/sites\/6\/2024\/11\/aircab_appli_3.jpg?w=768&amp;quality=70 1x, https:\/\/www.capgemini.com\/fr-fr\/wp-content\/uploads\/sites\/6\/2024\/11\/aircab_appli_3.jpg?w=768&amp;quality=70 2x\" media=\"(min-width: 768px)\"\/><source srcset=\"https:\/\/www.capgemini.com\/fr-fr\/wp-content\/uploads\/sites\/6\/2024\/11\/aircab_appli_3.jpg?w=556&amp;quality=70 1x, https:\/\/www.capgemini.com\/fr-fr\/wp-content\/uploads\/sites\/6\/2024\/11\/aircab_appli_3.jpg?w=556&amp;quality=70 2x\" media=\"(min-width: 0)\"\/><img decoding=\"async\" src=\"https:\/\/www.capgemini.com\/fr-fr\/wp-content\/uploads\/sites\/6\/2024\/11\/aircab_appli_3.jpg\" class=\"box-img\" alt=\"\" style=\"object-fit:cover;object-position:50% 50%\" loading=\"lazy\"\/><\/picture><\/a><\/div><\/div><\/div><\/div><\/div><\/div>\n\n\n\n<div class=\"wp-block-cg-blocks-card-text-pic-left\"><div class=\"row card-text-pic leftCard\"><div class=\"col-md-12\"><div class=\"box--section\"><div class=\"box row-nobleed\"><div class=\"col-lg-5 col-md-12 box-img-wrapper \"><a href=\"https:\/\/www.youtube.com\/watch?v=lKqI8piCPhU\" aria-label=\"Read more about NeuralCoach\" tabindex=\"-1\" target=\"\" rel=\"noopener noreferrer\" title=\"\"><picture><source srcset=\"https:\/\/www.capgemini.com\/fr-fr\/wp-content\/uploads\/sites\/6\/2025\/01\/NeuralCoach.jpg?w=1000&amp;quality=70 1x, https:\/\/www.capgemini.com\/fr-fr\/wp-content\/uploads\/sites\/6\/2025\/01\/NeuralCoach.jpg?w=1000&amp;quality=70 2x\" media=\"(min-width: 1500px)\"\/><source srcset=\"https:\/\/www.capgemini.com\/fr-fr\/wp-content\/uploads\/sites\/6\/2025\/01\/NeuralCoach.jpg?w=500&amp;quality=70 1x, https:\/\/www.capgemini.com\/fr-fr\/wp-content\/uploads\/sites\/6\/2025\/01\/NeuralCoach.jpg?w=1000&amp;quality=70 2x\" media=\"(min-width: 992px)\"\/><source srcset=\"https:\/\/www.capgemini.com\/fr-fr\/wp-content\/uploads\/sites\/6\/2025\/01\/NeuralCoach.jpg?w=768&amp;quality=70 1x, https:\/\/www.capgemini.com\/fr-fr\/wp-content\/uploads\/sites\/6\/2025\/01\/NeuralCoach.jpg?w=768&amp;quality=70 2x\" media=\"(min-width: 768px)\"\/><source srcset=\"https:\/\/www.capgemini.com\/fr-fr\/wp-content\/uploads\/sites\/6\/2025\/01\/NeuralCoach.jpg?w=556&amp;quality=70 1x, https:\/\/www.capgemini.com\/fr-fr\/wp-content\/uploads\/sites\/6\/2025\/01\/NeuralCoach.jpg?w=556&amp;quality=70 2x\" media=\"(min-width: 0)\"\/><img decoding=\"async\" src=\"https:\/\/www.capgemini.com\/fr-fr\/wp-content\/uploads\/sites\/6\/2025\/01\/NeuralCoach.jpg\" class=\"box-img\" alt=\"\" style=\"object-fit:cover;object-position:50% 50%\" loading=\"lazy\"\/><\/picture><\/a><\/div><div class=\"col-lg-8 col-md-12 box-inner \"><a href=\"https:\/\/www.youtube.com\/watch?v=lKqI8piCPhU\" aria-label=\"NeuralCoach\" target=\"\" rel=\"noopener noreferrer\" title=\"\"><h3 class=\"titlewithLink\" data-maxlength=\"144\">NeuralCoach<\/h3><\/a><p class=\"box-text\" data-maxlength=\"\">Un assistant virtuel bas\u00e9 sur l&#8217;IA, con\u00e7u pour soutenir l&#8217;apprentissage et le d\u00e9veloppement des comp\u00e9tences de mani\u00e8re personnalis\u00e9e.<\/p><div class=\"box-bottom\"><a aria-label=\"Read more about NeuralCoach\" class=\"more2\" data-maxlength=\"24\" href=\"https:\/\/www.youtube.com\/watch?v=lKqI8piCPhU\" target=\"\" rel=\"noopener noreferrer\" title=\"\">En savoir plus<\/a><\/div><\/div><\/div><\/div><\/div><\/div><\/div>\n\n\n\n<div class=\"wp-block-cg-blocks-card-text-pic-right\"><div class=\"row card-text-pic rightCard\"><div class=\"col-md-12\"><div class=\"box--section\"><div class=\"box  row-nobleed\"><div class=\"col-lg-8 col-md-12 box-inner\"><a href=\"https:\/\/www.capgemini.com\/fr-fr\/actualites\/cas-clients\/train-leger-innovant\/\" aria-label=\"TELLi\" target=\"\" rel=\"noopener noreferrer\" title=\"\"><h3 class=\"titlewithLink\" data-maxlength=\"144\">TELLi<\/h3><\/a><p class=\"box-text\" data-maxlength=\"\">Projet d\u2019innovation ferroviaire men\u00e9 par un large consortium dont fait partie Capgemini pour r\u00e9pondre au double d\u00e9fi \u00e9cologique et \u00e9conomique de la d\u00e9carbonation de la mobilit\u00e9. Ce train l\u00e9ger innovant, offre une alternative attractive pour la mobilit\u00e9 r\u00e9gionale.<\/p><div class=\"box-bottom\"><a aria-label=\"Lire la suite TELLi\" class=\"more2\" data-maxlength=\"24\" href=\"https:\/\/www.capgemini.com\/fr-fr\/actualites\/cas-clients\/train-leger-innovant\/\" target=\"\" rel=\"noopener noreferrer\" title=\"\">En savoir plus<\/a><\/div><\/div><div class=\"col-lg-5 col-md-12 box-img-wrapper\"><a href=\"https:\/\/www.capgemini.com\/fr-fr\/actualites\/cas-clients\/train-leger-innovant\/\" aria-label=\"En savoir plus A propos TELLi\" tabindex=\"-1\" target=\"\" rel=\"noopener noreferrer\" title=\"\"><picture><source srcset=\"https:\/\/www.capgemini.com\/fr-fr\/wp-content\/uploads\/sites\/6\/2024\/09\/BannerWebTrainLeger.webp?w=1000&amp;quality=70 1x, https:\/\/www.capgemini.com\/fr-fr\/wp-content\/uploads\/sites\/6\/2024\/09\/BannerWebTrainLeger.webp?w=1000&amp;quality=70 2x\" media=\"(min-width: 1500px)\"\/><source srcset=\"https:\/\/www.capgemini.com\/fr-fr\/wp-content\/uploads\/sites\/6\/2024\/09\/BannerWebTrainLeger.webp?w=500&amp;quality=70 1x, https:\/\/www.capgemini.com\/fr-fr\/wp-content\/uploads\/sites\/6\/2024\/09\/BannerWebTrainLeger.webp?w=1000&amp;quality=70 2x\" media=\"(min-width: 992px)\"\/><source srcset=\"https:\/\/www.capgemini.com\/fr-fr\/wp-content\/uploads\/sites\/6\/2024\/09\/BannerWebTrainLeger.webp?w=768&amp;quality=70 1x, https:\/\/www.capgemini.com\/fr-fr\/wp-content\/uploads\/sites\/6\/2024\/09\/BannerWebTrainLeger.webp?w=768&amp;quality=70 2x\" media=\"(min-width: 768px)\"\/><source srcset=\"https:\/\/www.capgemini.com\/fr-fr\/wp-content\/uploads\/sites\/6\/2024\/09\/BannerWebTrainLeger.webp?w=556&amp;quality=70 1x, https:\/\/www.capgemini.com\/fr-fr\/wp-content\/uploads\/sites\/6\/2024\/09\/BannerWebTrainLeger.webp?w=556&amp;quality=70 2x\" media=\"(min-width: 0)\"\/><img decoding=\"async\" src=\"https:\/\/www.capgemini.com\/fr-fr\/wp-content\/uploads\/sites\/6\/2024\/09\/BannerWebTrainLeger.webp\" class=\"box-img\" alt=\"\" style=\"object-fit:cover;object-position:50% 50%\" loading=\"lazy\"\/><\/picture><\/a><\/div><\/div><\/div><\/div><\/div><\/div>\n\n\n\n<div class=\"wp-block-cg-blocks-card-text-pic-left\"><div class=\"row card-text-pic leftCard\"><div class=\"col-md-12\"><div class=\"box--section\"><div class=\"box row-nobleed\"><div class=\"col-lg-5 col-md-12 box-img-wrapper \"><a href=\"https:\/\/www.capgemini.com\/fr-fr\/solutions\/tara-ocean-etudier-et-proteger-locean\/\" aria-label=\"Read more about Tara Polar Station\" tabindex=\"-1\" target=\"\" rel=\"noopener noreferrer\" title=\"\"><picture><source srcset=\"https:\/\/www.capgemini.com\/fr-fr\/wp-content\/uploads\/sites\/6\/2025\/01\/TPS.png?w=1000&amp;quality=70 1x, https:\/\/www.capgemini.com\/fr-fr\/wp-content\/uploads\/sites\/6\/2025\/01\/TPS.png?w=1000&amp;quality=70 2x\" media=\"(min-width: 1500px)\"\/><source srcset=\"https:\/\/www.capgemini.com\/fr-fr\/wp-content\/uploads\/sites\/6\/2025\/01\/TPS.png?w=500&amp;quality=70 1x, https:\/\/www.capgemini.com\/fr-fr\/wp-content\/uploads\/sites\/6\/2025\/01\/TPS.png?w=1000&amp;quality=70 2x\" media=\"(min-width: 992px)\"\/><source srcset=\"https:\/\/www.capgemini.com\/fr-fr\/wp-content\/uploads\/sites\/6\/2025\/01\/TPS.png?w=768&amp;quality=70 1x, https:\/\/www.capgemini.com\/fr-fr\/wp-content\/uploads\/sites\/6\/2025\/01\/TPS.png?w=768&amp;quality=70 2x\" media=\"(min-width: 768px)\"\/><source srcset=\"https:\/\/www.capgemini.com\/fr-fr\/wp-content\/uploads\/sites\/6\/2025\/01\/TPS.png?w=556&amp;quality=70 1x, https:\/\/www.capgemini.com\/fr-fr\/wp-content\/uploads\/sites\/6\/2025\/01\/TPS.png?w=556&amp;quality=70 2x\" media=\"(min-width: 0)\"\/><img decoding=\"async\" src=\"https:\/\/www.capgemini.com\/fr-fr\/wp-content\/uploads\/sites\/6\/2025\/01\/TPS.png\" class=\"box-img\" alt=\"\" style=\"object-fit:cover;object-position:50% 50%\" loading=\"lazy\"\/><\/picture><\/a><\/div><div class=\"col-lg-8 col-md-12 box-inner \"><a href=\"https:\/\/www.capgemini.com\/fr-fr\/solutions\/tara-ocean-etudier-et-proteger-locean\/\" aria-label=\"Tara Polar Station\" target=\"\" rel=\"noopener noreferrer\" title=\"\"><h3 class=\"titlewithLink\" data-maxlength=\"144\">Tara Polar Station<\/h3><\/a><p class=\"box-text\" data-maxlength=\"\">Station polaire d\u00e9rivante qui aide \u00e0 \u00e9tudier l\u2019impact du changement climatique en Arctique.<\/p><div class=\"box-bottom\"><a aria-label=\"Read more about Tara Polar Station\" class=\"more2\" data-maxlength=\"24\" href=\"https:\/\/www.capgemini.com\/fr-fr\/solutions\/tara-ocean-etudier-et-proteger-locean\/\" target=\"\" rel=\"noopener noreferrer\" title=\"\">En savoir plus<\/a><\/div><\/div><\/div><\/div><\/div><\/div><\/div>\n<\/div><\/div><\/div><\/section>\n\n\n\n<section class=\"wp-block-cg-blocks-how-we-do-it section section--howwedoit block-howwedoit\"><div class=\"container\"><div><div class=\"content-title\"><h2 data-maxlength=\"72\" class=\"expandable-heading-tag\">Nos prises de parole<\/h2><\/div><p><\/p><\/div><div class=\"section-content\">\n<div class=\"wp-block-cg-blocks-card-howwedoit expanders\"><div class=\"box card-regulated-agreements card-howwedoit\"><div class=\"expander-box filter-box tag-active opened\"><div class=\"expander-title\" tabindex=\"0\" role=\"button\" aria-expanded=\"true\"><h3 class=\"expander-heading-title\">Mon parcours, par Cl\u00e9ment Magniez<\/h3><\/div><div class=\"expander-subtitle\"><p class=\"small-description\">Mercredi 26 f\u00e9vrier | 9h15 &#8211; 9h35 | Agora 3<\/p><\/div><div class=\"expander-content\"><p><\/p><ul class=\"box-list\"><li><strong>Intervenant <\/strong>: <a href=\"https:\/\/www.linkedin.com\/in\/cl%C3%A9mentmagniez\/\">Cl\u00e9ment Magniez<\/a>, Consultant Gouvernance et Strat\u00e9gie de Cybers\u00e9curit\u00e9, <em>Capgemini<\/em><\/li><\/ul><div class=\"bg-color video-align-right\"><div class=\"container\"><div class=\"row video-align-left\"><div class=\"col-md-12\"><div class=\"video-align-left row box box--4 box--mini\"><div class=\"col-md-3\"><\/div><div class=\"col-md-8 box-img-wrapper\"><div class=\"video-box\"><\/div><\/div><\/div><\/div><\/div><\/div><\/div><div class=\"content-more\"><\/div><\/div><\/div><\/div><\/div>\n\n\n\n<div class=\"wp-block-cg-blocks-card-howwedoit expanders\"><div class=\"box card-regulated-agreements card-howwedoit\"><div class=\"expander-box filter-box tag-active opened\"><div class=\"expander-title\" tabindex=\"0\" role=\"button\" aria-expanded=\"true\"><h3 class=\"expander-heading-title\">Un parcours est-il forc\u00e9ment lin\u00e9aire\u00a0?<\/h3><\/div><div class=\"expander-subtitle\"><p class=\"small-description\">Mercredi 26 f\u00e9vrier | 10h05 &#8211; 10h25 et 10h30 &#8211; 10h50 | Agora 3<\/p><\/div><div class=\"expander-content\"><p><\/p><ul class=\"box-list\"><li><strong>Intervenant <\/strong>: <a href=\"https:\/\/fr.linkedin.com\/in\/charlotte-alliod-phd-024937a8\/en\">Charlotte Alliod<\/a>, Innovation &amp; Business Acceleration Manager, <em>Capgemini Engineering<\/em><\/li><\/ul><div class=\"bg-color video-align-right\"><div class=\"container\"><div class=\"row video-align-left\"><div class=\"col-md-12\"><div class=\"video-align-left row box box--4 box--mini\"><div class=\"col-md-3\"><\/div><div class=\"col-md-8 box-img-wrapper\"><div class=\"video-box\"><\/div><\/div><\/div><\/div><\/div><\/div><\/div><div class=\"content-more\"><\/div><\/div><\/div><\/div><\/div>\n\n\n\n<div class=\"wp-block-cg-blocks-card-howwedoit expanders\"><div class=\"box card-regulated-agreements card-howwedoit\"><div class=\"expander-box filter-box tag-active opened\"><div class=\"expander-title\" tabindex=\"0\" role=\"button\" aria-expanded=\"true\"><h3 class=\"expander-heading-title\">Mon parcours, par Hazar Zielioglu<\/h3><\/div><div class=\"expander-subtitle\"><p class=\"small-description\">Mercredi 26 f\u00e9vrier | 10h05 &#8211; 10h25 | Agora 5<\/p><\/div><div class=\"expander-content\"><p><\/p><ul class=\"box-list\"><li><strong>Intervenant <\/strong>: <a href=\"https:\/\/www.linkedin.com\/in\/hazarzi\/\">Hazar Zielioglu<\/a>, AI &amp; Data Engineer, <em>Capgemini<\/em> Engineering<\/li><\/ul><div class=\"bg-color video-align-right\"><div class=\"container\"><div class=\"row video-align-left\"><div class=\"col-md-12\"><div class=\"video-align-left row box box--4 box--mini\"><div class=\"col-md-3\"><\/div><div class=\"col-md-8 box-img-wrapper\"><div class=\"video-box\"><\/div><\/div><\/div><\/div><\/div><\/div><\/div><div class=\"content-more\"><\/div><\/div><\/div><\/div><\/div>\n\n\n\n<div class=\"wp-block-cg-blocks-card-howwedoit expanders\"><div class=\"box card-regulated-agreements card-howwedoit\"><div class=\"expander-box filter-box tag-active opened\"><div class=\"expander-title\" tabindex=\"0\" role=\"button\" aria-expanded=\"true\"><h3 class=\"expander-heading-title\">Sensibilisation aux risques Cyber<\/h3><\/div><div class=\"expander-subtitle\"><p class=\"small-description\">Mercredi 26 f\u00e9vrier | Horaire \u00e0 confirmer | Agora 2<\/p><\/div><div class=\"expander-content\"><p><\/p><ul class=\"box-list\"><li><strong>Intervenant <\/strong>: <a href=\"https:\/\/www.linkedin.com\/in\/cl%C3%A9mentmagniez\/\">Cl\u00e9ment Magniez<\/a>, Consultant Gouvernance et Strat\u00e9gie de Cybers\u00e9curit\u00e9, <em>Capgemini<\/em><\/li><\/ul><div class=\"bg-color video-align-right\"><div class=\"container\"><div class=\"row video-align-left\"><div class=\"col-md-12\"><div class=\"video-align-left row box box--4 box--mini\"><div class=\"col-md-3\"><\/div><div class=\"col-md-8 box-img-wrapper\"><div class=\"video-box\"><\/div><\/div><\/div><\/div><\/div><\/div><\/div><div class=\"content-more\"><\/div><\/div><\/div><\/div><\/div>\n\n\n\n<div class=\"wp-block-cg-blocks-card-howwedoit expanders\"><div class=\"box card-regulated-agreements card-howwedoit\"><div class=\"expander-box filter-box tag-active opened\"><div class=\"expander-title\" tabindex=\"0\" role=\"button\" aria-expanded=\"true\"><h3 class=\"expander-heading-title\">R\u00e9volutionner la robotique sur\u200b les cha\u00eenes d\u2019approvisionnement<\/h3><\/div><div class=\"expander-subtitle\"><p class=\"small-description\">Jeudi 27 f\u00e9vrier | 10h30 &#8211; 10h50 | Agora 2<\/p><\/div><div class=\"expander-content\"><p><\/p><ul class=\"box-list\"><li><strong>Intervenant <\/strong>: <a href=\"https:\/\/www.linkedin.com\/in\/s%C3%A9verine-vasseur-4a112810\/\">S\u00e9v\u00e9rine Vasseur<\/a>, Business Analyst M\u00e9tier Supply, <em>Capgemini<\/em><\/li><\/ul><div class=\"bg-color video-align-right\"><div class=\"container\"><div class=\"row video-align-left\"><div class=\"col-md-12\"><div class=\"video-align-left row box box--4 box--mini\"><div class=\"col-md-3\"><\/div><div class=\"col-md-8 box-img-wrapper\"><div class=\"video-box\"><\/div><\/div><\/div><\/div><\/div><\/div><\/div><div class=\"content-more\"><\/div><\/div><\/div><\/div><\/div>\n\n\n\n<div class=\"wp-block-cg-blocks-card-howwedoit expanders\"><div class=\"box card-regulated-agreements card-howwedoit\"><div class=\"expander-box filter-box tag-active opened\"><div class=\"expander-title\" tabindex=\"0\" role=\"button\" aria-expanded=\"true\"><h3 class=\"expander-heading-title\">Mon parcours de femme dans l\u2019innovation et la Tech apr\u00e8s un doctorat en communication<\/h3><\/div><div class=\"expander-subtitle\"><p class=\"small-description\">Jeudi 27 f\u00e9vrier | 13h15 &#8211; 13h35 | Agora 5<\/p><\/div><div class=\"expander-content\"><p><\/p><ul class=\"box-list\"><li><strong>Intervenant <\/strong>: <a href=\"https:\/\/fr.linkedin.com\/in\/julie-renard-6aa29948\">Julie Renard<\/a>, Innovation Lab Manager, <em>Capgemini Engineering<\/em><\/li><\/ul><div class=\"bg-color video-align-right\"><div class=\"container\"><div class=\"row video-align-left\"><div class=\"col-md-12\"><div class=\"video-align-left row box box--4 box--mini\"><div class=\"col-md-3\"><\/div><div class=\"col-md-8 box-img-wrapper\"><div class=\"video-box\"><\/div><\/div><\/div><\/div><\/div><\/div><\/div><div class=\"content-more\"><\/div><\/div><\/div><\/div><\/div>\n\n\n\n<div class=\"wp-block-cg-blocks-card-howwedoit expanders\"><div class=\"box card-regulated-agreements card-howwedoit\"><div class=\"expander-box filter-box tag-active opened\"><div class=\"expander-title\" tabindex=\"0\" role=\"button\" aria-expanded=\"true\"><h3 class=\"expander-heading-title\"><strong>Toutes les routes m\u00e8nent \u00e0 demain !<\/strong>\u200b<\/h3><\/div><div class=\"expander-subtitle\"><p class=\"small-description\">Samedi 1er mars | 10h30 | Agora 5<\/p><\/div><div class=\"expander-content\"><p>Avec ou sans chauffeur, sur terre ou dans les airs, venez d\u00e9couvrir comment on vit et imagine la mobilit\u00e9 d&#8217;aujourd&#8217;hui et de demain avec Capgemini.<\/p><ul class=\"box-list\"><li><strong>Intervenants <\/strong>: <a href=\"https:\/\/www.linkedin.com\/in\/corinnejouanny\/\">Corinne Jouanny<\/a>, Head of Portfolio and Industry Centers of Excellence, <em>Capgemini <\/em>| <a href=\"https:\/\/www.linkedin.com\/in\/roderic-wallart-3b946b151\/\">Roderic Wallart<\/a>, Responsable de March\u00e9, <em>Capgemini Engineering<\/em><\/li><\/ul><div class=\"bg-color video-align-right\"><div class=\"container\"><div class=\"row video-align-left\"><div class=\"col-md-12\"><div class=\"video-align-left row box box--4 box--mini\"><div class=\"col-md-3\"><\/div><div class=\"col-md-8 box-img-wrapper\"><div class=\"video-box\"><\/div><\/div><\/div><\/div><\/div><\/div><\/div><div class=\"content-more\"><\/div><\/div><\/div><\/div><\/div>\n<\/div><\/div><\/section>\n\n\n\n<div style=\"height:50px\" aria-hidden=\"true\" class=\"wp-block-spacer\"><\/div>\n\n\n\n<h2 class=\"wp-block-heading\" id=\"h-pourquoi-venir-a-notre-rencontre\"> Pourquoi venir \u00e0 notre rencontre ?<\/h2>\n\n\n\n<ul class=\"wp-block-list\">\n<li><strong>Explorer des innovations concr\u00e8tes<\/strong> : des projets tangibles qui fa\u00e7onnent d\u00e9j\u00e0 le futur.<\/li>\n\n\n\n<li><strong>Rencontrer nos experts<\/strong> : \u00e9changer avec ceux qui con\u00e7oivent et mettent en \u0153uvre ces solutions.<\/li>\n\n\n\n<li><strong>S&#8217;inspirer pour contribuer \u00e0 la transformation du monde industriel <\/strong>: d\u00e9couvrir comment int\u00e9grer ces technologies dans vos projets de transformations.<\/li>\n<\/ul>\n\n\n\n<section class=\"wp-block-cg-blocks-how-we-do-it section section--howwedoit block-howwedoit\"><div class=\"container\"><div><div class=\"content-title\"><h2 data-maxlength=\"72\" class=\"expandable-heading-tag\">Se projeter dans l&#8217;industrie du futur<\/h2><\/div><p>A Viva Fabrica, Capgemini Engineering invite les jeunes talents \u00e0 d\u00e9couvrir les opportunit\u00e9s professionnelles dans un secteur en pleine transformation.<\/p><\/div><div class=\"section-content\">\n<div class=\"wp-block-cg-blocks-card-howwedoit expanders\"><div class=\"box card-regulated-agreements card-howwedoit\"><div class=\"expander-box filter-box tag-active \"><div class=\"expander-title\" tabindex=\"0\" role=\"button\" aria-expanded=\"false\"><h3 class=\"expander-heading-title\"><strong>Les Hauts-de-France, un territoire d&#8217;opportunit\u00e9s<\/strong>\u00a0<\/h3><\/div><div class=\"expander-content\"><p>La r\u00e9gion est un v\u00e9ritable <strong>bassin d\u2019emploi industriel<\/strong> en plein essor avec de nombreux projets de d\u00e9carbonation et d\u2019innovation port\u00e9s par des acteurs majeurs. Gr\u00e2ce au <strong>parc d&#8217;innovation Eura\u00e9nergie<\/strong>, ce territoire se positionne comme un p\u00f4le strat\u00e9gique pour l\u2019industrie durable, offrant des perspectives d\u2019\u00e9volution uniques pour les jeunes talents.\u00a0<\/p><div class=\"bg-color video-align-right\"><div class=\"container\"><div class=\"row video-align-left\"><div class=\"col-md-12\"><div class=\"video-align-left row box box--4 box--mini\"><div class=\"col-md-3\"><\/div><div class=\"col-md-8 box-img-wrapper\"><div class=\"video-box\"><\/div><\/div><\/div><\/div><\/div><\/div><\/div><div class=\"content-more\"><\/div><\/div><\/div><\/div><\/div>\n\n\n\n<div class=\"wp-block-cg-blocks-card-howwedoit expanders\"><div class=\"box card-regulated-agreements card-howwedoit\"><div class=\"expander-box filter-box tag-active \"><div class=\"expander-title\" tabindex=\"0\" role=\"button\" aria-expanded=\"false\"><h3 class=\"expander-heading-title\"><strong>Pourquoi rejoindre Capgemini Engineering dans les Hauts-de-France ?<\/strong>\u00a0<\/h3><\/div><div class=\"expander-content\"><p><\/p><ul class=\"box-list\"><li>Une <strong>\u00e9quipe \u00e0 taille humaine<\/strong> de <strong>200 collaborateurs<\/strong>, dont <strong>10 stagiaires<\/strong> et <strong>alternants <\/strong>dans la r\u00e9gion<\/li><li>Une pr\u00e9sence forte aupr\u00e8s de nos clients industriels\u00a0<\/li><li>Un parcours de <strong>mont\u00e9e en comp\u00e9tences<\/strong> et d\u2019\u00e9volution de carri\u00e8re structur\u00e9,\u00a0avec une ouverture \u00e0<strong> l&#8217;international<\/strong><\/li><li>Une <strong>dynamique r\u00e9gionale forte<\/strong> qui garantit des opportunit\u00e9s sur le long terme<\/li><\/ul><div class=\"bg-color video-align-right\"><div class=\"container\"><div class=\"row video-align-left\"><div class=\"col-md-12\"><div class=\"video-align-left row box box--4 box--mini\"><div class=\"col-md-3\"><\/div><div class=\"col-md-8 box-img-wrapper\"><div class=\"video-box\"><\/div><\/div><\/div><\/div><\/div><\/div><\/div><div class=\"content-more\"><\/div><\/div><\/div><\/div><\/div>\n<\/div><\/div><\/section>\n\n\n\n<h2 class=\"wp-block-heading\" id=\"h-temoignage-d-un-collaborateur\">T\u00e9moignage d&#8217;un collaborateur <\/h2>\n\n\n\n<h4 class=\"wp-block-heading\" id=\"h-axel-un-jeune-talent-acteur-du-futur-de-l-industrie-en-hauts-de-france\">Axel : un jeune talent, acteur du futur de l&#8217;industrie en Hauts-de-France<\/h4>\n\n\n\n<blockquote class=\"wp-block-quote is-style-default is-layout-flow wp-block-quote-is-layout-flow\">\n<p>\u00ab Je suis Axel, j\u2019ai 26 ans et je travaille chez Capgemini Engineering depuis un an. Mon r\u00f4le consiste \u00e0 mettre en place des machines de mesure physico-chimiques et \u00e0 analyser les mati\u00e8res entrantes pour garantir leur conformit\u00e9.&nbsp;<\/p>\n\n\n\n<p>Apr\u00e8s un master en chimie et une premi\u00e8re exp\u00e9rience dans l\u2019industrie pharmaceutique, j\u2019ai rejoint Capgemini car cela m\u2019offrait une \u00e9volution de carri\u00e8re, me permettant de passer d\u2019un poste d\u2019op\u00e9rateur \u00e0 un poste d\u2019ing\u00e9nieur. Ce qui me pla\u00eet particuli\u00e8rement, c\u2019est de travailler au c\u0153ur de l\u2019innovation et de contribuer \u00e0 l\u2019essor de l\u2019industrie durable en France<strong>.<\/strong>&nbsp;<\/p>\n\n\n\n<p>En tant que natif de Lens, je voulais prouver qu\u2019on peut faire carri\u00e8re dans son domaine sans quitter la r\u00e9gion. Travailler dans les Hauts-de-France, c\u2019est participer \u00e0 un projet industriel ambitieux et montrer que les opportunit\u00e9s sont bien l\u00e0 ! \u00bb&nbsp;<\/p>\n<cite><a href=\"https:\/\/www.linkedin.com\/in\/axel-pronnier-412403140?miniProfileUrn=urn%3Ali%3Afs_miniProfile%3AACoAACI7Ro4BN6SQXmDugPZYuV8e3sGz6tNZWQ8&amp;lipi=urn%3Ali%3Apage%3Ad_flagship3_search_srp_all%3B5n%2BHSF5uTmiNH4HXF%2Fdw1g%3D%3D\" target=\"_blank\" rel=\"noreferrer noopener\">Axel &#8211; Consultant, Capgemini Engineering<\/a><\/cite><\/blockquote>\n\n\n\n<div style=\"height:69px\" aria-hidden=\"true\" class=\"wp-block-spacer\"><\/div>\n\n\n\n<h3 class=\"wp-block-heading\" id=\"h-ensemble-faconnons-l-avenir\"><strong>Ensemble, fa\u00e7onnons l&#8217;avenir !<\/strong><\/h3>\n\n\n\n<p>L\u2019innovation et l\u2019univers industriel vous int\u00e9ressent ou vous passionnent ? Rejoignez-nous du 26 f\u00e9vrier au 2 mars \u00e0 Lille !<\/p>\n\n\n\n<div style=\"height:50px\" aria-hidden=\"true\" class=\"wp-block-spacer\"><\/div>\n\n\n\n<blockquote class=\"wp-block-quote is-layout-flow wp-block-quote-is-layout-flow\">\n<p>\u00ab \u00c0 l\u2019\u00e8re de la performance industrielle, de l\u2019efficience \u00e0 la r\u00e9silience, nous portons ensemble une responsabilit\u00e9 dans la construction du monde de demain ! Un monde plus durable avec une industrie porteuse de sens et d\u2019avenir pour les futures g\u00e9n\u00e9rations. L\u2019histoire se cr\u00e9e d\u00e8s aujourd\u2019hui en pr\u00e9sentant aux plus jeunes des m\u00e9tiers passionnants et innovants. \u00bb<\/p>\n<cite>Capgemini Engineering<\/cite><\/blockquote>\n\n\n\n<p><\/p>\n<\/div><\/div><\/div><\/div><\/div><\/section>\n\n\n\n<section class=\"section section--expert-slider wrapper-people-slider wp-block-cg-blocks-wrapper-people-slider undefined\"><div class=\"container\"><div class=\"content-title\"><h2 data-maxlength=\"34\" class=\"people-heading-title\">Nos experts<\/h2><\/div><\/div><div class=\"slider slider-boxed\"><div class=\"container\"><div class=\"slider-window\"><div class=\"slider-list\">\t\t<div class=\"slide\">\n\t\t\t<div class=\"box\">\n\t\t\t\t<div class=\"row\">\n\t\t\t\t\t<div class=\"col-md-6 col-lg-4 box-img-wrapper\">\n\t\t\t\t\t\t<img decoding=\"async\" loading=\"lazy\" src=\"https:\/\/www.capgemini.com\/fr-fr\/wp-content\/uploads\/sites\/6\/2023\/06\/Corinne-Jouanny-PC.png\" alt=\"Corinne Jouanny\"\/>\n\t\t\t\t\t<\/div>\n\t\t\t\t\t<div class=\"col-md-6 col-lg-8 box-inner\">\n\t\t\t\t\t\t<div class=\"row title-social-media-header\">\n\t\t\t\t\t\t\t<div class=\"col-md-12 col-lg-6 mbl-social-icon\">\n\t\t\t\t\t\t\t\t<ul class=\"social-nav\">\n\t\t\t\t\t\t\t\t\t\t\t\t\t\t\t\t\t\t\t\t\t\t\t\t\t\t\t\t\t\t\t\t\t\t\t\t\t\t\t\t\t\t\t\t\t\t\t\t\t\t\t\t\t\t\t<li><a aria-label=\"Linkedin\" target=\"_blank\" title=\"Ouvrir dans une nouvelle fen\u00eatre\" href=\"https:\/\/www.linkedin.com\/in\/corinnejouanny\/\"><i aria-hidden=\"true\" class=\"icon-li\"><\/i><\/a><\/li>\n\t\t\t\t\t\t\t\t\t\t\t\t\t\t\t\t\t<\/ul>\n\t\t\t\t\t\t\t<\/div>\n\t\t\t\t\t\t\t<div class=\"col-md-12 col-lg-6 box-container\">\n\t\t\t\t\t\t\t\t<div class=\"box-title\">\n\t\t\t\t\t\t\t\t\t<h3 class=\"people-profile-title\">Corinne Jouanny<\/h3>\n\t\t\t\t\t\t\t\t<\/div>\n\t\t\t\t\t\t\t\t\t\t\t\t\t\t\t\t\t<span>EVP, Portfolio Management &amp; Intelligent Industry, Capgemini<\/span>\n\t\t\t\t\t\t\t\t\t\t\t\t\t\t\t<\/div>\n\t\t\t\t\t\t\t<div class=\"col-md-12 col-lg-6 social-box-container dkt-social-icon\">\n\t\t\t\t\t\t\t\t<ul class=\"social-nav\">\n\t\t\t\t\t\t\t\t\t\t\t\t\t\t\t\t\t\t\t\t\t\t\t\t\t\t\t\t\t\t\t\t\t\t\t\t\t\t\t\t\t\t\t\t\t\t\t\t\t\t\t\t\t\t\t<li><a aria-label=\"Linkedin\" target=\"_blank\" title=\"Ouvrir dans une nouvelle fen\u00eatre\" href=\"https:\/\/www.linkedin.com\/in\/corinnejouanny\/\"><i aria-hidden=\"true\" class=\"icon-li\"><\/i><\/a><\/li>\n\t\t\t\t\t\t\t\t\t\t\t\t\t\t\t\t\t<\/ul>\n\t\t\t\t\t\t\t<\/div>\n\t\t\t\t\t\t<\/div>\n\t\t\t\t\t\t\t\t\t\t\t\t\t<div class=\"people-info\">Corinne est engag\u00e9e dans l&#8217;acc\u00e9l\u00e9ration du d\u00e9veloppement durable. Elle a dirig\u00e9 de nombreux projets de R&#038;D dans une vari\u00e9t\u00e9 de secteurs pour de nombreux clients internationaux. Pionni\u00e8re de la pratique du design thinking dans l&#8217;industrie, elle a d\u00e9velopp\u00e9 de nouvelles offres de services et des projets au service de l&#8217;innovation qui placent l&#8217;homme et la plan\u00e8te au c\u0153ur des d\u00e9veloppements. Corinne partage sa passion et son exp\u00e9rience dans divers environnements acad\u00e9miques et industriels pour favoriser la cr\u00e9ation de valeur et l&#8217;innovation responsable. R\u00e9compens\u00e9e &#8220;Femme d&#8217;innovation 2014&#8221; par L&#8217;Usine Nouvelle.<\/div>\n\t\t\t\t\t\t\t\t\t\t\t<\/div>\n\t\t\t\t<\/div>\n\t\t\t<\/div>\n\t\t\t\t\t<\/div>\n\t\t<\/div><\/div><\/div><div class=\"slider-nav\"><button class=\"slider-prev inactive\" aria-label=\"Curseur pr\u00e9c\u00e9dent\" tabindex=\"-1\"><\/button><ul class=\"slider-paginator\"><\/ul><button class=\"slider-next\" aria-label=\"Curseur suivant\"><\/button><\/div><\/div><\/section>\n\n\n\n\t\t<section\n\t\t\tclass=\"section section--lifeatcap-learning section--event-slider-careerInvent \">\n\n\t\t\t<div class=\"container\">\n\t\t\t\t<div class='career-invent-header'>\n\t\t\t\t\t\t\t\t\t\t\t<div class=\"row\">\n\t\t\t\t\t\t\t<div class=\"heading col-12 col-md-8\">\n\t\t\t\t\t\t\t\t<h2>Pour aller plus loin<\/h2>\n\t\t\t\t\t\t\t<\/div>\n\t\t\t\t\t\t<\/div>\n\t\t\t\t\t\t\t\t\t\t\t\t\t\t<\/div>\n\t\t\t<\/div>\n\n\t\t\t<div class=\"slider slider-fader 483aa594-eccd-416a-a46b-8ad6ebd76a6a\">\n\t\t\t\t\t\t\t\t<div\n\t\t\t\t\tclass=\"slider-list \">\n\t\t\t\t\t\t\t\t\t\t\t<div\n\t\t\t\t\t\t\tclass=\"slide active \">\n\t\t\t\t\t\t\t<div\n\t\t\t\t\t\t\t\tclass=\"slide-bg-wrapper wp-block-cg-blocks-career-invent \">\n\t\t\t\t\t\t\t\t<div class=\"bgImagesection\">\n\t\t\t\t\t\t\t\t\t\t\t\t\t\t\t\t\t\t\t<div class=\"bgColor\"><\/div>\n\t\t\t\t\t\t\t\t\t\n\t\t\t\t\t\t\t\t\t<div class=\"container slide-info-wrapper\">\n\t\t\t\t\t\t\t\t\t\t<div class=\"row\">\n\t\t\t\t\t\t\t\t\t\t\t<div\n\t\t\t\t\t\t\t\t\t\t\t\tclass=\"col-md-6 col-sm-12 box-inner \">\n\t\t\t\t\t\t\t\t\t\t\t\t\t\t\t\t\t\t\t\t\t\t\t\t\t<div class=\"bgColor\"><\/div>\n\t\t\t\t\t\t\t\t\t\t\t\t\t\t\t\t\t\t\t\t\t\t\t\t\t\t\t\t\t\t\t\t\t\t\t\t\t<div\n\t\t\t\t\t\t\t\t\t\t\t\t\t\tclass=\"content-title \">\n\t\t\t\t\t\t\t\t\t\t\t\t\t\t<h3 class=\"explore-header\"\n\t\t\t\t\t\t\t\t\t\t\t\t\t\t\tdata-maxlength=\"68\"\n\t\t\t\t\t\t\t\t\t\t\t\t\t\t\ttitle=\"Intelligent industry\">\n\t\t\t\t\t\t\t\t\t\t\t\t\t\t\tIntelligent industry\t\t\t\t\t\t\t\t\t\t\t\t\t\t<\/h3>\n\t\t\t\t\t\t\t\t\t\t\t\t\t<\/div>\n\t\t\t\t\t\t\t\t\t\t\t\t\n\t\t\t\t\t\t\t\t\t\t\t\t\t\t\t\t\t\t\t\t\t\t\t\t\t\t\t\t\t\t\t\t\t\t\t\t\t\t\t<div\n\t\t\t\t\t\t\t\t\t\t\t\t\t\t\tclass=\"box-title \">\n\t\t\t\t\t\t\t\t\t\t\t\t\t\t\t<h4 data-maxlength=\"144\"\n\t\t\t\t\t\t\t\t\t\t\t\t\t\t\t\ttitle=\"La transformation digitale entre dans une nouvelle \u00e8re.\"\n\t\t\t\t\t\t\t\t\t\t\t\t\t\t\t\tstyle=\"white-space: pre-wrap;\">\n\t\t\t\t\t\t\t\t\t\t\t\t\t\t\t\tLa transformation digitale entre dans une nouvelle \u00e8re.\t\t\t\t\t\t\t\t\t\t\t\t\t\t\t<\/h4>\n\t\t\t\t\t\t\t\t\t\t\t\t\t\t<\/div>\n\t\t\t\t\t\t\t\t\t\t\t\t\t\t\t\t\t\t\t\t\t\t\t\t\t\n\t\t\t\t\t\t\t\t\t\t\t\t\t\t\t\t\t\t\t\t\t\t\t\t\t<div >\n\t\t\t\t\t\t\t\t\t\t\t\t\t\t\t\t\t\t\t\t\t\t\t\t\t\t\t<\/div>\n\t\t\t\t\t\t\t\t\t\t\t\t\n\t\t\t\t\t\t\t\t\t\t\t\t\t\t\t\t\t\t\t\t\t\t\t\t\t\t\t\t\t\t\t\t\t\t\t\t\t<div class=\"btnDiv\"> <a class=\"more2\" data-maxlength=\"24\" aria-label=\"En savoir plus A propos Intelligent industry\"\n\t\t\t\t\t\t\t\t\t\t\t\t\t\t tabindex=\"0\" href=\"https:\/\/www.capgemini.com\/fr-fr\/services\/intelligent-industry\/\"\n\t\t\t\t\t\t\t\t\t\t\t\t\t\t\ttarget=\"\">\n\t\t\t\t\t\t\t\t\t\t\t\t\t\tEn savoir plus\t\t\t\t\t\t\t\t\t\t\t\t\t<\/a> <\/div>\n\t\t\t\t\t\t\t\t\t\t\t\t\t\t\t\t\t\t\t\t\t\t\t\t\t\n\n\n\t\t\t\t\t\t\t\t\t\t\t<\/div>\n\n\t\t\t\t\t\t\t\t\t\t\t<div class=\"col-md-6 col-sm-12 text-right box-img-wrapper escaper escaper-right\">\n\t\t\t\t\t\t\t\t\t\t\t\t\n\n\t\t\t\t\t\t\t\t\t\t\t\t<picture>\n\t\t\t\t\t\t\t\t\t\t\t\t\t<source\n\t\t\t\t\t\t\t\t\t\t\t\t\t\tsrcset=\"https:\/\/www.capgemini.com\/wp-content\/uploads\/2023\/09\/II-New-VI.webp?w=1200&amp;quality=90 1x, https:\/\/www.capgemini.com\/wp-content\/uploads\/2023\/09\/II-New-VI.webp?w=1200&amp;quality=90 2x\"\n\t\t\t\t\t\t\t\t\t\t\t\t\t\tmedia=\"(min-width: 1500px)\" \/>\n\t\t\t\t\t\t\t\t\t\t\t\t\t<source\n\t\t\t\t\t\t\t\t\t\t\t\t\t\tsrcset=\"https:\/\/www.capgemini.com\/wp-content\/uploads\/2023\/09\/II-New-VI.webp?w=600&amp;quality=90 1x, https:\/\/www.capgemini.com\/wp-content\/uploads\/2023\/09\/II-New-VI.webp?w=1200&amp;quality=90 2x\"\n\t\t\t\t\t\t\t\t\t\t\t\t\t\tmedia=\"(min-width: 992px)\" \/>\n\t\t\t\t\t\t\t\t\t\t\t\t\t<source\n\t\t\t\t\t\t\t\t\t\t\t\t\t\tsrcset=\"https:\/\/www.capgemini.com\/wp-content\/uploads\/2023\/09\/II-New-VI.webp?w=400&amp;quality=90 1x, https:\/\/www.capgemini.com\/wp-content\/uploads\/2023\/09\/II-New-VI.webp?w=800&amp;quality=90 2x\"\n\t\t\t\t\t\t\t\t\t\t\t\t\t\tmedia=\"(min-width: 768px)\" \/>\n\t\t\t\t\t\t\t\t\t\t\t\t\t<source\n\t\t\t\t\t\t\t\t\t\t\t\t\t\tsrcset=\"https:\/\/www.capgemini.com\/wp-content\/uploads\/2023\/09\/II-New-VI.webp?w=400&amp;quality=90 1x, https:\/\/www.capgemini.com\/wp-content\/uploads\/2023\/09\/II-New-VI.webp?w=800&amp;quality=90 2x\"\n\t\t\t\t\t\t\t\t\t\t\t\t\t\tmedia=\"(min-width: 0)\" \/>\n\n\n\t\t\t\t\t\t\t\t\t\t\t\t\t<img loading=\"lazy\" class=\"box-img\"\n\t\t\t\t\t\t\t\t\t\t\t\t\t\tsrc=\"https:\/\/www.capgemini.com\/wp-content\/uploads\/2023\/09\/II-New-VI.webp\"\n\t\t\t\t\t\t\t\t\t\t\t\t\t\tstyle=\"\n\t\t\t\t\t\t\t\t\t\t\t\t\t\tobject-position: 50% 50%; object-fit: cover;\t\t\t\t\t\t\t\t\t\t\t\t\t\t\t\t\t\" alt=\"\" \/>\n\n\t\t\t\t\t\t\t\t\t\t\t\t<\/picture>\n\t\t\t\t\t\t\t\t\t\t\t\t<!-- <img decoding=\"async\" class=\"box-img\" src=\"\n\t\t\t\t\t\t\t\t\t\t\t\t\t\t\t\t\t\t\t\t\t\t\t\t\t\t\t\"\n\t\t\t\t\t\t\t\t\t\t\tstyle=\"\n\t\t\t\t\t\t\t\t\t\t\t\t\t\t\t\t\t\t\t\t\t\t\t\t\t\" alt=\"\"\n\t\t\t\t\t\t\t\t\t\t\/> -->\n\t\t\t\t\t\t\t\t\t\t\t<\/div>\n\t\t\t\t\t\t\t\t\t\t<\/div>\n\t\t\t\t\t\t\t\t\t<\/div>\n\t\t\t\t\t\t\t\t<\/div>\n\t\t\t\t\t\t\t\t<div class=\"\">\n\t\t\t\t\t\t\t\t<\/div>\n\t\t\t\t\t\t\t\t<div class=\"slide-reveal\"><\/div>\n\t\t\t\t\t\t\t<\/div>\n\t\t\t\t\t\t<\/div>\n\t\t\t\t\t\n\t\t\t\t<\/div>\n\n\t\t\t\t\n\t\t\t<\/div>\n\n\t\t<\/section>\n\n\t\t","protected":false},"excerpt":{"rendered":"<p>Viva Fabrica ! souhaite rassembler les jeunes g\u00e9n\u00e9rations autour d&#8217;un but commun : le futur de l&#8217;industrie<\/p>\n","protected":false},"author":157,"featured_media":773682,"template":"","meta":{"cg_dt_proposed_to":[21,41],"cg_seo_hreflang_relations":"[]","cg_seo_canonical_relation":"","cg_seo_hreflang_x_default_relation":"{\"uuid\":\"06ecfafe-b97e-4a80-8d22-dc1c6ed1f2f7\",\"blogId\":\"\",\"domain\":\"\",\"sitePath\":\"\",\"postLink\":\"\",\"postId\":null,\"isSaved\":true,\"isCrossLink\":false,\"hasCrossLink\":false}","cg_dt_approved_content":true,"cg_dt_mandatory_content":false,"cg_dt_notes":"","cg_dg_source_changed":false,"cg_dt_link_disabled":true,"footnotes":"","cg_event_start":"2025-02-26T08:30:00","cg_event_end":"2025-03-2T17:00:00","cg_event_timezone":"CET","event_location":"Lille & Dunkerque","cg_event_type":"Business","cg_event_short_title":"Viva Fabrica !","cg_event_block_title":"26 f\u00e9v-2 mars","featured_focal_points":""},"tags":[201],"brand":[],"event-location":[1228],"class_list":["post-705979","event","type-event","status-publish","has-post-thumbnail","hentry","tag-intelligent-industry","event-location-lille"],"yoast_head":"<!-- This site is optimized with the Yoast SEO Premium plugin v22.8 (Yoast SEO v22.8) - https:\/\/yoast.com\/wordpress\/plugins\/seo\/ -->\n<title>Viva Fabrica ! - Capgemini France<\/title>\n<meta name=\"description\" content=\"Viva Fabrica ! souhaite rassembler les jeunes g\u00e9n\u00e9rations autour d&#039;un but commun : le futur de l&#039;industrie\" \/>\n<meta name=\"robots\" content=\"index, follow, max-snippet:-1, max-image-preview:large, max-video-preview:-1\" \/>\n<link rel=\"canonical\" href=\"https:\/\/www.capgemini.com\/fr-fr\/actualites\/evenements\/viva-fabrica\/\" \/>\n<meta property=\"og:locale\" content=\"fr_FR\" \/>\n<meta property=\"og:type\" content=\"article\" \/>\n<meta property=\"og:title\" content=\"Viva Fabrica !\" \/>\n<meta property=\"og:description\" content=\"Viva Fabrica ! souhaite rassembler les jeunes g\u00e9n\u00e9rations autour d&#039;un but commun : le futur de l&#039;industrie\" \/>\n<meta property=\"og:url\" content=\"https:\/\/www.capgemini.com\/fr-fr\/actualites\/evenements\/viva-fabrica\/\" \/>\n<meta property=\"og:site_name\" content=\"Capgemini France\" \/>\n<meta property=\"article:modified_time\" content=\"2026-03-03T13:40:14+00:00\" \/>\n<meta property=\"og:image\" content=\"https:\/\/www.capgemini.com\/fr-fr\/wp-content\/uploads\/sites\/6\/2025\/02\/Capgemini-VivaFabrica-Wepreview.jpg\" \/>\n\t<meta property=\"og:image:width\" content=\"640\" \/>\n\t<meta property=\"og:image:height\" content=\"360\" \/>\n\t<meta property=\"og:image:type\" content=\"image\/jpeg\" \/>\n<meta name=\"twitter:card\" content=\"summary_large_image\" \/>\n<meta name=\"twitter:label1\" content=\"Est. reading time\" \/>\n\t<meta name=\"twitter:data1\" content=\"7 minutes\" \/>\n<script type=\"application\/ld+json\" class=\"yoast-schema-graph\">{\"@context\":\"https:\/\/schema.org\",\"@graph\":[{\"@type\":\"WebPage\",\"@id\":\"https:\/\/www.capgemini.com\/fr-fr\/actualites\/evenements\/viva-fabrica\/\",\"url\":\"https:\/\/www.capgemini.com\/fr-fr\/actualites\/evenements\/viva-fabrica\/\",\"name\":\"Viva Fabrica ! - Capgemini France\",\"isPartOf\":{\"@id\":\"https:\/\/www.capgemini.com\/fr-fr\/#website\"},\"primaryImageOfPage\":{\"@id\":\"https:\/\/www.capgemini.com\/fr-fr\/actualites\/evenements\/viva-fabrica\/#primaryimage\"},\"image\":{\"@id\":\"https:\/\/www.capgemini.com\/fr-fr\/actualites\/evenements\/viva-fabrica\/#primaryimage\"},\"thumbnailUrl\":\"https:\/\/www.capgemini.com\/fr-fr\/wp-content\/uploads\/sites\/6\/2025\/02\/Capgemini-VivaFabrica-WebsiteBanner.jpg\",\"datePublished\":\"2025-01-04T13:43:00+00:00\",\"dateModified\":\"2026-03-03T13:40:14+00:00\",\"description\":\"Viva Fabrica ! souhaite rassembler les jeunes g\u00e9n\u00e9rations autour d'un but commun : le futur de l'industrie\",\"breadcrumb\":{\"@id\":\"https:\/\/www.capgemini.com\/fr-fr\/actualites\/evenements\/viva-fabrica\/#breadcrumb\"},\"inLanguage\":\"fr-FR\",\"potentialAction\":[{\"@type\":\"ReadAction\",\"target\":[\"https:\/\/www.capgemini.com\/fr-fr\/actualites\/evenements\/viva-fabrica\/\"]}]},{\"@type\":\"ImageObject\",\"inLanguage\":\"fr-FR\",\"@id\":\"https:\/\/www.capgemini.com\/fr-fr\/actualites\/evenements\/viva-fabrica\/#primaryimage\",\"url\":\"https:\/\/www.capgemini.com\/fr-fr\/wp-content\/uploads\/sites\/6\/2025\/02\/Capgemini-VivaFabrica-WebsiteBanner.jpg\",\"contentUrl\":\"https:\/\/www.capgemini.com\/fr-fr\/wp-content\/uploads\/sites\/6\/2025\/02\/Capgemini-VivaFabrica-WebsiteBanner.jpg\",\"width\":6000,\"height\":3750},{\"@type\":\"BreadcrumbList\",\"@id\":\"https:\/\/www.capgemini.com\/fr-fr\/actualites\/evenements\/viva-fabrica\/#breadcrumb\",\"itemListElement\":[{\"@type\":\"ListItem\",\"position\":1,\"name\":\"Events\",\"item\":\"https:\/\/www.capgemini.com\/fr-fr\/event\/\"},{\"@type\":\"ListItem\",\"position\":2,\"name\":\"Viva Fabrica !\"}]},{\"@type\":\"WebSite\",\"@id\":\"https:\/\/www.capgemini.com\/fr-fr\/#website\",\"url\":\"https:\/\/www.capgemini.com\/fr-fr\/\",\"name\":\"Capgemini France\",\"description\":\"Just another www.capgemini.com site\",\"publisher\":{\"@id\":\"https:\/\/www.capgemini.com\/fr-fr\/#organization\"},\"potentialAction\":[{\"@type\":\"SearchAction\",\"target\":{\"@type\":\"EntryPoint\",\"urlTemplate\":\"https:\/\/www.capgemini.com\/fr-fr\/?s={search_term_string}\"},\"query-input\":\"required name=search_term_string\"}],\"inLanguage\":\"fr-FR\"},{\"@type\":\"Organization\",\"@id\":\"https:\/\/www.capgemini.com\/fr-fr\/#organization\",\"name\":\"Capgemini France\",\"url\":\"https:\/\/www.capgemini.com\/fr-fr\/\",\"logo\":{\"@type\":\"ImageObject\",\"inLanguage\":\"fr-FR\",\"@id\":\"https:\/\/www.capgemini.com\/fr-fr\/#\/schema\/logo\/image\/\",\"url\":\"https:\/\/www.capgemini.com\/fr-fr\/wp-content\/uploads\/sites\/6\/2022\/08\/Logo-Capgemini.png\",\"contentUrl\":\"https:\/\/www.capgemini.com\/fr-fr\/wp-content\/uploads\/sites\/6\/2022\/08\/Logo-Capgemini.png\",\"width\":202,\"height\":60,\"caption\":\"Capgemini France\"},\"image\":{\"@id\":\"https:\/\/www.capgemini.com\/fr-fr\/#\/schema\/logo\/image\/\"}}]}<\/script>\n<!-- \/ Yoast SEO Premium plugin. -->","yoast_head_json":{"title":"Viva Fabrica ! - Capgemini France","description":"Viva Fabrica ! souhaite rassembler les jeunes g\u00e9n\u00e9rations autour d'un but commun : le futur de l'industrie","robots":{"index":"index","follow":"follow","max-snippet":"max-snippet:-1","max-image-preview":"max-image-preview:large","max-video-preview":"max-video-preview:-1"},"canonical":"https:\/\/www.capgemini.com\/fr-fr\/actualites\/evenements\/viva-fabrica\/","og_locale":"fr_FR","og_type":"article","og_title":"Viva Fabrica !","og_description":"Viva Fabrica ! souhaite rassembler les jeunes g\u00e9n\u00e9rations autour d'un but commun : le futur de l'industrie","og_url":"https:\/\/www.capgemini.com\/fr-fr\/actualites\/evenements\/viva-fabrica\/","og_site_name":"Capgemini France","article_modified_time":"2026-03-03T13:40:14+00:00","og_image":[{"width":640,"height":360,"url":"https:\/\/www.capgemini.com\/fr-fr\/wp-content\/uploads\/sites\/6\/2025\/02\/Capgemini-VivaFabrica-Wepreview.jpg","type":"image\/jpeg"}],"twitter_card":"summary_large_image","twitter_misc":{"Est. reading time":"7 minutes"},"schema":{"@context":"https:\/\/schema.org","@graph":[{"@type":"WebPage","@id":"https:\/\/www.capgemini.com\/fr-fr\/actualites\/evenements\/viva-fabrica\/","url":"https:\/\/www.capgemini.com\/fr-fr\/actualites\/evenements\/viva-fabrica\/","name":"Viva Fabrica ! - Capgemini France","isPartOf":{"@id":"https:\/\/www.capgemini.com\/fr-fr\/#website"},"primaryImageOfPage":{"@id":"https:\/\/www.capgemini.com\/fr-fr\/actualites\/evenements\/viva-fabrica\/#primaryimage"},"image":{"@id":"https:\/\/www.capgemini.com\/fr-fr\/actualites\/evenements\/viva-fabrica\/#primaryimage"},"thumbnailUrl":"https:\/\/www.capgemini.com\/fr-fr\/wp-content\/uploads\/sites\/6\/2025\/02\/Capgemini-VivaFabrica-WebsiteBanner.jpg","datePublished":"2025-01-04T13:43:00+00:00","dateModified":"2026-03-03T13:40:14+00:00","description":"Viva Fabrica ! souhaite rassembler les jeunes g\u00e9n\u00e9rations autour d'un but commun : le futur de l'industrie","breadcrumb":{"@id":"https:\/\/www.capgemini.com\/fr-fr\/actualites\/evenements\/viva-fabrica\/#breadcrumb"},"inLanguage":"fr-FR","potentialAction":[{"@type":"ReadAction","target":["https:\/\/www.capgemini.com\/fr-fr\/actualites\/evenements\/viva-fabrica\/"]}]},{"@type":"ImageObject","inLanguage":"fr-FR","@id":"https:\/\/www.capgemini.com\/fr-fr\/actualites\/evenements\/viva-fabrica\/#primaryimage","url":"https:\/\/www.capgemini.com\/fr-fr\/wp-content\/uploads\/sites\/6\/2025\/02\/Capgemini-VivaFabrica-WebsiteBanner.jpg","contentUrl":"https:\/\/www.capgemini.com\/fr-fr\/wp-content\/uploads\/sites\/6\/2025\/02\/Capgemini-VivaFabrica-WebsiteBanner.jpg","width":6000,"height":3750},{"@type":"BreadcrumbList","@id":"https:\/\/www.capgemini.com\/fr-fr\/actualites\/evenements\/viva-fabrica\/#breadcrumb","itemListElement":[{"@type":"ListItem","position":1,"name":"Events","item":"https:\/\/www.capgemini.com\/fr-fr\/event\/"},{"@type":"ListItem","position":2,"name":"Viva Fabrica !"}]},{"@type":"WebSite","@id":"https:\/\/www.capgemini.com\/fr-fr\/#website","url":"https:\/\/www.capgemini.com\/fr-fr\/","name":"Capgemini France","description":"Just another www.capgemini.com site","publisher":{"@id":"https:\/\/www.capgemini.com\/fr-fr\/#organization"},"potentialAction":[{"@type":"SearchAction","target":{"@type":"EntryPoint","urlTemplate":"https:\/\/www.capgemini.com\/fr-fr\/?s={search_term_string}"},"query-input":"required name=search_term_string"}],"inLanguage":"fr-FR"},{"@type":"Organization","@id":"https:\/\/www.capgemini.com\/fr-fr\/#organization","name":"Capgemini France","url":"https:\/\/www.capgemini.com\/fr-fr\/","logo":{"@type":"ImageObject","inLanguage":"fr-FR","@id":"https:\/\/www.capgemini.com\/fr-fr\/#\/schema\/logo\/image\/","url":"https:\/\/www.capgemini.com\/fr-fr\/wp-content\/uploads\/sites\/6\/2022\/08\/Logo-Capgemini.png","contentUrl":"https:\/\/www.capgemini.com\/fr-fr\/wp-content\/uploads\/sites\/6\/2022\/08\/Logo-Capgemini.png","width":202,"height":60,"caption":"Capgemini France"},"image":{"@id":"https:\/\/www.capgemini.com\/fr-fr\/#\/schema\/logo\/image\/"}}]}},"event_post_tag":"Intelligent Industry","brand_term":[],"parsely":{"version":"1.1.0","canonical_url":"https:\/\/capgemini.com\/fr-fr\/actualites\/evenements\/viva-fabrica\/","smart_links":{"inbound":0,"outbound":0},"traffic_boost_suggestions_count":0,"meta":{"@context":"https:\/\/schema.org","@type":"NewsArticle","headline":"Viva Fabrica !","url":"https:\/\/www.capgemini.com\/fr-fr\/actualites\/evenements\/viva-fabrica\/","mainEntityOfPage":{"@type":"WebPage","@id":"https:\/\/www.capgemini.com\/fr-fr\/actualites\/evenements\/viva-fabrica\/"},"thumbnailUrl":"https:\/\/www.capgemini.com\/fr-fr\/wp-content\/uploads\/sites\/6\/2025\/02\/Capgemini-VivaFabrica-WebsiteBanner.jpg?w=150&h=150&crop=1","image":{"@type":"ImageObject","url":"https:\/\/www.capgemini.com\/fr-fr\/wp-content\/uploads\/sites\/6\/2025\/02\/Capgemini-VivaFabrica-WebsiteBanner.jpg"},"articleSection":"Uncategorized","author":[],"creator":[],"publisher":{"@type":"Organization","name":"Capgemini France","logo":""},"keywords":["intelligent industry"],"dateCreated":"2025-01-04T13:43:00Z","datePublished":"2025-01-04T13:43:00Z","dateModified":"2026-03-03T13:40:14Z"},"rendered":"<meta name=\"parsely-title\" content=\"Viva Fabrica !\" \/>\n<meta name=\"parsely-link\" content=\"https:\/\/www.capgemini.com\/fr-fr\/actualites\/evenements\/viva-fabrica\/\" \/>\n<meta name=\"parsely-type\" content=\"post\" \/>\n<meta name=\"parsely-image-url\" content=\"https:\/\/www.capgemini.com\/fr-fr\/wp-content\/uploads\/sites\/6\/2025\/02\/Capgemini-VivaFabrica-WebsiteBanner.jpg?w=150&amp;h=150&amp;crop=1\" \/>\n<meta name=\"parsely-pub-date\" content=\"2025-01-04T13:43:00Z\" \/>\n<meta name=\"parsely-section\" content=\"Uncategorized\" \/>\n<meta name=\"parsely-tags\" content=\"intelligent industry\" \/>","tracker_url":"https:\/\/cdn.parsely.com\/keys\/capgemini.com\/p.js"},"archive_status":false,"featured_image_src":"https:\/\/www.capgemini.com\/fr-fr\/wp-content\/uploads\/sites\/6\/2025\/02\/Capgemini-VivaFabrica-WebsiteBanner.jpg","featured_image_alt":"","jetpack_sharing_enabled":true,"distributor_meta":false,"distributor_terms":false,"distributor_media":false,"distributor_original_site_name":"Capgemini France","distributor_original_site_url":"https:\/\/www.capgemini.com\/fr-fr","push-errors":false,"_links":{"self":[{"href":"https:\/\/www.capgemini.com\/fr-fr\/wp-json\/wp\/v2\/event\/705979","targetHints":{"allow":["GET"]}}],"collection":[{"href":"https:\/\/www.capgemini.com\/fr-fr\/wp-json\/wp\/v2\/event"}],"about":[{"href":"https:\/\/www.capgemini.com\/fr-fr\/wp-json\/wp\/v2\/types\/event"}],"author":[{"embeddable":true,"href":"https:\/\/www.capgemini.com\/fr-fr\/wp-json\/wp\/v2\/users\/157"}],"version-history":[{"count":19,"href":"https:\/\/www.capgemini.com\/fr-fr\/wp-json\/wp\/v2\/event\/705979\/revisions"}],"predecessor-version":[{"id":804184,"href":"https:\/\/www.capgemini.com\/fr-fr\/wp-json\/wp\/v2\/event\/705979\/revisions\/804184"}],"wp:featuredmedia":[{"embeddable":true,"href":"https:\/\/www.capgemini.com\/fr-fr\/wp-json\/wp\/v2\/media\/773682"}],"wp:attachment":[{"href":"https:\/\/www.capgemini.com\/fr-fr\/wp-json\/wp\/v2\/media?parent=705979"}],"wp:term":[{"taxonomy":"post_tag","embeddable":true,"href":"https:\/\/www.capgemini.com\/fr-fr\/wp-json\/wp\/v2\/tags?post=705979"},{"taxonomy":"brand","embeddable":true,"href":"https:\/\/www.capgemini.com\/fr-fr\/wp-json\/wp\/v2\/brand?post=705979"},{"taxonomy":"event-location","embeddable":true,"href":"https:\/\/www.capgemini.com\/fr-fr\/wp-json\/wp\/v2\/event-location?post=705979"}],"curies":[{"name":"wp","href":"https:\/\/api.w.org\/{rel}","templated":true}]}}