{"id":698250,"date":"2025-10-15T16:21:17","date_gmt":"2025-10-15T14:21:17","guid":{"rendered":"https:\/\/www.capgemini.com\/fr-fr\/?post_type=event&#038;p=698250"},"modified":"2025-11-12T10:10:15","modified_gmt":"2025-11-12T09:10:15","slug":"business-agility-days","status":"publish","type":"event","link":"https:\/\/www.capgemini.com\/fr-fr\/actualites\/evenements\/business-agility\/","title":{"rendered":"Business Agility Days"},"content":{"rendered":"\n<div class=\"wp-block-cg-blocks-hero-picture-card undefined is-style-blue-theme-2  heroPictureCard heroPictureCardLogTitle \"><div class=\"heroPictureCardBgs\"><picture><source srcset=\"https:\/\/www.capgemini.com\/fr-fr\/wp-content\/uploads\/sites\/6\/2025\/09\/Capgemini_BusinessAgilityDay_web.jpg?w=2880&amp;quality=70 1x, https:\/\/www.capgemini.com\/fr-fr\/wp-content\/uploads\/sites\/6\/2025\/09\/Capgemini_BusinessAgilityDay_web.jpg?w=2880&amp;quality=70 2x\" media=\"(min-width: 1500px)\"\/><source srcset=\"https:\/\/www.capgemini.com\/fr-fr\/wp-content\/uploads\/sites\/6\/2025\/09\/Capgemini_BusinessAgilityDay_web.jpg?w=1440&amp;quality=70 1x, https:\/\/www.capgemini.com\/fr-fr\/wp-content\/uploads\/sites\/6\/2025\/09\/Capgemini_BusinessAgilityDay_web.jpg?w=2880&amp;quality=70 2x\" media=\"(min-width: 992px)\"\/><source srcset=\"https:\/\/www.capgemini.com\/fr-fr\/wp-content\/uploads\/sites\/6\/2025\/09\/Capgemini_BusinessAgilityDay_web.jpg?w=1024&amp;quality=70 1x, https:\/\/www.capgemini.com\/fr-fr\/wp-content\/uploads\/sites\/6\/2025\/09\/Capgemini_BusinessAgilityDay_web.jpg?w=1024&amp;quality=70 2x\" media=\"(min-width: 768px)\"\/><source srcset=\"https:\/\/www.capgemini.com\/fr-fr\/wp-content\/uploads\/sites\/6\/2025\/09\/Capgemini_BusinessAgilityDay_web.jpg?w=768&amp;quality=70 1x, https:\/\/www.capgemini.com\/fr-fr\/wp-content\/uploads\/sites\/6\/2025\/09\/Capgemini_BusinessAgilityDay_web.jpg?w=768&amp;quality=70 2x\" media=\"(min-width: 0)\"\/><img decoding=\"async\" src=\"https:\/\/www.capgemini.com\/fr-fr\/wp-content\/uploads\/sites\/6\/2025\/09\/Capgemini_BusinessAgilityDay_web.jpg\" class=\"desktopImage\" alt=\"\" style=\"object-fit:cover;object-position:11% 74%\" loading=\"eager\"\/><\/picture><picture><source srcset=\"https:\/\/www.capgemini.com\/fr-fr\/wp-content\/uploads\/sites\/6\/2025\/09\/Capgemini_BusinessAgilityDay_web.jpg?w=2880&amp;quality=70 1x, https:\/\/www.capgemini.com\/fr-fr\/wp-content\/uploads\/sites\/6\/2025\/09\/Capgemini_BusinessAgilityDay_web.jpg?w=2880&amp;quality=70 2x\" media=\"(min-width: 1500px)\"\/><source srcset=\"https:\/\/www.capgemini.com\/fr-fr\/wp-content\/uploads\/sites\/6\/2025\/09\/Capgemini_BusinessAgilityDay_web.jpg?w=1440&amp;quality=70 1x, https:\/\/www.capgemini.com\/fr-fr\/wp-content\/uploads\/sites\/6\/2025\/09\/Capgemini_BusinessAgilityDay_web.jpg?w=2880&amp;quality=70 2x\" media=\"(min-width: 992px)\"\/><source srcset=\"https:\/\/www.capgemini.com\/fr-fr\/wp-content\/uploads\/sites\/6\/2025\/09\/Capgemini_BusinessAgilityDay_web.jpg?w=1024&amp;quality=70 1x, https:\/\/www.capgemini.com\/fr-fr\/wp-content\/uploads\/sites\/6\/2025\/09\/Capgemini_BusinessAgilityDay_web.jpg?w=1024&amp;quality=70 2x\" media=\"(min-width: 768px)\"\/><source srcset=\"https:\/\/www.capgemini.com\/fr-fr\/wp-content\/uploads\/sites\/6\/2025\/09\/Capgemini_BusinessAgilityDay_web.jpg?w=768&amp;quality=70 1x, https:\/\/www.capgemini.com\/fr-fr\/wp-content\/uploads\/sites\/6\/2025\/09\/Capgemini_BusinessAgilityDay_web.jpg?w=768&amp;quality=70 2x\" media=\"(min-width: 0)\"\/><img decoding=\"async\" src=\"https:\/\/www.capgemini.com\/fr-fr\/wp-content\/uploads\/sites\/6\/2025\/09\/Capgemini_BusinessAgilityDay_web.jpg\" class=\"mobileImage\" alt=\"\" style=\"object-fit:cover;object-position:11% 74%\" loading=\"eager\"\/><\/picture><\/div><div class=\"heroPictureCardHeaderShape\"><\/div><div class=\"container\"><div class=\"row\"><div class=\"col-md-10 col-lg-10 LongTitle\"><div class=\"heroPictureCardBox\"><div class=\"heroPictureCardBoxTitle\"><h1 data-maxlength=\"144\">Business Agility Days | 19 novembre<\/h1><\/div><\/div><\/div><\/div><\/div><div class=\"small-device\"><div class=\"logoWrapperLongTitle\"> <\/div><\/div><\/div>\n\n\n\n<section class=\"wp-block-cg-blocks-intro-para undefined section section--intro\"><div class=\"intro-para\"><div class=\"container\"><div class=\"row\"><div class=\"col-12 col-md-1\"><nav class=\"article-social\"><ul class=\"social-nav\"><li class=\"ip-order-fb\"><a href=\"https:\/\/www.facebook.com\/sharer\/sharer.php?u=https:\/\/www.capgemini.com\/fr-fr\/actualites\/evenements\/business-agility\/\" target=\"_blank\" rel=\"noopener noreferrer\" title=\"Ouvrir dans une nouvelle fen\u00eatre\"><i aria-hidden=\"true\" class=\"icon-fb\"><\/i><span class=\"sr-only\">Facebook<\/span><\/a><\/li><li class=\"ip-order-li\"><a href=\"https:\/\/www.linkedin.com\/sharing\/share-offsite\/?url=https:\/\/www.capgemini.com\/fr-fr\/actualites\/evenements\/business-agility\/\" target=\"_blank\" rel=\"noopener noreferrer\" title=\"Ouvrir dans une nouvelle fen\u00eatre\"><i aria-hidden=\"true\" class=\"icon-li\"><\/i><span class=\"sr-only\">Linkedin<\/span><\/a><\/li><\/ul><\/nav><\/div><div class=\"col-12 col-md-11 col-lg-10\"><h2 class=\"intro-para-title\">T\u00e9nacit\u00e9, v\u00e9locit\u00e9, simplicit\u00e9 !<\/h2><p class=\"intro-para-content\">Adopter une approche agile, c\u2019est offrir \u00e0 votre organisation la capacit\u00e9 d&#8217;\u00eatre r\u00e9actif en permanence et de saisir les opportunit\u00e9s d\u2019un environnement en mutation.<\/p><\/div><\/div><\/div><\/div><\/section>\n\n\n\n<section class=\"wp-block-cg-blocks-group undefined section section--article-content\"><div class=\"article-main-content\"><div class=\"container\"><div class=\"row\"><div class=\"col-12 col-md-11 col-lg-10 offset-md-1 offset-lg-1\"><div class=\"article-text article-quote-text\">\n<p>Rejoignez-nous pour cette quatri\u00e8me \u00e9dition qui s\u2019articule autour du th\u00e8me <strong>\u00ab T\u00e9nacit\u00e9, v\u00e9locit\u00e9, simplicit\u00e9 \u00bb<\/strong>, con\u00e7u pour r\u00e9pondre aux d\u00e9fis d\u2019un environnement en perp\u00e9tuel changement. Cette journ\u00e9e s\u2019adresse \u00e0 toutes celles et ceux qui souhaitent conjuguer vision strat\u00e9gique et mise en \u0153uvre op\u00e9rationnelle dans un contexte exigeant.<\/p>\n\n\n\n<h2 class=\"wp-block-heading\" id=\"h-des-intervenants-de-premier-plan\">Des intervenants de premier plan<\/h2>\n\n\n\n<p>Tout au long de la journ\u00e9e, vous aurez l\u2019opportunit\u00e9 d\u2019\u00e9couter des <strong>t\u00e9moignages exclusifs<\/strong> d\u2019acteurs majeurs de la transformation : <strong>Scaled Agile Inc, Bpifrance, Pluxee, Sacem, Christian Dior Couture, Thales, Microsoft, Renault Digital<\/strong>, et bien d\u2019autres encore.<\/p>\n\n\n\n<p>Ils partageront leurs exp\u00e9riences, leurs r\u00e9ussites, mais aussi les d\u00e9fis qu\u2019ils ont d\u00fb relever pour innover.<\/p>\n\n\n\n<h2 class=\"wp-block-heading\" id=\"h-des-cas-d-usage-concrets-et-inspirants\">Des cas d\u2019usage concrets et inspirants<\/h2>\n\n\n\n<p>Explorez les <strong>solutions avanc\u00e9es en intelligence artificielle<\/strong>, qu\u2019elle soit <strong>g\u00e9n\u00e9rative<\/strong> ou <strong>agentique<\/strong>. Gr\u00e2ce aux d\u00e9monstrations de Microsoft, Altassian, Planview, vous pourrez d\u00e9couvrir comment ces technologies peuvent s\u2019adapter \u00e0 vos enjeux sp\u00e9cifiques et transformer vos pratiques d\u00e8s aujourd\u2019hui.<\/p>\n\n\n\n<h2 class=\"wp-block-heading\" id=\"h-un-espace-d-echange-a-valeur-ajoutee\">Un espace d\u2019\u00e9change \u00e0 valeur ajout\u00e9e<\/h2>\n\n\n\n<p>Cette journ\u00e9e est aussi une <strong>opportunit\u00e9 unique de networking<\/strong>. Vous pourrez \u00e9changer avec vos pairs, confronter vos visions, partager vos ambitions et tisser des liens durables avec des professionnels confront\u00e9s aux m\u00eames enjeux que vous.<\/p>\n\n\n\n<p><strong><mark style=\"background-color:rgba(0, 0, 0, 0)\" class=\"has-inline-color has-zodiak-action-active-color\">Derni\u00e8res places ! Envoyez votre demande d\u2019inscription par email \u00e0 <a href=\"mailto:marta.thongsavarn@capgemini.com\">Marta Thongsavarn<\/a>.<\/mark><\/strong><\/p>\n\n\n\n<h2 class=\"wp-block-heading\" id=\"h-un-programme-riche-et-rythme\">Un programme riche et rythm\u00e9<\/h2>\n\n\n\n<p>Conf\u00e9rences, tables rondes, d\u00e9monstrations, moments de convivialit\u00e9\u2026 Consultez d\u00e8s maintenant le programme complet<\/p>\n\n\n\n<figure class=\"wp-block-image size-large\"><a href=\"https:\/\/www.capgemini.com\/fr-fr\/wp-content\/uploads\/sites\/6\/2025\/10\/AGENDA-Business-Agility-Days-2025.png.jpg\"><img loading=\"lazy\" decoding=\"async\" height=\"576\" width=\"1024\" src=\"https:\/\/www.capgemini.com\/fr-fr\/wp-content\/uploads\/sites\/6\/2025\/10\/AGENDA-Business-Agility-Days-2025.png.jpg?w=960\" alt=\"\" class=\"wp-image-796064\" srcset=\"https:\/\/www.capgemini.com\/fr-fr\/wp-content\/uploads\/sites\/6\/2025\/10\/AGENDA-Business-Agility-Days-2025.png.jpg 1280w, https:\/\/www.capgemini.com\/fr-fr\/wp-content\/uploads\/sites\/6\/2025\/10\/AGENDA-Business-Agility-Days-2025.png.jpg?resize=300,169 300w, https:\/\/www.capgemini.com\/fr-fr\/wp-content\/uploads\/sites\/6\/2025\/10\/AGENDA-Business-Agility-Days-2025.png.jpg?resize=768,432 768w, https:\/\/www.capgemini.com\/fr-fr\/wp-content\/uploads\/sites\/6\/2025\/10\/AGENDA-Business-Agility-Days-2025.png.jpg?resize=1024,576 1024w\" sizes=\"auto, (max-width: 1024px) 100vw, 1024px\" \/><\/a><\/figure>\n\n\n\n<h2 class=\"wp-block-heading\" id=\"h-coup-d-oeil-sur-l-edition-2024\">Coup d&#8217;oeil sur l&#8217;\u00e9dition 2024<\/h2>\n\n\n\n<figure class=\"wp-block-video\"><video height=\"720\" style=\"aspect-ratio: 1280 \/ 720;\" width=\"1280\" controls src=\"https:\/\/www.capgemini.com\/fr-fr\/wp-content\/uploads\/sites\/6\/2025\/01\/2025-01_safe_symposium_-_teaser_v2_-_may-720p.mp4\"><\/video><\/figure>\n<\/div><\/div><\/div><\/div><\/div><\/section>\n\n\n\n<section class=\"section section--expert-slider wrapper-people-slider wp-block-cg-blocks-wrapper-people-slider undefined\"><div class=\"container\"><div class=\"content-title\"><h2 data-maxlength=\"34\" class=\"people-heading-title\">Nos experts<\/h2><\/div><\/div><div class=\"slider slider-boxed\"><div class=\"container\"><div class=\"slider-window\"><div class=\"slider-list\">\t\t<div class=\"slide\">\n\t\t\t<div class=\"box\">\n\t\t\t\t<div class=\"row\">\n\t\t\t\t\t<div class=\"col-md-6 col-lg-4 box-img-wrapper\">\n\t\t\t\t\t\t<img decoding=\"async\" loading=\"lazy\" src=\"https:\/\/www.capgemini.com\/fr-fr\/wp-content\/uploads\/sites\/6\/2022\/04\/PicDavid-Gabay.jpg\" alt=\"David Gabay\"\/>\n\t\t\t\t\t<\/div>\n\t\t\t\t\t<div class=\"col-md-6 col-lg-8 box-inner\">\n\t\t\t\t\t\t<div class=\"row title-social-media-header\">\n\t\t\t\t\t\t\t<div class=\"col-md-12 col-lg-6 mbl-social-icon\">\n\t\t\t\t\t\t\t\t<ul class=\"social-nav\">\n\t\t\t\t\t\t\t\t\t\t\t\t\t\t\t\t\t\t\t\t\t\t\t\t\t\t\t\t\t\t\t\t\t\t\t\t\t\t\t\t\t\t\t\t\t\t\t\t\t\t\t\t\t\t\t<li><a aria-label=\"Linkedin\" target=\"_blank\" title=\"Ouvrir dans une nouvelle fen\u00eatre\" href=\"https:\/\/www.linkedin.com\/in\/david-gabay-76b2643\/\"><i aria-hidden=\"true\" class=\"icon-li\"><\/i><\/a><\/li>\n\t\t\t\t\t\t\t\t\t\t\t\t\t\t\t\t\t<\/ul>\n\t\t\t\t\t\t\t<\/div>\n\t\t\t\t\t\t\t<div class=\"col-md-12 col-lg-6 box-container\">\n\t\t\t\t\t\t\t\t<div class=\"box-title\">\n\t\t\t\t\t\t\t\t\t<h3 class=\"people-profile-title\">David Gabay<\/h3>\n\t\t\t\t\t\t\t\t<\/div>\n\t\t\t\t\t\t\t\t\t\t\t\t\t\t\t\t\t<span>Coach SAFe SPCT | Expertise de Transformation Lean Agile | SAFe Program Consultant and Trainer (SPCT)<\/span>\n\t\t\t\t\t\t\t\t\t\t\t\t\t\t\t<\/div>\n\t\t\t\t\t\t\t<div class=\"col-md-12 col-lg-6 social-box-container dkt-social-icon\">\n\t\t\t\t\t\t\t\t<ul class=\"social-nav\">\n\t\t\t\t\t\t\t\t\t\t\t\t\t\t\t\t\t\t\t\t\t\t\t\t\t\t\t\t\t\t\t\t\t\t\t\t\t\t\t\t\t\t\t\t\t\t\t\t\t\t\t\t\t\t\t<li><a aria-label=\"Linkedin\" target=\"_blank\" title=\"Ouvrir dans une nouvelle fen\u00eatre\" href=\"https:\/\/www.linkedin.com\/in\/david-gabay-76b2643\/\"><i aria-hidden=\"true\" class=\"icon-li\"><\/i><\/a><\/li>\n\t\t\t\t\t\t\t\t\t\t\t\t\t\t\t\t\t<\/ul>\n\t\t\t\t\t\t\t<\/div>\n\t\t\t\t\t\t<\/div>\n\t\t\t\t\t\t\t\t\t\t\t<\/div>\n\t\t\t\t<\/div>\n\t\t\t<\/div>\n\t\t\t\t\t<\/div>\n\t\t\n\n\t\t<div class=\"slide\">\n\t\t\t<div class=\"box\">\n\t\t\t\t<div class=\"row\">\n\t\t\t\t\t<div class=\"col-md-6 col-lg-4 box-img-wrapper\">\n\t\t\t\t\t\t<img decoding=\"async\" loading=\"lazy\" src=\"https:\/\/www.capgemini.com\/fr-fr\/wp-content\/uploads\/sites\/6\/2023\/01\/Pic-Thomas-Quartier.jpg\" alt=\"Thomas Quartier\"\/>\n\t\t\t\t\t<\/div>\n\t\t\t\t\t<div class=\"col-md-6 col-lg-8 box-inner\">\n\t\t\t\t\t\t<div class=\"row title-social-media-header\">\n\t\t\t\t\t\t\t<div class=\"col-md-12 col-lg-6 mbl-social-icon\">\n\t\t\t\t\t\t\t\t<ul class=\"social-nav\">\n\t\t\t\t\t\t\t\t\t\t\t\t\t\t\t\t\t\t\t\t\t\t\t\t\t\t\t\t\t\t\t\t\t\t\t\t\t\t\t\t\t\t\t\t\t\t\t\t\t\t\t\t\t\t\t<li><a aria-label=\"Linkedin\" target=\"_blank\" title=\"Ouvrir dans une nouvelle fen\u00eatre\" href=\"https:\/\/www.linkedin.com\/in\/quartierthomas\/\"><i aria-hidden=\"true\" class=\"icon-li\"><\/i><\/a><\/li>\n\t\t\t\t\t\t\t\t\t\t\t\t\t\t\t\t\t<\/ul>\n\t\t\t\t\t\t\t<\/div>\n\t\t\t\t\t\t\t<div class=\"col-md-12 col-lg-6 box-container\">\n\t\t\t\t\t\t\t\t<div class=\"box-title\">\n\t\t\t\t\t\t\t\t\t<h3 class=\"people-profile-title\">Thomas Quartier<\/h3>\n\t\t\t\t\t\t\t\t<\/div>\n\t\t\t\t\t\t\t\t\t\t\t\t\t\t\t\t\t<span>Principal Lean Agile Consultant, gSPCT and DBA Student\u00a0| Expertise Transformation Lean Agile pour le Secteur public<\/span>\n\t\t\t\t\t\t\t\t\t\t\t\t\t\t\t<\/div>\n\t\t\t\t\t\t\t<div class=\"col-md-12 col-lg-6 social-box-container dkt-social-icon\">\n\t\t\t\t\t\t\t\t<ul class=\"social-nav\">\n\t\t\t\t\t\t\t\t\t\t\t\t\t\t\t\t\t\t\t\t\t\t\t\t\t\t\t\t\t\t\t\t\t\t\t\t\t\t\t\t\t\t\t\t\t\t\t\t\t\t\t\t\t\t\t<li><a aria-label=\"Linkedin\" target=\"_blank\" title=\"Ouvrir dans une nouvelle fen\u00eatre\" href=\"https:\/\/www.linkedin.com\/in\/quartierthomas\/\"><i aria-hidden=\"true\" class=\"icon-li\"><\/i><\/a><\/li>\n\t\t\t\t\t\t\t\t\t\t\t\t\t\t\t\t\t<\/ul>\n\t\t\t\t\t\t\t<\/div>\n\t\t\t\t\t\t<\/div>\n\t\t\t\t\t\t\t\t\t\t\t\t\t<div class=\"people-info\">Thomas dispose de 22 ans d\u2019exp\u00e9rience en gestion d\u2019infrastructure et en transformation Lean et Agile. Il a occup\u00e9 les r\u00f4les de Responsable d\u2019infrastructure, et des op\u00e9rations, Responsable des programme IoT Automotive. Il est Certifi\u00e9 SAFe Program Consultant (SPC) et RTE. Depuis 2018, il est en charge de l\u2019adoption des principes Lean Agile au sein du secteur public, intervenant pour les Minist\u00e8res et Agences. Thomas est \u00e9galement formateur SAFe, \u00a0conf\u00e9rencier de l\u2019IESEG Executive MBA et engag\u00e9 dans un Doctorat DBA avec GEM Grenoble Ecole Management.<\/div>\n\t\t\t\t\t\t\t\t\t\t\t<\/div>\n\t\t\t\t<\/div>\n\t\t\t<\/div>\n\t\t\t\t\t<\/div>\n\t\t\n\n\t\t<div class=\"slide\">\n\t\t\t<div class=\"box\">\n\t\t\t\t<div class=\"row\">\n\t\t\t\t\t<div class=\"col-md-6 col-lg-4 box-img-wrapper\">\n\t\t\t\t\t\t<img decoding=\"async\" loading=\"lazy\" src=\"https:\/\/www.capgemini.com\/fr-fr\/wp-content\/uploads\/sites\/6\/2022\/10\/PicNicolas-Richeton.jpg\" alt=\"Nicolas Richeton\"\/>\n\t\t\t\t\t<\/div>\n\t\t\t\t\t<div class=\"col-md-6 col-lg-8 box-inner\">\n\t\t\t\t\t\t<div class=\"row title-social-media-header\">\n\t\t\t\t\t\t\t<div class=\"col-md-12 col-lg-6 mbl-social-icon\">\n\t\t\t\t\t\t\t\t<ul class=\"social-nav\">\n\t\t\t\t\t\t\t\t\t\t\t\t\t\t\t\t\t\t\t\t\t\t\t\t\t\t\t\t\t\t\t\t\t\t\t\t\t\t\t\t\t\t\t\t\t\t\t\t\t\t\t\t\t\t\t<li><a aria-label=\"Linkedin\" target=\"_blank\" title=\"Ouvrir dans une nouvelle fen\u00eatre\" href=\"https:\/\/www.linkedin.com\/in\/nricheton\/\"><i aria-hidden=\"true\" class=\"icon-li\"><\/i><\/a><\/li>\n\t\t\t\t\t\t\t\t\t\t\t\t\t\t\t\t\t<\/ul>\n\t\t\t\t\t\t\t<\/div>\n\t\t\t\t\t\t\t<div class=\"col-md-12 col-lg-6 box-container\">\n\t\t\t\t\t\t\t\t<div class=\"box-title\">\n\t\t\t\t\t\t\t\t\t<h3 class=\"people-profile-title\">Nicolas Richeton<\/h3>\n\t\t\t\t\t\t\t\t<\/div>\n\t\t\t\t\t\t\t\t\t\t\t\t\t\t\t\t\t<span>Coach SAFe SPC, RTE, STE, Architect\u00a0| Expertise Transformation Lean Agile dont m\u00e9triques pour pilotage par la Valeur<\/span>\n\t\t\t\t\t\t\t\t\t\t\t\t\t\t\t<\/div>\n\t\t\t\t\t\t\t<div class=\"col-md-12 col-lg-6 social-box-container dkt-social-icon\">\n\t\t\t\t\t\t\t\t<ul class=\"social-nav\">\n\t\t\t\t\t\t\t\t\t\t\t\t\t\t\t\t\t\t\t\t\t\t\t\t\t\t\t\t\t\t\t\t\t\t\t\t\t\t\t\t\t\t\t\t\t\t\t\t\t\t\t\t\t\t\t<li><a aria-label=\"Linkedin\" target=\"_blank\" title=\"Ouvrir dans une nouvelle fen\u00eatre\" href=\"https:\/\/www.linkedin.com\/in\/nricheton\/\"><i aria-hidden=\"true\" class=\"icon-li\"><\/i><\/a><\/li>\n\t\t\t\t\t\t\t\t\t\t\t\t\t\t\t\t\t<\/ul>\n\t\t\t\t\t\t\t<\/div>\n\t\t\t\t\t\t<\/div>\n\t\t\t\t\t\t\t\t\t\t\t<\/div>\n\t\t\t\t<\/div>\n\t\t\t<\/div>\n\t\t\t\t\t<\/div>\n\t\t\n\n\t\t<div class=\"slide\">\n\t\t\t<div class=\"box\">\n\t\t\t\t<div class=\"row\">\n\t\t\t\t\t<div class=\"col-md-6 col-lg-4 box-img-wrapper\">\n\t\t\t\t\t\t<img decoding=\"async\" loading=\"lazy\" src=\"https:\/\/www.capgemini.com\/fr-fr\/wp-content\/uploads\/sites\/6\/2022\/04\/MARTA-THONGSAVARN-nb-e1593780274124-1.png\" alt=\"Marta Thongsavarn\"\/>\n\t\t\t\t\t<\/div>\n\t\t\t\t\t<div class=\"col-md-6 col-lg-8 box-inner\">\n\t\t\t\t\t\t<div class=\"row title-social-media-header\">\n\t\t\t\t\t\t\t<div class=\"col-md-12 col-lg-6 mbl-social-icon\">\n\t\t\t\t\t\t\t\t<ul class=\"social-nav\">\n\t\t\t\t\t\t\t\t\t\t\t\t\t\t\t\t\t\t\t\t\t\t\t\t\t\t\t\t\t\t\t\t\t\t\t\t\t\t\t\t\t\t\t\t\t\t\t\t\t\t\t\t\t\t\t<li><a aria-label=\"Linkedin\" target=\"_blank\" title=\"Ouvrir dans une nouvelle fen\u00eatre\" href=\"https:\/\/www.linkedin.com\/in\/marta-thongsavarn--2a36752b\/\"><i aria-hidden=\"true\" class=\"icon-li\"><\/i><\/a><\/li>\n\t\t\t\t\t\t\t\t\t\t\t\t\t\t\t\t\t<\/ul>\n\t\t\t\t\t\t\t<\/div>\n\t\t\t\t\t\t\t<div class=\"col-md-12 col-lg-6 box-container\">\n\t\t\t\t\t\t\t\t<div class=\"box-title\">\n\t\t\t\t\t\t\t\t\t<h3 class=\"people-profile-title\">Marta Thongsavarn<\/h3>\n\t\t\t\t\t\t\t\t<\/div>\n\t\t\t\t\t\t\t\t\t\t\t\t\t\t\t\t\t<span>Coach SAFe SPC PO, PM, APMO, LPM | Expertise Transformation Lean-Agile dont LPM (Lean Portfolio Management)<\/span>\n\t\t\t\t\t\t\t\t\t\t\t\t\t\t\t<\/div>\n\t\t\t\t\t\t\t<div class=\"col-md-12 col-lg-6 social-box-container dkt-social-icon\">\n\t\t\t\t\t\t\t\t<ul class=\"social-nav\">\n\t\t\t\t\t\t\t\t\t\t\t\t\t\t\t\t\t\t\t\t\t\t\t\t\t\t\t\t\t\t\t\t\t\t\t\t\t\t\t\t\t\t\t\t\t\t\t\t\t\t\t\t\t\t\t<li><a aria-label=\"Linkedin\" target=\"_blank\" title=\"Ouvrir dans une nouvelle fen\u00eatre\" href=\"https:\/\/www.linkedin.com\/in\/marta-thongsavarn--2a36752b\/\"><i aria-hidden=\"true\" class=\"icon-li\"><\/i><\/a><\/li>\n\t\t\t\t\t\t\t\t\t\t\t\t\t\t\t\t\t<\/ul>\n\t\t\t\t\t\t\t<\/div>\n\t\t\t\t\t\t<\/div>\n\t\t\t\t\t\t\t\t\t\t\t<\/div>\n\t\t\t\t<\/div>\n\t\t\t<\/div>\n\t\t\t\t\t<\/div>\n\t\t<\/div><\/div><\/div><div class=\"slider-nav\"><button class=\"slider-prev inactive\" aria-label=\"Curseur pr\u00e9c\u00e9dent\" tabindex=\"-1\"><\/button><ul class=\"slider-paginator\"><\/ul><button class=\"slider-next\" aria-label=\"Curseur suivant\"><\/button><\/div><\/div><\/section>\n\n\n\n\t\t<section\n\t\t\tclass=\"section section--lifeatcap-learning section--event-slider-careerInvent \">\n\n\t\t\t<div class=\"container\">\n\t\t\t\t<div class='career-invent-header'>\n\t\t\t\t\t\t\t\t\t\t\t\t\t\t<\/div>\n\t\t\t<\/div>\n\n\t\t\t<div class=\"slider slider-fader e0100fba-0519-45d2-8782-068d64370454\">\n\t\t\t\t\t\t\t\t<div\n\t\t\t\t\tclass=\"slider-list \">\n\t\t\t\t\t\t\t\t\t\t\t<div\n\t\t\t\t\t\t\tclass=\"slide active \">\n\t\t\t\t\t\t\t<div\n\t\t\t\t\t\t\t\tclass=\"slide-bg-wrapper wp-block-cg-blocks-career-invent \">\n\t\t\t\t\t\t\t\t<div class=\"bgImagesection\">\n\t\t\t\t\t\t\t\t\t\t\t\t\t\t\t\t\t\t\t<div class=\"bgColor\"><\/div>\n\t\t\t\t\t\t\t\t\t\n\t\t\t\t\t\t\t\t\t<div class=\"container slide-info-wrapper\">\n\t\t\t\t\t\t\t\t\t\t<div class=\"row\">\n\t\t\t\t\t\t\t\t\t\t\t<div\n\t\t\t\t\t\t\t\t\t\t\t\tclass=\"col-md-6 col-sm-12 box-inner \">\n\t\t\t\t\t\t\t\t\t\t\t\t\t\t\t\t\t\t\t\t\t\t\t\t\t<div class=\"bgColor\"><\/div>\n\t\t\t\t\t\t\t\t\t\t\t\t\t\t\t\t\t\t\t\t\t\t\t\t\t\t\t\t\t\t\t\t\t\t\t\t\t<div\n\t\t\t\t\t\t\t\t\t\t\t\t\t\tclass=\"content-title \">\n\t\t\t\t\t\t\t\t\t\t\t\t\t\t<h3 class=\"explore-header\"\n\t\t\t\t\t\t\t\t\t\t\t\t\t\t\tdata-maxlength=\"68\"\n\t\t\t\t\t\t\t\t\t\t\t\t\t\t\ttitle=\"Agile en entreprise\">\n\t\t\t\t\t\t\t\t\t\t\t\t\t\t\tAgile en entreprise\t\t\t\t\t\t\t\t\t\t\t\t\t\t<\/h3>\n\t\t\t\t\t\t\t\t\t\t\t\t\t<\/div>\n\t\t\t\t\t\t\t\t\t\t\t\t\n\t\t\t\t\t\t\t\t\t\t\t\t\t\t\t\t\t\t\t\t\t\t\t\t\t\t\t\t\t\t\t\t\t\t\t\t\t\t\t<div\n\t\t\t\t\t\t\t\t\t\t\t\t\t\t\tclass=\"box-title \">\n\t\t\t\t\t\t\t\t\t\t\t\t\t\t\t<h4 data-maxlength=\"144\"\n\t\t\t\t\t\t\t\t\t\t\t\t\t\t\t\ttitle=\"Faire de l\u2019incertitude et du changement un levier de transformation Lean &amp; Agile\"\n\t\t\t\t\t\t\t\t\t\t\t\t\t\t\t\tstyle=\"white-space: pre-wrap;\">\n\t\t\t\t\t\t\t\t\t\t\t\t\t\t\t\tFaire de l\u2019incertitude et du changement un levier de transformation Lean &amp; Agile\t\t\t\t\t\t\t\t\t\t\t\t\t\t\t<\/h4>\n\t\t\t\t\t\t\t\t\t\t\t\t\t\t<\/div>\n\t\t\t\t\t\t\t\t\t\t\t\t\t\t\t\t\t\t\t\t\t\t\t\t\t\n\t\t\t\t\t\t\t\t\t\t\t\t\t\t\t\t\t\t\t\t\t\t\t\t\t<div >\n\t\t\t\t\t\t\t\t\t\t\t\t\t\t\t\t\t\t\t\t\t\t\t\t\t\t\t<\/div>\n\t\t\t\t\t\t\t\t\t\t\t\t\n\t\t\t\t\t\t\t\t\t\t\t\t\t\t\t\t\t\t\t\t\t\t\t\t\t\t\t\t\t\t\t\t\t\t\t\t\t<div class=\"btnDiv\"> <a class=\"more2\" data-maxlength=\"24\" aria-label=\"En savoir plus A propos Agile en entreprise&lt;br&gt;\"\n\t\t\t\t\t\t\t\t\t\t\t\t\t\t tabindex=\"0\" href=\"https:\/\/www.capgemini.com\/fr-fr\/solutions\/lean-agile-safe-formation\/\"\n\t\t\t\t\t\t\t\t\t\t\t\t\t\t\ttarget=\"\">\n\t\t\t\t\t\t\t\t\t\t\t\t\t\tEn savoir plus\t\t\t\t\t\t\t\t\t\t\t\t\t<\/a> <\/div>\n\t\t\t\t\t\t\t\t\t\t\t\t\t\t\t\t\t\t\t\t\t\t\t\t\t\n\n\n\t\t\t\t\t\t\t\t\t\t\t<\/div>\n\n\t\t\t\t\t\t\t\t\t\t\t<div class=\"col-md-6 col-sm-12 text-right box-img-wrapper escaper escaper-right\">\n\t\t\t\t\t\t\t\t\t\t\t\t\n\n\t\t\t\t\t\t\t\t\t\t\t\t<picture>\n\t\t\t\t\t\t\t\t\t\t\t\t\t<source\n\t\t\t\t\t\t\t\t\t\t\t\t\t\tsrcset=\"https:\/\/www.capgemini.com\/fr-fr\/wp-content\/uploads\/sites\/6\/2022\/12\/WebpreviewAgileEnEntreprise.jpg?w=1200&amp;quality=90 1x, https:\/\/www.capgemini.com\/fr-fr\/wp-content\/uploads\/sites\/6\/2022\/12\/WebpreviewAgileEnEntreprise.jpg?w=1200&amp;quality=90 2x\"\n\t\t\t\t\t\t\t\t\t\t\t\t\t\tmedia=\"(min-width: 1500px)\" \/>\n\t\t\t\t\t\t\t\t\t\t\t\t\t<source\n\t\t\t\t\t\t\t\t\t\t\t\t\t\tsrcset=\"https:\/\/www.capgemini.com\/fr-fr\/wp-content\/uploads\/sites\/6\/2022\/12\/WebpreviewAgileEnEntreprise.jpg?w=600&amp;quality=90 1x, https:\/\/www.capgemini.com\/fr-fr\/wp-content\/uploads\/sites\/6\/2022\/12\/WebpreviewAgileEnEntreprise.jpg?w=1200&amp;quality=90 2x\"\n\t\t\t\t\t\t\t\t\t\t\t\t\t\tmedia=\"(min-width: 992px)\" \/>\n\t\t\t\t\t\t\t\t\t\t\t\t\t<source\n\t\t\t\t\t\t\t\t\t\t\t\t\t\tsrcset=\"https:\/\/www.capgemini.com\/fr-fr\/wp-content\/uploads\/sites\/6\/2022\/12\/WebpreviewAgileEnEntreprise.jpg?w=400&amp;quality=90 1x, https:\/\/www.capgemini.com\/fr-fr\/wp-content\/uploads\/sites\/6\/2022\/12\/WebpreviewAgileEnEntreprise.jpg?w=800&amp;quality=90 2x\"\n\t\t\t\t\t\t\t\t\t\t\t\t\t\tmedia=\"(min-width: 768px)\" \/>\n\t\t\t\t\t\t\t\t\t\t\t\t\t<source\n\t\t\t\t\t\t\t\t\t\t\t\t\t\tsrcset=\"https:\/\/www.capgemini.com\/fr-fr\/wp-content\/uploads\/sites\/6\/2022\/12\/WebpreviewAgileEnEntreprise.jpg?w=400&amp;quality=90 1x, https:\/\/www.capgemini.com\/fr-fr\/wp-content\/uploads\/sites\/6\/2022\/12\/WebpreviewAgileEnEntreprise.jpg?w=800&amp;quality=90 2x\"\n\t\t\t\t\t\t\t\t\t\t\t\t\t\tmedia=\"(min-width: 0)\" \/>\n\n\n\t\t\t\t\t\t\t\t\t\t\t\t\t<img loading=\"lazy\" class=\"box-img\"\n\t\t\t\t\t\t\t\t\t\t\t\t\t\tsrc=\"https:\/\/www.capgemini.com\/fr-fr\/wp-content\/uploads\/sites\/6\/2022\/12\/WebpreviewAgileEnEntreprise.jpg\"\n\t\t\t\t\t\t\t\t\t\t\t\t\t\tstyle=\"\n\t\t\t\t\t\t\t\t\t\t\t\t\t\tobject-position: 46% 46%; object-fit: cover;\t\t\t\t\t\t\t\t\t\t\t\t\t\t\t\t\t\" alt=\"\" \/>\n\n\t\t\t\t\t\t\t\t\t\t\t\t<\/picture>\n\t\t\t\t\t\t\t\t\t\t\t\t<!-- <img decoding=\"async\" class=\"box-img\" src=\"\n\t\t\t\t\t\t\t\t\t\t\t\t\t\t\t\t\t\t\t\t\t\t\t\t\t\t\t\"\n\t\t\t\t\t\t\t\t\t\t\tstyle=\"\n\t\t\t\t\t\t\t\t\t\t\t\t\t\t\t\t\t\t\t\t\t\t\t\t\t\" alt=\"\"\n\t\t\t\t\t\t\t\t\t\t\/> -->\n\t\t\t\t\t\t\t\t\t\t\t<\/div>\n\t\t\t\t\t\t\t\t\t\t<\/div>\n\t\t\t\t\t\t\t\t\t<\/div>\n\t\t\t\t\t\t\t\t<\/div>\n\t\t\t\t\t\t\t\t<div class=\"\">\n\t\t\t\t\t\t\t\t<\/div>\n\t\t\t\t\t\t\t\t<div class=\"slide-reveal\"><\/div>\n\t\t\t\t\t\t\t<\/div>\n\t\t\t\t\t\t<\/div>\n\t\t\t\t\t\n\t\t\t\t<\/div>\n\n\t\t\t\t\n\t\t\t<\/div>\n\n\t\t<\/section>\n\n\t\t","protected":false},"excerpt":{"rendered":"<p>Comment l\u2019Agilit\u00e9 d\u2019Entreprise permet de tester rapidement des id\u00e9es pour r\u00e9agir sur la base d\u2019objets tangibles, d&#8217;automatiser et fluidifier les d\u00e9ploiements, de passer \u00e0 l\u2019\u00e9chelle et de structurer l\u2019am\u00e9lioration continue ?<\/p>\n","protected":false},"author":166,"featured_media":791806,"template":"","meta":{"cg_dt_proposed_to":[],"cg_seo_hreflang_relations":"[]","cg_seo_canonical_relation":"","cg_seo_hreflang_x_default_relation":"{\"uuid\":\"1a563d56-91bd-4921-98b7-463e6ed3e483\",\"blogId\":\"\",\"domain\":\"\",\"sitePath\":\"\",\"postLink\":\"\",\"postId\":null,\"isSaved\":true,\"isCrossLink\":false,\"hasCrossLink\":false}","cg_dt_approved_content":true,"cg_dt_mandatory_content":false,"cg_dt_notes":"","cg_dg_source_changed":false,"cg_dt_link_disabled":false,"footnotes":"","cg_event_start":"2025-11-19T08:30:00","cg_event_end":"2025-11-19T18:30:00","cg_event_timezone":"CET","event_location":"Capgemini - 147 Quai du Pr\u00e9sident Roosevelt \u00e0 Issy-Les-Moulineaux","cg_event_type":"Business","cg_event_short_title":"Business Agility Day","cg_event_block_title":"19 novembre","featured_focal_points":"{\"x\":0.32,\"y\":0.5}"},"tags":[160],"brand":[30],"event-location":[],"class_list":["post-698250","event","type-event","status-publish","has-post-thumbnail","hentry","tag-agile","brand-capgemini"],"yoast_head":"<!-- This site is optimized with the Yoast SEO Premium plugin v22.8 (Yoast SEO v22.8) - https:\/\/yoast.com\/wordpress\/plugins\/seo\/ -->\n<title>Business Agility Days - Capgemini France<\/title>\n<meta name=\"description\" content=\"Des \u00e9changes, des t\u00e9moignages et des cas pratiques pour r\u00e9pondre aux questions que vous vous posez sur l&#039;Agilit\u00e9 d&#039;Entreprise.\" \/>\n<meta name=\"robots\" content=\"index, follow, max-snippet:-1, max-image-preview:large, max-video-preview:-1\" \/>\n<link rel=\"canonical\" href=\"https:\/\/www.capgemini.com\/fr-fr\/actualites\/evenements\/business-agility\/\" \/>\n<meta property=\"og:locale\" content=\"fr_FR\" \/>\n<meta property=\"og:type\" content=\"article\" \/>\n<meta property=\"og:title\" content=\"Business Agility Days\" \/>\n<meta property=\"og:description\" content=\"Des \u00e9changes, des t\u00e9moignages et des cas pratiques pour r\u00e9pondre aux questions que vous vous posez sur l&#039;Agilit\u00e9 d&#039;Entreprise.\" \/>\n<meta property=\"og:url\" content=\"https:\/\/www.capgemini.com\/fr-fr\/actualites\/evenements\/business-agility\/\" \/>\n<meta property=\"og:site_name\" content=\"Capgemini France\" \/>\n<meta property=\"article:modified_time\" content=\"2025-11-12T09:10:15+00:00\" \/>\n<meta property=\"og:image\" content=\"https:\/\/www.capgemini.com\/fr-fr\/wp-content\/uploads\/sites\/6\/2025\/09\/Capgemini_BusinessAgilityDay_Webpreview.jpg\" \/>\n\t<meta property=\"og:image:width\" content=\"2500\" \/>\n\t<meta property=\"og:image:height\" content=\"1306\" \/>\n\t<meta property=\"og:image:type\" content=\"image\/jpeg\" \/>\n<meta name=\"twitter:card\" content=\"summary_large_image\" \/>\n<meta name=\"twitter:label1\" content=\"Est. reading time\" \/>\n\t<meta name=\"twitter:data1\" content=\"3 minutes\" \/>\n<script type=\"application\/ld+json\" class=\"yoast-schema-graph\">{\"@context\":\"https:\/\/schema.org\",\"@graph\":[{\"@type\":\"WebPage\",\"@id\":\"https:\/\/www.capgemini.com\/fr-fr\/actualites\/evenements\/business-agility\/\",\"url\":\"https:\/\/www.capgemini.com\/fr-fr\/actualites\/evenements\/business-agility\/\",\"name\":\"Business Agility Days - Capgemini France\",\"isPartOf\":{\"@id\":\"https:\/\/www.capgemini.com\/fr-fr\/#website\"},\"primaryImageOfPage\":{\"@id\":\"https:\/\/www.capgemini.com\/fr-fr\/actualites\/evenements\/business-agility\/#primaryimage\"},\"image\":{\"@id\":\"https:\/\/www.capgemini.com\/fr-fr\/actualites\/evenements\/business-agility\/#primaryimage\"},\"thumbnailUrl\":\"https:\/\/www.capgemini.com\/fr-fr\/wp-content\/uploads\/sites\/6\/2025\/09\/Capgemini_BusinessAgilityDay_web.jpg\",\"datePublished\":\"2025-10-15T14:21:17+00:00\",\"dateModified\":\"2025-11-12T09:10:15+00:00\",\"description\":\"Des \u00e9changes, des t\u00e9moignages et des cas pratiques pour r\u00e9pondre aux questions que vous vous posez sur l'Agilit\u00e9 d'Entreprise.\",\"breadcrumb\":{\"@id\":\"https:\/\/www.capgemini.com\/fr-fr\/actualites\/evenements\/business-agility\/#breadcrumb\"},\"inLanguage\":\"fr-FR\",\"potentialAction\":[{\"@type\":\"ReadAction\",\"target\":[\"https:\/\/www.capgemini.com\/fr-fr\/actualites\/evenements\/business-agility\/\"]}]},{\"@type\":\"ImageObject\",\"inLanguage\":\"fr-FR\",\"@id\":\"https:\/\/www.capgemini.com\/fr-fr\/actualites\/evenements\/business-agility\/#primaryimage\",\"url\":\"https:\/\/www.capgemini.com\/fr-fr\/wp-content\/uploads\/sites\/6\/2025\/09\/Capgemini_BusinessAgilityDay_web.jpg\",\"contentUrl\":\"https:\/\/www.capgemini.com\/fr-fr\/wp-content\/uploads\/sites\/6\/2025\/09\/Capgemini_BusinessAgilityDay_web.jpg\",\"width\":2880,\"height\":1800},{\"@type\":\"BreadcrumbList\",\"@id\":\"https:\/\/www.capgemini.com\/fr-fr\/actualites\/evenements\/business-agility\/#breadcrumb\",\"itemListElement\":[{\"@type\":\"ListItem\",\"position\":1,\"name\":\"Events\",\"item\":\"https:\/\/www.capgemini.com\/fr-fr\/event\/\"},{\"@type\":\"ListItem\",\"position\":2,\"name\":\"Business Agility Days\"}]},{\"@type\":\"WebSite\",\"@id\":\"https:\/\/www.capgemini.com\/fr-fr\/#website\",\"url\":\"https:\/\/www.capgemini.com\/fr-fr\/\",\"name\":\"Capgemini France\",\"description\":\"Just another www.capgemini.com site\",\"publisher\":{\"@id\":\"https:\/\/www.capgemini.com\/fr-fr\/#organization\"},\"potentialAction\":[{\"@type\":\"SearchAction\",\"target\":{\"@type\":\"EntryPoint\",\"urlTemplate\":\"https:\/\/www.capgemini.com\/fr-fr\/?s={search_term_string}\"},\"query-input\":\"required name=search_term_string\"}],\"inLanguage\":\"fr-FR\"},{\"@type\":\"Organization\",\"@id\":\"https:\/\/www.capgemini.com\/fr-fr\/#organization\",\"name\":\"Capgemini France\",\"url\":\"https:\/\/www.capgemini.com\/fr-fr\/\",\"logo\":{\"@type\":\"ImageObject\",\"inLanguage\":\"fr-FR\",\"@id\":\"https:\/\/www.capgemini.com\/fr-fr\/#\/schema\/logo\/image\/\",\"url\":\"https:\/\/www.capgemini.com\/fr-fr\/wp-content\/uploads\/sites\/6\/2022\/08\/Logo-Capgemini.png\",\"contentUrl\":\"https:\/\/www.capgemini.com\/fr-fr\/wp-content\/uploads\/sites\/6\/2022\/08\/Logo-Capgemini.png\",\"width\":202,\"height\":60,\"caption\":\"Capgemini France\"},\"image\":{\"@id\":\"https:\/\/www.capgemini.com\/fr-fr\/#\/schema\/logo\/image\/\"}}]}<\/script>\n<!-- \/ Yoast SEO Premium plugin. -->","yoast_head_json":{"title":"Business Agility Days - Capgemini France","description":"Des \u00e9changes, des t\u00e9moignages et des cas pratiques pour r\u00e9pondre aux questions que vous vous posez sur l'Agilit\u00e9 d'Entreprise.","robots":{"index":"index","follow":"follow","max-snippet":"max-snippet:-1","max-image-preview":"max-image-preview:large","max-video-preview":"max-video-preview:-1"},"canonical":"https:\/\/www.capgemini.com\/fr-fr\/actualites\/evenements\/business-agility\/","og_locale":"fr_FR","og_type":"article","og_title":"Business Agility Days","og_description":"Des \u00e9changes, des t\u00e9moignages et des cas pratiques pour r\u00e9pondre aux questions que vous vous posez sur l'Agilit\u00e9 d'Entreprise.","og_url":"https:\/\/www.capgemini.com\/fr-fr\/actualites\/evenements\/business-agility\/","og_site_name":"Capgemini France","article_modified_time":"2025-11-12T09:10:15+00:00","og_image":[{"width":2500,"height":1306,"url":"https:\/\/www.capgemini.com\/fr-fr\/wp-content\/uploads\/sites\/6\/2025\/09\/Capgemini_BusinessAgilityDay_Webpreview.jpg","type":"image\/jpeg"}],"twitter_card":"summary_large_image","twitter_misc":{"Est. reading time":"3 minutes"},"schema":{"@context":"https:\/\/schema.org","@graph":[{"@type":"WebPage","@id":"https:\/\/www.capgemini.com\/fr-fr\/actualites\/evenements\/business-agility\/","url":"https:\/\/www.capgemini.com\/fr-fr\/actualites\/evenements\/business-agility\/","name":"Business Agility Days - Capgemini France","isPartOf":{"@id":"https:\/\/www.capgemini.com\/fr-fr\/#website"},"primaryImageOfPage":{"@id":"https:\/\/www.capgemini.com\/fr-fr\/actualites\/evenements\/business-agility\/#primaryimage"},"image":{"@id":"https:\/\/www.capgemini.com\/fr-fr\/actualites\/evenements\/business-agility\/#primaryimage"},"thumbnailUrl":"https:\/\/www.capgemini.com\/fr-fr\/wp-content\/uploads\/sites\/6\/2025\/09\/Capgemini_BusinessAgilityDay_web.jpg","datePublished":"2025-10-15T14:21:17+00:00","dateModified":"2025-11-12T09:10:15+00:00","description":"Des \u00e9changes, des t\u00e9moignages et des cas pratiques pour r\u00e9pondre aux questions que vous vous posez sur l'Agilit\u00e9 d'Entreprise.","breadcrumb":{"@id":"https:\/\/www.capgemini.com\/fr-fr\/actualites\/evenements\/business-agility\/#breadcrumb"},"inLanguage":"fr-FR","potentialAction":[{"@type":"ReadAction","target":["https:\/\/www.capgemini.com\/fr-fr\/actualites\/evenements\/business-agility\/"]}]},{"@type":"ImageObject","inLanguage":"fr-FR","@id":"https:\/\/www.capgemini.com\/fr-fr\/actualites\/evenements\/business-agility\/#primaryimage","url":"https:\/\/www.capgemini.com\/fr-fr\/wp-content\/uploads\/sites\/6\/2025\/09\/Capgemini_BusinessAgilityDay_web.jpg","contentUrl":"https:\/\/www.capgemini.com\/fr-fr\/wp-content\/uploads\/sites\/6\/2025\/09\/Capgemini_BusinessAgilityDay_web.jpg","width":2880,"height":1800},{"@type":"BreadcrumbList","@id":"https:\/\/www.capgemini.com\/fr-fr\/actualites\/evenements\/business-agility\/#breadcrumb","itemListElement":[{"@type":"ListItem","position":1,"name":"Events","item":"https:\/\/www.capgemini.com\/fr-fr\/event\/"},{"@type":"ListItem","position":2,"name":"Business Agility Days"}]},{"@type":"WebSite","@id":"https:\/\/www.capgemini.com\/fr-fr\/#website","url":"https:\/\/www.capgemini.com\/fr-fr\/","name":"Capgemini France","description":"Just another www.capgemini.com site","publisher":{"@id":"https:\/\/www.capgemini.com\/fr-fr\/#organization"},"potentialAction":[{"@type":"SearchAction","target":{"@type":"EntryPoint","urlTemplate":"https:\/\/www.capgemini.com\/fr-fr\/?s={search_term_string}"},"query-input":"required name=search_term_string"}],"inLanguage":"fr-FR"},{"@type":"Organization","@id":"https:\/\/www.capgemini.com\/fr-fr\/#organization","name":"Capgemini France","url":"https:\/\/www.capgemini.com\/fr-fr\/","logo":{"@type":"ImageObject","inLanguage":"fr-FR","@id":"https:\/\/www.capgemini.com\/fr-fr\/#\/schema\/logo\/image\/","url":"https:\/\/www.capgemini.com\/fr-fr\/wp-content\/uploads\/sites\/6\/2022\/08\/Logo-Capgemini.png","contentUrl":"https:\/\/www.capgemini.com\/fr-fr\/wp-content\/uploads\/sites\/6\/2022\/08\/Logo-Capgemini.png","width":202,"height":60,"caption":"Capgemini France"},"image":{"@id":"https:\/\/www.capgemini.com\/fr-fr\/#\/schema\/logo\/image\/"}}]}},"event_post_tag":"Agile","brand_term":[{"id":30,"slug":"capgemini"}],"parsely":{"version":"1.1.0","canonical_url":"https:\/\/capgemini.com\/fr-fr\/actualites\/evenements\/business-agility\/","smart_links":{"inbound":0,"outbound":0},"traffic_boost_suggestions_count":0,"meta":{"@context":"https:\/\/schema.org","@type":"NewsArticle","headline":"Business Agility Days","url":"https:\/\/www.capgemini.com\/fr-fr\/actualites\/evenements\/business-agility\/","mainEntityOfPage":{"@type":"WebPage","@id":"https:\/\/www.capgemini.com\/fr-fr\/actualites\/evenements\/business-agility\/"},"thumbnailUrl":"https:\/\/www.capgemini.com\/fr-fr\/wp-content\/uploads\/sites\/6\/2025\/09\/Capgemini_BusinessAgilityDay_web.jpg?w=150&h=150&crop=1","image":{"@type":"ImageObject","url":"https:\/\/www.capgemini.com\/fr-fr\/wp-content\/uploads\/sites\/6\/2025\/09\/Capgemini_BusinessAgilityDay_web.jpg"},"articleSection":"Uncategorized","author":[],"creator":[],"publisher":{"@type":"Organization","name":"Capgemini France","logo":""},"keywords":["agile"],"dateCreated":"2025-10-15T14:21:17Z","datePublished":"2025-10-15T14:21:17Z","dateModified":"2025-11-12T09:10:15Z"},"rendered":"<meta name=\"parsely-title\" content=\"Business Agility Days\" \/>\n<meta name=\"parsely-link\" content=\"https:\/\/www.capgemini.com\/fr-fr\/actualites\/evenements\/business-agility\/\" \/>\n<meta name=\"parsely-type\" content=\"post\" \/>\n<meta name=\"parsely-image-url\" content=\"https:\/\/www.capgemini.com\/fr-fr\/wp-content\/uploads\/sites\/6\/2025\/09\/Capgemini_BusinessAgilityDay_web.jpg?w=150&amp;h=150&amp;crop=1\" \/>\n<meta name=\"parsely-pub-date\" content=\"2025-10-15T14:21:17Z\" \/>\n<meta name=\"parsely-section\" content=\"Uncategorized\" \/>\n<meta name=\"parsely-tags\" content=\"agile\" \/>","tracker_url":"https:\/\/cdn.parsely.com\/keys\/capgemini.com\/p.js"},"archive_status":false,"featured_image_src":"https:\/\/www.capgemini.com\/fr-fr\/wp-content\/uploads\/sites\/6\/2025\/09\/Capgemini_BusinessAgilityDay_web.jpg","featured_image_alt":"","jetpack_sharing_enabled":true,"distributor_meta":false,"distributor_terms":false,"distributor_media":false,"distributor_original_site_name":"Capgemini France","distributor_original_site_url":"https:\/\/www.capgemini.com\/fr-fr","push-errors":false,"_links":{"self":[{"href":"https:\/\/www.capgemini.com\/fr-fr\/wp-json\/wp\/v2\/event\/698250","targetHints":{"allow":["GET"]}}],"collection":[{"href":"https:\/\/www.capgemini.com\/fr-fr\/wp-json\/wp\/v2\/event"}],"about":[{"href":"https:\/\/www.capgemini.com\/fr-fr\/wp-json\/wp\/v2\/types\/event"}],"author":[{"embeddable":true,"href":"https:\/\/www.capgemini.com\/fr-fr\/wp-json\/wp\/v2\/users\/166"}],"version-history":[{"count":20,"href":"https:\/\/www.capgemini.com\/fr-fr\/wp-json\/wp\/v2\/event\/698250\/revisions"}],"predecessor-version":[{"id":800713,"href":"https:\/\/www.capgemini.com\/fr-fr\/wp-json\/wp\/v2\/event\/698250\/revisions\/800713"}],"wp:featuredmedia":[{"embeddable":true,"href":"https:\/\/www.capgemini.com\/fr-fr\/wp-json\/wp\/v2\/media\/791806"}],"wp:attachment":[{"href":"https:\/\/www.capgemini.com\/fr-fr\/wp-json\/wp\/v2\/media?parent=698250"}],"wp:term":[{"taxonomy":"post_tag","embeddable":true,"href":"https:\/\/www.capgemini.com\/fr-fr\/wp-json\/wp\/v2\/tags?post=698250"},{"taxonomy":"brand","embeddable":true,"href":"https:\/\/www.capgemini.com\/fr-fr\/wp-json\/wp\/v2\/brand?post=698250"},{"taxonomy":"event-location","embeddable":true,"href":"https:\/\/www.capgemini.com\/fr-fr\/wp-json\/wp\/v2\/event-location?post=698250"}],"curies":[{"name":"wp","href":"https:\/\/api.w.org\/{rel}","templated":true}]}}