{"id":537432,"date":"2021-03-17T15:08:28","date_gmt":"2021-03-17T15:08:28","guid":{"rendered":"https:\/\/www.capgemini.com\/?post_type=people&#038;p=514476"},"modified":"2024-05-14T11:53:12","modified_gmt":"2024-05-14T09:53:12","slug":"frederic-oudea","status":"publish","type":"people","link":"https:\/\/www.capgemini.com\/es-es\/sobre-nosotros\/gestion-y-gobierno\/consejo-de-administracion\/frederic-oudea\/","title":{"rendered":"Fr\u00e9d\u00e9ric Oud\u00e9a"},"content":{"rendered":"<\/header>\n\n\n<section class=\"wp-block-cg-blocks-intro-para undefined section section--intro\" id=\"introParaWrapper\"><div class=\"intro-para\"><div class=\"container\"><div class=\"row\"><div class=\"col-12 col-md-1\"><nav class=\"article-social\"><ul class=\"social-nav\"><li class=\"ip-order-fb\"><a href=\"https:\/\/www.facebook.com\/sharer\/sharer.php?u=https:\/\/www.capgemini.com\/es-es\/sobre-nosotros\/gestion-y-gobierno\/consejo-de-administracion\/frederic-oudea\/\" target=\"_blank\" rel=\"noopener noreferrer\" title=\"abrir en una nueva ventana\"><i aria-hidden=\"true\" class=\"icon-fb\"><\/i><span class=\"sr-only\">Facebook<\/span><\/a><\/li><li class=\"ip-order-li\"><a href=\"https:\/\/www.linkedin.com\/sharing\/share-offsite\/?url=https:\/\/www.capgemini.com\/es-es\/sobre-nosotros\/gestion-y-gobierno\/consejo-de-administracion\/frederic-oudea\/\" target=\"_blank\" rel=\"noopener noreferrer\" title=\"abrir en una nueva ventana\"><i aria-hidden=\"true\" class=\"icon-li\"><\/i><span class=\"sr-only\">Linkedin<\/span><\/a><\/li><\/ul><\/nav><\/div><div class=\"col-12 col-md-11 col-lg-10\"><p class=\"intro-para-content-withoutTitle\">Mr. Fr\u00e9d\u00e9ric Oud\u00e9a joined the Board of Directors of Capgemini SE on May 23, 2018 and was appointed a member of the Ethics &amp; Governance Committee on the same date. He is Lead Independent Director, Vice-Chairman of the Board and<strong> <\/strong>Chairman of the Ethics &amp; Governance Committee since May 20, 2021.<\/p><\/div><\/div><\/div><\/div><\/section>\n","protected":false},"excerpt":{"rendered":"<p>Vice Chairman of the Board<\/p>\n","protected":false},"author":121,"featured_media":542082,"template":"","meta":{"cg_dt_proposed_to":[],"cg_seo_hreflang_relations":"","cg_seo_canonical_relation":"{\"uuid\":\"52f79434-2c94-438f-96c0-5882835ad8b0\",\"blogId\":\"\",\"domain\":\"\",\"sitePath\":\"\",\"postLink\":\"\",\"postId\":null,\"isSaved\":false,\"isCrossLink\":false,\"hasCrossLink\":false}","cg_seo_hreflang_x_default_relation":"{\"uuid\":\"d3c5d067-cc3b-4864-8624-40eb4d40c341\",\"blogId\":\"\",\"domain\":\"\",\"sitePath\":\"\",\"postLink\":\"\",\"postId\":null,\"isSaved\":false,\"isCrossLink\":false,\"hasCrossLink\":false}","cg_dt_approved_content":true,"cg_dt_mandatory_content":false,"cg_dt_notes":"","cg_dg_source_changed":true,"cg_dt_link_disabled":false,"_yoast_wpseo_primary_brand":"","footnotes":"","cg_testimonial_custom_title":"","people_tel":"","people_email":"","people_position":"Lead Independent Director, Vice-Chairman of the Board, Chairman of the Ethics &amp; Governance Committee","people_profile_tw":"","people_profile_fb":"","people_profile_li":"","featured_focal_points":""},"tags":[],"people-type":[28,493],"brand":[],"service":[],"industry":[],"partners":[],"content-group":[],"class_list":["post-537432","people","type-people","status-publish","has-post-thumbnail","hentry","people-type-board-of-directros","people-type-nationality-french"],"yoast_head":"<!-- This site is optimized with the Yoast SEO Premium plugin v22.8 (Yoast SEO v22.8) - https:\/\/yoast.com\/wordpress\/plugins\/seo\/ -->\n<title>Frederic Oudea | Board Of Directors | Capgemini<\/title>\n<meta name=\"description\" content=\"Lead Independent Director, Vice-Chairman of the Board and Chairman of the Ethics &amp; Governance Committee since May 20, 2021.\" \/>\n<meta name=\"robots\" content=\"index, follow, max-snippet:-1, max-image-preview:large, max-video-preview:-1\" \/>\n<link rel=\"canonical\" href=\"https:\/\/www.capgemini.com\/es-es\/sobre-nosotros\/gestion-y-gobierno\/consejo-de-administracion\/frederic-oudea\/\" \/>\n<meta property=\"og:locale\" content=\"es_ES\" \/>\n<meta property=\"og:type\" content=\"article\" \/>\n<meta property=\"og:title\" content=\"Fr\u00e9d\u00e9ric Oud\u00e9a\" \/>\n<meta property=\"og:description\" content=\"Lead Independent Director, Vice-Chairman of the Board and Chairman of the Ethics &amp; Governance Committee since May 20, 2021.\" \/>\n<meta property=\"og:url\" content=\"https:\/\/www.capgemini.com\/es-es\/sobre-nosotros\/gestion-y-gobierno\/consejo-de-administracion\/frederic-oudea\/\" \/>\n<meta property=\"og:site_name\" content=\"Capgemini Spain\" \/>\n<meta property=\"article:modified_time\" content=\"2024-05-14T09:53:12+00:00\" \/>\n<meta property=\"og:image\" content=\"https:\/\/www.capgemini.com\/es-es\/wp-content\/uploads\/sites\/16\/2021\/03\/Frederic-Oudea.jpg\" \/>\n\t<meta property=\"og:image:width\" content=\"890\" \/>\n\t<meta property=\"og:image:height\" content=\"1187\" \/>\n\t<meta property=\"og:image:type\" content=\"image\/jpeg\" \/>\n<meta name=\"twitter:card\" content=\"summary_large_image\" \/>\n<meta name=\"twitter:label1\" content=\"Est. reading time\" \/>\n\t<meta name=\"twitter:data1\" content=\"1 minute\" \/>\n<script type=\"application\/ld+json\" class=\"yoast-schema-graph\">{\"@context\":\"https:\/\/schema.org\",\"@graph\":[{\"@type\":\"WebPage\",\"@id\":\"https:\/\/www.capgemini.com\/es-es\/sobre-nosotros\/gestion-y-gobierno\/consejo-de-administracion\/frederic-oudea\/\",\"url\":\"https:\/\/www.capgemini.com\/es-es\/sobre-nosotros\/gestion-y-gobierno\/consejo-de-administracion\/frederic-oudea\/\",\"name\":\"Frederic Oudea | Board Of Directors | Capgemini\",\"isPartOf\":{\"@id\":\"https:\/\/www.capgemini.com\/es-es\/#website\"},\"primaryImageOfPage\":{\"@id\":\"https:\/\/www.capgemini.com\/es-es\/sobre-nosotros\/gestion-y-gobierno\/consejo-de-administracion\/frederic-oudea\/#primaryimage\"},\"image\":{\"@id\":\"https:\/\/www.capgemini.com\/es-es\/sobre-nosotros\/gestion-y-gobierno\/consejo-de-administracion\/frederic-oudea\/#primaryimage\"},\"thumbnailUrl\":\"https:\/\/www.capgemini.com\/es-es\/wp-content\/uploads\/sites\/16\/2021\/03\/Frederic-Oudea.jpg\",\"datePublished\":\"2021-03-17T15:08:28+00:00\",\"dateModified\":\"2024-05-14T09:53:12+00:00\",\"description\":\"Lead Independent Director, Vice-Chairman of the Board and Chairman of the Ethics & Governance Committee since May 20, 2021.\",\"breadcrumb\":{\"@id\":\"https:\/\/www.capgemini.com\/es-es\/sobre-nosotros\/gestion-y-gobierno\/consejo-de-administracion\/frederic-oudea\/#breadcrumb\"},\"inLanguage\":\"es-ES\",\"potentialAction\":[{\"@type\":\"ReadAction\",\"target\":[\"https:\/\/www.capgemini.com\/es-es\/sobre-nosotros\/gestion-y-gobierno\/consejo-de-administracion\/frederic-oudea\/\"]}]},{\"@type\":\"ImageObject\",\"inLanguage\":\"es-ES\",\"@id\":\"https:\/\/www.capgemini.com\/es-es\/sobre-nosotros\/gestion-y-gobierno\/consejo-de-administracion\/frederic-oudea\/#primaryimage\",\"url\":\"https:\/\/www.capgemini.com\/es-es\/wp-content\/uploads\/sites\/16\/2021\/03\/Frederic-Oudea.jpg\",\"contentUrl\":\"https:\/\/www.capgemini.com\/es-es\/wp-content\/uploads\/sites\/16\/2021\/03\/Frederic-Oudea.jpg\",\"width\":890,\"height\":1187},{\"@type\":\"BreadcrumbList\",\"@id\":\"https:\/\/www.capgemini.com\/es-es\/sobre-nosotros\/gestion-y-gobierno\/consejo-de-administracion\/frederic-oudea\/#breadcrumb\",\"itemListElement\":[{\"@type\":\"ListItem\",\"position\":1,\"name\":\"Home\",\"item\":\"https:\/\/www.capgemini.com\/es-es\/\"},{\"@type\":\"ListItem\",\"position\":2,\"name\":\"People\",\"item\":\"https:\/\/www.capgemini.com\/es-es\/people\/\"},{\"@type\":\"ListItem\",\"position\":3,\"name\":\"Fr\u00e9d\u00e9ric Oud\u00e9a\"}]},{\"@type\":\"WebSite\",\"@id\":\"https:\/\/www.capgemini.com\/es-es\/#website\",\"url\":\"https:\/\/www.capgemini.com\/es-es\/\",\"name\":\"Capgemini Espa\u00f1a\",\"description\":\"Capgemini\",\"potentialAction\":[{\"@type\":\"SearchAction\",\"target\":{\"@type\":\"EntryPoint\",\"urlTemplate\":\"https:\/\/www.capgemini.com\/es-es\/?s={search_term_string}\"},\"query-input\":\"required name=search_term_string\"}],\"inLanguage\":\"es-ES\"}]}<\/script>\n<!-- \/ Yoast SEO Premium plugin. -->","yoast_head_json":{"title":"Frederic Oudea | Board Of Directors | Capgemini","description":"Lead Independent Director, Vice-Chairman of the Board and Chairman of the Ethics & Governance Committee since May 20, 2021.","robots":{"index":"index","follow":"follow","max-snippet":"max-snippet:-1","max-image-preview":"max-image-preview:large","max-video-preview":"max-video-preview:-1"},"canonical":"https:\/\/www.capgemini.com\/es-es\/sobre-nosotros\/gestion-y-gobierno\/consejo-de-administracion\/frederic-oudea\/","og_locale":"es_ES","og_type":"article","og_title":"Fr\u00e9d\u00e9ric Oud\u00e9a","og_description":"Lead Independent Director, Vice-Chairman of the Board and Chairman of the Ethics & Governance Committee since May 20, 2021.","og_url":"https:\/\/www.capgemini.com\/es-es\/sobre-nosotros\/gestion-y-gobierno\/consejo-de-administracion\/frederic-oudea\/","og_site_name":"Capgemini Spain","article_modified_time":"2024-05-14T09:53:12+00:00","og_image":[{"width":890,"height":1187,"url":"https:\/\/www.capgemini.com\/es-es\/wp-content\/uploads\/sites\/16\/2021\/03\/Frederic-Oudea.jpg","type":"image\/jpeg"}],"twitter_card":"summary_large_image","twitter_misc":{"Est. reading time":"1 minute"},"schema":{"@context":"https:\/\/schema.org","@graph":[{"@type":"WebPage","@id":"https:\/\/www.capgemini.com\/es-es\/sobre-nosotros\/gestion-y-gobierno\/consejo-de-administracion\/frederic-oudea\/","url":"https:\/\/www.capgemini.com\/es-es\/sobre-nosotros\/gestion-y-gobierno\/consejo-de-administracion\/frederic-oudea\/","name":"Frederic Oudea | Board Of Directors | Capgemini","isPartOf":{"@id":"https:\/\/www.capgemini.com\/es-es\/#website"},"primaryImageOfPage":{"@id":"https:\/\/www.capgemini.com\/es-es\/sobre-nosotros\/gestion-y-gobierno\/consejo-de-administracion\/frederic-oudea\/#primaryimage"},"image":{"@id":"https:\/\/www.capgemini.com\/es-es\/sobre-nosotros\/gestion-y-gobierno\/consejo-de-administracion\/frederic-oudea\/#primaryimage"},"thumbnailUrl":"https:\/\/www.capgemini.com\/es-es\/wp-content\/uploads\/sites\/16\/2021\/03\/Frederic-Oudea.jpg","datePublished":"2021-03-17T15:08:28+00:00","dateModified":"2024-05-14T09:53:12+00:00","description":"Lead Independent Director, Vice-Chairman of the Board and Chairman of the Ethics & Governance Committee since May 20, 2021.","breadcrumb":{"@id":"https:\/\/www.capgemini.com\/es-es\/sobre-nosotros\/gestion-y-gobierno\/consejo-de-administracion\/frederic-oudea\/#breadcrumb"},"inLanguage":"es-ES","potentialAction":[{"@type":"ReadAction","target":["https:\/\/www.capgemini.com\/es-es\/sobre-nosotros\/gestion-y-gobierno\/consejo-de-administracion\/frederic-oudea\/"]}]},{"@type":"ImageObject","inLanguage":"es-ES","@id":"https:\/\/www.capgemini.com\/es-es\/sobre-nosotros\/gestion-y-gobierno\/consejo-de-administracion\/frederic-oudea\/#primaryimage","url":"https:\/\/www.capgemini.com\/es-es\/wp-content\/uploads\/sites\/16\/2021\/03\/Frederic-Oudea.jpg","contentUrl":"https:\/\/www.capgemini.com\/es-es\/wp-content\/uploads\/sites\/16\/2021\/03\/Frederic-Oudea.jpg","width":890,"height":1187},{"@type":"BreadcrumbList","@id":"https:\/\/www.capgemini.com\/es-es\/sobre-nosotros\/gestion-y-gobierno\/consejo-de-administracion\/frederic-oudea\/#breadcrumb","itemListElement":[{"@type":"ListItem","position":1,"name":"Home","item":"https:\/\/www.capgemini.com\/es-es\/"},{"@type":"ListItem","position":2,"name":"People","item":"https:\/\/www.capgemini.com\/es-es\/people\/"},{"@type":"ListItem","position":3,"name":"Fr\u00e9d\u00e9ric Oud\u00e9a"}]},{"@type":"WebSite","@id":"https:\/\/www.capgemini.com\/es-es\/#website","url":"https:\/\/www.capgemini.com\/es-es\/","name":"Capgemini Espa\u00f1a","description":"Capgemini","potentialAction":[{"@type":"SearchAction","target":{"@type":"EntryPoint","urlTemplate":"https:\/\/www.capgemini.com\/es-es\/?s={search_term_string}"},"query-input":"required name=search_term_string"}],"inLanguage":"es-ES"}]}},"parsely":{"version":"1.1.0","canonical_url":"https:\/\/capgemini.com\/es-es\/sobre-nosotros\/gestion-y-gobierno\/consejo-de-administracion\/frederic-oudea\/","smart_links":{"inbound":0,"outbound":0},"traffic_boost_suggestions_count":0,"meta":{"@context":"https:\/\/schema.org","@type":"NewsArticle","headline":"Fr\u00e9d\u00e9ric Oud\u00e9a","url":"https:\/\/www.capgemini.com\/es-es\/sobre-nosotros\/gestion-y-gobierno\/consejo-de-administracion\/frederic-oudea\/","mainEntityOfPage":{"@type":"WebPage","@id":"https:\/\/www.capgemini.com\/es-es\/sobre-nosotros\/gestion-y-gobierno\/consejo-de-administracion\/frederic-oudea\/"},"thumbnailUrl":"https:\/\/www.capgemini.com\/es-es\/wp-content\/uploads\/sites\/16\/2021\/03\/Frederic-Oudea.jpg?w=150&h=150&crop=1","image":{"@type":"ImageObject","url":"https:\/\/www.capgemini.com\/es-es\/wp-content\/uploads\/sites\/16\/2021\/03\/Frederic-Oudea.jpg"},"articleSection":"Uncategorized","author":[],"creator":[],"publisher":{"@type":"Organization","name":"Capgemini Spain","logo":""},"keywords":[],"dateCreated":"2021-03-17T15:08:28Z","datePublished":"2021-03-17T15:08:28Z","dateModified":"2024-05-14T09:53:12Z"},"rendered":"<meta name=\"parsely-title\" content=\"Fr\u00e9d\u00e9ric Oud\u00e9a\" \/>\n<meta name=\"parsely-link\" content=\"https:\/\/www.capgemini.com\/es-es\/sobre-nosotros\/gestion-y-gobierno\/consejo-de-administracion\/frederic-oudea\/\" \/>\n<meta name=\"parsely-type\" content=\"post\" \/>\n<meta name=\"parsely-image-url\" content=\"https:\/\/www.capgemini.com\/es-es\/wp-content\/uploads\/sites\/16\/2021\/03\/Frederic-Oudea.jpg?w=150&amp;h=150&amp;crop=1\" \/>\n<meta name=\"parsely-pub-date\" content=\"2021-03-17T15:08:28Z\" \/>\n<meta name=\"parsely-section\" content=\"Uncategorized\" \/>","tracker_url":"https:\/\/cdn.parsely.com\/keys\/capgemini.com\/p.js"},"archive_status":false,"featured_image_src":"https:\/\/www.capgemini.com\/es-es\/wp-content\/uploads\/sites\/16\/2021\/03\/Frederic-Oudea.jpg","featured_image_alt":"","jetpack_sharing_enabled":true,"distributor_meta":false,"distributor_terms":false,"distributor_media":false,"distributor_original_site_name":"Capgemini Spain","distributor_original_site_url":"https:\/\/www.capgemini.com\/es-es","push-errors":false,"_links":{"self":[{"href":"https:\/\/www.capgemini.com\/es-es\/wp-json\/wp\/v2\/people\/537432","targetHints":{"allow":["GET"]}}],"collection":[{"href":"https:\/\/www.capgemini.com\/es-es\/wp-json\/wp\/v2\/people"}],"about":[{"href":"https:\/\/www.capgemini.com\/es-es\/wp-json\/wp\/v2\/types\/people"}],"author":[{"embeddable":true,"href":"https:\/\/www.capgemini.com\/es-es\/wp-json\/wp\/v2\/users\/121"}],"version-history":[{"count":8,"href":"https:\/\/www.capgemini.com\/es-es\/wp-json\/wp\/v2\/people\/537432\/revisions"}],"predecessor-version":[{"id":561759,"href":"https:\/\/www.capgemini.com\/es-es\/wp-json\/wp\/v2\/people\/537432\/revisions\/561759"}],"wp:featuredmedia":[{"embeddable":true,"href":"https:\/\/www.capgemini.com\/es-es\/wp-json\/wp\/v2\/media\/542082"}],"wp:attachment":[{"href":"https:\/\/www.capgemini.com\/es-es\/wp-json\/wp\/v2\/media?parent=537432"}],"wp:term":[{"taxonomy":"post_tag","embeddable":true,"href":"https:\/\/www.capgemini.com\/es-es\/wp-json\/wp\/v2\/tags?post=537432"},{"taxonomy":"people-type","embeddable":true,"href":"https:\/\/www.capgemini.com\/es-es\/wp-json\/wp\/v2\/people-type?post=537432"},{"taxonomy":"brand","embeddable":true,"href":"https:\/\/www.capgemini.com\/es-es\/wp-json\/wp\/v2\/brand?post=537432"},{"taxonomy":"service","embeddable":true,"href":"https:\/\/www.capgemini.com\/es-es\/wp-json\/wp\/v2\/service?post=537432"},{"taxonomy":"industry","embeddable":true,"href":"https:\/\/www.capgemini.com\/es-es\/wp-json\/wp\/v2\/industry?post=537432"},{"taxonomy":"partners","embeddable":true,"href":"https:\/\/www.capgemini.com\/es-es\/wp-json\/wp\/v2\/partners?post=537432"},{"taxonomy":"content-group","embeddable":true,"href":"https:\/\/www.capgemini.com\/es-es\/wp-json\/wp\/v2\/content-group?post=537432"}],"curies":[{"name":"wp","href":"https:\/\/api.w.org\/{rel}","templated":true}]}}