{"id":882804,"date":"2025-07-22T13:09:13","date_gmt":"2025-07-22T13:09:13","guid":{"rendered":"https:\/\/www.capgemini.com\/de-de\/?post_type=research-and-insight&#038;p=882804"},"modified":"2026-01-22T07:43:05","modified_gmt":"2026-01-22T07:43:05","slug":"fokus-schaffen-wirkung-entfalten-die-coo-funktion-als-schluessel-zur-verwaltungsmodernisierung","status":"publish","type":"research-and-insight","link":"https:\/\/www.capgemini.com\/de-de\/insights\/research\/fokus-schaffen-wirkung-entfalten-die-coo-funktion-als-schluessel-zur-verwaltungsmodernisierung\/","title":{"rendered":"Fokus schaffen, Wirkung entfalten: Die COO-Funktion als Schl\u00fcssel zur Verwaltungsmodernisierung"},"content":{"rendered":"\n<header class=\"wp-block-cg-blocks-hero-reusable header heroReusable  \"><div class=\"header-bgs\"><picture><source srcset=\"https:\/\/www.capgemini.com\/de-de\/wp-content\/uploads\/sites\/8\/2025\/07\/Titelbild.jpg?w=2880&amp;quality=70 1x, https:\/\/www.capgemini.com\/de-de\/wp-content\/uploads\/sites\/8\/2025\/07\/Titelbild.jpg?w=2880&amp;quality=70 2x\" media=\"(min-width: 1500px)\"\/><source srcset=\"https:\/\/www.capgemini.com\/de-de\/wp-content\/uploads\/sites\/8\/2025\/07\/Titelbild.jpg?w=1440&amp;quality=70 1x, https:\/\/www.capgemini.com\/de-de\/wp-content\/uploads\/sites\/8\/2025\/07\/Titelbild.jpg?w=2880&amp;quality=70 2x\" media=\"(min-width: 992px)\"\/><source srcset=\"https:\/\/www.capgemini.com\/de-de\/wp-content\/uploads\/sites\/8\/2025\/07\/Titelbild.jpg?w=1024&amp;quality=70 1x, https:\/\/www.capgemini.com\/de-de\/wp-content\/uploads\/sites\/8\/2025\/07\/Titelbild.jpg?w=1024&amp;quality=70 2x\" media=\"(min-width: 768px)\"\/><source srcset=\"https:\/\/www.capgemini.com\/de-de\/wp-content\/uploads\/sites\/8\/2025\/07\/Titelbild.jpg?w=768&amp;quality=70 1x, https:\/\/www.capgemini.com\/de-de\/wp-content\/uploads\/sites\/8\/2025\/07\/Titelbild.jpg?w=768&amp;quality=70 2x\" media=\"(min-width: 0)\"\/><img decoding=\"async\" src=\"https:\/\/www.capgemini.com\/de-de\/wp-content\/uploads\/sites\/8\/2025\/07\/Titelbild.jpg\" class=\"header-img header-img-d\" alt=\"\" style=\"object-fit:cover;object-position:50% 45%\" loading=\"eager\"\/><\/picture><\/div><div class=\"heroPictureCardHeaderShape\"><\/div><div class=\"container\"><div class=\"row\"><div class=\"col-md-12\"><div class=\"box\"><div class=\"boxTagWrapper\"><div class=\"tagInfo\"><div><span class=\"box-tag\">Public Sector<\/span><\/div><\/div><div class=\"brandInfo\"><div class=\"brandLogo\"><img decoding=\"async\" loading=\"lazy\" src=\"\/wp-content\/themes\/capgemini2020\/assets\/images\/capgemini-invent.svg\" alt=\"capgemini-invent\"\/><\/div><\/div><\/div><div class=\"box-title\"><h1 data-maxlength=\"34\">Fokus schaffen, Wirkung entfalten<\/h1><\/div><h2 class=\"reasearchInsightTitle\">Die COO-Funktion als Schl\u00fcssel zur Verwaltungsmodernisierung <\/h2><div class=\"inner-row-insight download-btn\"><div class=\"col-md-4 downloadFiles addPadding\"><a class=\"button-download--small\" type=\"download\" href=\"https:\/\/www.capgemini.com\/de-de\/wp-content\/uploads\/sites\/8\/2025\/07\/PoV_Fokus-schaffen-Wirkung-entfalten_Capgemini-Invent.pdf\" target=\"_blank\" rel=\"noopener noreferrer\" title=\"In neuem Fenster \u00f6ffnen\"><span>Download PoV<\/span><span class=\"type\">1 MB  pdf<\/span><\/a><\/div><\/div><\/div><\/div><\/div><\/div><\/header>\n\n\n\n<section class=\"wp-block-cg-blocks-group undefined section section--article-content\"><div class=\"article-main-content\"><div class=\"container\"><div class=\"row\"><div class=\"col-12 col-md-11 col-lg-10 offset-md-1 offset-lg-1\"><div class=\"article-text article-quote-text\">\n<h2 class=\"wp-block-heading\" id=\"h-der-nachste-entscheidende-schritt-zu-einer-fortschrittlichen-verwaltung\"><strong><strong><strong>Der n\u00e4chste entscheidende Schritt zu einer fortschrittlichen Verwaltung<\/strong><\/strong>\u00a0<\/strong><\/h2>\n\n\n\n<p class=\"has-text-align-center\">Die \u00f6ffentliche Verwaltung in Deutschland steht vor einer tiefgreifenden, strukturellen Transformation, um auch k\u00fcnftig ihrem gesellschaftlichen Auftrag nachkommen zu k\u00f6nnen. Der demografische Wandel, historisch gewachsene und ineffiziente Strukturen, die schleichende Digitalisierung, fehlende Kommunikation zwischen Beh\u00f6rden sowie die noch immer zunehmende B\u00fcrokratisierung setzen Kommunen, L\u00e4nder und den Bund unter Druck. Dabei sind erfolgreiche Ans\u00e4tze f\u00fcr eine moderne, leistungsf\u00e4hige und wirksame Verwaltung vorhanden. Sie m\u00fcssen umgesetzt werden.\u00a0<\/p>\n\n\n\n<p><strong><strong>Wir stellen Ihnen in unserem PoV vor, welchen Mehrwert die COO-Funktion bietet, worauf es bei der Einf\u00fchrung ankommt und welche Schritte jetzt daf\u00fcr zu gehen sind.<\/strong><\/strong><\/p>\n\n\n\n<p>Die COO-Funktion ist in der Privatwirtschaft, aber auch in den \u00f6ffentlichen Einrichtungen anderer L\u00e4nder, seit Langem etabliert \u2013 sie steht f\u00fcr operative Exzellenz, effiziente Steuerung und die konsequente Ausrichtung auf wertsch\u00f6pfendes Handeln. Es sind genau diese Qualit\u00e4ten, welche auch f\u00fcr die \u00f6ffentliche Verwaltung in Deutschland ma\u00dfgeblich sind. Moderne Verwaltung braucht eine zentrale Steuerungsfunktion, die Silos \u00fcberwindet, die Zufriedenheit bei Mitarbeitenden erh\u00f6ht, Effizienz steigert und bessere beh\u00f6rdliche Leistungen erm\u00f6glicht. Die COO-Funktion ist daf\u00fcr das organisatorische R\u00fcckgrat. Sie \u00fcbernimmt Verantwortung f\u00fcr das \u201eWie\u201c von Verwaltung, damit sich Fachabteilungen auf das \u201eWas\u201c konzentrieren k\u00f6nnen.<\/p>\n\n\n\n<p>Die Mehrwerte einer zentralen, operativen Steuerung sind entlang typischer Aufgabenbereiche einer COO-Funktion messbar:<\/p>\n\n\n\n<ul class=\"wp-block-list\">\n<li><strong>Prozess- und Qualit\u00e4tsmanagement<\/strong>: Durch Prozesskritik sowie klare Standards in Prozessen und Qualit\u00e4t die Bearbeitungszeiten um \u00fcber 30% reduzieren<\/li>\n\n\n\n<li><strong>Beschaffung<\/strong>: Durch Pr\u00fcfung von Bagatellgrenzen, mit Standardkatalogen, digitalen Einkaufsplattformen und Rahmenvertr\u00e4gen die Beschaffungszeiten um \u00fcber 30% und Beschaffungskosten um \u00fcber 15% senken<\/li>\n\n\n\n<li><strong>Portfoliomanagement<\/strong>: Durch klare Priorisierung und Verantwortlichkeit innovative Projekte zielgerichtet und um \u00fcber 25 % schneller umsetzen, mit einer um \u00fcber 20% verbesserten Auslastung f\u00fcr Mitarbeitende<\/li>\n\n\n\n<li><strong>Reporting<\/strong>: Mit Transparenz im Berichtswesen und Standards in den Leistungskennzahlen die Steuerbarkeit im Verwaltungshandeln erh\u00f6hen<\/li>\n\n\n\n<li><strong>Geb\u00e4udemanagement<\/strong>: Mit Shared Services und Potenzialen f\u00fcr die Zusammenarbeit mit externen Partnern den Fokus auf die Kernleistung st\u00e4rken und Kosteneinsparungen von \u00fcber 15% erm\u00f6glichen<\/li>\n\n\n\n<li><strong>Nachhaltigkeit<\/strong>: Mit bereichs\u00fcbergreifender Verantwortlichkeit u.a. EMAS konsequent umsetzen<\/li>\n<\/ul>\n\n\n\n<p>Damit die die COO-Funktion ihre Wirkung entfalten kann, braucht es eine strukturierte Einf\u00fchrung, die gemeinsam mit der gesamten Organisation entwickelt und gelebt wird. Verschiedene Kernfragen sind dabei zu adressieren. Insbesondere die Ausgestaltung und die politisch-kulturelle Verankerung des Mandats sind bei der Einf\u00fchrung einer COO-Funktion erfolgskritisch. Wir beleuchten drei Schritte, welche die Einf\u00fchrung erm\u00f6glichen:<\/p>\n\n\n\n<ol class=\"wp-block-list\">\n<li><strong>Ein notwendiges Mandat als Ausgangspunkt schaffen<\/strong><\/li>\n\n\n\n<li><strong>Transparenz zum Status Quo und ein klares Zielbild in den ersten 100 Tagen<\/strong> <strong>herstellen<\/strong><\/li>\n\n\n\n<li><strong>Wirksame Hebel f\u00fcr operative Exzellenz implementieren<\/strong><\/li>\n<\/ol>\n\n\n\n<p>Die Einf\u00fchrung einer COO-Funktion ist kein zus\u00e4tzlicher Verwaltungsbaustein, sondern eine konsequente, strategische Weiterentwicklung. Sie schafft die Voraussetzungen f\u00fcr eine moderne, effiziente und wirkungsorientierte Verwaltung, die sich wieder voll auf ihren gesellschaftlichen Auftrag konzentrieren kann. Jetzt ist der richtige Zeitpunkt, diesen Schritt zu gehen.\u00a0<\/p>\n\n\n\n<p class=\"has-medium-font-size\"><strong>Laden Sie unser Point of View herunter und erfahren Sie mehr \u00fcber die COO-Funktion als Schl\u00fcssel zu Verwaltungsmodernisierung!<\/strong><\/p>\n\n\n\n<div class=\"wp-block-buttons is-content-justification-center is-layout-flex wp-container-core-buttons-is-layout-a89b3969 wp-block-buttons-is-layout-flex\">\n<div class=\"wp-block-button\"><a class=\"wp-block-button__link wp-element-button\" href=\"https:\/\/www.capgemini.com\/de-de\/wp-content\/uploads\/sites\/8\/2025\/07\/PoV_Fokus-schaffen-Wirkung-entfalten_Capgemini-Invent.pdf\" target=\"_blank\" rel=\"noreferrer noopener\">PoV herunterladen<\/a><\/div>\n<\/div>\n\n\n\n<p><\/p>\n\n\n\n<hr class=\"wp-block-separator has-alpha-channel-opacity\"\/>\n\n\n\n<p><\/p>\n<\/div><\/div><\/div><\/div><\/div><\/section>\n\n\n\n<section class=\"wp-block-cg-blocks-wrapper-people-slider section section--expert-slider wrapper-people-slider undefined\"><div class=\"container\"><div class=\"content-title\"><h2 data-maxlength=\"34\" class=\"people-heading-title\">Treffen Sie unsere Experten<\/h2><\/div><\/div><div class=\"slider slider-boxed\"><div class=\"container\"><div class=\"slider-window\"><div class=\"slider-list\">\t\t<div class=\"slide\">\n\t\t\t<div class=\"box\">\n\t\t\t\t<div class=\"row\">\n\t\t\t\t\t<div class=\"col-md-6 col-lg-4 box-img-wrapper\">\n\t\t\t\t\t\t<img decoding=\"async\" loading=\"lazy\" src=\"https:\/\/www.capgemini.com\/de-de\/wp-content\/uploads\/sites\/8\/2025\/01\/Screenshot-2025-01-30-093232.png\" alt=\"Timo Graf von Koenigsmarck\"\/>\n\t\t\t\t\t<\/div>\n\t\t\t\t\t<div class=\"col-md-6 col-lg-8 box-inner\">\n\t\t\t\t\t\t<div class=\"row title-social-media-header\">\n\t\t\t\t\t\t\t<div class=\"col-md-12 col-lg-6 mbl-social-icon\">\n\t\t\t\t\t\t\t\t<ul class=\"social-nav\">\n\t\t\t\t\t\t\t\t\t\t\t\t\t\t\t\t\t\t\t\t\t\t\t\t\t\t\t\t\t\t\t\t\t\t\t\t\t\t\t\t\t\t\t\t\t\t\t\t\t\t\t\t\t\t\t<li><a aria-label=\"Linkedin\" target=\"_blank\" title=\"In neuem Fenster \u00f6ffnen\" href=\"https:\/\/www.linkedin.com\/in\/timo-graf-von-koenigsmarck-5661a116\/?originalSubdomain=de\"><i aria-hidden=\"true\" class=\"icon-li\"><\/i><\/a><\/li>\n\t\t\t\t\t\t\t\t\t\t\t\t\t\t\t\t\t<\/ul>\n\t\t\t\t\t\t\t<\/div>\n\t\t\t\t\t\t\t<div class=\"col-md-12 col-lg-6 box-container\">\n\t\t\t\t\t\t\t\t<div class=\"box-title\">\n\t\t\t\t\t\t\t\t\t<h3 class=\"people-profile-title\">Timo Graf von Koenigsmarck<\/h3>\n\t\t\t\t\t\t\t\t<\/div>\n\t\t\t\t\t\t\t\t\t\t\t\t\t\t\t\t\t<span>Executive Vice President | Head of Public Sector Germany, Capgemini Invent<\/span>\n\t\t\t\t\t\t\t\t\t\t\t\t\t\t\t<\/div>\n\t\t\t\t\t\t\t<div class=\"col-md-12 col-lg-6 social-box-container dkt-social-icon\">\n\t\t\t\t\t\t\t\t<ul class=\"social-nav\">\n\t\t\t\t\t\t\t\t\t\t\t\t\t\t\t\t\t\t\t\t\t\t\t\t\t\t\t\t\t\t\t\t\t\t\t\t\t\t\t\t\t\t\t\t\t\t\t\t\t\t\t\t\t\t\t<li><a aria-label=\"Linkedin\" target=\"_blank\" title=\"In neuem Fenster \u00f6ffnen\" href=\"https:\/\/www.linkedin.com\/in\/timo-graf-von-koenigsmarck-5661a116\/?originalSubdomain=de\"><i aria-hidden=\"true\" class=\"icon-li\"><\/i><\/a><\/li>\n\t\t\t\t\t\t\t\t\t\t\t\t\t\t\t\t\t<\/ul>\n\t\t\t\t\t\t\t<\/div>\n\t\t\t\t\t\t<\/div>\n\t\t\t\t\t\t\t\t\t\t\t\t\t<div class=\"people-info\">Mich begeistert der \u00f6ffentliche Sektor. Dabei zu helfen, die komplexesten Herausforderungen f\u00fcr unsere Gesellschaft zu l\u00f6sen, treibt mich an.\nAls Leiter des Public Sector bei Capgemini Invent konzentriere ich mich darauf, unsere Kunden bei der Bew\u00e4ltigung der gro\u00dfen, anstehenden Herausforderungen zu unterst\u00fctzen: Digitalisierung, neue Arbeits- und Kooperationsmodelle sowie dem Aufbau nachhaltiger Strukturen und Prozesse.<\/div>\n\t\t\t\t\t\t\t\t\t\t\t<\/div>\n\t\t\t\t<\/div>\n\t\t\t<\/div>\n\t\t\t\t\t<\/div>\n\t\t\n\n\t\t<div class=\"slide\">\n\t\t\t<div class=\"box\">\n\t\t\t\t<div class=\"row\">\n\t\t\t\t\t<div class=\"col-md-6 col-lg-4 box-img-wrapper\">\n\t\t\t\t\t\t<img decoding=\"async\" loading=\"lazy\" src=\"https:\/\/www.capgemini.com\/de-de\/wp-content\/uploads\/sites\/8\/2022\/09\/Bernd_Kramer-1.jpg\" alt=\"Bernd Firuz Kramer\"\/>\n\t\t\t\t\t<\/div>\n\t\t\t\t\t<div class=\"col-md-6 col-lg-8 box-inner\">\n\t\t\t\t\t\t<div class=\"row title-social-media-header\">\n\t\t\t\t\t\t\t<div class=\"col-md-12 col-lg-6 mbl-social-icon\">\n\t\t\t\t\t\t\t\t<ul class=\"social-nav\">\n\t\t\t\t\t\t\t\t\t\t\t\t\t\t\t\t\t\t\t\t\t\t\t\t\t\t\t\t\t\t\t\t\t\t\t\t\t\t\t\t\t\t\t\t\t\t\t\t\t\t\t\t\t\t\t<li><a aria-label=\"Linkedin\" target=\"_blank\" title=\"In neuem Fenster \u00f6ffnen\" href=\"http:\/\/www.linkedin.com\/in\/berndfiruzkramer\/\"><i aria-hidden=\"true\" class=\"icon-li\"><\/i><\/a><\/li>\n\t\t\t\t\t\t\t\t\t\t\t\t\t\t\t\t\t<\/ul>\n\t\t\t\t\t\t\t<\/div>\n\t\t\t\t\t\t\t<div class=\"col-md-12 col-lg-6 box-container\">\n\t\t\t\t\t\t\t\t<div class=\"box-title\">\n\t\t\t\t\t\t\t\t\t<h3 class=\"people-profile-title\">Bernd Firuz Kramer<\/h3>\n\t\t\t\t\t\t\t\t<\/div>\n\t\t\t\t\t\t\t\t\t\t\t\t\t\t\t\t\t<span>Vice President | Public Sector Germany, Capgemini Invent<\/span>\n\t\t\t\t\t\t\t\t\t\t\t\t\t\t\t<\/div>\n\t\t\t\t\t\t\t<div class=\"col-md-12 col-lg-6 social-box-container dkt-social-icon\">\n\t\t\t\t\t\t\t\t<ul class=\"social-nav\">\n\t\t\t\t\t\t\t\t\t\t\t\t\t\t\t\t\t\t\t\t\t\t\t\t\t\t\t\t\t\t\t\t\t\t\t\t\t\t\t\t\t\t\t\t\t\t\t\t\t\t\t\t\t\t\t<li><a aria-label=\"Linkedin\" target=\"_blank\" title=\"In neuem Fenster \u00f6ffnen\" href=\"http:\/\/www.linkedin.com\/in\/berndfiruzkramer\/\"><i aria-hidden=\"true\" class=\"icon-li\"><\/i><\/a><\/li>\n\t\t\t\t\t\t\t\t\t\t\t\t\t\t\t\t\t<\/ul>\n\t\t\t\t\t\t\t<\/div>\n\t\t\t\t\t\t<\/div>\n\t\t\t\t\t\t\t\t\t\t\t\t\t<div class=\"people-info\">Bernd Firuz Kramer ist \u00fcberzeugt, dass starke und moderne Institutionen grundlegend f\u00fcr eine widerstandsf\u00e4hige Demokratie sind. Zu ihrer Weiterentwicklung beizutragen, ist f\u00fcr ihn nicht nur Beruf, sondern pers\u00f6nliche \u00dcberzeugung. Als Leiter des Bereichs Public Finance bei Capgemini Invent ber\u00e4t er Steuer- und Zollbeh\u00f6rden, \u00f6ffentliche IT-Dienstleister und Zentralbanken bei ihrer strategischen Transformation.\n\nEr unterst\u00fctze dabei, Modernisierung wirkungsorientiert zu gestalten und umzusetzen \u2013 von der Strategie bis zur Umsetzung in komplexen Strukturen.<\/div>\n\t\t\t\t\t\t\t\t\t\t\t<\/div>\n\t\t\t\t<\/div>\n\t\t\t<\/div>\n\t\t\t\t\t<\/div>\n\t\t\n\n\t\t<div class=\"slide\">\n\t\t\t<div class=\"box\">\n\t\t\t\t<div class=\"row\">\n\t\t\t\t\t<div class=\"col-md-6 col-lg-4 box-img-wrapper\">\n\t\t\t\t\t\t<img decoding=\"async\" loading=\"lazy\" src=\"https:\/\/www.capgemini.com\/de-de\/wp-content\/uploads\/sites\/8\/2025\/02\/Screenshot-2025-02-06-110753.png\" alt=\"Dr. Steve Raue\"\/>\n\t\t\t\t\t<\/div>\n\t\t\t\t\t<div class=\"col-md-6 col-lg-8 box-inner\">\n\t\t\t\t\t\t<div class=\"row title-social-media-header\">\n\t\t\t\t\t\t\t<div class=\"col-md-12 col-lg-6 mbl-social-icon\">\n\t\t\t\t\t\t\t\t<ul class=\"social-nav\">\n\t\t\t\t\t\t\t\t\t\t\t\t\t\t\t\t\t\t\t<li><a aria-label=\"Telefon\" href=\"tel:+49 151 4025 1490\"><i aria-hidden=\"true\" class=\"icon-phone2\"><\/i><\/a><\/li>\n\t\t\t\t\t\t\t\t\t\t\t\t\t\t\t\t\t\t\t\t\t\t\t\t\t\t\t\t<li><a aria-label=\"E-Mail\" href=\"mailto:steve.raue@capgemini.com\"><i aria-hidden=\"true\" class=\"mail-ico\"><\/i><\/a><\/li>\n\t\t\t\t\t\t\t\t\t\t\t\t\t\t\t\t\t\t\t\t\t\t\t\t\t\t\t\t\t\t\t\t\t\t\t\t\t\t\t\t\t\t\t\t\t\t<li><a aria-label=\"Linkedin\" target=\"_blank\" title=\"In neuem Fenster \u00f6ffnen\" href=\"https:\/\/www.linkedin.com\/in\/dr-steve-raue-8b540016\/?utm_source=share&#038;utm_campaign=share_via&#038;utm_content=profile&#038;utm_medium=ios_app\"><i aria-hidden=\"true\" class=\"icon-li\"><\/i><\/a><\/li>\n\t\t\t\t\t\t\t\t\t\t\t\t\t\t\t\t\t<\/ul>\n\t\t\t\t\t\t\t<\/div>\n\t\t\t\t\t\t\t<div class=\"col-md-12 col-lg-6 box-container\">\n\t\t\t\t\t\t\t\t<div class=\"box-title\">\n\t\t\t\t\t\t\t\t\t<h3 class=\"people-profile-title\">Dr. Steve Raue<\/h3>\n\t\t\t\t\t\t\t\t<\/div>\n\t\t\t\t\t\t\t\t\t\t\t\t\t\t\t\t\t<span>Director | Public Sector Germany, Capgemini Invent<\/span>\n\t\t\t\t\t\t\t\t\t\t\t\t\t\t\t<\/div>\n\t\t\t\t\t\t\t<div class=\"col-md-12 col-lg-6 social-box-container dkt-social-icon\">\n\t\t\t\t\t\t\t\t<ul class=\"social-nav\">\n\t\t\t\t\t\t\t\t\t\t\t\t\t\t\t\t\t\t\t<li><a aria-label=\"Telefon\" href=\"tel:+49 151 4025 1490\"><i aria-hidden=\"true\" class=\"icon-phone2\"><\/i><\/a><\/li>\n\t\t\t\t\t\t\t\t\t\t\t\t\t\t\t\t\t\t\t\t\t\t\t\t\t\t\t\t<li><a aria-label=\"E-Mail\" href=\"mailto:steve.raue@capgemini.com\"><i aria-hidden=\"true\" class=\"mail-ico\"><\/i><\/a><\/li>\n\t\t\t\t\t\t\t\t\t\t\t\t\t\t\t\t\t\t\t\t\t\t\t\t\t\t\t\t\t\t\t\t\t\t\t\t\t\t\t\t\t\t\t\t\t\t<li><a aria-label=\"Linkedin\" target=\"_blank\" title=\"In neuem Fenster \u00f6ffnen\" href=\"https:\/\/www.linkedin.com\/in\/dr-steve-raue-8b540016\/?utm_source=share&#038;utm_campaign=share_via&#038;utm_content=profile&#038;utm_medium=ios_app\"><i aria-hidden=\"true\" class=\"icon-li\"><\/i><\/a><\/li>\n\t\t\t\t\t\t\t\t\t\t\t\t\t\t\t\t\t<\/ul>\n\t\t\t\t\t\t\t<\/div>\n\t\t\t\t\t\t<\/div>\n\t\t\t\t\t\t\t\t\t\t\t\t\t<div class=\"people-info\">Dr. Steve Raue ist Director im \u00d6ffentlichen Sektor von Capgemini Invent. Seit \u00fcber 10 Jahren ber\u00e4t und arbeitet er in den Bereichen Digitalstrategie, agiler Steuerung, Transformationsbegleitung und Portfoliostrategie. Neben seiner Erfahrung aus mehreren Beratungsunternehmen, bringt Steve Raue auch mehrj\u00e4hrige Erfahrung in verschiedenen Positionen eines privatwirtschaftlichen Unternehmens ein.\n\n<\/div>\n\t\t\t\t\t\t\t\t\t\t\t<\/div>\n\t\t\t\t<\/div>\n\t\t\t<\/div>\n\t\t\t\t\t<\/div>\n\t\t\n\n\t\t<div class=\"slide\">\n\t\t\t<div class=\"box\">\n\t\t\t\t<div class=\"row\">\n\t\t\t\t\t<div class=\"col-md-6 col-lg-4 box-img-wrapper\">\n\t\t\t\t\t\t<img decoding=\"async\" loading=\"lazy\" src=\"https:\/\/www.capgemini.com\/de-de\/wp-content\/uploads\/sites\/8\/2025\/02\/Screenshot-2025-02-06-113122.png\" alt=\"Ren\u00e9 van Meegdenburg\"\/>\n\t\t\t\t\t<\/div>\n\t\t\t\t\t<div class=\"col-md-6 col-lg-8 box-inner\">\n\t\t\t\t\t\t<div class=\"row title-social-media-header\">\n\t\t\t\t\t\t\t<div class=\"col-md-12 col-lg-6 mbl-social-icon\">\n\t\t\t\t\t\t\t\t<ul class=\"social-nav\">\n\t\t\t\t\t\t\t\t\t\t\t\t\t\t\t\t\t\t\t<li><a aria-label=\"Telefon\" href=\"tel:+49 151 2772 9097\"><i aria-hidden=\"true\" class=\"icon-phone2\"><\/i><\/a><\/li>\n\t\t\t\t\t\t\t\t\t\t\t\t\t\t\t\t\t\t\t\t\t\t\t\t\t\t\t\t<li><a aria-label=\"E-Mail\" href=\"mailto:Rene.van-Meegdenburg@capgemini.com\"><i aria-hidden=\"true\" class=\"mail-ico\"><\/i><\/a><\/li>\n\t\t\t\t\t\t\t\t\t\t\t\t\t\t\t\t\t\t\t\t\t\t\t\t\t\t\t\t\t\t\t\t\t\t\t\t\t\t\t\t\t\t\t\t\t\t<li><a aria-label=\"Linkedin\" target=\"_blank\" title=\"In neuem Fenster \u00f6ffnen\" href=\"https:\/\/www.linkedin.com\/in\/ren\u00e9-van-meegdenburg\/\"><i aria-hidden=\"true\" class=\"icon-li\"><\/i><\/a><\/li>\n\t\t\t\t\t\t\t\t\t\t\t\t\t\t\t\t\t<\/ul>\n\t\t\t\t\t\t\t<\/div>\n\t\t\t\t\t\t\t<div class=\"col-md-12 col-lg-6 box-container\">\n\t\t\t\t\t\t\t\t<div class=\"box-title\">\n\t\t\t\t\t\t\t\t\t<h3 class=\"people-profile-title\">Ren\u00e9 van Meegdenburg<\/h3>\n\t\t\t\t\t\t\t\t<\/div>\n\t\t\t\t\t\t\t\t\t\t\t\t\t\t\t\t\t<span>Manager | Enterprise Model &amp; Strategy Germany, Capgemini Invent<\/span>\n\t\t\t\t\t\t\t\t\t\t\t\t\t\t\t<\/div>\n\t\t\t\t\t\t\t<div class=\"col-md-12 col-lg-6 social-box-container dkt-social-icon\">\n\t\t\t\t\t\t\t\t<ul class=\"social-nav\">\n\t\t\t\t\t\t\t\t\t\t\t\t\t\t\t\t\t\t\t<li><a aria-label=\"Telefon\" href=\"tel:+49 151 2772 9097\"><i aria-hidden=\"true\" class=\"icon-phone2\"><\/i><\/a><\/li>\n\t\t\t\t\t\t\t\t\t\t\t\t\t\t\t\t\t\t\t\t\t\t\t\t\t\t\t\t<li><a aria-label=\"E-Mail\" href=\"mailto:Rene.van-Meegdenburg@capgemini.com\"><i aria-hidden=\"true\" class=\"mail-ico\"><\/i><\/a><\/li>\n\t\t\t\t\t\t\t\t\t\t\t\t\t\t\t\t\t\t\t\t\t\t\t\t\t\t\t\t\t\t\t\t\t\t\t\t\t\t\t\t\t\t\t\t\t\t<li><a aria-label=\"Linkedin\" target=\"_blank\" title=\"In neuem Fenster \u00f6ffnen\" href=\"https:\/\/www.linkedin.com\/in\/ren\u00e9-van-meegdenburg\/\"><i aria-hidden=\"true\" class=\"icon-li\"><\/i><\/a><\/li>\n\t\t\t\t\t\t\t\t\t\t\t\t\t\t\t\t\t<\/ul>\n\t\t\t\t\t\t\t<\/div>\n\t\t\t\t\t\t<\/div>\n\t\t\t\t\t\t\t\t\t\t\t\t\t<div class=\"people-info\">Ren\u00e9 van Meegdenburg unterst\u00fctzt seine Kunden im Bereich der Operationalisierung von Unternehmensstrategien, insbesondere in Bezug auf die (Weiter-)Entwicklung und Einf\u00fchrung von Target Operating Models. Er unterst\u00fctzt Organisationen aus dem \u00f6ffentlichen und privaten Sektor bei ihren Transformationen. Sein Schwerpunkt liegt dabei auf der Verzahnung von wirkungsorientierter Ablauf- und funktionaler Aufbauorganisation in klassischen und agilen Kontexten.<\/div>\n\t\t\t\t\t\t\t\t\t\t\t<\/div>\n\t\t\t\t<\/div>\n\t\t\t<\/div>\n\t\t\t\t\t<\/div>\n\t\t<\/div><\/div><\/div><div class=\"slider-nav\"><button class=\"slider-prev inactive\" aria-label=\"Slider-previous\" tabindex=\"-1\"><\/button><ul class=\"slider-paginator\"><\/ul><button class=\"slider-next\" aria-label=\"Slider-next\"><\/button><\/div><\/div><\/section>\n\n\n\n<p><\/p>\n","protected":false},"excerpt":{"rendered":"<p>Um dem gesellschaftlichen Leistungsauftrag gerecht werden zu k\u00f6nnen, muss die Handlungsf\u00e4higkeit der \u00f6ffentlichen Verwaltung massiv gesteigert werden: durch eine gesteigerte Effizienz, h\u00f6here Mitarbeitendenzufriedenheit und bessere Lieferqualit\u00e4t in den Leistungen, um Anliegen von B\u00fcrger:innen und Unternehmen bedarfsgerecht zu adressieren.<\/p>\n","protected":false},"author":590,"featured_media":883320,"template":"","meta":{"cg_dt_proposed_to":[],"cg_seo_hreflang_relations":"[]","cg_seo_canonical_relation":"","cg_seo_hreflang_x_default_relation":"","cg_dt_approved_content":true,"cg_dt_mandatory_content":false,"cg_dt_notes":"","cg_dg_source_changed":false,"cg_dt_link_disabled":false,"footnotes":"","related_resource_url":"","related_resource_id":0,"related_resource_size":"","related_resource_type":"","cg_author":0,"_yoast_wpseo_primary_theme":0,"primary_term":"Public Sector","featured_focal_points":""},"tags":[883],"research-and-insight-type":[85],"theme":[],"brand":[220],"service":[],"industry":[],"partners":[],"content-group":[],"class_list":["post-882804","research-and-insight","type-research-and-insight","status-publish","has-post-thumbnail","hentry","tag-verwaltungsmodernisierung","research-and-insight-type-point-of-view","brand-capgemini-invent"],"yoast_head":"<!-- This site is optimized with the Yoast SEO Premium plugin v22.8 (Yoast SEO v22.8) - https:\/\/yoast.com\/wordpress\/plugins\/seo\/ -->\n<title>Fokus schaffen, Wirkung entfalten: Die COO-Funktion als Schl\u00fcssel zur Verwaltungsmodernisierung - Capgemini<\/title>\n<meta name=\"robots\" content=\"index, follow, max-snippet:-1, max-image-preview:large, max-video-preview:-1\" \/>\n<link rel=\"canonical\" href=\"https:\/\/www.capgemini.com\/de-de\/insights\/research\/fokus-schaffen-wirkung-entfalten-die-coo-funktion-als-schluessel-zur-verwaltungsmodernisierung\/\" \/>\n<meta property=\"og:locale\" content=\"de_DE\" \/>\n<meta property=\"og:type\" content=\"article\" \/>\n<meta property=\"og:title\" content=\"Fokus schaffen, Wirkung entfalten: Die COO-Funktion als Schl\u00fcssel zur Verwaltungsmodernisierung - Capgemini\" \/>\n<meta property=\"og:description\" content=\"Um dem gesellschaftlichen Leistungsauftrag gerecht werden zu k\u00f6nnen, muss die Handlungsf\u00e4higkeit der \u00f6ffentlichen Verwaltung massiv gesteigert werden: durch eine gesteigerte Effizienz, h\u00f6here Mitarbeitendenzufriedenheit und bessere Lieferqualit\u00e4t in den Leistungen, um Anliegen von B\u00fcrger:innen und Unternehmen bedarfsgerecht zu adressieren.\" \/>\n<meta property=\"og:url\" content=\"https:\/\/www.capgemini.com\/de-de\/insights\/research\/fokus-schaffen-wirkung-entfalten-die-coo-funktion-als-schluessel-zur-verwaltungsmodernisierung\/\" \/>\n<meta property=\"og:site_name\" content=\"Capgemini\" \/>\n<meta property=\"article:modified_time\" content=\"2026-01-22T07:43:05+00:00\" \/>\n<meta property=\"og:image\" content=\"https:\/\/www.capgemini.com\/de-de\/wp-content\/uploads\/sites\/8\/2025\/07\/Titelbild.jpg\" \/>\n\t<meta property=\"og:image:width\" content=\"3097\" \/>\n\t<meta property=\"og:image:height\" content=\"1748\" \/>\n\t<meta property=\"og:image:type\" content=\"image\/jpeg\" \/>\n<meta name=\"twitter:card\" content=\"summary_large_image\" \/>\n<meta name=\"twitter:label1\" content=\"Est. reading time\" \/>\n\t<meta name=\"twitter:data1\" content=\"4 minutes\" \/>\n<script type=\"application\/ld+json\" class=\"yoast-schema-graph\">{\"@context\":\"https:\/\/schema.org\",\"@graph\":[{\"@type\":\"WebPage\",\"@id\":\"https:\/\/www.capgemini.com\/de-de\/insights\/research\/fokus-schaffen-wirkung-entfalten-die-coo-funktion-als-schluessel-zur-verwaltungsmodernisierung\/\",\"url\":\"https:\/\/www.capgemini.com\/de-de\/insights\/research\/fokus-schaffen-wirkung-entfalten-die-coo-funktion-als-schluessel-zur-verwaltungsmodernisierung\/\",\"name\":\"Fokus schaffen, Wirkung entfalten: Die COO-Funktion als Schl\u00fcssel zur Verwaltungsmodernisierung - Capgemini\",\"isPartOf\":{\"@id\":\"https:\/\/www.capgemini.com\/de-de\/#website\"},\"primaryImageOfPage\":{\"@id\":\"https:\/\/www.capgemini.com\/de-de\/insights\/research\/fokus-schaffen-wirkung-entfalten-die-coo-funktion-als-schluessel-zur-verwaltungsmodernisierung\/#primaryimage\"},\"image\":{\"@id\":\"https:\/\/www.capgemini.com\/de-de\/insights\/research\/fokus-schaffen-wirkung-entfalten-die-coo-funktion-als-schluessel-zur-verwaltungsmodernisierung\/#primaryimage\"},\"thumbnailUrl\":\"https:\/\/www.capgemini.com\/de-de\/wp-content\/uploads\/sites\/8\/2025\/07\/Titelbild.jpg\",\"datePublished\":\"2025-07-22T13:09:13+00:00\",\"dateModified\":\"2026-01-22T07:43:05+00:00\",\"breadcrumb\":{\"@id\":\"https:\/\/www.capgemini.com\/de-de\/insights\/research\/fokus-schaffen-wirkung-entfalten-die-coo-funktion-als-schluessel-zur-verwaltungsmodernisierung\/#breadcrumb\"},\"inLanguage\":\"de-DE\",\"potentialAction\":[{\"@type\":\"ReadAction\",\"target\":[\"https:\/\/www.capgemini.com\/de-de\/insights\/research\/fokus-schaffen-wirkung-entfalten-die-coo-funktion-als-schluessel-zur-verwaltungsmodernisierung\/\"]}]},{\"@type\":\"ImageObject\",\"inLanguage\":\"de-DE\",\"@id\":\"https:\/\/www.capgemini.com\/de-de\/insights\/research\/fokus-schaffen-wirkung-entfalten-die-coo-funktion-als-schluessel-zur-verwaltungsmodernisierung\/#primaryimage\",\"url\":\"https:\/\/www.capgemini.com\/de-de\/wp-content\/uploads\/sites\/8\/2025\/07\/Titelbild.jpg\",\"contentUrl\":\"https:\/\/www.capgemini.com\/de-de\/wp-content\/uploads\/sites\/8\/2025\/07\/Titelbild.jpg\",\"width\":3097,\"height\":1748},{\"@type\":\"BreadcrumbList\",\"@id\":\"https:\/\/www.capgemini.com\/de-de\/insights\/research\/fokus-schaffen-wirkung-entfalten-die-coo-funktion-als-schluessel-zur-verwaltungsmodernisierung\/#breadcrumb\",\"itemListElement\":[{\"@type\":\"ListItem\",\"position\":1,\"name\":\"Research &amp; insights\",\"item\":\"https:\/\/www.capgemini.com\/de-de\/research-and-insight\/\"},{\"@type\":\"ListItem\",\"position\":2,\"name\":\"Fokus schaffen, Wirkung entfalten: Die COO-Funktion als Schl\u00fcssel zur Verwaltungsmodernisierung\"}]},{\"@type\":\"WebSite\",\"@id\":\"https:\/\/www.capgemini.com\/de-de\/#website\",\"url\":\"https:\/\/www.capgemini.com\/de-de\/\",\"name\":\"Capgemini Deutschland\",\"description\":\"Make it real\",\"potentialAction\":[{\"@type\":\"SearchAction\",\"target\":{\"@type\":\"EntryPoint\",\"urlTemplate\":\"https:\/\/www.capgemini.com\/de-de\/?s={search_term_string}\"},\"query-input\":\"required name=search_term_string\"}],\"inLanguage\":\"de-DE\"}]}<\/script>\n<!-- \/ Yoast SEO Premium plugin. -->","yoast_head_json":{"title":"Fokus schaffen, Wirkung entfalten: Die COO-Funktion als Schl\u00fcssel zur Verwaltungsmodernisierung - Capgemini","robots":{"index":"index","follow":"follow","max-snippet":"max-snippet:-1","max-image-preview":"max-image-preview:large","max-video-preview":"max-video-preview:-1"},"canonical":"https:\/\/www.capgemini.com\/de-de\/insights\/research\/fokus-schaffen-wirkung-entfalten-die-coo-funktion-als-schluessel-zur-verwaltungsmodernisierung\/","og_locale":"de_DE","og_type":"article","og_title":"Fokus schaffen, Wirkung entfalten: Die COO-Funktion als Schl\u00fcssel zur Verwaltungsmodernisierung - Capgemini","og_description":"Um dem gesellschaftlichen Leistungsauftrag gerecht werden zu k\u00f6nnen, muss die Handlungsf\u00e4higkeit der \u00f6ffentlichen Verwaltung massiv gesteigert werden: durch eine gesteigerte Effizienz, h\u00f6here Mitarbeitendenzufriedenheit und bessere Lieferqualit\u00e4t in den Leistungen, um Anliegen von B\u00fcrger:innen und Unternehmen bedarfsgerecht zu adressieren.","og_url":"https:\/\/www.capgemini.com\/de-de\/insights\/research\/fokus-schaffen-wirkung-entfalten-die-coo-funktion-als-schluessel-zur-verwaltungsmodernisierung\/","og_site_name":"Capgemini","article_modified_time":"2026-01-22T07:43:05+00:00","og_image":[{"width":3097,"height":1748,"url":"https:\/\/www.capgemini.com\/de-de\/wp-content\/uploads\/sites\/8\/2025\/07\/Titelbild.jpg","type":"image\/jpeg"}],"twitter_card":"summary_large_image","twitter_misc":{"Est. reading time":"4 minutes"},"schema":{"@context":"https:\/\/schema.org","@graph":[{"@type":"WebPage","@id":"https:\/\/www.capgemini.com\/de-de\/insights\/research\/fokus-schaffen-wirkung-entfalten-die-coo-funktion-als-schluessel-zur-verwaltungsmodernisierung\/","url":"https:\/\/www.capgemini.com\/de-de\/insights\/research\/fokus-schaffen-wirkung-entfalten-die-coo-funktion-als-schluessel-zur-verwaltungsmodernisierung\/","name":"Fokus schaffen, Wirkung entfalten: Die COO-Funktion als Schl\u00fcssel zur Verwaltungsmodernisierung - Capgemini","isPartOf":{"@id":"https:\/\/www.capgemini.com\/de-de\/#website"},"primaryImageOfPage":{"@id":"https:\/\/www.capgemini.com\/de-de\/insights\/research\/fokus-schaffen-wirkung-entfalten-die-coo-funktion-als-schluessel-zur-verwaltungsmodernisierung\/#primaryimage"},"image":{"@id":"https:\/\/www.capgemini.com\/de-de\/insights\/research\/fokus-schaffen-wirkung-entfalten-die-coo-funktion-als-schluessel-zur-verwaltungsmodernisierung\/#primaryimage"},"thumbnailUrl":"https:\/\/www.capgemini.com\/de-de\/wp-content\/uploads\/sites\/8\/2025\/07\/Titelbild.jpg","datePublished":"2025-07-22T13:09:13+00:00","dateModified":"2026-01-22T07:43:05+00:00","breadcrumb":{"@id":"https:\/\/www.capgemini.com\/de-de\/insights\/research\/fokus-schaffen-wirkung-entfalten-die-coo-funktion-als-schluessel-zur-verwaltungsmodernisierung\/#breadcrumb"},"inLanguage":"de-DE","potentialAction":[{"@type":"ReadAction","target":["https:\/\/www.capgemini.com\/de-de\/insights\/research\/fokus-schaffen-wirkung-entfalten-die-coo-funktion-als-schluessel-zur-verwaltungsmodernisierung\/"]}]},{"@type":"ImageObject","inLanguage":"de-DE","@id":"https:\/\/www.capgemini.com\/de-de\/insights\/research\/fokus-schaffen-wirkung-entfalten-die-coo-funktion-als-schluessel-zur-verwaltungsmodernisierung\/#primaryimage","url":"https:\/\/www.capgemini.com\/de-de\/wp-content\/uploads\/sites\/8\/2025\/07\/Titelbild.jpg","contentUrl":"https:\/\/www.capgemini.com\/de-de\/wp-content\/uploads\/sites\/8\/2025\/07\/Titelbild.jpg","width":3097,"height":1748},{"@type":"BreadcrumbList","@id":"https:\/\/www.capgemini.com\/de-de\/insights\/research\/fokus-schaffen-wirkung-entfalten-die-coo-funktion-als-schluessel-zur-verwaltungsmodernisierung\/#breadcrumb","itemListElement":[{"@type":"ListItem","position":1,"name":"Research &amp; insights","item":"https:\/\/www.capgemini.com\/de-de\/research-and-insight\/"},{"@type":"ListItem","position":2,"name":"Fokus schaffen, Wirkung entfalten: Die COO-Funktion als Schl\u00fcssel zur Verwaltungsmodernisierung"}]},{"@type":"WebSite","@id":"https:\/\/www.capgemini.com\/de-de\/#website","url":"https:\/\/www.capgemini.com\/de-de\/","name":"Capgemini Deutschland","description":"Make it real","potentialAction":[{"@type":"SearchAction","target":{"@type":"EntryPoint","urlTemplate":"https:\/\/www.capgemini.com\/de-de\/?s={search_term_string}"},"query-input":"required name=search_term_string"}],"inLanguage":"de-DE"}]}},"theme_term_info":[],"industry_term_info":[],"services_term_info":[],"partners_term_info":[],"brand_term_info":[{"id":220,"name":"Capgemini Invent","slug":"capgemini-invent"}],"brand_term":[{"id":220,"slug":"capgemini-invent"}],"parsely":{"version":"1.1.0","canonical_url":"https:\/\/capgemini.com\/de-de\/insights\/research\/fokus-schaffen-wirkung-entfalten-die-coo-funktion-als-schluessel-zur-verwaltungsmodernisierung\/","smart_links":{"inbound":0,"outbound":0},"traffic_boost_suggestions_count":0,"meta":{"@context":"https:\/\/schema.org","@type":"NewsArticle","headline":"Fokus schaffen, Wirkung entfalten: Die COO-Funktion als Schl\u00fcssel zur Verwaltungsmodernisierung","url":"http:\/\/www.capgemini.com\/de-de\/insights\/research\/fokus-schaffen-wirkung-entfalten-die-coo-funktion-als-schluessel-zur-verwaltungsmodernisierung\/","mainEntityOfPage":{"@type":"WebPage","@id":"http:\/\/www.capgemini.com\/de-de\/insights\/research\/fokus-schaffen-wirkung-entfalten-die-coo-funktion-als-schluessel-zur-verwaltungsmodernisierung\/"},"thumbnailUrl":"https:\/\/www.capgemini.com\/de-de\/wp-content\/uploads\/sites\/8\/2025\/07\/Titelbild.jpg?w=150&h=150&crop=1","image":{"@type":"ImageObject","url":"https:\/\/www.capgemini.com\/de-de\/wp-content\/uploads\/sites\/8\/2025\/07\/Titelbild.jpg"},"articleSection":"Uncategorized","author":[],"creator":[],"publisher":{"@type":"Organization","name":"Capgemini","logo":""},"keywords":["verwaltungsmodernisierung"],"dateCreated":"2025-07-22T13:09:13Z","datePublished":"2025-07-22T13:09:13Z","dateModified":"2026-01-22T07:43:05Z"},"rendered":"<script type=\"application\/ld+json\" class=\"wp-parsely-metadata\">{\"@context\":\"https:\\\/\\\/schema.org\",\"@type\":\"NewsArticle\",\"headline\":\"Fokus schaffen, Wirkung entfalten: Die COO-Funktion als Schl\\u00fcssel zur Verwaltungsmodernisierung\",\"url\":\"http:\\\/\\\/www.capgemini.com\\\/de-de\\\/insights\\\/research\\\/fokus-schaffen-wirkung-entfalten-die-coo-funktion-als-schluessel-zur-verwaltungsmodernisierung\\\/\",\"mainEntityOfPage\":{\"@type\":\"WebPage\",\"@id\":\"http:\\\/\\\/www.capgemini.com\\\/de-de\\\/insights\\\/research\\\/fokus-schaffen-wirkung-entfalten-die-coo-funktion-als-schluessel-zur-verwaltungsmodernisierung\\\/\"},\"thumbnailUrl\":\"https:\\\/\\\/www.capgemini.com\\\/de-de\\\/wp-content\\\/uploads\\\/sites\\\/8\\\/2025\\\/07\\\/Titelbild.jpg?w=150&h=150&crop=1\",\"image\":{\"@type\":\"ImageObject\",\"url\":\"https:\\\/\\\/www.capgemini.com\\\/de-de\\\/wp-content\\\/uploads\\\/sites\\\/8\\\/2025\\\/07\\\/Titelbild.jpg\"},\"articleSection\":\"Uncategorized\",\"author\":[],\"creator\":[],\"publisher\":{\"@type\":\"Organization\",\"name\":\"Capgemini\",\"logo\":\"\"},\"keywords\":[\"verwaltungsmodernisierung\"],\"dateCreated\":\"2025-07-22T13:09:13Z\",\"datePublished\":\"2025-07-22T13:09:13Z\",\"dateModified\":\"2026-01-22T07:43:05Z\"}<\/script>","tracker_url":"https:\/\/cdn.parsely.com\/keys\/capgemini.com\/p.js"},"archive_status":false,"featured_image_src":"https:\/\/www.capgemini.com\/de-de\/wp-content\/uploads\/sites\/8\/2025\/07\/Titelbild.jpg","featured_image_alt":"","jetpack_sharing_enabled":true,"distributor_meta":false,"distributor_terms":false,"distributor_media":false,"distributor_original_site_name":"Capgemini","distributor_original_site_url":"https:\/\/www.capgemini.com\/de-de","push-errors":false,"tag_names":["Verwaltungsmodernisierung"],"featured_image_url":"https:\/\/www.capgemini.com\/de-de\/wp-content\/uploads\/sites\/8\/2025\/07\/Titelbild.jpg","_links":{"self":[{"href":"https:\/\/www.capgemini.com\/de-de\/wp-json\/wp\/v2\/research-and-insight\/882804","targetHints":{"allow":["GET"]}}],"collection":[{"href":"https:\/\/www.capgemini.com\/de-de\/wp-json\/wp\/v2\/research-and-insight"}],"about":[{"href":"https:\/\/www.capgemini.com\/de-de\/wp-json\/wp\/v2\/types\/research-and-insight"}],"author":[{"embeddable":true,"href":"https:\/\/www.capgemini.com\/de-de\/wp-json\/wp\/v2\/users\/590"}],"version-history":[{"count":19,"href":"https:\/\/www.capgemini.com\/de-de\/wp-json\/wp\/v2\/research-and-insight\/882804\/revisions"}],"predecessor-version":[{"id":883359,"href":"https:\/\/www.capgemini.com\/de-de\/wp-json\/wp\/v2\/research-and-insight\/882804\/revisions\/883359"}],"wp:featuredmedia":[{"embeddable":true,"href":"https:\/\/www.capgemini.com\/de-de\/wp-json\/wp\/v2\/media\/883320"}],"wp:attachment":[{"href":"https:\/\/www.capgemini.com\/de-de\/wp-json\/wp\/v2\/media?parent=882804"}],"wp:term":[{"taxonomy":"post_tag","embeddable":true,"href":"https:\/\/www.capgemini.com\/de-de\/wp-json\/wp\/v2\/tags?post=882804"},{"taxonomy":"research-and-insight-type","embeddable":true,"href":"https:\/\/www.capgemini.com\/de-de\/wp-json\/wp\/v2\/research-and-insight-type?post=882804"},{"taxonomy":"theme","embeddable":true,"href":"https:\/\/www.capgemini.com\/de-de\/wp-json\/wp\/v2\/theme?post=882804"},{"taxonomy":"brand","embeddable":true,"href":"https:\/\/www.capgemini.com\/de-de\/wp-json\/wp\/v2\/brand?post=882804"},{"taxonomy":"service","embeddable":true,"href":"https:\/\/www.capgemini.com\/de-de\/wp-json\/wp\/v2\/service?post=882804"},{"taxonomy":"industry","embeddable":true,"href":"https:\/\/www.capgemini.com\/de-de\/wp-json\/wp\/v2\/industry?post=882804"},{"taxonomy":"partners","embeddable":true,"href":"https:\/\/www.capgemini.com\/de-de\/wp-json\/wp\/v2\/partners?post=882804"},{"taxonomy":"content-group","embeddable":true,"href":"https:\/\/www.capgemini.com\/de-de\/wp-json\/wp\/v2\/content-group?post=882804"}],"curies":[{"name":"wp","href":"https:\/\/api.w.org\/{rel}","templated":true}]}}