{"id":836521,"date":"2023-07-05T08:49:42","date_gmt":"2023-07-05T08:49:42","guid":{"rendered":"https:\/\/www.capgemini.com\/de-de\/?post_type=research-and-insight&#038;p=836521"},"modified":"2025-03-05T04:36:42","modified_gmt":"2025-03-05T04:36:42","slug":"digital-architecture-study","status":"publish","type":"research-and-insight","link":"https:\/\/www.capgemini.com\/de-de\/insights\/research\/digital-architecture-study\/","title":{"rendered":"Digital Architecture Studie"},"content":{"rendered":"\n<header class=\"wp-block-cg-blocks-hero-reusable header heroReusable  \"><div class=\"header-bgs\"><picture><source srcset=\"https:\/\/www.capgemini.com\/de-de\/wp-content\/uploads\/sites\/8\/2023\/06\/Digital-Architecture-Study-2023_Web-page-Banner_2800px-X-1800px-Without-Text.jpg?w=2880&amp;quality=70 1x, https:\/\/www.capgemini.com\/de-de\/wp-content\/uploads\/sites\/8\/2023\/06\/Digital-Architecture-Study-2023_Web-page-Banner_2800px-X-1800px-Without-Text.jpg?w=2880&amp;quality=70 2x\" media=\"(min-width: 1500px)\"\/><source srcset=\"https:\/\/www.capgemini.com\/de-de\/wp-content\/uploads\/sites\/8\/2023\/06\/Digital-Architecture-Study-2023_Web-page-Banner_2800px-X-1800px-Without-Text.jpg?w=1440&amp;quality=70 1x, https:\/\/www.capgemini.com\/de-de\/wp-content\/uploads\/sites\/8\/2023\/06\/Digital-Architecture-Study-2023_Web-page-Banner_2800px-X-1800px-Without-Text.jpg?w=2880&amp;quality=70 2x\" media=\"(min-width: 992px)\"\/><source srcset=\"https:\/\/www.capgemini.com\/de-de\/wp-content\/uploads\/sites\/8\/2023\/06\/Digital-Architecture-Study-2023_Web-page-Banner_2800px-X-1800px-Without-Text.jpg?w=1024&amp;quality=70 1x, https:\/\/www.capgemini.com\/de-de\/wp-content\/uploads\/sites\/8\/2023\/06\/Digital-Architecture-Study-2023_Web-page-Banner_2800px-X-1800px-Without-Text.jpg?w=1024&amp;quality=70 2x\" media=\"(min-width: 768px)\"\/><source srcset=\"https:\/\/www.capgemini.com\/de-de\/wp-content\/uploads\/sites\/8\/2023\/06\/Digital-Architecture-Study-2023_Web-page-Banner_2800px-X-1800px-Without-Text.jpg?w=768&amp;quality=70 1x, https:\/\/www.capgemini.com\/de-de\/wp-content\/uploads\/sites\/8\/2023\/06\/Digital-Architecture-Study-2023_Web-page-Banner_2800px-X-1800px-Without-Text.jpg?w=768&amp;quality=70 2x\" media=\"(min-width: 0)\"\/><img decoding=\"async\" src=\"https:\/\/www.capgemini.com\/de-de\/wp-content\/uploads\/sites\/8\/2023\/06\/Digital-Architecture-Study-2023_Web-page-Banner_2800px-X-1800px-Without-Text.jpg\" class=\"header-img header-img-d\" alt=\"\" style=\"object-fit:cover;object-position:54% 18%\" loading=\"eager\"\/><\/picture><\/div><div class=\"heroPictureCardHeaderShape\"><\/div><div class=\"container\"><div class=\"row\"><div class=\"col-md-12\"><div class=\"box\"><div class=\"boxTagWrapper\"><div class=\"tagInfo\"><div><span class=\"box-tag\">Digital transformation<\/span><\/div><\/div><div class=\"brandInfo\"><div class=\"brandLogo\"><img decoding=\"async\" loading=\"lazy\" src=\"\/wp-content\/themes\/capgemini2020\/assets\/images\/capgemini-invent.svg\" alt=\"capgemini-invent\"\/><\/div><\/div><\/div><div class=\"box-title\"><h1 data-maxlength=\"34\">Warum Digitale Architekten schwer zu finden sind, aber den Unterschied machen k\u00f6nnen<\/h1><\/div><h2 class=\"reasearchInsightTitle\">Digital Architecture Study 2023<\/h2><div class=\"inner-row-insight download-btn\"><div class=\"col-md-4 downloadFiles addPadding\"><a class=\"button-download--small\" type=\"download\" href=\"https:\/\/www.capgemini.com\/de-de\/wp-content\/uploads\/sites\/8\/2023\/07\/Digital-Architecture-Study-2023_Final-1.pdf\" target=\"_blank\" rel=\"noopener noreferrer\" title=\"In neuem Fenster \u00f6ffnen\"><span>Studie herunterladen<\/span><span class=\"type\">10 MB  pdf<\/span><\/a><\/div><\/div><\/div><\/div><\/div><\/div><\/header>\n\n\n\n<section class=\"wp-block-cg-blocks-group undefined section section--article-content\"><div class=\"article-main-content\"><div class=\"container\"><div class=\"row\"><div class=\"col-12 col-md-11 col-lg-10 offset-md-1 offset-lg-1\"><div class=\"article-text article-quote-text\">\n<p class=\"has-medium-font-size\"><strong>Digitale Architekten sind die idealen Lotsen f\u00fcr digitale Transformationen in Organisationen, welche aktuell stetigen Ver\u00e4nderungen ausgesetzt sind. Doch was wird von Digitalen Architekten erwartet? Wie ver\u00e4ndert sich die Unternehmensarchitektur aufgrund der steigenden Komplexit\u00e4t? Wie wird die Unternehmensarchitektur durch den Fachkr\u00e4ftemangel in der IT-Branche beeinflusst?<\/strong><\/p>\n\n\n\n<p><\/p>\n\n\n\n<p>Wenn wir heute digitale Transformationen beobachten, stellen wir oftmals umfassende Ver\u00e4nderungen in Organisationen fest. Dadurch ist die Erwartungshaltung an beteiligte Rollen immer h\u00f6her geworden, aus denen der Digitale Architekt besonders hervorsticht. Wir sehen hier konkret, dass Architekten immer st\u00e4rker als strategische Verbindung zwischen Fachbereichen und IT agieren. Dadurch m\u00fcssen sie ihre F\u00e4higkeiten st\u00e4ndig anpassen, um die an sie gestellten Anforderungen zu erf\u00fcllen. Der aktuell beobachtbare Fachkr\u00e4ftemangel in Berufen in der IT macht auch vor Digitalen Architekten keinen halt. Dies hat erkennbare Auswirkungen auf die Transformationsf\u00e4higkeit von Organisationen.<\/p>\n\n\n\n<p>Unsere globale Capgemini Invent \u201eDigital Architecture Study 2023\u201c analysiert die Bedeutung und Funktion vom Unternehmensarchitekturmanagement und die Ver\u00e4nderung der Rolle von Digitalen Architekten. Unsere Studie spiegelt Erfahrungen von F\u00fchrungskr\u00e4ften und Experten verschiedener Branchen wider und kommt dabei zu folgenden, zentralen Ergebnissen:<\/p>\n\n\n\n<ul class=\"wp-block-list\">\n<li>Digitale Architekten spielen eine wesentliche Rolle bei der Vermittlung von Ver\u00e4nderung zwischen Fachbereich und IT<\/li>\n<\/ul>\n\n\n\n<ul class=\"wp-block-list\">\n<li>Digitale Architekten m\u00fcssen anpassungsf\u00e4hig sein, um strategische und operative Anforderungen in IT-Systeme zu \u00fcbersetzen<\/li>\n<\/ul>\n\n\n\n<ul class=\"wp-block-list\">\n<li>Der Fachkr\u00e4ftemangel betrifft auch Digitale Architekten und hat damit negative Auswirkungen auf Transformationsvorhaben in Organisationen<\/li>\n<\/ul>\n\n\n\n<ul class=\"wp-block-list\">\n<li>Unternehmensarchitekturfunktionen zeigen weiterhin eine Tendenz zu einer zentralisierten Ausrichtung und verpassen so die M\u00f6glichkeit, das Gesch\u00e4ft auf flexiblere Weise besser zu unterst\u00fctzen<\/li>\n<\/ul>\n\n\n\n<p>Unsere Studie zeigt, dass f\u00fcr eine erfolgreiche digitale Transformation die enge Zusammenarbeit von Fachbereich und IT unumg\u00e4nglich ist und Digitale Architekten sich hier perfekt positionieren k\u00f6nnen, um einen Impact zu erzeugen. <\/p>\n\n\n\n<p>Mehr Insights gefragt? Laden Sie unsere Studie herunter und nutzen Sie diese, um sich und Ihr Unternehmen im Vergleich zu sehen.<\/p>\n<\/div><\/div><\/div><\/div><\/div><\/section>\n\n\n\n<section class=\"wp-block-cg-blocks-wrapper-people-slider section section--expert-slider wrapper-people-slider undefined\"><div class=\"container\"><div class=\"content-title\"><h3 data-maxlength=\"34\">Treffen Sie unsere Experten<\/h3><\/div><\/div><div class=\"slider slider-boxed\"><div class=\"container\"><div class=\"slider-window\"><div class=\"slider-list\">\n\t\t<div class=\"slide\">\n\t\t\t<div class=\"box\">\n\t\t\t\t<div class=\"row\">\n\t\t\t\t\t<div class=\"col-md-6 col-lg-4 box-img-wrapper\">\n\t\t\t\t\t\t<img decoding=\"async\" loading=\"lazy\" src=\"https:\/\/www.capgemini.com\/de-de\/wp-content\/uploads\/sites\/8\/2022\/04\/nora-preisker-1.png\" alt=\"Nora Preisker\"\/>\n\t\t\t\t\t<\/div>\n\t\t\t\t\t<div class=\"col-md-6 col-lg-8 box-inner\">\n\t\t\t\t\t\t<div class=\"row title-social-media-header\">\n\t\t\t\t\t\t\t<div class=\"col-md-12 col-lg-6 mbl-social-icon\">\n\t\t\t\t\t\t\t\t<ul class=\"social-nav\">\n\t\t\t\t\t\t\t\t\t\t\t\t\t\t\t\t\t\t\t\t\t\t\t\t\t\t\t\t\t\t\t\t\t\t\t\t\t\t\t\t\t\t\t\t\t\t\t\t\t\t\t\t\t\t\t<li><a aria-label=\"Linkedin\" target=\"_blank\" title=\"In neuem Fenster \u00f6ffnen\" href=\"http:\/\/www.linkedin.com\/in\/nora-preisker\"><i aria-hidden=\"true\" class=\"icon-li\"><\/i><\/a><\/li>\n\t\t\t\t\t\t\t\t\t\t\t\t\t\t\t\t\t<\/ul>\n\t\t\t\t\t\t\t<\/div>\n\t\t\t\t\t\t\t<div class=\"col-md-12 col-lg-6 box-container\">\n\t\t\t\t\t\t\t\t<div class=\"box-title\">\n\t\t\t\t\t\t\t\t\t<h3 class=\"people-profile-title\">Nora Preisker<\/h3>\n\t\t\t\t\t\t\t\t<\/div>\n\t\t\t\t\t\t\t\t\t\t\t\t\t\t\t\t\t<span>Executive Vice President | Head of Enterprise Transformation, Capgemini Invent Germany<\/span>\n\t\t\t\t\t\t\t\t\t\t\t\t\t\t\t<\/div>\n\t\t\t\t\t\t\t<div class=\"col-md-12 col-lg-6 social-box-container dkt-social-icon\">\n\t\t\t\t\t\t\t\t<ul class=\"social-nav\">\n\t\t\t\t\t\t\t\t\t\t\t\t\t\t\t\t\t\t\t\t\t\t\t\t\t\t\t\t\t\t\t\t\t\t\t\t\t\t\t\t\t\t\t\t\t\t\t\t\t\t\t\t\t\t\t<li><a aria-label=\"Linkedin\" target=\"_blank\" title=\"In neuem Fenster \u00f6ffnen\" href=\"http:\/\/www.linkedin.com\/in\/nora-preisker\"><i aria-hidden=\"true\" class=\"icon-li\"><\/i><\/a><\/li>\n\t\t\t\t\t\t\t\t\t\t\t\t\t\t\t\t\t<\/ul>\n\t\t\t\t\t\t\t<\/div>\n\t\t\t\t\t\t<\/div>\n\t\t\t\t\t\t\t\t\t\t\t\t\t<div class=\"people-info\">Ich helfe meinen Kunden bei der Bew\u00e4ltigung der Herausforderungen der Digitalisierung, indem ich zusammen mit meinen Kunden Strategien und konkrete Ma\u00dfnahmen definiere, um neue Technologie zu einem Erfolgsfaktor f\u00fcr das Unternehmen zu machen. Mein Spezialgebiet ist Digital Architecture Management als zentraler Enabler f\u00fcr digitale Transformationen.<\/div>\n\t\t\t\t\t\t\t\t\t\t\t<\/div>\n\t\t\t\t<\/div>\n\t\t\t<\/div>\n\t\t\t\t\t<\/div>\n\t\t\n\t\t<div class=\"slide\">\n\t\t\t<div class=\"box\">\n\t\t\t\t<div class=\"row\">\n\t\t\t\t\t<div class=\"col-md-6 col-lg-4 box-img-wrapper\">\n\t\t\t\t\t\t<img decoding=\"async\" loading=\"lazy\" src=\"https:\/\/www.capgemini.com\/de-de\/wp-content\/uploads\/sites\/8\/2022\/04\/1EP_Zeeb-Capgemini-015.jpg\" alt=\"Sebastian Zeeb\"\/>\n\t\t\t\t\t<\/div>\n\t\t\t\t\t<div class=\"col-md-6 col-lg-8 box-inner\">\n\t\t\t\t\t\t<div class=\"row title-social-media-header\">\n\t\t\t\t\t\t\t<div class=\"col-md-12 col-lg-6 mbl-social-icon\">\n\t\t\t\t\t\t\t\t<ul class=\"social-nav\">\n\t\t\t\t\t\t\t\t\t\t\t\t\t\t\t\t\t\t\t\t\t\t\t\t\t\t\t\t\t\t\t\t\t\t\t\t\t\t\t\t\t\t\t\t\t\t\t\t\t\t\t\t\t\t\t<li><a aria-label=\"Linkedin\" target=\"_blank\" title=\"In neuem Fenster \u00f6ffnen\" href=\"https:\/\/www.linkedin.com\/in\/sebastian-zeeb-0150021\/\"><i aria-hidden=\"true\" class=\"icon-li\"><\/i><\/a><\/li>\n\t\t\t\t\t\t\t\t\t\t\t\t\t\t\t\t\t<\/ul>\n\t\t\t\t\t\t\t<\/div>\n\t\t\t\t\t\t\t<div class=\"col-md-12 col-lg-6 box-container\">\n\t\t\t\t\t\t\t\t<div class=\"box-title\">\n\t\t\t\t\t\t\t\t\t<h3 class=\"people-profile-title\">Sebastian Zeeb<\/h3>\n\t\t\t\t\t\t\t\t<\/div>\n\t\t\t\t\t\t\t\t\t\t\t\t\t\t\t\t\t<span>Vice President | Business Technology Automotive | Head of Digital Architecture, Capgemini Invent Germany<\/span>\n\t\t\t\t\t\t\t\t\t\t\t\t\t\t\t<\/div>\n\t\t\t\t\t\t\t<div class=\"col-md-12 col-lg-6 social-box-container dkt-social-icon\">\n\t\t\t\t\t\t\t\t<ul class=\"social-nav\">\n\t\t\t\t\t\t\t\t\t\t\t\t\t\t\t\t\t\t\t\t\t\t\t\t\t\t\t\t\t\t\t\t\t\t\t\t\t\t\t\t\t\t\t\t\t\t\t\t\t\t\t\t\t\t\t<li><a aria-label=\"Linkedin\" target=\"_blank\" title=\"In neuem Fenster \u00f6ffnen\" href=\"https:\/\/www.linkedin.com\/in\/sebastian-zeeb-0150021\/\"><i aria-hidden=\"true\" class=\"icon-li\"><\/i><\/a><\/li>\n\t\t\t\t\t\t\t\t\t\t\t\t\t\t\t\t\t<\/ul>\n\t\t\t\t\t\t\t<\/div>\n\t\t\t\t\t\t<\/div>\n\t\t\t\t\t\t\t\t\t\t\t\t\t<div class=\"people-info\">Bei Capgemini Invent bin ich f\u00fcr den Themenbereich Business Technology mit Fokus Automotive verantwortlich und leite den Bereich Digital Architecture. Seit vielen Jahren agiere ich an der Schnittstelle zwischen Business und IT und berate Kunden in den Themenfeldern Enterprise Architecture, IT Target Operating Model, IT Strategy und Technology Innovation.<\/div>\n\t\t\t\t\t\t\t\t\t\t\t<\/div>\n\t\t\t\t<\/div>\n\t\t\t<\/div>\n\t\t\t\t\t<\/div>\n\t\t\n\t\t<div class=\"slide\">\n\t\t\t<div class=\"box\">\n\t\t\t\t<div class=\"row\">\n\t\t\t\t\t<div class=\"col-md-6 col-lg-4 box-img-wrapper\">\n\t\t\t\t\t\t<img decoding=\"async\" loading=\"lazy\" src=\"https:\/\/www.capgemini.com\/de-de\/wp-content\/uploads\/sites\/8\/2023\/02\/Reimann_Guenther_Capgemini_Muenchen-3-2_Casual_cut.jpg\" alt=\"G\u00fcnther Reimann\"\/>\n\t\t\t\t\t<\/div>\n\t\t\t\t\t<div class=\"col-md-6 col-lg-8 box-inner\">\n\t\t\t\t\t\t<div class=\"row title-social-media-header\">\n\t\t\t\t\t\t\t<div class=\"col-md-12 col-lg-6 mbl-social-icon\">\n\t\t\t\t\t\t\t\t<ul class=\"social-nav\">\n\t\t\t\t\t\t\t\t\t\t\t\t\t\t\t\t\t\t\t\t\t\t\t\t\t\t\t\t\t\t\t\t\t\t\t\t\t\t\t\t\t\t\t\t\t\t\t\t\t\t\t\t\t\t\t<li><a aria-label=\"Linkedin\" target=\"_blank\" title=\"In neuem Fenster \u00f6ffnen\" href=\"https:\/\/www.linkedin.com\/in\/gwreimann\/\"><i aria-hidden=\"true\" class=\"icon-li\"><\/i><\/a><\/li>\n\t\t\t\t\t\t\t\t\t\t\t\t\t\t\t\t\t<\/ul>\n\t\t\t\t\t\t\t<\/div>\n\t\t\t\t\t\t\t<div class=\"col-md-12 col-lg-6 box-container\">\n\t\t\t\t\t\t\t\t<div class=\"box-title\">\n\t\t\t\t\t\t\t\t\t<h3 class=\"people-profile-title\">G\u00fcnther Reimann<\/h3>\n\t\t\t\t\t\t\t\t<\/div>\n\t\t\t\t\t\t\t\t\t\t\t\t\t\t\t\t\t<span>Vice President I Global Head of Inventive &amp; Sustainable IT, Capgemini Invent<\/span>\n\t\t\t\t\t\t\t\t\t\t\t\t\t\t\t<\/div>\n\t\t\t\t\t\t\t<div class=\"col-md-12 col-lg-6 social-box-container dkt-social-icon\">\n\t\t\t\t\t\t\t\t<ul class=\"social-nav\">\n\t\t\t\t\t\t\t\t\t\t\t\t\t\t\t\t\t\t\t\t\t\t\t\t\t\t\t\t\t\t\t\t\t\t\t\t\t\t\t\t\t\t\t\t\t\t\t\t\t\t\t\t\t\t\t<li><a aria-label=\"Linkedin\" target=\"_blank\" title=\"In neuem Fenster \u00f6ffnen\" href=\"https:\/\/www.linkedin.com\/in\/gwreimann\/\"><i aria-hidden=\"true\" class=\"icon-li\"><\/i><\/a><\/li>\n\t\t\t\t\t\t\t\t\t\t\t\t\t\t\t\t\t<\/ul>\n\t\t\t\t\t\t\t<\/div>\n\t\t\t\t\t\t<\/div>\n\t\t\t\t\t\t\t\t\t\t\t\t\t<div class=\"people-info\">Seit \u00fcber 15 Jahren in der Beratung leitete ich zahlreiche branchen- und l\u00e4nder\u00fcbergreifende Projekte. Ich bin ein erfahrener und praktischer Stratege f\u00fcr Business Technology, Innovation und Transformation und verstehe es, die Transformation der Kunden voranzutreiben. Als Vice President und Head of Inventive IT verantworte ich das Business Technology Portfolio, das Inventive IT Angebot in Deutschland und unterst\u00fctze unsere Kunden beim Unternehmenswachstum.<\/div>\n\t\t\t\t\t\t\t\t\t\t\t<\/div>\n\t\t\t\t<\/div>\n\t\t\t<\/div>\n\t\t\t\t\t<\/div>\n\t\t\n\t\t<div class=\"slide\">\n\t\t\t<div class=\"box\">\n\t\t\t\t<div class=\"row\">\n\t\t\t\t\t<div class=\"col-md-6 col-lg-4 box-img-wrapper\">\n\t\t\t\t\t\t<img decoding=\"async\" loading=\"lazy\" src=\"https:\/\/www.capgemini.com\/de-de\/wp-content\/uploads\/sites\/8\/2023\/07\/50504095_Peters-Philip_01-s-1.jpg\" alt=\"Philip Peters\"\/>\n\t\t\t\t\t<\/div>\n\t\t\t\t\t<div class=\"col-md-6 col-lg-8 box-inner\">\n\t\t\t\t\t\t<div class=\"row title-social-media-header\">\n\t\t\t\t\t\t\t<div class=\"col-md-12 col-lg-6 mbl-social-icon\">\n\t\t\t\t\t\t\t\t<ul class=\"social-nav\">\n\t\t\t\t\t\t\t\t\t\t\t\t\t\t\t\t\t\t\t\t\t\t\t\t\t\t\t\t\t\t\t\t\t\t\t\t\t\t\t\t\t\t\t\t\t\t\t\t\t\t\t\t\t\t\t<li><a aria-label=\"Linkedin\" target=\"_blank\" title=\"In neuem Fenster \u00f6ffnen\" href=\"https:\/\/www.linkedin.com\/in\/philip-peters-7b975a1b4\/\"><i aria-hidden=\"true\" class=\"icon-li\"><\/i><\/a><\/li>\n\t\t\t\t\t\t\t\t\t\t\t\t\t\t\t\t\t<\/ul>\n\t\t\t\t\t\t\t<\/div>\n\t\t\t\t\t\t\t<div class=\"col-md-12 col-lg-6 box-container\">\n\t\t\t\t\t\t\t\t<div class=\"box-title\">\n\t\t\t\t\t\t\t\t\t<h3 class=\"people-profile-title\">Philip Peters<\/h3>\n\t\t\t\t\t\t\t\t<\/div>\n\t\t\t\t\t\t\t\t\t\t\t\t\t\t\t\t\t<span>Director | Digital Architecture, Capgemini Invent Germany<\/span>\n\t\t\t\t\t\t\t\t\t\t\t\t\t\t\t<\/div>\n\t\t\t\t\t\t\t<div class=\"col-md-12 col-lg-6 social-box-container dkt-social-icon\">\n\t\t\t\t\t\t\t\t<ul class=\"social-nav\">\n\t\t\t\t\t\t\t\t\t\t\t\t\t\t\t\t\t\t\t\t\t\t\t\t\t\t\t\t\t\t\t\t\t\t\t\t\t\t\t\t\t\t\t\t\t\t\t\t\t\t\t\t\t\t\t<li><a aria-label=\"Linkedin\" target=\"_blank\" title=\"In neuem Fenster \u00f6ffnen\" href=\"https:\/\/www.linkedin.com\/in\/philip-peters-7b975a1b4\/\"><i aria-hidden=\"true\" class=\"icon-li\"><\/i><\/a><\/li>\n\t\t\t\t\t\t\t\t\t\t\t\t\t\t\t\t\t<\/ul>\n\t\t\t\t\t\t\t<\/div>\n\t\t\t\t\t\t<\/div>\n\t\t\t\t\t\t\t\t\t\t\t\t\t<div class=\"people-info\">Philip ist Senior Experte f\u00fcr Enterprise Architecture und ber\u00e4t Kunden branchen\u00fcbergreifend. Sein Schwerpunkt ist die Steuerung von Digitalen Transformationen mit besonderen Schwerpunkt auf EA Governance, Aufbau der Architekturfunktion und Entwicklung von Zielarchitekturen.<\/div>\n\t\t\t\t\t\t\t\t\t\t\t<\/div>\n\t\t\t\t<\/div>\n\t\t\t<\/div>\n\t\t\t\t\t<\/div>\n\t\t\n\t\t<div class=\"slide\">\n\t\t\t<div class=\"box\">\n\t\t\t\t<div class=\"row\">\n\t\t\t\t\t<div class=\"col-md-6 col-lg-4 box-img-wrapper\">\n\t\t\t\t\t\t<img decoding=\"async\" loading=\"lazy\" src=\"https:\/\/www.capgemini.com\/de-de\/wp-content\/uploads\/sites\/8\/2023\/06\/PatrickKoester-1.png\" alt=\"Patrick K\u00f6ster\"\/>\n\t\t\t\t\t<\/div>\n\t\t\t\t\t<div class=\"col-md-6 col-lg-8 box-inner\">\n\t\t\t\t\t\t<div class=\"row title-social-media-header\">\n\t\t\t\t\t\t\t<div class=\"col-md-12 col-lg-6 mbl-social-icon\">\n\t\t\t\t\t\t\t\t<ul class=\"social-nav\">\n\t\t\t\t\t\t\t\t\t\t\t\t\t\t\t\t\t\t\t\t\t\t\t\t\t\t\t\t\t\t\t\t\t\t\t\t\t\t\t\t\t\t\t\t\t\t\t\t\t\t\t\t\t\t\t<li><a aria-label=\"Linkedin\" target=\"_blank\" title=\"In neuem Fenster \u00f6ffnen\" href=\"https:\/\/www.linkedin.com\/in\/patrickkoester\/\"><i aria-hidden=\"true\" class=\"icon-li\"><\/i><\/a><\/li>\n\t\t\t\t\t\t\t\t\t\t\t\t\t\t\t\t\t<\/ul>\n\t\t\t\t\t\t\t<\/div>\n\t\t\t\t\t\t\t<div class=\"col-md-12 col-lg-6 box-container\">\n\t\t\t\t\t\t\t\t<div class=\"box-title\">\n\t\t\t\t\t\t\t\t\t<h3 class=\"people-profile-title\">Patrick K\u00f6ster<\/h3>\n\t\t\t\t\t\t\t\t<\/div>\n\t\t\t\t\t\t\t\t\t\t\t\t\t\t\t\t\t<span>Senior Manager | Digital Architecture, Capgemini Invent Germany<\/span>\n\t\t\t\t\t\t\t\t\t\t\t\t\t\t\t<\/div>\n\t\t\t\t\t\t\t<div class=\"col-md-12 col-lg-6 social-box-container dkt-social-icon\">\n\t\t\t\t\t\t\t\t<ul class=\"social-nav\">\n\t\t\t\t\t\t\t\t\t\t\t\t\t\t\t\t\t\t\t\t\t\t\t\t\t\t\t\t\t\t\t\t\t\t\t\t\t\t\t\t\t\t\t\t\t\t\t\t\t\t\t\t\t\t\t<li><a aria-label=\"Linkedin\" target=\"_blank\" title=\"In neuem Fenster \u00f6ffnen\" href=\"https:\/\/www.linkedin.com\/in\/patrickkoester\/\"><i aria-hidden=\"true\" class=\"icon-li\"><\/i><\/a><\/li>\n\t\t\t\t\t\t\t\t\t\t\t\t\t\t\t\t\t<\/ul>\n\t\t\t\t\t\t\t<\/div>\n\t\t\t\t\t\t<\/div>\n\t\t\t\t\t\t\t\t\t\t\t\t\t<div class=\"people-info\">Als Experte f\u00fcr Enterprise Architecture und Digitalisierung ber\u00e4t Patrick weltweit f\u00fchrende Unternehmen mit einem Fokus auf die Retail sowie Konsumg\u00fcterindustrie. Er ist spezialisiert auf die Analyse, Gestaltung und Transformation von Enterprise Architekturen, sowie dem grundlegendem Aufbau der Architekturfunktion.<\/div>\n\t\t\t\t\t\t\t\t\t\t\t<\/div>\n\t\t\t\t<\/div>\n\t\t\t<\/div>\n\t\t\t\t\t<\/div>\n\t\t\n\t\t<div class=\"slide\">\n\t\t\t<div class=\"box\">\n\t\t\t\t<div class=\"row\">\n\t\t\t\t\t<div class=\"col-md-6 col-lg-4 box-img-wrapper\">\n\t\t\t\t\t\t<img decoding=\"async\" loading=\"lazy\" src=\"https:\/\/www.capgemini.com\/de-de\/wp-content\/uploads\/sites\/8\/2023\/06\/HubertusHegering.jpg\" alt=\"Hubertus Hegering\"\/>\n\t\t\t\t\t<\/div>\n\t\t\t\t\t<div class=\"col-md-6 col-lg-8 box-inner\">\n\t\t\t\t\t\t<div class=\"row title-social-media-header\">\n\t\t\t\t\t\t\t<div class=\"col-md-12 col-lg-6 mbl-social-icon\">\n\t\t\t\t\t\t\t\t<ul class=\"social-nav\">\n\t\t\t\t\t\t\t\t\t\t\t\t\t\t\t\t\t\t\t\t\t\t\t\t\t\t\t\t\t\t\t\t\t\t\t\t\t\t\t\t\t\t\t\t\t\t\t\t\t\t\t\t\t<\/ul>\n\t\t\t\t\t\t\t<\/div>\n\t\t\t\t\t\t\t<div class=\"col-md-12 col-lg-6 box-container\">\n\t\t\t\t\t\t\t\t<div class=\"box-title\">\n\t\t\t\t\t\t\t\t\t<h3 class=\"people-profile-title\">Hubertus Hegering<\/h3>\n\t\t\t\t\t\t\t\t<\/div>\n\t\t\t\t\t\t\t\t\t\t\t\t\t\t\t\t\t<span>Senior Manager | Digital Architecture, Capgemini Invent Germany<\/span>\n\t\t\t\t\t\t\t\t\t\t\t\t\t\t\t<\/div>\n\t\t\t\t\t\t\t<div class=\"col-md-12 col-lg-6 social-box-container dkt-social-icon\">\n\t\t\t\t\t\t\t\t<ul class=\"social-nav\">\n\t\t\t\t\t\t\t\t\t\t\t\t\t\t\t\t\t\t\t\t\t\t\t\t\t\t\t\t\t\t\t\t\t\t\t\t\t\t\t\t\t\t\t\t\t\t\t\t\t\t\t\t\t<\/ul>\n\t\t\t\t\t\t\t<\/div>\n\t\t\t\t\t\t<\/div>\n\t\t\t\t\t\t\t\t\t\t\t\t\t<div class=\"people-info\">Als Experte f\u00fcr Programmsteuerung und Enterprise Architecture ber\u00e4t Hubertus weltweit f\u00fchrende Unternehmen mit Fokus auf die Retail und Konsumg\u00fcterindustrie. Sein Schwerpunkt ist die Steuerung von Digitalen Transformationen sowie die Konzeption und der Aufbau von Data Governance Gremien und Prozessen in Unternehmen.<\/div>\n\t\t\t\t\t\t\t\t\t\t\t<\/div>\n\t\t\t\t<\/div>\n\t\t\t<\/div>\n\t\t\t\t\t<\/div>\n\t\t\n<\/div><\/div><\/div><div class=\"slider-nav\"><button class=\"slider-prev inactive\" aria-label=\"Slider zur\u00fcck\" tabindex=\"-1\"><\/button><ul class=\"slider-paginator\"><\/ul><button class=\"slider-next\" aria-label=\"Slider n\u00e4chster\"><\/button><\/div><\/div><\/section>\n","protected":false},"excerpt":{"rendered":"","protected":false},"author":557,"featured_media":836701,"template":"","meta":{"cg_dt_proposed_to":[],"cg_seo_hreflang_relations":"[]","cg_seo_canonical_relation":"{\"uuid\":\"172bb2c0-af27-47cc-866f-b1389bc9d9b3\",\"blogId\":\"\",\"domain\":\"\",\"sitePath\":\"\",\"postLink\":\"\",\"postId\":null,\"isSaved\":true,\"isCrossLink\":false,\"hasCrossLink\":false}","cg_seo_hreflang_x_default_relation":"{\"uuid\":\"a4388685-f409-4707-93b0-134b56dc938a\",\"blogId\":\"\",\"domain\":\"\",\"sitePath\":\"\",\"postLink\":\"\",\"postId\":null,\"isSaved\":true,\"isCrossLink\":false,\"hasCrossLink\":false}","cg_dt_approved_content":true,"cg_dt_mandatory_content":false,"cg_dt_notes":"","cg_dg_source_changed":false,"cg_dt_link_disabled":false,"footnotes":"","related_resource_url":"","related_resource_id":0,"related_resource_size":"","related_resource_type":"","cg_author":0,"_yoast_wpseo_primary_theme":256,"primary_term":"Digital transformation","featured_focal_points":"{\"x\":0.31,\"y\":0.34}"},"tags":[13],"research-and-insight-type":[340],"theme":[256],"brand":[220],"service":[38],"industry":[],"partners":[],"content-group":[],"class_list":["post-836521","research-and-insight","type-research-and-insight","status-publish","has-post-thumbnail","hentry","tag-digital-transformation","research-and-insight-type-study","theme-digital-transformation","brand-capgemini-invent","service-enterprise-management"],"yoast_head":"<!-- This site is optimized with the Yoast SEO Premium plugin v22.8 (Yoast SEO v22.8) - https:\/\/yoast.com\/wordpress\/plugins\/seo\/ -->\n<title>Digital Architecture Study 2023 - Capgemini<\/title>\n<meta name=\"description\" content=\"Warum Digitale Architekten schwer zu finden sind, aber den Unterschied machen k\u00f6nnen. Erfahren Sie mehr in unserer neuesten Studie.\" \/>\n<meta name=\"robots\" content=\"index, follow, max-snippet:-1, max-image-preview:large, max-video-preview:-1\" \/>\n<link rel=\"canonical\" href=\"https:\/\/www.capgemini.com\/de-de\/insights\/research\/digital-architecture-study\/\" \/>\n<meta property=\"og:locale\" content=\"de_DE\" \/>\n<meta property=\"og:type\" content=\"article\" \/>\n<meta property=\"og:title\" content=\"Digital Architecture Study 2023 - Capgemini\" \/>\n<meta property=\"og:description\" content=\"Warum Digitale Architekten schwer zu finden sind, aber den Unterschied machen k\u00f6nnen. Erfahren Sie mehr in unserer neuesten Studie.\" \/>\n<meta property=\"og:url\" content=\"https:\/\/www.capgemini.com\/de-de\/insights\/research\/digital-architecture-study\/\" \/>\n<meta property=\"og:site_name\" content=\"Capgemini\" \/>\n<meta property=\"article:modified_time\" content=\"2025-03-05T04:36:42+00:00\" \/>\n<meta property=\"og:image\" content=\"https:\/\/www.capgemini.com\/de-de\/wp-content\/uploads\/sites\/8\/2025\/10\/New-Web-preview-global.jpg\" \/>\n\t<meta property=\"og:image:width\" content=\"1200\" \/>\n\t<meta property=\"og:image:height\" content=\"627\" \/>\n\t<meta property=\"og:image:type\" content=\"image\/jpeg\" \/>\n<meta name=\"twitter:card\" content=\"summary_large_image\" \/>\n<meta name=\"twitter:label1\" content=\"Est. reading time\" \/>\n\t<meta name=\"twitter:data1\" content=\"3 minutes\" \/>\n<script type=\"application\/ld+json\" class=\"yoast-schema-graph\">{\"@context\":\"https:\/\/schema.org\",\"@graph\":[{\"@type\":\"WebPage\",\"@id\":\"https:\/\/www.capgemini.com\/de-de\/insights\/research\/digital-architecture-study\/\",\"url\":\"https:\/\/www.capgemini.com\/de-de\/insights\/research\/digital-architecture-study\/\",\"name\":\"Digital Architecture Study 2023 - Capgemini\",\"isPartOf\":{\"@id\":\"https:\/\/www.capgemini.com\/de-de\/#website\"},\"primaryImageOfPage\":{\"@id\":\"https:\/\/www.capgemini.com\/de-de\/insights\/research\/digital-architecture-study\/#primaryimage\"},\"image\":{\"@id\":\"https:\/\/www.capgemini.com\/de-de\/insights\/research\/digital-architecture-study\/#primaryimage\"},\"thumbnailUrl\":\"https:\/\/www.capgemini.com\/de-de\/wp-content\/uploads\/sites\/8\/2023\/06\/Digital-Architecture-Study-2023_Web-page-Banner_2800px-X-1800px-Without-Text.jpg\",\"datePublished\":\"2023-07-05T08:49:42+00:00\",\"dateModified\":\"2025-03-05T04:36:42+00:00\",\"description\":\"Warum Digitale Architekten schwer zu finden sind, aber den Unterschied machen k\u00f6nnen. Erfahren Sie mehr in unserer neuesten Studie.\",\"breadcrumb\":{\"@id\":\"https:\/\/www.capgemini.com\/de-de\/insights\/research\/digital-architecture-study\/#breadcrumb\"},\"inLanguage\":\"de-DE\",\"potentialAction\":[{\"@type\":\"ReadAction\",\"target\":[\"https:\/\/www.capgemini.com\/de-de\/insights\/research\/digital-architecture-study\/\"]}]},{\"@type\":\"ImageObject\",\"inLanguage\":\"de-DE\",\"@id\":\"https:\/\/www.capgemini.com\/de-de\/insights\/research\/digital-architecture-study\/#primaryimage\",\"url\":\"https:\/\/www.capgemini.com\/de-de\/wp-content\/uploads\/sites\/8\/2023\/06\/Digital-Architecture-Study-2023_Web-page-Banner_2800px-X-1800px-Without-Text.jpg\",\"contentUrl\":\"https:\/\/www.capgemini.com\/de-de\/wp-content\/uploads\/sites\/8\/2023\/06\/Digital-Architecture-Study-2023_Web-page-Banner_2800px-X-1800px-Without-Text.jpg\",\"width\":2800,\"height\":1800},{\"@type\":\"BreadcrumbList\",\"@id\":\"https:\/\/www.capgemini.com\/de-de\/insights\/research\/digital-architecture-study\/#breadcrumb\",\"itemListElement\":[{\"@type\":\"ListItem\",\"position\":1,\"name\":\"Research &amp; insights\",\"item\":\"https:\/\/www.capgemini.com\/de-de\/research-and-insight\/\"},{\"@type\":\"ListItem\",\"position\":2,\"name\":\"Digital Architecture Studie\"}]},{\"@type\":\"WebSite\",\"@id\":\"https:\/\/www.capgemini.com\/de-de\/#website\",\"url\":\"https:\/\/www.capgemini.com\/de-de\/\",\"name\":\"Capgemini Deutschland\",\"description\":\"Make it real\",\"potentialAction\":[{\"@type\":\"SearchAction\",\"target\":{\"@type\":\"EntryPoint\",\"urlTemplate\":\"https:\/\/www.capgemini.com\/de-de\/?s={search_term_string}\"},\"query-input\":\"required name=search_term_string\"}],\"inLanguage\":\"de-DE\"}]}<\/script>\n<!-- \/ Yoast SEO Premium plugin. -->","yoast_head_json":{"title":"Digital Architecture Study 2023 - Capgemini","description":"Warum Digitale Architekten schwer zu finden sind, aber den Unterschied machen k\u00f6nnen. Erfahren Sie mehr in unserer neuesten Studie.","robots":{"index":"index","follow":"follow","max-snippet":"max-snippet:-1","max-image-preview":"max-image-preview:large","max-video-preview":"max-video-preview:-1"},"canonical":"https:\/\/www.capgemini.com\/de-de\/insights\/research\/digital-architecture-study\/","og_locale":"de_DE","og_type":"article","og_title":"Digital Architecture Study 2023 - Capgemini","og_description":"Warum Digitale Architekten schwer zu finden sind, aber den Unterschied machen k\u00f6nnen. Erfahren Sie mehr in unserer neuesten Studie.","og_url":"https:\/\/www.capgemini.com\/de-de\/insights\/research\/digital-architecture-study\/","og_site_name":"Capgemini","article_modified_time":"2025-03-05T04:36:42+00:00","og_image":[{"width":1200,"height":627,"url":"https:\/\/www.capgemini.com\/de-de\/wp-content\/uploads\/sites\/8\/2025\/10\/New-Web-preview-global.jpg","type":"image\/jpeg"}],"twitter_card":"summary_large_image","twitter_misc":{"Est. reading time":"3 minutes"},"schema":{"@context":"https:\/\/schema.org","@graph":[{"@type":"WebPage","@id":"https:\/\/www.capgemini.com\/de-de\/insights\/research\/digital-architecture-study\/","url":"https:\/\/www.capgemini.com\/de-de\/insights\/research\/digital-architecture-study\/","name":"Digital Architecture Study 2023 - Capgemini","isPartOf":{"@id":"https:\/\/www.capgemini.com\/de-de\/#website"},"primaryImageOfPage":{"@id":"https:\/\/www.capgemini.com\/de-de\/insights\/research\/digital-architecture-study\/#primaryimage"},"image":{"@id":"https:\/\/www.capgemini.com\/de-de\/insights\/research\/digital-architecture-study\/#primaryimage"},"thumbnailUrl":"https:\/\/www.capgemini.com\/de-de\/wp-content\/uploads\/sites\/8\/2023\/06\/Digital-Architecture-Study-2023_Web-page-Banner_2800px-X-1800px-Without-Text.jpg","datePublished":"2023-07-05T08:49:42+00:00","dateModified":"2025-03-05T04:36:42+00:00","description":"Warum Digitale Architekten schwer zu finden sind, aber den Unterschied machen k\u00f6nnen. Erfahren Sie mehr in unserer neuesten Studie.","breadcrumb":{"@id":"https:\/\/www.capgemini.com\/de-de\/insights\/research\/digital-architecture-study\/#breadcrumb"},"inLanguage":"de-DE","potentialAction":[{"@type":"ReadAction","target":["https:\/\/www.capgemini.com\/de-de\/insights\/research\/digital-architecture-study\/"]}]},{"@type":"ImageObject","inLanguage":"de-DE","@id":"https:\/\/www.capgemini.com\/de-de\/insights\/research\/digital-architecture-study\/#primaryimage","url":"https:\/\/www.capgemini.com\/de-de\/wp-content\/uploads\/sites\/8\/2023\/06\/Digital-Architecture-Study-2023_Web-page-Banner_2800px-X-1800px-Without-Text.jpg","contentUrl":"https:\/\/www.capgemini.com\/de-de\/wp-content\/uploads\/sites\/8\/2023\/06\/Digital-Architecture-Study-2023_Web-page-Banner_2800px-X-1800px-Without-Text.jpg","width":2800,"height":1800},{"@type":"BreadcrumbList","@id":"https:\/\/www.capgemini.com\/de-de\/insights\/research\/digital-architecture-study\/#breadcrumb","itemListElement":[{"@type":"ListItem","position":1,"name":"Research &amp; insights","item":"https:\/\/www.capgemini.com\/de-de\/research-and-insight\/"},{"@type":"ListItem","position":2,"name":"Digital Architecture Studie"}]},{"@type":"WebSite","@id":"https:\/\/www.capgemini.com\/de-de\/#website","url":"https:\/\/www.capgemini.com\/de-de\/","name":"Capgemini Deutschland","description":"Make it real","potentialAction":[{"@type":"SearchAction","target":{"@type":"EntryPoint","urlTemplate":"https:\/\/www.capgemini.com\/de-de\/?s={search_term_string}"},"query-input":"required name=search_term_string"}],"inLanguage":"de-DE"}]}},"theme_term_info":[{"id":256,"name":"Digital Transformation"}],"industry_term_info":[],"services_term_info":[{"id":38,"name":"Enterprise Management"}],"partners_term_info":[],"brand_term_info":[{"id":220,"name":"Capgemini Invent","slug":"capgemini-invent"}],"brand_term":[{"id":220,"slug":"capgemini-invent"}],"parsely":{"version":"1.1.0","canonical_url":"https:\/\/capgemini.com\/de-de\/insights\/research\/digital-architecture-study\/","smart_links":{"inbound":0,"outbound":0},"traffic_boost_suggestions_count":0,"meta":{"@context":"https:\/\/schema.org","@type":"NewsArticle","headline":"Digital Architecture Studie","url":"http:\/\/www.capgemini.com\/de-de\/insights\/research\/digital-architecture-study\/","mainEntityOfPage":{"@type":"WebPage","@id":"http:\/\/www.capgemini.com\/de-de\/insights\/research\/digital-architecture-study\/"},"thumbnailUrl":"https:\/\/www.capgemini.com\/de-de\/wp-content\/uploads\/sites\/8\/2023\/06\/Digital-Architecture-Study-2023_Web-page-Banner_2800px-X-1800px-Without-Text.jpg?w=150&h=150&crop=1","image":{"@type":"ImageObject","url":"https:\/\/www.capgemini.com\/de-de\/wp-content\/uploads\/sites\/8\/2023\/06\/Digital-Architecture-Study-2023_Web-page-Banner_2800px-X-1800px-Without-Text.jpg"},"articleSection":"Uncategorized","author":[],"creator":[],"publisher":{"@type":"Organization","name":"Capgemini","logo":""},"keywords":["digital transformation"],"dateCreated":"2023-07-05T08:49:42Z","datePublished":"2023-07-05T08:49:42Z","dateModified":"2025-03-05T04:36:42Z"},"rendered":"<script type=\"application\/ld+json\" class=\"wp-parsely-metadata\">{\"@context\":\"https:\\\/\\\/schema.org\",\"@type\":\"NewsArticle\",\"headline\":\"Digital Architecture Studie\",\"url\":\"http:\\\/\\\/www.capgemini.com\\\/de-de\\\/insights\\\/research\\\/digital-architecture-study\\\/\",\"mainEntityOfPage\":{\"@type\":\"WebPage\",\"@id\":\"http:\\\/\\\/www.capgemini.com\\\/de-de\\\/insights\\\/research\\\/digital-architecture-study\\\/\"},\"thumbnailUrl\":\"https:\\\/\\\/www.capgemini.com\\\/de-de\\\/wp-content\\\/uploads\\\/sites\\\/8\\\/2023\\\/06\\\/Digital-Architecture-Study-2023_Web-page-Banner_2800px-X-1800px-Without-Text.jpg?w=150&h=150&crop=1\",\"image\":{\"@type\":\"ImageObject\",\"url\":\"https:\\\/\\\/www.capgemini.com\\\/de-de\\\/wp-content\\\/uploads\\\/sites\\\/8\\\/2023\\\/06\\\/Digital-Architecture-Study-2023_Web-page-Banner_2800px-X-1800px-Without-Text.jpg\"},\"articleSection\":\"Uncategorized\",\"author\":[],\"creator\":[],\"publisher\":{\"@type\":\"Organization\",\"name\":\"Capgemini\",\"logo\":\"\"},\"keywords\":[\"digital transformation\"],\"dateCreated\":\"2023-07-05T08:49:42Z\",\"datePublished\":\"2023-07-05T08:49:42Z\",\"dateModified\":\"2025-03-05T04:36:42Z\"}<\/script>","tracker_url":"https:\/\/cdn.parsely.com\/keys\/capgemini.com\/p.js"},"archive_status":false,"featured_image_src":"https:\/\/www.capgemini.com\/de-de\/wp-content\/uploads\/sites\/8\/2023\/06\/Digital-Architecture-Study-2023_Web-page-Banner_2800px-X-1800px-Without-Text.jpg","featured_image_alt":"","jetpack_sharing_enabled":true,"distributor_meta":false,"distributor_terms":false,"distributor_media":false,"distributor_original_site_name":"Capgemini","distributor_original_site_url":"https:\/\/www.capgemini.com\/de-de","push-errors":false,"tag_names":["Digital Transformation"],"featured_image_url":"https:\/\/www.capgemini.com\/de-de\/wp-content\/uploads\/sites\/8\/2023\/06\/Digital-Architecture-Study-2023_Web-page-Banner_2800px-X-1800px-Without-Text.jpg","_links":{"self":[{"href":"https:\/\/www.capgemini.com\/de-de\/wp-json\/wp\/v2\/research-and-insight\/836521","targetHints":{"allow":["GET"]}}],"collection":[{"href":"https:\/\/www.capgemini.com\/de-de\/wp-json\/wp\/v2\/research-and-insight"}],"about":[{"href":"https:\/\/www.capgemini.com\/de-de\/wp-json\/wp\/v2\/types\/research-and-insight"}],"author":[{"embeddable":true,"href":"https:\/\/www.capgemini.com\/de-de\/wp-json\/wp\/v2\/users\/557"}],"version-history":[{"count":19,"href":"https:\/\/www.capgemini.com\/de-de\/wp-json\/wp\/v2\/research-and-insight\/836521\/revisions"}],"predecessor-version":[{"id":875605,"href":"https:\/\/www.capgemini.com\/de-de\/wp-json\/wp\/v2\/research-and-insight\/836521\/revisions\/875605"}],"wp:featuredmedia":[{"embeddable":true,"href":"https:\/\/www.capgemini.com\/de-de\/wp-json\/wp\/v2\/media\/836701"}],"wp:attachment":[{"href":"https:\/\/www.capgemini.com\/de-de\/wp-json\/wp\/v2\/media?parent=836521"}],"wp:term":[{"taxonomy":"post_tag","embeddable":true,"href":"https:\/\/www.capgemini.com\/de-de\/wp-json\/wp\/v2\/tags?post=836521"},{"taxonomy":"research-and-insight-type","embeddable":true,"href":"https:\/\/www.capgemini.com\/de-de\/wp-json\/wp\/v2\/research-and-insight-type?post=836521"},{"taxonomy":"theme","embeddable":true,"href":"https:\/\/www.capgemini.com\/de-de\/wp-json\/wp\/v2\/theme?post=836521"},{"taxonomy":"brand","embeddable":true,"href":"https:\/\/www.capgemini.com\/de-de\/wp-json\/wp\/v2\/brand?post=836521"},{"taxonomy":"service","embeddable":true,"href":"https:\/\/www.capgemini.com\/de-de\/wp-json\/wp\/v2\/service?post=836521"},{"taxonomy":"industry","embeddable":true,"href":"https:\/\/www.capgemini.com\/de-de\/wp-json\/wp\/v2\/industry?post=836521"},{"taxonomy":"partners","embeddable":true,"href":"https:\/\/www.capgemini.com\/de-de\/wp-json\/wp\/v2\/partners?post=836521"},{"taxonomy":"content-group","embeddable":true,"href":"https:\/\/www.capgemini.com\/de-de\/wp-json\/wp\/v2\/content-group?post=836521"}],"curies":[{"name":"wp","href":"https:\/\/api.w.org\/{rel}","templated":true}]}}