{"id":543982,"date":"2025-10-16T01:20:05","date_gmt":"2025-10-16T01:20:05","guid":{"rendered":"https:\/\/www.capgemini.com\/co-es\/?post_type=research-and-insight&#038;p=543982"},"modified":"2025-12-05T07:23:11","modified_gmt":"2025-12-05T07:23:11","slug":"realidades-en-las-nubes-temporada-3","status":"publish","type":"research-and-insight","link":"https:\/\/www.capgemini.com\/co-es\/insights\/biblioteca-de-investigacion\/realidades-en-las-nubes-temporada-3\/","title":{"rendered":"Realidades en las nubes \u2013 Temporada 3.1"},"content":{"rendered":"\n<header class=\"wp-block-cg-blocks-hero-reusable header heroReusable  \"><div class=\"header-bgs\"><picture><source srcset=\"https:\/\/www.capgemini.com\/wp-content\/uploads\/2022\/11\/Cloud-realities-podcast.jpg?w=2880&amp;quality=70 1x, https:\/\/www.capgemini.com\/wp-content\/uploads\/2022\/11\/Cloud-realities-podcast.jpg?w=2880&amp;quality=70 2x\" media=\"(min-width: 1500px)\"\/><source srcset=\"https:\/\/www.capgemini.com\/wp-content\/uploads\/2022\/11\/Cloud-realities-podcast.jpg?w=1440&amp;quality=70 1x, https:\/\/www.capgemini.com\/wp-content\/uploads\/2022\/11\/Cloud-realities-podcast.jpg?w=2880&amp;quality=70 2x\" media=\"(min-width: 992px)\"\/><source srcset=\"https:\/\/www.capgemini.com\/wp-content\/uploads\/2022\/11\/Cloud-realities-podcast.jpg?w=1024&amp;quality=70 1x, https:\/\/www.capgemini.com\/wp-content\/uploads\/2022\/11\/Cloud-realities-podcast.jpg?w=1024&amp;quality=70 2x\" media=\"(min-width: 768px)\"\/><source srcset=\"https:\/\/www.capgemini.com\/wp-content\/uploads\/2022\/11\/Cloud-realities-podcast.jpg?w=768&amp;quality=70 1x, https:\/\/www.capgemini.com\/wp-content\/uploads\/2022\/11\/Cloud-realities-podcast.jpg?w=768&amp;quality=70 2x\" media=\"(min-width: 0)\"\/><img decoding=\"async\" src=\"https:\/\/www.capgemini.com\/wp-content\/uploads\/2022\/11\/Cloud-realities-podcast.jpg\" class=\"header-img header-img-d\" alt=\"\" style=\"object-fit:cover;object-position:48% 50%\" loading=\"eager\"\/><\/picture><\/div><div class=\"heroPictureCardHeaderShape\"><\/div><div class=\"container\"><div class=\"row\"><div class=\"col-md-12\"><div class=\"box\"><div class=\"boxTagWrapper\"><div class=\"tagInfo\"><div><span class=\"box-tag\">Cloud<\/span><\/div><\/div><\/div><div class=\"box-title\"><h1 data-maxlength=\"34\">Realidades de las nubes &#8211; Temporada 3 parte 1<\/h1><\/div><h2 class=\"reasearchInsightTitle\">Septiembre a diciembre de 2023<\/h2><div class=\"inner-row-insight download-btn\"><\/div><\/div><\/div><\/div><\/div><\/header>\n\n\n\n<section class=\"wp-block-cg-blocks-group undefined section section--article-content\"><div class=\"article-main-content\"><div class=\"container\"><div class=\"row\"><div class=\"col-12 col-md-1\"><nav class=\"article-social\"><ul class=\"social-nav\"><li class=\"ip-order-fb\"><a href=\"https:\/\/www.facebook.com\/sharer\/sharer.php?u=https:\/\/www.capgemini.com\/insights\/research-library\/cloud-realities-season-2\/\" target=\"_blank\" rel=\"noopener noreferrer\" title=\"opens in a new window\"><i aria-hidden=\"true\" class=\"icon-fb\"><\/i><span class=\"sr-only\">Facebook<\/span><\/a><\/li><li class=\"ip-order-li\"><a href=\"https:\/\/www.linkedin.com\/shareArticle?url=https:\/\/www.capgemini.com\/insights\/research-library\/cloud-realities-season-2\/\" target=\"_blank\" rel=\"noopener noreferrer\" title=\"opens in a new window\"><i aria-hidden=\"true\" class=\"icon-li\"><\/i><span class=\"sr-only\">Linkedin<\/span><\/a><\/li><\/ul><\/nav><\/div><div class=\"col-12 col-md-11 col-lg-10\"><div class=\"article-text article-quote-text\">\n<h3 class=\"wp-block-heading\" id=\"h-explorando-tanto-las-realidades-practicas-como-las-emocionantes-realidades-alternativas-que-pueden-liberarse-a-traves-de-la-transformacion-impulsada-por-la-nube-y-la-vida-y-el-trabajo-nativos-de-la-nube\">Explorando tanto las realidades pr\u00e1cticas como las emocionantes realidades alternativas que pueden liberarse a trav\u00e9s de la transformaci\u00f3n impulsada por la nube y la vida y el trabajo nativos de la nube.<\/h3>\n<\/div><\/div><\/div><\/div><\/div><\/section>\n\n\n\n<section class=\"wp-block-cg-blocks-group undefined section section--article-content\"><div class=\"article-main-content\"><div class=\"container\"><div class=\"row\"><div class=\"col-12 col-md-11 col-lg-10 offset-md-1 offset-lg-1\"><div class=\"article-text article-quote-text\">\n<h4 class=\"wp-block-heading\" id=\"h-escuche-y-suscribase-en-los-siguientes-canales\">Escuche y suscr\u00edbase en los siguientes canales:<\/h4>\n\n\n\n<div class=\"wp-block-columns is-not-stacked-on-mobile is-layout-flex wp-container-core-columns-is-layout-28f84493 wp-block-columns-is-layout-flex\">\n<div class=\"wp-block-column is-vertically-aligned-center is-layout-flow wp-block-column-is-layout-flow\">\n<figure class=\"wp-block-image aligncenter size-full is-style-default\"><a href=\"https:\/\/music.amazon.com\/podcasts\/7dc49c3d-66b1-4a86-b4db-742ceb9e330d\" target=\"_blank\" rel=\"noreferrer noopener\"><img decoding=\"async\" src=\"https:\/\/www.capgemini.com\/wp-content\/uploads\/2023\/07\/Amazon-music.jpg\" alt=\"\" class=\"wp-image-941801\" style=\"object-fit:cover\"\/><\/a><\/figure>\n<\/div>\n\n\n\n<div class=\"wp-block-column is-vertically-aligned-center is-layout-flow wp-block-column-is-layout-flow\">\n<figure class=\"wp-block-image aligncenter size-full is-style-default\"><a href=\"https:\/\/overcast.fm\/itunes1655138563\" target=\"_blank\" rel=\"noreferrer noopener\"><img decoding=\"async\" src=\"https:\/\/www.capgemini.com\/wp-content\/uploads\/2023\/07\/Overcast.jpg\" alt=\"\" class=\"wp-image-941802\"\/><\/a><\/figure>\n<\/div>\n\n\n\n<div class=\"wp-block-column is-vertically-aligned-center is-layout-flow wp-block-column-is-layout-flow\">\n<figure class=\"wp-block-image aligncenter size-full\"><a href=\"https:\/\/podcasts.apple.com\/us\/podcast\/cloud-realities\/id1655138563?uo=4\" target=\"_blank\" rel=\"noreferrer noopener\"><img decoding=\"async\" src=\"https:\/\/www.capgemini.com\/wp-content\/uploads\/2023\/07\/Apple-podcast.jpg\" alt=\"\" class=\"wp-image-941803\"\/><\/a><\/figure>\n<\/div>\n\n\n\n<div class=\"wp-block-column is-vertically-aligned-center is-layout-flow wp-block-column-is-layout-flow\">\n<figure class=\"wp-block-image aligncenter size-full\"><a href=\"https:\/\/open.spotify.com\/show\/07A7ScmXRCZtSmpwrHklk6\" target=\"_blank\" rel=\"noreferrer noopener\"><img decoding=\"async\" src=\"https:\/\/www.capgemini.com\/wp-content\/uploads\/2023\/07\/Spotify.jpg\" alt=\"\" class=\"wp-image-941804\"\/><\/a><\/figure>\n<\/div>\n\n\n\n<div class=\"wp-block-column is-layout-flow wp-block-column-is-layout-flow\">\n<figure class=\"wp-block-image aligncenter size-large is-style-rectangular\"><a href=\"https:\/\/www.youtube.com\/playlist?list=PLTMJrcAa63de2jTe1Q-tRJSYDGGV30kTy\" target=\"_blank\" rel=\"noreferrer noopener\"><img decoding=\"async\" src=\"https:\/\/www.capgemini.com\/wp-content\/uploads\/2022\/12\/Capture-decran-2024-06-10-151111.png?w=695\" alt=\"\" class=\"wp-image-1030085\" style=\"object-fit:cover\"\/><\/a><\/figure>\n<\/div>\n<\/div>\n\n\n\n<div class=\"wp-block-columns is-not-stacked-on-mobile is-layout-flex wp-container-core-columns-is-layout-28f84493 wp-block-columns-is-layout-flex\">\n<div class=\"wp-block-column is-vertically-aligned-center is-layout-flow wp-block-column-is-layout-flow\">\n<figure class=\"wp-block-image aligncenter size-full\"><a href=\"https:\/\/www.goodpods.com\/podcasts-aid\/1655138563\" target=\"_blank\" rel=\"noreferrer noopener\"><img decoding=\"async\" src=\"https:\/\/www.capgemini.com\/wp-content\/uploads\/2023\/07\/Goodpods.jpg\" alt=\"\" class=\"wp-image-941807\"\/><\/a><\/figure>\n<\/div>\n\n\n\n<div class=\"wp-block-column is-vertically-aligned-center is-layout-flow wp-block-column-is-layout-flow\">\n<figure class=\"wp-block-image aligncenter size-full\"><a href=\"https:\/\/www.deezer.com\/show\/5393907\" target=\"_blank\" rel=\"noreferrer noopener\"><img decoding=\"async\" src=\"https:\/\/www.capgemini.com\/wp-content\/uploads\/2023\/07\/deezer.jpg\" alt=\"\" class=\"wp-image-941808\"\/><\/a><\/figure>\n<\/div>\n\n\n\n<div class=\"wp-block-column is-vertically-aligned-center is-layout-flow wp-block-column-is-layout-flow\">\n<figure class=\"wp-block-image aligncenter size-full\"><a href=\"https:\/\/player.fm\/series\/series-3417535\" target=\"_blank\" rel=\"noreferrer noopener\"><img decoding=\"async\" src=\"https:\/\/www.capgemini.com\/wp-content\/uploads\/2023\/07\/Player-FM.jpg\" alt=\"\" class=\"wp-image-941809\"\/><\/a><\/figure>\n<\/div>\n\n\n\n<div class=\"wp-block-column is-vertically-aligned-center is-layout-flow wp-block-column-is-layout-flow\">\n<figure class=\"wp-block-image aligncenter size-full\"><a href=\"https:\/\/pca.st\/itunes\/1655138563\" target=\"_blank\" rel=\"noreferrer noopener\"><img decoding=\"async\" src=\"https:\/\/www.capgemini.com\/wp-content\/uploads\/2023\/07\/Pocket-Casts.jpg\" alt=\"\" class=\"wp-image-941810\"\/><\/a><\/figure>\n<\/div>\n\n\n\n<div class=\"wp-block-column is-vertically-aligned-center is-layout-flow wp-block-column-is-layout-flow\">\n<figure class=\"wp-block-image aligncenter size-full\"><a href=\"https:\/\/castbox.fm\/vic\/1655138563\" target=\"_blank\" rel=\"noreferrer noopener\"><img decoding=\"async\" src=\"https:\/\/www.capgemini.com\/wp-content\/uploads\/2023\/07\/Castbox.jpg\" alt=\"\" class=\"wp-image-941811\"\/><\/a><\/figure>\n<\/div>\n<\/div>\n<\/div><\/div><\/div><\/div><\/div><\/section>\n\n\n\n<section class=\"wp-block-cg-blocks-group undefined section section--article-content\"><div class=\"article-main-content\"><div class=\"container\"><div class=\"row\"><div class=\"col-12 col-md-11 col-lg-10 offset-md-1 offset-lg-1\"><div class=\"article-text article-quote-text\">\n<section class=\"wp-block-cg-blocks-how-we-do-it section section--howwedoit block-howwedoit\"><div class=\"container\"><div><div class=\"content-title\"><h2 data-maxlength=\"72\" class=\"expandable-heading-tag\">Temporada 3: Explora todos los episodios<\/h2><\/div><p><\/p><\/div><div class=\"section-content\">\n<div class=\"wp-block-cg-blocks-card-howwedoit expanders\"><div class=\"box card-regulated-agreements card-howwedoit\"><div class=\"expander-box filter-box tag-active \"><div class=\"expander-title\" tabindex=\"0\" role=\"button\" aria-pressed=\"false\" aria-expanded=\"false\"><h3 class=\"expander-heading-title\">Episodio 69 &#8211; CR047: \u00a1Especial de Navidad! Un Renacimiento: El llamado de Roma a la \u00e9tica de la IA con el padre Paolo Benanti, asesor del Vaticano y las Naciones Unidas | 21 de diciembre de 2023<\/h3><\/div><div class=\"expander-content\"><p><\/p><div class=\"bg-color video-align-right\"><div class=\"container\"><div class=\"row video-align-left\"><div class=\"col-md-12\"><div class=\"video-align-left row box box--4 box--mini\"><div class=\"col-md-3\"><\/div><div class=\"col-md-8 box-img-wrapper\"><div class=\"video-box\"><\/div><\/div><\/div><\/div><\/div><\/div><\/div>\n<p>No hay duda de que la Inteligencia Artificial, y espec\u00edficamente GenAI, ha sido uno de los temas, si no el m\u00e1s, discutido y debatido del a\u00f1o. La cuesti\u00f3n de la \u00e9tica de la IA y de cu\u00e1n en serio tomar el impacto de la IA en la sociedad es una de las preguntas m\u00e1s grandes y m\u00e1s polarizadoras de nuestro tiempo.<\/p>\n\n\n\n<p>En este episodio navide\u00f1o muy especial, Dave, Sjoukje y Rob hablan sobre los problemas \u00e9ticos inherentes a cualquier uso de tecnolog\u00eda, que son espec\u00edficamente cr\u00edticos cuando se trata de IA, con el Padre Paolo Benanti, Profesor de \u00c9tica y Tecnolog\u00eda, Pontificia Universit\u00e0 Gregoriana, Asesor en el Vaticano y miembro del Consejo Asesor del Secretario General de las Naciones Unidas. Tambi\u00e9n cubrimos los incre\u00edbles roles que tiene en el Vaticano y la ONU, c\u00f3mo enmarca el uso \u00e9tico de la IA y &#8220;El llamado de Roma a la \u00e9tica de la IA&#8221;. Luego hablamos sobre la importancia de comprender los desaf\u00edos y riesgos de implementar la IA.<\/p>\n\n\n\n<p><strong>TLDR:<\/strong><\/p>\n\n\n\n<ul class=\"wp-block-list\">\n<li>01:07 \u00a1Supernube!<\/li>\n\n\n\n<li>05:02 Conversaci\u00f3n sobre la nube con Paulo Benanti<\/li>\n\n\n\n<li>39:40 Comprender los desaf\u00edos y riesgos de la implementaci\u00f3n de la IA<\/li>\n\n\n\n<li>46:47 \u00a1Un momento en Navidad para leer un buen libro!<\/li>\n<\/ul>\n\n\n\n<p><strong>Invitada:<\/strong><\/p>\n\n\n\n<ul class=\"wp-block-list\">\n<li><a href=\"https:\/\/www.linkedin.com\/in\/paolo-benanti-94aa1915\/\" target=\"_blank\" rel=\"noreferrer noopener\">Paolo Benanti<\/a><\/li>\n<\/ul>\n\n\n\n<div class=\"wp-block-buttons is-layout-flex wp-block-buttons-is-layout-flex\">\n<div class=\"wp-block-button is-style-outline is-style-outline--1\"><a class=\"wp-block-button__link wp-element-button\" href=\"https:\/\/www.capgemini.com\/wp-content\/uploads\/2023\/12\/Branding_Podcast-Transcript_CR047-Christmas-Special-A-RenAIssance-The-Rome-Call-for-AI-Ethics-with-Father-Paolo-Benanti.pdf\" target=\"_blank\" rel=\"noreferrer noopener\">Transcripci\u00f3n del episodio<\/a><\/div>\n\n\n\n<div class=\"wp-block-button is-style-outline is-style-outline--2\"><a class=\"wp-block-button__link wp-element-button\" href=\"https:\/\/open.spotify.com\/episode\/7mcobabgKZSlnHJXbFhnAq?si=b9f10334848a4b87\" target=\"_blank\" rel=\"noreferrer noopener\">Escuchar<\/a><\/div>\n<\/div>\n<div class=\"content-more\"><\/div><\/div><\/div><\/div><\/div>\n\n\n\n<div class=\"wp-block-cg-blocks-card-howwedoit expanders\"><div class=\"box card-regulated-agreements card-howwedoit\"><div class=\"expander-box filter-box tag-active \"><div class=\"expander-title\" tabindex=\"0\" role=\"button\" aria-pressed=\"false\" aria-expanded=\"false\"><h3 class=\"expander-heading-title\">Episodio 68 &#8211; CR046: La conversaci\u00f3n cibern\u00e9tica que los foros deber\u00edan tener, pero probablemente no lo hacen, con Simon Hodgkinson | 15 de diciembre de 2023<\/h3><\/div><div class=\"expander-content\"><p><\/p><div class=\"bg-color video-align-right\"><div class=\"container\"><div class=\"row video-align-left\"><div class=\"col-md-12\"><div class=\"video-align-left row box box--4 box--mini\"><div class=\"col-md-3\"><\/div><div class=\"col-md-8 box-img-wrapper\"><div class=\"video-box\"><\/div><\/div><\/div><\/div><\/div><\/div><\/div>\n<p>El ciberespacio ha sido durante mucho tiempo un riesgo importante para las empresas. Sin embargo, todav\u00eda se suele percibir como un problema de TI o tecnolog\u00eda, en lugar del riesgo existencial que podr\u00eda representar para la empresa. Tambi\u00e9n es probable que el ciberespacio siga creciendo como problema y en complejidad a medida que entramos en la era de la IA.<\/p>\n\n\n\n<p>Esta semana, Dave, Sjoukje y Rob hablan con Simon Hodgkinson, ex CISO y asesor ejecutivo y de la junta directiva del FTSE 100, sobre la historia de la amenaza cibern\u00e9tica, los niveles de amenaza actuales y las superficies de ataque, las mitigaciones sensatas y lo que falta en la conversaci\u00f3n que las juntas directivas y los equipos superiores est\u00e1n teniendo sobre el riesgo cibern\u00e9tico. Tambi\u00e9n hablan sobre las principales tendencias en el mundo de la ciberseguridad en 2024.<\/p>\n\n\n\n<p><strong>TLDR:<\/strong><\/p>\n\n\n\n<ul class=\"wp-block-list\">\n<li>01:00 \u00a1Rob no sabe usar el Bluetooth!<\/li>\n\n\n\n<li>04:30 Conversaci\u00f3n sobre la nube con Simon Hodgkinson<\/li>\n\n\n\n<li>37:14 Principales tendencias cibern\u00e9ticas de 2024<\/li>\n\n\n\n<li>43:10 \u00a1Un poco de sol de verano!&nbsp;<\/li>\n<\/ul>\n\n\n\n<p><strong>Invitada:<\/strong><\/p>\n\n\n\n<ul class=\"wp-block-list\">\n<li><a href=\"https:\/\/www.linkedin.com\/in\/simon-hodgkinson-6072623\/\" target=\"_blank\" rel=\"noreferrer noopener\">Simon Hodgkinson<\/a><\/li>\n<\/ul>\n\n\n\n<div class=\"wp-block-buttons is-layout-flex wp-block-buttons-is-layout-flex\">\n<div class=\"wp-block-button is-style-outline is-style-outline--3\"><a class=\"wp-block-button__link wp-element-button\" href=\"https:\/\/www.capgemini.com\/wp-content\/uploads\/2023\/12\/Branding_Podcast-Transcript_CR046-The-Cyber-conversation-Boards-should-be-having-but-probably-arent-with-Simon-Hodgkinson.pdf\" target=\"_blank\" rel=\"noreferrer noopener\">Transcripci\u00f3n del episodio<\/a><\/div>\n\n\n\n<div class=\"wp-block-button is-style-outline is-style-outline--4\"><a class=\"wp-block-button__link wp-element-button\" href=\"https:\/\/open.spotify.com\/episode\/5Kb9hwDqUSezVoNEnpMuYb?si=eeea54155d3648c3\" target=\"_blank\" rel=\"noreferrer noopener\">Escuchar<\/a><\/div>\n<\/div>\n<div class=\"content-more\"><\/div><\/div><\/div><\/div><\/div>\n\n\n\n<div class=\"wp-block-cg-blocks-card-howwedoit expanders\"><div class=\"box card-regulated-agreements card-howwedoit\"><div class=\"expander-box filter-box tag-active \"><div class=\"expander-title\" tabindex=\"0\" role=\"button\" aria-pressed=\"false\" aria-expanded=\"false\"><h3 class=\"expander-heading-title\">Episodio 67 &#8211; CR045: C\u00f3mo Cloud Native y Open Source se unen para generar valor con Massimo Ferrari, RedHat | 7 de diciembre de 2023<\/h3><\/div><div class=\"expander-content\"><p><\/p><div class=\"bg-color video-align-right\"><div class=\"container\"><div class=\"row video-align-left\"><div class=\"col-md-12\"><div class=\"video-align-left row box box--4 box--mini\"><div class=\"col-md-3\"><\/div><div class=\"col-md-8 box-img-wrapper\"><div class=\"video-box\"><\/div><\/div><\/div><\/div><\/div><\/div><\/div>\n<p>El pensamiento y los enfoques de c\u00f3digo abierto y nativos de la nube pueden ser muy sin\u00e9rgicos y generar valor para las organizaciones, pero ambos a\u00fan no se comprenden bien en la actualidad.<\/p>\n\n\n\n<p>Esta semana, Dave, Sjoukje y Rob hablan con Massimo Ferrari, gerente de productos distinguido de Red Hat, sobre la filosof\u00eda del c\u00f3digo abierto, los malentendidos que a\u00fan existen sobre el c\u00f3digo abierto, qu\u00e9 es realmente Cloud Native y se preguntan si estos dos enfoques pueden unirse para generar valor m\u00e1s r\u00e1pido. Luego hablamos de c\u00f3mo GenAI puede impulsar la transformaci\u00f3n de la nube.<\/p>\n\n\n\n<p><strong>TLDR:<\/strong><\/p>\n\n\n\n<ul class=\"wp-block-list\">\n<li>01:00 La singularidad tecnol\u00f3gica<\/li>\n\n\n\n<li>06:11 Conversaci\u00f3n sobre la nube con Massimo Ferrari<\/li>\n\n\n\n<li>35:24 C\u00f3mo GenAI y la nube se complementan<\/li>\n\n\n\n<li>43:50 \u00a1Viaje festivo por Londres!<\/li>\n<\/ul>\n\n\n\n<p><strong>Invitado:<\/strong><\/p>\n\n\n\n<ul class=\"wp-block-list\">\n<li><a href=\"https:\/\/www.linkedin.com\/in\/massimoferrari\/\" target=\"_blank\" rel=\"noreferrer noopener\">Massimo Ferrari<\/a><\/li>\n<\/ul>\n\n\n\n<div class=\"wp-block-buttons is-layout-flex wp-block-buttons-is-layout-flex\">\n<div class=\"wp-block-button is-style-outline is-style-outline--5\"><a class=\"wp-block-button__link wp-element-button\" href=\"https:\/\/www.capgemini.com\/wp-content\/uploads\/2023\/12\/Branding_Podcast-Transcript_CR045-So-what-is-Cloud-Native-anyway-With-Massimo-Ferrari-RedHat.pdf\" target=\"_blank\" rel=\"noreferrer noopener\">Transcripci\u00f3n del episodio<\/a><\/div>\n\n\n\n<div class=\"wp-block-button is-style-outline is-style-outline--6\"><a class=\"wp-block-button__link wp-element-button\" href=\"https:\/\/open.spotify.com\/episode\/7EkGtn3L2L2263wXfLdIuZ?si=7218a159868d4987\" target=\"_blank\" rel=\"noreferrer noopener\">Escuchar<\/a><\/div>\n<\/div>\n<div class=\"content-more\"><\/div><\/div><\/div><\/div><\/div>\n\n\n\n<div class=\"wp-block-cg-blocks-card-howwedoit expanders\"><div class=\"box card-regulated-agreements card-howwedoit\"><div class=\"expander-box filter-box tag-active \"><div class=\"expander-title\" tabindex=\"0\" role=\"button\" aria-pressed=\"false\" aria-expanded=\"false\"><h3 class=\"expander-heading-title\">Episodio 66 &#8211; CRLIVE21: AWS re:Invent 2023: La revoluci\u00f3n verde en tecnolog\u00eda con Rahul Sareen, AWS | 1 de diciembre de 2023<\/h3><\/div><div class=\"expander-content\"><p><\/p><div class=\"bg-color video-align-right\"><div class=\"container\"><div class=\"row video-align-left\"><div class=\"col-md-12\"><div class=\"video-align-left row box box--4 box--mini\"><div class=\"col-md-3\"><\/div><div class=\"col-md-8 box-img-wrapper\"><div class=\"video-box\"><\/div><\/div><\/div><\/div><\/div><\/div><\/div>\n<p>Estamos en vivo desde AWS re:Invent 2023 en Las Vegas, directamente desde el piso de la Expo, con una serie limitada de episodios hablando con l\u00edderes de AWS sobre los temas de la conferencia, adem\u00e1s de actualizarse sobre todas las noticias y chismes.<\/p>\n\n\n\n<p>Dave, Sjoukje y Rob hablan con Rahul Sareen, director global de soluciones de sostenibilidad y GTM de AWS, sobre el enfoque evolutivo de AWS hacia la sostenibilidad.<\/p>\n\n\n\n<p>La pandilla tambi\u00e9n hace un resumen final de temas, aspectos destacados y los mejores obsequios para cerrar la serie re:Invent 2023 de este a\u00f1o.<\/p>\n\n\n\n<p><strong>Invitada:<\/strong><\/p>\n\n\n\n<ul class=\"wp-block-list\">\n<li><a href=\"https:\/\/www.linkedin.com\/in\/rahul-sareen-1b2bb86\/\" target=\"_blank\" rel=\"noreferrer noopener\">Rahul Sareen<\/a><\/li>\n<\/ul>\n\n\n\n<div class=\"wp-block-buttons is-layout-flex wp-block-buttons-is-layout-flex\">\n<div class=\"wp-block-button is-style-outline is-style-outline--7\"><a class=\"wp-block-button__link wp-element-button\" href=\"https:\/\/www.capgemini.com\/wp-content\/uploads\/2023\/12\/Branding_Podcast-Transcript_CRLIVE21-AWS-reInvent-2023-The-green-revolution-in-tech-with-Rahul-Sareen-AWS.pdf\" target=\"_blank\" rel=\"noreferrer noopener\">Transcripci\u00f3n del episodio<\/a><\/div>\n\n\n\n<div class=\"wp-block-button is-style-outline is-style-outline--8\"><a class=\"wp-block-button__link wp-element-button\" href=\"https:\/\/open.spotify.com\/episode\/1Po0ma1RU3CWHV8O4xKpGV?si=aaf91d2be0084e7f\" target=\"_blank\" rel=\"noreferrer noopener\">Escuchar<\/a><\/div>\n<\/div>\n<div class=\"content-more\"><\/div><\/div><\/div><\/div><\/div>\n\n\n\n<div class=\"wp-block-cg-blocks-card-howwedoit expanders\"><div class=\"box card-regulated-agreements card-howwedoit\"><div class=\"expander-box filter-box tag-active \"><div class=\"expander-title\" tabindex=\"0\" role=\"button\" aria-pressed=\"false\" aria-expanded=\"false\"><h3 class=\"expander-heading-title\">Episodio 65 &#8211; CRLIVE20: AWS re:Invent 2023: Guardianes y el futuro de la nube confiable con Max Peterson y Gary Meshell, AWS con Anne Saunders, Capgemini | 1 de diciembre de 2023<\/h3><\/div><div class=\"expander-content\"><p><\/p><div class=\"bg-color video-align-right\"><div class=\"container\"><div class=\"row video-align-left\"><div class=\"col-md-12\"><div class=\"video-align-left row box box--4 box--mini\"><div class=\"col-md-3\"><\/div><div class=\"col-md-8 box-img-wrapper\"><div class=\"video-box\"><\/div><\/div><\/div><\/div><\/div><\/div><\/div>\n<p>Transmitimos en directo desde AWS re:Invent 2023 en Las Vegas, directamente desde la Expo, con una serie limitada de episodios donde hablamos con l\u00edderes de AWS sobre los temas de la conferencia, adem\u00e1s de informarnos sobre todas las noticias y cotilleos.<\/p>\n\n\n\n<p>En el segundo programa doble de esta semana, analizamos Soberan\u00eda y Ciberseguridad, y nos centramos en c\u00f3mo AWS Cloud est\u00e1 respondiendo a dos de los mayores desaf\u00edos actuales. Dave, Sjoukje y Rob profundizan en este tema en dos sesiones separadas con:<\/p>\n\n\n\n<p>Max Peterson, vicepresidente de nube soberana de AWS, sobre la importancia de reconocer la soberan\u00eda, c\u00f3mo AWS define este requisito y la respuesta.<\/p>\n\n\n\n<p>Gary Meshell, director general del programa de ciberseguridad global de GSI, y Anne Saunders, directora global de Ciberseguridad de Capgemini, sobre la creciente amenaza y la sofisticaci\u00f3n de la ciberseguridad en un mundo cada vez m\u00e1s complejo.<\/p>\n\n\n\n<p><strong>Invitadas:<\/strong><\/p>\n\n\n\n<ul class=\"wp-block-list\">\n<li><a href=\"https:\/\/www.linkedin.com\/in\/maxrpeterson\/\" target=\"_blank\" rel=\"noreferrer noopener\">Max Peterson<\/a><\/li>\n\n\n\n<li><a href=\"https:\/\/www.linkedin.com\/in\/garymeshell\/\" target=\"_blank\" rel=\"noreferrer noopener\">Gary&nbsp;Meshell<\/a><\/li>\n<\/ul>\n\n\n\n<div class=\"wp-block-buttons is-layout-flex wp-block-buttons-is-layout-flex\">\n<div class=\"wp-block-button is-style-outline is-style-outline--9\"><a class=\"wp-block-button__link wp-element-button\" href=\"https:\/\/www.capgemini.com\/wp-content\/uploads\/2023\/12\/Branding_Podcast-Transcript_CRLIVE20-AWS-reInvent-2023-Guardians-and-future-of-trusted-cloud-with-Max-Peterson-and-Gary-Meshell-AWS-and-Anne-Saunders-Capgemini.pdf\" target=\"_blank\" rel=\"noreferrer noopener\">Transcripci\u00f3n del episodio<\/a><\/div>\n\n\n\n<div class=\"wp-block-button is-style-outline is-style-outline--10\"><a class=\"wp-block-button__link wp-element-button\" href=\"https:\/\/open.spotify.com\/episode\/1kAiddPzRMTKUTfAmxPhYQ?si=a507f916bc054726\" target=\"_blank\" rel=\"noreferrer noopener\">Escuchar<\/a><\/div>\n<\/div>\n<div class=\"content-more\"><\/div><\/div><\/div><\/div><\/div>\n\n\n\n<div class=\"wp-block-cg-blocks-card-howwedoit expanders\"><div class=\"box card-regulated-agreements card-howwedoit\"><div class=\"expander-box filter-box tag-active \"><div class=\"expander-title\" tabindex=\"0\" role=\"button\" aria-pressed=\"false\" aria-expanded=\"false\"><h3 class=\"expander-heading-title\">Episodio 64 &#8211; CRLIVE19: AWS re:Invent 2023: Una conversaci\u00f3n con Jeff Barr, Evangelista Principal de AWS | 30 de noviembre de 2023<\/h3><\/div><div class=\"expander-content\"><p><\/p><div class=\"bg-color video-align-right\"><div class=\"container\"><div class=\"row video-align-left\"><div class=\"col-md-12\"><div class=\"video-align-left row box box--4 box--mini\"><div class=\"col-md-3\"><\/div><div class=\"col-md-8 box-img-wrapper\"><div class=\"video-box\"><\/div><\/div><\/div><\/div><\/div><\/div><\/div>\n<p>Transmitimos en directo desde AWS re:Invent 2023 en Las Vegas, directamente desde la Expo, con una serie limitada de episodios donde hablamos con l\u00edderes de AWS sobre los temas de la conferencia, adem\u00e1s de informarnos sobre todas las noticias y chismes.<\/p>\n\n\n\n<p>Dave, Sjoukje y Rob conversan con Jeff Barr, vicepresidente y evangelista jefe de AWS, sobre sus inicios en AWS, la evoluci\u00f3n de re:Invent, los tres principales paradigmas inform\u00e1ticos de los \u00faltimos 60 a\u00f1os, c\u00f3mo la nube y la IA encajan en ellos y c\u00f3mo preparar a la pr\u00f3xima generaci\u00f3n. Tambi\u00e9n nos cuentan que la familia de Jeff estar\u00e1 reunida por primera vez este a\u00f1o en re:Invent.<\/p>\n\n\n\n<p><strong>Invitada:<\/strong><\/p>\n\n\n\n<ul class=\"wp-block-list\">\n<li><a href=\"https:\/\/www.linkedin.com\/in\/jeffbarr\/\" target=\"_blank\" rel=\"noreferrer noopener\">Jeff Barr<\/a><\/li>\n<\/ul>\n\n\n\n<div class=\"wp-block-buttons is-layout-flex wp-block-buttons-is-layout-flex\">\n<div class=\"wp-block-button is-style-outline is-style-outline--11\"><a class=\"wp-block-button__link wp-element-button\" href=\"https:\/\/www.capgemini.com\/wp-content\/uploads\/2023\/12\/Branding_Podcast-Transcript_CRLIVE19-AWS-reInvent-2023-A-conversation-with-Jeff-Barr-Chief-Evangelist-AWS.pdf\" target=\"_blank\" rel=\"noreferrer noopener\">Transcripci\u00f3n del episodio<\/a><\/div>\n\n\n\n<div class=\"wp-block-button is-style-outline is-style-outline--12\"><a class=\"wp-block-button__link wp-element-button\" href=\"https:\/\/open.spotify.com\/episode\/1aM7HkHQDQxeaF3gVZRYSp?si=e787a6c207d9437e\" target=\"_blank\" rel=\"noreferrer noopener\">Escuchar<\/a><\/div>\n<\/div>\n<div class=\"content-more\"><\/div><\/div><\/div><\/div><\/div>\n\n\n\n<div class=\"wp-block-cg-blocks-card-howwedoit expanders\"><div class=\"box card-regulated-agreements card-howwedoit\"><div class=\"expander-box filter-box tag-active \"><div class=\"expander-title\" tabindex=\"0\" role=\"button\" aria-pressed=\"false\" aria-expanded=\"false\"><h3 class=\"expander-heading-title\">Episodio 63 &#8211; CRLIVE18: AWS re:Invent 2023: Perspectivas de la nube para la industria &#8211; Automoci\u00f3n y servicios financieros con Keith Mulder, AWS, y Melissa Dougherty, AWS | 30 de noviembre de 2023<\/h3><\/div><div class=\"expander-content\"><p><\/p><div class=\"bg-color video-align-right\"><div class=\"container\"><div class=\"row video-align-left\"><div class=\"col-md-12\"><div class=\"video-align-left row box box--4 box--mini\"><div class=\"col-md-3\"><\/div><div class=\"col-md-8 box-img-wrapper\"><div class=\"video-box\"><\/div><\/div><\/div><\/div><\/div><\/div><\/div>\n<p>Transmitimos en directo desde AWS re:Invent 2023 en Las Vegas, directamente desde la Expo, con una serie limitada de episodios donde hablamos con l\u00edderes de AWS sobre los temas de la conferencia, adem\u00e1s de informarnos sobre todas las noticias y cotilleos.<\/p>\n\n\n\n<p>En este programa doble sobre la nube en la industria, nos centramos en el impacto de la nube en dos sectores. Dave, Sjoukje y Rob hablan con:<\/p>\n\n\n\n<p>Keith Mulder, L\u00edder de Estrategia de Socios de AWS Automotive &amp; Manufacturing, sobre la disrupci\u00f3n en el sector automotriz, incluyendo el coche conectado, la transici\u00f3n energ\u00e9tica y los cambios en las expectativas y h\u00e1bitos de compra de los clientes.<\/p>\n\n\n\n<p>Melissa Dougherty, Directora de \u00c9xito de Socios para Servicios Financieros Globales de AWS, sobre la disrupci\u00f3n en el sector de los servicios financieros, incluyendo el estado del legado y su modernizaci\u00f3n.<\/p>\n\n\n\n<p>Por \u00faltimo, nos informamos sobre la b\u00fasqueda de Rob de un rat\u00f3n y tenemos noticias alarmantes sobre el mono de Cloud Realities.<\/p>\n\n\n\n<p><strong>Invitadas:<\/strong><\/p>\n\n\n\n<ul class=\"wp-block-list\">\n<li><a href=\"https:\/\/www.linkedin.com\/in\/keith-mulder-8a0b204\/\" target=\"_blank\" rel=\"noreferrer noopener\">Keith Mulder<\/a><\/li>\n\n\n\n<li><a href=\"https:\/\/www.linkedin.com\/in\/melissaadougherty\/\" target=\"_blank\" rel=\"noreferrer noopener\">Melissa&nbsp;Dougherty<\/a><\/li>\n<\/ul>\n\n\n\n<div class=\"wp-block-buttons is-layout-flex wp-block-buttons-is-layout-flex\">\n<div class=\"wp-block-button is-style-outline is-style-outline--13\"><a class=\"wp-block-button__link wp-element-button\" href=\"https:\/\/www.capgemini.com\/wp-content\/uploads\/2023\/12\/Branding_Podcast-Transcript_CRLIVE18-AWS-reInvent-2023-Industry-Cloud-perspectives-Automotive-and-Financial-Services-with-Keith-Mulder-AWS-and-Melissa-Dougherty-AWS.pdf\" target=\"_blank\" rel=\"noreferrer noopener\">Transcripci\u00f3n del episodio<\/a><\/div>\n\n\n\n<div class=\"wp-block-button is-style-outline is-style-outline--14\"><a class=\"wp-block-button__link wp-element-button\" href=\"https:\/\/open.spotify.com\/episode\/3LddhZMRHl8S55qBHXrBlO?si=f34e698bf8924286\" target=\"_blank\" rel=\"noreferrer noopener\">Escuchar<\/a><\/div>\n<\/div>\n<div class=\"content-more\"><\/div><\/div><\/div><\/div><\/div>\n\n\n\n<div class=\"wp-block-cg-blocks-card-howwedoit expanders\"><div class=\"box card-regulated-agreements card-howwedoit\"><div class=\"expander-box filter-box tag-active \"><div class=\"expander-title\" tabindex=\"0\" role=\"button\" aria-pressed=\"false\" aria-expanded=\"false\"><h3 class=\"expander-heading-title\">Episodio 62 &#8211; CRLIVE17: AWS re:Invent 2023: Liderando AWS en EMEA con Tanuja Randery, AWS | 29 de noviembre de 2023<\/h3><\/div><div class=\"expander-content\"><p><\/p><div class=\"bg-color video-align-right\"><div class=\"container\"><div class=\"row video-align-left\"><div class=\"col-md-12\"><div class=\"video-align-left row box box--4 box--mini\"><div class=\"col-md-3\"><\/div><div class=\"col-md-8 box-img-wrapper\"><div class=\"video-box\"><\/div><\/div><\/div><\/div><\/div><\/div><\/div>\n<p>Estamos en vivo desde AWS re:Invent 2023 en Las Vegas, directamente desde el piso de la Expo, con una serie limitada de episodios hablando con l\u00edderes de AWS sobre los temas de la conferencia, adem\u00e1s de actualizarse sobre todas las noticias y chismes.<\/p>\n\n\n\n<p>Dave, Sjoukje y Rob hablan con Tanuja Randery, vicepresidenta de EMEA, AWS, sobre las oportunidades y los desaf\u00edos de liderar en una regi\u00f3n tan diversa, sus 3 temas principales en EMEA de sus numerosas discusiones con organizaciones, su pasi\u00f3n por promover a las mujeres en el liderazgo y la tecnolog\u00eda, la adopci\u00f3n de GenAI a escala y el Cirque du Soleil.<\/p>\n\n\n\n<p><strong>Invitada:<\/strong><\/p>\n\n\n\n<ul class=\"wp-block-list\">\n<li><a href=\"https:\/\/www.linkedin.com\/in\/tanuja-randery\/\" target=\"_blank\" rel=\"noreferrer noopener\">Tanuja Randery<\/a><\/li>\n<\/ul>\n\n\n\n<div class=\"wp-block-buttons is-layout-flex wp-block-buttons-is-layout-flex\">\n<div class=\"wp-block-button is-style-outline is-style-outline--15\"><a class=\"wp-block-button__link wp-element-button\" href=\"https:\/\/www.capgemini.com\/wp-content\/uploads\/2023\/12\/Branding_Podcast-Transcript_CRLIVE017-AWS-reInvent-2023-Leading-AWS-in-EMEA-with-Tanuja-Randery-AWS.pdf\" target=\"_blank\" rel=\"noreferrer noopener\">Transcripci\u00f3n del episodio<\/a><\/div>\n\n\n\n<div class=\"wp-block-button is-style-outline is-style-outline--16\"><a class=\"wp-block-button__link wp-element-button\" href=\"https:\/\/open.spotify.com\/episode\/25oSeKZ1fdReNI2dU1e4CY?si=0ba1dc9b6b75471b\" target=\"_blank\" rel=\"noreferrer noopener\">Escuchar<\/a><\/div>\n<\/div>\n<div class=\"content-more\"><\/div><\/div><\/div><\/div><\/div>\n\n\n\n<div class=\"wp-block-cg-blocks-card-howwedoit expanders\"><div class=\"box card-regulated-agreements card-howwedoit\"><div class=\"expander-box filter-box tag-active \"><div class=\"expander-title\" tabindex=\"0\" role=\"button\" aria-pressed=\"false\" aria-expanded=\"false\"><h3 class=\"expander-heading-title\">Episodio 61 &#8211; CRLIVE16: AWS re:Invent23: Generando impacto con la arquitectura de soluciones AWS GSI, Rohan Karmarkar, AWS | 28 de noviembre de 2023<\/h3><\/div><div class=\"expander-content\"><p><\/p><div class=\"bg-color video-align-right\"><div class=\"container\"><div class=\"row video-align-left\"><div class=\"col-md-12\"><div class=\"video-align-left row box box--4 box--mini\"><div class=\"col-md-3\"><\/div><div class=\"col-md-8 box-img-wrapper\"><div class=\"video-box\"><\/div><\/div><\/div><\/div><\/div><\/div><\/div>\n<p>Estamos en vivo desde AWS re:Invent 2023 en Las Vegas, directamente desde el piso de la Expo, con una serie limitada de episodios hablando con l\u00edderes de AWS sobre los temas de la conferencia, adem\u00e1s de actualizarse sobre todas las noticias y chismes.<\/p>\n\n\n\n<p>Dave, Sjoukje y Rob hablan con Rohan Karmarkar, Director de Arquitectura de Soluciones GSI, AWS, sobre dos temas inmediatos de la conferencia: (1) modernizarse para ir m\u00e1s r\u00e1pido y ahorrar dinero (2) Amazon Q. Hablamos sobre c\u00f3mo estas innovaciones impactan la conversaci\u00f3n del cliente con AWS, un buen ejemplo de cliente y nos ponemos al d\u00eda con lo que se anunci\u00f3 en la feria. Finalmente, charlamos sobre nuestros filetes preferidos y respondemos la pregunta m\u00e1s importante\u2026 \u00bfcon salsa o sin salsa?<\/p>\n\n\n\n<p><strong>Invitada:<\/strong><\/p>\n\n\n\n<ul class=\"wp-block-list\">\n<li><a href=\"https:\/\/www.linkedin.com\/in\/rohankarmarkar\/\" target=\"_blank\" rel=\"noreferrer noopener\">Rohan Karmarkar<\/a><\/li>\n<\/ul>\n\n\n\n<div class=\"wp-block-buttons is-layout-flex wp-block-buttons-is-layout-flex\">\n<div class=\"wp-block-button is-style-outline is-style-outline--17\"><a class=\"wp-block-button__link wp-element-button\" href=\"https:\/\/www.capgemini.com\/wp-content\/uploads\/2023\/12\/Branding_Podcast-Transcript_CRLIVE016-AWS-reInvent-23-Creating-Impact-with-AWS-GSI-Solutions-Architecture-Rohan-Karmarkar-AWS.pdf\" target=\"_blank\" rel=\"noreferrer noopener\">Transcripci\u00f3n del episodio<\/a><\/div>\n\n\n\n<div class=\"wp-block-button is-style-outline is-style-outline--18\"><a class=\"wp-block-button__link wp-element-button\" href=\"https:\/\/open.spotify.com\/episode\/4iL99FonDnSZSKHqpKIaCA?si=6f6c201253ed4d7a\" target=\"_blank\" rel=\"noreferrer noopener\">Escuchar<\/a><\/div>\n<\/div>\n<div class=\"content-more\"><\/div><\/div><\/div><\/div><\/div>\n\n\n\n<div class=\"wp-block-cg-blocks-card-howwedoit expanders\"><div class=\"box card-regulated-agreements card-howwedoit\"><div class=\"expander-box filter-box tag-active \"><div class=\"expander-title\" tabindex=\"0\" role=\"button\" aria-pressed=\"false\" aria-expanded=\"false\"><h3 class=\"expander-heading-title\">Episodio 60 &#8211; CR044: Entendiendo la complejidad con Rob England y Cherry Vu, Teal Unicorn | 23 de noviembre de 2023<\/h3><\/div><div class=\"expander-content\"><p><\/p><div class=\"bg-color video-align-right\"><div class=\"container\"><div class=\"row video-align-left\"><div class=\"col-md-12\"><div class=\"video-align-left row box box--4 box--mini\"><div class=\"col-md-3\"><\/div><div class=\"col-md-8 box-img-wrapper\"><div class=\"video-box\"><\/div><\/div><\/div><\/div><\/div><\/div><\/div>\n<p>El marco Cynefin establece diferentes lentes a trav\u00e9s de los cuales se pueden dar sentido a las circunstancias, desde &#8220;claras&#8221; hasta &#8220;ca\u00f3ticas&#8221;. Como hemos cubierto en episodios anteriores del programa (CR020 y CR003), es muy \u00fatil para ayudar a enmarcar y comprender el cambio a lo &#8220;digital&#8221;.<\/p>\n\n\n\n<p>Esta semana, Dave, Sjoukje y Rob hablan con Rob England y Cherry Vu, quienes son Teal Unicorn y exploran nuevas formas de gesti\u00f3n, sobre la relevancia del Cynefin Framework en su trabajo con organizaciones, las creaciones que Rob y Cherry han hecho en \u00e9l (\u00a1con Dave Snowden!) y los resultados que han visto. Tambi\u00e9n hablamos sobre formas de generar valor adicional desde la nube.<\/p>\n\n\n\n<p><strong>TLDR:<\/strong><\/p>\n\n\n\n<ul class=\"wp-block-list\">\n<li>01:00 Investigaci\u00f3n anticompetitiva del Reino Unido sobre proveedores de servicios en la nube<\/li>\n\n\n\n<li>04:40 Conversaci\u00f3n sobre la nube con Rob England y Cherry Vu<\/li>\n\n\n\n<li>44:13 Tres acciones para generar mayor valor en la nube<\/li>\n\n\n\n<li>51:50 Celebrando el 21.\u00ba cumplea\u00f1os de Rob y un art\u00edculo de Corporate Rebels<\/li>\n<\/ul>\n\n\n\n<p><strong>Lectura adicional:<\/strong><\/p>\n\n\n\n<ul class=\"wp-block-list\">\n<li><a href=\"https:\/\/tealunicorn.com\/books\/\" target=\"_blank\" rel=\"noreferrer noopener\">Teal Unicorn books<\/a><\/li>\n\n\n\n<li><a href=\"https:\/\/www.amazon.co.uk\/Cynefin-Weaving-Sense-Making-Fabric-World\/dp\/1735379905\/ref=asc_df_1735379905\/?tag=googshopuk-21&amp;linkCode=df0&amp;hvadid=463023885319&amp;hvpos=&amp;hvnetw=g&amp;hvrand=1138553241603419895&amp;hvpone=&amp;hvptwo=&amp;hvqmt=&amp;hvdev=c&amp;hvdvcmdl=&amp;hvlocint=&amp;hvlocphy=9180995&amp;hvtargid=pla-1000081345849&amp;psc=1&amp;mcid=d8fac6716c5d3c1f88cb07d2dcb423a3&amp;th=1&amp;psc=1\" target=\"_blank\" rel=\"noreferrer noopener\">Cynefin Framework<\/a><\/li>\n<\/ul>\n\n\n\n<p><strong>Invitada:<\/strong><\/p>\n\n\n\n<ul class=\"wp-block-list\">\n<li><a href=\"https:\/\/www.linkedin.com\/in\/robenglandattwohills\/\" target=\"_blank\" rel=\"noreferrer noopener\">Rob England<\/a><\/li>\n\n\n\n<li><a href=\"https:\/\/www.linkedin.com\/in\/drcherryvu\/\" target=\"_blank\" rel=\"noreferrer noopener\">Cherry Vu<\/a><\/li>\n<\/ul>\n\n\n\n<div class=\"wp-block-buttons is-layout-flex wp-block-buttons-is-layout-flex\">\n<div class=\"wp-block-button is-style-outline is-style-outline--19\"><a class=\"wp-block-button__link wp-element-button\" href=\"https:\/\/www.capgemini.com\/wp-content\/uploads\/2023\/11\/Branding_Podcast-Transcript_CR044-Dealing-with-complexity-with-Rob-England-and-Cherry-Vu-.pdf\" target=\"_blank\" rel=\"noreferrer noopener\">Transcripci\u00f3n del episodio<\/a><\/div>\n\n\n\n<div class=\"wp-block-button is-style-outline is-style-outline--20\"><a class=\"wp-block-button__link wp-element-button\" href=\"https:\/\/open.spotify.com\/episode\/4w8Nx5wMSRaS9EMAjwVKoD?si=3904e8573ea143a9\" target=\"_blank\" rel=\"noreferrer noopener\">Escuchar<\/a><\/div>\n<\/div>\n<div class=\"content-more\"><\/div><\/div><\/div><\/div><\/div>\n\n\n\n<div class=\"wp-block-cg-blocks-card-howwedoit expanders\"><div class=\"box card-regulated-agreements card-howwedoit\"><div class=\"expander-box filter-box tag-active \"><div class=\"expander-title\" tabindex=\"0\" role=\"button\" aria-pressed=\"false\" aria-expanded=\"false\"><h3 class=\"expander-heading-title\">Episodio 59 &#8211; CR043: C\u00f3mo la democratizaci\u00f3n tecnol\u00f3gica impulsa la innovaci\u00f3n con Nabil Bukhari, colaborador de Extreme Networks y Forbes | 16 de noviembre de 2023<\/h3><\/div><div class=\"expander-content\"><p><\/p><div class=\"bg-color video-align-right\"><div class=\"container\"><div class=\"row video-align-left\"><div class=\"col-md-12\"><div class=\"video-align-left row box box--4 box--mini\"><div class=\"col-md-3\"><\/div><div class=\"col-md-8 box-img-wrapper\"><div class=\"video-box\"><\/div><\/div><\/div><\/div><\/div><\/div><\/div>\n<p>La democratizaci\u00f3n de la tecnolog\u00eda es el proceso de reorientar las herramientas tecnol\u00f3gicas para requerir conocimientos menos especializados para su uso y generar valor. Esto puede suceder a nivel organizacional o social y conducir a una aplicaci\u00f3n m\u00e1s r\u00e1pida y a una innovaci\u00f3n radicalmente mayor.<\/p>\n\n\n\n<p>Esta semana, Dave, Sjoukje y Rob hablan con Nabil Bukhari, CTO y CPO en Extreme Networks y colaborador habitual de Forbes, sobre c\u00f3mo se inspir\u00f3 tanto en la democratizaci\u00f3n de la tecnolog\u00eda, por qu\u00e9 es importante que la sociedad tenga acceso igualitario a la tecnolog\u00eda y cu\u00e1les son las implicaciones y ventajas para su organizaci\u00f3n. Por \u00faltimo, hablamos de t\u00e1cticas de innovaci\u00f3n exitosas para l\u00edderes.<\/p>\n\n\n\n<p><strong>TLDR:<\/strong><\/p>\n\n\n\n<ul class=\"wp-block-list\">\n<li>01:13 Gafas inteligentes de nueva generaci\u00f3n<\/li>\n\n\n\n<li>02:30 Conversaci\u00f3n sobre la nube con Nabil Bukhari<\/li>\n\n\n\n<li>33:35 8 t\u00e1cticas para que los l\u00edderes innoven con \u00e9xito<\/li>\n\n\n\n<li>42:22 \u00a1Charla en una conferencia de CIO en Silicon Valley!<\/li>\n<\/ul>\n\n\n\n<p><strong>Invitada:<\/strong><\/p>\n\n\n\n<ul class=\"wp-block-list\">\n<li><a href=\"https:\/\/www.linkedin.com\/in\/nabil-bukhari-cto\/\" target=\"_blank\" rel=\"noreferrer noopener\">Nabil Bukhari<\/a><\/li>\n<\/ul>\n\n\n\n<div class=\"wp-block-buttons is-layout-flex wp-block-buttons-is-layout-flex\">\n<div class=\"wp-block-button is-style-outline is-style-outline--21\"><a class=\"wp-block-button__link wp-element-button\" href=\"https:\/\/www.capgemini.com\/wp-content\/uploads\/2023\/11\/Branding_Podcast-Transcript_CR043-How-technology-democratisation-drives-innovation-with-Nabil-Bukhari-Extreme-Networks-1.pdf\" target=\"_blank\" rel=\"noreferrer noopener\">Transcripci\u00f3n del episodio<\/a><\/div>\n\n\n\n<div class=\"wp-block-button is-style-outline is-style-outline--22\"><a class=\"wp-block-button__link wp-element-button\" href=\"https:\/\/open.spotify.com\/episode\/2WQGcbJHxUPavaWCG9hUHJ?si=0684460067d14a21\" target=\"_blank\" rel=\"noreferrer noopener\">Escuchar<\/a><\/div>\n<\/div>\n<div class=\"content-more\"><\/div><\/div><\/div><\/div><\/div>\n\n\n\n<div class=\"wp-block-cg-blocks-card-howwedoit expanders\"><div class=\"box card-regulated-agreements card-howwedoit\"><div class=\"expander-box filter-box tag-active \"><div class=\"expander-title\" tabindex=\"0\" role=\"button\" aria-pressed=\"false\" aria-expanded=\"false\"><h3 class=\"expander-heading-title\">Episodio 58 &#8211; CR042: La era de las m\u00e1quinas vivientes con Susan Hockfield, presidenta em\u00e9rita del MIT | 9 de noviembre de 2023<\/h3><\/div><div class=\"expander-content\"><p><\/p><div class=\"bg-color video-align-right\"><div class=\"container\"><div class=\"row video-align-left\"><div class=\"col-md-12\"><div class=\"video-align-left row box box--4 box--mini\"><div class=\"col-md-3\"><\/div><div class=\"col-md-8 box-img-wrapper\"><div class=\"video-box\"><\/div><\/div><\/div><\/div><\/div><\/div><\/div>\n<p>En una primera convergencia tecnol\u00f3gica, la f\u00edsica se uni\u00f3 con la ingenier\u00eda para producir una serie de sorprendentes nuevas tecnolog\u00edas: radios, tel\u00e9fonos, televisores, aviones, radares, energ\u00eda nuclear, computadoras, Internet y una gran cantidad de herramientas digitales a\u00fan en evoluci\u00f3n. Hoy estamos en el umbral de una nueva convergencia\u2026<\/p>\n\n\n\n<p>Esta semana, Dave, Sjoukje y Rob hablan con <strong>Susan Hockfield<\/strong>, <strong>presidenta em\u00e9rita del MIT<\/strong>, sobre c\u00f3mo la biolog\u00eda se est\u00e1 uniendo a la ingenier\u00eda para crear una ola de tecnolog\u00edas de pr\u00f3xima generaci\u00f3n. Hablan sobre la evoluci\u00f3n de esta nueva tecnolog\u00eda, los emocionantes casos de uso iniciales y los desaf\u00edos de industrializar estas nuevas m\u00e1quinas. Tambi\u00e9n hablamos sobre c\u00f3mo los LLM tambi\u00e9n pueden aprender el lenguaje de la biolog\u00eda e impulsar nuevos avances.<\/p>\n\n\n\n<p><strong>TLDR:<\/strong><\/p>\n\n\n\n<ul class=\"wp-block-list\">\n<li>01:47 \u00bfSer\u00e1n alguna vez realidad las realidades virtuales?<\/li>\n\n\n\n<li>05:29 Conversaci\u00f3n sobre la nube con Susan Hockfield<\/li>\n\n\n\n<li>44:30 Biolog\u00eda y LLM<\/li>\n\n\n\n<li>48:28 \u00a1Conferencia de asesores externos de la Iniciativa Energ\u00e9tica del MIT!<\/li>\n<\/ul>\n\n\n\n<p><strong>Lectura adicional:<\/strong><\/p>\n\n\n\n<ul class=\"wp-block-list\">\n<li><a href=\"https:\/\/www.amazon.nl\/-\/en\/Susan-Hockfield\/dp\/0393634744\" target=\"_blank\" rel=\"noreferrer noopener\">La era de las m\u00e1quinas vivientes: c\u00f3mo la biolog\u00eda construir\u00e1 la pr\u00f3xima revoluci\u00f3n tecnol\u00f3gica<\/a><\/li>\n<\/ul>\n\n\n\n<p><strong>Invitada:<\/strong><\/p>\n\n\n\n<ul class=\"wp-block-list\">\n<li><a href=\"https:\/\/www.mitcnc.org\/susanhockfield\/\" target=\"_blank\" rel=\"noreferrer noopener\">Susan Hockfield, President Emerita, MIT<\/a><\/li>\n<\/ul>\n\n\n\n<div class=\"wp-block-buttons is-layout-flex wp-block-buttons-is-layout-flex\">\n<div class=\"wp-block-button is-style-outline is-style-outline--23\"><a class=\"wp-block-button__link wp-element-button\" href=\"https:\/\/www.capgemini.com\/wp-content\/uploads\/2023\/11\/Branding_Podcast-Transcript_CR042-The-age-of-living-machines-with-Susan-Hockfield-President-Emerita-MIT.pdf\" target=\"_blank\" rel=\"noreferrer noopener\">Transcripci\u00f3n del episodio<\/a><\/div>\n\n\n\n<div class=\"wp-block-button is-style-outline is-style-outline--24\"><a class=\"wp-block-button__link wp-element-button\" href=\"https:\/\/open.spotify.com\/episode\/2ouEFGSkoK7HVea462EWfX?si=d6071b76983d4cf5\" target=\"_blank\" rel=\"noreferrer noopener\">Escuchar<\/a><\/div>\n<\/div>\n<div class=\"content-more\"><\/div><\/div><\/div><\/div><\/div>\n\n\n\n<div class=\"wp-block-cg-blocks-card-howwedoit expanders\"><div class=\"box card-regulated-agreements card-howwedoit\"><div class=\"expander-box filter-box tag-active \"><div class=\"expander-title\" tabindex=\"0\" role=\"button\" aria-pressed=\"false\" aria-expanded=\"false\"><h3 class=\"expander-heading-title\">Episodio 57 &#8211; CRLIVE15: Microsoft envision London: Desbloquee el potencial de la IA a gran escala con John Cairney, de Scottish Water, y Giles Walker, director de Tecnolog\u00eda Comercial y Minorista de Microsoft, y Steven Webb, director de Tecnolog\u00eda de la Informaci\u00f3n para el Reino Unido de Capgemini | 6 de noviembre de 2023<\/h3><\/div><div class=\"expander-content\"><p><\/p><div class=\"bg-color video-align-right\"><div class=\"container\"><div class=\"row video-align-left\"><div class=\"col-md-12\"><div class=\"video-align-left row box box--4 box--mini\"><div class=\"col-md-3\"><\/div><div class=\"col-md-8 box-img-wrapper\"><div class=\"video-box\"><\/div><\/div><\/div><\/div><\/div><\/div><\/div>\n<p>Los casos de uso de GenAI surgen todos los d\u00edas, aunque actualmente tienden a ser bastante discretos; para liberar su potencial a escala, es probable que veamos plataformas y cambios organizacionales significativos surgir a una velocidad sin precedentes durante el pr\u00f3ximo a\u00f1o.<\/p>\n\n\n\n<p>En un episodio especial en vivo desde Londres en Microsoft Envision The Tour en octubre de 2023, Dave, Sjoukje y Rob hablan con un panel dirigido por John Cairney, director de estrategia y arquitectura digital de Scottish Water, con Giles Walker, director de tecnolog\u00eda de venta minorista y bienes de consumo envasados \u200b\u200bde Microsoft, y Steven Webb, CTIO UK de Capgemini, sobre c\u00f3mo son los buenos casos de experimentaci\u00f3n y uso de IA, qu\u00e9 est\u00e1 haciendo Scottish Water para pilotar GenAI a escala, en particular sus experiencias con Co-Pilot, junto con cu\u00e1les podr\u00edan ser las implicaciones organizacionales a escala de GenAI y, mirando hacia el futuro, si y cu\u00e1ndo la transformaci\u00f3n de IA podr\u00eda, en \u00faltima instancia, abordar aplicaciones empresariales centradas en procesos como ERP.<\/p>\n\n\n\n<p><strong>TLDR:<\/strong><\/p>\n\n\n\n<ul class=\"wp-block-list\">\n<li>00:44 Lo que Dave, Sjoukje y Rob hicieron en Londres<\/li>\n\n\n\n<li>03:00 Conversaci\u00f3n sobre la nube con John Cairney, Giles Walker y Steven Webb<\/li>\n\n\n\n<li>46:50 Outro<\/li>\n<\/ul>\n\n\n\n<p><strong>Invitadas:<\/strong><\/p>\n\n\n\n<ul class=\"wp-block-list\">\n<li><a href=\"https:\/\/www.linkedin.com\/in\/johncairney\/\" target=\"_blank\" rel=\"noreferrer noopener\">John Cairney<\/a><\/li>\n\n\n\n<li><a href=\"https:\/\/www.linkedin.com\/in\/giles-a-walker\/\" target=\"_blank\" rel=\"noreferrer noopener\">Giles Walker<\/a><\/li>\n\n\n\n<li><a href=\"https:\/\/www.linkedin.com\/in\/stevenpwebb1\/\" target=\"_blank\" rel=\"noreferrer noopener\">Steven Webb<\/a><\/li>\n<\/ul>\n\n\n\n<div class=\"wp-block-buttons is-layout-flex wp-block-buttons-is-layout-flex\">\n<div class=\"wp-block-button is-style-outline is-style-outline--25\"><a class=\"wp-block-button__link wp-element-button\" href=\"https:\/\/www.capgemini.com\/wp-content\/uploads\/2023\/11\/CRLIVE15-Microsoft-Envision-London-Unlock-the-potential-of-AI-at-scale-with-John-Cairney-Scottish-Water-and-Giles-Walker-CTO-Commercial-Retail-Microsoft-Steven-Webb.pdf\" target=\"_blank\" rel=\"noreferrer noopener\">Transcripci\u00f3n del episodio<\/a><\/div>\n\n\n\n<div class=\"wp-block-button is-style-outline is-style-outline--26\"><a class=\"wp-block-button__link wp-element-button\" href=\"https:\/\/open.spotify.com\/episode\/2jS6bHNf676wuKcIQpwhD2?si=df1e9ee182bd44dd\" target=\"_blank\" rel=\"noreferrer noopener\">Escuchar<\/a><\/div>\n<\/div>\n<div class=\"content-more\"><\/div><\/div><\/div><\/div><\/div>\n\n\n\n<div class=\"wp-block-cg-blocks-card-howwedoit expanders\"><div class=\"box card-regulated-agreements card-howwedoit\"><div class=\"expander-box filter-box tag-active \"><div class=\"expander-title\" tabindex=\"0\" role=\"button\" aria-pressed=\"false\" aria-expanded=\"false\"><h3 class=\"expander-heading-title\">Episodio 56 &#8211; CR041: Liberando la creatividad de los desarrolladores con Ramiro Berrelleza, fundador y CEO de Okteto | 2 de noviembre de 2023<\/h3><\/div><div class=\"expander-content\"><p><\/p><div class=\"bg-color video-align-right\"><div class=\"container\"><div class=\"row video-align-left\"><div class=\"col-md-12\"><div class=\"video-align-left row box box--4 box--mini\"><div class=\"col-md-3\"><\/div><div class=\"col-md-8 box-img-wrapper\"><div class=\"video-box\"><\/div><\/div><\/div><\/div><\/div><\/div><\/div>\n<p>La automatizaci\u00f3n en el desarrollo de software es una forma de minimizar los errores durante el proceso de desarrollo de software, hacerlo m\u00e1s r\u00e1pido y rentable y mejorar la colaboraci\u00f3n y la productividad del equipo. Los equipos de desarrollo altamente efectivos dedican su mejor personal a esta tarea, creyendo que desbloquear\u00e1 nuevos niveles de productividad y creatividad de los desarrolladores.<\/p>\n\n\n\n<p>Esta semana, Dave, Sjoukje y Rob hablan con Ramiro Berrelleza, fundador y director ejecutivo de Okteto, una empresa que moderniza la experiencia de desarrollo, sobre la idea central y la fundaci\u00f3n de Okteto, por qu\u00e9 la automatizaci\u00f3n del desarrollador tiene un alto valor asociado, si los l\u00edderes empresariales se involucran con ella como ruta hacia el valor y, no ser\u00eda un programa sin \u00e9l, qu\u00e9 disrupci\u00f3n ya est\u00e1 teniendo la IA en el desarrollo de software.<\/p>\n\n\n\n<p><strong>TLDR:<\/strong><\/p>\n\n\n\n<ul class=\"wp-block-list\">\n<li>00:55 \u00bfEs la falta de necesidad la madre de la invenci\u00f3n?<\/li>\n\n\n\n<li>03:50 Conversaci\u00f3n en la nube con Ramiro Berrelleza<\/li>\n\n\n\n<li>31:15 C\u00f3mo la IA puede transformar la ingenier\u00eda de software<\/li>\n\n\n\n<li>37:00 \u00a1La semana que termina y comida peruana!<\/li>\n<\/ul>\n\n\n\n<p><strong>Guest:<\/strong><\/p>\n\n\n\n<ul class=\"wp-block-list\">\n<li><a href=\"https:\/\/www.linkedin.com\/in\/ramiroberrelleza\/\" target=\"_blank\" rel=\"noreferrer noopener\">Ramiro Berrezella<\/a><\/li>\n<\/ul>\n\n\n\n<div class=\"wp-block-buttons is-layout-flex wp-block-buttons-is-layout-flex\">\n<div class=\"wp-block-button is-style-outline is-style-outline--27\"><a class=\"wp-block-button__link wp-element-button\" href=\"https:\/\/www.capgemini.com\/wp-content\/uploads\/2023\/11\/Branding_Podcast-Transcript_CR041-Unleashing-developer-creativity-with-Ramiro-Berrelleza-Founder-and-CEO-Okteto-1.pdf\" target=\"_blank\" rel=\"noreferrer noopener\">Transcripci\u00f3n del episodio<\/a><\/div>\n\n\n\n<div class=\"wp-block-button is-style-outline is-style-outline--28\"><a class=\"wp-block-button__link wp-element-button\" href=\"https:\/\/open.spotify.com\/episode\/3acgWJWfW6HWN9iOI3wt1u?si=151f60f97a8f4e29\" target=\"_blank\" rel=\"noreferrer noopener\">Escuchar<\/a><\/div>\n<\/div>\n<div class=\"content-more\"><\/div><\/div><\/div><\/div><\/div>\n\n\n\n<div class=\"wp-block-cg-blocks-card-howwedoit expanders\"><div class=\"box card-regulated-agreements card-howwedoit\"><div class=\"expander-box filter-box tag-active \"><div class=\"expander-title\" tabindex=\"0\" role=\"button\" aria-pressed=\"false\" aria-expanded=\"false\"><h3 class=\"expander-heading-title\">Episodio 55 &#8211; CR040: De Dick Turpin a los drones con Alex Lorke, Royal Mail | 26 de octubre de 2023<\/h3><\/div><div class=\"expander-content\"><p><\/p><div class=\"bg-color video-align-right\"><div class=\"container\"><div class=\"row video-align-left\"><div class=\"col-md-12\"><div class=\"video-align-left row box box--4 box--mini\"><div class=\"col-md-3\"><\/div><div class=\"col-md-8 box-img-wrapper\"><div class=\"video-box\"><\/div><\/div><\/div><\/div><\/div><\/div><\/div>\n<div class=\"wp-block-buttons is-layout-flex wp-block-buttons-is-layout-flex\">\n<div class=\"wp-block-button is-style-outline is-style-outline--29\"><a class=\"wp-block-button__link wp-element-button\" href=\"https:\/\/www.capgemini.com\/wp-content\/uploads\/2023\/10\/Branding_Podcast-Transcript_CR040-From-Dick-Turpin-to-drones-with-Alex-Lorke-Royal-Mail.pdf\" target=\"_blank\" rel=\"noreferrer noopener\">Transcripci\u00f3n del episodio<\/a><\/div>\n\n\n\n<div class=\"wp-block-button is-style-outline is-style-outline--30\"><a class=\"wp-block-button__link wp-element-button\" href=\"https:\/\/open.spotify.com\/episode\/5Fsws923C44AVfAsFtgVWt?si=2df83128cd3c43c0\" target=\"_blank\" rel=\"noreferrer noopener\">Escuchar<\/a><\/div>\n<\/div>\n<div class=\"content-more\"><\/div><\/div><\/div><\/div><\/div>\n\n\n\n<div class=\"wp-block-cg-blocks-card-howwedoit expanders\"><div class=\"box card-regulated-agreements card-howwedoit\"><div class=\"expander-box filter-box tag-active \"><div class=\"expander-title\" tabindex=\"0\" role=\"button\" aria-pressed=\"false\" aria-expanded=\"false\"><h3 class=\"expander-heading-title\">Episodio 54 &#8211; CR039: De minorista tradicional a empresa de retail digital con Sylvain Geron, Director Digital France &amp; Infra Europe | 19 de octubre de 2023<\/h3><\/div><div class=\"expander-content\"><p><\/p><div class=\"bg-color video-align-right\"><div class=\"container\"><div class=\"row video-align-left\"><div class=\"col-md-12\"><div class=\"video-align-left row box box--4 box--mini\"><div class=\"col-md-3\"><\/div><div class=\"col-md-8 box-img-wrapper\"><div class=\"video-box\"><\/div><\/div><\/div><\/div><\/div><\/div><\/div>\n<div class=\"wp-block-buttons is-layout-flex wp-block-buttons-is-layout-flex\">\n<div class=\"wp-block-button is-style-outline is-style-outline--31\"><a class=\"wp-block-button__link wp-element-button\" href=\"https:\/\/www.capgemini.com\/wp-content\/uploads\/2023\/10\/Branding_Podcast-Transcript_CR039-From-traditional-retailer-to-digital-retail-company-with-Sylvain-Geron-Directeur-Digital-France-Infra-Europe.pdf\" target=\"_blank\" rel=\"noreferrer noopener\">Transcripci\u00f3n del episodio<\/a><\/div>\n\n\n\n<div class=\"wp-block-button is-style-outline is-style-outline--32\"><a class=\"wp-block-button__link wp-element-button\" href=\"https:\/\/open.spotify.com\/episode\/23Ltfak0kqYGBpPnzFrkBv?si=f02127f97fc54d20\" target=\"_blank\" rel=\"noreferrer noopener\">Escuchar<\/a><\/div>\n<\/div>\n<div class=\"content-more\"><\/div><\/div><\/div><\/div><\/div>\n\n\n\n<div class=\"wp-block-cg-blocks-card-howwedoit expanders\"><div class=\"box card-regulated-agreements card-howwedoit\"><div class=\"expander-box filter-box tag-active \"><div class=\"expander-title\" tabindex=\"0\" role=\"button\" aria-pressed=\"false\" aria-expanded=\"false\"><h3 class=\"expander-heading-title\">Episodio 53 &#8211; CR038: Empoderando a las supermam\u00e1s con Heather Black, fundadora y directora ejecutiva de Supermums | 12 de octubre de 2023<\/h3><\/div><div class=\"expander-content\"><p><\/p><div class=\"bg-color video-align-right\"><div class=\"container\"><div class=\"row video-align-left\"><div class=\"col-md-12\"><div class=\"video-align-left row box box--4 box--mini\"><div class=\"col-md-3\"><\/div><div class=\"col-md-8 box-img-wrapper\"><div class=\"video-box\"><\/div><\/div><\/div><\/div><\/div><\/div><\/div>\n<div class=\"wp-block-buttons is-layout-flex wp-block-buttons-is-layout-flex\">\n<div class=\"wp-block-button is-style-outline is-style-outline--33\"><a class=\"wp-block-button__link wp-element-button\" href=\"https:\/\/www.capgemini.com\/wp-content\/uploads\/2023\/10\/Branding_Podcast-Transcript_CR038-Empowering-supermums-with-Heather-Black-Founder-CEO-Supermums.pdf\" target=\"_blank\" rel=\"noreferrer noopener\">Transcripci\u00f3n del episodio<\/a><\/div>\n\n\n\n<div class=\"wp-block-button is-style-outline is-style-outline--34\"><a class=\"wp-block-button__link wp-element-button\" href=\"https:\/\/open.spotify.com\/episode\/2icoTK0eYch61TArc7UgLK?si=d7cf9385762b4296\" target=\"_blank\" rel=\"noreferrer noopener\">Escuchar<\/a><\/div>\n<\/div>\n<div class=\"content-more\"><\/div><\/div><\/div><\/div><\/div>\n\n\n\n<div class=\"wp-block-cg-blocks-card-howwedoit expanders\"><div class=\"box card-regulated-agreements card-howwedoit\"><div class=\"expander-box filter-box tag-active \"><div class=\"expander-title\" tabindex=\"0\" role=\"button\" aria-pressed=\"false\" aria-expanded=\"false\"><h3 class=\"expander-heading-title\">Episodio 52 &#8211; CR037: Creando organizaciones adaptables con Patrick Oestreich, director comercial de Hellman Worldwide Logistics | 5 de octubre de 2023<\/h3><\/div><div class=\"expander-content\"><p><\/p><div class=\"bg-color video-align-right\"><div class=\"container\"><div class=\"row video-align-left\"><div class=\"col-md-12\"><div class=\"video-align-left row box box--4 box--mini\"><div class=\"col-md-3\"><\/div><div class=\"col-md-8 box-img-wrapper\"><div class=\"video-box\"><\/div><\/div><\/div><\/div><\/div><\/div><\/div>\n<div class=\"wp-block-buttons is-layout-flex wp-block-buttons-is-layout-flex\">\n<div class=\"wp-block-button is-style-outline is-style-outline--35\"><a class=\"wp-block-button__link wp-element-button\" href=\"https:\/\/www.capgemini.com\/wp-content\/uploads\/2023\/10\/Branding_Podcast-Transcript_cr037-building-adaptable-organisations-with-patrick-oestreich-chief-commercial-officer-hellman-worldwide-logistics-1.pdf\" target=\"_blank\" rel=\"noreferrer noopener\">Transcripci\u00f3n del episodio<\/a><\/div>\n\n\n\n<div class=\"wp-block-button is-style-outline is-style-outline--36\"><a class=\"wp-block-button__link wp-element-button\" href=\"https:\/\/open.spotify.com\/episode\/0VojHBccx3MBZjSpv8MtJY?si=ae28e2a1f8784e51\" target=\"_blank\" rel=\"noreferrer noopener\">Escuchar<\/a><\/div>\n<\/div>\n<div class=\"content-more\"><\/div><\/div><\/div><\/div><\/div>\n\n\n\n<div class=\"wp-block-cg-blocks-card-howwedoit expanders\"><div class=\"box card-regulated-agreements card-howwedoit\"><div class=\"expander-box filter-box tag-active \"><div class=\"expander-title\" tabindex=\"0\" role=\"button\" aria-pressed=\"false\" aria-expanded=\"false\"><h3 class=\"expander-heading-title\">Episodio 51 &#8211; CR036: Cambios en los roles de los altos ejecutivos en el mundo digital. Jed Griffiths, Microsoft | 28 de septiembre de 2023<\/h3><\/div><div class=\"expander-content\"><p><\/p><div class=\"bg-color video-align-right\"><div class=\"container\"><div class=\"row video-align-left\"><div class=\"col-md-12\"><div class=\"video-align-left row box box--4 box--mini\"><div class=\"col-md-3\"><\/div><div class=\"col-md-8 box-img-wrapper\"><div class=\"video-box\"><\/div><\/div><\/div><\/div><\/div><\/div><\/div>\n<div class=\"wp-block-buttons is-layout-flex wp-block-buttons-is-layout-flex\">\n<div class=\"wp-block-button is-style-outline is-style-outline--37\"><a class=\"wp-block-button__link wp-element-button\" href=\"https:\/\/open.spotify.com\/episode\/6gshhB5FoIqgcOJUSACuyJ?si=8117cebe0b4b4e28\" target=\"_blank\" rel=\"noreferrer noopener\">Escuchar<\/a><\/div>\n<\/div>\n\n\n<div class=\"content-more\"><\/div><\/div><\/div><\/div><\/div>\n\n\n\n<div class=\"wp-block-cg-blocks-card-howwedoit expanders\"><div class=\"box card-regulated-agreements card-howwedoit\"><div class=\"expander-box filter-box tag-active \"><div class=\"expander-title\" tabindex=\"0\" role=\"button\" aria-pressed=\"false\" aria-expanded=\"false\"><h3 class=\"expander-heading-title\">Episodio 50 &#8211; CRLIVE14: Implementando IA con Ahmed Salhin, cient\u00edfico de datos principal de Sage y Fiona Sweeney, Theo Priestly y Robert Engels | 21 de septiembre de 2023<\/h3><\/div><div class=\"expander-content\"><p><\/p><div class=\"bg-color video-align-right\"><div class=\"container\"><div class=\"row video-align-left\"><div class=\"col-md-12\"><div class=\"video-align-left row box box--4 box--mini\"><div class=\"col-md-3\"><\/div><div class=\"col-md-8 box-img-wrapper\"><div class=\"video-box\"><\/div><\/div><\/div><\/div><\/div><\/div><\/div>\n<div class=\"wp-block-buttons is-layout-flex wp-block-buttons-is-layout-flex\">\n<div class=\"wp-block-button is-style-outline is-style-outline--38\"><a class=\"wp-block-button__link wp-element-button\" href=\"https:\/\/www.capgemini.com\/wp-content\/uploads\/2023\/09\/Branding_Podcast-Transcript_crlive14-implementing-ai-with-ahmed-salhin-principal-data-scientist-sage-and-fiona-sweeney-theo-priestly-robert-engels.pdf\" target=\"_blank\" rel=\"noreferrer noopener\">Transcripci\u00f3n del episodio<\/a><\/div>\n\n\n\n<div class=\"wp-block-button is-style-outline is-style-outline--39\"><a class=\"wp-block-button__link wp-element-button\" href=\"https:\/\/open.spotify.com\/episode\/70OXQUey4MoIRre9WM2Uwk?si=b5688a049ad54135\" target=\"_blank\" rel=\"noreferrer noopener\">Escuchar<\/a><\/div>\n<\/div>\n<div class=\"content-more\"><\/div><\/div><\/div><\/div><\/div>\n\n\n\n<div class=\"wp-block-cg-blocks-card-howwedoit expanders\"><div class=\"box card-regulated-agreements card-howwedoit\"><div class=\"expander-box filter-box tag-active \"><div class=\"expander-title\" tabindex=\"0\" role=\"button\" aria-pressed=\"false\" aria-expanded=\"false\"><h3 class=\"expander-heading-title\">Episodio 49 &#8211; CR035: Prep\u00e1rese para un cambio acelerado con Erwin Visser, Microsoft | 14 de septiembre de 2023<\/h3><\/div><div class=\"expander-content\"><p><\/p><div class=\"bg-color video-align-right\"><div class=\"container\"><div class=\"row video-align-left\"><div class=\"col-md-12\"><div class=\"video-align-left row box box--4 box--mini\"><div class=\"col-md-3\"><\/div><div class=\"col-md-8 box-img-wrapper\"><div class=\"video-box\"><\/div><\/div><\/div><\/div><\/div><\/div><\/div>\n<div class=\"wp-block-buttons is-layout-flex wp-block-buttons-is-layout-flex\">\n<div class=\"wp-block-button is-style-outline is-style-outline--40\"><a class=\"wp-block-button__link wp-element-button\" href=\"https:\/\/www.capgemini.com\/wp-content\/uploads\/2023\/09\/Branding_Podcast-Transcript_CR035_Prepare-for-accelerated-change-with-Erwin-Visser-Microsoft.pdf\" target=\"_blank\" rel=\"noreferrer noopener\">Transcripci\u00f3n del episodio<\/a><\/div>\n\n\n\n<div class=\"wp-block-button is-style-outline is-style-outline--41\"><a class=\"wp-block-button__link wp-element-button\" href=\"https:\/\/open.spotify.com\/episode\/5Ui6ArDLrqutp2y8eZfWko?si=94faeb91cf70403c\" target=\"_blank\" rel=\"noreferrer noopener\">Escuchar<\/a><\/div>\n<\/div>\n<div class=\"content-more\"><\/div><\/div><\/div><\/div><\/div>\n\n\n\n<div class=\"wp-block-cg-blocks-card-howwedoit expanders\"><div class=\"box card-regulated-agreements card-howwedoit\"><div class=\"expander-box filter-box tag-active \"><div class=\"expander-title\" tabindex=\"0\" role=\"button\" aria-pressed=\"false\" aria-expanded=\"false\"><h3 class=\"expander-heading-title\">Episodio 48 &#8211; CRLIVE13 GoogleCloudNext23: Transformaci\u00f3n nativa de la nube con Chen Goldberg, director general de Kubernetes y Serverless de Google, Google Cloud | 1 de septiembre de 2023<\/h3><\/div><div class=\"expander-content\"><p><\/p><div class=\"bg-color video-align-right\"><div class=\"container\"><div class=\"row video-align-left\"><div class=\"col-md-12\"><div class=\"video-align-left row box box--4 box--mini\"><div class=\"col-md-3\"><\/div><div class=\"col-md-8 box-img-wrapper\"><div class=\"video-box\"><\/div><\/div><\/div><\/div><\/div><\/div><\/div>\n<div class=\"wp-block-buttons is-layout-flex wp-block-buttons-is-layout-flex\">\n<div class=\"wp-block-button is-style-outline is-style-outline--42\"><a class=\"wp-block-button__link wp-element-button\" href=\"https:\/\/www.capgemini.com\/wp-content\/uploads\/2024\/02\/Branding_Podcast-Transcript_CRLIVE13-googlecloudnext23-cloud-native-transformation-with-chen-goldberg-gm-of-google-kubernetes-and-serverless-google-cloud.pdf\" target=\"_blank\" rel=\"noreferrer noopener\">Transcripci\u00f3n del episodio<\/a><\/div>\n\n\n\n<div class=\"wp-block-button is-style-outline is-style-outline--43\"><a class=\"wp-block-button__link wp-element-button\" href=\"https:\/\/open.spotify.com\/episode\/2sqYjLYjUIwSLK4TCxnNpV?si=8ad7f6365a1741ec\" target=\"_blank\" rel=\"noreferrer noopener\">Escuchar<\/a><\/div>\n<\/div>\n<div class=\"content-more\"><\/div><\/div><\/div><\/div><\/div>\n\n\n\n<div class=\"wp-block-cg-blocks-card-howwedoit expanders\"><div class=\"box card-regulated-agreements card-howwedoit\"><div class=\"expander-box filter-box tag-active \"><div class=\"expander-title\" tabindex=\"0\" role=\"button\" aria-pressed=\"false\" aria-expanded=\"false\"><h3 class=\"expander-heading-title\">Episodio 47 &#8211; CRLIVE12 GoogleCloudNext23: Transformaci\u00f3n de la nube basada en la experiencia con Mahin Samadani, director de transformaci\u00f3n estrat\u00e9gica empresarial de Google Cloud | 1 de septiembre de 2023<\/h3><\/div><div class=\"expander-content\"><p><\/p><div class=\"bg-color video-align-right\"><div class=\"container\"><div class=\"row video-align-left\"><div class=\"col-md-12\"><div class=\"video-align-left row box box--4 box--mini\"><div class=\"col-md-3\"><\/div><div class=\"col-md-8 box-img-wrapper\"><div class=\"video-box\"><\/div><\/div><\/div><\/div><\/div><\/div><\/div>\n<div class=\"wp-block-buttons is-layout-flex wp-block-buttons-is-layout-flex\">\n<div class=\"wp-block-button is-style-outline is-style-outline--44\"><a class=\"wp-block-button__link wp-element-button\" href=\"https:\/\/www.capgemini.com\/wp-content\/uploads\/2024\/02\/Branding_Podcast-Transcript_CRLIVE12-googlecloudnext23-experience-led-cloud-transformation-with-mahin-samadani-director-of-strategic-business-transformation-google-cloud.pdf\" target=\"_blank\" rel=\"noreferrer noopener\">Transcripci\u00f3n del episodio<\/a><\/div>\n\n\n\n<div class=\"wp-block-button is-style-outline is-style-outline--45\"><a class=\"wp-block-button__link wp-element-button\" href=\"https:\/\/open.spotify.com\/episode\/1EMxLcN3drME6EAyUP3aUd?si=c05d33768120468c\" target=\"_blank\" rel=\"noreferrer noopener\">Escuchar<\/a><\/div>\n<\/div>\n<div class=\"content-more\"><\/div><\/div><\/div><\/div><\/div>\n<\/div><\/div><\/section>\n<\/div><\/div><\/div><\/div><\/div><\/section>\n\n\n\n\t\t<section\n\t\t\tclass=\"section section--lifeatcap-learning section--event-slider-careerInvent \">\n\n\t\t\t<div class=\"container\">\n\t\t\t\t<div class='career-invent-header'>\n\t\t\t\t\t\t\t\t\t\t\t\t\t\t<\/div>\n\t\t\t<\/div>\n\n\t\t\t<div class=\"slider slider-fader 81035415-ab01-4039-8c71-d41fe33f4e2f\">\n\t\t\t\t\t\t\t\t<div\n\t\t\t\t\tclass=\"slider-list \">\n\t\t\t\t\t\t\t\t\t\t\t<div\n\t\t\t\t\t\t\tclass=\"slide active \">\n\t\t\t\t\t\t\t<div\n\t\t\t\t\t\t\t\tclass=\"slide-bg-wrapper wp-block-cg-blocks-career-invent \">\n\t\t\t\t\t\t\t\t<div class=\"bgImagesection\">\n\t\t\t\t\t\t\t\t\t\t\t\t\t\t\t\t\t\t\t<div class=\"bgColor\"><\/div>\n\t\t\t\t\t\t\t\t\t\n\t\t\t\t\t\t\t\t\t<div class=\"container slide-info-wrapper\">\n\t\t\t\t\t\t\t\t\t\t<div class=\"row\">\n\t\t\t\t\t\t\t\t\t\t\t<div\n\t\t\t\t\t\t\t\t\t\t\t\tclass=\"col-md-6 col-sm-12 box-inner \">\n\t\t\t\t\t\t\t\t\t\t\t\t\t\t\t\t\t\t\t\t\t\t\t\t\t<div class=\"bgColor\"><\/div>\n\t\t\t\t\t\t\t\t\t\t\t\t\t\t\t\t\t\t\t\t\t\t\t\t\t\t\t\t\t\t\t\t\t\t\t\t\t<div\n\t\t\t\t\t\t\t\t\t\t\t\t\t\tclass=\"content-title \">\n\t\t\t\t\t\t\t\t\t\t\t\t\t\t<h3 class=\"explore-header\"\n\t\t\t\t\t\t\t\t\t\t\t\t\t\t\tdata-maxlength=\"68\"\n\t\t\t\t\t\t\t\t\t\t\t\t\t\t\ttitle=\"Mant\u00e9ngase al d\u00eda con las realidades de la nube\">\n\t\t\t\t\t\t\t\t\t\t\t\t\t\t\tMant\u00e9ngase al d\u00eda con las realidades de la nube\t\t\t\t\t\t\t\t\t\t\t\t\t\t<\/h3>\n\t\t\t\t\t\t\t\t\t\t\t\t\t<\/div>\n\t\t\t\t\t\t\t\t\t\t\t\t\n\t\t\t\t\t\t\t\t\t\t\t\t\t\t\t\t\t\t\t\t\t\t\t\t\t\t\t\t\t\t\t\t\t\t\t\t\t\t\t<div\n\t\t\t\t\t\t\t\t\t\t\t\t\t\t\tclass=\"box-title \">\n\t\t\t\t\t\t\t\t\t\t\t\t\t\t\t<h4 data-maxlength=\"144\"\n\t\t\t\t\t\t\t\t\t\t\t\t\t\t\t\ttitle=\"\u00a1Mira todos los episodios, incluido el m\u00e1s reciente!\"\n\t\t\t\t\t\t\t\t\t\t\t\t\t\t\t\tstyle=\"white-space: pre-wrap;\">\n\t\t\t\t\t\t\t\t\t\t\t\t\t\t\t\t\u00a1Mira todos los episodios, incluido el m\u00e1s reciente!\t\t\t\t\t\t\t\t\t\t\t\t\t\t\t<\/h4>\n\t\t\t\t\t\t\t\t\t\t\t\t\t\t<\/div>\n\t\t\t\t\t\t\t\t\t\t\t\t\t\t\t\t\t\t\t\t\t\t\t\t\t\n\t\t\t\t\t\t\t\t\t\t\t\t\t\t\t\t\t\t\t\t\t\t\t\t\t<div >\n\t\t\t\t\t\t\t\t\t\t\t\t\t\t\t\t\t\t\t\t\t\t\t\t\t\t\t<\/div>\n\t\t\t\t\t\t\t\t\t\t\t\t\n\t\t\t\t\t\t\t\t\t\t\t\t\t\t\t\t\t\t\t\t\t\t\t\t\t\t\t\t\t\t\t\t\t\t\t\t\t<div class=\"btnDiv\"> <a class=\"more2\" data-maxlength=\"24\" aria-label=\"Realidades de la nube sobre Mant\u00e9ngase al d\u00eda con las realidades de la nube\"\n\t\t\t\t\t\t\t\t\t\t\t\t\t\t tabindex=\"0\" href=\"\/mx-es\/insights\/biblioteca-de-investigacion\/podcast-de-realidades-en-la-nube\/\"\n\t\t\t\t\t\t\t\t\t\t\t\t\t\t\ttarget=\"\">\n\t\t\t\t\t\t\t\t\t\t\t\t\t\tRealidades de la nube\t\t\t\t\t\t\t\t\t\t\t\t\t<\/a> <\/div>\n\t\t\t\t\t\t\t\t\t\t\t\t\t\t\t\t\t\t\t\t\t\t\t\t\t\n\n\n\t\t\t\t\t\t\t\t\t\t\t<\/div>\n\n\t\t\t\t\t\t\t\t\t\t\t<div class=\"col-md-6 col-sm-12 text-right box-img-wrapper escaper escaper-right\">\n\t\t\t\t\t\t\t\t\t\t\t\t\n\n\t\t\t\t\t\t\t\t\t\t\t\t<picture>\n\t\t\t\t\t\t\t\t\t\t\t\t\t<source\n\t\t\t\t\t\t\t\t\t\t\t\t\t\tsrcset=\"https:\/\/www.capgemini.com\/wp-content\/uploads\/2022\/11\/Cloud-realities-podcast.jpg?w=1200&amp;quality=90 1x, https:\/\/www.capgemini.com\/wp-content\/uploads\/2022\/11\/Cloud-realities-podcast.jpg?w=1200&amp;quality=90 2x\"\n\t\t\t\t\t\t\t\t\t\t\t\t\t\tmedia=\"(min-width: 1500px)\" \/>\n\t\t\t\t\t\t\t\t\t\t\t\t\t<source\n\t\t\t\t\t\t\t\t\t\t\t\t\t\tsrcset=\"https:\/\/www.capgemini.com\/wp-content\/uploads\/2022\/11\/Cloud-realities-podcast.jpg?w=600&amp;quality=90 1x, https:\/\/www.capgemini.com\/wp-content\/uploads\/2022\/11\/Cloud-realities-podcast.jpg?w=1200&amp;quality=90 2x\"\n\t\t\t\t\t\t\t\t\t\t\t\t\t\tmedia=\"(min-width: 992px)\" \/>\n\t\t\t\t\t\t\t\t\t\t\t\t\t<source\n\t\t\t\t\t\t\t\t\t\t\t\t\t\tsrcset=\"https:\/\/www.capgemini.com\/wp-content\/uploads\/2022\/11\/Cloud-realities-podcast.jpg?w=400&amp;quality=90 1x, https:\/\/www.capgemini.com\/wp-content\/uploads\/2022\/11\/Cloud-realities-podcast.jpg?w=800&amp;quality=90 2x\"\n\t\t\t\t\t\t\t\t\t\t\t\t\t\tmedia=\"(min-width: 768px)\" \/>\n\t\t\t\t\t\t\t\t\t\t\t\t\t<source\n\t\t\t\t\t\t\t\t\t\t\t\t\t\tsrcset=\"https:\/\/www.capgemini.com\/wp-content\/uploads\/2022\/11\/Cloud-realities-podcast.jpg?w=400&amp;quality=90 1x, https:\/\/www.capgemini.com\/wp-content\/uploads\/2022\/11\/Cloud-realities-podcast.jpg?w=800&amp;quality=90 2x\"\n\t\t\t\t\t\t\t\t\t\t\t\t\t\tmedia=\"(min-width: 0)\" \/>\n\n\n\t\t\t\t\t\t\t\t\t\t\t\t\t<img loading=\"lazy\" class=\"box-img\"\n\t\t\t\t\t\t\t\t\t\t\t\t\t\tsrc=\"https:\/\/www.capgemini.com\/wp-content\/uploads\/2022\/11\/Cloud-realities-podcast.jpg\"\n\t\t\t\t\t\t\t\t\t\t\t\t\t\tstyle=\"\n\t\t\t\t\t\t\t\t\t\t\t\t\t\tobject-position: 11% 33%; object-fit: cover;\t\t\t\t\t\t\t\t\t\t\t\t\t\t\t\t\t\" alt=\"\" \/>\n\n\t\t\t\t\t\t\t\t\t\t\t\t<\/picture>\n\t\t\t\t\t\t\t\t\t\t\t\t<!-- <img decoding=\"async\" class=\"box-img\" src=\"\n\t\t\t\t\t\t\t\t\t\t\t\t\t\t\t\t\t\t\t\t\t\t\t\t\t\t\t\"\n\t\t\t\t\t\t\t\t\t\t\tstyle=\"\n\t\t\t\t\t\t\t\t\t\t\t\t\t\t\t\t\t\t\t\t\t\t\t\t\t\" alt=\"\"\n\t\t\t\t\t\t\t\t\t\t\/> -->\n\t\t\t\t\t\t\t\t\t\t\t<\/div>\n\t\t\t\t\t\t\t\t\t\t<\/div>\n\t\t\t\t\t\t\t\t\t<\/div>\n\t\t\t\t\t\t\t\t<\/div>\n\t\t\t\t\t\t\t\t<div class=\"\">\n\t\t\t\t\t\t\t\t<\/div>\n\t\t\t\t\t\t\t\t<div class=\"slide-reveal\"><\/div>\n\t\t\t\t\t\t\t<\/div>\n\t\t\t\t\t\t<\/div>\n\t\t\t\t\t\n\t\t\t\t<\/div>\n\n\t\t\t\t\n\t\t\t<\/div>\n\n\t\t<\/section>\n\n\t\t\n\n\n<section class=\"wp-block-cg-blocks-group undefined section section--article-content\"><div class=\"article-main-content\"><div class=\"container\"><div class=\"row\"><div class=\"col-12 col-md-11 col-lg-10 offset-md-1 offset-lg-1\"><div class=\"article-text article-quote-text\">\n<h4 class=\"wp-block-heading\" id=\"h-creditos\">Cr\u00e9ditos<\/h4>\n\n\n\n<p>Tambi\u00e9n agradecemos a <a href=\"https:\/\/www.linkedin.com\/in\/marcel-van-der-burg-99a655\/\" target=\"_blank\" rel=\"noreferrer noopener\">Marcel Van Der Burg<\/a> y <a href=\"https:\/\/www.linkedin.com\/in\/chapmandr\/\" target=\"_blank\" rel=\"noreferrer noopener\">Dave Chapman<\/a> por la producci\u00f3n, y a <a href=\"https:\/\/www.linkedin.com\/in\/ben-corbett-3b6a11135\/\" target=\"_blank\" rel=\"noreferrer noopener\">Ben Corbett<\/a> y Louis Corbett por el sonido.<\/p>\n<\/div><\/div><\/div><\/div><\/div><\/section>\n","protected":false},"excerpt":{"rendered":"<p>Realidades en las nubes \u2013 Temporada 3.1<\/p>\n","protected":false},"author":81,"featured_media":543933,"template":"","meta":{"cg_dt_proposed_to":[],"cg_seo_hreflang_relations":"[]","cg_seo_canonical_relation":"","cg_seo_hreflang_x_default_relation":"{\"uuid\":\"1afb4b92-f93b-48a2-b5b2-75ebb7d288c3\",\"blogId\":\"\",\"domain\":\"\",\"sitePath\":\"\",\"postLink\":\"\",\"postId\":null,\"isSaved\":true,\"isCrossLink\":false,\"hasCrossLink\":false}","cg_dt_approved_content":true,"cg_dt_mandatory_content":false,"cg_dt_notes":"","cg_dg_source_changed":true,"cg_dt_link_disabled":false,"footnotes":"","related_resource_url":"","related_resource_id":0,"related_resource_size":"","related_resource_type":"","cg_author":0,"_yoast_wpseo_primary_theme":61,"primary_term":"Cloud","featured_focal_points":""},"tags":[],"research-and-insight-type":[492],"theme":[61],"brand":[],"service":[197],"industry":[],"partners":[],"content-group":[],"class_list":["post-543982","research-and-insight","type-research-and-insight","status-publish","has-post-thumbnail","hentry","research-and-insight-type-podcast","theme-cloud","service-cloud"],"yoast_head":"<!-- This site is optimized with the Yoast SEO Premium plugin v22.8 (Yoast SEO v22.8) - https:\/\/yoast.com\/wordpress\/plugins\/seo\/ -->\n<title>Realidades en la nube T3: \u00e9tica, IA y transformaci\u00f3n | Capgemini<\/title>\n<meta name=\"description\" content=\"Temporada 3 del podcast explora IA, ciberseguridad, \u00e9tica y transformaci\u00f3n digital con l\u00edderes globales y expertos en tecnolog\u00eda.\" \/>\n<meta name=\"robots\" content=\"index, follow, max-snippet:-1, max-image-preview:large, max-video-preview:-1\" \/>\n<link rel=\"canonical\" href=\"https:\/\/www.capgemini.com\/co-es\/insights\/biblioteca-de-investigacion\/realidades-en-las-nubes-temporada-3\/\" \/>\n<meta property=\"og:locale\" content=\"es_MX\" \/>\n<meta property=\"og:type\" content=\"article\" \/>\n<meta property=\"og:title\" content=\"Realidades en las nubes \u2013 Temporada 3.1\" \/>\n<meta property=\"og:description\" content=\"Temporada 3 del podcast explora IA, ciberseguridad, \u00e9tica y transformaci\u00f3n digital con l\u00edderes globales y expertos en tecnolog\u00eda.\" \/>\n<meta property=\"og:url\" content=\"https:\/\/www.capgemini.com\/co-es\/insights\/biblioteca-de-investigacion\/realidades-en-las-nubes-temporada-3\/\" \/>\n<meta property=\"og:site_name\" content=\"Capgemini Colombia\" \/>\n<meta property=\"article:modified_time\" content=\"2025-12-05T07:23:11+00:00\" \/>\n<meta property=\"og:image\" content=\"https:\/\/www.capgemini.com\/co-es\/wp-content\/uploads\/sites\/25\/2025\/10\/Cloud-realities-podcast.jpg\" \/>\n\t<meta property=\"og:image:width\" content=\"2880\" \/>\n\t<meta property=\"og:image:height\" content=\"1800\" \/>\n\t<meta property=\"og:image:type\" content=\"image\/jpeg\" \/>\n<meta name=\"twitter:card\" content=\"summary_large_image\" \/>\n<meta name=\"twitter:label1\" content=\"Est. reading time\" \/>\n\t<meta name=\"twitter:data1\" content=\"16 minutes\" \/>\n<script type=\"application\/ld+json\" class=\"yoast-schema-graph\">{\"@context\":\"https:\/\/schema.org\",\"@graph\":[{\"@type\":\"WebPage\",\"@id\":\"https:\/\/www.capgemini.com\/co-es\/insights\/biblioteca-de-investigacion\/realidades-en-las-nubes-temporada-3\/\",\"url\":\"https:\/\/www.capgemini.com\/co-es\/insights\/biblioteca-de-investigacion\/realidades-en-las-nubes-temporada-3\/\",\"name\":\"Realidades en la nube T3: \u00e9tica, IA y transformaci\u00f3n | Capgemini\",\"isPartOf\":{\"@id\":\"https:\/\/www.capgemini.com\/co-es\/#website\"},\"primaryImageOfPage\":{\"@id\":\"https:\/\/www.capgemini.com\/co-es\/insights\/biblioteca-de-investigacion\/realidades-en-las-nubes-temporada-3\/#primaryimage\"},\"image\":{\"@id\":\"https:\/\/www.capgemini.com\/co-es\/insights\/biblioteca-de-investigacion\/realidades-en-las-nubes-temporada-3\/#primaryimage\"},\"thumbnailUrl\":\"https:\/\/www.capgemini.com\/co-es\/wp-content\/uploads\/sites\/25\/2025\/10\/Cloud-realities-podcast.jpg\",\"datePublished\":\"2025-10-16T01:20:05+00:00\",\"dateModified\":\"2025-12-05T07:23:11+00:00\",\"description\":\"Temporada 3 del podcast explora IA, ciberseguridad, \u00e9tica y transformaci\u00f3n digital con l\u00edderes globales y expertos en tecnolog\u00eda.\",\"breadcrumb\":{\"@id\":\"https:\/\/www.capgemini.com\/co-es\/insights\/biblioteca-de-investigacion\/realidades-en-las-nubes-temporada-3\/#breadcrumb\"},\"inLanguage\":\"es-MX\",\"potentialAction\":[{\"@type\":\"ReadAction\",\"target\":[\"https:\/\/www.capgemini.com\/co-es\/insights\/biblioteca-de-investigacion\/realidades-en-las-nubes-temporada-3\/\"]}]},{\"@type\":\"ImageObject\",\"inLanguage\":\"es-MX\",\"@id\":\"https:\/\/www.capgemini.com\/co-es\/insights\/biblioteca-de-investigacion\/realidades-en-las-nubes-temporada-3\/#primaryimage\",\"url\":\"https:\/\/www.capgemini.com\/co-es\/wp-content\/uploads\/sites\/25\/2025\/10\/Cloud-realities-podcast.jpg\",\"contentUrl\":\"https:\/\/www.capgemini.com\/co-es\/wp-content\/uploads\/sites\/25\/2025\/10\/Cloud-realities-podcast.jpg\",\"width\":2880,\"height\":1800},{\"@type\":\"BreadcrumbList\",\"@id\":\"https:\/\/www.capgemini.com\/co-es\/insights\/biblioteca-de-investigacion\/realidades-en-las-nubes-temporada-3\/#breadcrumb\",\"itemListElement\":[{\"@type\":\"ListItem\",\"position\":1,\"name\":\"Home\",\"item\":\"https:\/\/www.capgemini.com\/co-es\/\"},{\"@type\":\"ListItem\",\"position\":2,\"name\":\"Research &amp; insights\",\"item\":\"https:\/\/www.capgemini.com\/co-es\/research-and-insight\/\"},{\"@type\":\"ListItem\",\"position\":3,\"name\":\"Realidades en las nubes \u2013 Temporada 3.1\"}]},{\"@type\":\"WebSite\",\"@id\":\"https:\/\/www.capgemini.com\/co-es\/#website\",\"url\":\"https:\/\/www.capgemini.com\/co-es\/\",\"name\":\"Capgemini Colombia\",\"description\":\"Capgemini\",\"potentialAction\":[{\"@type\":\"SearchAction\",\"target\":{\"@type\":\"EntryPoint\",\"urlTemplate\":\"https:\/\/www.capgemini.com\/co-es\/?s={search_term_string}\"},\"query-input\":\"required name=search_term_string\"}],\"inLanguage\":\"es-MX\"}]}<\/script>\n<!-- \/ Yoast SEO Premium plugin. -->","yoast_head_json":{"title":"Realidades en la nube T3: \u00e9tica, IA y transformaci\u00f3n | Capgemini","description":"Temporada 3 del podcast explora IA, ciberseguridad, \u00e9tica y transformaci\u00f3n digital con l\u00edderes globales y expertos en tecnolog\u00eda.","robots":{"index":"index","follow":"follow","max-snippet":"max-snippet:-1","max-image-preview":"max-image-preview:large","max-video-preview":"max-video-preview:-1"},"canonical":"https:\/\/www.capgemini.com\/co-es\/insights\/biblioteca-de-investigacion\/realidades-en-las-nubes-temporada-3\/","og_locale":"es_MX","og_type":"article","og_title":"Realidades en las nubes \u2013 Temporada 3.1","og_description":"Temporada 3 del podcast explora IA, ciberseguridad, \u00e9tica y transformaci\u00f3n digital con l\u00edderes globales y expertos en tecnolog\u00eda.","og_url":"https:\/\/www.capgemini.com\/co-es\/insights\/biblioteca-de-investigacion\/realidades-en-las-nubes-temporada-3\/","og_site_name":"Capgemini Colombia","article_modified_time":"2025-12-05T07:23:11+00:00","og_image":[{"width":2880,"height":1800,"url":"https:\/\/www.capgemini.com\/co-es\/wp-content\/uploads\/sites\/25\/2025\/10\/Cloud-realities-podcast.jpg","type":"image\/jpeg"}],"twitter_card":"summary_large_image","twitter_misc":{"Est. reading time":"16 minutes"},"schema":{"@context":"https:\/\/schema.org","@graph":[{"@type":"WebPage","@id":"https:\/\/www.capgemini.com\/co-es\/insights\/biblioteca-de-investigacion\/realidades-en-las-nubes-temporada-3\/","url":"https:\/\/www.capgemini.com\/co-es\/insights\/biblioteca-de-investigacion\/realidades-en-las-nubes-temporada-3\/","name":"Realidades en la nube T3: \u00e9tica, IA y transformaci\u00f3n | Capgemini","isPartOf":{"@id":"https:\/\/www.capgemini.com\/co-es\/#website"},"primaryImageOfPage":{"@id":"https:\/\/www.capgemini.com\/co-es\/insights\/biblioteca-de-investigacion\/realidades-en-las-nubes-temporada-3\/#primaryimage"},"image":{"@id":"https:\/\/www.capgemini.com\/co-es\/insights\/biblioteca-de-investigacion\/realidades-en-las-nubes-temporada-3\/#primaryimage"},"thumbnailUrl":"https:\/\/www.capgemini.com\/co-es\/wp-content\/uploads\/sites\/25\/2025\/10\/Cloud-realities-podcast.jpg","datePublished":"2025-10-16T01:20:05+00:00","dateModified":"2025-12-05T07:23:11+00:00","description":"Temporada 3 del podcast explora IA, ciberseguridad, \u00e9tica y transformaci\u00f3n digital con l\u00edderes globales y expertos en tecnolog\u00eda.","breadcrumb":{"@id":"https:\/\/www.capgemini.com\/co-es\/insights\/biblioteca-de-investigacion\/realidades-en-las-nubes-temporada-3\/#breadcrumb"},"inLanguage":"es-MX","potentialAction":[{"@type":"ReadAction","target":["https:\/\/www.capgemini.com\/co-es\/insights\/biblioteca-de-investigacion\/realidades-en-las-nubes-temporada-3\/"]}]},{"@type":"ImageObject","inLanguage":"es-MX","@id":"https:\/\/www.capgemini.com\/co-es\/insights\/biblioteca-de-investigacion\/realidades-en-las-nubes-temporada-3\/#primaryimage","url":"https:\/\/www.capgemini.com\/co-es\/wp-content\/uploads\/sites\/25\/2025\/10\/Cloud-realities-podcast.jpg","contentUrl":"https:\/\/www.capgemini.com\/co-es\/wp-content\/uploads\/sites\/25\/2025\/10\/Cloud-realities-podcast.jpg","width":2880,"height":1800},{"@type":"BreadcrumbList","@id":"https:\/\/www.capgemini.com\/co-es\/insights\/biblioteca-de-investigacion\/realidades-en-las-nubes-temporada-3\/#breadcrumb","itemListElement":[{"@type":"ListItem","position":1,"name":"Home","item":"https:\/\/www.capgemini.com\/co-es\/"},{"@type":"ListItem","position":2,"name":"Research &amp; insights","item":"https:\/\/www.capgemini.com\/co-es\/research-and-insight\/"},{"@type":"ListItem","position":3,"name":"Realidades en las nubes \u2013 Temporada 3.1"}]},{"@type":"WebSite","@id":"https:\/\/www.capgemini.com\/co-es\/#website","url":"https:\/\/www.capgemini.com\/co-es\/","name":"Capgemini Colombia","description":"Capgemini","potentialAction":[{"@type":"SearchAction","target":{"@type":"EntryPoint","urlTemplate":"https:\/\/www.capgemini.com\/co-es\/?s={search_term_string}"},"query-input":"required name=search_term_string"}],"inLanguage":"es-MX"}]}},"theme_term_info":[{"id":61,"name":"Cloud"}],"industry_term_info":[],"services_term_info":[{"id":197,"name":"Cloud"}],"partners_term_info":[],"brand_term_info":[],"brand_term":[],"parsely":{"version":"1.1.0","canonical_url":"https:\/\/capgemini.com\/co-es\/insights\/biblioteca-de-investigacion\/realidades-en-las-nubes-temporada-3\/","smart_links":{"inbound":0,"outbound":0},"traffic_boost_suggestions_count":0,"meta":{"@context":"https:\/\/schema.org","@type":"NewsArticle","headline":"Realidades en las nubes \u2013 Temporada 3.1","url":"https:\/\/www.capgemini.com\/co-es\/insights\/biblioteca-de-investigacion\/realidades-en-las-nubes-temporada-3\/","mainEntityOfPage":{"@type":"WebPage","@id":"https:\/\/www.capgemini.com\/co-es\/insights\/biblioteca-de-investigacion\/realidades-en-las-nubes-temporada-3\/"},"thumbnailUrl":"https:\/\/www.capgemini.com\/co-es\/wp-content\/uploads\/sites\/25\/2025\/10\/Cloud-realities-podcast.jpg?w=150&h=150&crop=1","image":{"@type":"ImageObject","url":"https:\/\/www.capgemini.com\/co-es\/wp-content\/uploads\/sites\/25\/2025\/10\/Cloud-realities-podcast.jpg"},"articleSection":"Uncategorized","author":[],"creator":[],"publisher":{"@type":"Organization","name":"Capgemini Colombia","logo":""},"keywords":[],"dateCreated":"2025-10-16T01:20:05Z","datePublished":"2025-10-16T01:20:05Z","dateModified":"2025-12-05T07:23:11Z"},"rendered":"<meta name=\"parsely-title\" content=\"Realidades en las nubes \u2013 Temporada 3.1\" \/>\n<meta name=\"parsely-link\" content=\"https:\/\/www.capgemini.com\/co-es\/insights\/biblioteca-de-investigacion\/realidades-en-las-nubes-temporada-3\/\" \/>\n<meta name=\"parsely-type\" content=\"post\" \/>\n<meta name=\"parsely-image-url\" content=\"https:\/\/www.capgemini.com\/co-es\/wp-content\/uploads\/sites\/25\/2025\/10\/Cloud-realities-podcast.jpg?w=150&amp;h=150&amp;crop=1\" \/>\n<meta name=\"parsely-pub-date\" content=\"2025-10-16T01:20:05Z\" \/>\n<meta name=\"parsely-section\" content=\"Uncategorized\" \/>","tracker_url":"https:\/\/cdn.parsely.com\/keys\/capgemini.com\/p.js"},"archive_status":false,"featured_image_src":"https:\/\/www.capgemini.com\/co-es\/wp-content\/uploads\/sites\/25\/2025\/10\/Cloud-realities-podcast.jpg","featured_image_alt":"","jetpack_sharing_enabled":true,"distributor_meta":false,"distributor_terms":false,"distributor_media":false,"distributor_original_site_name":"Capgemini Colombia","distributor_original_site_url":"https:\/\/www.capgemini.com\/co-es","push-errors":false,"tag_names":[],"featured_image_url":"https:\/\/www.capgemini.com\/co-es\/wp-content\/uploads\/sites\/25\/2025\/10\/Cloud-realities-podcast.jpg","_links":{"self":[{"href":"https:\/\/www.capgemini.com\/co-es\/wp-json\/wp\/v2\/research-and-insight\/543982","targetHints":{"allow":["GET"]}}],"collection":[{"href":"https:\/\/www.capgemini.com\/co-es\/wp-json\/wp\/v2\/research-and-insight"}],"about":[{"href":"https:\/\/www.capgemini.com\/co-es\/wp-json\/wp\/v2\/types\/research-and-insight"}],"author":[{"embeddable":true,"href":"https:\/\/www.capgemini.com\/co-es\/wp-json\/wp\/v2\/users\/81"}],"version-history":[{"count":2,"href":"https:\/\/www.capgemini.com\/co-es\/wp-json\/wp\/v2\/research-and-insight\/543982\/revisions"}],"predecessor-version":[{"id":545987,"href":"https:\/\/www.capgemini.com\/co-es\/wp-json\/wp\/v2\/research-and-insight\/543982\/revisions\/545987"}],"wp:featuredmedia":[{"embeddable":true,"href":"https:\/\/www.capgemini.com\/co-es\/wp-json\/wp\/v2\/media\/543933"}],"wp:attachment":[{"href":"https:\/\/www.capgemini.com\/co-es\/wp-json\/wp\/v2\/media?parent=543982"}],"wp:term":[{"taxonomy":"post_tag","embeddable":true,"href":"https:\/\/www.capgemini.com\/co-es\/wp-json\/wp\/v2\/tags?post=543982"},{"taxonomy":"research-and-insight-type","embeddable":true,"href":"https:\/\/www.capgemini.com\/co-es\/wp-json\/wp\/v2\/research-and-insight-type?post=543982"},{"taxonomy":"theme","embeddable":true,"href":"https:\/\/www.capgemini.com\/co-es\/wp-json\/wp\/v2\/theme?post=543982"},{"taxonomy":"brand","embeddable":true,"href":"https:\/\/www.capgemini.com\/co-es\/wp-json\/wp\/v2\/brand?post=543982"},{"taxonomy":"service","embeddable":true,"href":"https:\/\/www.capgemini.com\/co-es\/wp-json\/wp\/v2\/service?post=543982"},{"taxonomy":"industry","embeddable":true,"href":"https:\/\/www.capgemini.com\/co-es\/wp-json\/wp\/v2\/industry?post=543982"},{"taxonomy":"partners","embeddable":true,"href":"https:\/\/www.capgemini.com\/co-es\/wp-json\/wp\/v2\/partners?post=543982"},{"taxonomy":"content-group","embeddable":true,"href":"https:\/\/www.capgemini.com\/co-es\/wp-json\/wp\/v2\/content-group?post=543982"}],"curies":[{"name":"wp","href":"https:\/\/api.w.org\/{rel}","templated":true}]}}