{"id":540795,"date":"2025-06-26T08:33:44","date_gmt":"2025-06-26T08:33:44","guid":{"rendered":"https:\/\/www.capgemini.com\/co-es\/?post_type=research-and-insight&#038;p=540795"},"modified":"2025-12-05T07:27:21","modified_gmt":"2025-12-05T07:27:21","slug":"realidades-en-las-nubes-temporada-3-2","status":"publish","type":"research-and-insight","link":"https:\/\/www.capgemini.com\/co-es\/insights\/biblioteca-de-investigacion\/realidades-en-las-nubes-temporada-3-2\/","title":{"rendered":"Realidades en las nubes \u2013 Temporada 3.2"},"content":{"rendered":"\n<header class=\"wp-block-cg-blocks-hero-reusable header heroReusable  \"><div class=\"header-bgs\"><picture><source srcset=\"https:\/\/www.capgemini.com\/wp-content\/uploads\/2022\/11\/Cloud-realities-podcast.jpg?w=2880&amp;quality=70 1x, https:\/\/www.capgemini.com\/wp-content\/uploads\/2022\/11\/Cloud-realities-podcast.jpg?w=2880&amp;quality=70 2x\" media=\"(min-width: 1500px)\"\/><source srcset=\"https:\/\/www.capgemini.com\/wp-content\/uploads\/2022\/11\/Cloud-realities-podcast.jpg?w=1440&amp;quality=70 1x, https:\/\/www.capgemini.com\/wp-content\/uploads\/2022\/11\/Cloud-realities-podcast.jpg?w=2880&amp;quality=70 2x\" media=\"(min-width: 992px)\"\/><source srcset=\"https:\/\/www.capgemini.com\/wp-content\/uploads\/2022\/11\/Cloud-realities-podcast.jpg?w=1024&amp;quality=70 1x, https:\/\/www.capgemini.com\/wp-content\/uploads\/2022\/11\/Cloud-realities-podcast.jpg?w=1024&amp;quality=70 2x\" media=\"(min-width: 768px)\"\/><source srcset=\"https:\/\/www.capgemini.com\/wp-content\/uploads\/2022\/11\/Cloud-realities-podcast.jpg?w=768&amp;quality=70 1x, https:\/\/www.capgemini.com\/wp-content\/uploads\/2022\/11\/Cloud-realities-podcast.jpg?w=768&amp;quality=70 2x\" media=\"(min-width: 0)\"\/><img decoding=\"async\" src=\"https:\/\/www.capgemini.com\/wp-content\/uploads\/2022\/11\/Cloud-realities-podcast.jpg\" class=\"header-img header-img-d\" alt=\"\" style=\"object-fit:cover;object-position:48% 50%\" loading=\"eager\"\/><\/picture><\/div><div class=\"heroPictureCardHeaderShape\"><\/div><div class=\"container\"><div class=\"row\"><div class=\"col-md-12\"><div class=\"box\"><div class=\"boxTagWrapper\"><div class=\"tagInfo\"><div><span class=\"box-tag\">Cloud<\/span><\/div><\/div><\/div><div class=\"box-title\"><h1 data-maxlength=\"34\">Realidades en las nubes &#8211; Temporada 3, parte 2<\/h1><\/div><h2 class=\"reasearchInsightTitle\">Enero a agosto de 2024<\/h2><div class=\"inner-row-insight download-btn\"><\/div><\/div><\/div><\/div><\/div><\/header>\n\n\n\n<section class=\"wp-block-cg-blocks-group undefined section section--article-content\"><div class=\"article-main-content\"><div class=\"container\"><div class=\"row\"><div class=\"col-12 col-md-1\"><nav class=\"article-social\"><ul class=\"social-nav\"><li class=\"ip-order-fb\"><a href=\"https:\/\/www.facebook.com\/sharer\/sharer.php?u=https:\/\/www.capgemini.com\/insights\/research-library\/cloud-realities-season-2\/\" target=\"_blank\" rel=\"noopener noreferrer\" title=\"opens in a new window\"><i aria-hidden=\"true\" class=\"icon-fb\"><\/i><span class=\"sr-only\">Facebook<\/span><\/a><\/li><li class=\"ip-order-li\"><a href=\"https:\/\/www.linkedin.com\/shareArticle?url=https:\/\/www.capgemini.com\/insights\/research-library\/cloud-realities-season-2\/\" target=\"_blank\" rel=\"noopener noreferrer\" title=\"opens in a new window\"><i aria-hidden=\"true\" class=\"icon-li\"><\/i><span class=\"sr-only\">Linkedin<\/span><\/a><\/li><\/ul><\/nav><\/div><div class=\"col-12 col-md-11 col-lg-10\"><div class=\"article-text article-quote-text\">\n<h3 class=\"wp-block-heading\" id=\"h-explorando-tanto-las-realidades-practicas-como-las-emocionantes-realidades-alternativas-que-pueden-liberarse-a-traves-de-la-transformacion-impulsada-por-la-nube-y-la-vida-y-el-trabajo-nativos-de-la-nube\">Explorando tanto las realidades pr\u00e1cticas como las emocionantes realidades alternativas que pueden liberarse a trav\u00e9s de la transformaci\u00f3n impulsada por la nube y la vida y el trabajo nativos de la nube.<\/h3>\n<\/div><\/div><\/div><\/div><\/div><\/section>\n\n\n\n<section class=\"wp-block-cg-blocks-group undefined section section--article-content\"><div class=\"article-main-content\"><div class=\"container\"><div class=\"row\"><div class=\"col-12 col-md-11 col-lg-10 offset-md-1 offset-lg-1\"><div class=\"article-text article-quote-text\">\n<h4 class=\"wp-block-heading\" id=\"h-escuche-y-suscribase-en-los-siguientes-canales\">Escuche y suscr\u00edbase en los siguientes canales:<\/h4>\n\n\n\n<div class=\"wp-block-columns is-not-stacked-on-mobile is-layout-flex wp-container-core-columns-is-layout-28f84493 wp-block-columns-is-layout-flex\">\n<div class=\"wp-block-column is-vertically-aligned-center is-layout-flow wp-block-column-is-layout-flow\">\n<figure class=\"wp-block-image aligncenter size-full is-style-default\"><a href=\"https:\/\/music.amazon.com\/podcasts\/7dc49c3d-66b1-4a86-b4db-742ceb9e330d\" target=\"_blank\" rel=\"noreferrer noopener\"><img decoding=\"async\" src=\"https:\/\/www.capgemini.com\/wp-content\/uploads\/2023\/07\/Amazon-music.jpg\" alt=\"\" class=\"wp-image-941801\" style=\"object-fit:cover\"\/><\/a><\/figure>\n<\/div>\n\n\n\n<div class=\"wp-block-column is-vertically-aligned-center is-layout-flow wp-block-column-is-layout-flow\">\n<figure class=\"wp-block-image aligncenter size-full is-style-default\"><a href=\"https:\/\/overcast.fm\/itunes1655138563\" target=\"_blank\" rel=\"noreferrer noopener\"><img decoding=\"async\" src=\"https:\/\/www.capgemini.com\/wp-content\/uploads\/2023\/07\/Overcast.jpg\" alt=\"\" class=\"wp-image-941802\"\/><\/a><\/figure>\n<\/div>\n\n\n\n<div class=\"wp-block-column is-vertically-aligned-center is-layout-flow wp-block-column-is-layout-flow\">\n<figure class=\"wp-block-image aligncenter size-full\"><a href=\"https:\/\/podcasts.apple.com\/us\/podcast\/cloud-realities\/id1655138563?uo=4\" target=\"_blank\" rel=\"noreferrer noopener\"><img decoding=\"async\" src=\"https:\/\/www.capgemini.com\/wp-content\/uploads\/2023\/07\/Apple-podcast.jpg\" alt=\"\" class=\"wp-image-941803\"\/><\/a><\/figure>\n<\/div>\n\n\n\n<div class=\"wp-block-column is-vertically-aligned-center is-layout-flow wp-block-column-is-layout-flow\">\n<figure class=\"wp-block-image aligncenter size-full\"><a href=\"https:\/\/open.spotify.com\/show\/07A7ScmXRCZtSmpwrHklk6\" target=\"_blank\" rel=\"noreferrer noopener\"><img decoding=\"async\" src=\"https:\/\/www.capgemini.com\/wp-content\/uploads\/2023\/07\/Spotify.jpg\" alt=\"\" class=\"wp-image-941804\"\/><\/a><\/figure>\n<\/div>\n\n\n\n<div class=\"wp-block-column is-layout-flow wp-block-column-is-layout-flow\">\n<figure class=\"wp-block-image aligncenter size-large is-style-rectangular\"><a href=\"https:\/\/www.youtube.com\/playlist?list=PLTMJrcAa63de2jTe1Q-tRJSYDGGV30kTy\" target=\"_blank\" rel=\"noreferrer noopener\"><img decoding=\"async\" src=\"https:\/\/www.capgemini.com\/wp-content\/uploads\/2022\/12\/Capture-decran-2024-06-10-151111.png?w=695\" alt=\"\" class=\"wp-image-1030085\" style=\"object-fit:cover\"\/><\/a><\/figure>\n<\/div>\n<\/div>\n\n\n\n<div class=\"wp-block-columns is-not-stacked-on-mobile is-layout-flex wp-container-core-columns-is-layout-28f84493 wp-block-columns-is-layout-flex\">\n<div class=\"wp-block-column is-vertically-aligned-center is-layout-flow wp-block-column-is-layout-flow\">\n<figure class=\"wp-block-image aligncenter size-full\"><a href=\"https:\/\/www.goodpods.com\/podcasts-aid\/1655138563\" target=\"_blank\" rel=\"noreferrer noopener\"><img decoding=\"async\" src=\"https:\/\/www.capgemini.com\/wp-content\/uploads\/2023\/07\/Goodpods.jpg\" alt=\"\" class=\"wp-image-941807\"\/><\/a><\/figure>\n<\/div>\n\n\n\n<div class=\"wp-block-column is-vertically-aligned-center is-layout-flow wp-block-column-is-layout-flow\">\n<figure class=\"wp-block-image aligncenter size-full\"><a href=\"https:\/\/www.deezer.com\/show\/5393907\" target=\"_blank\" rel=\"noreferrer noopener\"><img decoding=\"async\" src=\"https:\/\/www.capgemini.com\/wp-content\/uploads\/2023\/07\/deezer.jpg\" alt=\"\" class=\"wp-image-941808\"\/><\/a><\/figure>\n<\/div>\n\n\n\n<div class=\"wp-block-column is-vertically-aligned-center is-layout-flow wp-block-column-is-layout-flow\">\n<figure class=\"wp-block-image aligncenter size-full\"><a href=\"https:\/\/player.fm\/series\/series-3417535\" target=\"_blank\" rel=\"noreferrer noopener\"><img decoding=\"async\" src=\"https:\/\/www.capgemini.com\/wp-content\/uploads\/2023\/07\/Player-FM.jpg\" alt=\"\" class=\"wp-image-941809\"\/><\/a><\/figure>\n<\/div>\n\n\n\n<div class=\"wp-block-column is-vertically-aligned-center is-layout-flow wp-block-column-is-layout-flow\">\n<figure class=\"wp-block-image aligncenter size-full\"><a href=\"https:\/\/pca.st\/itunes\/1655138563\" target=\"_blank\" rel=\"noreferrer noopener\"><img decoding=\"async\" src=\"https:\/\/www.capgemini.com\/wp-content\/uploads\/2023\/07\/Pocket-Casts.jpg\" alt=\"\" class=\"wp-image-941810\"\/><\/a><\/figure>\n<\/div>\n\n\n\n<div class=\"wp-block-column is-vertically-aligned-center is-layout-flow wp-block-column-is-layout-flow\">\n<figure class=\"wp-block-image aligncenter size-full\"><a href=\"https:\/\/castbox.fm\/vic\/1655138563\" target=\"_blank\" rel=\"noreferrer noopener\"><img decoding=\"async\" src=\"https:\/\/www.capgemini.com\/wp-content\/uploads\/2023\/07\/Castbox.jpg\" alt=\"\" class=\"wp-image-941811\"\/><\/a><\/figure>\n<\/div>\n<\/div>\n<\/div><\/div><\/div><\/div><\/div><\/section>\n\n\n\n<section class=\"wp-block-cg-blocks-group undefined section section--article-content\"><div class=\"article-main-content\"><div class=\"container\"><div class=\"row\"><div class=\"col-12 col-md-11 col-lg-10 offset-md-1 offset-lg-1\"><div class=\"article-text article-quote-text\">\n<section class=\"wp-block-cg-blocks-how-we-do-it section section--howwedoit block-howwedoit\"><div class=\"container\"><div><div class=\"content-title\"><h2 data-maxlength=\"72\" class=\"expandable-heading-tag\">Temporada 3 parte 2: Explora todos los episodios<\/h2><\/div><p><\/p><\/div><div class=\"section-content\">\n<div class=\"wp-block-cg-blocks-card-howwedoit expanders\"><div class=\"box card-regulated-agreements card-howwedoit\"><div class=\"expander-box filter-box tag-active \"><div class=\"expander-title\" tabindex=\"0\" role=\"button\" aria-pressed=\"false\" aria-expanded=\"false\"><h3 class=\"expander-heading-title\">Episodio 109 &#8211; CRHL04: Realidades de la nube x Lo m\u00e1s destacado | Agosto de 2024<\/h3><\/div><div class=\"expander-content\"><p><\/p><div class=\"bg-color video-align-right\"><div class=\"container\"><div class=\"row video-align-left\"><div class=\"col-md-12\"><div class=\"video-align-left row box box--4 box--mini\"><div class=\"col-md-3\"><\/div><div class=\"col-md-8 box-img-wrapper\"><div class=\"video-box\"><\/div><\/div><\/div><\/div><\/div><\/div><\/div>\n<p>Para ofrecer algo de escucha veraniega junto a la piscina y para actuar como un &#8216;anteriormente en\u2026&#8217; para la temporada 4, AI se hizo cargo del programa y recopil\u00f3 algunos momentos destacados de las temporadas recientes.<\/p>\n\n\n\n<p>En esta gran final de verano, nuestro d\u00fao de IA, GE0-RGE y L1-LLE, te llevar\u00e1 a un recorrido por las mejores discusiones del equipo de la temporada 3. Prep\u00e1rate para lo mejor de lo mejor, incluido\u2026<\/p>\n\n\n\n<ul class=\"wp-block-list\">\n<li>00:40 Bart Groothuis, miembro del Parlamento Europeo: Hacer visibles las amenazas invisibles mediante la legislaci\u00f3n.<\/li>\n\n\n\n<li>05:06 Jacqueline Hanson, Departamento de Trabajo y Pensiones (DWP): C\u00f3mo actualizar sistemas obsoletos y gestionar los costos frente a los riesgos.<\/li>\n\n\n\n<li>08:18 Bernard Marr, autor y futurista: Las principales tendencias y el ciclo de la moda.<\/li>\n\n\n\n<li>18:00 Bas Kamphuis, Wingspan: El oscuro arte del capital privado.<\/li>\n\n\n\n<li>24:48 Mark Butcher, Posetiv: \u00bfPuede el costo ser un indicador de sostenibilidad?<\/li>\n\n\n\n<li>27:32 Justin Keeble, Google: C\u00f3mo Unilever utiliza IA en sus cadenas de suministro.<\/li>\n\n\n\n<li>28:35 Padre Paolo Benanti, Vaticano: \u00bfC\u00f3mo est\u00e1n pensando en la IA?<\/li>\n\n\n\n<li>32:31 Roisin McCarthy, Mujeres en datos: Promoci\u00f3n de las mujeres en la tecnolog\u00eda.<\/li>\n<\/ul>\n\n\n\n<p><strong>Hosts<\/strong>:<\/p>\n\n\n\n<ul class=\"wp-block-list\">\n<li>GE0-RGE: Motor de generaci\u00f3n original de Eng-spkr 0 &#8211; Repartee<\/li>\n\n\n\n<li>L1-LLE: <em>Nivel 1 &#8211; Motor de locuacidad de formato largo<\/em><\/li>\n<\/ul>\n\n\n\n<div class=\"wp-block-buttons is-layout-flex wp-block-buttons-is-layout-flex\">\n<div class=\"wp-block-button is-style-outline is-style-outline--1\"><a class=\"wp-block-button__link wp-element-button\" href=\"https:\/\/www.capgemini.com\/wp-content\/uploads\/2025\/02\/Branding_Podcast-Transcript_crhl04-cloud-realities-x-highlights.pdf\" target=\"_blank\" rel=\"noreferrer noopener\">Transcripci\u00f3n del episodio<\/a><\/div>\n\n\n\n<div class=\"wp-block-button is-style-outline is-style-outline--2\"><a class=\"wp-block-button__link wp-element-button\" href=\"https:\/\/open.spotify.com\/episode\/7ht1OuHI2QgC1Lk4WuyTx9\" target=\"_blank\" rel=\"noreferrer noopener\">Escuchar<\/a><\/div>\n<\/div>\n<div class=\"content-more\"><\/div><\/div><\/div><\/div><\/div>\n\n\n\n<div class=\"wp-block-cg-blocks-card-howwedoit expanders\"><div class=\"box card-regulated-agreements card-howwedoit\"><div class=\"expander-box filter-box tag-active \"><div class=\"expander-title\" tabindex=\"0\" role=\"button\" aria-pressed=\"false\" aria-expanded=\"false\"><h3 class=\"expander-heading-title\">Episodio 108 &#8211; CRHL03: Realidades de la nube y sostenibilidad | Agosto de 2024<\/h3><\/div><div class=\"expander-content\"><p><\/p><div class=\"bg-color video-align-right\"><div class=\"container\"><div class=\"row video-align-left\"><div class=\"col-md-12\"><div class=\"video-align-left row box box--4 box--mini\"><div class=\"col-md-3\"><\/div><div class=\"col-md-8 box-img-wrapper\"><div class=\"video-box\"><\/div><\/div><\/div><\/div><\/div><\/div><\/div>\n<p>Para ofrecer algo de escucha veraniega junto a la piscina y para actuar como un &#8216;anteriormente en\u2026&#8217; para la temporada 4, AI se hizo cargo del programa y recopil\u00f3 algunos momentos destacados de las temporadas recientes.<\/p>\n\n\n\n<p>En este tercero de cuatro episodios, nuestros anfitriones de IA GE0-RGE y L1-LLE nos gu\u00edan a trav\u00e9s de algunas de las conversaciones que el equipo ha tenido sobre importantes desaf\u00edos de sostenibilidad, que incluyen\u2026<\/p>\n\n\n\n<ul class=\"wp-block-list\">\n<li>00:40 Paul Armstrong, Schneider Electric: \u00bfCu\u00e1les son los verdaderos desaf\u00edos de la sostenibilidad?<\/li>\n\n\n\n<li>05:35 Michael Crabb, Last Energy: La necesidad de nuevas fuentes de energ\u00eda<\/li>\n\n\n\n<li>11:48 Mark Butcher, Posetiv: \u00bfQu\u00e9 es cero neto y qu\u00e9 no lo es?<\/li>\n\n\n\n<li>16:50 Mark Butcher: C\u00f3mo usar los paneles de sostenibilidad<\/li>\n\n\n\n<li>21:36 Rainer Karcher, Allianz: \u00bfC\u00f3mo est\u00e1n abordando la sostenibilidad las empresas?<\/li>\n\n\n\n<li>23:52 Justin Keeble, Google: La IA no tiene por qu\u00e9 ser un problema en lo que respecta al consumo de energ\u00eda.<\/li>\n\n\n\n<li>26:12 Mark Butcher: Consejos importantes para empezar<\/li>\n<\/ul>\n\n\n\n<p><strong>Anfitriones<\/strong>:<\/p>\n\n\n\n<ul class=\"wp-block-list\">\n<li>GE0-RGE: <em>Emoticono genuino 0 &#8211; Motor de generaci\u00f3n de r\u00e9plicas<\/em><\/li>\n<\/ul>\n\n\n\n<div class=\"wp-block-buttons is-layout-flex wp-block-buttons-is-layout-flex\">\n<div class=\"wp-block-button is-style-outline is-style-outline--3\"><a class=\"wp-block-button__link wp-element-button\" href=\"https:\/\/www.capgemini.com\/wp-content\/uploads\/2025\/02\/Branding_Podcast-Transcript_crhl03-cloud-realities-x-sustainability.pdf\" target=\"_blank\" rel=\"noreferrer noopener\">Transcripci\u00f3n del episodio<\/a><\/div>\n\n\n\n<div class=\"wp-block-button is-style-outline is-style-outline--4\"><a class=\"wp-block-button__link wp-element-button\" href=\"https:\/\/open.spotify.com\/episode\/7JYBwR6BkD6UpiP2xqVKaL\" target=\"_blank\" rel=\"noreferrer noopener\">Escuchar<\/a><\/div>\n<\/div>\n<div class=\"content-more\"><\/div><\/div><\/div><\/div><\/div>\n\n\n\n<div class=\"wp-block-cg-blocks-card-howwedoit expanders\"><div class=\"box card-regulated-agreements card-howwedoit\"><div class=\"expander-box filter-box tag-active \"><div class=\"expander-title\" tabindex=\"0\" role=\"button\" aria-pressed=\"false\" aria-expanded=\"false\"><h3 class=\"expander-heading-title\">Episodio 107 &#8211; CRHL02: Realidades de la nube x Futuros | Agosto de 2024<\/h3><\/div><div class=\"expander-content\"><p><\/p><div class=\"bg-color video-align-right\"><div class=\"container\"><div class=\"row video-align-left\"><div class=\"col-md-12\"><div class=\"video-align-left row box box--4 box--mini\"><div class=\"col-md-3\"><\/div><div class=\"col-md-8 box-img-wrapper\"><div class=\"video-box\"><\/div><\/div><\/div><\/div><\/div><\/div><\/div>\n<p>Para ofrecer algo de escucha veraniega junto a la piscina y para actuar como un &#8216;anteriormente en\u2026&#8217; para la temporada 4, AI se hizo cargo del programa y recopil\u00f3 algunos momentos destacados de las temporadas recientes.<\/p>\n\n\n\n<p>En este segundo de cuatro episodios, nuestros anfitriones GE0-RGE y L1-LLE nos gu\u00edan a trav\u00e9s de algunas de las conversaciones que el equipo ha tenido sobre posibles futuros y desaf\u00edos, incluyendo\u2026<\/p>\n\n\n\n<ul class=\"wp-block-list\">\n<li>00:50 Michael Crabb, Last Energy: La nueva generaci\u00f3n de microrreactores nucleares para impulsar nuestro futuro<\/li>\n\n\n\n<li>08:15 Angelo Coletta, Zakeke: El futuro de la publicidad<\/li>\n\n\n\n<li>12:50 Rainer Karcher, Allianz: Una nota de cautela<\/li>\n\n\n\n<li>14:50 Bart Groothuis, miembro del Parlamento Europeo: Deepfakes<\/li>\n\n\n\n<li>16:30 Phil Kippen, Snowflake: \u00bfQu\u00e9 ocurrir\u00e1 en los pr\u00f3ximos 5 a\u00f1os?<\/li>\n\n\n\n<li>19:17 Richard Deakin, Plataformas Estratosf\u00e9ricas: La Tierra y el espacio en 10 a\u00f1os<\/li>\n\n\n\n<li>21:34 Michael Crabb: \u00bfQu\u00e9 ocurrir\u00e1 en 25 a\u00f1os en relaci\u00f3n con la energ\u00eda?<\/li>\n\n\n\n<li>24:12 Nick France, Sectigo: Certificados y computaci\u00f3n cu\u00e1ntica&nbsp;<\/li>\n<\/ul>\n\n\n\n<p><strong>Hosts<\/strong>:<\/p>\n\n\n\n<ul class=\"wp-block-list\">\n<li>GE0-RGE:&nbsp;<em>Gesto genuino 0 &#8211; Motor de generaci\u00f3n de r\u00e9plicas<\/em><\/li>\n\n\n\n<li>L1-LLE: <em>Nivel 1 &#8211; Motor de locuacidad de formato largo<\/em><\/li>\n<\/ul>\n\n\n\n<div class=\"wp-block-buttons is-layout-flex wp-block-buttons-is-layout-flex\">\n<div class=\"wp-block-button is-style-outline is-style-outline--5\"><a class=\"wp-block-button__link wp-element-button\" href=\"https:\/\/www.capgemini.com\/wp-content\/uploads\/2024\/08\/Branding_Podcast-Transcript_CRHL02-Cloud-Realities-x-Futures.pdf\" target=\"_blank\" rel=\"noreferrer noopener\">Transcripci\u00f3n del episodio<\/a><\/div>\n\n\n\n<div class=\"wp-block-button is-style-outline is-style-outline--6\"><a class=\"wp-block-button__link wp-element-button\" href=\"https:\/\/open.spotify.com\/episode\/1bac9csI2K4bfuscWuobrw\" target=\"_blank\" rel=\"noreferrer noopener\">Escuchar<\/a><\/div>\n<\/div>\n<div class=\"content-more\"><\/div><\/div><\/div><\/div><\/div>\n\n\n\n<div class=\"wp-block-cg-blocks-card-howwedoit expanders\"><div class=\"box card-regulated-agreements card-howwedoit\"><div class=\"expander-box filter-box tag-active \"><div class=\"expander-title\" tabindex=\"0\" role=\"button\" aria-pressed=\"false\" aria-expanded=\"false\"><h3 class=\"expander-heading-title\">Episodio 106 &#8211; CRHL01: Realidades de la nube x IA | Agosto de 2024<\/h3><\/div><div class=\"expander-content\"><p><\/p><div class=\"bg-color video-align-right\"><div class=\"container\"><div class=\"row video-align-left\"><div class=\"col-md-12\"><div class=\"video-align-left row box box--4 box--mini\"><div class=\"col-md-3\"><\/div><div class=\"col-md-8 box-img-wrapper\"><div class=\"video-box\"><\/div><\/div><\/div><\/div><\/div><\/div><\/div>\n<p>Para ofrecer algo de escucha veraniega en la playa, y para actuar como una especie de &#8216;anteriormente en\u2026&#8217; para la temporada 4, AI se ha hecho cargo del programa para cuatro episodios especiales de algunos momentos destacados de las temporadas recientes.<\/p>\n\n\n\n<p>En este primero de los cuatro episodios, nuestros anfitriones G0r-GE y Lil-E, un tanto autocomplacientes, nos gu\u00edan a trav\u00e9s de algunas de las conversaciones que el equipo ha tenido sobre la IA en s\u00ed, incluyendo\u2026<\/p>\n\n\n\n<ul class=\"wp-block-list\">\n<li>00:34 Erwan Menard, Google: La innovaci\u00f3n y la sostenibilidad se unen a la IA<\/li>\n\n\n\n<li>03:40 Gretchen Alarcon, ServiceNow: C\u00f3mo los empleados usar\u00e1n la IA en el futuro<\/li>\n\n\n\n<li>07:13 Roisin McCarthy, Women in Data\u00ae: IA y paridad de g\u00e9nero<\/li>\n\n\n\n<li>09:07 Bernard Marr, autor y futurista: Escalando GenAI<\/li>\n\n\n\n<li>10:50 Rainer Karcher, Allianz: Las realidades de la IA<\/li>\n\n\n\n<li>13:10 Padre Paolo Benanti, Vaticano: El rumbo de la IA<\/li>\n\n\n\n<li>16:05 Bart Groothuis, Parlamento Europeo: El auge de la IA<\/li>\n\n\n\n<li>20:35 Cory O&#8217;Daniel, Massdriver: Por qu\u00e9 es duro con la IA<\/li>\n\n\n\n<li>28:50 Una \u00faltima palabra para el Padre Paolo Benanti: Seis principios sobre la IA<\/li>\n<\/ul>\n\n\n\n<p><strong>Hosts<\/strong>:<\/p>\n\n\n\n<ul class=\"wp-block-list\">\n<li>GE0-RGE:&nbsp;<em>Gesto genuino 0 &#8211; Motor de generaci\u00f3n de r\u00e9plicas<\/em><\/li>\n\n\n\n<li>L1-LLE: <em>Nivel 1 &#8211; Motor de locuacidad de formato largo<\/em><\/li>\n<\/ul>\n\n\n\n<div class=\"wp-block-buttons is-layout-flex wp-block-buttons-is-layout-flex\">\n<div class=\"wp-block-button is-style-outline is-style-outline--7\"><a class=\"wp-block-button__link wp-element-button\" href=\"https:\/\/www.capgemini.com\/wp-content\/uploads\/2024\/08\/Branding_Podcast-Transcript_CRHL01-Cloud-Realities-x-AI.pdf\" target=\"_blank\" rel=\"noreferrer noopener\">Transcripci\u00f3n del episodio<\/a><\/div>\n\n\n\n<div class=\"wp-block-button is-style-outline is-style-outline--8\"><a class=\"wp-block-button__link wp-element-button\" href=\"https:\/\/open.spotify.com\/episode\/59JeHFN81AEufBkQMCjbJ1\" target=\"_blank\" rel=\"noreferrer noopener\">Escuchar<\/a><\/div>\n<\/div>\n<div class=\"content-more\"><\/div><\/div><\/div><\/div><\/div>\n\n\n\n<div class=\"wp-block-cg-blocks-card-howwedoit expanders\"><div class=\"box card-regulated-agreements card-howwedoit\"><div class=\"expander-box filter-box tag-active \"><div class=\"expander-title\" tabindex=\"0\" role=\"button\" aria-pressed=\"false\" aria-expanded=\"false\"><h3 class=\"expander-heading-title\">Episodio 105 &#8211; CR074: Reflexiones sobre la temporada 3 con Dave, Rob y algunos invitados especiales | Jul. 2024<\/h3><\/div><div class=\"expander-content\"><p><\/p><div class=\"bg-color video-align-right\"><div class=\"container\"><div class=\"row video-align-left\"><div class=\"col-md-12\"><div class=\"video-align-left row box box--4 box--mini\"><div class=\"col-md-3\"><\/div><div class=\"col-md-8 box-img-wrapper\"><div class=\"video-box\"><\/div><\/div><\/div><\/div><\/div><\/div><\/div>\n<p>Dave y Rob, junto con algunos invitados especiales, reflexionan sobre la incre\u00edble experiencia de la temporada 3, destacando sus temas m\u00e1s relevantes. Tambi\u00e9n comparten lo que les entusiasma hacer durante el verano y ofrecen un adelanto de lo que nos espera en la temporada 4.<\/p>\n\n\n\n<p>Gracias a todos nuestros oyentes e invitados por acompa\u00f1arnos en la temporada 3. \u00a1Que tengan un excelente verano y los vemos en septiembre!<\/p>\n\n\n\n<p><strong>TLDR:<\/strong><\/p>\n\n\n\n<ul class=\"wp-block-list\">\n<li>01:00 El capit\u00e1n de la nave intelectual de Rob est\u00e1 confundido<\/li>\n\n\n\n<li>05:48 Cinco lecciones para el liderazgo del cambio<\/li>\n\n\n\n<li>11:40 Nuestra buena amiga, la IA<\/li>\n\n\n\n<li>19:28 Ralentizaci\u00f3n, Simplificaci\u00f3n y Amplificaci\u00f3n<\/li>\n\n\n\n<li>21:50 \u00a1Los equipos diversos obtienen mejores resultados!<\/li>\n\n\n\n<li>24:15 Transformaci\u00f3n digital<\/li>\n\n\n\n<li>29:24 El asombroso mundo de las FinOps (sostenibles)<\/li>\n\n\n\n<li>42:50 \u00bfPueden los humanos gestionar todos los cambios tecnol\u00f3gicos?<\/li>\n\n\n\n<li>50:40 Kern-vergencia<\/li>\n\n\n\n<li>56:35 Invitado especial<\/li>\n<\/ul>\n\n\n\n<div class=\"wp-block-buttons is-layout-flex wp-block-buttons-is-layout-flex\">\n<div class=\"wp-block-button is-style-outline is-style-outline--9\"><a class=\"wp-block-button__link wp-element-button\" href=\"https:\/\/www.capgemini.com\/wp-content\/uploads\/2024\/07\/Branding_Podcast-Transcript_CX0074-Season-3-reflections-with-Dave-Rob-and-some-special-guests.pdf\" target=\"_blank\" rel=\"noreferrer noopener\">Transcripci\u00f3n del episodio<\/a><\/div>\n\n\n\n<div class=\"wp-block-button is-style-outline is-style-outline--10\"><a class=\"wp-block-button__link wp-element-button\" href=\"https:\/\/open.spotify.com\/episode\/2MFeFuYPE9n9fJiRPo4XW3\" target=\"_blank\" rel=\"noreferrer noopener\">Escuchar<\/a><\/div>\n<\/div>\n<div class=\"content-more\"><\/div><\/div><\/div><\/div><\/div>\n\n\n\n<div class=\"wp-block-cg-blocks-card-howwedoit expanders\"><div class=\"box card-regulated-agreements card-howwedoit\"><div class=\"expander-box filter-box tag-active \"><div class=\"expander-title\" tabindex=\"0\" role=\"button\" aria-pressed=\"false\" aria-expanded=\"false\"><h3 class=\"expander-heading-title\">Episodio 104 &#8211; CR073: Modernizaci\u00f3n masiva de sistemas heredados con Jacqueline Hanson, Departamento de Trabajo y Pensiones (DWP) | Julio de 2024<\/h3><\/div><div class=\"expander-content\"><p><\/p><div class=\"bg-color video-align-right\"><div class=\"container\"><div class=\"row video-align-left\"><div class=\"col-md-12\"><div class=\"video-align-left row box box--4 box--mini\"><div class=\"col-md-3\"><\/div><div class=\"col-md-8 box-img-wrapper\"><div class=\"video-box\"><\/div><\/div><\/div><\/div><\/div><\/div><\/div>\n<p>La modernizaci\u00f3n de los sistemas heredados implica actualizarlos a los est\u00e1ndares tecnol\u00f3gicos actuales, mejorar la eficiencia, la escalabilidad, las capacidades de integraci\u00f3n y mitigar los costos y riesgos de mantenimiento, un desaf\u00edo importante en el panorama de TI actual.<\/p>\n\n\n\n<p>Esta semana, Dave, Sjoukje y Rob hablan con Jacqueline Hanson, directora de servicios digitales b\u00e1sicos del Departamento de Trabajo y Pensiones (DWP), sobre los desaf\u00edos y los \u00e9xitos de la modernizaci\u00f3n del legado sin ninguna interrupci\u00f3n.<\/p>\n\n\n\n<p><strong>TLDR:<\/strong><\/p>\n\n\n\n<ul class=\"wp-block-list\">\n<li>01:30 Rob est\u00e1 confundido sobre la actualizaci\u00f3n del firmware humano y Life 3.0<\/li>\n\n\n\n<li>05:10 Conversaci\u00f3n sobre la nube con Jacqueline Hanson<\/li>\n\n\n\n<li>38:00 \u00bfCu\u00e1les son las cuatro tendencias de modernizaci\u00f3n de sistemas heredados?<\/li>\n\n\n\n<li>46:00 Saliendo a cenar<\/li>\n<\/ul>\n\n\n\n<p><strong>Invitada<\/strong>:<\/p>\n\n\n\n<ul class=\"wp-block-list\">\n<li><a href=\"https:\/\/www.linkedin.com\/in\/jacqueline-hanson-a70703\/\" target=\"_blank\" rel=\"noreferrer noopener\">Jacqueline Hanson<\/a><\/li>\n<\/ul>\n\n\n\n<div class=\"wp-block-buttons is-layout-flex wp-block-buttons-is-layout-flex\">\n<div class=\"wp-block-button is-style-outline is-style-outline--11\"><a class=\"wp-block-button__link wp-element-button\" href=\"https:\/\/www.capgemini.com\/wp-content\/uploads\/2024\/07\/Branding_Podcast-Transcript_CR073-Massive-scale-legacy-modernisation-with-Jacqueline-Hanson-Department-for-Work-and-Pensions-DWP.pdf\" target=\"_blank\" rel=\"noreferrer noopener\">Transcripci\u00f3n del episodio<\/a><\/div>\n\n\n\n<div class=\"wp-block-button is-style-outline is-style-outline--12\"><a class=\"wp-block-button__link wp-element-button\" href=\"https:\/\/open.spotify.com\/episode\/7DEIUKZb54ku0Dfzlxsez9?si=l-XvmhegSUeDri_daLlPDg\" target=\"_blank\" rel=\"noreferrer noopener\">Escuchar<\/a><\/div>\n<\/div>\n<div class=\"content-more\"><\/div><\/div><\/div><\/div><\/div>\n\n\n\n<div class=\"wp-block-cg-blocks-card-howwedoit expanders\"><div class=\"box card-regulated-agreements card-howwedoit\"><div class=\"expander-box filter-box tag-active \"><div class=\"expander-title\" tabindex=\"0\" role=\"button\" aria-pressed=\"false\" aria-expanded=\"false\"><h3 class=\"expander-heading-title\">Episodio 103 &#8211; CR072: El arte de la visualizaci\u00f3n de datos con Krishnan Venkata, LatentView Analytics | Julio de 2024<\/h3><\/div><div class=\"expander-content\"><p><\/p><div class=\"bg-color video-align-right\"><div class=\"container\"><div class=\"row video-align-left\"><div class=\"col-md-12\"><div class=\"video-align-left row box box--4 box--mini\"><div class=\"col-md-3\"><\/div><div class=\"col-md-8 box-img-wrapper\"><div class=\"video-box\"><\/div><\/div><\/div><\/div><\/div><\/div><\/div>\n<p>Esta semana, Dave y Rob hablan con Krishnan Venkata, director de clientes de LatentView Analytics, sobre el impacto de la visualizaci\u00f3n de datos en el liderazgo y el cambio de los paneles de control a los tableros de decisiones.<\/p>\n\n\n\n<p><strong>TLDR:<\/strong><\/p>\n\n\n\n<ul class=\"wp-block-list\">\n<li>02:00 \u00a1Rob est\u00e1 confundido sobre c\u00f3mo desvincularse de su jefe!<\/li>\n\n\n\n<li>07:11 Conversaci\u00f3n en la nube con Krishnan Venkata<\/li>\n\n\n\n<li>28:55 Los 10 mejores consejos para dise\u00f1ar la comunicaci\u00f3n<\/li>\n\n\n\n<li>40:00 \u00a1Explorando el hogar como un turista!<\/li>\n<\/ul>\n\n\n\n<p><strong>Guest<\/strong>:<\/p>\n\n\n\n<ul class=\"wp-block-list\">\n<li><a href=\"https:\/\/www.linkedin.com\/in\/krishnanvenkata\/\" target=\"_blank\" rel=\"noreferrer noopener\">Krishnan Venkata<\/a><\/li>\n<\/ul>\n\n\n\n<div class=\"wp-block-buttons is-layout-flex wp-block-buttons-is-layout-flex\">\n<div class=\"wp-block-button is-style-outline is-style-outline--13\"><a class=\"wp-block-button__link wp-element-button\" href=\"https:\/\/www.capgemini.com\/wp-content\/uploads\/2024\/07\/Branding_Podcast-Transcript_CR072-The-art-of-data-visualisation-with-Krishnan-Venkata-LatentView-Analytics.pdf\" target=\"_blank\" rel=\"noreferrer noopener\">Transcripci\u00f3n del episodio<\/a><\/div>\n\n\n\n<div class=\"wp-block-button is-style-outline is-style-outline--14\"><a class=\"wp-block-button__link wp-element-button\" href=\"https:\/\/open.spotify.com\/episode\/7kP8IvUmUvpMIRH4sqUUFF\" target=\"_blank\" rel=\"noreferrer noopener\">Escuchar<\/a><\/div>\n<\/div>\n<div class=\"content-more\"><\/div><\/div><\/div><\/div><\/div>\n\n\n\n<div class=\"wp-block-cg-blocks-card-howwedoit expanders\"><div class=\"box card-regulated-agreements card-howwedoit\"><div class=\"expander-box filter-box tag-active \"><div class=\"expander-title\" tabindex=\"0\" role=\"button\" aria-pressed=\"false\" aria-expanded=\"false\"><h3 class=\"expander-heading-title\">Episodio 102 &#8211; CR071: Reduciendo la brecha de talento en infraestructura de la nube con software, con Cory O&#8217;Daniel, Massdriver | Julio de 2024<\/h3><\/div><div class=\"expander-content\"><p><\/p><div class=\"bg-color video-align-right\"><div class=\"container\"><div class=\"row video-align-left\"><div class=\"col-md-12\"><div class=\"video-align-left row box box--4 box--mini\"><div class=\"col-md-3\"><\/div><div class=\"col-md-8 box-img-wrapper\"><div class=\"video-box\"><\/div><\/div><\/div><\/div><\/div><\/div><\/div>\n<p>La creciente escasez de profesionales de TI es un problema cr\u00edtico, impulsado por los r\u00e1pidos avances tecnol\u00f3gicos y una creciente demanda de habilidades especializadas, lo que deja a las empresas luchando por cubrir roles cruciales en un momento en que todav\u00eda est\u00e1n luchando por implementar y\/o madurar nuevos conceptos de DevOps.<\/p>\n\n\n\n<p>Esta semana, Dave y Rob hablan con Cory O&#8217;Daniel, director ejecutivo y cofundador de Massdriver, sobre el uso de software para cerrar la brecha de talento en la infraestructura de la nube, el papel de la ingenier\u00eda de plataformas en este desaf\u00edo constante, un estado de la naci\u00f3n sobre la madurez en el terreno en los equipos de ingenier\u00eda de plataformas de DevOps y la importancia de lograr que sus equipos de operaciones salgan a flote.<\/p>\n\n\n\n<p><strong>TLDR:<\/strong><\/p>\n\n\n\n<ul class=\"wp-block-list\">\n<li>02:00 \u00a1Rob est\u00e1 confundido con las redes sociales!<\/li>\n\n\n\n<li>07:11 Conversaci\u00f3n sobre la nube con Cory O&#8217;Daniel<\/li>\n\n\n\n<li>54:00 Los cinco elementos fundamentales de la ingenier\u00eda de plataformas<\/li>\n\n\n\n<li>01:03 \u00a1Jacuzzi!<\/li>\n<\/ul>\n\n\n\n<p><strong>Invitada:<\/strong><\/p>\n\n\n\n<ul class=\"wp-block-list\">\n<li><a href=\"https:\/\/www.linkedin.com\/in\/coryodaniel\/\" target=\"_blank\" rel=\"noreferrer noopener\">Cory O&#8217;Daniel<\/a><\/li>\n<\/ul>\n\n\n\n<div class=\"wp-block-buttons is-layout-flex wp-block-buttons-is-layout-flex\">\n<div class=\"wp-block-button is-style-outline is-style-outline--15\"><a class=\"wp-block-button__link wp-element-button\" href=\"https:\/\/www.capgemini.com\/wp-content\/uploads\/2024\/07\/Branding_Podcast-Transcript_CR071-Bridging-the-cloud-infrastructure-talent-gap-with-software-with-Cory-ODaniel-Massdriver.pdf\" target=\"_blank\" rel=\"noreferrer noopener\">Transcripci\u00f3n del episodio<\/a><\/div>\n\n\n\n<div class=\"wp-block-button is-style-outline is-style-outline--16\"><a class=\"wp-block-button__link wp-element-button\" href=\"https:\/\/open.spotify.com\/episode\/0zeKItceGMbu7rBbfHhQ5v\" target=\"_blank\" rel=\"noreferrer noopener\">Escuchar<\/a><\/div>\n<\/div>\n<div class=\"content-more\"><\/div><\/div><\/div><\/div><\/div>\n\n\n\n<div class=\"wp-block-cg-blocks-card-howwedoit expanders\"><div class=\"box card-regulated-agreements card-howwedoit\"><div class=\"expander-box filter-box tag-active \"><div class=\"expander-title\" tabindex=\"0\" role=\"button\" aria-pressed=\"false\" aria-expanded=\"false\"><h3 class=\"expander-heading-title\">Episodio 101 &#8211; CR070: FinOps de vanguardia con Roi Ravhon, Finout | Junio \u200b\u200bde 2024<\/h3><\/div><div class=\"expander-content\"><p><\/p><div class=\"bg-color video-align-right\"><div class=\"container\"><div class=\"row video-align-left\"><div class=\"col-md-12\"><div class=\"video-align-left row box box--4 box--mini\"><div class=\"col-md-3\"><\/div><div class=\"col-md-8 box-img-wrapper\"><div class=\"video-box\"><\/div><\/div><\/div><\/div><\/div><\/div><\/div>\n<p>FinOps bien implementado no es solo un control de costos b\u00e1sico, es una disciplina emergente que le permite desarrollar nuevas herramientas y pr\u00e1cticas, mejorando su econom\u00eda de la nube y mejorando la responsabilidad financiera general en la nube.<\/p>\n\n\n\n<p>Esta semana, Dave y Rob hablan con Roi Ravhon, cofundador y director ejecutivo de Finout, sobre los conceptos b\u00e1sicos de FinOps, el estado actual del arte y los diferenciadores clave entre la gesti\u00f3n de costos y el FinOps moderno.<\/p>\n\n\n\n<p><strong>TLDR:<\/strong><\/p>\n\n\n\n<ul class=\"wp-block-list\">\n<li>02:10 Rob est\u00e1 confundido con la estrategia de una semana<\/li>\n\n\n\n<li>05:21 Conversaci\u00f3n sobre la nube con Roi Ravhon<\/li>\n\n\n\n<li>33:00 Qu\u00e9 impacta realmente el costo en la nube<\/li>\n\n\n\n<li>41:15 \u00a1Un beb\u00e9!<\/li>\n<\/ul>\n\n\n\n<p><strong>Invitada<\/strong>:<\/p>\n\n\n\n<ul class=\"wp-block-list\">\n<li><a href=\"https:\/\/www.linkedin.com\/in\/roiravhon\/?originalSubdomain=il\" target=\"_blank\" rel=\"noreferrer noopener\">Roi Ravhon<\/a><\/li>\n<\/ul>\n\n\n\n<div class=\"wp-block-buttons is-layout-flex wp-block-buttons-is-layout-flex\">\n<div class=\"wp-block-button is-style-outline is-style-outline--17\"><a class=\"wp-block-button__link wp-element-button\" href=\"https:\/\/www.capgemini.com\/wp-content\/uploads\/2024\/07\/Branding_Podcast-Transcript_CR070-State-of-the-art-FinOps-Roi-Ravhon-Finout.pdf\" target=\"_blank\" rel=\"noreferrer noopener\">Transcripci\u00f3n del episodio<\/a><\/div>\n\n\n\n<div class=\"wp-block-button is-style-outline is-style-outline--18\"><a class=\"wp-block-button__link wp-element-button\" href=\"https:\/\/open.spotify.com\/episode\/6xoOGEkbhOmPoLFVgPLpnW\" target=\"_blank\" rel=\"noreferrer noopener\">Escuchar<\/a><\/div>\n<\/div>\n<div class=\"content-more\"><\/div><\/div><\/div><\/div><\/div>\n\n\n\n<div class=\"wp-block-cg-blocks-card-howwedoit expanders\"><div class=\"box card-regulated-agreements card-howwedoit\"><div class=\"expander-box filter-box tag-active \"><div class=\"expander-title\" tabindex=\"0\" role=\"button\" aria-pressed=\"false\" aria-expanded=\"false\"><h3 class=\"expander-heading-title\">Episodio 100 &#8211; CR069: La importancia de la gobernanza en la era digital con Bart Groothuis, diputado al Parlamento Europeo | Junio \u200b\u200bde 2024<\/h3><\/div><div class=\"expander-content\"><p><\/p><div class=\"bg-color video-align-right\"><div class=\"container\"><div class=\"row video-align-left\"><div class=\"col-md-12\"><div class=\"video-align-left row box box--4 box--mini\"><div class=\"col-md-3\"><\/div><div class=\"col-md-8 box-img-wrapper\"><div class=\"video-box\"><\/div><\/div><\/div><\/div><\/div><\/div><\/div>\n<p>Para nuestra grabaci\u00f3n n\u00famero 100 (incluye estudio y en vivo), hablamos sobre por qu\u00e9 la gobernanza es tan importante en la era digital, para defenderse de los ataques y garantizar que la innovaci\u00f3n tecnol\u00f3gica sea segura.<\/p>\n\n\n\n<p>Esta semana, Dave, Rob y Sjoukje hablan con Bart Groothuis, miembro del Parlamento Europeo, sobre el papel que desempe\u00f1a la UE en la ciberseguridad, haciendo visible el riesgo cibern\u00e9tico para los altos ejecutivos, la ciberresiliencia y la nueva carrera para garantizar que tengamos una IA segura. Tambi\u00e9n analizamos la difusi\u00f3n de informaci\u00f3n err\u00f3nea de algunos pa\u00edses y la importancia de estar alerta, ya que tiene un gran impacto en nuestro mundo.<\/p>\n\n\n\n<p><strong>TLDR:<\/strong><\/p>\n\n\n\n<ul class=\"wp-block-list\">\n<li>01:40: \u00bfRob se confunde al contar hasta 100?<\/li>\n\n\n\n<li>03:50: Conversaci\u00f3n en la nube con Bart Groothuis<\/li>\n\n\n\n<li>33:40: Las predicciones de seguridad incluyen el aumento de las amenazas generadas por IA<\/li>\n\n\n\n<li>39:00: \u00a1El cumplea\u00f1os de la hija de Bart!<\/li>\n<\/ul>\n\n\n\n<p><strong>Invitada:<\/strong><\/p>\n\n\n\n<ul class=\"wp-block-list\">\n<li><a href=\"https:\/\/www.linkedin.com\/in\/groothuisbart\/\" target=\"_blank\" rel=\"noreferrer noopener\">Bart Groothuis<\/a><\/li>\n<\/ul>\n\n\n\n<div class=\"wp-block-buttons is-layout-flex wp-block-buttons-is-layout-flex\">\n<div class=\"wp-block-button is-style-outline is-style-outline--19\"><a class=\"wp-block-button__link wp-element-button\" href=\"https:\/\/open.spotify.com\/episode\/4eH70JUvzvp0szITtovgZ2\" target=\"_blank\" rel=\"noreferrer noopener\">Escuchar<\/a><\/div>\n<\/div>\n<div class=\"content-more\"><\/div><\/div><\/div><\/div><\/div>\n\n\n\n<div class=\"wp-block-cg-blocks-card-howwedoit expanders\"><div class=\"box card-regulated-agreements card-howwedoit\"><div class=\"expander-box filter-box tag-active \"><div class=\"expander-title\" tabindex=\"0\" role=\"button\" aria-pressed=\"false\" aria-expanded=\"false\"><h3 class=\"expander-heading-title\">Episodio 99 &#8211; CR068: La experiencia de compras definitiva con Angelo Coletta, Zakeke | Junio \u200b\u200bde 2024<\/h3><\/div><div class=\"expander-content\"><p><\/p><div class=\"bg-color video-align-right\"><div class=\"container\"><div class=\"row video-align-left\"><div class=\"col-md-12\"><div class=\"video-align-left row box box--4 box--mini\"><div class=\"col-md-3\"><\/div><div class=\"col-md-8 box-img-wrapper\"><div class=\"video-box\"><\/div><\/div><\/div><\/div><\/div><\/div><\/div>\n<p>La experiencia en l\u00ednea est\u00e1 subiendo a un nivel superior. El nuevo hardware junto con las visualizaciones de siguiente nivel est\u00e1n creando experiencias del mundo real con productos de manera virtual, mientras que las experiencias en la tienda se acercan a brindar la personalizaci\u00f3n y la eficiencia que ahora vemos (y esperamos) en lo digital.<\/p>\n\n\n\n<p>Dave y Rob hablan con Angelo Coletta, CEO y fundador de Zakeke, una empresa centrada en la capa de visualizaci\u00f3n, sobre la evoluci\u00f3n de la experiencia digital, las ideas fundadoras de Zakeke, c\u00f3mo el producto digital se est\u00e1 volviendo m\u00e1s f\u00edsico y c\u00f3mo lo f\u00edsico se est\u00e1 volviendo m\u00e1s digital y el grupo tambi\u00e9n charla sobre qu\u00e9 experiencia de compra les reson\u00f3 recientemente y si la experiencia digital moderna jug\u00f3 un papel en eso.<\/p>\n\n\n\n<p><strong>TLDR:<\/strong><\/p>\n\n\n\n<ul class=\"wp-block-list\">\n<li>00:56 \u00bfSe est\u00e1 volviendo todo demasiado complejo?<\/li>\n\n\n\n<li>06:00 Conversaci\u00f3n en la nube con Angelo Coletta<\/li>\n\n\n\n<li>38:14 C\u00f3mo estamos cambiando nuestros h\u00e1bitos de compra<\/li>\n\n\n\n<li>49:10 \u00a1Montar a caballo!<\/li>\n<\/ul>\n\n\n\n<p><strong><span style=\"color: rgb(0, 0, 0); font-family: system-ui, -apple-system, BlinkMacSystemFont, &quot;Segoe UI&quot;, Roboto, Oxygen-Sans, Ubuntu, Cantarell, &quot;Helvetica Neue&quot;, Arial, sans-serif; letter-spacing: normal; white-space-collapse: collapse;\">Invitada<\/span>:<\/strong><\/p>\n\n\n\n<ul class=\"wp-block-list\">\n<li><a href=\"https:\/\/www.linkedin.com\/in\/angelo-coletta\/\" target=\"_blank\" rel=\"noreferrer noopener\">Angelo Coletta<\/a><\/li>\n<\/ul>\n\n\n\n<div class=\"wp-block-buttons is-layout-flex wp-block-buttons-is-layout-flex\">\n<div class=\"wp-block-button is-style-outline is-style-outline--20\"><a class=\"wp-block-button__link wp-element-button\" href=\"https:\/\/www.capgemini.com\/wp-content\/uploads\/2024\/07\/Branding_Podcast-Transcript_CR068-The-Ultimate-Shopping-Experience-with-Angelo-Coletta-Zakeke-1.pdf\" target=\"_blank\" rel=\"noreferrer noopener\">Transcripci\u00f3n del episodio<\/a><\/div>\n\n\n\n<div class=\"wp-block-button is-style-outline is-style-outline--21\"><a class=\"wp-block-button__link wp-element-button\" href=\"https:\/\/open.spotify.com\/episode\/1mCd3Hf5dFkg9xFaCr5j7N\" target=\"_blank\" rel=\"noreferrer noopener\">Escuchar<\/a><\/div>\n<\/div>\n<div class=\"content-more\"><\/div><\/div><\/div><\/div><\/div>\n\n\n\n<div class=\"wp-block-cg-blocks-card-howwedoit expanders\"><div class=\"box card-regulated-agreements card-howwedoit\"><div class=\"expander-box filter-box tag-active \"><div class=\"expander-title\" tabindex=\"0\" role=\"button\" aria-pressed=\"false\" aria-expanded=\"false\"><h3 class=\"expander-heading-title\">Episodio 98 &#8211; CR067: Transformaci\u00f3n digital en microcosmos con Nathan Clark, Ganymede | Junio \u200b\u200bde 2024<\/h3><\/div><div class=\"expander-content\"><p><\/p><div class=\"bg-color video-align-right\"><div class=\"container\"><div class=\"row video-align-left\"><div class=\"col-md-12\"><div class=\"video-align-left row box box--4 box--mini\"><div class=\"col-md-3\"><\/div><div class=\"col-md-8 box-img-wrapper\"><div class=\"video-box\"><\/div><\/div><\/div><\/div><\/div><\/div><\/div>\n<p>\u00abTransformaci\u00f3n digital\u00bb es un t\u00e9rmino muy utilizado, y a menudo de forma incorrecta. Generalmente se utiliza para describir simplemente la digitalizaci\u00f3n de un proceso y hacer que lo que ya hacemos funcione de forma m\u00e1s eficiente. Sin embargo, una buena DTx es mucho m\u00e1s que eso\u2026<\/p>\n\n\n\n<p>Esta semana, Dave y Rob conversan con Nathan Clark, fundador y director ejecutivo de Ganymede, sobre c\u00f3mo su plataforma proporciona datos en el lugar, el momento y el orden adecuados en todo el proceso de laboratorio biotecnol\u00f3gico. Analizan su funcionamiento, los resultados que mejora y si constituye un caso pr\u00e1ctico \u00fatil sobre c\u00f3mo es una buena transformaci\u00f3n digital.<\/p>\n\n\n\n<p><strong>TLDR:<\/strong><\/p>\n\n\n\n<ul class=\"wp-block-list\">\n<li>02:30 \u00bfRob est\u00e1 confundido sobre ser un superh\u00e9roe en Matrix?<\/li>\n\n\n\n<li>05:40: Conversaci\u00f3n de Cloud Biotech con Nathan Clark<\/li>\n\n\n\n<li>31:50: \u00bfTraer\u00e1 el futuro el comunicador de Star Trek?<\/li>\n\n\n\n<li>37:50: \u00a1Comprando una casa en Nueva York!<\/li>\n<\/ul>\n\n\n\n<p><strong>Invitada:<\/strong><\/p>\n\n\n\n<ul class=\"wp-block-list\">\n<li><a href=\"https:\/\/www.linkedin.com\/in\/nathan-clark-4b850134\/\" target=\"_blank\" rel=\"noreferrer noopener\">Nathan Clark<\/a><\/li>\n<\/ul>\n\n\n\n<div class=\"wp-block-buttons is-layout-flex wp-block-buttons-is-layout-flex\">\n<div class=\"wp-block-button is-style-outline is-style-outline--22\"><a class=\"wp-block-button__link wp-element-button\" href=\"https:\/\/www.capgemini.com\/wp-content\/uploads\/2024\/06\/Branding_Podcast-Transcript_CR067-Digital-transformation-in-microcosm-with-Nathan-Clark-Ganymede.pdf\" target=\"_blank\" rel=\"noreferrer noopener\">Transcripci\u00f3n del episodio<\/a><\/div>\n\n\n\n<div class=\"wp-block-button is-style-outline is-style-outline--23\"><a class=\"wp-block-button__link wp-element-button\" href=\"https:\/\/open.spotify.com\/episode\/6yYzuVH917ATh8sIG3BoME\" target=\"_blank\" rel=\"noreferrer noopener\">Escuchar<\/a><\/div>\n<\/div>\n<div class=\"content-more\"><\/div><\/div><\/div><\/div><\/div>\n\n\n\n<div class=\"wp-block-cg-blocks-card-howwedoit expanders\"><div class=\"box card-regulated-agreements card-howwedoit\"><div class=\"expander-box filter-box tag-active \"><div class=\"expander-title\" tabindex=\"0\" role=\"button\" aria-pressed=\"false\" aria-expanded=\"false\"><h3 class=\"expander-heading-title\">Episodio 97 &#8211; CR066: Energ\u00eda ilimitada para sus centros de datos con Michael Crabb | Mayo de 2024<\/h3><\/div><div class=\"expander-content\"><p><\/p><div class=\"bg-color video-align-right\"><div class=\"container\"><div class=\"row video-align-left\"><div class=\"col-md-12\"><div class=\"video-align-left row box box--4 box--mini\"><div class=\"col-md-3\"><\/div><div class=\"col-md-8 box-img-wrapper\"><div class=\"video-box\"><\/div><\/div><\/div><\/div><\/div><\/div><\/div>\n<p>Existe una contradicci\u00f3n aterradora entre el aumento del consumo de energ\u00eda de las \u00faltimas innovaciones t\u00e9cnicas y el impacto que ese aumento tendr\u00e1 en la sociedad y el planeta.<\/p>\n\n\n\n<p>Esta semana, Dave y Rob hablan con Michael Carbb, vicepresidente s\u00e9nior de Comercial en Last Energy, sobre el enorme crecimiento del consumo de energ\u00eda debido a la electrificaci\u00f3n, la energ\u00eda que quiz\u00e1s se est\u00e9 convirtiendo en la nueva restricci\u00f3n, la energ\u00eda nuclear modular, el peligro percibido frente al peligro real de la energ\u00eda nuclear, si tenemos alternativas y cu\u00e1nto tiempo se tarda en llevar energ\u00eda modular a un centro de datos.<\/p>\n\n\n\n<p><strong>TLDR:<\/strong><\/p>\n\n\n\n<ul class=\"wp-block-list\">\n<li>03:00: Hiperpersonalizaci\u00f3n de la comunicaci\u00f3n<\/li>\n\n\n\n<li>06:25: Conversaci\u00f3n sobre la nube con Michael Crabb<\/li>\n\n\n\n<li>34:00: Centros de datos a hiperescala y sostenibilidad<\/li>\n\n\n\n<li>52:35: \u00a1Esperando al beb\u00e9!<\/li>\n<\/ul>\n\n\n\n<p><strong>Invitada:<\/strong><\/p>\n\n\n\n<ul class=\"wp-block-list\">\n<li><a href=\"https:\/\/www.linkedin.com\/in\/michaelcrabb1\/\" target=\"_blank\" rel=\"noreferrer noopener\">Michael Carbb<\/a><\/li>\n<\/ul>\n\n\n\n<div class=\"wp-block-buttons is-layout-flex wp-block-buttons-is-layout-flex\">\n<div class=\"wp-block-button is-style-outline is-style-outline--24\"><a class=\"wp-block-button__link wp-element-button\" href=\"https:\/\/www.capgemini.com\/wp-content\/uploads\/2024\/05\/Branding_Podcast-Transcript_CR066-Unlimited-power-for-your-data-centers-Michael-Crabb.pdf\" target=\"_blank\" rel=\"noreferrer noopener\">Transcripci\u00f3n del episodio<\/a><\/div>\n\n\n\n<div class=\"wp-block-button is-style-outline is-style-outline--25\"><a class=\"wp-block-button__link wp-element-button\" href=\"https:\/\/open.spotify.com\/episode\/3uFUV814RKePLYkPZamQWz\" target=\"_blank\" rel=\"noreferrer noopener\">Escuchar<\/a><\/div>\n<\/div>\n<div class=\"content-more\"><\/div><\/div><\/div><\/div><\/div>\n\n\n\n<div class=\"wp-block-cg-blocks-card-howwedoit expanders\"><div class=\"box card-regulated-agreements card-howwedoit\"><div class=\"expander-box filter-box tag-active \"><div class=\"expander-title\" tabindex=\"0\" role=\"button\" aria-pressed=\"false\" aria-expanded=\"false\"><h3 class=\"expander-heading-title\">Episodio 96 &#8211; CR065: Escalando la IA Gen con Bernard Marr, autor y futurista | Mayo de 2024<\/h3><\/div><div class=\"expander-content\"><p><\/p><div class=\"bg-color video-align-right\"><div class=\"container\"><div class=\"row video-align-left\"><div class=\"col-md-12\"><div class=\"video-align-left row box box--4 box--mini\"><div class=\"col-md-3\"><\/div><div class=\"col-md-8 box-img-wrapper\"><div class=\"video-box\"><\/div><\/div><\/div><\/div><\/div><\/div><\/div>\n<p>\u00bfHasta d\u00f3nde ha llegado GenAI m\u00e1s all\u00e1 de la innovaci\u00f3n tecnol\u00f3gica en los \u00faltimos 18 meses? Escuchamos mucho sobre los \u00faltimos avances sorprendentes, pero con su aplicaci\u00f3n comercial, \u00bfseguimos atrapados en un ciclo de PoC?<\/p>\n\n\n\n<p>Esta semana, Dave y Rob hablan con Bernard Marr, futurista, asesor tecnol\u00f3gico y estrat\u00e9gico, sobre su trabajo hasta la fecha (\u00a1m\u00e1s de 20 libros!) y su nuevo libro Generative AI in practice. 100 amazing ways it is Changing our world (IA generativa en la pr\u00e1ctica. 100 formas asombrosas en las que est\u00e1 cambiando nuestro mundo). Abordamos la evoluci\u00f3n de la IA, su efecto en los negocios y la sociedad y los riesgos y desaf\u00edos.<\/p>\n\n\n\n<p><strong>TDLR:<\/strong><\/p>\n\n\n\n<ul class=\"wp-block-list\">\n<li>01:21: Spam optimista<\/li>\n\n\n\n<li>06:25: Conversaci\u00f3n sobre la nube con Bernard Marr<\/li>\n\n\n\n<li>44:44: El auge de los asistentes de IA<\/li>\n\n\n\n<li>52:35: \u00a1Discurso inaugural en Boston!<\/li>\n<\/ul>\n\n\n\n<p><strong>Invitada:<\/strong><\/p>\n\n\n\n<ul class=\"wp-block-list\">\n<li><a href=\"https:\/\/www.linkedin.com\/in\/bernardmarr\/\" target=\"_blank\" rel=\"noreferrer noopener\">Bernard Marr<\/a><\/li>\n<\/ul>\n\n\n\n<p><strong>Libro:<\/strong><\/p>\n\n\n\n<ul class=\"wp-block-list\">\n<li><a href=\"https:\/\/www.amazon.com\/Generative-AI-Practice-Artificial-Intelligence\/dp\/1394245564\" target=\"_blank\" rel=\"noreferrer noopener\">La IA generativa en la pr\u00e1ctica: m\u00e1s de 100 formas sorprendentes en que la inteligencia artificial generativa est\u00e1 cambiando los negocios y la sociedad<\/a><\/li>\n<\/ul>\n\n\n\n<div class=\"wp-block-buttons is-layout-flex wp-block-buttons-is-layout-flex\">\n<div class=\"wp-block-button is-style-outline is-style-outline--26\"><a class=\"wp-block-button__link wp-element-button\" href=\"https:\/\/www.capgemini.com\/wp-content\/uploads\/2024\/05\/Branding_Podcast-Transcript_CR065-GenAI-in-practice-with-Bernard-Marr-Author-Futurist.pdf\" target=\"_blank\" rel=\"noreferrer noopener\">Transcripci\u00f3n del episodio<\/a><\/div>\n\n\n\n<div class=\"wp-block-button is-style-outline is-style-outline--27\"><a class=\"wp-block-button__link wp-element-button\" href=\"https:\/\/open.spotify.com\/episode\/4JB3Si8Nka4x8TIAQqwfw3\" target=\"_blank\" rel=\"noreferrer noopener\">Escuchar<\/a><\/div>\n<\/div>\n<div class=\"content-more\"><\/div><\/div><\/div><\/div><\/div>\n\n\n\n<div class=\"wp-block-cg-blocks-card-howwedoit expanders\"><div class=\"box card-regulated-agreements card-howwedoit\"><div class=\"expander-box filter-box tag-active \"><div class=\"expander-title\" tabindex=\"0\" role=\"button\" aria-pressed=\"false\" aria-expanded=\"false\"><h3 class=\"expander-heading-title\">Episodio 95 &#8211; CR064: Nuevas vulnerabilidades en la era digital con Jeremy Snyder, fundador de FireTail | Mayo de 2024<\/h3><\/div><div class=\"expander-content\"><p><\/p><div class=\"bg-color video-align-right\"><div class=\"container\"><div class=\"row video-align-left\"><div class=\"col-md-12\"><div class=\"video-align-left row box box--4 box--mini\"><div class=\"col-md-3\"><\/div><div class=\"col-md-8 box-img-wrapper\"><div class=\"video-box\"><\/div><\/div><\/div><\/div><\/div><\/div><\/div>\n<p>Por cada innovaci\u00f3n y progreso en la tecnolog\u00eda digital que nos trae nuevas oportunidades, tambi\u00e9n trae consigo potencialmente nuevas superficies de ataque, lo que proporciona oportunidades tambi\u00e9n para la comunidad black hat.<\/p>\n\n\n\n<p>Esta semana, Dave y Rob hablan con Jeremy Snyder, fundador y director ejecutivo de FireTail, sobre la ciberseguridad en un mundo de API y microservicios, los nuevos desaf\u00edos y vulnerabilidades que se introducen, por qu\u00e9 las t\u00e9cnicas cibern\u00e9ticas tradicionales se est\u00e1n volviendo insuficientes y celebramos el D\u00eda Mundial de la Contrase\u00f1a.<\/p>\n\n\n\n<p><strong>TLDR:<\/strong><\/p>\n\n\n\n<ul class=\"wp-block-list\">\n<li>03:00 El estr\u00e9s de los tres puntos<\/li>\n\n\n\n<li>06:00 Conversaci\u00f3n en la nube con Jeremy Snyder<\/li>\n\n\n\n<li>41:00 Pa55w0rds, p@sswords, password1234s<\/li>\n\n\n\n<li>49:30 \u00a1El verano y la racha de final de temporada del Arsenal!<\/li>\n<\/ul>\n\n\n\n<p><strong>Guest:<\/strong><\/p>\n\n\n\n<ul class=\"wp-block-list\">\n<li><a href=\"https:\/\/www.linkedin.com\/in\/jeremysnyder\/\" target=\"_blank\" rel=\"noreferrer noopener\">Jeremy Snyder<\/a><\/li>\n<\/ul>\n\n\n\n<div class=\"wp-block-buttons is-layout-flex wp-block-buttons-is-layout-flex\">\n<div class=\"wp-block-button is-style-outline is-style-outline--28\"><a class=\"wp-block-button__link wp-element-button\" href=\"https:\/\/www.capgemini.com\/wp-content\/uploads\/2024\/05\/Branding_Podcast-Transcript_CR064-New-vulnerabilities-in-the-digital-age-with-Jeremy-Snyder-Founder-of-FireTail.pdf\" target=\"_blank\" rel=\"noreferrer noopener\">Transcripci\u00f3n del episodio<\/a><\/div>\n\n\n\n<div class=\"wp-block-button is-style-outline is-style-outline--29\"><a class=\"wp-block-button__link wp-element-button\" href=\"https:\/\/open.spotify.com\/episode\/2DNhSO0V4ov4QNJdA8f1dT\" target=\"_blank\" rel=\"noreferrer noopener\">Escuchar<\/a><\/div>\n<\/div>\n<div class=\"content-more\"><\/div><\/div><\/div><\/div><\/div>\n\n\n\n<div class=\"wp-block-cg-blocks-card-howwedoit expanders\"><div class=\"box card-regulated-agreements card-howwedoit\"><div class=\"expander-box filter-box tag-active \"><div class=\"expander-title\" tabindex=\"0\" role=\"button\" aria-pressed=\"false\" aria-expanded=\"false\"><h3 class=\"expander-heading-title\">Episodio 94 &#8211; CR063: El impacto de la automatizaci\u00f3n impulsada por IA con Gretchen Alarcon, ServiceNow | Mayo de 2024<\/h3><\/div><div class=\"expander-content\"><p><\/p><div class=\"bg-color video-align-right\"><div class=\"container\"><div class=\"row video-align-left\"><div class=\"col-md-12\"><div class=\"video-align-left row box box--4 box--mini\"><div class=\"col-md-3\"><\/div><div class=\"col-md-8 box-img-wrapper\"><div class=\"video-box\"><\/div><\/div><\/div><\/div><\/div><\/div><\/div>\n<p>Las plataformas basadas en IA para automatizar m\u00faltiples flujos de trabajo de gesti\u00f3n son cada vez m\u00e1s comunes en las empresas actuales. Sin embargo, el potencial para explotarlas actualmente supera las limitaciones de implementaci\u00f3n.<\/p>\n\n\n\n<p>Esta semana, Dave, Sjoukje y Rob hablan con Gretchen Alarcon, vicepresidenta s\u00e9nior y gerente general de productos de flujos de trabajo de empleados en ServiceNow, sobre la automatizaci\u00f3n de la gesti\u00f3n de servicios de TI, la gesti\u00f3n de operaciones de TI y la gesti\u00f3n empresarial de TI, sobre la digitalizaci\u00f3n de lo que existe frente a la necesidad de repensar, sobre c\u00f3mo encaja la IA y sobre las cuestiones de cu\u00e1nto de los flujos de trabajo de gesti\u00f3n tradicionales actuales se pueden automatizar.<\/p>\n\n\n\n<p><strong>TLDR:<\/strong><\/p>\n\n\n\n<ul class=\"wp-block-list\">\n<li>01:09 \u00bfTiene futuro la b\u00fasqueda en internet?<\/li>\n\n\n\n<li>06:00 Conversaci\u00f3n sobre la nube con Gretchen Alarcon<\/li>\n\n\n\n<li>34:30 El pr\u00f3ximo gran avance en automatizaci\u00f3n<\/li>\n\n\n\n<li>40:40 \u00a1Knowledge 2024 y mudanza a Ohio!<\/li>\n<\/ul>\n\n\n\n<p><strong>Invitada:<\/strong><\/p>\n\n\n\n<ul class=\"wp-block-list\">\n<li><a href=\"https:\/\/www.linkedin.com\/in\/gretchenalarcon\/\" target=\"_blank\" rel=\"noreferrer noopener\">Gretchen Alarcon<\/a><\/li>\n<\/ul>\n\n\n\n<div class=\"wp-block-buttons is-layout-flex wp-block-buttons-is-layout-flex\">\n<div class=\"wp-block-button is-style-outline is-style-outline--30\"><a class=\"wp-block-button__link wp-element-button\" href=\"https:\/\/www.capgemini.com\/wp-content\/uploads\/2024\/05\/Branding_Podcast-Transcript_CR063-The-impact-of-AI-powered-automation-with-Gretchen-Alarcon-ServiceNow.pdf\" target=\"_blank\" rel=\"noreferrer noopener\">Transcripci\u00f3n del episodio<\/a><\/div>\n\n\n\n<div class=\"wp-block-button is-style-outline is-style-outline--31\"><a class=\"wp-block-button__link wp-element-button\" href=\"https:\/\/open.spotify.com\/episode\/38L6PoV8Lfgn3h7L0AlGX6\" target=\"_blank\" rel=\"noreferrer noopener\">Escuchar<\/a><\/div>\n<\/div>\n<div class=\"content-more\"><\/div><\/div><\/div><\/div><\/div>\n\n\n\n<div class=\"wp-block-cg-blocks-card-howwedoit expanders\"><div class=\"box card-regulated-agreements card-howwedoit\"><div class=\"expander-box filter-box tag-active \"><div class=\"expander-title\" tabindex=\"0\" role=\"button\" aria-pressed=\"false\" aria-expanded=\"false\"><h3 class=\"expander-heading-title\">Episodio 93 &#8211; CR062: Digitalizando Unilever con Juan Carlos Parada, Unilever | Mayo de 2024<\/h3><\/div><div class=\"expander-content\"><p><\/p><div class=\"bg-color video-align-right\"><div class=\"container\"><div class=\"row video-align-left\"><div class=\"col-md-12\"><div class=\"video-align-left row box box--4 box--mini\"><div class=\"col-md-3\"><\/div><div class=\"col-md-8 box-img-wrapper\"><div class=\"video-box\"><\/div><\/div><\/div><\/div><\/div><\/div><\/div>\n<p>En la segunda parte de nuestra serie ocasional, que analiza directamente las trayectorias y los desaf\u00edos de la digitalizaci\u00f3n de las principales empresas del mundo con sus l\u00edderes, nos centramos en Unilever, una de las empresas de bienes de consumo m\u00e1s grandes del mundo.<\/p>\n\n\n\n<p>Creen que la digitalizaci\u00f3n les permite responder a las expectativas de los clientes, la interrupci\u00f3n de la cadena de suministro, la inflaci\u00f3n de costos y el impacto de una crisis clim\u00e1tica creciente al desbloquear niveles radicalmente nuevos de colaboraci\u00f3n, capacidad y centralidad en el consumidor.<\/p>\n\n\n\n<p>Dave, Sjoukje y Rob hablan con Juan Carlos Parada, Director Global de Operaciones con Clientes de Unilever, sobre lo que significa una versi\u00f3n digital de Unilever, la emoci\u00f3n y la ansiedad de la digitalizaci\u00f3n, los desaf\u00edos de liderar una transformaci\u00f3n de tal escala y los aprendizajes personales del recorrido.<\/p>\n\n\n\n<p><strong>TLDR:<\/strong><\/p>\n\n\n\n<ul class=\"wp-block-list\">\n<li>01:30 Confusi\u00f3n entre las grandes tecnol\u00f3gicas y los estados nacionales<\/li>\n\n\n\n<li>04:37 Conversaci\u00f3n sobre la nube con Juan Carlos Parada<\/li>\n\n\n\n<li>57:22 Principales tendencias en la experiencia del cliente<\/li>\n\n\n\n<li>01:00:32 \u00a1Inmersi\u00f3n digital!<\/li>\n<\/ul>\n\n\n\n<p><strong>Invitada<\/strong>:<\/p>\n\n\n\n<ul class=\"wp-block-list\">\n<li><a href=\"https:\/\/www.linkedin.com\/in\/juan-carlos-parada-3065303\/\" target=\"_blank\" rel=\"noreferrer noopener\">Juan Carlos Parada<\/a><\/li>\n<\/ul>\n\n\n\n<div class=\"wp-block-buttons is-layout-flex wp-block-buttons-is-layout-flex\">\n<div class=\"wp-block-button is-style-outline is-style-outline--32\"><a class=\"wp-block-button__link wp-element-button\" href=\"https:\/\/www.capgemini.com\/wp-content\/uploads\/2024\/05\/Branding_Podcast-Transcript_CR062-Digitalising-Unilever-with-Juan-Carlos-Parada-Unilever.pdf\" target=\"_blank\" rel=\"noreferrer noopener\">Transcripci\u00f3n del episodio<\/a><\/div>\n\n\n\n<div class=\"wp-block-button is-style-outline is-style-outline--33\"><a class=\"wp-block-button__link wp-element-button\" href=\"https:\/\/open.spotify.com\/episode\/4EkT2Q1kFrNq9rTx9GgmSZ?si=77ce1dfe706e497e\" target=\"_blank\" rel=\"noreferrer noopener\">Escuchar<\/a><\/div>\n<\/div>\n<div class=\"content-more\"><\/div><\/div><\/div><\/div><\/div>\n\n\n\n<div class=\"wp-block-cg-blocks-card-howwedoit expanders\"><div class=\"box card-regulated-agreements card-howwedoit\"><div class=\"expander-box filter-box tag-active \"><div class=\"expander-title\" tabindex=\"0\" role=\"button\" aria-pressed=\"false\" aria-expanded=\"false\"><h3 class=\"expander-heading-title\">Episodio 92 &#8211; CR061: Ingenier\u00eda de producto en la startup m\u00e1s grande del mundo con Steve Westgarth, Haleon | Abr. 2024<\/h3><\/div><div class=\"expander-content\"><p><\/p><div class=\"bg-color video-align-right\"><div class=\"container\"><div class=\"row video-align-left\"><div class=\"col-md-12\"><div class=\"video-align-left row box box--4 box--mini\"><div class=\"col-md-3\"><\/div><div class=\"col-md-8 box-img-wrapper\"><div class=\"video-box\"><\/div><\/div><\/div><\/div><\/div><\/div><\/div>\n<p>Haleon, una empresa l\u00edder a nivel mundial en salud del consumidor, se considera la startup m\u00e1s grande del mundo. Sin embargo, tambi\u00e9n est\u00e1n lidiando con un gran legado empresarial, ya que se formaron a trav\u00e9s de una escisi\u00f3n de GSK. Si bien la ingenier\u00eda de productos y la transici\u00f3n a organizaciones centradas en productos a menudo se asocian \u00fanicamente con empresas nacidas en la nube, la realidad suele ser mucho m\u00e1s amplia y Haleon est\u00e1 en ese viaje.<\/p>\n\n\n\n<p>Esta semana, Dave, Rob y Sjoukje hablan con Steve Westgarth, director global de ingenier\u00eda y arquitectura en Haleon, sobre las mejores pr\u00e1cticas de ingenier\u00eda de productos, la creaci\u00f3n de equipos de alto rendimiento, la alineaci\u00f3n de los equipos de productos con el negocio, la cercan\u00eda m\u00e1xima de los ingenieros al negocio y si Agile est\u00e1 muerto o no.<\/p>\n\n\n\n<p><strong>TLDR:<\/strong><\/p>\n\n\n\n<ul class=\"wp-block-list\">\n<li>02:30 Confusi\u00f3n sobre cookies<\/li>\n\n\n\n<li>05:40 Conversaci\u00f3n sobre la nube con Steve Westgarth<\/li>\n\n\n\n<li>29:00 Cinco caracter\u00edsticas clave de los equipos de alto rendimiento<\/li>\n\n\n\n<li>35:00 \u00a1Una fiesta de cumplea\u00f1os sorpresa!<\/li>\n<\/ul>\n\n\n\n<p><strong>Invitada:<\/strong><\/p>\n\n\n\n<ul class=\"wp-block-list\">\n<li><a href=\"https:\/\/www.linkedin.com\/in\/stevewestgarth\/\" target=\"_blank\" rel=\"noreferrer noopener\">Steve Westgarth<\/a><\/li>\n<\/ul>\n\n\n\n<div class=\"wp-block-buttons is-layout-flex wp-block-buttons-is-layout-flex\">\n<div class=\"wp-block-button is-style-outline is-style-outline--34\"><a class=\"wp-block-button__link wp-element-button\" href=\"https:\/\/www.capgemini.com\/wp-content\/uploads\/2024\/04\/Branding_Podcast-Transcript_CR061-Product-engineering-in-the-worlds-biggest-startup-with-Steve-Westgarth-Haleon.pdf\" target=\"_blank\" rel=\"noreferrer noopener\">Transcripci\u00f3n del episodio<\/a><\/div>\n\n\n\n<div class=\"wp-block-button is-style-outline is-style-outline--35\"><a class=\"wp-block-button__link wp-element-button\" href=\"https:\/\/open.spotify.com\/episode\/3nDD124PcSGXA8yp94t5yF?si=0a3f3fcd5ded4438\" target=\"_blank\" rel=\"noreferrer noopener\">Escuchar<\/a><\/div>\n<\/div>\n<div class=\"content-more\"><\/div><\/div><\/div><\/div><\/div>\n\n\n\n<div class=\"wp-block-cg-blocks-card-howwedoit expanders\"><div class=\"box card-regulated-agreements card-howwedoit\"><div class=\"expander-box filter-box tag-active \"><div class=\"expander-title\" tabindex=\"0\" role=\"button\" aria-pressed=\"false\" aria-expanded=\"false\"><h3 class=\"expander-heading-title\">Episodio 91 &#8211; CR060: Activista de la sostenibilidad corporativa con Rainer Karcher, Allianz Technology | Abr. 2024<\/h3><\/div><div class=\"expander-content\"><p><\/p><div class=\"bg-color video-align-right\"><div class=\"container\"><div class=\"row video-align-left\"><div class=\"col-md-12\"><div class=\"video-align-left row box box--4 box--mini\"><div class=\"col-md-3\"><\/div><div class=\"col-md-8 box-img-wrapper\"><div class=\"video-box\"><\/div><\/div><\/div><\/div><\/div><\/div><\/div>\n<p>La sostenibilidad y el impacto clim\u00e1tico se consideran ampliamente un problema cr\u00edtico, pero a veces no est\u00e1 tan claro qu\u00e9 podemos hacer espec\u00edficamente a nivel individual en un entorno empresarial.<\/p>\n\n\n\n<p>Esta semana, Dave, Sjoukje y Rob hablan con Rainer Karcher, director de sostenibilidad de Allianz Technology, sobre c\u00f3mo se unen la RSE y el desaf\u00edo clim\u00e1tico, los tres pilares de la responsabilidad social, c\u00f3mo encaja la digitalizaci\u00f3n, c\u00f3mo ser un activista clim\u00e1tico en el trabajo y si todos deber\u00edamos ser uno.<\/p>\n\n\n\n<p><strong>TLDR:<\/strong><\/p>\n\n\n\n<ul class=\"wp-block-list\">\n<li>03:05 Ciudad inteligente y la confusi\u00f3n rob\u00f3tica<\/li>\n\n\n\n<li>06:00 Conversaci\u00f3n sobre la nube con Rainer Karcher<\/li>\n\n\n\n<li>36:00 \u00a1Nuevos pasos hacia el futuro!<\/li>\n<\/ul>\n\n\n\n<p><strong>Invitada:<\/strong><\/p>\n\n\n\n<ul class=\"wp-block-list\">\n<li><a href=\"https:\/\/www.linkedin.com\/in\/rainerkarcher\/\" target=\"_blank\" rel=\"noreferrer noopener\">Rainer Karcher<\/a><\/li>\n<\/ul>\n\n\n\n<div class=\"wp-block-buttons is-layout-flex wp-block-buttons-is-layout-flex\">\n<div class=\"wp-block-button is-style-outline is-style-outline--36\"><a class=\"wp-block-button__link wp-element-button\" href=\"https:\/\/www.capgemini.com\/wp-content\/uploads\/2024\/04\/Branding_Podcast-Transcript_CR060-Being-a-corporate-sustainability-activist-with-Rainer-Karcher-Allianz-Technology.pdf\" target=\"_blank\" rel=\"noreferrer noopener\">Transcripci\u00f3n del episodio<\/a><\/div>\n\n\n\n<div class=\"wp-block-button is-style-outline is-style-outline--37\"><a class=\"wp-block-button__link wp-element-button\" href=\"https:\/\/open.spotify.com\/episode\/308lOeASchDbFuetgBNfrI?si=YSe1FhCgTFahw7PHQETrAQ\" target=\"_blank\" rel=\"noreferrer noopener\">Escuchar<\/a><\/div>\n<\/div>\n<div class=\"content-more\"><\/div><\/div><\/div><\/div><\/div>\n\n\n\n<div class=\"wp-block-cg-blocks-card-howwedoit expanders\"><div class=\"box card-regulated-agreements card-howwedoit\"><div class=\"expander-box filter-box tag-active \"><div class=\"expander-title\" tabindex=\"0\" role=\"button\" aria-pressed=\"false\" aria-expanded=\"false\"><h3 class=\"expander-heading-title\">Episodio 90 \u2013 CRLIVE29: Google Cloud Next 24, d\u00eda 3: La experiencia del cliente y la ingenier\u00eda de software se unen a la IA con Kevin Shatzkamer y Miku Jha, Google Cloud | Abr. 2024<\/h3><\/div><div class=\"expander-content\"><p><\/p><div class=\"bg-color video-align-right\"><div class=\"container\"><div class=\"row video-align-left\"><div class=\"col-md-12\"><div class=\"video-align-left row box box--4 box--mini\"><div class=\"col-md-3\"><\/div><div class=\"col-md-8 box-img-wrapper\"><div class=\"video-box\"><\/div><\/div><\/div><\/div><\/div><\/div><\/div>\n<p>En directo desde el coraz\u00f3n de Google Next&#8217;24 en Las Vegas, directamente desde la Expo, te traemos una serie limitada de episodios. \u00danete a nosotros para conectar Google, la IA, la adopci\u00f3n de la industria, la transformaci\u00f3n de la nube y la experiencia del cliente. Adem\u00e1s, te mantendremos al tanto de las \u00faltimas noticias y los chismes m\u00e1s interesantes.<\/p>\n\n\n\n<p>En el tercer d\u00eda de la conferencia, Dave, Sjoukje y Rob hablan con<\/p>\n\n\n\n<ul class=\"wp-block-list\">\n<li>Kevin Shatzkamer, Director General de IA Conversacional, habla sobre la aceleraci\u00f3n de la experiencia del cliente y su integraci\u00f3n con la IA.<\/li>\n\n\n\n<li>Miku Jha, Director de Ingenier\u00eda de Socios de IA\/ML, habla sobre la ingenier\u00eda de software para la IA generativa y su integraci\u00f3n con la IA.<\/li>\n<\/ul>\n\n\n\n<p><strong>TLDR:<\/strong><\/p>\n\n\n\n<ul class=\"wp-block-list\">\n<li>00:55 Anuncios desde la Expo en Google Next&#8217;24<\/li>\n\n\n\n<li>06:45 Acelerando la Experiencia del Cliente se une a la IA con Kevin Shatzkamer<\/li>\n\n\n\n<li>35:00 Ingenier\u00eda de software para la generaci\u00f3n se une a la IA con Miku Jha<\/li>\n\n\n\n<li>01:05:40 El equipo cierra la semana<\/li>\n<\/ul>\n\n\n\n<p><strong>Invitadas:<\/strong><\/p>\n\n\n\n<ul class=\"wp-block-list\">\n<li><a href=\"https:\/\/www.linkedin.com\/in\/kshatzka\/\" target=\"_blank\" rel=\"noreferrer noopener\">Kevin Shatzkamer<\/a><\/li>\n\n\n\n<li><a href=\"https:\/\/www.linkedin.com\/in\/mikujha\/\" target=\"_blank\" rel=\"noreferrer noopener\">Miku Jha<\/a><\/li>\n<\/ul>\n\n\n\n<div class=\"wp-block-buttons is-layout-flex wp-block-buttons-is-layout-flex\">\n<div class=\"wp-block-button is-style-outline is-style-outline--38\"><a class=\"wp-block-button__link wp-element-button\" href=\"https:\/\/open.spotify.com\/episode\/5IckZPgvfqnhWP1kFSvdhb?si=Tl7Pn-A5QP2xBXn5K9ahrA\" target=\"_blank\" rel=\"noreferrer noopener\">Escuchar<\/a><\/div>\n<\/div>\n<div class=\"content-more\"><\/div><\/div><\/div><\/div><\/div>\n\n\n\n<div class=\"wp-block-cg-blocks-card-howwedoit expanders\"><div class=\"box card-regulated-agreements card-howwedoit\"><div class=\"expander-box filter-box tag-active \"><div class=\"expander-title\" tabindex=\"0\" role=\"button\" aria-pressed=\"false\" aria-expanded=\"false\"><h3 class=\"expander-heading-title\">Episodio 89 &#8211; CRLIVE28: Google Cloud Next 24, D\u00eda 2: Seguros, cadena de suministro y operaciones de producci\u00f3n se unen a la IA con Nigel Walsh, Paula Natoli y Fabien Duboeuf, Google Cloud | Abr. 2024<\/h3><\/div><div class=\"expander-content\"><p><\/p><div class=\"bg-color video-align-right\"><div class=\"container\"><div class=\"row video-align-left\"><div class=\"col-md-12\"><div class=\"video-align-left row box box--4 box--mini\"><div class=\"col-md-3\"><\/div><div class=\"col-md-8 box-img-wrapper\"><div class=\"video-box\"><\/div><\/div><\/div><\/div><\/div><\/div><\/div>\n<p>En directo desde el coraz\u00f3n de Google Next&#8217;24 en Las Vegas, directamente desde la Expo, te traemos una serie limitada de episodios. \u00danete a nosotros para conectar Google, la IA, la adopci\u00f3n de la industria, la transformaci\u00f3n de la nube y la experiencia del cliente. Adem\u00e1s, te mantendremos al tanto de las \u00faltimas noticias y los chismes m\u00e1s interesantes.<\/p>\n\n\n\n<p>En el segundo d\u00eda de la conferencia, Dave, Sjoukje y Rob hablan con:<\/p>\n\n\n\n<ul class=\"wp-block-list\">\n<li>Nigel Walsh, Director de Seguros Globales, habla sobre la integraci\u00f3n de los seguros con la IA.<\/li>\n\n\n\n<li>Paula Natoli, Directora de Industrias Estrat\u00e9gicas Globales, Cadena de Suministro y Log\u00edstica, habla sobre la integraci\u00f3n de la cadena de suministro con la IA.<\/li>\n\n\n\n<li>Fabien Duboeuf, Gerente de Industria, Manufactura, habla sobre c\u00f3mo la IA est\u00e1 revolucionando las operaciones de producci\u00f3n y la experiencia del cliente.<\/li>\n<\/ul>\n\n\n\n<p><strong>TLDR:<\/strong><\/p>\n\n\n\n<ul class=\"wp-block-list\">\n<li>00:40 Anuncios desde la sala de exposiciones de Google Next&#8217;24<\/li>\n\n\n\n<li>12:11 Seguros y IA con Nigel Walsh<\/li>\n\n\n\n<li>32:55 Cadena de suministro y log\u00edstica con IA con Paula Natoli<\/li>\n\n\n\n<li>52:42 Transformaci\u00f3n de la nube y la experiencia del cliente con IA con Fabien Duboeuf<\/li>\n\n\n\n<li>1:15:24 Fin<\/li>\n<\/ul>\n\n\n\n<p><strong>Invitada:<\/strong><\/p>\n\n\n\n<ul class=\"wp-block-list\">\n<li><a href=\"https:\/\/www.linkedin.com\/in\/nigelwalsh\/\" target=\"_blank\" rel=\"noreferrer noopener\">Nigel Walsh<\/a><\/li>\n\n\n\n<li><a href=\"https:\/\/www.linkedin.com\/in\/paula-natoli-952309\/\" target=\"_blank\" rel=\"noreferrer noopener\">Paula Natoli<\/a><\/li>\n\n\n\n<li><a href=\"https:\/\/www.linkedin.com\/in\/fabien-duboeuf-1605504\/\" target=\"_blank\" rel=\"noreferrer noopener\">Fabien Duboeuf<\/a><\/li>\n<\/ul>\n\n\n\n<div class=\"wp-block-buttons is-layout-flex wp-block-buttons-is-layout-flex\">\n<div class=\"wp-block-button is-style-outline is-style-outline--39\"><a class=\"wp-block-button__link wp-element-button\" href=\"https:\/\/open.spotify.com\/episode\/2YnCJozaC1HkQ1ZuPgYVQk?si=URe1I8c3SR6oprgxpWEViA\" target=\"_blank\" rel=\"noreferrer noopener\">Escuchar<\/a><\/div>\n<\/div>\n<div class=\"content-more\"><\/div><\/div><\/div><\/div><\/div>\n\n\n\n<div class=\"wp-block-cg-blocks-card-howwedoit expanders\"><div class=\"box card-regulated-agreements card-howwedoit\"><div class=\"expander-box filter-box tag-active \"><div class=\"expander-title\" tabindex=\"0\" role=\"button\" aria-pressed=\"false\" aria-expanded=\"false\"><h3 class=\"expander-heading-title\">Episodio 88 &#8211; CRLIVE27: Google Cloud Next 24, D\u00eda 1: Innovaci\u00f3n y sostenibilidad se unen a la IA con Erwan Menard y Justin Keeble, Google Cloud | Abr. 2024<\/h3><\/div><div class=\"expander-content\"><p><\/p><div class=\"bg-color video-align-right\"><div class=\"container\"><div class=\"row video-align-left\"><div class=\"col-md-12\"><div class=\"video-align-left row box box--4 box--mini\"><div class=\"col-md-3\"><\/div><div class=\"col-md-8 box-img-wrapper\"><div class=\"video-box\"><\/div><\/div><\/div><\/div><\/div><\/div><\/div>\n<p>En directo desde el coraz\u00f3n de Google Next&#8217;24 en Las Vegas, directamente desde la Expo, te traemos una serie limitada de episodios. \u00danete a nosotros para conectar Google, la IA, la adopci\u00f3n de la industria, la transformaci\u00f3n de la nube y la experiencia del cliente. Adem\u00e1s, te mantendremos al tanto de las \u00faltimas noticias y los chismes m\u00e1s interesantes.<\/p>\n\n\n\n<p>El primer d\u00eda de la conferencia, Dave, Sjoukje y Rob hablan con<\/p>\n\n\n\n<ul class=\"wp-block-list\">\n<li>Erwan Menard, Director de Gesti\u00f3n de Productos y Activaci\u00f3n de Clientes, Cloud AI, habla sobre la innovaci\u00f3n y la IA.<\/li>\n\n\n\n<li>Justin Keeble, Director General de Sostenibilidad Global, habla sobre la sostenibilidad y la IA.<\/li>\n<\/ul>\n\n\n\n<p><strong>TLDR:<\/strong><\/p>\n\n\n\n<ul class=\"wp-block-list\">\n<li>00:40 Anuncios desde la Expo de Google Next&#8217;24<\/li>\n\n\n\n<li>08:38 La innovaci\u00f3n se une a la IA con Erwan Menard<\/li>\n\n\n\n<li>30:02 La sostenibilidad se une a la IA con Justin Keeble<\/li>\n<\/ul>\n\n\n\n<p><strong>Invitadas:<\/strong><\/p>\n\n\n\n<ul class=\"wp-block-list\">\n<li><a href=\"https:\/\/www.linkedin.com\/in\/erwanmenard\/\" target=\"_blank\" rel=\"noreferrer noopener\">Erwan Menard<\/a><\/li>\n\n\n\n<li><a href=\"https:\/\/www.linkedin.com\/in\/justinkeeble\/\" target=\"_blank\" rel=\"noreferrer noopener\">Justin Keeble<\/a><\/li>\n<\/ul>\n\n\n\n<div class=\"wp-block-buttons is-layout-flex wp-block-buttons-is-layout-flex\">\n<div class=\"wp-block-button is-style-outline is-style-outline--40\"><a class=\"wp-block-button__link wp-element-button\" href=\"https:\/\/open.spotify.com\/episode\/3LWSLZk8ltVIrWezdSaxvc?si=78JYf8ClTOy4i9HjYniUkw\" target=\"_blank\" rel=\"noreferrer noopener\">Escuchar<\/a><\/div>\n<\/div>\n<div class=\"content-more\"><\/div><\/div><\/div><\/div><\/div>\n\n\n\n<div class=\"wp-block-cg-blocks-card-howwedoit expanders\"><div class=\"box card-regulated-agreements card-howwedoit\"><div class=\"expander-box filter-box tag-active \"><div class=\"expander-title\" tabindex=\"0\" role=\"button\" aria-pressed=\"false\" aria-expanded=\"false\"><h3 class=\"expander-heading-title\">Episodio 87 &#8211; CR059: Digitalizando Fresenius con Ingo Elfering, Fresenius | Abr. 2024<\/h3><\/div><div class=\"expander-content\"><p><\/p><div class=\"bg-color video-align-right\"><div class=\"container\"><div class=\"row video-align-left\"><div class=\"col-md-12\"><div class=\"video-align-left row box box--4 box--mini\"><div class=\"col-md-3\"><\/div><div class=\"col-md-8 box-img-wrapper\"><div class=\"video-box\"><\/div><\/div><\/div><\/div><\/div><\/div><\/div>\n<p>Como primera parte de una nueva serie ocasional, analizamos directamente las trayectorias y los desaf\u00edos de la digitalizaci\u00f3n de las principales empresas del mundo con sus l\u00edderes.<\/p>\n\n\n\n<p>Empezamos con Fresenius, una multinacional europea del sector sanitario con sede en Bad Homburg, Alemania. Ofrece productos y servicios para di\u00e1lisis en hospitales, as\u00ed como atenci\u00f3n m\u00e9dica hospitalaria y ambulatoria.<\/p>\n\n\n\n<p>Esta semana, Dave, Sjoukje y Rob hablan con Ingo Elfering, CIO del Grupo Fresenius y CIO del A\u00f1o 2023 de la revista German CIO, sobre su complejo enfoque de transformaci\u00f3n multiproceso. Analizan lo que este enfoque ahora permite para Fresenius, c\u00f3mo la nube es el coraz\u00f3n para habilitar el cambio, los pr\u00f3ximos pasos ahora que se ha establecido una nueva plataforma significativa y c\u00f3mo se estableci\u00f3 el tono correcto a nivel de la Junta Directiva para habilitar la transformaci\u00f3n.<\/p>\n\n\n\n<p><strong>TLDR:<\/strong><\/p>\n\n\n\n<ul class=\"wp-block-list\">\n<li>01:33 \u00a1Kern-Vergence!<\/li>\n\n\n\n<li>06:00 Conversaci\u00f3n en la nube con Ingo Elfering<\/li>\n\n\n\n<li>49:47 \u00bfQu\u00e9 sigue despu\u00e9s de la transformaci\u00f3n y la planificaci\u00f3n de las vacaciones de este a\u00f1o?<\/li>\n<\/ul>\n\n\n\n<p><strong>Invitada:<\/strong><\/p>\n\n\n\n<ul class=\"wp-block-list\">\n<li><a href=\"https:\/\/www.linkedin.com\/in\/ingoelfering\/\" target=\"_blank\" rel=\"noreferrer noopener\">Ingo Elfering<\/a><\/li>\n<\/ul>\n\n\n\n<div class=\"wp-block-buttons is-layout-flex wp-block-buttons-is-layout-flex\">\n<div class=\"wp-block-button is-style-outline is-style-outline--41\"><a class=\"wp-block-button__link wp-element-button\" href=\"https:\/\/www.capgemini.com\/wp-content\/uploads\/2024\/04\/Branding_Podcast-Transcript_CR059-Digitalising-Fresenius-with-Ingo-Elfering-CIO.pdf\" target=\"_blank\" rel=\"noreferrer noopener\">Transcripci\u00f3n del episodio<\/a><\/div>\n\n\n\n<div class=\"wp-block-button is-style-outline is-style-outline--42\"><a class=\"wp-block-button__link wp-element-button\" href=\"https:\/\/open.spotify.com\/episode\/4AXXpNivwSKlnQoziWLGIS?si=58mEzuwvSd2jVq521jSWwA\" target=\"_blank\" rel=\"noreferrer noopener\">Escuchar<\/a><\/div>\n<\/div>\n<div class=\"content-more\"><\/div><\/div><\/div><\/div><\/div>\n\n\n\n<div class=\"wp-block-cg-blocks-card-howwedoit expanders\"><div class=\"box card-regulated-agreements card-howwedoit\"><div class=\"expander-box filter-box tag-active \"><div class=\"expander-title\" tabindex=\"0\" role=\"button\" aria-pressed=\"false\" aria-expanded=\"false\"><h3 class=\"expander-heading-title\">Episodio 86 &#8211; CR058: \u00bfDeber\u00edan las nubes costar la Tierra? con Mark Butcher, Posetiv | Marzo de 2024<\/h3><\/div><div class=\"expander-content\"><p><\/p><div class=\"bg-color video-align-right\"><div class=\"container\"><div class=\"row video-align-left\"><div class=\"col-md-12\"><div class=\"video-align-left row box box--4 box--mini\"><div class=\"col-md-3\"><\/div><div class=\"col-md-8 box-img-wrapper\"><div class=\"video-box\"><\/div><\/div><\/div><\/div><\/div><\/div><\/div>\n<p>GreenOps presenta un desaf\u00edo significativo para las empresas en su enfoque de datos de emisiones, sostenibilidad y operaciones en la nube. Equilibrar la innovaci\u00f3n tecnol\u00f3gica con la ecorresponsabilidad requiere alineaci\u00f3n estrat\u00e9gica y esfuerzo continuo, \u00a1pero la recompensa vale la pena!<\/p>\n\n\n\n<p>Esta semana, Dave y Sjoukje hablan con Mark Butcher, fundador y director ejecutivo de Posetiv, sobre GreenOps, c\u00f3mo se alinea con la realidad de nuestro uso de software, SaaS y nube, por qu\u00e9 los datos de emisiones aumentar\u00e1n antes de disminuir y si el costo es realmente un indicador confiable de sostenibilidad.<\/p>\n\n\n\n<p><strong>TLDR:<\/strong><\/p>\n\n\n\n<ul class=\"wp-block-list\">\n<li>01:00 Rob est\u00e1 confundido sobre su huella de carbono<\/li>\n\n\n\n<li>06:15 Conversaci\u00f3n sobre la nube con Mark Butcher<\/li>\n\n\n\n<li>19:10 Resultados sorprendentes de la encuesta e impacto en el talento<\/li>\n\n\n\n<li>43:25 Federaci\u00f3n en Green Ops<\/li>\n<\/ul>\n\n\n\n<p><strong>Invitada:<\/strong><\/p>\n\n\n\n<ul class=\"wp-block-list\">\n<li><a href=\"https:\/\/www.linkedin.com\/in\/markbutcher\/\" target=\"_blank\" rel=\"noreferrer noopener\">Mark Butcher<\/a><\/li>\n<\/ul>\n\n\n\n<div class=\"wp-block-buttons is-layout-flex wp-block-buttons-is-layout-flex\">\n<div class=\"wp-block-button is-style-outline is-style-outline--43\"><a class=\"wp-block-button__link wp-element-button\" href=\"https:\/\/open.spotify.com\/episode\/16WJdTOPNNE7cCp5kevL8M\" target=\"_blank\" rel=\"noreferrer noopener\">Escuchar<\/a><\/div>\n<\/div>\n<div class=\"content-more\"><\/div><\/div><\/div><\/div><\/div>\n\n\n\n<div class=\"wp-block-cg-blocks-card-howwedoit expanders\"><div class=\"box card-regulated-agreements card-howwedoit\"><div class=\"expander-box filter-box tag-active \"><div class=\"expander-title\" tabindex=\"0\" role=\"button\" aria-pressed=\"false\" aria-expanded=\"false\"><h3 class=\"expander-heading-title\">Episodio 85 &#8211; CR057: De DJ a proveedor de plataformas de telecomunicaciones en la nube con Peter Schroeder, Telzio | Marzo de 2024<\/h3><\/div><div class=\"expander-content\"><p><\/p><div class=\"bg-color video-align-right\"><div class=\"container\"><div class=\"row video-align-left\"><div class=\"col-md-12\"><div class=\"video-align-left row box box--4 box--mini\"><div class=\"col-md-3\"><\/div><div class=\"col-md-8 box-img-wrapper\"><div class=\"video-box\"><\/div><\/div><\/div><\/div><\/div><\/div><\/div>\n<p>Telzio es un gran ejemplo de innovaci\u00f3n impulsada por la nube, proporcionando una plataforma de telecomunicaciones basada en software para empresas de todos los tama\u00f1os en la nube. Pero a\u00fan m\u00e1s fascinante es la historia de c\u00f3mo lleg\u00f3 a existir Telzio\u2026<\/p>\n\n\n\n<p>Esta semana, Dave y Sjoukje hablan con Peter Schroeder, fundador y director ejecutivo de Telzio, sobre por qu\u00e9 y c\u00f3mo un DJ exitoso inici\u00f3 una empresa de telecomunicaciones basada en la nube, c\u00f3mo empezar sin financiaci\u00f3n externa ni publicidad, la competencia y los desaf\u00edos de la industria de las telecomunicaciones y, ah, \u00a1y c\u00f3mo sobrevivir a un accidente a\u00e9reo!<\/p>\n\n\n\n<p><strong>TLDR:<\/strong><\/p>\n\n\n\n<ul class=\"wp-block-list\">\n<li>01:36 Rayos C\u00f3smicos<\/li>\n\n\n\n<li>05:42 Conversaci\u00f3n sobre la nube con Peter Schroeder<\/li>\n\n\n\n<li>31:20 IA en la industria musical<\/li>\n\n\n\n<li>38:46 \u00a1Pasar tiempo con mis hijos haciendo lo que quieran!<\/li>\n<\/ul>\n\n\n\n<p><strong>Invitada:<\/strong><\/p>\n\n\n\n<ul class=\"wp-block-list\">\n<li><a href=\"https:\/\/www.linkedin.com\/in\/peterrankschroeder\/\" target=\"_blank\" rel=\"noreferrer noopener\">Peter Schroeder<\/a><\/li>\n<\/ul>\n\n\n\n<div class=\"wp-block-buttons is-layout-flex wp-block-buttons-is-layout-flex\">\n<div class=\"wp-block-button is-style-outline is-style-outline--44\"><a class=\"wp-block-button__link wp-element-button\" href=\"https:\/\/www.capgemini.com\/wp-content\/uploads\/2024\/03\/Branding_Podcast-Transcript_CR057-From-DJ-to-Cloud-telecom-platform-provider-with-Peter-Schroeder-Telzio.pdf\" target=\"_blank\" rel=\"noreferrer noopener\">Transcripci\u00f3n del episodio<\/a><\/div>\n\n\n\n<div class=\"wp-block-button is-style-outline is-style-outline--45\"><a class=\"wp-block-button__link wp-element-button\" href=\"https:\/\/open.spotify.com\/episode\/2MB86OON8HN0ygTpcRJl2a\" target=\"_blank\" rel=\"noreferrer noopener\">Escuchar<\/a><\/div>\n<\/div>\n<div class=\"content-more\"><\/div><\/div><\/div><\/div><\/div>\n\n\n\n<div class=\"wp-block-cg-blocks-card-howwedoit expanders\"><div class=\"box card-regulated-agreements card-howwedoit\"><div class=\"expander-box filter-box tag-active \"><div class=\"expander-title\" tabindex=\"0\" role=\"button\" aria-pressed=\"false\" aria-expanded=\"false\"><h3 class=\"expander-heading-title\">Episodio 84 &#8211; CR056: La revoluci\u00f3n de los certificados digitales con Nick France, Sectigo | Marzo de 2024<\/h3><\/div><div class=\"expander-content\"><p><\/p><div class=\"bg-color video-align-right\"><div class=\"container\"><div class=\"row video-align-left\"><div class=\"col-md-12\"><div class=\"video-align-left row box box--4 box--mini\"><div class=\"col-md-3\"><\/div><div class=\"col-md-8 box-img-wrapper\"><div class=\"video-box\"><\/div><\/div><\/div><\/div><\/div><\/div><\/div>\n<p>Un &#8220;certificado digital&#8221; demuestra la autenticidad de un dispositivo, servidor o usuario mientras se comunican entre s\u00ed: refuerza silenciosamente la seguridad en nuestro mundo digital. Sin embargo, como en la mayor\u00eda de las industrias, hay una disrupci\u00f3n en el horizonte en el mundo de los certificados digitales, y eso nos afecta a todos.<\/p>\n\n\n\n<p>Esta semana, Dave y Sjoukje hablan con Nick France, director de tecnolog\u00eda de SSL, Sectigo, sobre lo que hacen los certificados para mantenernos seguros, el impacto si un certificado se ve comprometido, cu\u00e1les son los pr\u00f3ximos cambios, c\u00f3mo afectan a las organizaciones y qu\u00e9 deber\u00edan hacer al respecto. Tambi\u00e9n hablamos de las grandes tendencias cibern\u00e9ticas para 2024.<\/p>\n\n\n\n<p><strong>TLDR:<\/strong><\/p>\n\n\n\n<ul class=\"wp-block-list\">\n<li>01:40 Apple y la UE<\/li>\n\n\n\n<li>07:00 Conversaci\u00f3n sobre la nube con Nick France<\/li>\n\n\n\n<li>32:30 Tendencias cibern\u00e9ticas para 2024<\/li>\n\n\n\n<li>38:11 \u00a1Cambios en la industria y Bricktastic!<\/li>\n<\/ul>\n\n\n\n<p><strong>Guest:<\/strong><\/p>\n\n\n\n<ul class=\"wp-block-list\">\n<li><a href=\"https:\/\/www.linkedin.com\/in\/nick-f-263b355\/\" target=\"_blank\" rel=\"noreferrer noopener\">Nick France<\/a><\/li>\n<\/ul>\n\n\n\n<div class=\"wp-block-buttons is-layout-flex wp-block-buttons-is-layout-flex\">\n<div class=\"wp-block-button is-style-outline is-style-outline--46\"><a class=\"wp-block-button__link wp-element-button\" href=\"https:\/\/www.capgemini.com\/wp-content\/uploads\/2024\/03\/Branding_Podcast-Transcript_CR056-Digital-certificate-revolution-with-Nick-France-Sectigo-1-3.pdf\" target=\"_blank\" rel=\"noreferrer noopener\">Transcripci\u00f3n del episodio<\/a><\/div>\n\n\n\n<div class=\"wp-block-button is-style-outline is-style-outline--47\"><a class=\"wp-block-button__link wp-element-button\" href=\"https:\/\/open.spotify.com\/episode\/7xFlsARJE0RERIYWQMHPIW\" target=\"_blank\" rel=\"noreferrer noopener\">Escuchar<\/a><\/div>\n<\/div>\n<div class=\"content-more\"><\/div><\/div><\/div><\/div><\/div>\n\n\n\n<div class=\"wp-block-cg-blocks-card-howwedoit expanders\"><div class=\"box card-regulated-agreements card-howwedoit\"><div class=\"expander-box filter-box tag-active \"><div class=\"expander-title\" tabindex=\"0\" role=\"button\" aria-pressed=\"false\" aria-expanded=\"false\"><h3 class=\"expander-heading-title\">Episodio 83 &#8211; CR055: Mujeres en Datos\u00ae con Roisin McCarthy, WiD, y Elisa Sai, Capgemini | Marzo de 2024<\/h3><\/div><div class=\"expander-content\"><p><\/p><div class=\"bg-color video-align-right\"><div class=\"container\"><div class=\"row video-align-left\"><div class=\"col-md-12\"><div class=\"video-align-left row box box--4 box--mini\"><div class=\"col-md-3\"><\/div><div class=\"col-md-8 box-img-wrapper\"><div class=\"video-box\"><\/div><\/div><\/div><\/div><\/div><\/div><\/div>\n<p>Para celebrar el D\u00eda Internacional de la Mujer, estamos encantados de dar la bienvenida nuevamente a Women in Data a la feria. Ofrecen una plataforma que permite a los profesionales de todos los niveles compartir sus conocimientos y experiencias, mientras trabajan junto a las empresas para ayudarlas a adoptar y desarrollar las enormes ventajas generadas por la diversidad.<\/p>\n\n\n\n<p>Esta semana, Dave y Sjoukje hablan con Roisin McCarthy, fundadora de Women in Data, y Elisa Sai, vicepresidenta de an\u00e1lisis e inteligencia artificial en Capgemini Invent, sobre la serie &#8220;Twenty in Data &amp; Tech&#8221; de Women in Data, el evento insignia de esta semana en el o2 de Londres. Obtenga un anuncio exclusivo sobre la serie &#8220;Twenty in Data &amp; Tech&#8221; del pr\u00f3ximo a\u00f1o y un llamado a la acci\u00f3n. Tambi\u00e9n hablamos con Elisa sobre c\u00f3mo es participar en el movimiento.<\/p>\n\n\n\n<p><strong>TLDR:<\/strong><\/p>\n\n\n\n<ul class=\"wp-block-list\">\n<li>00:56 Introducci\u00f3n<\/li>\n\n\n\n<li>02:17 Conversaci\u00f3n en la nube con Roisin McCarthy y Elisa Sai<\/li>\n\n\n\n<li>28:10 D\u00eda Internacional de la Mujer<\/li>\n\n\n\n<li>35:00 Resto del a\u00f1o con WiD y \u00a1un cumplea\u00f1os!<\/li>\n<\/ul>\n\n\n\n<p><strong>Invitada:<\/strong><\/p>\n\n\n\n<ul class=\"wp-block-list\">\n<li><a href=\"https:\/\/www.linkedin.com\/in\/roisinmccarthy\/\" target=\"_blank\" rel=\"noreferrer noopener\">Roisin McCarthy<\/a><\/li>\n\n\n\n<li><a href=\"https:\/\/www.linkedin.com\/in\/elisa-sai-40907623\/\" target=\"_blank\" rel=\"noreferrer noopener\">Elisa Sai<\/a><\/li>\n<\/ul>\n\n\n\n<div class=\"wp-block-buttons is-layout-flex wp-block-buttons-is-layout-flex\">\n<div class=\"wp-block-button is-style-outline is-style-outline--48\"><a class=\"wp-block-button__link wp-element-button\" href=\"https:\/\/www.capgemini.com\/wp-content\/uploads\/2024\/03\/Branding_Podcast-Transcript_CR055-Women-in-Data\u00ae-with-Roisin-McCarthy-WiD-and-Elisa-Sai-Capgemini.pdf\" target=\"_blank\" rel=\"noreferrer noopener\">Transcripci\u00f3n del episodio<\/a><\/div>\n\n\n\n<div class=\"wp-block-button is-style-outline is-style-outline--49\"><a class=\"wp-block-button__link wp-element-button\" href=\"https:\/\/open.spotify.com\/episode\/7aH5dkypQSfjZPxQlVQDe9\" target=\"_blank\" rel=\"noreferrer noopener\">Escuchar<\/a><\/div>\n<\/div>\n<div class=\"content-more\"><\/div><\/div><\/div><\/div><\/div>\n\n\n\n<div class=\"wp-block-cg-blocks-card-howwedoit expanders\"><div class=\"box card-regulated-agreements card-howwedoit\"><div class=\"expander-box filter-box tag-active \"><div class=\"expander-title\" tabindex=\"0\" role=\"button\" aria-pressed=\"false\" aria-expanded=\"false\"><h3 class=\"expander-heading-title\">Episodio 82 &#8211; CRLIVE26: MWC24: Humanizando la IA con Fawad Qureshi, Phil Kippen y Snowflake. Adem\u00e1s, la comunidad reflexiona sobre el MWC24 | 29 de febrero de 2024<\/h3><\/div><div class=\"expander-content\"><p>Estamos en vivo desde #MWC24 (Mobile World Conference 2024), directamente desde el piso de la Expo, con una serie limitada de episodios hablando con l\u00edderes de toda la industria sobre los temas de la conferencia, adem\u00e1s de actualizarse sobre todas las noticias y chismes.<br><br>Dave, Sjoukje y Rob hablan sobre &#8220;Humanizar la IA&#8221; con <strong>Fawad Qureshi, director de tecnolog\u00eda<\/strong> de campo en Snowflake, y Phil Kippen, director global de la industria de telecomunicaciones en Snowflake. Luego, el grupo completa los programas de la semana explorando el sexto y \u00faltimo tema, &#8220;Fabricaci\u00f3n DX&#8221;, y comparten sus reflexiones sobre el programa y sus decepciones en ciertas demostraciones\u2026<\/p><div class=\"bg-color video-align-right\"><div class=\"container\"><div class=\"row video-align-left\"><div class=\"col-md-12\"><div class=\"video-align-left row box box--4 box--mini\"><div class=\"col-md-3\"><\/div><div class=\"col-md-8 box-img-wrapper\"><div class=\"video-box\"><\/div><\/div><\/div><\/div><\/div><\/div><\/div>\n<p><strong>Invitadas:<\/strong><\/p>\n\n\n\n<ul class=\"wp-block-list\">\n<li><a href=\"https:\/\/www.linkedin.com\/in\/qureshi\/\" target=\"_blank\" rel=\"noreferrer noopener\">Fawad Qureshi<\/a><\/li>\n\n\n\n<li><a href=\"https:\/\/www.linkedin.com\/in\/philkippen\/\" target=\"_blank\" rel=\"noreferrer noopener\">Phil Kippen<\/a><\/li>\n<\/ul>\n\n\n\n<div class=\"wp-block-buttons is-layout-flex wp-block-buttons-is-layout-flex\">\n<div class=\"wp-block-button is-style-outline is-style-outline--50\"><a class=\"wp-block-button__link wp-element-button\" href=\"https:\/\/open.spotify.com\/episode\/7hiSIpf9ExpLXHNwtBrLsN\" target=\"_blank\" rel=\"noreferrer noopener\">Escuchar<\/a><\/div>\n<\/div>\n<div class=\"content-more\"><\/div><\/div><\/div><\/div><\/div>\n\n\n\n<div class=\"wp-block-cg-blocks-card-howwedoit expanders\"><div class=\"box card-regulated-agreements card-howwedoit\"><div class=\"expander-box filter-box tag-active \"><div class=\"expander-title\" tabindex=\"0\" role=\"button\" aria-pressed=\"false\" aria-expanded=\"false\"><h3 class=\"expander-heading-title\">Episodio 81 &#8211; CRLIVE25: MWC24: 5G y m\u00e1s all\u00e1 con Zarn Kucel y Chris McKenna, AWS | 28 de febrero de 2024<\/h3><\/div><div class=\"expander-content\"><p>Estamos en vivo desde #MWC24 (Mobile World Conference 2024), directamente desde el piso de la Expo, con una serie limitada de episodios hablando con l\u00edderes de toda la industria sobre los temas de la conferencia, adem\u00e1s de actualizarse sobre todas las noticias y chismes.<br><br>Dave, Sjoukje y Rob hablan con <strong>Zarn Kucel, director global de AWS Hybrid Edge, Telco &amp; CSP,<\/strong> y <strong>Chris McKenna, director mundial de desarrollo comercial para redes privadas en AWS<\/strong>, sobre el tema &#8220;5G y m\u00e1s all\u00e1&#8221;, Hybrid Edge y redes privadas m\u00f3viles, descubren el potencial de NaaS (red como servicio) y c\u00f3mo la nube y las comunicaciones est\u00e1n convergiendo para proporcionar una plataforma de innovaci\u00f3n ultrapoderosa.<\/p><div class=\"bg-color video-align-right\"><div class=\"container\"><div class=\"row video-align-left\"><div class=\"col-md-12\"><div class=\"video-align-left row box box--4 box--mini\"><div class=\"col-md-3\"><\/div><div class=\"col-md-8 box-img-wrapper\"><div class=\"video-box\"><\/div><\/div><\/div><\/div><\/div><\/div><\/div>\n<p><strong>Invitadas:<\/strong><\/p>\n\n\n\n<ul class=\"wp-block-list\">\n<li><a href=\"https:\/\/www.linkedin.com\/in\/zarnkucel\/\" target=\"_blank\" rel=\"noreferrer noopener\">Zarn Kucel<\/a><\/li>\n\n\n\n<li><a href=\"https:\/\/www.linkedin.com\/in\/chris-mckenna-082b4647\/\" target=\"_blank\" rel=\"noreferrer noopener\">Chris McKenna<\/a><\/li>\n<\/ul>\n\n\n\n<div class=\"wp-block-buttons is-layout-flex wp-block-buttons-is-layout-flex\">\n<div class=\"wp-block-button is-style-outline is-style-outline--51\"><a class=\"wp-block-button__link wp-element-button\" href=\"https:\/\/open.spotify.com\/episode\/4FcS3K2SfkVIExbAomrzLF\" target=\"_blank\" rel=\"noreferrer noopener\">Escuchar<\/a><\/div>\n<\/div>\n<div class=\"content-more\"><\/div><\/div><\/div><\/div><\/div>\n\n\n\n<div class=\"wp-block-cg-blocks-card-howwedoit expanders\"><div class=\"box card-regulated-agreements card-howwedoit\"><div class=\"expander-box filter-box tag-active \"><div class=\"expander-title\" tabindex=\"0\" role=\"button\" aria-pressed=\"false\" aria-expanded=\"false\"><h3 class=\"expander-heading-title\">Episodio 80 &#8211; CRLIVE24: MWC24: Revolucionarios con Paul Armstrong, Schneider Electric, Greg Pelton, Iridium y Richard Deakin, Stratospheric Platforms Limited | 28 de febrero de 2024<\/h3><\/div><div class=\"expander-content\"><p>Estamos en vivo desde #MWC24 (Mobile World Congress 2024), directamente desde el piso de la Expo, con una serie limitada de episodios hablando con l\u00edderes de toda la industria sobre los temas de la conferencia, adem\u00e1s de actualizarse sobre todas las noticias y chismes.<br><br>Dave, Sjoukje y Rob exploran el tema de la conferencia de &#8220;Game Changers&#8221; hablando con tres proveedores de tecnolog\u00eda que est\u00e1n creando nuevas soluciones para resolver algunos de nuestros mayores desaf\u00edos: Paul Armstrong, Director de Ventas Globales, Servicios Digitales, Schneider Electric sobre Edificios Inteligentes y su papel cr\u00edtico para ayudar a las empresas a operar de forma m\u00e1s sostenible y c\u00f3mo tener un &#8220;Centro de Comando de Energ\u00eda&#8221; puede ayudar; y Greg Pelton, CTO de Iridium y Richard Deakin, CEO de Stratospheric Platforms Ltd sobre el potencial de las redes no terrestres tanto en la estratosfera como en la \u00f3rbita terrestre baja para llevar las comunicaciones a ubicaciones anteriormente dif\u00edciles de alcanzar y las redes espaciales directamente a los dispositivos de los consumidores. \u00a1Tambi\u00e9n hablan sobre las dificultades de trabajar en el espacio!<\/p><div class=\"bg-color video-align-right\"><div class=\"container\"><div class=\"row video-align-left\"><div class=\"col-md-12\"><div class=\"video-align-left row box box--4 box--mini\"><div class=\"col-md-3\"><\/div><div class=\"col-md-8 box-img-wrapper\"><div class=\"video-box\"><\/div><\/div><\/div><\/div><\/div><\/div><\/div>\n<p><strong>Invitadas:<\/strong><\/p>\n\n\n\n<ul class=\"wp-block-list\">\n<li><a href=\"https:\/\/www.linkedin.com\/in\/paul-armstrong-67871127\/\" target=\"_blank\" rel=\"noreferrer noopener\">Paul Armstrong<\/a><\/li>\n\n\n\n<li><a href=\"https:\/\/www.linkedin.com\/in\/greg-pelton-631789\/\" target=\"_blank\" rel=\"noreferrer noopener\">Greg Pelton<\/a><\/li>\n\n\n\n<li><a href=\"https:\/\/www.linkedin.com\/in\/rdeakin\/\" target=\"_blank\" rel=\"noreferrer noopener\">Richard Deakin<\/a><\/li>\n<\/ul>\n\n\n\n<div class=\"wp-block-buttons is-layout-flex wp-block-buttons-is-layout-flex\">\n<div class=\"wp-block-button is-style-outline is-style-outline--52\"><a class=\"wp-block-button__link wp-element-button\" href=\"https:\/\/open.spotify.com\/episode\/6kQ1znssZnIbzgfCIH8Hbl\" target=\"_blank\" rel=\"noreferrer noopener\">Escuchar<\/a><\/div>\n<\/div>\n<div class=\"content-more\"><\/div><\/div><\/div><\/div><\/div>\n\n\n\n<div class=\"wp-block-cg-blocks-card-howwedoit expanders\"><div class=\"box card-regulated-agreements card-howwedoit\"><div class=\"expander-box filter-box tag-active \"><div class=\"expander-title\" tabindex=\"0\" role=\"button\" aria-pressed=\"false\" aria-expanded=\"false\"><h3 class=\"expander-heading-title\">Episodio 79 &#8211; CRLIVE23: MWC24: Nuestro ADN Digital con Mohamed Awad, Arm | 28 de febrero de 2024<\/h3><\/div><div class=\"expander-content\"><p><br>Estamos en vivo desde #MWC24 (Mobile World Congress 2024), directamente desde el piso de la Expo, con una serie limitada de episodios hablando con l\u00edderes de toda la industria sobre los temas de la conferencia, adem\u00e1s de actualizarse sobre todas las noticias y chismes.<br><br>Dave, Sjoukje y Rob hablan con Mohamed Awad, vicepresidente s\u00e9nior y director general de negocios de infraestructura en Arm, sobre el tema de la conferencia &#8220;Nuestro ADN digital&#8221;, la evoluci\u00f3n de la potencia de procesamiento y los desaf\u00edos de una demanda cada vez mayor al tiempo que se gestiona el impacto en el medio ambiente. Tambi\u00e9n hablan sobre los emocionantes dispositivos de consumo que se han anunciado en la feria, incluido un taxi volador.<\/p><div class=\"bg-color video-align-right\"><div class=\"container\"><div class=\"row video-align-left\"><div class=\"col-md-12\"><div class=\"video-align-left row box box--4 box--mini\"><div class=\"col-md-3\"><\/div><div class=\"col-md-8 box-img-wrapper\"><div class=\"video-box\"><\/div><\/div><\/div><\/div><\/div><\/div><\/div>\n<p><strong>Invitada:<\/strong><\/p>\n\n\n\n<ul class=\"wp-block-list\">\n<li><a href=\"https:\/\/www.linkedin.com\/in\/moawad\/\" target=\"_blank\" rel=\"noreferrer noopener\">Mohamed Awad<\/a><\/li>\n<\/ul>\n\n\n\n<div class=\"wp-block-buttons is-layout-flex wp-block-buttons-is-layout-flex\">\n<div class=\"wp-block-button is-style-outline is-style-outline--53\"><a class=\"wp-block-button__link wp-element-button\" href=\"https:\/\/open.spotify.com\/episode\/0i9Wx5VgHgZiHG6pQLlcfj\" target=\"_blank\" rel=\"noreferrer noopener\">Escuchar<\/a><\/div>\n<\/div>\n<div class=\"content-more\"><\/div><\/div><\/div><\/div><\/div>\n\n\n\n<div class=\"wp-block-cg-blocks-card-howwedoit expanders\"><div class=\"box card-regulated-agreements card-howwedoit\"><div class=\"expander-box filter-box tag-active \"><div class=\"expander-title\" tabindex=\"0\" role=\"button\" aria-pressed=\"false\" aria-expanded=\"false\"><h3 class=\"expander-heading-title\">Episodio 78 &#8211; CRLIVE22: MWC24: Conectando todo con Muneyb Minhazuddin, Intel y Anand Chandrasikher, Aira Networks | 27 de febrero de 2024<\/h3><\/div><div class=\"expander-content\"><p>Estamos en vivo desde #MWC24 (Mobile World Congress 2024), directamente desde el piso de la Expo, con una serie limitada de episodios hablando con l\u00edderes de toda la industria sobre los temas de la conferencia, adem\u00e1s de actualizarse sobre todas las noticias y chismes.<br><br>Dave, Sjoukje y Rob exponen los temas de la conferencia, luego se centran en el tema &#8220;Conectar todo&#8221; con Muneyb Minhazuddin, vicepresidente y gerente general de redes y Edge, Intel en Edge y 5G, y Anand Chandrasikher, fundador y director ejecutivo de Aira Networks en inteligencia en RAN abierta y desagregada (red de acceso por radio).<\/p><div class=\"bg-color video-align-right\"><div class=\"container\"><div class=\"row video-align-left\"><div class=\"col-md-12\"><div class=\"video-align-left row box box--4 box--mini\"><div class=\"col-md-3\"><\/div><div class=\"col-md-8 box-img-wrapper\"><div class=\"video-box\"><\/div><\/div><\/div><\/div><\/div><\/div><\/div>\n<p><\/p>\n\n\n\n<p><strong>Invitadas:<\/strong><\/p>\n\n\n\n<ul class=\"wp-block-list\">\n<li><a href=\"https:\/\/www.linkedin.com\/in\/muneyb\/\" target=\"_blank\" rel=\"noreferrer noopener\">Muneyb Minhazuddin<\/a><\/li>\n\n\n\n<li><a href=\"https:\/\/www.linkedin.com\/in\/anandchandrasekher\/\" target=\"_blank\" rel=\"noreferrer noopener\">Anand Chandrasikher<\/a><\/li>\n<\/ul>\n\n\n\n<div class=\"wp-block-buttons is-layout-flex wp-block-buttons-is-layout-flex\">\n<div class=\"wp-block-button is-style-outline is-style-outline--54\"><a class=\"wp-block-button__link wp-element-button\" href=\"https:\/\/open.spotify.com\/episode\/6hwM7EXqaCi4lZ5FZ0BPqz\" target=\"_blank\" rel=\"noreferrer noopener\">Escuchar<\/a><\/div>\n<\/div>\n<div class=\"content-more\"><\/div><\/div><\/div><\/div><\/div>\n\n\n\n<div class=\"wp-block-cg-blocks-card-howwedoit expanders\"><div class=\"box card-regulated-agreements card-howwedoit\"><div class=\"expander-box filter-box tag-active \"><div class=\"expander-title\" tabindex=\"0\" role=\"button\" aria-pressed=\"false\" aria-expanded=\"false\"><h3 class=\"expander-heading-title\">Episodio 77 &#8211; CR054: \u00a1FinOps desatado! con Kunal Agarwal, Unravel Data | 22 de febrero de 2024<\/h3><\/div><div class=\"expander-content\"><p><\/p><div class=\"bg-color video-align-right\"><div class=\"container\"><div class=\"row video-align-left\"><div class=\"col-md-12\"><div class=\"video-align-left row box box--4 box--mini\"><div class=\"col-md-3\"><\/div><div class=\"col-md-8 box-img-wrapper\"><div class=\"video-box\"><\/div><\/div><\/div><\/div><\/div><\/div><\/div>\n<p>La Fundaci\u00f3n FinOps define FinOps como \u00abun marco operativo y una pr\u00e1ctica cultural que maximiza el valor comercial de la nube, permite la toma de decisiones oportuna basada en datos y genera responsabilidad financiera mediante la colaboraci\u00f3n entre los equipos de ingenier\u00eda, finanzas y negocios\u00bb. \u00a1Suena bien! Entonces, \u00bfpor qu\u00e9 muchas organizaciones a\u00fan no lo hacen bien?<\/p>\n\n\n\n<p>Esta semana, Dave, Sjoukje y Rob hablan con Kunal Agarwal, director ejecutivo y cofundador de Unravel Data, sobre el requisito de finops, qu\u00e9 es y por qu\u00e9 lo necesita, si los departamentos de finanzas se est\u00e1n involucrando, qu\u00e9 buenas pr\u00e1cticas se buscan, c\u00f3mo encaja &#8220;informar, gobernar, optimizar&#8221; y por qu\u00e9 deber\u00eda medir todo.<\/p>\n\n\n\n<p><strong>TLDR:<\/strong><\/p>\n\n\n\n<ul class=\"wp-block-list\">\n<li>01:03 \u00bfPor qu\u00e9 la gente sigue usando contrase\u00f1as d\u00e9biles?<\/li>\n\n\n\n<li>06:20 Conversaci\u00f3n en la nube con Kunal Agarwal<\/li>\n\n\n\n<li>32:34 Principales tendencias cibern\u00e9ticas de 2024<\/li>\n\n\n\n<li>37:20 \u00a1Coches, coches, coches!<\/li>\n<\/ul>\n\n\n\n<p><strong>Invitada:<\/strong><\/p>\n\n\n\n<ul class=\"wp-block-list\">\n<li><a href=\"https:\/\/www.linkedin.com\/in\/kunalkunal\/\" target=\"_blank\" rel=\"noreferrer noopener\">Kunal Agarwal<\/a><\/li>\n<\/ul>\n\n\n\n<div class=\"wp-block-buttons is-layout-flex wp-block-buttons-is-layout-flex\">\n<div class=\"wp-block-button is-style-outline is-style-outline--55\"><a class=\"wp-block-button__link wp-element-button\" href=\"https:\/\/www.capgemini.com\/wp-content\/uploads\/2024\/02\/Branding_Podcast-Transcript_CR054-FinOps-unleashed-with-Kunal-Agarwal-Unravel-Data.pdf\" target=\"_blank\" rel=\"noreferrer noopener\">Transcripci\u00f3n del episodio<\/a><\/div>\n\n\n\n<div class=\"wp-block-button is-style-outline is-style-outline--56\"><a class=\"wp-block-button__link wp-element-button\" href=\"https:\/\/open.spotify.com\/episode\/4XirdUI8HO0qNelxcVQTJ0\" target=\"_blank\" rel=\"noreferrer noopener\">Escuchar<\/a><\/div>\n<\/div>\n<div class=\"content-more\"><\/div><\/div><\/div><\/div><\/div>\n\n\n\n<div class=\"wp-block-cg-blocks-card-howwedoit expanders\"><div class=\"box card-regulated-agreements card-howwedoit\"><div class=\"expander-box filter-box tag-active \"><div class=\"expander-title\" tabindex=\"0\" role=\"button\" aria-pressed=\"false\" aria-expanded=\"false\"><h3 class=\"expander-heading-title\">Episodio 76 &#8211; CR053: Formaci\u00f3n de nubes de capital privado con Bas Kamphuis, Wingspan | 15 de febrero de 2024<\/h3><\/div><div class=\"expander-content\"><p><\/p><div class=\"bg-color video-align-right\"><div class=\"container\"><div class=\"row video-align-left\"><div class=\"col-md-12\"><div class=\"video-align-left row box box--4 box--mini\"><div class=\"col-md-3\"><\/div><div class=\"col-md-8 box-img-wrapper\"><div class=\"video-box\"><\/div><\/div><\/div><\/div><\/div><\/div><\/div>\n<p>Las organizaciones de capital privado est\u00e1n en la fascinante posici\u00f3n de tener una visi\u00f3n de muchas organizaciones, ayudan a las organizaciones m\u00e1s peque\u00f1as a escalar y tienen un fuerte control de lo que funciona y lo que no a la hora de escalar y optimizar los negocios.<\/p>\n\n\n\n<p>Esta semana, Dave, Sjoukje y Rob hablan con Bas Kamphuis, fundador y director ejecutivo de Wingspan, una empresa que busca aumentar el valor de las empresas de software a trav\u00e9s de la transformaci\u00f3n de la nube, sobre qu\u00e9 verdades repetibles de la transformaci\u00f3n de la nube se pueden aprender al observar los patrones que funcionan en m\u00faltiples empresas y qu\u00e9 lecciones podemos sacar de ello.<\/p>\n\n\n\n<p><strong>TLDR:<\/strong><\/p>\n\n\n\n<ul class=\"wp-block-list\">\n<li>01:00 El futuro de las noticias<\/li>\n\n\n\n<li>05:12 Conversaci\u00f3n sobre la nube con Bas Kamphuis<\/li>\n\n\n\n<li>38:18 El papel vital de la nube para las firmas de capital privado<\/li>\n\n\n\n<li>44:24 \u00a1Qu\u00e9 alegr\u00eda estar vivo!<\/li>\n<\/ul>\n\n\n\n<p><strong>Invitada:<\/strong><\/p>\n\n\n\n<ul class=\"wp-block-list\">\n<li><a href=\"https:\/\/www.linkedin.com\/in\/databas\/\" target=\"_blank\" rel=\"noreferrer noopener\">Bas Kamphuis<\/a><\/li>\n<\/ul>\n\n\n\n<div class=\"wp-block-buttons is-layout-flex wp-block-buttons-is-layout-flex\">\n<div class=\"wp-block-button is-style-outline is-style-outline--57\"><a class=\"wp-block-button__link wp-element-button\" href=\"https:\/\/www.capgemini.com\/wp-content\/uploads\/2024\/02\/Branding_Podcast-Transcript_CR053-Private-equity-Cloud-formations-with-Bas-Kamphuis-Wingspan.pdf\" target=\"_blank\" rel=\"noreferrer noopener\">Transcripci\u00f3n del episodio<\/a><\/div>\n\n\n\n<div class=\"wp-block-button is-style-outline is-style-outline--58\"><a class=\"wp-block-button__link wp-element-button\" href=\"https:\/\/open.spotify.com\/episode\/2eFgLn6OT9BsDbHpzjLu4l?si=570ebc596d334035\" target=\"_blank\" rel=\"noreferrer noopener\">Escuchar<\/a><\/div>\n<\/div>\n<div class=\"content-more\"><\/div><\/div><\/div><\/div><\/div>\n\n\n\n<div class=\"wp-block-cg-blocks-card-howwedoit expanders\"><div class=\"box card-regulated-agreements card-howwedoit\"><div class=\"expander-box filter-box tag-active \"><div class=\"expander-title\" tabindex=\"0\" role=\"button\" aria-pressed=\"false\" aria-expanded=\"false\"><h3 class=\"expander-heading-title\">Episodio 75 &#8211; CR052: La nube y la transici\u00f3n energ\u00e9tica con Rob Easton, AWS | 8 de febrero de 2024<\/h3><\/div><div class=\"expander-content\"><p><\/p><div class=\"bg-color video-align-right\"><div class=\"container\"><div class=\"row video-align-left\"><div class=\"col-md-12\"><div class=\"video-align-left row box box--4 box--mini\"><div class=\"col-md-3\"><\/div><div class=\"col-md-8 box-img-wrapper\"><div class=\"video-box\"><\/div><\/div><\/div><\/div><\/div><\/div><\/div>\n<p>La &#8220;transici\u00f3n energ\u00e9tica&#8221; se refiere al cambio del sector energ\u00e9tico global de sistemas de producci\u00f3n y consumo de energ\u00eda basados \u200b\u200ben combustibles f\u00f3siles (incluidos el petr\u00f3leo, el gas natural y el carb\u00f3n) a fuentes de energ\u00eda renovables como la e\u00f3lica y la solar, as\u00ed como las bater\u00edas de iones de litio. Es uno de los problemas m\u00e1s importantes de nuestro tiempo, si no el m\u00e1s importante. La tecnolog\u00eda puede tanto ayudar como obstaculizar este viaje.<\/p>\n\n\n\n<p>Esta semana, Dave, Sjoukje y Rob hablan con Rob Easton, gerente s\u00e9nior de ventas de AWS Energy EMEA en AWS, sobre c\u00f3mo se genera, se mueve y se utiliza la energ\u00eda, sobre c\u00f3mo Amazon est\u00e1 preparada como organizaci\u00f3n pero tambi\u00e9n sobre c\u00f3mo proporciona herramientas y servicios para permitir que otras organizaciones influyan en la huella de carbono de su tecnolog\u00eda y quiz\u00e1s de forma m\u00e1s amplia.<\/p>\n\n\n\n<p><strong>TLDR:<\/strong><\/p>\n\n\n\n<ul class=\"wp-block-list\">\n<li>01:10 \u00a1SALTO! \u00bfY nos cuidar\u00e1n los robots cuando seamos (m\u00e1s) mayores?<\/li>\n\n\n\n<li>06:00 Conversaci\u00f3n sobre la nube con Rob Easton<\/li>\n\n\n\n<li>36:20 IA y la transici\u00f3n energ\u00e9tica<\/li>\n\n\n\n<li>41:50 \u00a1Vacaciones de esqu\u00ed en familia!<\/li>\n<\/ul>\n\n\n\n<p><strong>Invitada:<\/strong><\/p>\n\n\n\n<ul class=\"wp-block-list\">\n<li><a href=\"https:\/\/www.linkedin.com\/in\/rob-easton-94a983\/\" target=\"_blank\" rel=\"noreferrer noopener\">Rob Easton<\/a><\/li>\n<\/ul>\n\n\n\n<div class=\"wp-block-buttons is-layout-flex wp-block-buttons-is-layout-flex\">\n<div class=\"wp-block-button is-style-outline is-style-outline--59\"><a class=\"wp-block-button__link wp-element-button\" href=\"https:\/\/www.capgemini.com\/wp-content\/uploads\/2024\/02\/Branding_Podcast-Transcript_CR052-The-Cloud-and-the-energy-transition-with-Rob-Easton-AWS.pdf\" target=\"_blank\" rel=\"noreferrer noopener\">Transcripci\u00f3n del episodio<\/a><\/div>\n\n\n\n<div class=\"wp-block-button is-style-outline is-style-outline--60\"><a class=\"wp-block-button__link wp-element-button\" href=\"https:\/\/open.spotify.com\/episode\/3a1kj1HuGspqkJrDZ0Uwse?si=9c23038531ad49c5\" target=\"_blank\" rel=\"noreferrer noopener\">Escuchar<\/a><\/div>\n<\/div>\n<div class=\"content-more\"><\/div><\/div><\/div><\/div><\/div>\n\n\n\n<div class=\"wp-block-cg-blocks-card-howwedoit expanders\"><div class=\"box card-regulated-agreements card-howwedoit\"><div class=\"expander-box filter-box tag-active \"><div class=\"expander-title\" tabindex=\"0\" role=\"button\" aria-pressed=\"false\" aria-expanded=\"false\"><h3 class=\"expander-heading-title\">Episodio 74 &#8211; CR051: Cultura de datos para todos con Iain Niven-Bowling, Harbr | 1 de febrero de 2024<\/h3><\/div><div class=\"expander-content\"><p><\/p><div class=\"bg-color video-align-right\"><div class=\"container\"><div class=\"row video-align-left\"><div class=\"col-md-12\"><div class=\"video-align-left row box box--4 box--mini\"><div class=\"col-md-3\"><\/div><div class=\"col-md-8 box-img-wrapper\"><div class=\"video-box\"><\/div><\/div><\/div><\/div><\/div><\/div><\/div>\n<p>\u00bfPuede la IA ayudar a resolver un problema perenne de c\u00f3mo aprovechamos los datos en nuestra organizaci\u00f3n para generar valor?<\/p>\n\n\n\n<p>Esta semana, Dave, Sjoukje y Rob hablan con Iain Niven-Bowling, director de tecnolog\u00eda de Harbr, sobre la desdemocratizaci\u00f3n de los datos, el acceso a los mismos, la conexi\u00f3n de fuentes de datos y su disponibilidad a trav\u00e9s de interfaces de lenguaje natural.<\/p>\n\n\n\n<p><strong>TLDR:<\/strong><\/p>\n\n\n\n<ul class=\"wp-block-list\">\n<li>01:04 Confusi\u00f3n en el streaming<\/li>\n\n\n\n<li>06:00 Conversaci\u00f3n sobre la nube con Iain Niven-Bowling<\/li>\n\n\n\n<li>23:35 GenAI como punto de partida para la innovaci\u00f3n<\/li>\n\n\n\n<li>31:00 \u00a1El baile de los fans!<\/li>\n<\/ul>\n\n\n\n<p><strong>Invitada:<\/strong><\/p>\n\n\n\n<ul class=\"wp-block-list\">\n<li><a href=\"https:\/\/www.linkedin.com\/in\/iainnb\/\" target=\"_blank\" rel=\"noreferrer noopener\">Iain Niven-Bowling<\/a><\/li>\n<\/ul>\n\n\n\n<div class=\"wp-block-buttons is-layout-flex wp-block-buttons-is-layout-flex\">\n<div class=\"wp-block-button is-style-outline is-style-outline--61\"><a class=\"wp-block-button__link wp-element-button\" href=\"https:\/\/www.capgemini.com\/wp-content\/uploads\/2024\/02\/Branding_Podcast-Transcript_CR051-Data-culture-for-everyone-with-Iain-Niven-Bowling-Harbr-1.pdf\" target=\"_blank\" rel=\"noreferrer noopener\">Transcripci\u00f3n del episodio<\/a><\/div>\n\n\n\n<div class=\"wp-block-button is-style-outline is-style-outline--62\"><a class=\"wp-block-button__link wp-element-button\" href=\"https:\/\/open.spotify.com\/episode\/62Jt5NdNvHXZlI0ocCtv3r?si=00fab89368474f2d\" target=\"_blank\" rel=\"noreferrer noopener\">Escuchar<\/a><\/div>\n<\/div>\n<div class=\"content-more\"><\/div><\/div><\/div><\/div><\/div>\n\n\n\n<div class=\"wp-block-cg-blocks-card-howwedoit expanders\"><div class=\"box card-regulated-agreements card-howwedoit\"><div class=\"expander-box filter-box tag-active \"><div class=\"expander-title\" tabindex=\"0\" role=\"button\" aria-pressed=\"false\" aria-expanded=\"false\"><h3 class=\"expander-heading-title\">Episodio 73 &#8211; CR050: Conectando su organizaci\u00f3n para el \u00e9xito, con Gene Kim, autor (Proyecto F\u00e9nix\/Unicornio) | 25 de enero de 2024<\/h3><\/div><div class=\"expander-content\"><p><\/p><div class=\"bg-color video-align-right\"><div class=\"container\"><div class=\"row video-align-left\"><div class=\"col-md-12\"><div class=\"video-align-left row box box--4 box--mini\"><div class=\"col-md-3\"><\/div><div class=\"col-md-8 box-img-wrapper\"><div class=\"video-box\"><\/div><\/div><\/div><\/div><\/div><\/div><\/div>\n<p>Como obsequio especial en lo que creemos que es nuestro episodio de estudio n\u00famero 50, tenemos una conversaci\u00f3n extendida con nadie menos que Gene Kim, l\u00edder de opini\u00f3n de la industria y autor de The DevOps Handbook, el influyente Proyecto Pheonix, el Proyecto Unicornio y ahora Wiring, la organizaci\u00f3n ganadora. Gene es uno de los verdaderos l\u00edderes de opini\u00f3n en tecnolog\u00eda moderna y es emocionante explorar los temas de Cloud Realties con \u00e9l.<\/p>\n\n\n\n<p>El grupo habla sobre los primeros trabajos de Gene y luego profundiza en su nuevo trabajo, que va m\u00e1s all\u00e1 del \u00e1mbito de la tecnolog\u00eda y habla sobre lo que se necesita para convertirse en una organizaci\u00f3n moderna.<\/p>\n\n\n\n<p><strong>TLDR:<\/strong><\/p>\n\n\n\n<ul class=\"wp-block-list\">\n<li>01:00 Es f\u00e1cil dejar que los hechos interfieran en una buena historia<\/li>\n\n\n\n<li>04:30 Conversaci\u00f3n extensa sobre la nube con Gene Kim<\/li>\n\n\n\n<li>43:10 \u00a1Jugando con IA!<\/li>\n<\/ul>\n\n\n\n<p><strong>Invitada:<\/strong><\/p>\n\n\n\n<ul class=\"wp-block-list\">\n<li><a href=\"https:\/\/www.linkedin.com\/in\/realgenekim\/\" target=\"_blank\" rel=\"noreferrer noopener\">Gene Kim<\/a><\/li>\n<\/ul>\n\n\n\n<div class=\"wp-block-buttons is-layout-flex wp-block-buttons-is-layout-flex\">\n<div class=\"wp-block-button is-style-outline is-style-outline--63\"><a class=\"wp-block-button__link wp-element-button\" href=\"https:\/\/www.capgemini.com\/wp-content\/uploads\/2024\/01\/Branding_Podcast-Transcript_CR050-Wiring-your-organisation-for-success-with-Gene-Kim.pdf\" target=\"_blank\" rel=\"noreferrer noopener\">Transcripci\u00f3n del episodio<\/a><\/div>\n\n\n\n<div class=\"wp-block-button is-style-outline is-style-outline--64\"><a class=\"wp-block-button__link wp-element-button\" href=\"https:\/\/open.spotify.com\/episode\/7qs5H6bNzmljlrKqW4gFsp?si=a8aa661edb524a81\" target=\"_blank\" rel=\"noreferrer noopener\">Escuchar<\/a><\/div>\n<\/div>\n<div class=\"content-more\"><\/div><\/div><\/div><\/div><\/div>\n\n\n\n<div class=\"wp-block-cg-blocks-card-howwedoit expanders\"><div class=\"box card-regulated-agreements card-howwedoit\"><div class=\"expander-box filter-box tag-active \"><div class=\"expander-title\" tabindex=\"0\" role=\"button\" aria-pressed=\"false\" aria-expanded=\"false\"><h3 class=\"expander-heading-title\">Episodio 72 &#8211; CR049: TechnoVision 2024 parte 2: Prosperando con datos con Robert Engels, Capgemini | 18 de enero de 2024<\/h3><\/div><div class=\"expander-content\"><p><\/p><div class=\"bg-color video-align-right\"><div class=\"container\"><div class=\"row video-align-left\"><div class=\"col-md-12\"><div class=\"video-align-left row box box--4 box--mini\"><div class=\"col-md-3\"><\/div><div class=\"col-md-8 box-img-wrapper\"><div class=\"video-box\"><\/div><\/div><\/div><\/div><\/div><\/div><\/div>\n<p>Cada a\u00f1o, Capgemini publica TechnoVision: una predicci\u00f3n completa del pr\u00f3ximo a\u00f1o en tecnolog\u00eda empresarial, junto con principios \u00fatiles que gu\u00edan tanto su predicci\u00f3n como su uso. Busca aportar nuevas ideas a los problemas empresariales tecnol\u00f3gicos de la actualidad.<\/p>\n\n\n\n<p>En este episodio especial de dos partes, Dave, Sjoukje y Rob hablan con Robert Engels, CTIO global de AI Futures, director del Laboratorio de IA generativa en Capgemini, sobre un tema fundamental de TechnoVision 2024, los datos y la IA. Abordan si los ciclos de inversi\u00f3n se mantienen al d\u00eda con la curva de publicidad, los ecosistemas de datos, los nuevos riesgos y problemas introducidos por la IA y si seguimos utilizando los mismos casos de uso antiguos o si ahora est\u00e1n surgiendo casos de uso nuevos e inimaginables anteriormente.<\/p>\n\n\n\n<p><strong>TLDR:<\/strong><\/p>\n\n\n\n<ul class=\"wp-block-list\">\n<li>01:45 \u00bfModelo de datos Lego?<\/li>\n\n\n\n<li>03:47 Conversaci\u00f3n sobre la nube con Robert Engels<\/li>\n\n\n\n<li>45:20 Tendencias tecnol\u00f3gicas de Forbes<\/li>\n\n\n\n<li>44:12 \u00a1Juegos de nieve y c\u00f3mo evoluciona el 2024!<\/li>\n<\/ul>\n\n\n\n<p><strong>Lectura adicional:<\/strong><\/p>\n\n\n\n<ul class=\"wp-block-list\">\n<li><a href=\"https:\/\/www.capgemini.com\/insights\/research-library\/technovision-2024-trends-for-business-decision-makers\/\">Exec Briefing<\/a><\/li>\n\n\n\n<li><a href=\"http:\/\/www.capgemini.com\/technovision\">Full Report<\/a><\/li>\n<\/ul>\n\n\n\n<p><strong>Invitada:<\/strong><\/p>\n\n\n\n<ul class=\"wp-block-list\">\n<li><a href=\"https:\/\/www.linkedin.com\/in\/robertengels\/\" target=\"_blank\" rel=\"noreferrer noopener\">Robert Engels<\/a><\/li>\n<\/ul>\n\n\n\n<div class=\"wp-block-buttons is-layout-flex wp-block-buttons-is-layout-flex\">\n<div class=\"wp-block-button is-style-outline is-style-outline--65\"><a class=\"wp-block-button__link wp-element-button\" href=\"https:\/\/www.capgemini.com\/wp-content\/uploads\/2024\/01\/Branding_Podcast-Transcript_CR049-TechnoVision-2024-part-2-Thriving-on-Data-with-Robert-Engels-Capgemini.pdf\" target=\"_blank\" rel=\"noreferrer noopener\">Transcripci\u00f3n del episodio<\/a><\/div>\n\n\n\n<div class=\"wp-block-button is-style-outline is-style-outline--66\"><a class=\"wp-block-button__link wp-element-button\" href=\"https:\/\/open.spotify.com\/episode\/0tInmvFf5HLTCz9Iyl9Bzl?si=e5fa59ae97d340b5\" target=\"_blank\" rel=\"noreferrer noopener\">Escuchar<\/a><\/div>\n<\/div>\n<div class=\"content-more\"><\/div><\/div><\/div><\/div><\/div>\n\n\n\n<div class=\"wp-block-cg-blocks-card-howwedoit expanders\"><div class=\"box card-regulated-agreements card-howwedoit\"><div class=\"expander-box filter-box tag-active \"><div class=\"expander-title\" tabindex=\"0\" role=\"button\" aria-pressed=\"false\" aria-expanded=\"false\"><h3 class=\"expander-heading-title\">Episodio 71 &#8211; CR048: TechnoVision 2024 parte 1: \u00a1Aum\u00e9ntame! con Ron Tolido, Capgemini | 18 de enero de 2024<\/h3><\/div><div class=\"expander-content\"><p><\/p><div class=\"bg-color video-align-right\"><div class=\"container\"><div class=\"row video-align-left\"><div class=\"col-md-12\"><div class=\"video-align-left row box box--4 box--mini\"><div class=\"col-md-3\"><\/div><div class=\"col-md-8 box-img-wrapper\"><div class=\"video-box\"><\/div><\/div><\/div><\/div><\/div><\/div><\/div>\n<p>Cada a\u00f1o, Capgemini publica TechnoVision: una predicci\u00f3n completa del pr\u00f3ximo a\u00f1o en tecnolog\u00eda empresarial, junto con principios \u00fatiles que gu\u00edan tanto su predicci\u00f3n como su uso. Busca aportar nuevas ideas a los problemas empresariales tecnol\u00f3gicos de la actualidad.<\/p>\n\n\n\n<p>En este episodio especial de dos partes, Dave, Sjoukje y Rob hablan en detalle con el l\u00edder de informes Ron Tolido y obtienen una visi\u00f3n especial de la creaci\u00f3n, los temas y las tendencias de TechnoVision 2024. La pr\u00f3xima generaci\u00f3n de aumento humano con tecnolog\u00eda es el centro del informe y la discusi\u00f3n. Tambi\u00e9n descubrimos cu\u00e1nto le gusta a Ron Taylor Swift y comparamos y contrastamos las predicciones en TechnoVision con otras predicciones de tendencias para 2024.<\/p>\n\n\n\n<p><strong>TLDR:<\/strong><\/p>\n\n\n\n<ul class=\"wp-block-list\">\n<li>01:45 El equipo se re\u00fane tras las vacaciones de Navidad<\/li>\n\n\n\n<li>03:47 Charla sobre la nube con Ron Tolido<\/li>\n\n\n\n<li>45:20 Tendencias tecnol\u00f3gicas de Forbes<\/li>\n\n\n\n<li>51:15 \u00a1Alexa, gestiona mi negocio!<\/li>\n<\/ul>\n\n\n\n<p><strong>Lectura adicional:<\/strong><\/p>\n\n\n\n<ul class=\"wp-block-list\">\n<li><a href=\"https:\/\/www.capgemini.com\/insights\/research-library\/technovision-2024-trends-for-business-decision-makers\/\">Exec Briefing<\/a><\/li>\n\n\n\n<li><a href=\"http:\/\/www.capgemini.com\/technovision\">Full Report<\/a><\/li>\n<\/ul>\n\n\n\n<p><strong>Invitada:<\/strong><\/p>\n\n\n\n<ul class=\"wp-block-list\">\n<li><a href=\"https:\/\/www.linkedin.com\/in\/rtolido\/\" target=\"_blank\" rel=\"noreferrer noopener\">Ron Tolido<\/a><\/li>\n<\/ul>\n\n\n\n<div class=\"wp-block-buttons is-layout-flex wp-block-buttons-is-layout-flex\">\n<div class=\"wp-block-button is-style-outline is-style-outline--67\"><a class=\"wp-block-button__link wp-element-button\" href=\"https:\/\/www.capgemini.com\/wp-content\/uploads\/2024\/01\/Branding_Podcast-Transcript_CR048-Technovision-2024-pt-1-Augment-ME-with-Ron-Tolido-Capgemini.pdf\" target=\"_blank\" rel=\"noreferrer noopener\">Transcripci\u00f3n del episodio<\/a><\/div>\n\n\n\n<div class=\"wp-block-button is-style-outline is-style-outline--68\"><a class=\"wp-block-button__link wp-element-button\" href=\"https:\/\/open.spotify.com\/episode\/0HulCAg0P9yauUqMyTuVmw?si=3d261034d4f64fb4\" target=\"_blank\" rel=\"noreferrer noopener\">Escuchar<\/a><\/div>\n<\/div>\n<div class=\"content-more\"><\/div><\/div><\/div><\/div><\/div>\n\n\n\n<div class=\"wp-block-cg-blocks-card-howwedoit expanders\"><div class=\"box card-regulated-agreements card-howwedoit\"><div class=\"expander-box filter-box tag-active \"><div class=\"expander-title\" tabindex=\"0\" role=\"button\" aria-pressed=\"false\" aria-expanded=\"false\"><h3 class=\"expander-heading-title\">Episodio 70 &#8211; \u00a1BONIFICACI\u00d3N! CES 2024: C\u00f3mo AFEELA est\u00e1 redefiniendo la relaci\u00f3n entre las personas y la movilidad con Takuya Nishibayashi, Sony-Honda Mobility Inc. | 12 de enero de 2024<\/h3><\/div><div class=\"expander-content\"><p><\/p><div class=\"bg-color video-align-right\"><div class=\"container\"><div class=\"row video-align-left\"><div class=\"col-md-12\"><div class=\"video-align-left row box box--4 box--mini\"><div class=\"col-md-3\"><\/div><div class=\"col-md-8 box-img-wrapper\"><div class=\"video-box\"><\/div><\/div><\/div><\/div><\/div><\/div><\/div>\n<p>Con el lanzamiento de su coche conectado, el AFEELA, Sony Honda Mobility busca redefinir la movilidad, m\u00e1s all\u00e1 del simple transporte, y crear la oportunidad de utilizar el espacio de forma creativa y explorar la relaci\u00f3n entre las personas y la movilidad.<\/p>\n\n\n\n<p>En este episodio especial, Dave, Sjoukje y Rob hablan con Takuya Nishibayashi, director de la divisi\u00f3n de desarrollo de arquitectura de sistemas E&amp;E de Sony Honda Mobility Inc., quien se encuentra en CES2024 para el lanzamiento de AFEELA. Explican por qu\u00e9 Sony Honda est\u00e1 colaborando ahora en un autom\u00f3vil conectado, c\u00f3mo se aprovecha GenAI de manera responsable y \u00e9tica para la conducci\u00f3n asistida (ADAS), c\u00f3mo se puede utilizar la movilidad como un espacio de entretenimiento creativo, incluido el uso de motores de juego, la experiencia integrada en el veh\u00edculo y c\u00f3mo Microsoft se asocia con ellos para las herramientas GenAI y las plataformas inform\u00e1ticas a escala de la nube.<\/p>\n\n\n\n<p><strong>TLDR:<\/strong><\/p>\n\n\n\n<ul class=\"wp-block-list\">\n<li>01:07 Presentaci\u00f3n de AFEELA por Dave, Sjoukje y Rob<\/li>\n\n\n\n<li>06:53 Conversaci\u00f3n en la nube con Takuya Nishibayashi<\/li>\n\n\n\n<li>30:59 Outro<\/li>\n\n\n\n<li>31:57 Fin<\/li>\n<\/ul>\n\n\n\n<p><strong>Invitada:<\/strong><\/p>\n\n\n\n<ul class=\"wp-block-list\">\n<li><a href=\"https:\/\/www.linkedin.com\/in\/takuya-nishibayashi-36a9456\/\" target=\"_blank\" rel=\"noreferrer noopener\">Takuya Nishibayashi<\/a><\/li>\n\n\n\n<li><a href=\"https:\/\/www.shm-afeela.com\/en\/\" target=\"_blank\" rel=\"noreferrer noopener\">AFEELA<\/a>\n\n\n<ul class=\"wp-block-list\">\n<li><a href=\"https:\/\/www.instagram.com\/shmafeela\/\" target=\"_blank\" rel=\"noreferrer noopener\">https:\/\/www.instagram.com\/shmafeela\/<\/a><\/li>\n\n\n\n<li><a href=\"https:\/\/twitter.com\/shmafeela\" target=\"_blank\" rel=\"noreferrer noopener\">https:\/\/twitter.com\/shmafeela<\/a><\/li>\n\n\n\n<li><a href=\"https:\/\/www.facebook.com\/shmAFEELA\" target=\"_blank\" rel=\"noreferrer noopener\">https:\/\/www.facebook.com\/shmAFEELA<\/a><\/li>\n<\/ul>\n<\/li>\n<\/ul>\n\n\n\n<div class=\"wp-block-buttons is-layout-flex wp-block-buttons-is-layout-flex\">\n<div class=\"wp-block-button is-style-outline is-style-outline--69\"><a class=\"wp-block-button__link wp-element-button\" href=\"https:\/\/www.capgemini.com\/wp-content\/uploads\/2024\/01\/Branding_Podcast-Transcript_BONUS-CES-2024-How-the-AFEELA-is-redefining-the-relationship-between-people-and-mobility-with-Takuya-Nishibayashi-Sony-Honda-Mobility-Inc.pdf\" target=\"_blank\" rel=\"noreferrer noopener\">Transcripci\u00f3n del episodio<\/a><\/div>\n\n\n\n<div class=\"wp-block-button is-style-outline is-style-outline--70\"><a class=\"wp-block-button__link wp-element-button\" href=\"https:\/\/open.spotify.com\/episode\/7dNqfFqk9QtmymFDfOwAwL?si=17ebc588a17e4572\" target=\"_blank\" rel=\"noreferrer noopener\">Escuchar<\/a><\/div>\n<\/div>\n<div class=\"content-more\"><\/div><\/div><\/div><\/div><\/div>\n<\/div><\/div><\/section>\n<\/div><\/div><\/div><\/div><\/div><\/section>\n\n\n\n\t\t<section\n\t\t\tclass=\"section section--lifeatcap-learning section--event-slider-careerInvent \">\n\n\t\t\t<div class=\"container\">\n\t\t\t\t<div class='career-invent-header'>\n\t\t\t\t\t\t\t\t\t\t\t\t\t\t<\/div>\n\t\t\t<\/div>\n\n\t\t\t<div class=\"slider slider-fader 31448140-9374-4122-b597-40e5bc802b2f\">\n\t\t\t\t\t\t\t\t<div\n\t\t\t\t\tclass=\"slider-list \">\n\t\t\t\t\t\t\t\t\t\t\t<div\n\t\t\t\t\t\t\tclass=\"slide active \">\n\t\t\t\t\t\t\t<div\n\t\t\t\t\t\t\t\tclass=\"slide-bg-wrapper wp-block-cg-blocks-career-invent \">\n\t\t\t\t\t\t\t\t<div class=\"bgImagesection\">\n\t\t\t\t\t\t\t\t\t\t\t\t\t\t\t\t\t\t\t<div class=\"bgColor\"><\/div>\n\t\t\t\t\t\t\t\t\t\n\t\t\t\t\t\t\t\t\t<div class=\"container slide-info-wrapper\">\n\t\t\t\t\t\t\t\t\t\t<div class=\"row\">\n\t\t\t\t\t\t\t\t\t\t\t<div\n\t\t\t\t\t\t\t\t\t\t\t\tclass=\"col-md-6 col-sm-12 box-inner \">\n\t\t\t\t\t\t\t\t\t\t\t\t\t\t\t\t\t\t\t\t\t\t\t\t\t<div class=\"bgColor\"><\/div>\n\t\t\t\t\t\t\t\t\t\t\t\t\t\t\t\t\t\t\t\t\t\t\t\t\t\t\t\t\t\t\t\t\t\t\t\t\t<div\n\t\t\t\t\t\t\t\t\t\t\t\t\t\tclass=\"content-title \">\n\t\t\t\t\t\t\t\t\t\t\t\t\t\t<h3 class=\"explore-header\"\n\t\t\t\t\t\t\t\t\t\t\t\t\t\t\tdata-maxlength=\"68\"\n\t\t\t\t\t\t\t\t\t\t\t\t\t\t\ttitle=\"Mant\u00e9ngase al d\u00eda con las realidades de la nube\">\n\t\t\t\t\t\t\t\t\t\t\t\t\t\t\tMant\u00e9ngase al d\u00eda con las realidades de la nube\t\t\t\t\t\t\t\t\t\t\t\t\t\t<\/h3>\n\t\t\t\t\t\t\t\t\t\t\t\t\t<\/div>\n\t\t\t\t\t\t\t\t\t\t\t\t\n\t\t\t\t\t\t\t\t\t\t\t\t\t\t\t\t\t\t\t\t\t\t\t\t\t\t\t\t\t\t\t\t\t\t\t\t\t\t\t<div\n\t\t\t\t\t\t\t\t\t\t\t\t\t\t\tclass=\"box-title \">\n\t\t\t\t\t\t\t\t\t\t\t\t\t\t\t<h4 data-maxlength=\"144\"\n\t\t\t\t\t\t\t\t\t\t\t\t\t\t\t\ttitle=\"\u00a1Mira todos los episodios, incluido el m\u00e1s reciente!\"\n\t\t\t\t\t\t\t\t\t\t\t\t\t\t\t\tstyle=\"white-space: pre-wrap;\">\n\t\t\t\t\t\t\t\t\t\t\t\t\t\t\t\t\u00a1Mira todos los episodios, incluido el m\u00e1s reciente!\t\t\t\t\t\t\t\t\t\t\t\t\t\t\t<\/h4>\n\t\t\t\t\t\t\t\t\t\t\t\t\t\t<\/div>\n\t\t\t\t\t\t\t\t\t\t\t\t\t\t\t\t\t\t\t\t\t\t\t\t\t\n\t\t\t\t\t\t\t\t\t\t\t\t\t\t\t\t\t\t\t\t\t\t\t\t\t<div >\n\t\t\t\t\t\t\t\t\t\t\t\t\t\t\t\t\t\t\t\t\t\t\t\t\t\t\t<\/div>\n\t\t\t\t\t\t\t\t\t\t\t\t\n\t\t\t\t\t\t\t\t\t\t\t\t\t\t\t\t\t\t\t\t\t\t\t\t\t\t\t\t\t\t\t\t\t\t\t\t\t<div class=\"btnDiv\"> <a class=\"more2\" data-maxlength=\"24\" aria-label=\"Realidades de la nube sobre Mant\u00e9ngase al d\u00eda con las realidades de la nube\"\n\t\t\t\t\t\t\t\t\t\t\t\t\t\t tabindex=\"0\" href=\"\/co-es\/insights\/biblioteca-de-investigacion\/podcast-de-realidades-en-la-nube\/\"\n\t\t\t\t\t\t\t\t\t\t\t\t\t\t\ttarget=\"\">\n\t\t\t\t\t\t\t\t\t\t\t\t\t\tRealidades de la nube\t\t\t\t\t\t\t\t\t\t\t\t\t<\/a> <\/div>\n\t\t\t\t\t\t\t\t\t\t\t\t\t\t\t\t\t\t\t\t\t\t\t\t\t\n\n\n\t\t\t\t\t\t\t\t\t\t\t<\/div>\n\n\t\t\t\t\t\t\t\t\t\t\t<div class=\"col-md-6 col-sm-12 text-right box-img-wrapper escaper escaper-right\">\n\t\t\t\t\t\t\t\t\t\t\t\t\n\n\t\t\t\t\t\t\t\t\t\t\t\t<picture>\n\t\t\t\t\t\t\t\t\t\t\t\t\t<source\n\t\t\t\t\t\t\t\t\t\t\t\t\t\tsrcset=\"https:\/\/www.capgemini.com\/wp-content\/uploads\/2022\/11\/Cloud-realities-podcast.jpg?w=1200&amp;quality=90 1x, https:\/\/www.capgemini.com\/wp-content\/uploads\/2022\/11\/Cloud-realities-podcast.jpg?w=1200&amp;quality=90 2x\"\n\t\t\t\t\t\t\t\t\t\t\t\t\t\tmedia=\"(min-width: 1500px)\" \/>\n\t\t\t\t\t\t\t\t\t\t\t\t\t<source\n\t\t\t\t\t\t\t\t\t\t\t\t\t\tsrcset=\"https:\/\/www.capgemini.com\/wp-content\/uploads\/2022\/11\/Cloud-realities-podcast.jpg?w=600&amp;quality=90 1x, https:\/\/www.capgemini.com\/wp-content\/uploads\/2022\/11\/Cloud-realities-podcast.jpg?w=1200&amp;quality=90 2x\"\n\t\t\t\t\t\t\t\t\t\t\t\t\t\tmedia=\"(min-width: 992px)\" \/>\n\t\t\t\t\t\t\t\t\t\t\t\t\t<source\n\t\t\t\t\t\t\t\t\t\t\t\t\t\tsrcset=\"https:\/\/www.capgemini.com\/wp-content\/uploads\/2022\/11\/Cloud-realities-podcast.jpg?w=400&amp;quality=90 1x, https:\/\/www.capgemini.com\/wp-content\/uploads\/2022\/11\/Cloud-realities-podcast.jpg?w=800&amp;quality=90 2x\"\n\t\t\t\t\t\t\t\t\t\t\t\t\t\tmedia=\"(min-width: 768px)\" \/>\n\t\t\t\t\t\t\t\t\t\t\t\t\t<source\n\t\t\t\t\t\t\t\t\t\t\t\t\t\tsrcset=\"https:\/\/www.capgemini.com\/wp-content\/uploads\/2022\/11\/Cloud-realities-podcast.jpg?w=400&amp;quality=90 1x, https:\/\/www.capgemini.com\/wp-content\/uploads\/2022\/11\/Cloud-realities-podcast.jpg?w=800&amp;quality=90 2x\"\n\t\t\t\t\t\t\t\t\t\t\t\t\t\tmedia=\"(min-width: 0)\" \/>\n\n\n\t\t\t\t\t\t\t\t\t\t\t\t\t<img loading=\"lazy\" class=\"box-img\"\n\t\t\t\t\t\t\t\t\t\t\t\t\t\tsrc=\"https:\/\/www.capgemini.com\/wp-content\/uploads\/2022\/11\/Cloud-realities-podcast.jpg\"\n\t\t\t\t\t\t\t\t\t\t\t\t\t\tstyle=\"\n\t\t\t\t\t\t\t\t\t\t\t\t\t\tobject-position: 11% 33%; object-fit: cover;\t\t\t\t\t\t\t\t\t\t\t\t\t\t\t\t\t\" alt=\"\" \/>\n\n\t\t\t\t\t\t\t\t\t\t\t\t<\/picture>\n\t\t\t\t\t\t\t\t\t\t\t\t<!-- <img decoding=\"async\" class=\"box-img\" src=\"\n\t\t\t\t\t\t\t\t\t\t\t\t\t\t\t\t\t\t\t\t\t\t\t\t\t\t\t\"\n\t\t\t\t\t\t\t\t\t\t\tstyle=\"\n\t\t\t\t\t\t\t\t\t\t\t\t\t\t\t\t\t\t\t\t\t\t\t\t\t\" alt=\"\"\n\t\t\t\t\t\t\t\t\t\t\/> -->\n\t\t\t\t\t\t\t\t\t\t\t<\/div>\n\t\t\t\t\t\t\t\t\t\t<\/div>\n\t\t\t\t\t\t\t\t\t<\/div>\n\t\t\t\t\t\t\t\t<\/div>\n\t\t\t\t\t\t\t\t<div class=\"\">\n\t\t\t\t\t\t\t\t<\/div>\n\t\t\t\t\t\t\t\t<div class=\"slide-reveal\"><\/div>\n\t\t\t\t\t\t\t<\/div>\n\t\t\t\t\t\t<\/div>\n\t\t\t\t\t\n\t\t\t\t<\/div>\n\n\t\t\t\t\n\t\t\t<\/div>\n\n\t\t<\/section>\n\n\t\t\n\n\n<section class=\"wp-block-cg-blocks-group undefined section section--article-content\"><div class=\"article-main-content\"><div class=\"container\"><div class=\"row\"><div class=\"col-12 col-md-11 col-lg-10 offset-md-1 offset-lg-1\"><div class=\"article-text article-quote-text\">\n<h4 class=\"wp-block-heading\" id=\"h-creditos\">Cr\u00e9ditos<\/h4>\n\n\n\n<p>Tambi\u00e9n agradecemos a <a href=\"https:\/\/www.linkedin.com\/in\/marcel-van-der-burg-99a655\/\" target=\"_blank\" rel=\"noreferrer noopener\">Marcel Van Der Burg<\/a> y <a href=\"https:\/\/www.linkedin.com\/in\/chapmandr\/\" target=\"_blank\" rel=\"noreferrer noopener\">Dave Chapman<\/a> por la producci\u00f3n, y a <a href=\"https:\/\/www.linkedin.com\/in\/ben-corbett-3b6a11135\/\" target=\"_blank\" rel=\"noreferrer noopener\">Ben Corbett<\/a> y <a href=\"https:\/\/www.linkedin.com\/in\/louis-corbett-087250264\/\" target=\"_blank\" rel=\"noreferrer noopener\">Louis Corbett<\/a> por el sonido.<\/p>\n<\/div><\/div><\/div><\/div><\/div><\/section>\n","protected":false},"excerpt":{"rendered":"<p>Realidades en las nubes \u2013 Temporada 3.2<\/p>\n","protected":false},"author":257,"featured_media":540796,"template":"","meta":{"cg_dt_proposed_to":[],"cg_seo_hreflang_relations":"[]","cg_seo_canonical_relation":"","cg_seo_hreflang_x_default_relation":"{\"uuid\":\"4ea56786-d13b-4774-be84-b88fdeb28b43\",\"blogId\":\"\",\"domain\":\"\",\"sitePath\":\"\",\"postLink\":\"\",\"postId\":null,\"isSaved\":true,\"isCrossLink\":false,\"hasCrossLink\":false}","cg_dt_approved_content":true,"cg_dt_mandatory_content":false,"cg_dt_notes":"","cg_dg_source_changed":true,"cg_dt_link_disabled":false,"footnotes":"","related_resource_url":"","related_resource_id":0,"related_resource_size":"","related_resource_type":"","cg_author":0,"_yoast_wpseo_primary_theme":61,"primary_term":"Cloud","featured_focal_points":""},"tags":[],"research-and-insight-type":[492],"theme":[61],"brand":[],"service":[],"industry":[],"partners":[],"content-group":[],"class_list":["post-540795","research-and-insight","type-research-and-insight","status-publish","has-post-thumbnail","hentry","research-and-insight-type-podcast","theme-cloud"],"yoast_head":"<!-- This site is optimized with the Yoast SEO Premium plugin v22.8 (Yoast SEO v22.8) - https:\/\/yoast.com\/wordpress\/plugins\/seo\/ -->\n<title>Realidades en las nubes \u2013 Temporada 3.2<\/title>\n<meta name=\"description\" content=\"Explorando tanto las realidades pr\u00e1cticas como las emocionantes realidades alternativas que pueden liberarse a trav\u00e9s de la transformaci\u00f3n impulsada por la nube y la vida y el trabajo nativos de la nube.\" \/>\n<meta name=\"robots\" content=\"index, follow, max-snippet:-1, max-image-preview:large, max-video-preview:-1\" \/>\n<link rel=\"canonical\" href=\"https:\/\/www.capgemini.com\/co-es\/insights\/biblioteca-de-investigacion\/realidades-en-las-nubes-temporada-3-2\/\" \/>\n<meta property=\"og:locale\" content=\"es_MX\" \/>\n<meta property=\"og:type\" content=\"article\" \/>\n<meta property=\"og:title\" content=\"Realidades en las nubes \u2013 Temporada 3.2\" \/>\n<meta property=\"og:description\" content=\"Explorando tanto las realidades pr\u00e1cticas como las emocionantes realidades alternativas que pueden liberarse a trav\u00e9s de la transformaci\u00f3n impulsada por la nube y la vida y el trabajo nativos de la nube.\" \/>\n<meta property=\"og:url\" content=\"https:\/\/www.capgemini.com\/co-es\/insights\/biblioteca-de-investigacion\/realidades-en-las-nubes-temporada-3-2\/\" \/>\n<meta property=\"og:site_name\" content=\"Capgemini Colombia\" \/>\n<meta property=\"article:modified_time\" content=\"2025-12-05T07:27:21+00:00\" \/>\n<meta property=\"og:image\" content=\"https:\/\/www.capgemini.com\/co-es\/wp-content\/uploads\/sites\/25\/2025\/06\/Cloud-realities-podcast.jpg\" \/>\n\t<meta property=\"og:image:width\" content=\"2880\" \/>\n\t<meta property=\"og:image:height\" content=\"1800\" \/>\n\t<meta property=\"og:image:type\" content=\"image\/jpeg\" \/>\n<meta name=\"twitter:card\" content=\"summary_large_image\" \/>\n<meta name=\"twitter:label1\" content=\"Est. reading time\" \/>\n\t<meta name=\"twitter:data1\" content=\"1 minute\" \/>\n<script type=\"application\/ld+json\" class=\"yoast-schema-graph\">{\"@context\":\"https:\/\/schema.org\",\"@graph\":[{\"@type\":\"WebPage\",\"@id\":\"https:\/\/www.capgemini.com\/co-es\/insights\/biblioteca-de-investigacion\/realidades-en-las-nubes-temporada-3-2\/\",\"url\":\"https:\/\/www.capgemini.com\/co-es\/insights\/biblioteca-de-investigacion\/realidades-en-las-nubes-temporada-3-2\/\",\"name\":\"Realidades en las nubes \u2013 Temporada 3.2\",\"isPartOf\":{\"@id\":\"https:\/\/www.capgemini.com\/co-es\/#website\"},\"primaryImageOfPage\":{\"@id\":\"https:\/\/www.capgemini.com\/co-es\/insights\/biblioteca-de-investigacion\/realidades-en-las-nubes-temporada-3-2\/#primaryimage\"},\"image\":{\"@id\":\"https:\/\/www.capgemini.com\/co-es\/insights\/biblioteca-de-investigacion\/realidades-en-las-nubes-temporada-3-2\/#primaryimage\"},\"thumbnailUrl\":\"https:\/\/www.capgemini.com\/co-es\/wp-content\/uploads\/sites\/25\/2025\/06\/Cloud-realities-podcast.jpg\",\"datePublished\":\"2025-06-26T08:33:44+00:00\",\"dateModified\":\"2025-12-05T07:27:21+00:00\",\"description\":\"Explorando tanto las realidades pr\u00e1cticas como las emocionantes realidades alternativas que pueden liberarse a trav\u00e9s de la transformaci\u00f3n impulsada por la nube y la vida y el trabajo nativos de la nube.\",\"breadcrumb\":{\"@id\":\"https:\/\/www.capgemini.com\/co-es\/insights\/biblioteca-de-investigacion\/realidades-en-las-nubes-temporada-3-2\/#breadcrumb\"},\"inLanguage\":\"es-MX\",\"potentialAction\":[{\"@type\":\"ReadAction\",\"target\":[\"https:\/\/www.capgemini.com\/co-es\/insights\/biblioteca-de-investigacion\/realidades-en-las-nubes-temporada-3-2\/\"]}]},{\"@type\":\"ImageObject\",\"inLanguage\":\"es-MX\",\"@id\":\"https:\/\/www.capgemini.com\/co-es\/insights\/biblioteca-de-investigacion\/realidades-en-las-nubes-temporada-3-2\/#primaryimage\",\"url\":\"https:\/\/www.capgemini.com\/co-es\/wp-content\/uploads\/sites\/25\/2025\/06\/Cloud-realities-podcast.jpg\",\"contentUrl\":\"https:\/\/www.capgemini.com\/co-es\/wp-content\/uploads\/sites\/25\/2025\/06\/Cloud-realities-podcast.jpg\",\"width\":2880,\"height\":1800},{\"@type\":\"BreadcrumbList\",\"@id\":\"https:\/\/www.capgemini.com\/co-es\/insights\/biblioteca-de-investigacion\/realidades-en-las-nubes-temporada-3-2\/#breadcrumb\",\"itemListElement\":[{\"@type\":\"ListItem\",\"position\":1,\"name\":\"Home\",\"item\":\"https:\/\/www.capgemini.com\/co-es\/\"},{\"@type\":\"ListItem\",\"position\":2,\"name\":\"Research &amp; insights\",\"item\":\"https:\/\/www.capgemini.com\/co-es\/research-and-insight\/\"},{\"@type\":\"ListItem\",\"position\":3,\"name\":\"Realidades en las nubes \u2013 Temporada 3.2\"}]},{\"@type\":\"WebSite\",\"@id\":\"https:\/\/www.capgemini.com\/co-es\/#website\",\"url\":\"https:\/\/www.capgemini.com\/co-es\/\",\"name\":\"Capgemini Colombia\",\"description\":\"Capgemini\",\"potentialAction\":[{\"@type\":\"SearchAction\",\"target\":{\"@type\":\"EntryPoint\",\"urlTemplate\":\"https:\/\/www.capgemini.com\/co-es\/?s={search_term_string}\"},\"query-input\":\"required name=search_term_string\"}],\"inLanguage\":\"es-MX\"}]}<\/script>\n<!-- \/ Yoast SEO Premium plugin. -->","yoast_head_json":{"title":"Realidades en las nubes \u2013 Temporada 3.2","description":"Explorando tanto las realidades pr\u00e1cticas como las emocionantes realidades alternativas que pueden liberarse a trav\u00e9s de la transformaci\u00f3n impulsada por la nube y la vida y el trabajo nativos de la nube.","robots":{"index":"index","follow":"follow","max-snippet":"max-snippet:-1","max-image-preview":"max-image-preview:large","max-video-preview":"max-video-preview:-1"},"canonical":"https:\/\/www.capgemini.com\/co-es\/insights\/biblioteca-de-investigacion\/realidades-en-las-nubes-temporada-3-2\/","og_locale":"es_MX","og_type":"article","og_title":"Realidades en las nubes \u2013 Temporada 3.2","og_description":"Explorando tanto las realidades pr\u00e1cticas como las emocionantes realidades alternativas que pueden liberarse a trav\u00e9s de la transformaci\u00f3n impulsada por la nube y la vida y el trabajo nativos de la nube.","og_url":"https:\/\/www.capgemini.com\/co-es\/insights\/biblioteca-de-investigacion\/realidades-en-las-nubes-temporada-3-2\/","og_site_name":"Capgemini Colombia","article_modified_time":"2025-12-05T07:27:21+00:00","og_image":[{"width":2880,"height":1800,"url":"https:\/\/www.capgemini.com\/co-es\/wp-content\/uploads\/sites\/25\/2025\/06\/Cloud-realities-podcast.jpg","type":"image\/jpeg"}],"twitter_card":"summary_large_image","twitter_misc":{"Est. reading time":"1 minute"},"schema":{"@context":"https:\/\/schema.org","@graph":[{"@type":"WebPage","@id":"https:\/\/www.capgemini.com\/co-es\/insights\/biblioteca-de-investigacion\/realidades-en-las-nubes-temporada-3-2\/","url":"https:\/\/www.capgemini.com\/co-es\/insights\/biblioteca-de-investigacion\/realidades-en-las-nubes-temporada-3-2\/","name":"Realidades en las nubes \u2013 Temporada 3.2","isPartOf":{"@id":"https:\/\/www.capgemini.com\/co-es\/#website"},"primaryImageOfPage":{"@id":"https:\/\/www.capgemini.com\/co-es\/insights\/biblioteca-de-investigacion\/realidades-en-las-nubes-temporada-3-2\/#primaryimage"},"image":{"@id":"https:\/\/www.capgemini.com\/co-es\/insights\/biblioteca-de-investigacion\/realidades-en-las-nubes-temporada-3-2\/#primaryimage"},"thumbnailUrl":"https:\/\/www.capgemini.com\/co-es\/wp-content\/uploads\/sites\/25\/2025\/06\/Cloud-realities-podcast.jpg","datePublished":"2025-06-26T08:33:44+00:00","dateModified":"2025-12-05T07:27:21+00:00","description":"Explorando tanto las realidades pr\u00e1cticas como las emocionantes realidades alternativas que pueden liberarse a trav\u00e9s de la transformaci\u00f3n impulsada por la nube y la vida y el trabajo nativos de la nube.","breadcrumb":{"@id":"https:\/\/www.capgemini.com\/co-es\/insights\/biblioteca-de-investigacion\/realidades-en-las-nubes-temporada-3-2\/#breadcrumb"},"inLanguage":"es-MX","potentialAction":[{"@type":"ReadAction","target":["https:\/\/www.capgemini.com\/co-es\/insights\/biblioteca-de-investigacion\/realidades-en-las-nubes-temporada-3-2\/"]}]},{"@type":"ImageObject","inLanguage":"es-MX","@id":"https:\/\/www.capgemini.com\/co-es\/insights\/biblioteca-de-investigacion\/realidades-en-las-nubes-temporada-3-2\/#primaryimage","url":"https:\/\/www.capgemini.com\/co-es\/wp-content\/uploads\/sites\/25\/2025\/06\/Cloud-realities-podcast.jpg","contentUrl":"https:\/\/www.capgemini.com\/co-es\/wp-content\/uploads\/sites\/25\/2025\/06\/Cloud-realities-podcast.jpg","width":2880,"height":1800},{"@type":"BreadcrumbList","@id":"https:\/\/www.capgemini.com\/co-es\/insights\/biblioteca-de-investigacion\/realidades-en-las-nubes-temporada-3-2\/#breadcrumb","itemListElement":[{"@type":"ListItem","position":1,"name":"Home","item":"https:\/\/www.capgemini.com\/co-es\/"},{"@type":"ListItem","position":2,"name":"Research &amp; insights","item":"https:\/\/www.capgemini.com\/co-es\/research-and-insight\/"},{"@type":"ListItem","position":3,"name":"Realidades en las nubes \u2013 Temporada 3.2"}]},{"@type":"WebSite","@id":"https:\/\/www.capgemini.com\/co-es\/#website","url":"https:\/\/www.capgemini.com\/co-es\/","name":"Capgemini Colombia","description":"Capgemini","potentialAction":[{"@type":"SearchAction","target":{"@type":"EntryPoint","urlTemplate":"https:\/\/www.capgemini.com\/co-es\/?s={search_term_string}"},"query-input":"required name=search_term_string"}],"inLanguage":"es-MX"}]}},"theme_term_info":[{"id":61,"name":"Cloud"}],"industry_term_info":[],"services_term_info":[],"partners_term_info":[],"brand_term_info":[],"brand_term":[],"parsely":{"version":"1.1.0","canonical_url":"https:\/\/capgemini.com\/co-es\/insights\/biblioteca-de-investigacion\/realidades-en-las-nubes-temporada-3-2\/","smart_links":{"inbound":0,"outbound":0},"traffic_boost_suggestions_count":0,"meta":{"@context":"https:\/\/schema.org","@type":"NewsArticle","headline":"Realidades en las nubes \u2013 Temporada 3.2","url":"https:\/\/www.capgemini.com\/co-es\/insights\/biblioteca-de-investigacion\/realidades-en-las-nubes-temporada-3-2\/","mainEntityOfPage":{"@type":"WebPage","@id":"https:\/\/www.capgemini.com\/co-es\/insights\/biblioteca-de-investigacion\/realidades-en-las-nubes-temporada-3-2\/"},"thumbnailUrl":"https:\/\/www.capgemini.com\/co-es\/wp-content\/uploads\/sites\/25\/2025\/06\/Cloud-realities-podcast.jpg?w=150&h=150&crop=1","image":{"@type":"ImageObject","url":"https:\/\/www.capgemini.com\/co-es\/wp-content\/uploads\/sites\/25\/2025\/06\/Cloud-realities-podcast.jpg"},"articleSection":"Uncategorized","author":[],"creator":[],"publisher":{"@type":"Organization","name":"Capgemini Colombia","logo":""},"keywords":[],"dateCreated":"2025-06-26T08:33:44Z","datePublished":"2025-06-26T08:33:44Z","dateModified":"2025-12-05T07:27:21Z"},"rendered":"<meta name=\"parsely-title\" content=\"Realidades en las nubes \u2013 Temporada 3.2\" \/>\n<meta name=\"parsely-link\" content=\"https:\/\/www.capgemini.com\/co-es\/insights\/biblioteca-de-investigacion\/realidades-en-las-nubes-temporada-3-2\/\" \/>\n<meta name=\"parsely-type\" content=\"post\" \/>\n<meta name=\"parsely-image-url\" content=\"https:\/\/www.capgemini.com\/co-es\/wp-content\/uploads\/sites\/25\/2025\/06\/Cloud-realities-podcast.jpg?w=150&amp;h=150&amp;crop=1\" \/>\n<meta name=\"parsely-pub-date\" content=\"2025-06-26T08:33:44Z\" \/>\n<meta name=\"parsely-section\" content=\"Uncategorized\" \/>","tracker_url":"https:\/\/cdn.parsely.com\/keys\/capgemini.com\/p.js"},"archive_status":false,"featured_image_src":"https:\/\/www.capgemini.com\/co-es\/wp-content\/uploads\/sites\/25\/2025\/06\/Cloud-realities-podcast.jpg","featured_image_alt":"","jetpack_sharing_enabled":true,"distributor_meta":false,"distributor_terms":false,"distributor_media":false,"distributor_original_site_name":"Capgemini Colombia","distributor_original_site_url":"https:\/\/www.capgemini.com\/co-es","push-errors":false,"tag_names":[],"featured_image_url":"https:\/\/www.capgemini.com\/co-es\/wp-content\/uploads\/sites\/25\/2025\/06\/Cloud-realities-podcast.jpg","_links":{"self":[{"href":"https:\/\/www.capgemini.com\/co-es\/wp-json\/wp\/v2\/research-and-insight\/540795","targetHints":{"allow":["GET"]}}],"collection":[{"href":"https:\/\/www.capgemini.com\/co-es\/wp-json\/wp\/v2\/research-and-insight"}],"about":[{"href":"https:\/\/www.capgemini.com\/co-es\/wp-json\/wp\/v2\/types\/research-and-insight"}],"author":[{"embeddable":true,"href":"https:\/\/www.capgemini.com\/co-es\/wp-json\/wp\/v2\/users\/257"}],"version-history":[{"count":2,"href":"https:\/\/www.capgemini.com\/co-es\/wp-json\/wp\/v2\/research-and-insight\/540795\/revisions"}],"predecessor-version":[{"id":545995,"href":"https:\/\/www.capgemini.com\/co-es\/wp-json\/wp\/v2\/research-and-insight\/540795\/revisions\/545995"}],"wp:featuredmedia":[{"embeddable":true,"href":"https:\/\/www.capgemini.com\/co-es\/wp-json\/wp\/v2\/media\/540796"}],"wp:attachment":[{"href":"https:\/\/www.capgemini.com\/co-es\/wp-json\/wp\/v2\/media?parent=540795"}],"wp:term":[{"taxonomy":"post_tag","embeddable":true,"href":"https:\/\/www.capgemini.com\/co-es\/wp-json\/wp\/v2\/tags?post=540795"},{"taxonomy":"research-and-insight-type","embeddable":true,"href":"https:\/\/www.capgemini.com\/co-es\/wp-json\/wp\/v2\/research-and-insight-type?post=540795"},{"taxonomy":"theme","embeddable":true,"href":"https:\/\/www.capgemini.com\/co-es\/wp-json\/wp\/v2\/theme?post=540795"},{"taxonomy":"brand","embeddable":true,"href":"https:\/\/www.capgemini.com\/co-es\/wp-json\/wp\/v2\/brand?post=540795"},{"taxonomy":"service","embeddable":true,"href":"https:\/\/www.capgemini.com\/co-es\/wp-json\/wp\/v2\/service?post=540795"},{"taxonomy":"industry","embeddable":true,"href":"https:\/\/www.capgemini.com\/co-es\/wp-json\/wp\/v2\/industry?post=540795"},{"taxonomy":"partners","embeddable":true,"href":"https:\/\/www.capgemini.com\/co-es\/wp-json\/wp\/v2\/partners?post=540795"},{"taxonomy":"content-group","embeddable":true,"href":"https:\/\/www.capgemini.com\/co-es\/wp-json\/wp\/v2\/content-group?post=540795"}],"curies":[{"name":"wp","href":"https:\/\/api.w.org\/{rel}","templated":true}]}}