{"id":549381,"date":"2026-02-26T04:11:47","date_gmt":"2026-02-26T04:11:47","guid":{"rendered":"https:\/\/www.capgemini.com\/co-es\/?post_type=event&#038;p=549381"},"modified":"2026-04-15T06:37:50","modified_gmt":"2026-04-15T06:37:50","slug":"feria-de-hannover-2026","status":"publish","type":"event","link":"https:\/\/www.capgemini.com\/co-es\/news\/events\/feria-de-hannover-2026\/","title":{"rendered":"Feria de Hannover 2026"},"content":{"rendered":"\n<header class=\"wp-block-cg-blocks-hero-reusable header heroReusable  \"><div class=\"header-bgs\"><picture><source srcset=\"https:\/\/www.capgemini.com\/de-de\/wp-content\/uploads\/sites\/8\/2026\/01\/2026-01-19_Hannover_Messe_Landing-page-main-bannerOpt1_v1_2880x1800_DLK.jpg?w=2880&amp;quality=70 1x, https:\/\/www.capgemini.com\/de-de\/wp-content\/uploads\/sites\/8\/2026\/01\/2026-01-19_Hannover_Messe_Landing-page-main-bannerOpt1_v1_2880x1800_DLK.jpg?w=2880&amp;quality=70 2x\" media=\"(min-width: 1500px)\"\/><source srcset=\"https:\/\/www.capgemini.com\/de-de\/wp-content\/uploads\/sites\/8\/2026\/01\/2026-01-19_Hannover_Messe_Landing-page-main-bannerOpt1_v1_2880x1800_DLK.jpg?w=1440&amp;quality=70 1x, https:\/\/www.capgemini.com\/de-de\/wp-content\/uploads\/sites\/8\/2026\/01\/2026-01-19_Hannover_Messe_Landing-page-main-bannerOpt1_v1_2880x1800_DLK.jpg?w=2880&amp;quality=70 2x\" media=\"(min-width: 992px)\"\/><source srcset=\"https:\/\/www.capgemini.com\/de-de\/wp-content\/uploads\/sites\/8\/2026\/01\/2026-01-19_Hannover_Messe_Landing-page-main-bannerOpt1_v1_2880x1800_DLK.jpg?w=1024&amp;quality=70 1x, https:\/\/www.capgemini.com\/de-de\/wp-content\/uploads\/sites\/8\/2026\/01\/2026-01-19_Hannover_Messe_Landing-page-main-bannerOpt1_v1_2880x1800_DLK.jpg?w=1024&amp;quality=70 2x\" media=\"(min-width: 768px)\"\/><source srcset=\"https:\/\/www.capgemini.com\/de-de\/wp-content\/uploads\/sites\/8\/2026\/01\/2026-01-19_Hannover_Messe_Landing-page-main-bannerOpt1_v1_2880x1800_DLK.jpg?w=768&amp;quality=70 1x, https:\/\/www.capgemini.com\/de-de\/wp-content\/uploads\/sites\/8\/2026\/01\/2026-01-19_Hannover_Messe_Landing-page-main-bannerOpt1_v1_2880x1800_DLK.jpg?w=768&amp;quality=70 2x\" media=\"(min-width: 0)\"\/><img decoding=\"async\" src=\"https:\/\/www.capgemini.com\/de-de\/wp-content\/uploads\/sites\/8\/2026\/01\/2026-01-19_Hannover_Messe_Landing-page-main-bannerOpt1_v1_2880x1800_DLK.jpg\" class=\"header-img header-img-d\" alt=\"\" style=\"object-fit:cover;object-position:55.00000000000001% 65%\" loading=\"eager\"\/><\/picture><\/div><div class=\"heroPictureCardHeaderShape\"><\/div><div class=\"container\"><div class=\"row\"><div class=\"col-md-12\"><div class=\"box\"><div class=\"boxTagWrapper\"><div class=\"tagInfo\"><div><span class=\"box-tag\">Event<\/span><\/div><\/div><\/div><div class=\"box-title\"><h1 data-maxlength=\"34\">Feria de Hannover 2026<\/h1><\/div><h2 class=\"reasearchInsightTitle\">La feria industrial l\u00edder en el mundo<br><sub>Del 20 al 24 de abril, pabell\u00f3n 15, stand F52<\/sub><\/h2><div class=\"inner-row-insight download-btn\"><\/div><\/div><\/div><\/div><\/div><\/header>\n\n\n\n<section class=\"wp-block-cg-blocks-group section section--article-content\"><div class=\"article-main-content\"><div class=\"container\"><div class=\"grid-container\"><div><div class=\"article-text article-quote-text\">\n<h2 class=\"wp-block-heading\" id=\"h-hannover-messe-2026-es-una-de-las-ferias-industriales-lideres-a-nivel-mundial-que-reune-a-innovadores-globales-para-explorar-el-futuro-de-la-automatizacion-la-digitalizacion-la-ia-y-la-fabricacion-sostenible\">Hannover Messe 2026 es una de las ferias industriales l\u00edderes a nivel mundial, que re\u00fane a innovadores globales para explorar el futuro de la automatizaci\u00f3n, la digitalizaci\u00f3n, la IA y la fabricaci\u00f3n sostenible.<\/h2>\n\n\n\n<p>El evento ofrece una plataforma fundamental para que los l\u00edderes de la industria aborden la disrupci\u00f3n, las expectativas de los clientes \u2014en constante y r\u00e1pido cambio\u2014 y la creciente necesidad de operaciones resilientes y sostenibles.<\/p>\n\n\n\n<h3 class=\"wp-block-heading\" id=\"h-make-it-real\">Make it real.<\/h3>\n\n\n\n<p>Capgemini participar\u00e1 como expositor en el pabell\u00f3n 15, stand F52, mostrando c\u00f3mo hacemos realidad las soluciones impulsadas por IA. Al fusionar los mundos f\u00edsico y digital \u2014y aprovechar los datos, el software, la ingenier\u00eda y la IA\u2014, ayudamos a las organizaciones a reimaginar sus productos, operaciones y cadenas de suministro.<\/p>\n\n\n\n<h4 class=\"wp-block-heading\" id=\"h-la-ia-como-catalizador\">La IA como catalizador<\/h4>\n\n\n\n<p>La IA impulsa las operaciones predictivas, las cadenas de suministro inteligentes y el dise\u00f1o de productos sostenible. Mitigamos los riesgos de la IA a escala mediante salvaguardas \u00e9ticas, mientras que los sistemas ag\u00e9nticos y los gemelos digitales aceleran la I+D y la descarbonizaci\u00f3n, transformando los objetivos medioambientales en resultados medibles.<\/p>\n\n\n\n<h4 class=\"wp-block-heading\" id=\"h-valor-empresarial-real\">Valor empresarial real<\/h4>\n\n\n\n<p>La Industria Inteligente impulsa la personalizaci\u00f3n, la excelencia operativa y nuevas fuentes de ingresos. La sostenibilidad se convierte en un motor de rentabilidad a trav\u00e9s del dise\u00f1o inteligente y la tecnolog\u00eda clim\u00e1tica. Nuestras soluciones generan un retorno de la inversi\u00f3n tangible: financiero, medioambiental y social.<\/p>\n<\/div><\/div><\/div><\/div><\/div><\/section>\n\n\n\n<section class=\"wp-block-cg-blocks-how-we-do-it section section--howwedoit block-howwedoit\"><div class=\"container\"><div><div class=\"row\"><div class=\"content-title col-12 col-md-8\"><h2 data-maxlength=\"72\" class=\"expandable-heading-tag\">Demostraciones y contenido<\/h2><\/div><\/div><div class=\"row\"><div class=\"col-12 col-md-8\"><p>El programa de este a\u00f1o en la Hannover Messe contar\u00e1 con un \u00e1rea de demostraciones din\u00e1mica, donde los visitantes podr\u00e1n explorar de primera mano nuestras \u00faltimas innovaciones. Nuestros expertos estar\u00e1n presentes para abordar tres \u00e1reas fundamentales que est\u00e1n dando forma al futuro de la Industria Inteligente:<\/p><\/div><\/div><\/div><div class=\"row\"><div class=\"col-12 col-md-8\"><div class=\"section-content\">\n<div class=\"wp-block-cg-blocks-card-howwedoit expanders\"><div class=\"box card-regulated-agreements card-howwedoit\"><div class=\"expander-box filter-box tag-active \"><div class=\"expander-title\" tabindex=\"0\" role=\"button\" aria-expanded=\"false\"><h3 class=\"expander-heading-title\">\u00c1rea de tecnolog\u00eda<\/h3><\/div><div class=\"expander-subtitle\"><p class=\"small-description\">Temas clave: IA f\u00edsica y del mundo real \u00b7 Soberan\u00eda digital<\/p><\/div><div class=\"expander-content\"><p>En esta \u00e1rea, los clientes experimentar\u00e1n c\u00f3mo la IA encarnada traslada la inteligencia al mundo f\u00edsico, incluso ante una disponibilidad limitada de datos. Los robots y los sistemas aut\u00f3nomos adquieren la capacidad de percibir, razonar, aprender y actuar directamente en el entorno de producci\u00f3n. Mediante demostraciones en vivo y casos de uso reales, los visitantes ver\u00e1n en acci\u00f3n la rob\u00f3tica adaptativa, la colaboraci\u00f3n humano-robot y la manipulaci\u00f3n impulsada por IA, lo que ilustrar\u00e1 c\u00f3mo la IA f\u00edsica transforma la automatizaci\u00f3n avanzada en un impacto industrial pr\u00e1ctico y escalable.<br>Los clientes tambi\u00e9n descubrir\u00e1n c\u00f3mo implementar datos industriales, IA y tecnolog\u00edas en la nube de manera segura, conforme a la normativa y preparada para el entorno europeo. Esta demostraci\u00f3n ilustra c\u00f3mo los fabricantes pueden mantener un control total sobre sus datos, su propiedad intelectual y sus operaciones cr\u00edticas, al tiempo que escalan e innovan. Mediante arquitecturas concretas, soluciones de socios y ejemplos pr\u00e1cticos, se demuestra c\u00f3mo combinar las capacidades de los hiperescaladores, la computaci\u00f3n de borde (<em>edge computing<\/em>) y los ecosistemas abiertos sin comprometer la soberan\u00eda, la seguridad ni la confianza.<br><br>Equilibrar la innovaci\u00f3n y la soberan\u00eda digital a medida que se acelera la adopci\u00f3n de la IA en todos los sectores, la soberan\u00eda digital se ha convertido en una consideraci\u00f3n estrat\u00e9gica, sin que ello implique una autonom\u00eda tecnol\u00f3gica total. Capgemini aboga por un enfoque pragm\u00e1tico y orientado a los casos de uso, que equilibre los requisitos de soberan\u00eda con la necesidad de innovar y mantener la competitividad.<br>Adem\u00e1s de nuestra presencia principal en la Hannover Messe 2026, vis\u00edtenos en el stand de nuestro socio SchwarzDigits, situado en el Pabell\u00f3n 14, Stand J18 (Booth #4\u2011508). Capgemini y STACKIT (la marca digital de Schwarz Group) han establecido una alianza estrat\u00e9gica para ofrecer soluciones de nube seguras y soberanas. Acomp\u00e1\u00f1enos para descubrir c\u00f3mo unas bases digitales dise\u00f1adas bajo el principio de soberan\u00eda pueden respaldar una IA industrial y unas operaciones cr\u00edticas seguras y resilientes.<\/p><div class=\"bg-color video-align-right\"><div class=\"container\"><div class=\"row video-align-left\"><div class=\"col-md-12\"><div class=\"video-align-left row box box--4 box--mini\"><div class=\"col-md-3\"><\/div><div class=\"col-md-8 box-img-wrapper\"><div class=\"video-box\"><\/div><\/div><\/div><\/div><\/div><\/div><\/div><div class=\"content-more\"><\/div><\/div><\/div><\/div><\/div>\n\n\n\n<div class=\"wp-block-cg-blocks-card-howwedoit expanders\"><div class=\"box card-regulated-agreements card-howwedoit\"><div class=\"expander-box filter-box tag-active \"><div class=\"expander-title\" tabindex=\"0\" role=\"button\" aria-expanded=\"false\"><h3 class=\"expander-heading-title\">\u00c1rea de operaciones<\/h3><\/div><div class=\"expander-subtitle\"><p class=\"small-description\">Temas clave: Operaciones ag\u00e9nticas y aut\u00f3nomas \u00b7 Cadenas de suministro ag\u00e9nticas y resilientes \u00b7 Fundamentos de IA industrial<\/p><\/div><div class=\"expander-content\"><p>In our Operations Area, we demonstrate\u2014through joint offerings and a live production cell\u2014how agentic AI delivers immediate, measurable impact on the shopfloor. The focus is on improving workforce efficiency, reducing machine downtime, and lowering defect costs.<br>A hands\u2011on demonstration shows how AI strengthens supply\u2011chain resilience and enables more stable, independent production. By anticipating disruptions and reducing the impact of geopolitical uncertainties, AI helps manufacturers maintain continuity and operational stability.<br>Unlocking the full potential of AI on the shopfloor requires a strong industrial AI foundation. This includes the integration of physical assets such as the Intel robot, seamless machine connectivity enabled by partners like Cybus, and the establishment of semantic data structures that form the basis for intelligent, automated decision\u2011making.<\/p><div class=\"bg-color video-align-right\"><div class=\"container\"><div class=\"row video-align-left\"><div class=\"col-md-12\"><div class=\"video-align-left row box box--4 box--mini\"><div class=\"col-md-3\"><\/div><div class=\"col-md-8 box-img-wrapper\"><div class=\"video-box\"><\/div><\/div><\/div><\/div><\/div><\/div><\/div><div class=\"content-more\"><\/div><\/div><\/div><\/div><\/div>\n\n\n\n<div class=\"wp-block-cg-blocks-card-howwedoit expanders\"><div class=\"box card-regulated-agreements card-howwedoit\"><div class=\"expander-box filter-box tag-active \"><div class=\"expander-title\" tabindex=\"0\" role=\"button\" aria-expanded=\"false\"><h3 class=\"expander-heading-title\">\u00c1rea de producto<\/h3><\/div><div class=\"expander-subtitle\"><p class=\"small-description\">Temas clave: PLM integrado \u00b7 Ingenier\u00eda impulsada por IA<\/p><\/div><div class=\"expander-content\"><p>En el \u00c1rea de Productos, la pieza central \u2014el Mars Rover\u2014 enmarca la narrativa general: la IA est\u00e1 transformando la ingenier\u00eda, pasando de las transferencias basadas en documentos a un desarrollo continuo y basado en modelos. En este contexto, la IA puede impulsar la gesti\u00f3n de requisitos, explorar alternativas de dise\u00f1o, predecir impactos y respaldar los procesos de verificaci\u00f3n. Esta exhibici\u00f3n destaca c\u00f3mo las empresas industriales avanzan hacia una integraci\u00f3n hol\u00edstica de la Gesti\u00f3n del Ciclo de Vida del Producto (PLM) con el fin de armonizar las disciplinas de ingenier\u00eda, mejorar la colaboraci\u00f3n y lograr resultados m\u00e1s r\u00e1pidos y orientados a la calidad a lo largo de todo el ciclo de vida.<br><br>El Mars Rover se fundamenta en la Continuidad Digital, conectando el PLM con otros sistemas empresariales para garantizar que los flujos de datos y los flujos de trabajo permanezcan alineados a lo largo de todo el ciclo de vida. Al combinar un dise\u00f1o de producto sostenible y basado en agentes con un cableado asistido por IA, la exhibici\u00f3n hace tangible la ingenier\u00eda basada en PLM, demostrando c\u00f3mo la IA reduce los tiempos de dise\u00f1o, minimiza las repeticiones de trabajo, aumenta la eficiencia y optimiza tanto el rendimiento del producto como su sostenibilidad.<\/p><div class=\"bg-color video-align-right\"><div class=\"container\"><div class=\"row video-align-left\"><div class=\"col-md-12\"><div class=\"video-align-left row box box--4 box--mini\"><div class=\"col-md-3\"><\/div><div class=\"col-md-8 box-img-wrapper\"><div class=\"video-box\"><\/div><\/div><\/div><\/div><\/div><\/div><\/div><div class=\"content-more\"><\/div><\/div><\/div><\/div><\/div>\n<\/div><\/div><\/div><\/div><\/section>\n\n\n\n<section class=\"wp-block-cg-blocks-group section section--article-content\"><div class=\"article-main-content\"><div class=\"container\"><div class=\"grid-container\"><div><div class=\"article-text article-quote-text\">\n<h4 class=\"wp-block-heading\" id=\"h-presentacion-del-orador\">Presentaci\u00f3n del orador<\/h4>\n\n\n\n<p>Adem\u00e1s, un programa de ponentes cuidadosamente seleccionado en nuestro stand contar\u00e1 con la participaci\u00f3n de expertos de Capgemini y del sector, quienes compartir\u00e1n sus perspectivas sobre las \u00faltimas tendencias y avances tecnol\u00f3gicos en el \u00e1mbito de la manufactura.<\/p>\n<\/div><\/div><\/div><\/div><\/div><\/section>\n\n\n\n<section class=\"wp-block-cg-blocks-how-we-do-it section section--howwedoit block-howwedoit\"><div class=\"container\"><div><div class=\"row\"><div class=\"content-title col-12 col-md-8\"><h2 data-maxlength=\"72\" class=\"expandable-heading-tag\">Experimente la Industria Inteligente hecha realidad en todo el ecosistem<\/h2><\/div><\/div><div class=\"row\"><div class=\"col-12 col-md-8\"><p>Capgemini Stage Sessions<\/p><\/div><\/div><\/div><div class=\"row\"><div class=\"col-12 col-md-8\"><div class=\"section-content\">\n<div class=\"wp-block-cg-blocks-card-howwedoit expanders\"><div class=\"box card-regulated-agreements card-howwedoit\"><div class=\"expander-box filter-box tag-active \"><div class=\"expander-title\" tabindex=\"0\" role=\"button\" aria-expanded=\"false\"><h3 class=\"expander-heading-title\">D\u00eda 1 \u2013 Lunes, 20 de abril<\/h3><\/div><div class=\"expander-content\"><p><\/p><div class=\"bg-color video-align-right\"><div class=\"container\"><div class=\"row video-align-left\"><div class=\"col-md-12\"><div class=\"video-align-left row box box--4 box--mini\"><div class=\"col-md-3\"><\/div><div class=\"col-md-8 box-img-wrapper\"><div class=\"video-box\"><\/div><\/div><\/div><\/div><\/div><\/div><\/div>\n<p><strong>Construyendo la f\u00e1brica virtual a trav\u00e9s de la colaboraci\u00f3n<\/strong><br><br><strong><em>Tiempo:<\/em><\/strong><em>&nbsp;11:00\u201311:30<br><strong>Evento:<\/strong>&nbsp;Dassault Syst\u00e8mes booth, Hall 14 \u2013 Stand H74<\/em><br><br>Descubra c\u00f3mo Capgemini y Dassault empoderan a sus clientes para crear f\u00e1bricas virtuales, ayud\u00e1ndoles a minimizar riesgos y a tomar decisiones m\u00e1s informadas sobre las inversiones en centros de producci\u00f3n antes de asumir cualquier compromiso definitivo.&nbsp;<br><br><strong>Oradora:<\/strong><\/p>\n\n\n\n<ul class=\"wp-block-list\">\n<li>David Luna Garcia Romero, Arquitecto Gerente de Ingenier\u00eda de Sistemas, Soluciones y Preventas | Pr\u00e1ctica Global de PLM, <strong>Capgemini Engineering<\/strong><\/li>\n<\/ul>\n\n\n\n<p><strong>GravitHy: Desbloqueando el avance del acero verde<br><\/strong><br><strong><em>Tiempo:<\/em><\/strong><em>12:45\u20131:00pm<br><strong>Evento:<\/strong>&nbsp;Siemens Stage, Hall 27, Booth A48 (<\/em><a href=\"https:\/\/hm.virtualevent.siemens.com\/share-event\/efyHw2q2NuvbVIXY-KjE5CLBS\/?path=%2Fen%2F\" target=\"_blank\" rel=\"noreferrer noopener\"><em>View online here<\/em><\/a><em>)<\/em><br><br>Descubra c\u00f3mo GravitHy utiliza la optimizaci\u00f3n impulsada por IA, los gemelos digitales y las operaciones aut\u00f3nomas para acelerar la descarbonizaci\u00f3n, al tiempo que potencia la eficiencia y la competitividad. Ofrece una visi\u00f3n de futuro sobre c\u00f3mo la innovaci\u00f3n digital est\u00e1 transformando el acero verde de una ambici\u00f3n en una realidad industrial.<\/p>\n\n\n\n<p><strong>Oradoras:<\/strong><\/p>\n\n\n\n<ul class=\"wp-block-list\">\n<li>Myriam Jendoubi, Jefa de Ingenier\u00eda de Hidr\u00f3geno, <strong>GravitHy<\/strong><\/li>\n\n\n\n<li>Florent Andrillon, Vicepresidente Ejecutivo y Director Global de Tecnolog\u00eda Clim\u00e1tica, <strong>Capgemini<\/strong><\/li>\n\n\n\n<li>Alberto Carpita, Director de Estrategia y Desarrollo de Negocio en Tecnolog\u00eda Clim\u00e1tica, <strong>Siemens<\/strong><\/li>\n<\/ul>\n\n\n\n<p><strong>Co-inteligencia de fabricaci\u00f3n impulsada por Bosch &amp; Capgemini<br><\/strong><br><strong><em>Tiempo:<\/em><\/strong><em>&nbsp;14:00\u201314:30<\/em><br><strong><em>Evento:<\/em><\/strong><em>&nbsp;Capgemini Stage, Hall 15, Booth F52<\/em><br><br>Descubra c\u00f3mo Bosch y Capgemini est\u00e1n haciendo posibles sistemas de fabricaci\u00f3n co-inteligentes mediante la combinaci\u00f3n de datos, IA y una profunda experiencia industrial.<\/p>\n\n\n\n<p><strong>Oradoras:<\/strong><\/p>\n\n\n\n<ul class=\"wp-block-list\">\n<li>Tanja R\u00fcckert, directora digital (CDO), <strong>Bosch<\/strong><\/li>\n\n\n\n<li>Michael Schulte, CEO,&nbsp;<strong>Capgemini Engineering<\/strong><\/li>\n\n\n\n<li>Michael M\u00fcller, Head of Digital &amp; Climate Tech,&nbsp;<strong>Capgemini Engineering<\/strong><\/li>\n<\/ul>\n\n\n\n<p><strong>Reindustrializaci\u00f3n de Europa y Estados Unidos<br><\/strong><br><strong><em><strong><em>Tiempo<\/em><\/strong>:<\/em><\/strong><em>14:20\u201314:40<br><strong>Ven<strong><em>Evento<\/em><\/strong>ue:<\/strong>&nbsp;Hall 26, Booth E43 \u2013 Expert Stage 2, Solution Lab Automation &amp; Digitalization<\/em><br><br>A strategic perspective on reindustrialization and how digital, AI, and automation capabilities are reshaping global industrial competitiveness.<\/p>\n\n\n\n<p><strong>Oradora:<\/strong><\/p>\n\n\n\n<ul class=\"wp-block-list\">\n<li>Pierre Bagnon,&nbsp;<strong>Capgemini<\/strong><\/li>\n<\/ul>\n\n\n\n<p><strong>Capgemini Research Institute presenta: IA f\u00edsica: llevando la colaboraci\u00f3n humano-robot al siguiente nivel.<br><\/strong><br><strong><em>Tiempo:<\/em><\/strong><em>16:00\u201316:30<br><strong>Evento:<\/strong>&nbsp;Capgemini Stage, Hall 15, Booth F52<\/em><br><br>Explore c\u00f3mo la IA f\u00edsica y la rob\u00f3tica est\u00e1n transformando las operaciones industriales, trasladando la inteligencia de los sistemas digitales al mundo f\u00edsico.<\/p>\n\n\n\n<p><strong>Oradora<a href=\"Oradora:\">:<\/a><\/strong><\/p>\n\n\n\n<ul class=\"wp-block-list\">\n<li>Marc Blanchon, Head of Physical AI,&nbsp;<strong>Capgemini Engineering<\/strong><\/li>\n<\/ul>\n\n\n\n<p><strong>Sanofi: Construyendo la f\u00e1brica aut\u00f3noma<\/strong><\/p>\n\n\n\n<p><strong><em>Tiempo:<\/em><\/strong><em>16:25\u201316:40<br><strong>Evento:<\/strong>&nbsp;Siemens Stage, Hall 27, Booth A48 (<\/em><a href=\"https:\/\/hm.virtualevent.siemens.com\/share-event\/0bJ8iWYyvrTvBtPH-EgoPMFMh\/?path=%2Fen%2F\" target=\"_blank\" rel=\"noreferrer noopener\"><em>view online here<\/em><\/a><em>)<\/em><\/p>\n\n\n\n<p>Siemens y Capgemini describen c\u00f3mo las f\u00e1bricas aut\u00f3nomas, impulsadas por la inteligencia artificial, evolucionan desde las plantas digitales y optimizadas de hoy en d\u00eda hacia operaciones \u00aboscuras\u00bb y plenamente autoorquestadas. Mediante la combinaci\u00f3n del control de ciclo cerrado, los gemelos digitales y la inteligencia de datos en tiempo real, este enfoque conjunto elimina barreras de larga data \u2014tales como los silos heredados y la variabilidad\u2014, posibilitando flujos sincronizados de extremo a extremo.<\/p>\n\n\n\n<p><strong>Oradoras:<\/strong><\/p>\n\n\n\n<ul class=\"wp-block-list\">\n<li>Damien Vossion, Vicepresidente de Excelencia Operacional, Plantas Inteligentes,&nbsp;<strong>Capgemini<\/strong><\/li>\n\n\n\n<li>Laurent Vannimenus, Vicepresidente de Industrias Inteligentes,&nbsp;<strong>Capgemini<\/strong><\/li>\n\n\n\n<li>Andrew Whytock, Head of Market Strategy,&nbsp;<strong>Siemens<\/strong><\/li>\n<\/ul>\n<div class=\"content-more\"><\/div><\/div><\/div><\/div><\/div>\n\n\n\n<div class=\"wp-block-cg-blocks-card-howwedoit expanders\"><div class=\"box card-regulated-agreements card-howwedoit\"><div class=\"expander-box filter-box tag-active \"><div class=\"expander-title\" tabindex=\"0\" role=\"button\" aria-expanded=\"false\"><h3 class=\"expander-heading-title\">D\u00eda 2 \u2013 Martes, 21 de abril<\/h3><\/div><div class=\"expander-content\"><p><\/p><div class=\"bg-color video-align-right\"><div class=\"container\"><div class=\"row video-align-left\"><div class=\"col-md-12\"><div class=\"video-align-left row box box--4 box--mini\"><div class=\"col-md-3\"><\/div><div class=\"col-md-8 box-img-wrapper\"><div class=\"video-box\"><\/div><\/div><\/div><\/div><\/div><\/div><\/div>\n<p><strong>El futuro de la cadena de suministro ag\u00e9ntica<\/strong><\/p>\n\n\n\n<p><strong><em>Tiempo:<\/em><\/strong><em>&nbsp;9:00\u201310:30am<br><strong>Evento:<\/strong>&nbsp;Microsoft Stage, Hall 17, Booth G06<\/em><\/p>\n\n\n\n<p>Explore c\u00f3mo la IA ag\u00e9ntica est\u00e1 transformando las cadenas de suministro mediante la planificaci\u00f3n, la ejecuci\u00f3n y la inteligencia de decisiones aut\u00f3nomas.<\/p>\n\n\n\n<p><strong>Oradoras:<\/strong><\/p>\n\n\n\n<ul class=\"wp-block-list\">\n<li>Paco Ribagnac,&nbsp;<strong>Capgemini<\/strong><\/li>\n\n\n\n<li>Frank Arnold,&nbsp;<strong>Capgemini<\/strong><\/li>\n\n\n\n<li>Ikhlasse El Arroud El Hadari,&nbsp;<strong>Capgemini<\/strong><\/li>\n<\/ul>\n\n\n\n<p><strong>Informe Everest: F\u00e1brica de IA Adaptativa<\/strong><\/p>\n\n\n\n<p><strong><em>Tiempo:<\/em><\/strong><em>10:25-10:45<br><strong>Evento:<\/strong>&nbsp;Siemens Gallery, Hall 27, Booth A48 (<a href=\"https:\/\/hm.virtualevent.siemens.com\/share-event\/Ciialmo6u9YcNvSG-ccj079ck\/?path=%2Fen%2F\" target=\"_blank\" rel=\"noreferrer noopener\"><em>View online here<\/em><\/a>)<\/em><\/p>\n\n\n\n<p>El pr\u00f3ximo salto competitivo reside en la construcci\u00f3n de f\u00e1bricas de IA adaptativas, donde la producci\u00f3n, la log\u00edstica, la calidad y la ingenier\u00eda operen como un sistema unificado e inteligente. En esta sesi\u00f3n, trazamos una hoja de ruta pr\u00e1ctica que abarca desde los pilotos de IA aislados hasta la orquestaci\u00f3n a escala empresarial.<\/p>\n\n\n\n<p><strong>Oradoras:<\/strong><\/p>\n\n\n\n<ul class=\"wp-block-list\">\n<li>Nishant Udupa, Vice President,&nbsp;<strong>Everest Group<\/strong><\/li>\n\n\n\n<li>Agnes L\u00f6hner, Domain Lead IT\/OT,&nbsp;<strong>Siemens<\/strong><\/li>\n\n\n\n<li>Nicolas Rousseau, Director de Ingenier\u00eda Digital y Manufactura,&nbsp;<strong>Capgemini Engineering<\/strong><\/li>\n<\/ul>\n\n\n\n<p><strong>Superinteligencia de fabricaci\u00f3n ag\u00e9ntica<\/strong><\/p>\n\n\n\n<p><strong><em>Tiempo:<\/em><\/strong><em>&nbsp;10:30\u201311:00<br><strong>Evento:<\/strong>&nbsp;Capgemini Stage, Hall 15, Booth F52<\/em><\/p>\n\n\n\n<p>Descubra c\u00f3mo los sistemas de IA con capacidad de agencia est\u00e1n redefiniendo la inteligencia manufacturera mediante la toma de decisiones aut\u00f3noma y la superinteligencia escalable.<\/p>\n\n\n\n<p><strong>Oradoras:<\/strong><\/p>\n\n\n\n<ul class=\"wp-block-list\">\n<li>Peter Carlsson, Co-founder,&nbsp;<strong>Aris Machina<\/strong><\/li>\n\n\n\n<li>Siddharth Khullar, CEO &amp; Co-founder,&nbsp;<strong>Aris Machina<\/strong><\/li>\n\n\n\n<li>Michael Schulte, CEO,&nbsp;<strong>Capgemini Engineering<\/strong><\/li>\n\n\n\n<li>Michael M\u00fcller, Head of Digital &amp; Climate Tech,&nbsp;<strong>Capgemini Engineering<\/strong><\/li>\n<\/ul>\n\n\n\n<p><strong>El Instituto de Investigaci\u00f3n Capgemini presenta: La reindustrializaci\u00f3n de Europa y la US \u2013 2026<\/strong><\/p>\n\n\n\n<p><strong><em>Tiempo:<\/em><\/strong><em>&nbsp;16:00\u201316:30<br><strong>Evento:<\/strong>&nbsp;Capgemini Stage, Hall 15, Booth F52<\/em><\/p>\n\n\n\n<p>Una discusi\u00f3n con visi\u00f3n de futuro sobre la reindustrializaci\u00f3n y c\u00f3mo la IA, los datos y unos cimientos digitales resilientes est\u00e1n reconfigurando la competitividad industrial.<\/p>\n\n\n\n<p><strong>Oradoras:<\/strong><\/p>\n\n\n\n<ul class=\"wp-block-list\">\n<li>Amira Tantaoui El Araki, Vicepresidenta \u2013 Industria Inteligente y Sostenible&nbsp;<strong>Capgemini<\/strong><\/li>\n\n\n\n<li>Paco Ribagnac, Jefa Global de Cadena de Suministro,&nbsp;<strong>Capgemini Invent<\/strong><\/li>\n<\/ul>\n\n\n\n<p><strong>AI Robotics<\/strong><\/p>\n\n\n\n<p><strong><em>Time:&nbsp;<\/em><\/strong><em>17:00\u201317:15<br><strong>Venue:<\/strong>&nbsp;Hannover Spotlight Stage, Hall 26, Booth E43<\/em><\/p>\n\n\n\n<p>La IA f\u00edsica representa un gran avance en la rob\u00f3tica al permitir a los robots percibir, razonar y actuar de forma aut\u00f3noma en entornos din\u00e1micos.<\/p>\n\n\n\n<p><strong>Oradora:<\/strong><\/p>\n\n\n\n<ul class=\"wp-block-list\">\n<li>Daniel Lichtwald, L\u00edder de Innovaci\u00f3n para Clientes,&nbsp;<strong>Capgemini<\/strong><\/li>\n<\/ul>\n\n\n\n<p><strong>Logrando la convergencia OT\/IT basada en est\u00e1ndares mediante software de operaciones.<\/strong><\/p>\n\n\n\n<p><strong><em>Tiempo:<\/em><\/strong><em>17:10\u201317:25<br><strong>Evento:<\/strong>&nbsp;Siemens Stage, Hall 27, Booth A48 (<\/em><a href=\"https:\/\/hm.virtualevent.siemens.com\/share-event\/kkyEe97K0dGNoA71-9zGHdSY1\/?path=%2Fen%2F\" target=\"_blank\" rel=\"noreferrer noopener\"><em>view online here<\/em><\/a><em>)<\/em><\/p>\n\n\n\n<p>Basada en desaf\u00edos reales de clientes de los sectores de manufactura industrial y ferroviario, esta sesi\u00f3n presenta una hoja de ruta conjunta para armonizar arquitecturas multisitio mediante bloques de construcci\u00f3n de software de operaciones (OpsSW) modulares y repetibles (Opcenter, SCADA, Industrial Edge).<\/p>\n\n\n\n<p><strong>Oradoras:<\/strong><\/p>\n\n\n\n<ul class=\"wp-block-list\">\n<li>Mark Hindsbo, Jefa de Software de Operaciones, Industrias Digitales,&nbsp;<strong>Siemens<\/strong><\/li>\n\n\n\n<li>Frank Lubnau, Vicepresidente Ejecutivo y Director de Industria Inteligente,&nbsp;<strong>Capgemini<\/strong><\/li>\n<\/ul>\n<div class=\"content-more\"><\/div><\/div><\/div><\/div><\/div>\n\n\n\n<div class=\"wp-block-cg-blocks-card-howwedoit expanders\"><div class=\"box card-regulated-agreements card-howwedoit\"><div class=\"expander-box filter-box tag-active \"><div class=\"expander-title\" tabindex=\"0\" role=\"button\" aria-expanded=\"false\"><h3 class=\"expander-heading-title\">D\u00eda 3 \u2013 Mi\u00e9rcoles, 22 de abril<\/h3><\/div><div class=\"expander-content\"><p><\/p><div class=\"bg-color video-align-right\"><div class=\"container\"><div class=\"row video-align-left\"><div class=\"col-md-12\"><div class=\"video-align-left row box box--4 box--mini\"><div class=\"col-md-3\"><\/div><div class=\"col-md-8 box-img-wrapper\"><div class=\"video-box\"><\/div><\/div><\/div><\/div><\/div><\/div><\/div>\n<p><strong>Ingenier\u00eda de requisitos impulsada por IA para tecnolog\u00eda m\u00e9dica<\/strong><\/p>\n\n\n\n<p><strong><em>Tiempo<\/em><\/strong><em>: 10:00-10:30<br><strong>Evento<\/strong>: Capgemini Stage, Hall 15, Booth F52<\/em><\/p>\n\n\n\n<ul class=\"wp-block-list\">\n<li>Dr Jana Kirchheim,&nbsp;<strong>Microsoft<\/strong><\/li>\n\n\n\n<li>Lydia Aldejohann,&nbsp;<strong>Capgemini<\/strong><\/li>\n<\/ul>\n\n\n\n<p><strong>De la base PLM a la IA multiagente: a escala empresarial<\/strong><\/p>\n\n\n\n<p><strong><em>Tiempo<\/em><\/strong><em>: 11:00-11:30<br><strong>Venue<\/strong>: Capgemini Stage, Hall 15, Booth F52<\/em><\/p>\n\n\n\n<ul class=\"wp-block-list\">\n<li>Dr. Tobias Hartenstein,&nbsp;<strong>Siemens<\/strong><\/li>\n\n\n\n<li>Verena Gertz,&nbsp;<strong>Capgemini<\/strong><\/li>\n<\/ul>\n\n\n\n<p><strong>Soberan\u00eda digital en la manufactura<\/strong><\/p>\n\n\n\n<p><strong><em>Time:<\/em><\/strong><em>&nbsp;14:00\u201314:30<\/em><strong><br><em>Venue:<\/em><\/strong><em>&nbsp;Capgemini Stage, Hall 15, Booth F52<\/em><\/p>\n\n\n\n<p>Comprenda por qu\u00e9 la soberan\u00eda digital es importante en el sector manufacturero y c\u00f3mo las organizaciones pueden construir infraestructuras digitales confiables, conformes a la normativa y preparadas para el futuro.<\/p>\n\n\n\n<p><strong>Oradoras:<\/strong><\/p>\n\n\n\n<ul class=\"wp-block-list\">\n<li>Peter Kurnol, L\u00edder de Industrias de Defensa,&nbsp;<strong>Schwarz Digits (StackIT)<\/strong><\/li>\n\n\n\n<li>Lukas Birn, Sustainability Lead Capgemini German,&nbsp;<strong>Capgemini<\/strong><\/li>\n<\/ul>\n\n\n\n<p><strong>La transparencia del producto es una decisi\u00f3n de arquitectura de TI.<\/strong><\/p>\n\n\n\n<p><strong><em>Tiempo:<\/em><\/strong><em>&nbsp;15:00\u201315:30<br><strong>Evento:<\/strong>&nbsp;Capgemini Stage, Hall 15, Booth<\/em><\/p>\n\n\n\n<p>Descubra por qu\u00e9 la transparencia de los productos comienza con la arquitectura de TI, y c\u00f3mo los fundamentos de datos posibilitan la trazabilidad, el cumplimiento normativo y la visibilidad operativa a escala.<\/p>\n\n\n\n<p><strong>Oradoras:<\/strong><\/p>\n\n\n\n<ul class=\"wp-block-list\">\n<li>Bart Kerkhofs, Director Digital technology,&nbsp;<strong>Tata Steel<\/strong><\/li>\n\n\n\n<li>Lukas Birn, Sustainability Lead Capgemini German,&nbsp;<strong>Capgemini<\/strong><\/li>\n<\/ul>\n\n\n\n<p><strong>El nuevo imperativo de la IA en la manufactura<\/strong><\/p>\n\n\n\n<p><strong><em>Tiempo:<\/em><\/strong><em>&nbsp;16:00\u201316:20<\/em><strong><br><em>Evento:<\/em><\/strong><em>&nbsp;Microsoft booth, Hall 17, Booth G06<\/em><\/p>\n\n\n\n<p>Demostrando c\u00f3mo Capgemini y Microsoft empoderan a los fabricantes para adoptar la IA de pr\u00f3xima generaci\u00f3n, mediante una profunda experiencia operativa combinada con soluciones avanzadas impulsadas por IA y fundamentos de infraestructura en la nube escalables.<\/p>\n<div class=\"content-more\"><\/div><\/div><\/div><\/div><\/div>\n\n\n\n<div class=\"wp-block-cg-blocks-card-howwedoit expanders\"><div class=\"box card-regulated-agreements card-howwedoit\"><div class=\"expander-box filter-box tag-active \"><div class=\"expander-title\" tabindex=\"0\" role=\"button\" aria-expanded=\"false\"><h3 class=\"expander-heading-title\">D\u00eda 4 \u2013 Jueves, 23 de abril<\/h3><\/div><div class=\"expander-content\"><p><\/p><div class=\"bg-color video-align-right\"><div class=\"container\"><div class=\"row video-align-left\"><div class=\"col-md-12\"><div class=\"video-align-left row box box--4 box--mini\"><div class=\"col-md-3\"><\/div><div class=\"col-md-8 box-img-wrapper\"><div class=\"video-box\"><\/div><\/div><\/div><\/div><\/div><\/div><\/div>\n<p><strong>Los sistemas multiagente est\u00e1n revolucionando la ingenier\u00eda y haci\u00e9ndola realidad.<\/strong><\/p>\n\n\n\n<p><strong><em>Tiempo:<\/em><\/strong><em>10:30\u201310:45<br><strong>Evento:<\/strong>&nbsp;Siemens Stage, Hall 27, Booth A48 (<\/em><a href=\"https:\/\/hm.virtualevent.siemens.com\/share-event\/kHavoLLcFb0TK8jW-i4ICtUpA\/?path=%2Fen%2F\" target=\"_blank\" rel=\"noreferrer noopener\"><em>view online here<\/em><\/a><em>)<\/em><\/p>\n\n\n\n<p>Capgemini y Siemens unen fuerzas para ofrecer soluciones integradas y escalables, potenciadas por la IA, que aprovechan los productos existentes de Siemens al tiempo que desarrollan nuevas soluciones para la IA industrial. Describiremos el concepto de la soluci\u00f3n, las capacidades actualmente implementables, el potencial de beneficios, as\u00ed como sus limitaciones.<\/p>\n\n\n\n<p><strong>Oradoras:<\/strong><\/p>\n\n\n\n<ul class=\"wp-block-list\">\n<li>Udo Lange, Director Global de Ingenier\u00eda Digital y Transformaci\u00f3n de I+D,&nbsp;<strong>Capgemini<\/strong><\/li>\n\n\n\n<li>Florian Goetz, Domain AI Lead,&nbsp;<strong>Siemens<\/strong><\/li>\n<\/ul>\n\n\n\n<p><strong>Transformando el sector de bienes de consumo juntos: L\u00edderes de Siemens y GSI impulsando el impacto en la industria.<\/strong><\/p>\n\n\n\n<p><strong><em>Tiempo:<\/em><\/strong><em>11:45\u201312:10<br><strong>Evento:<\/strong>&nbsp;Siemens Stage, Hall 27, Booth A48 (<\/em><a href=\"https:\/\/hm.virtualevent.siemens.com\/share-event\/fy5FUGtOSckFMBma-0EOhn7d0\/?path=%2Fen%2F\" target=\"_blank\" rel=\"noreferrer noopener\"><em>view online here<\/em><\/a><em>)<\/em><\/p>\n\n\n\n<p>\u00bfC\u00f3mo pueden las alianzas s\u00f3lidas acelerar la transformaci\u00f3n en el mercado de bienes de consumo envasados? Siemens y sus principales socios GSI comparten sus perspectivas sobre innovaci\u00f3n, colaboraci\u00f3n e impacto en el cliente.<\/p>\n\n\n\n<p><strong>Oradoras:<\/strong><\/p>\n\n\n\n<ul class=\"wp-block-list\">\n<li>Kushal Dastenavar, Global Head of Consumer Products, Retail, Distribution,&nbsp;<strong>Capgemini<\/strong><\/li>\n\n\n\n<li>Dion Smith, EVP, Worldwide Partner Ecosystems,&nbsp;<strong>Siemens<\/strong><\/li>\n<\/ul>\n\n\n\n<p><strong>La pila de ingenier\u00eda de IA: de la continuidad digital a la ingenier\u00eda ag\u00e9ntica<\/strong><\/p>\n\n\n\n<p><strong><em>Tiempo:<\/em><\/strong><em>&nbsp;15:00\u201315:30<br><strong>Evento:<\/strong>&nbsp;Capgemini Stage, Hall 15, Booth F52<\/em><\/p>\n\n\n\n<p>Este panel re\u00fane a Capgemini, a l\u00edderes de software industrial y a fundadores de startups para debatir qu\u00e9 elementos conforman el stack de ingenier\u00eda de IA, qu\u00e9 est\u00e1 generando valor en la actualidad y qu\u00e9 definir\u00e1 la pr\u00f3xima generaci\u00f3n del desarrollo de productos.<\/p>\n\n\n\n<p><strong>Oradoras:<\/strong><\/p>\n\n\n\n<ul class=\"wp-block-list\">\n<li>Jacques&nbsp;Bacry \u2014&nbsp;Global Head of PLM Practice,&nbsp;<strong>Capgemini<\/strong><\/li>\n\n\n\n<li>Natalja Schuler Boehm&nbsp;\u2014 Jefe de Crecimiento y \u00c9xito del Ecosistema,&nbsp;<strong>Siemens Xcelerator<\/strong><\/li>\n\n\n\n<li>Moritz Maier&nbsp;\u2014 CEO &amp; Co-Founder,&nbsp;<strong>Synera<\/strong><\/li>\n\n\n\n<li>Jean-Pierre Roux&nbsp;\u2014 CEO,&nbsp;<strong>Dessia<\/strong><\/li>\n\n\n\n<li>Wael Yahyaoui \u2014&nbsp;<strong>Capgemini Ventures (Moderator)<\/strong><\/li>\n<\/ul>\n<div class=\"content-more\"><\/div><\/div><\/div><\/div><\/div>\n<\/div><\/div><\/div><\/div><\/section>\n\n\n\n<section class=\"wp-block-cg-blocks-intro-para-video section section--info-2cols section--insights section-video \"><div class=\"bg-color video-align-right\"><div class=\"container\"><div class=\"row video-align-left\"><div class=\"col-md-12\"><div class=\"video-align-left row box box--4 box--mini\"><div class=\"col-md-3\"><h3 class=\"Video-title\" data-maxlength=\"34\">Feria de Hannover 2025<\/h3><div class=\"video-info\"><p data-maxlength=\"68\">Echa un vistazo a nuestra lista de reproducci\u00f3n de presentaciones en<\/p><\/div><\/div><div class=\"col-md-8 box-img-wrapper\"><div class=\"video-box\"><div class=\"video-wrapper\"><iframe title=\"video-section\" src=\"https:\/\/www.youtube.com\/embed\/7cnfuX_Oj5M?rel=0&amp;modestbranding=1&amp;playsinline=1&amp;enablejsapi=1\" frameborder=\"0\" allow=\"accelerometer; autoplay; clipboard-write; encrypted-media; gyroscope; picture-in-picture\" allowfullscreen loading=\"lazy\" referrerpolicy=\"strict-origin-when-cross-origin\"><\/iframe><\/div><\/div><\/div><div class=\"col-md-1\"><\/div><\/div><\/div><\/div><\/div><\/div><\/section>\n\n\n<section class=\"latest-insights layout-odd \"><div class=\"container\"><div class=\"insight-title\"><h2 class=\"latest-insight-title\">Investigaci\u00f3n y perspectivas<\/h2><\/div><div class=\"layout-single-card\">\n                      <div class=\"row align-items-center w-lg-100\">\n                        <div class=\"card-image-wrapper\">\n                                <div class=\"card-image\" data-image-url=\"https:\/\/www.capgemini.com\/co-es\/insights\/biblioteca-de-investigacion\/principales-tendencias-tecnologicas-de-2026\/\">\n\t\t\t\t\t\t\t\t\t\t\t\t\t\t\t\t\t<picture>\n\t\t\t\t\t\t\t\t\t\t\t\t\t\t\t\t\t\t\t\t\t<source srcset=\"https:\/\/www.capgemini.com\/co-es\/wp-content\/uploads\/sites\/25\/2026\/01\/Top-tech-trends-2026_44982876_Capgemini_TTT_AssetPrep_WebHeader_Stg3_Hero_Light.jpg?w=2048&#038;quality=70 1x, https:\/\/www.capgemini.com\/co-es\/wp-content\/uploads\/sites\/25\/2026\/01\/Top-tech-trends-2026_44982876_Capgemini_TTT_AssetPrep_WebHeader_Stg3_Hero_Light.jpg?w=2048&#038;quality=70 2x\"\n\t\t\t\t\t\t\t\t\t\t\t\t\t\t\t\t\t\t\t\t\t\t\t\t\tmedia=\"(min-width: 1500px)\"\/>\n\t\t\t\t\t\t\t\t\t\t\t\t\t\t\t\t\t\t\t\t\t<source srcset=\"https:\/\/www.capgemini.com\/co-es\/wp-content\/uploads\/sites\/25\/2026\/01\/Top-tech-trends-2026_44982876_Capgemini_TTT_AssetPrep_WebHeader_Stg3_Hero_Light.jpg?w=1024&#038;quality=70 1x, https:\/\/www.capgemini.com\/co-es\/wp-content\/uploads\/sites\/25\/2026\/01\/Top-tech-trends-2026_44982876_Capgemini_TTT_AssetPrep_WebHeader_Stg3_Hero_Light.jpg?w=2048&#038;quality=70 2x\"\n\t\t\t\t\t\t\t\t\t\t\t\t\t\t\t\t\t\t\t\t\t\t\t\t\tmedia=\"(min-width: 992px)\"\/>\n\t\t\t\t\t\t\t\t\t\t\t\t\t\t\t\t\t\t\t\t\t<source srcset=\"https:\/\/www.capgemini.com\/co-es\/wp-content\/uploads\/sites\/25\/2026\/01\/Top-tech-trends-2026_44982876_Capgemini_TTT_AssetPrep_WebHeader_Stg3_Hero_Light.jpg?w=1024&#038;quality=70 1x, https:\/\/www.capgemini.com\/co-es\/wp-content\/uploads\/sites\/25\/2026\/01\/Top-tech-trends-2026_44982876_Capgemini_TTT_AssetPrep_WebHeader_Stg3_Hero_Light.jpg?w=2048&#038;quality=70 2x\"\n\t\t\t\t\t\t\t\t\t\t\t\t\t\t\t\t\t\t\t\t\t\t\t\t\tmedia=\"(min-width: 768px)\"\/>\n\t\t\t\t\t\t\t\t\t\t\t\t\t\t\t\t\t\t\t\t\t<source srcset=\"https:\/\/www.capgemini.com\/co-es\/wp-content\/uploads\/sites\/25\/2026\/01\/Top-tech-trends-2026_44982876_Capgemini_TTT_AssetPrep_WebHeader_Stg3_Hero_Light.jpg?w=500&#038;quality=70 1x, https:\/\/www.capgemini.com\/co-es\/wp-content\/uploads\/sites\/25\/2026\/01\/Top-tech-trends-2026_44982876_Capgemini_TTT_AssetPrep_WebHeader_Stg3_Hero_Light.jpg?w=1000&#038;quality=70 2x\"\n\t\t\t\t\t\t\t\t\t\t\t\t\t\t\t\t\t\t\t\t\t\t\t\t\tmedia=\"(min-width: 0)\"\/>\n\t\t\t\t\t\t\t\t\t\t\t\t\t\t\t\t\t\t\t\t\t\t<img decoding=\"async\" loading=\"lazy\" src=\"https:\/\/www.capgemini.com\/co-es\/wp-content\/uploads\/sites\/25\/2026\/01\/Top-tech-trends-2026_44982876_Capgemini_TTT_AssetPrep_WebHeader_Stg3_Hero_Light.jpg\" alt=\"\" style=\"object-position: 50% 50%; object-fit: cover;\">\n\t\t\t\t\t\t\t\t\t\t\t\t\t\t\t\t\t\t\t<\/picture>\n                                <\/div>\n                            <\/div>\n                            <div class=\"col-12 col-md-5 col-lg-7\"><\/div>\n                        <div class=\"col-12 col-md-7 col-lg-5\">\n                            <a href=\"https:\/\/www.capgemini.com\/co-es\/insights\/biblioteca-de-investigacion\/principales-tendencias-tecnologicas-de-2026\/\" aria-label=\"Principales tendencias tecnol\u00f3gicas de 2026\" class=\"card-link-holder\">\n                            <div class=\"insight-card insight-card-start\">\n                                <div class=\"card-tag\">Report<\/div>\n                                <h3 class=\"card-title\">Principales tendencias tecnol\u00f3gicas de 2026<\/h3>\n                                <div class=\"insight-card-footer\">\n                                    <img decoding=\"async\" loading=\"lazy\" src=\"\" alt=\"\" class=\"light\">\n\t\t\t\t\t\t\t\t\t<img decoding=\"async\" loading=\"lazy\" src=\"\" alt=\"\" class=\"dark\">\n                                <\/div>\n                            <\/div>\n                            <\/a>\n                        <\/div>\n                     <\/div>\n                    <\/div><div class=\"layout-two-card cards-reversed\">\n                                <div class=\"row align-items-center\"><div class=\"card-image-wrapper\">\n                                <div class=\"card-image\" data-image-url=\"https:\/\/www.capgemini.com\/co-es\/insights\/biblioteca-de-investigacion\/reindustrializacion-de-europa-y-estados-unidos-2025\/\">\n\t\t\t\t\t\t\t\t\t\t\t\t\t\t\t\t\t<picture>\n\t\t\t\t\t\t\t\t\t\t\t\t\t\t\t\t\t\t\t<source srcset=\"https:\/\/www.capgemini.com\/co-es\/wp-content\/uploads\/sites\/25\/2025\/03\/Reindustrialization-of-Europe-and-US-2025-web-banner.jpg?w=800&#038;quality=70 1x, https:\/\/www.capgemini.com\/co-es\/wp-content\/uploads\/sites\/25\/2025\/03\/Reindustrialization-of-Europe-and-US-2025-web-banner.jpg?w=800&#038;quality=70 2x\"\n\t\t\t\t\t\t\t\t\t\t\t\t\t\t\t\t\t\t\t\t\tmedia=\"(min-width: 1500px)\"\/>\n\t\t\t\t\t\t\t\t\t\t\t\t\t\t\t\t\t\t\t\t\t<source srcset=\"https:\/\/www.capgemini.com\/co-es\/wp-content\/uploads\/sites\/25\/2025\/03\/Reindustrialization-of-Europe-and-US-2025-web-banner.jpg?w=800&#038;quality=70 1x, https:\/\/www.capgemini.com\/co-es\/wp-content\/uploads\/sites\/25\/2025\/03\/Reindustrialization-of-Europe-and-US-2025-web-banner.jpg?w=800&#038;quality=70 2x\"\n\t\t\t\t\t\t\t\t\t\t\t\t\t\t\t\t\t\t\t\t\t\t\t\t\tmedia=\"(min-width: 992px)\"\/>\n\t\t\t\t\t\t\t\t\t\t\t\t\t\t\t\t\t\t\t\t\t<source srcset=\"https:\/\/www.capgemini.com\/co-es\/wp-content\/uploads\/sites\/25\/2025\/03\/Reindustrialization-of-Europe-and-US-2025-web-banner.jpg?w=800&#038;quality=70 1x, https:\/\/www.capgemini.com\/co-es\/wp-content\/uploads\/sites\/25\/2025\/03\/Reindustrialization-of-Europe-and-US-2025-web-banner.jpg?w=800&#038;quality=70 2x\"\n\t\t\t\t\t\t\t\t\t\t\t\t\t\t\t\t\t\t\t\t\t\t\t\t\tmedia=\"(min-width: 768px)\"\/>\n\t\t\t\t\t\t\t\t\t\t\t\t\t\t\t\t\t\t\t\t\t<source srcset=\"https:\/\/www.capgemini.com\/co-es\/wp-content\/uploads\/sites\/25\/2025\/03\/Reindustrialization-of-Europe-and-US-2025-web-banner.jpg?w=350&#038;quality=70 1x, https:\/\/www.capgemini.com\/co-es\/wp-content\/uploads\/sites\/25\/2025\/03\/Reindustrialization-of-Europe-and-US-2025-web-banner.jpg?w=700&#038;quality=70 2x\"\n\t\t\t\t\t\t\t\t\t\t\t\t\t\t\t\t\t\t\t\t\t\t\t\t\tmedia=\"(min-width: 0)\"\/>\n\t\t\t\t\t\t\t\t\t\t\t\t\t\t\t\t\t\t\t\t\t<img decoding=\"async\" loading=\"lazy\" src=\"https:\/\/www.capgemini.com\/co-es\/wp-content\/uploads\/sites\/25\/2025\/03\/Reindustrialization-of-Europe-and-US-2025-web-banner.jpg\" alt=\"\" style=\"object-position: 50% 50%; object-fit: cover;\">\n\t\t\t\t\t\t\t\t\t\t\t\t\t\t\t\t\t\t<\/picture>\n                                <\/div>\n                            <\/div><div class=\"col-12 col-md-6 col-lg-4 flex-sm-order-reverse\">\n                            <a href=\"https:\/\/www.capgemini.com\/co-es\/insights\/biblioteca-de-investigacion\/perspectivas-de-la-ia-2026\/\" aria-label=\"La ventaja de la IA a largo plazo: Construyendo la empresa del ma\u00f1ana\" class=\"card-link-holder\">\n                            <div class=\"insight-card insight-card-start\">\n                                <div class=\"card-tag\">Report<\/div>\n                                <h3 class=\"card-title\">La ventaja de la IA a largo plazo: Construyendo la empresa del ma\u00f1ana<\/h3>\n                                <div class=\"insight-card-footer\">\n                                    <img decoding=\"async\" loading=\"lazy\" src=\"https:\/\/www.capgemini.com\/co-es\/wp-content\/themes\/capgemini2025\/assets\/images\/capgemini-research-institute-white.svg\" alt=\"capgemini-research-institute\" class=\"light\">\n\t\t\t\t\t\t\t\t\t<img decoding=\"async\" loading=\"lazy\" src=\"https:\/\/www.capgemini.com\/co-es\/wp-content\/themes\/capgemini2025\/assets\/images\/capgemini-research-institute-white.svg\" alt=\"capgemini-research-institute\" class=\"dark\">\n                                <\/div>\n                            <\/div>\n                            <\/a>\n                        <\/div>\n                    <div class=\"col-12 col-md-6 col-lg-4\">\n                           <a href=\"https:\/\/www.capgemini.com\/co-es\/insights\/biblioteca-de-investigacion\/reindustrializacion-de-europa-y-estados-unidos-2025\/\" aria-label=\"Reindustrializaci\u00f3n de Europa y Estados Unidos 2025\" class=\"card-link-holder\">\n                            <div class=\"insight-card insight-card-center\">\n                                <div class=\"card-tag\">Capgemini Research Institute<\/div>\n                                <h3 class=\"card-title\">Reindustrializaci\u00f3n de Europa y Estados Unidos 2025<\/h3>\n                                <div class=\"insight-card-footer\">\n                                    <img decoding=\"async\" loading=\"lazy\" src=\"https:\/\/www.capgemini.com\/co-es\/wp-content\/themes\/capgemini2025\/assets\/images\/capgemini-research-institute.svg\" alt=\"capgemini-research-institute\" class=\"light\">\n\t\t\t\t\t\t\t\t\t<img decoding=\"async\" loading=\"lazy\" src=\"https:\/\/www.capgemini.com\/co-es\/wp-content\/themes\/capgemini2025\/assets\/images\/capgemini-research-institute-white.svg\" alt=\"capgemini-research-institute\" class=\"dark\">\n                                <\/div>\n                            <\/div>\n                            <\/a>\n                        <\/div>\n                    <div class=\"col-12 col-lg-4 d-md-none d-lg-block\"><\/div><\/div>\n                    <\/div><\/div><\/section>\n\n<section class=\"section section--expert-perspectives\"><div class=\"container\"><div class=\"row\"><div class=\"content-title col-12 col-md-8\"><h2 class=\"expert-heading\">Perspectiva de experto<\/h2><\/div><\/div><div class=\"expert-prospective-container\"><div class=\"row\"><div class=\"col-12 col-md-4 row-space\"><div class=\"box\"><div class=\"box-img-wrapper\"><a href=\"https:\/\/www.capgemini.com\/co-es\/insights\/expert-perspectives\/building-the-foundation-of-an-intelligent-factory\/\" aria-label=\"Building the foundation of\u00a0an\u00a0intelligent factory\u00a0\" tabindex=\"-1\"><img decoding=\"async\" class=\"box-img\" alt=\"\" src=\"https:\/\/www.capgemini.com\/co-es\/wp-content\/uploads\/sites\/25\/2026\/04\/2026-01-19_Hannover_Messe_Landing-page-main-bannerOpt2_v1_2880x1800_DLK.jpg?w=600&#038;quality=70\" style=\"object-position: 50% 50%; object-fit: cover;\" loading=\"lazy\" \/><\/a><\/div><div class=\"box-inner\"><div class=\"box-tag\">Intelligent industry<\/div><a class=\"content-box-title\" href=\"https:\/\/www.capgemini.com\/co-es\/insights\/expert-perspectives\/building-the-foundation-of-an-intelligent-factory\/\" aria-label=\"Building the foundation of\u00a0an\u00a0intelligent factory\u00a0\"><h3 class=\"expert-subtitle\">Building the foundation of\u00a0an\u00a0intelligent factory\u00a0<\/h3><\/a><div class=\"box-bottom\">\n\t\t   <div class=\"box-logo\"><img decoding=\"async\" class=\"\" loading=\"lazy\" alt=\"\" src=\"https:\/\/www.capgemini.com\/co-es\/wp-content\/uploads\/sites\/25\/2024\/07\/Lydia.jpg?w=960\" \/><\/div><div class=\"date-name-info\"><div class=\"author-text\">Lydia Aldejohann<\/div><div class=\"date-text\">abr. 2, 2026<\/div><\/div><\/div><\/div><\/div><\/div><\/div><\/div><\/div><\/section>","protected":false},"excerpt":{"rendered":"","protected":false},"author":440,"featured_media":0,"template":"","meta":{"cg_dt_proposed_to":[],"cg_seo_hreflang_relations":"[]","cg_seo_canonical_relation":"","cg_seo_hreflang_x_default_relation":"","cg_dt_approved_content":true,"cg_dt_mandatory_content":false,"cg_dt_notes":"","cg_dg_source_changed":true,"cg_dt_link_disabled":false,"footnotes":"","cg_event_start":"2026-04-20T00:00:00","cg_event_end":"2026-04-24T00:00:00","cg_event_timezone":"","event_location":"Hannover","cg_event_type":"Business","cg_event_short_title":"","cg_event_block_title":"","featured_focal_points":""},"tags":[],"brand":[],"event-location":[656],"class_list":["post-549381","event","type-event","status-publish","hentry","event-location-hannover"],"yoast_head":"<!-- This site is optimized with the Yoast SEO Premium plugin v22.8 (Yoast SEO v22.8) - https:\/\/yoast.com\/wordpress\/plugins\/seo\/ -->\n<title>Capgemini en la Feria de Hannover 2026 | Capgemini<\/title>\n<meta name=\"description\" content=\"Capgemini presenta soluciones de IA, automatizaci\u00f3n y manufactura inteligente en Hannover Messe 2026. Vis\u00edtanos en el pabell\u00f3n 15, stand F52.\" \/>\n<meta name=\"robots\" content=\"index, follow, max-snippet:-1, max-image-preview:large, max-video-preview:-1\" \/>\n<link rel=\"canonical\" href=\"https:\/\/www.capgemini.com\/co-es\/news\/events\/feria-de-hannover-2026\/\" \/>\n<meta property=\"og:locale\" content=\"es_MX\" \/>\n<meta property=\"og:type\" content=\"article\" \/>\n<meta property=\"og:title\" content=\"Feria de Hannover 2026\" \/>\n<meta property=\"og:description\" content=\"Capgemini presenta soluciones de IA, automatizaci\u00f3n y manufactura inteligente en Hannover Messe 2026. Vis\u00edtanos en el pabell\u00f3n 15, stand F52.\" \/>\n<meta property=\"og:url\" content=\"https:\/\/www.capgemini.com\/co-es\/news\/events\/feria-de-hannover-2026\/\" \/>\n<meta property=\"og:site_name\" content=\"Capgemini Colombia\" \/>\n<meta property=\"article:modified_time\" content=\"2026-04-15T06:37:50+00:00\" \/>\n<meta property=\"og:image\" content=\"https:\/\/www.capgemini.com\/de-de\/wp-content\/uploads\/sites\/8\/2026\/01\/2026-01-19_Hannover_Messe_Landing-page-main-bannerOpt1_v1_2880x1800_DLK.jpg\" \/>\n<meta name=\"twitter:card\" content=\"summary_large_image\" \/>\n<meta name=\"twitter:label1\" content=\"Est. reading time\" \/>\n\t<meta name=\"twitter:data1\" content=\"12 minutes\" \/>\n<script type=\"application\/ld+json\" class=\"yoast-schema-graph\">{\"@context\":\"https:\/\/schema.org\",\"@graph\":[{\"@type\":\"WebPage\",\"@id\":\"https:\/\/www.capgemini.com\/co-es\/news\/events\/feria-de-hannover-2026\/\",\"url\":\"https:\/\/www.capgemini.com\/co-es\/news\/events\/feria-de-hannover-2026\/\",\"name\":\"Capgemini en la Feria de Hannover 2026 | Capgemini\",\"isPartOf\":{\"@id\":\"https:\/\/www.capgemini.com\/co-es\/#website\"},\"primaryImageOfPage\":{\"@id\":\"https:\/\/www.capgemini.com\/co-es\/news\/events\/feria-de-hannover-2026\/#primaryimage\"},\"image\":{\"@id\":\"https:\/\/www.capgemini.com\/co-es\/news\/events\/feria-de-hannover-2026\/#primaryimage\"},\"thumbnailUrl\":\"https:\/\/www.capgemini.com\/de-de\/wp-content\/uploads\/sites\/8\/2026\/01\/2026-01-19_Hannover_Messe_Landing-page-main-bannerOpt1_v1_2880x1800_DLK.jpg\",\"datePublished\":\"2026-02-26T04:11:47+00:00\",\"dateModified\":\"2026-04-15T06:37:50+00:00\",\"description\":\"Capgemini presenta soluciones de IA, automatizaci\u00f3n y manufactura inteligente en Hannover Messe 2026. Vis\u00edtanos en el pabell\u00f3n 15, stand F52.\",\"breadcrumb\":{\"@id\":\"https:\/\/www.capgemini.com\/co-es\/news\/events\/feria-de-hannover-2026\/#breadcrumb\"},\"inLanguage\":\"es-MX\",\"potentialAction\":[{\"@type\":\"ReadAction\",\"target\":[\"https:\/\/www.capgemini.com\/co-es\/news\/events\/feria-de-hannover-2026\/\"]}]},{\"@type\":\"ImageObject\",\"inLanguage\":\"es-MX\",\"@id\":\"https:\/\/www.capgemini.com\/co-es\/news\/events\/feria-de-hannover-2026\/#primaryimage\",\"url\":\"https:\/\/www.capgemini.com\/de-de\/wp-content\/uploads\/sites\/8\/2026\/01\/2026-01-19_Hannover_Messe_Landing-page-main-bannerOpt1_v1_2880x1800_DLK.jpg\",\"contentUrl\":\"https:\/\/www.capgemini.com\/de-de\/wp-content\/uploads\/sites\/8\/2026\/01\/2026-01-19_Hannover_Messe_Landing-page-main-bannerOpt1_v1_2880x1800_DLK.jpg\"},{\"@type\":\"BreadcrumbList\",\"@id\":\"https:\/\/www.capgemini.com\/co-es\/news\/events\/feria-de-hannover-2026\/#breadcrumb\",\"itemListElement\":[{\"@type\":\"ListItem\",\"position\":1,\"name\":\"Home\",\"item\":\"https:\/\/www.capgemini.com\/co-es\/\"},{\"@type\":\"ListItem\",\"position\":2,\"name\":\"Events\",\"item\":\"https:\/\/www.capgemini.com\/co-es\/event\/\"},{\"@type\":\"ListItem\",\"position\":3,\"name\":\"Feria de Hannover 2026\"}]},{\"@type\":\"WebSite\",\"@id\":\"https:\/\/www.capgemini.com\/co-es\/#website\",\"url\":\"https:\/\/www.capgemini.com\/co-es\/\",\"name\":\"Capgemini Colombia\",\"description\":\"Capgemini\",\"potentialAction\":[{\"@type\":\"SearchAction\",\"target\":{\"@type\":\"EntryPoint\",\"urlTemplate\":\"https:\/\/www.capgemini.com\/co-es\/?s={search_term_string}\"},\"query-input\":\"required name=search_term_string\"}],\"inLanguage\":\"es-MX\"}]}<\/script>\n<!-- \/ Yoast SEO Premium plugin. -->","yoast_head_json":{"title":"Capgemini en la Feria de Hannover 2026 | Capgemini","description":"Capgemini presenta soluciones de IA, automatizaci\u00f3n y manufactura inteligente en Hannover Messe 2026. Vis\u00edtanos en el pabell\u00f3n 15, stand F52.","robots":{"index":"index","follow":"follow","max-snippet":"max-snippet:-1","max-image-preview":"max-image-preview:large","max-video-preview":"max-video-preview:-1"},"canonical":"https:\/\/www.capgemini.com\/co-es\/news\/events\/feria-de-hannover-2026\/","og_locale":"es_MX","og_type":"article","og_title":"Feria de Hannover 2026","og_description":"Capgemini presenta soluciones de IA, automatizaci\u00f3n y manufactura inteligente en Hannover Messe 2026. Vis\u00edtanos en el pabell\u00f3n 15, stand F52.","og_url":"https:\/\/www.capgemini.com\/co-es\/news\/events\/feria-de-hannover-2026\/","og_site_name":"Capgemini Colombia","article_modified_time":"2026-04-15T06:37:50+00:00","og_image":[{"url":"https:\/\/www.capgemini.com\/de-de\/wp-content\/uploads\/sites\/8\/2026\/01\/2026-01-19_Hannover_Messe_Landing-page-main-bannerOpt1_v1_2880x1800_DLK.jpg"}],"twitter_card":"summary_large_image","twitter_misc":{"Est. reading time":"12 minutes"},"schema":{"@context":"https:\/\/schema.org","@graph":[{"@type":"WebPage","@id":"https:\/\/www.capgemini.com\/co-es\/news\/events\/feria-de-hannover-2026\/","url":"https:\/\/www.capgemini.com\/co-es\/news\/events\/feria-de-hannover-2026\/","name":"Capgemini en la Feria de Hannover 2026 | Capgemini","isPartOf":{"@id":"https:\/\/www.capgemini.com\/co-es\/#website"},"primaryImageOfPage":{"@id":"https:\/\/www.capgemini.com\/co-es\/news\/events\/feria-de-hannover-2026\/#primaryimage"},"image":{"@id":"https:\/\/www.capgemini.com\/co-es\/news\/events\/feria-de-hannover-2026\/#primaryimage"},"thumbnailUrl":"https:\/\/www.capgemini.com\/de-de\/wp-content\/uploads\/sites\/8\/2026\/01\/2026-01-19_Hannover_Messe_Landing-page-main-bannerOpt1_v1_2880x1800_DLK.jpg","datePublished":"2026-02-26T04:11:47+00:00","dateModified":"2026-04-15T06:37:50+00:00","description":"Capgemini presenta soluciones de IA, automatizaci\u00f3n y manufactura inteligente en Hannover Messe 2026. Vis\u00edtanos en el pabell\u00f3n 15, stand F52.","breadcrumb":{"@id":"https:\/\/www.capgemini.com\/co-es\/news\/events\/feria-de-hannover-2026\/#breadcrumb"},"inLanguage":"es-MX","potentialAction":[{"@type":"ReadAction","target":["https:\/\/www.capgemini.com\/co-es\/news\/events\/feria-de-hannover-2026\/"]}]},{"@type":"ImageObject","inLanguage":"es-MX","@id":"https:\/\/www.capgemini.com\/co-es\/news\/events\/feria-de-hannover-2026\/#primaryimage","url":"https:\/\/www.capgemini.com\/de-de\/wp-content\/uploads\/sites\/8\/2026\/01\/2026-01-19_Hannover_Messe_Landing-page-main-bannerOpt1_v1_2880x1800_DLK.jpg","contentUrl":"https:\/\/www.capgemini.com\/de-de\/wp-content\/uploads\/sites\/8\/2026\/01\/2026-01-19_Hannover_Messe_Landing-page-main-bannerOpt1_v1_2880x1800_DLK.jpg"},{"@type":"BreadcrumbList","@id":"https:\/\/www.capgemini.com\/co-es\/news\/events\/feria-de-hannover-2026\/#breadcrumb","itemListElement":[{"@type":"ListItem","position":1,"name":"Home","item":"https:\/\/www.capgemini.com\/co-es\/"},{"@type":"ListItem","position":2,"name":"Events","item":"https:\/\/www.capgemini.com\/co-es\/event\/"},{"@type":"ListItem","position":3,"name":"Feria de Hannover 2026"}]},{"@type":"WebSite","@id":"https:\/\/www.capgemini.com\/co-es\/#website","url":"https:\/\/www.capgemini.com\/co-es\/","name":"Capgemini Colombia","description":"Capgemini","potentialAction":[{"@type":"SearchAction","target":{"@type":"EntryPoint","urlTemplate":"https:\/\/www.capgemini.com\/co-es\/?s={search_term_string}"},"query-input":"required name=search_term_string"}],"inLanguage":"es-MX"}]}},"event_post_tag":"","brand_term":[],"parsely":{"version":"1.1.0","canonical_url":"https:\/\/capgemini.com\/co-es\/news\/events\/feria-de-hannover-2026\/","smart_links":{"inbound":0,"outbound":0},"traffic_boost_suggestions_count":0,"meta":{"@context":"https:\/\/schema.org","@type":"NewsArticle","headline":"Feria de Hannover 2026","url":"https:\/\/www.capgemini.com\/co-es\/news\/events\/feria-de-hannover-2026\/","mainEntityOfPage":{"@type":"WebPage","@id":"https:\/\/www.capgemini.com\/co-es\/news\/events\/feria-de-hannover-2026\/"},"thumbnailUrl":"","image":{"@type":"ImageObject","url":""},"articleSection":"Uncategorized","author":[],"creator":[],"publisher":{"@type":"Organization","name":"Capgemini Colombia","logo":""},"keywords":[],"dateCreated":"2026-02-26T04:11:47Z","datePublished":"2026-02-26T04:11:47Z","dateModified":"2026-04-15T06:37:50Z"},"rendered":"<meta name=\"parsely-title\" content=\"Feria de Hannover 2026\" \/>\n<meta name=\"parsely-link\" content=\"https:\/\/www.capgemini.com\/co-es\/news\/events\/feria-de-hannover-2026\/\" \/>\n<meta name=\"parsely-type\" content=\"post\" \/>\n<meta name=\"parsely-pub-date\" content=\"2026-02-26T04:11:47Z\" \/>\n<meta name=\"parsely-section\" content=\"Uncategorized\" \/>","tracker_url":"https:\/\/cdn.parsely.com\/keys\/capgemini.com\/p.js"},"archive_status":false,"featured_image_src":"https:\/\/www.capgemini.com\/co-es\/wp-content\/themes\/capgemini2025\/assets\/images\/mockup.png","featured_image_alt":false,"jetpack_sharing_enabled":true,"distributor_meta":false,"distributor_terms":false,"distributor_media":false,"distributor_original_site_name":"Capgemini Colombia","distributor_original_site_url":"https:\/\/www.capgemini.com\/co-es","push-errors":false,"_links":{"self":[{"href":"https:\/\/www.capgemini.com\/co-es\/wp-json\/wp\/v2\/event\/549381","targetHints":{"allow":["GET"]}}],"collection":[{"href":"https:\/\/www.capgemini.com\/co-es\/wp-json\/wp\/v2\/event"}],"about":[{"href":"https:\/\/www.capgemini.com\/co-es\/wp-json\/wp\/v2\/types\/event"}],"author":[{"embeddable":true,"href":"https:\/\/www.capgemini.com\/co-es\/wp-json\/wp\/v2\/users\/440"}],"version-history":[{"count":6,"href":"https:\/\/www.capgemini.com\/co-es\/wp-json\/wp\/v2\/event\/549381\/revisions"}],"predecessor-version":[{"id":550843,"href":"https:\/\/www.capgemini.com\/co-es\/wp-json\/wp\/v2\/event\/549381\/revisions\/550843"}],"wp:attachment":[{"href":"https:\/\/www.capgemini.com\/co-es\/wp-json\/wp\/v2\/media?parent=549381"}],"wp:term":[{"taxonomy":"post_tag","embeddable":true,"href":"https:\/\/www.capgemini.com\/co-es\/wp-json\/wp\/v2\/tags?post=549381"},{"taxonomy":"brand","embeddable":true,"href":"https:\/\/www.capgemini.com\/co-es\/wp-json\/wp\/v2\/brand?post=549381"},{"taxonomy":"event-location","embeddable":true,"href":"https:\/\/www.capgemini.com\/co-es\/wp-json\/wp\/v2\/event-location?post=549381"}],"curies":[{"name":"wp","href":"https:\/\/api.w.org\/{rel}","templated":true}]}}