{"id":697718,"date":"2025-08-22T10:39:15","date_gmt":"2023-10-20T09:44:31","guid":{"rendered":"https:\/\/www.capgemini.com\/fr-fr\/?post_type=research-and-insight&#038;p=671989"},"modified":"2026-02-20T15:41:17","modified_gmt":"2026-02-20T15:41:17","slug":"barometre-achats-energie-verte-france","status":"publish","type":"research-and-insight","link":"https:\/\/www.capgemini.com\/ca-fr\/perspectives\/publications\/barometre-achats-energie-verte-france\/","title":{"rendered":"Barom\u00e8tre des achats d\u2019\u00e9nergie verte en France"},"content":{"rendered":"\n<header class=\"wp-block-cg-blocks-hero-reusable header heroReusable  \"><div class=\"header-bgs\"><picture><source srcset=\"https:\/\/www.capgemini.com\/fr-fr\/wp-content\/uploads\/sites\/6\/2022\/06\/2022-FR-Featured-Image-Barometre-Energies-Vertes.jpg?w=2880&amp;quality=70 1x, https:\/\/www.capgemini.com\/fr-fr\/wp-content\/uploads\/sites\/6\/2022\/06\/2022-FR-Featured-Image-Barometre-Energies-Vertes.jpg?w=2880&amp;quality=70 2x\" media=\"(min-width: 1500px)\"\/><source srcset=\"https:\/\/www.capgemini.com\/fr-fr\/wp-content\/uploads\/sites\/6\/2022\/06\/2022-FR-Featured-Image-Barometre-Energies-Vertes.jpg?w=1440&amp;quality=70 1x, https:\/\/www.capgemini.com\/fr-fr\/wp-content\/uploads\/sites\/6\/2022\/06\/2022-FR-Featured-Image-Barometre-Energies-Vertes.jpg?w=2880&amp;quality=70 2x\" media=\"(min-width: 992px)\"\/><source srcset=\"https:\/\/www.capgemini.com\/fr-fr\/wp-content\/uploads\/sites\/6\/2022\/06\/2022-FR-Featured-Image-Barometre-Energies-Vertes.jpg?w=1024&amp;quality=70 1x, https:\/\/www.capgemini.com\/fr-fr\/wp-content\/uploads\/sites\/6\/2022\/06\/2022-FR-Featured-Image-Barometre-Energies-Vertes.jpg?w=1024&amp;quality=70 2x\" media=\"(min-width: 768px)\"\/><source srcset=\"https:\/\/www.capgemini.com\/fr-fr\/wp-content\/uploads\/sites\/6\/2022\/06\/2022-FR-Featured-Image-Barometre-Energies-Vertes.jpg?w=768&amp;quality=70 1x, https:\/\/www.capgemini.com\/fr-fr\/wp-content\/uploads\/sites\/6\/2022\/06\/2022-FR-Featured-Image-Barometre-Energies-Vertes.jpg?w=768&amp;quality=70 2x\" media=\"(min-width: 0)\"\/><img decoding=\"async\" src=\"https:\/\/www.capgemini.com\/fr-fr\/wp-content\/uploads\/sites\/6\/2022\/06\/2022-FR-Featured-Image-Barometre-Energies-Vertes.jpg\" class=\"header-img header-img-d\" alt=\"\" style=\"object-fit:cover;object-position:68% 48%\" loading=\"eager\"\/><\/picture><\/div><div class=\"heroPictureCardHeaderShape\"><\/div><div class=\"container\"><div class=\"row\"><div class=\"col-md-12\"><div class=\"box\"><div class=\"boxTagWrapper\"><div class=\"tagInfo\"><div><span class=\"box-tag\">Transition \u00e9nerg\u00e9tique<\/span><\/div><\/div><div class=\"brandInfo\"><div class=\"brandLogo\"><img decoding=\"async\" loading=\"lazy\" src=\"\/wp-content\/themes\/capgemini2025\/assets\/images\/capgemini-invent-white.svg\" alt=\"capgemini-invent\" class=\"dark\"\/><img decoding=\"async\" loading=\"lazy\" src=\"\/wp-content\/themes\/capgemini2025\/assets\/images\/capgemini-invent.svg\" alt=\"capgemini-invent\" class=\"light\"\/><\/div><\/div><\/div><div class=\"box-title\"><h1 data-maxlength=\"34\">Barom\u00e8tre des achats d\u2019\u00e9nergie verte en France<\/h1><\/div><div class=\"inner-row-insight download-btn\"><div class=\"col-md-4 downloadFiles addPadding\"><a class=\"button-download--small\" type=\"download\" href=\"https:\/\/www.capgemini.com\/fr-fr\/wp-content\/uploads\/sites\/6\/2025\/09\/1er-2eme-Trimestre2025_Barometre-energies-vertes.pdf\" target=\"_blank\" rel=\"noopener noreferrer\" title=\"Ouvrir dans une nouvelle fen\u00eatre\"><span>1er &amp; 2eme trimestre 2025<\/span><span class=\"type\">979 KB pdf<\/span><\/a><\/div><\/div><\/div><\/div><\/div><\/div><\/header>\n\n\n\n<section class=\"wp-block-cg-blocks-intro-para undefined section section--intro\"><div class=\"intro-para\"><div class=\"container\"><div class=\"row\"><div class=\"col-12 col-md-1\"><nav class=\"article-social\"><ul class=\"social-nav\"><li class=\"ip-order-fb\"><a href=\"https:\/\/www.facebook.com\/sharer\/sharer.php?u=https:\/\/www.capgemini.com\/ca-fr\/perspectives\/publications\/barometre-achats-energie-verte-france\/\" target=\"_blank\" rel=\"noopener noreferrer\" title=\"Ouvrir dans une nouvelle fen\u00eatre\"><i aria-hidden=\"true\" class=\"icon-fb\"><\/i><span class=\"sr-only\">Facebook<\/span><\/a><\/li><li class=\"ip-order-li\"><a href=\"https:\/\/www.linkedin.com\/sharing\/share-offsite\/?url=https:\/\/www.capgemini.com\/ca-fr\/perspectives\/publications\/barometre-achats-energie-verte-france\/\" target=\"_blank\" rel=\"noopener noreferrer\" title=\"Ouvrir dans une nouvelle fen\u00eatre\"><i aria-hidden=\"true\" class=\"icon-li\"><\/i><span class=\"sr-only\">Linkedin<\/span><\/a><\/li><\/ul><\/nav><\/div><div class=\"col-12 col-md-11 col-lg-10\"><h2 class=\"intro-para-title\">\u00c9tat des lieux de l\u2019approvisionnement en \u00e9lectricit\u00e9 verte en France<\/h2><p class=\"intro-para-content\">Ce barom\u00e8tre de l\u2019achat d\u2019\u00e9lectricit\u00e9 verte en France pr\u00e9sente chaque trimestre un \u00e9tat des lieux de l\u2019approvisionnement en \u00e9lectricit\u00e9 verte via les deux canaux suivants :<\/p><\/div><\/div><\/div><\/div><\/section>\n\n\n\n<section class=\"wp-block-cg-blocks-group undefined section section--article-content\"><div class=\"article-main-content\"><div class=\"container\"><div class=\"row\"><div class=\"col-12 col-md-11 col-lg-10 offset-md-1 offset-lg-1\"><div class=\"article-text article-quote-text\">\n<div class=\"wp-block-media-text is-stacked-on-mobile\" style=\"grid-template-columns:26% auto\"><figure class=\"wp-block-media-text__media\"><a href=\"https:\/\/www.capgemini.com\/fr-fr\/wp-content\/uploads\/sites\/6\/2025\/09\/1er-2eme-Trimestre2025_Barometre-energies-vertes.pdf\" target=\"_blank\" rel=\" noreferrer noopener\"><img decoding=\"async\" src=\"https:\/\/www.capgemini.com\/fr-fr\/wp-content\/uploads\/sites\/6\/2024\/03\/Couverture-Barometre-des-achats-denergies-vertes.jpg?w=208\" alt=\"\" class=\"wp-image-744590 size-medium\"\/><\/a><\/figure><div class=\"wp-block-media-text__content\">\n<p><strong>La contractualisation de Corporate Power Purchase Agreement (PPA) <\/strong>: un PPA est un contrat d\u2019achat d\u2019\u00e9lectricit\u00e9 renouvelable de long terme (~10-20 ans), n\u00e9goci\u00e9 entre un acheteur et un producteur, et pour lequel un prix fixe est d\u00e9termin\u00e9 \u00e0 l\u2019avance. Depuis 2019, un nombre croissant d\u2019entreprises fran\u00e7aises s\u2019int\u00e9ressent \u00e0 ce type de contrat pour verdir leur approvisionnement en \u00e9lectricit\u00e9, poursuivant ainsi la dynamique enclench\u00e9e quelques ann\u00e9es plus t\u00f4t par les Etats-Unis et les pays nordiques notamment.<\/p>\n\n\n\n<p><strong>L\u2019achat de Garanties d\u2019Origine (GO) lors des ench\u00e8res mensuelles <\/strong>: une GO correspond \u00e0 1 MWh d\u2019\u00e9lectricit\u00e9 inject\u00e9e sur le r\u00e9seau et repr\u00e9sentant un mois de production. En France, tout fournisseur d\u2019\u00e9lectricit\u00e9 proposant des offres vertes a pour obligation d\u2019utiliser des GO. Depuis le lancement des ench\u00e8res en 2019, l\u2019approvisionnement en GO sur le march\u00e9 fran\u00e7ais peut se faire via deux canaux&nbsp;: les ench\u00e8res mensuelles pour les installations renouvelables subventionn\u00e9es, ou le Registre des GO pour les installations non subventionn\u00e9es. L\u2019analyse de l\u2019observatoire se limite aux GO propos\u00e9es lors des ench\u00e8res, les donn\u00e9es concernant celles \u00e9chang\u00e9es en gr\u00e9 \u00e0 gr\u00e9 sur le Registre n\u2019\u00e9tant pas publiques.<\/p>\n<\/div><\/div>\n\n\n\n<div style=\"height:15px\" aria-hidden=\"true\" class=\"wp-block-spacer\"><\/div>\n\n\n\n<section class=\"wp-block-cg-blocks-how-we-do-it section section--howwedoit block-howwedoit\"><div class=\"container\"><div><div class=\"content-title\"><h2 data-maxlength=\"72\" class=\"expandable-heading-tag\">Panorama 2025<\/h2><\/div><p><\/p><\/div><div class=\"section-content\">\n<div class=\"wp-block-cg-blocks-card-howwedoit expanders\"><div class=\"box card-regulated-agreements card-howwedoit\"><div class=\"expander-box filter-box tag-active opened\"><div class=\"expander-title\" tabindex=\"0\" role=\"button\" aria-expanded=\"true\"><h3 class=\"expander-heading-title\">A retenir de ces deux derniers trimestres 2025<\/h3><\/div><div class=\"expander-subtitle\"><p class=\"small-description\">Le march\u00e9 fran\u00e7ais des CPPA a d\u00e9but\u00e9 2025 sur un rythme plus mod\u00e9r\u00e9 que l\u2019ann\u00e9e<br>derni\u00e8re, autant en termes de nombre d\u2019annonces (11 contrats sur le semestre)<br>qu\u2019en nouveaux volumes (+300 GWh\/an). Ce repli \u00e9tait d\u00e9j\u00e0 pressenti au dernier<br>trimestre 2024 mais il ne marque pas pour autant un arr\u00eat du march\u00e9 : un flux<br>r\u00e9gulier de nouveaux contrats est d\u00e9voil\u00e9, port\u00e9 par de nouveaux acheteurs \u00e0 la<br>recherche de volumes plus modestes. La signature de plusieurs contrats multiacheteurs t\u00e9moigne de cette d\u00e9mocratisation progressive des PPA. Les PPA<br>brownfield \u00e0 long terme confirment leur pr\u00e9dominance, tandis que la place<br>accord\u00e9e \u00e0 l\u2019\u00e9olien progresse et qu\u2019un contrat \u00e0 la structuration baseload in\u00e9dite<br>par sa dur\u00e9e est d\u00e9voil\u00e9.<\/p><\/div><div class=\"expander-content\"><p>Du c\u00f4t\u00e9 des ench\u00e8res nationales de Garanties d\u2019Origine, si la tendance baissi\u00e8re des prix s\u2019est d\u2019abord poursuivie avec une moyenne de 0,22 \u20ac\/MWh au premier trimestre, le cours a tripl\u00e9 au cours des trois mois suivants pour terminer \u00e0 0,60\u20ac\/MWh, se rapprochant des niveaux de d\u00e9but 2024.<br><br>Enfin, nous donnons la parole dans ce num\u00e9ro au <a href=\"https:\/\/www.jonesday.com\/fr\" target=\"_blank\" rel=\"noreferrer noopener\">cabinet d\u2019avocats Jones Day<\/a>, partageant son analyse des impacts potentiels du Plan d\u2019action pour une \u00e9nergie abordable pr\u00e9sent\u00e9 par la Commission europ\u00e9enne en f\u00e9vrier dernier, un texte ambitieux qui pourrait redessiner le cadre des PPA en Europe.<\/p><div class=\"bg-color video-align-right\"><div class=\"container\"><div class=\"row video-align-left\"><div class=\"col-md-12\"><div class=\"video-align-left row box box--4 box--mini\"><div class=\"col-md-3\"><\/div><div class=\"col-md-8 box-img-wrapper\"><div class=\"video-box\"><\/div><\/div><\/div><\/div><\/div><\/div><\/div>\n<div class=\"wp-block-buttons is-layout-flex wp-block-buttons-is-layout-flex\">\n<div class=\"wp-block-button\"><a class=\"wp-block-button__link wp-element-button\" href=\"https:\/\/www.capgemini.com\/fr-fr\/wp-content\/uploads\/sites\/6\/2025\/09\/1er-2eme-Trimestre2025_Barometre-energies-vertes.pdf\">T\u00e9l\u00e9chargez le 1er et 2\u00e8me trimestre 2025<\/a><\/div>\n<\/div>\n<div class=\"content-more\"><\/div><\/div><\/div><\/div><\/div>\n<\/div><\/div><\/section>\n\n\n\n<div data-wp-interactive=\"core\/file\" class=\"wp-block-file\"><object data-wp-bind--hidden=\"!state.hasPdfPreview\" hidden class=\"wp-block-file__embed\" data=\"https:\/\/www.capgemini.com\/fr-fr\/wp-content\/uploads\/sites\/6\/2025\/09\/1er-2eme-Trimestre2025_Barometre-energies-vertes.pdf\" type=\"application\/pdf\" style=\"width:100%;height:600px\" aria-label=\"Embed of 1er-2eme-Trimestre2025_Barom\u00e8tre \u00e9nergies vertes.\"><\/object><a id=\"wp-block-file--media-8aa42512-3d07-4e0e-a600-d692e15d752b\" href=\"https:\/\/www.capgemini.com\/fr-fr\/wp-content\/uploads\/sites\/6\/2025\/09\/1er-2eme-Trimestre2025_Barometre-energies-vertes.pdf\">1er-2eme-Trimestre2025_Barom\u00e8tre \u00e9nergies vertes<\/a><a href=\"https:\/\/www.capgemini.com\/fr-fr\/wp-content\/uploads\/sites\/6\/2025\/09\/1er-2eme-Trimestre2025_Barometre-energies-vertes.pdf\" class=\"wp-block-file__button wp-element-button\" download aria-describedby=\"wp-block-file--media-8aa42512-3d07-4e0e-a600-d692e15d752b\">T\u00e9l\u00e9charger<\/a><\/div>\n\n\n\n<h2 class=\"wp-block-heading\" id=\"h-abonnez-vous-et-recevez-les-prochaines-editions\"><strong>Abonnez-vous et recevez les prochaines \u00e9ditions<\/strong><\/h2>\n\n\n\n<div class=\"wp-block-anchor-block-standard\" id=\"S'abonner\" data-anchor-padding=\"\" style=\"--data-anchor-padding: 0px\"><\/div>\n\n\n\n<div class=\"wp-block-cg-blocks-cta-popin-form\"><section class=\"cta-popin-form-block\"><div class=\"\"><div class=\"cta-popin-btn-wrapper cta-popin-btn-align-left\"><a class=\"cta-popin-btn cta-popin-btn--filled-black \" data-bs-toggle=\"modal\" data-bs-target=\"#cta-popin-52ca2807-838e-4536-8634-9727657efbeb\" tabindex=\"0\" href=\"#\">S&#8217;abonner<\/a><\/div><div class=\"call-to-action-block\"><div class=\"modal cta-frontend-modal-wrapper\" id=\"cta-popin-52ca2807-838e-4536-8634-9727657efbeb\"><div class=\"modal-dialog modal-lg modal-dialog-centered modal-dialog-scrollable cta-frontend-modal landing-page-modals\"><div class=\"modal-content\"><div class=\"modal-header\"><button type=\"button\" class=\"btn-close\" data-bs-dismiss=\"modal\" aria-label=\"close\"> <\/button><\/div><div class=\"modal-body\"><div class=\"logo-wrapper\"><img decoding=\"async\" loading=\"lazy\" src=\"\/wp-content\/themes\/capgemini2025\/assets\/images\/capgemini-invent-white.svg\" alt=\"capgemini-invent\" class=\"dark\"\/><img decoding=\"async\" loading=\"lazy\" src=\"\/wp-content\/themes\/capgemini2025\/assets\/images\/capgemini-invent.svg\" alt=\"capgemini-invent\" class=\"light\"\/><\/div><h4 class=\"form-title\">Je souhaite recevoir les prochaines \u00e9ditions du barom\u00e8tre de l\u2019achat d\u2019\u00e9lectricit\u00e9 verte en France<\/h4>\t\t<div class=\"mf_forms__container \">\n\t\t\t\t\t\t\t\t<form id=\"mf_form_189906_3240384757\" class=\"mf_form__form row needs-validation\" action=\"\" method=\"post\" enctype=\"multipart\/form-data\" data-nosnippet>\n\n\t\t\t\t\t\t\t\t<input type=\"hidden\" name=\"form_id\" data-validate=\"number\" class=\"mf_form__id\" value=\"189906\" \/>\n\t\t\t\t<input type=\"hidden\" name=\"form_title\" class=\"mf_form__title\" value=\"\" \/>\n\t\t\t\t<input type=\"hidden\" name=\"wp_rest_nonce\" class=\"mf_form__wp_rest_nonce\" value=\"f3f400b6da\" \/>\n\n\t\t\t\t<input type=\"hidden\" name=\"mf_form_conditional_logic\" class=\"mf_form__title conditional_logic\" value=\"\" \/>\n\t\t\t\t\n\t\t\t\t<input type=\"hidden\" name=\"mf_form_fields_country_dpo_field\" class=\"mf_form__title conditional_logic mf_form_fields_country_dpo_field\" value=\"\" \/>\n\n\t\t\t\t<!-- Anti-spam field -->\n\t\t\t\t<input type=\"text\" \n\t\t\t\t\tname=\"website_url\" \n\t\t\t\t\tclass=\"mf_field__url\" \n\t\t\t\t\tautocomplete=\"off\"\n\t\t\t\t\ttabindex=\"-1\"\n\t\t\t\t\taria-hidden=\"true\"\n\t\t\t\t\tstyle=\"position:absolute;left:-9999px;width:1px;height:1px;opacity:0;pointer-events:none;\" \n\t\t\t\t\/>\n\t\t\t<\/form>\n\n\t\t\t<div class=\"mf_form__success\" tabindex=\"0\" role=\"alert\">\n\t\t\t\t\t\t\t\t<p>Merci ! Nous avons bien re\u00e7u votre formulaire.\t\t\t\t<\/p>\n\t\t\t<\/div>\n\t\t\t<div class=\"mf_form__errors\">\n\t\t\t\t<p>D\u00e9sol\u00e9, la soumission du formulaire a \u00e9chou\u00e9. Merci de r\u00e9essayer.<\/p>\n\t\t\t<\/div>\n\t\t\t\t<\/div>\n\n\t\t<script>\n\t\t\twindow.MF_CONFIG189906 = {\"189906\":{\"errors\":[],\"redirect\":\"\"}};\n\t\t<\/script>\n\t<\/div><\/div><\/div><\/div><\/div><\/div><\/section><\/div>\n\n\n\n<div style=\"height:50px\" aria-hidden=\"true\" class=\"wp-block-spacer\"><\/div>\n\n\n\n<h2 class=\"wp-block-heading\" id=\"h-etat-des-lieux-de-l-annee-2024-a-2021\">Etat des lieux de l&#8217;ann\u00e9e 2024 \u00e0 2021<\/h2>\n\n\n\n<p>A votre disposition, les \u00e9ditions de l&#8217;ann\u00e9e 2024, 2023, 2022 et 2021, n&#8217;h\u00e9sitez pas \u00e0 <a href=\"mailto:@alexandre.le-demeet@capgemini.Com\">les demander<\/a><\/p>\n\n\n<\/div><\/div><\/div><\/div><\/div><\/section>\n\n\n\n<section class=\"section section--expert-slider wrapper-people-slider wp-block-cg-blocks-wrapper-people-slider undefined\"><div class=\"container\"><div class=\"content-title\"><h2 data-maxlength=\"34\" class=\"people-heading-title\">Nos experts<\/h2><\/div><\/div><div class=\"slider slider-boxed\"><div class=\"container\"><div class=\"slider-window\"><div class=\"slider-list\">\t\t<div class=\"slide\">\n\t\t\t<div class=\"box\">\n\t\t\t\t<div class=\"row\">\n\t\t\t\t\t<div class=\"col-md-6 col-lg-4 box-img-wrapper\">\n\t\t\t\t\t\t<img decoding=\"async\" loading=\"lazy\" src=\"https:\/\/www.capgemini.com\/ca-fr\/wp-content\/uploads\/sites\/21\/2025\/10\/Florent-Andrillon-2.jpg\" alt=\"Florent Andrillon\"\/>\n\t\t\t\t\t<\/div>\n\t\t\t\t\t<div class=\"col-md-6 col-lg-8 box-inner\">\n\t\t\t\t\t\t<div class=\"row title-social-media-header\">\n\t\t\t\t\t\t\t<div class=\"col-md-12 col-lg-6 mbl-social-icon\">\n\t\t\t\t\t\t\t\t<ul class=\"social-nav\">\n\t\t\t\t\t\t\t\t\t\t\t\t\t\t\t\t\t\t\t\t\t\t\t\t\t\t\t\t\t\t\t\t\t\t\t\t\t\t\t\t\t\t\t\t\t\t\t\t\t\t\t\t\t\t\t<li><a aria-label=\"Linkedin\" target=\"_blank\" title=\"Ouvrir dans une nouvelle fen\u00eatre\" href=\"http:\/\/fr.linkedin.com\/in\/fandrillon\"><i aria-hidden=\"true\" class=\"icon-li\"><\/i><\/a><\/li>\n\t\t\t\t\t\t\t\t\t\t\t\t\t\t\t\t\t<\/ul>\n\t\t\t\t\t\t\t<\/div>\n\t\t\t\t\t\t\t<div class=\"col-md-12 col-lg-6 box-container\">\n\t\t\t\t\t\t\t\t<div class=\"box-title\">\n\t\t\t\t\t\t\t\t\t<h3 class=\"people-profile-title\">Florent Andrillon<\/h3>\n\t\t\t\t\t\t\t\t<\/div>\n\t\t\t\t\t\t\t\t\t\t\t\t\t\t\t\t\t<span>Executive Vice President, Global Lead Climate Tech\u202f<\/span>\n\t\t\t\t\t\t\t\t\t\t\t\t\t\t\t<\/div>\n\t\t\t\t\t\t\t<div class=\"col-md-12 col-lg-6 social-box-container dkt-social-icon\">\n\t\t\t\t\t\t\t\t<ul class=\"social-nav\">\n\t\t\t\t\t\t\t\t\t\t\t\t\t\t\t\t\t\t\t\t\t\t\t\t\t\t\t\t\t\t\t\t\t\t\t\t\t\t\t\t\t\t\t\t\t\t\t\t\t\t\t\t\t\t\t<li><a aria-label=\"Linkedin\" target=\"_blank\" title=\"Ouvrir dans une nouvelle fen\u00eatre\" href=\"http:\/\/fr.linkedin.com\/in\/fandrillon\"><i aria-hidden=\"true\" class=\"icon-li\"><\/i><\/a><\/li>\n\t\t\t\t\t\t\t\t\t\t\t\t\t\t\t\t\t<\/ul>\n\t\t\t\t\t\t\t<\/div>\n\t\t\t\t\t\t<\/div>\n\t\t\t\t\t\t\t\t\t\t\t\t\t<div class=\"people-info\">Florent\u202fis the Global Lead of Climate Tech at Capgemini. He leads strategy and business development with all sustainability and intelligent industry teams. He has more than 20 years of experience in the energy and utilities sector, helping companies achieve their sustainability goals and transition to a low-carbon economy.<\/div>\n\t\t\t\t\t\t\t\t\t\t\t<\/div>\n\t\t\t\t<\/div>\n\t\t\t<\/div>\n\t\t\t\t\t<\/div>\n\t\t\n\n\t\t<div class=\"slide\">\n\t\t\t<div class=\"box\">\n\t\t\t\t<div class=\"row\">\n\t\t\t\t\t<div class=\"col-md-6 col-lg-4 box-img-wrapper\">\n\t\t\t\t\t\t<img decoding=\"async\" loading=\"lazy\" src=\"https:\/\/www.capgemini.com\/ca-fr\/wp-content\/uploads\/sites\/21\/2026\/02\/Arthur-Arrighi-de-Casanova.jpg\" alt=\"Arthur Arrighi de Casanova\"\/>\n\t\t\t\t\t<\/div>\n\t\t\t\t\t<div class=\"col-md-6 col-lg-8 box-inner\">\n\t\t\t\t\t\t<div class=\"row title-social-media-header\">\n\t\t\t\t\t\t\t<div class=\"col-md-12 col-lg-6 mbl-social-icon\">\n\t\t\t\t\t\t\t\t<ul class=\"social-nav\">\n\t\t\t\t\t\t\t\t\t\t\t\t\t\t\t\t\t\t\t\t\t\t\t\t\t\t\t\t\t\t\t\t\t\t\t\t\t\t\t\t\t\t\t\t\t\t\t\t\t\t\t\t\t\t\t<li><a aria-label=\"Linkedin\" target=\"_blank\" title=\"Ouvrir dans une nouvelle fen\u00eatre\" href=\"https:\/\/www.linkedin.com\/in\/arthur-adc\/\"><i aria-hidden=\"true\" class=\"icon-li\"><\/i><\/a><\/li>\n\t\t\t\t\t\t\t\t\t\t\t\t\t\t\t\t\t<\/ul>\n\t\t\t\t\t\t\t<\/div>\n\t\t\t\t\t\t\t<div class=\"col-md-12 col-lg-6 box-container\">\n\t\t\t\t\t\t\t\t<div class=\"box-title\">\n\t\t\t\t\t\t\t\t\t<h3 class=\"people-profile-title\">Arthur Arrighi de Casanova<\/h3>\n\t\t\t\t\t\t\t\t<\/div>\n\t\t\t\t\t\t\t\t\t\t\t\t\t\t\t\t\t<span>Expert en strat\u00e9gie climat et transition \u00e9nerg\u00e9tique, Capgemini Invent<\/span>\n\t\t\t\t\t\t\t\t\t\t\t\t\t\t\t<\/div>\n\t\t\t\t\t\t\t<div class=\"col-md-12 col-lg-6 social-box-container dkt-social-icon\">\n\t\t\t\t\t\t\t\t<ul class=\"social-nav\">\n\t\t\t\t\t\t\t\t\t\t\t\t\t\t\t\t\t\t\t\t\t\t\t\t\t\t\t\t\t\t\t\t\t\t\t\t\t\t\t\t\t\t\t\t\t\t\t\t\t\t\t\t\t\t\t<li><a aria-label=\"Linkedin\" target=\"_blank\" title=\"Ouvrir dans une nouvelle fen\u00eatre\" href=\"https:\/\/www.linkedin.com\/in\/arthur-adc\/\"><i aria-hidden=\"true\" class=\"icon-li\"><\/i><\/a><\/li>\n\t\t\t\t\t\t\t\t\t\t\t\t\t\t\t\t\t<\/ul>\n\t\t\t\t\t\t\t<\/div>\n\t\t\t\t\t\t<\/div>\n\t\t\t\t\t\t\t\t\t\t\t\t\t<div class=\"people-info\">J\u2019accompagne les organisations dans la d\u00e9finition et la mise en \u0153uvre de leurs strat\u00e9gies \u2018d\u00e9veloppement durable et climat\u2019 : d\u00e9finir leurs ambitions carbone et \u00e0 \u00e9tablir leurs feuilles de route de d\u00e9carbonation, identifier les leviers d\u2019optimisation et les pivots de mod\u00e8les d\u2019affaire \u00e0 engager mais \u00e9galement mettre en \u0153uvre la mesure et le reporting des donn\u00e9es extra-financi\u00e8res, notamment dans le cadre de la CSRD. J\u2019accompagne \u00e9galement les \u00e9nerg\u00e9ticiens dans leurs transitions, dont l\u2019acc\u00e9l\u00e9ration du d\u00e9veloppement des \u00e9nergies bas carbone.<\/div>\n\t\t\t\t\t\t\t\t\t\t\t<\/div>\n\t\t\t\t<\/div>\n\t\t\t<\/div>\n\t\t\t\t\t<\/div>\n\t\t\n\n\t\t<div class=\"slide\">\n\t\t\t<div class=\"box\">\n\t\t\t\t<div class=\"row\">\n\t\t\t\t\t<div class=\"col-md-6 col-lg-4 box-img-wrapper\">\n\t\t\t\t\t\t<img decoding=\"async\" loading=\"lazy\" src=\"https:\/\/www.capgemini.com\/ca-fr\/wp-content\/uploads\/sites\/21\/2026\/02\/PIC-Anne-Sophie-HERBERT.jpeg\" alt=\"Anne-Sophie Herbert\"\/>\n\t\t\t\t\t<\/div>\n\t\t\t\t\t<div class=\"col-md-6 col-lg-8 box-inner\">\n\t\t\t\t\t\t<div class=\"row title-social-media-header\">\n\t\t\t\t\t\t\t<div class=\"col-md-12 col-lg-6 mbl-social-icon\">\n\t\t\t\t\t\t\t\t<ul class=\"social-nav\">\n\t\t\t\t\t\t\t\t\t\t\t\t\t\t\t\t\t\t\t\t\t\t\t\t\t\t\t\t\t\t\t\t\t\t\t\t\t\t\t\t\t\t\t\t\t\t\t\t\t\t\t\t\t\t\t<li><a aria-label=\"Linkedin\" target=\"_blank\" title=\"Ouvrir dans une nouvelle fen\u00eatre\" href=\"https:\/\/www.linkedin.com\/in\/anne-sophie-herbert\/\"><i aria-hidden=\"true\" class=\"icon-li\"><\/i><\/a><\/li>\n\t\t\t\t\t\t\t\t\t\t\t\t\t\t\t\t\t<\/ul>\n\t\t\t\t\t\t\t<\/div>\n\t\t\t\t\t\t\t<div class=\"col-md-12 col-lg-6 box-container\">\n\t\t\t\t\t\t\t\t<div class=\"box-title\">\n\t\t\t\t\t\t\t\t\t<h3 class=\"people-profile-title\">Anne-Sophie Herbert<\/h3>\n\t\t\t\t\t\t\t\t<\/div>\n\t\t\t\t\t\t\t\t\t\t\t\t\t\t\t\t\t<span>Managing Consultante sur les sujets li\u00e9s au d\u00e9veloppement durable et \u00e0 la transition \u00e9nerg\u00e9tique<\/span>\n\t\t\t\t\t\t\t\t\t\t\t\t\t\t\t<\/div>\n\t\t\t\t\t\t\t<div class=\"col-md-12 col-lg-6 social-box-container dkt-social-icon\">\n\t\t\t\t\t\t\t\t<ul class=\"social-nav\">\n\t\t\t\t\t\t\t\t\t\t\t\t\t\t\t\t\t\t\t\t\t\t\t\t\t\t\t\t\t\t\t\t\t\t\t\t\t\t\t\t\t\t\t\t\t\t\t\t\t\t\t\t\t\t\t<li><a aria-label=\"Linkedin\" target=\"_blank\" title=\"Ouvrir dans une nouvelle fen\u00eatre\" href=\"https:\/\/www.linkedin.com\/in\/anne-sophie-herbert\/\"><i aria-hidden=\"true\" class=\"icon-li\"><\/i><\/a><\/li>\n\t\t\t\t\t\t\t\t\t\t\t\t\t\t\t\t\t<\/ul>\n\t\t\t\t\t\t\t<\/div>\n\t\t\t\t\t\t<\/div>\n\t\t\t\t\t\t\t\t\t\t\t\t\t<div class=\"people-info\">Anne-Sophie Herbert<\/div>\n\t\t\t\t\t\t\t\t\t\t\t<\/div>\n\t\t\t\t<\/div>\n\t\t\t<\/div>\n\t\t\t\t\t<\/div>\n\t\t\n\n\t\t<div class=\"slide\">\n\t\t\t<div class=\"box\">\n\t\t\t\t<div class=\"row\">\n\t\t\t\t\t<div class=\"col-md-6 col-lg-4 box-img-wrapper\">\n\t\t\t\t\t\t<img decoding=\"async\" loading=\"lazy\" src=\"https:\/\/www.capgemini.com\/ca-fr\/wp-content\/uploads\/sites\/21\/2026\/02\/Alexandre-LeDemeet-Pic.jpg\" alt=\"Alexandre Le D\u00e9m\u00e9et\"\/>\n\t\t\t\t\t<\/div>\n\t\t\t\t\t<div class=\"col-md-6 col-lg-8 box-inner\">\n\t\t\t\t\t\t<div class=\"row title-social-media-header\">\n\t\t\t\t\t\t\t<div class=\"col-md-12 col-lg-6 mbl-social-icon\">\n\t\t\t\t\t\t\t\t<ul class=\"social-nav\">\n\t\t\t\t\t\t\t\t\t\t\t\t\t\t\t\t\t\t\t\t\t\t\t\t\t\t\t\t\t\t\t\t\t\t\t\t\t\t\t\t\t\t\t\t\t\t\t\t\t\t\t\t\t\t\t<li><a aria-label=\"Linkedin\" target=\"_blank\" title=\"Ouvrir dans une nouvelle fen\u00eatre\" href=\"https:\/\/www.linkedin.com\/in\/alexandre-le-demeet\/\"><i aria-hidden=\"true\" class=\"icon-li\"><\/i><\/a><\/li>\n\t\t\t\t\t\t\t\t\t\t\t\t\t\t\t\t\t<\/ul>\n\t\t\t\t\t\t\t<\/div>\n\t\t\t\t\t\t\t<div class=\"col-md-12 col-lg-6 box-container\">\n\t\t\t\t\t\t\t\t<div class=\"box-title\">\n\t\t\t\t\t\t\t\t\t<h3 class=\"people-profile-title\">Alexandre Le D\u00e9m\u00e9et<\/h3>\n\t\t\t\t\t\t\t\t<\/div>\n\t\t\t\t\t\t\t\t\t\t\t\t\t\t\t\t\t<span>Senior Consultant<\/span>\n\t\t\t\t\t\t\t\t\t\t\t\t\t\t\t<\/div>\n\t\t\t\t\t\t\t<div class=\"col-md-12 col-lg-6 social-box-container dkt-social-icon\">\n\t\t\t\t\t\t\t\t<ul class=\"social-nav\">\n\t\t\t\t\t\t\t\t\t\t\t\t\t\t\t\t\t\t\t\t\t\t\t\t\t\t\t\t\t\t\t\t\t\t\t\t\t\t\t\t\t\t\t\t\t\t\t\t\t\t\t\t\t\t\t<li><a aria-label=\"Linkedin\" target=\"_blank\" title=\"Ouvrir dans une nouvelle fen\u00eatre\" href=\"https:\/\/www.linkedin.com\/in\/alexandre-le-demeet\/\"><i aria-hidden=\"true\" class=\"icon-li\"><\/i><\/a><\/li>\n\t\t\t\t\t\t\t\t\t\t\t\t\t\t\t\t\t<\/ul>\n\t\t\t\t\t\t\t<\/div>\n\t\t\t\t\t\t<\/div>\n\t\t\t\t\t\t\t\t\t\t\t\t\t<div class=\"people-info\">Alexandre Le D\u00e9m\u00e9et<\/div>\n\t\t\t\t\t\t\t\t\t\t\t<\/div>\n\t\t\t\t<\/div>\n\t\t\t<\/div>\n\t\t\t\t\t<\/div>\n\t\t\n\n\t\t<div class=\"slide\">\n\t\t\t<div class=\"box\">\n\t\t\t\t<div class=\"row\">\n\t\t\t\t\t<div class=\"col-md-6 col-lg-4 box-img-wrapper\">\n\t\t\t\t\t\t<img decoding=\"async\" loading=\"lazy\" src=\"https:\/\/www.capgemini.com\/ca-fr\/wp-content\/uploads\/sites\/21\/2026\/02\/Arnaud-Buzenet-Pic.jpg\" alt=\"Arnaud Buzenet\"\/>\n\t\t\t\t\t<\/div>\n\t\t\t\t\t<div class=\"col-md-6 col-lg-8 box-inner\">\n\t\t\t\t\t\t<div class=\"row title-social-media-header\">\n\t\t\t\t\t\t\t<div class=\"col-md-12 col-lg-6 mbl-social-icon\">\n\t\t\t\t\t\t\t\t<ul class=\"social-nav\">\n\t\t\t\t\t\t\t\t\t\t\t\t\t\t\t\t\t\t\t\t\t\t\t\t\t\t\t\t\t\t\t\t\t\t\t\t\t\t\t\t\t\t\t\t\t\t\t\t\t\t\t\t\t\t\t<li><a aria-label=\"Linkedin\" target=\"_blank\" title=\"Ouvrir dans une nouvelle fen\u00eatre\" href=\"https:\/\/www.linkedin.com\/in\/arnaud-buzenet-13287a106\/\"><i aria-hidden=\"true\" class=\"icon-li\"><\/i><\/a><\/li>\n\t\t\t\t\t\t\t\t\t\t\t\t\t\t\t\t\t<\/ul>\n\t\t\t\t\t\t\t<\/div>\n\t\t\t\t\t\t\t<div class=\"col-md-12 col-lg-6 box-container\">\n\t\t\t\t\t\t\t\t<div class=\"box-title\">\n\t\t\t\t\t\t\t\t\t<h3 class=\"people-profile-title\">Arnaud Buzenet<\/h3>\n\t\t\t\t\t\t\t\t<\/div>\n\t\t\t\t\t\t\t\t\t\t\t\t\t\t\t\t\t<span>ManagingConsultant<\/span>\n\t\t\t\t\t\t\t\t\t\t\t\t\t\t\t<\/div>\n\t\t\t\t\t\t\t<div class=\"col-md-12 col-lg-6 social-box-container dkt-social-icon\">\n\t\t\t\t\t\t\t\t<ul class=\"social-nav\">\n\t\t\t\t\t\t\t\t\t\t\t\t\t\t\t\t\t\t\t\t\t\t\t\t\t\t\t\t\t\t\t\t\t\t\t\t\t\t\t\t\t\t\t\t\t\t\t\t\t\t\t\t\t\t\t<li><a aria-label=\"Linkedin\" target=\"_blank\" title=\"Ouvrir dans une nouvelle fen\u00eatre\" href=\"https:\/\/www.linkedin.com\/in\/arnaud-buzenet-13287a106\/\"><i aria-hidden=\"true\" class=\"icon-li\"><\/i><\/a><\/li>\n\t\t\t\t\t\t\t\t\t\t\t\t\t\t\t\t\t<\/ul>\n\t\t\t\t\t\t\t<\/div>\n\t\t\t\t\t\t<\/div>\n\t\t\t\t\t\t\t\t\t\t\t\t\t<div class=\"people-info\">Arnaud Buzenet<\/div>\n\t\t\t\t\t\t\t\t\t\t\t<\/div>\n\t\t\t\t<\/div>\n\t\t\t<\/div>\n\t\t\t\t\t<\/div>\n\t\t\n\n\t\t<div class=\"slide\">\n\t\t\t<div class=\"box\">\n\t\t\t\t<div class=\"row\">\n\t\t\t\t\t<div class=\"col-md-6 col-lg-4 box-img-wrapper\">\n\t\t\t\t\t\t<img decoding=\"async\" loading=\"lazy\" src=\"https:\/\/www.capgemini.com\/ca-fr\/wp-content\/uploads\/sites\/21\/2026\/02\/Adrien-Cosson-Pic.jpg\" alt=\"Adrien Cosson\"\/>\n\t\t\t\t\t<\/div>\n\t\t\t\t\t<div class=\"col-md-6 col-lg-8 box-inner\">\n\t\t\t\t\t\t<div class=\"row title-social-media-header\">\n\t\t\t\t\t\t\t<div class=\"col-md-12 col-lg-6 mbl-social-icon\">\n\t\t\t\t\t\t\t\t<ul class=\"social-nav\">\n\t\t\t\t\t\t\t\t\t\t\t\t\t\t\t\t\t\t\t\t\t\t\t\t\t\t\t\t\t\t\t\t\t\t\t\t\t\t\t\t\t\t\t\t\t\t\t\t\t\t\t\t\t\t\t<li><a aria-label=\"Linkedin\" target=\"_blank\" title=\"Ouvrir dans une nouvelle fen\u00eatre\" href=\"https:\/\/www.linkedin.com\/in\/adrien-cosson-8815aab6\/\"><i aria-hidden=\"true\" class=\"icon-li\"><\/i><\/a><\/li>\n\t\t\t\t\t\t\t\t\t\t\t\t\t\t\t\t\t<\/ul>\n\t\t\t\t\t\t\t<\/div>\n\t\t\t\t\t\t\t<div class=\"col-md-12 col-lg-6 box-container\">\n\t\t\t\t\t\t\t\t<div class=\"box-title\">\n\t\t\t\t\t\t\t\t\t<h3 class=\"people-profile-title\">Adrien Cosson<\/h3>\n\t\t\t\t\t\t\t\t<\/div>\n\t\t\t\t\t\t\t\t\t\t\t\t\t\t\t\t\t<span>Senior Consultant<\/span>\n\t\t\t\t\t\t\t\t\t\t\t\t\t\t\t<\/div>\n\t\t\t\t\t\t\t<div class=\"col-md-12 col-lg-6 social-box-container dkt-social-icon\">\n\t\t\t\t\t\t\t\t<ul class=\"social-nav\">\n\t\t\t\t\t\t\t\t\t\t\t\t\t\t\t\t\t\t\t\t\t\t\t\t\t\t\t\t\t\t\t\t\t\t\t\t\t\t\t\t\t\t\t\t\t\t\t\t\t\t\t\t\t\t\t<li><a aria-label=\"Linkedin\" target=\"_blank\" title=\"Ouvrir dans une nouvelle fen\u00eatre\" href=\"https:\/\/www.linkedin.com\/in\/adrien-cosson-8815aab6\/\"><i aria-hidden=\"true\" class=\"icon-li\"><\/i><\/a><\/li>\n\t\t\t\t\t\t\t\t\t\t\t\t\t\t\t\t\t<\/ul>\n\t\t\t\t\t\t\t<\/div>\n\t\t\t\t\t\t<\/div>\n\t\t\t\t\t\t\t\t\t\t\t\t\t<div class=\"people-info\">Adrien Cosson<\/div>\n\t\t\t\t\t\t\t\t\t\t\t<\/div>\n\t\t\t\t<\/div>\n\t\t\t<\/div>\n\t\t\t\t\t<\/div>\n\t\t<\/div><\/div><\/div><div class=\"slider-nav\"><button class=\"slider-prev inactive\" aria-label=\"Curseur pr\u00e9c\u00e9dent\" tabindex=\"-1\"><\/button><ul class=\"slider-paginator\"><\/ul><button class=\"slider-next\" aria-label=\"Curseur suivant\"><\/button><\/div><\/div><\/section>\n\n\n\n\t\t<section\n\t\t\tclass=\"section section--lifeatcap-learning section--event-slider-careerInvent \">\n\n\t\t\t<div class=\"container\">\n\t\t\t\t<div class='career-invent-header'>\n\t\t\t\t\t\t\t\t\t\t\t\t\t\t<\/div>\n\t\t\t<\/div>\n\n\t\t\t<div class=\"slider slider-fader d26bf0d6-30e4-455a-b57b-5aa5fb088055\">\n\t\t\t\t\t\t\t\t<div\n\t\t\t\t\tclass=\"slider-list \">\n\t\t\t\t\t\t\t\t\t\t\t<div\n\t\t\t\t\t\t\tclass=\"slide active \">\n\t\t\t\t\t\t\t<div\n\t\t\t\t\t\t\t\tclass=\"slide-bg-wrapper wp-block-cg-blocks-career-invent \">\n\t\t\t\t\t\t\t\t<div class=\"bgImagesection\">\n\t\t\t\t\t\t\t\t\t\t\t\t\t\t\t\t\t\t\t<div class=\"bgColor\"><\/div>\n\t\t\t\t\t\t\t\t\t\n\t\t\t\t\t\t\t\t\t<div class=\"container slide-info-wrapper\">\n\t\t\t\t\t\t\t\t\t\t<div class=\"row\">\n\t\t\t\t\t\t\t\t\t\t\t<div\n\t\t\t\t\t\t\t\t\t\t\t\tclass=\"col-md-6 col-sm-12 box-inner \">\n\t\t\t\t\t\t\t\t\t\t\t\t\t\t\t\t\t\t\t\t\t\t\t\t\t<div class=\"bgColor\"><\/div>\n\t\t\t\t\t\t\t\t\t\t\t\t\t\t\t\t\t\t\t\t\t\t\t\t\t\t\t\t\t\t\t\t\t\t\t\t\t<div\n\t\t\t\t\t\t\t\t\t\t\t\t\t\tclass=\"content-title \">\n\t\t\t\t\t\t\t\t\t\t\t\t\t\t<h3 class=\"explore-header\"\n\t\t\t\t\t\t\t\t\t\t\t\t\t\t\tdata-maxlength=\"68\"\n\t\t\t\t\t\t\t\t\t\t\t\t\t\t\ttitle=\"Barom\u00e8tre europ\u00e9en CPPA\">\n\t\t\t\t\t\t\t\t\t\t\t\t\t\t\tBarom\u00e8tre europ\u00e9en CPPA\t\t\t\t\t\t\t\t\t\t\t\t\t\t<\/h3>\n\t\t\t\t\t\t\t\t\t\t\t\t\t<\/div>\n\t\t\t\t\t\t\t\t\t\t\t\t\n\t\t\t\t\t\t\t\t\t\t\t\t\t\t\t\t\t\t\t\t\t\t\t\t\t\t\t\t\t\t\t\t\t\t\t\t\t\t\t<div\n\t\t\t\t\t\t\t\t\t\t\t\t\t\t\tclass=\"box-title \">\n\t\t\t\t\t\t\t\t\t\t\t\t\t\t\t<h4 data-maxlength=\"144\"\n\t\t\t\t\t\t\t\t\t\t\t\t\t\t\t\ttitle=\"Ce document couvre le march\u00e9 des Corporate PPA de12 pays europ\u00e9ens hors France.\"\n\t\t\t\t\t\t\t\t\t\t\t\t\t\t\t\tstyle=\"white-space: pre-wrap;\">\n\t\t\t\t\t\t\t\t\t\t\t\t\t\t\t\tCe document couvre le march\u00e9 des Corporate PPA de<br>12 pays europ\u00e9ens hors France.\t\t\t\t\t\t\t\t\t\t\t\t\t\t\t<\/h4>\n\t\t\t\t\t\t\t\t\t\t\t\t\t\t<\/div>\n\t\t\t\t\t\t\t\t\t\t\t\t\t\t\t\t\t\t\t\t\t\t\t\t\t\n\t\t\t\t\t\t\t\t\t\t\t\t\t\t\t\t\t\t\t\t\t\t\t\t\t<div >\n\t\t\t\t\t\t\t\t\t\t\t\t\t\t\t\t\t\t\t\t\t\t\t\t\t\t\t<\/div>\n\t\t\t\t\t\t\t\t\t\t\t\t\n\t\t\t\t\t\t\t\t\t\t\t\t\t\t\t\t\t\t\t\t\t\t\t\t\t\t\t\t\t\t\t\t\t\t\t\t\t<div class=\"btnDiv\"> <a class=\"more2\" data-maxlength=\"24\" aria-label=\"En savoir plus A propos Barom\u00e8tre europ\u00e9en CPPA\"\n\t\t\t\t\t\t\t\t\t\t\t\t\t\t\t\t\t\t\t\t\t\t\t\t\t\t\ttitle=\"Opens in new window\" tabindex=\"0\" href=\"https:\/\/www.capgemini.com\/insights\/research-library\/european-cppa-barometer\/\"\n\t\t\t\t\t\t\t\t\t\t\t\t\t\t\ttarget=\"_blank\">\n\t\t\t\t\t\t\t\t\t\t\t\t\t\tEn savoir plus\t\t\t\t\t\t\t\t\t\t\t\t\t<\/a> <\/div>\n\t\t\t\t\t\t\t\t\t\t\t\t\t\t\t\t\t\t\t\t\t\t\t\t\t\n\n\n\t\t\t\t\t\t\t\t\t\t\t<\/div>\n\n\t\t\t\t\t\t\t\t\t\t\t<div class=\"col-md-6 col-sm-12 text-right box-img-wrapper escaper escaper-right\">\n\t\t\t\t\t\t\t\t\t\t\t\t\n\n\t\t\t\t\t\t\t\t\t\t\t\t<picture>\n\t\t\t\t\t\t\t\t\t\t\t\t\t<source\n\t\t\t\t\t\t\t\t\t\t\t\t\t\tsrcset=\"https:\/\/www.capgemini.com\/wp-content\/uploads\/2023\/03\/Banner-European-CPPA-Barometer.jpg?w=1200&amp;quality=90 1x, https:\/\/www.capgemini.com\/wp-content\/uploads\/2023\/03\/Banner-European-CPPA-Barometer.jpg?w=1200&amp;quality=90 2x\"\n\t\t\t\t\t\t\t\t\t\t\t\t\t\tmedia=\"(min-width: 1500px)\" \/>\n\t\t\t\t\t\t\t\t\t\t\t\t\t<source\n\t\t\t\t\t\t\t\t\t\t\t\t\t\tsrcset=\"https:\/\/www.capgemini.com\/wp-content\/uploads\/2023\/03\/Banner-European-CPPA-Barometer.jpg?w=600&amp;quality=90 1x, https:\/\/www.capgemini.com\/wp-content\/uploads\/2023\/03\/Banner-European-CPPA-Barometer.jpg?w=1200&amp;quality=90 2x\"\n\t\t\t\t\t\t\t\t\t\t\t\t\t\tmedia=\"(min-width: 992px)\" \/>\n\t\t\t\t\t\t\t\t\t\t\t\t\t<source\n\t\t\t\t\t\t\t\t\t\t\t\t\t\tsrcset=\"https:\/\/www.capgemini.com\/wp-content\/uploads\/2023\/03\/Banner-European-CPPA-Barometer.jpg?w=400&amp;quality=90 1x, https:\/\/www.capgemini.com\/wp-content\/uploads\/2023\/03\/Banner-European-CPPA-Barometer.jpg?w=800&amp;quality=90 2x\"\n\t\t\t\t\t\t\t\t\t\t\t\t\t\tmedia=\"(min-width: 768px)\" \/>\n\t\t\t\t\t\t\t\t\t\t\t\t\t<source\n\t\t\t\t\t\t\t\t\t\t\t\t\t\tsrcset=\"https:\/\/www.capgemini.com\/wp-content\/uploads\/2023\/03\/Banner-European-CPPA-Barometer.jpg?w=400&amp;quality=90 1x, https:\/\/www.capgemini.com\/wp-content\/uploads\/2023\/03\/Banner-European-CPPA-Barometer.jpg?w=800&amp;quality=90 2x\"\n\t\t\t\t\t\t\t\t\t\t\t\t\t\tmedia=\"(min-width: 0)\" \/>\n\n\n\t\t\t\t\t\t\t\t\t\t\t\t\t<img loading=\"lazy\" class=\"box-img\"\n\t\t\t\t\t\t\t\t\t\t\t\t\t\tsrc=\"https:\/\/www.capgemini.com\/wp-content\/uploads\/2023\/03\/Banner-European-CPPA-Barometer.jpg\"\n\t\t\t\t\t\t\t\t\t\t\t\t\t\tstyle=\"\n\t\t\t\t\t\t\t\t\t\t\t\t\t\tobject-position: 33% 60%; object-fit: cover;\t\t\t\t\t\t\t\t\t\t\t\t\t\t\t\t\t\" alt=\"\" \/>\n\n\t\t\t\t\t\t\t\t\t\t\t\t<\/picture>\n\t\t\t\t\t\t\t\t\t\t\t\t<!-- <img decoding=\"async\" class=\"box-img\" src=\"\n\t\t\t\t\t\t\t\t\t\t\t\t\t\t\t\t\t\t\t\t\t\t\t\t\t\t\t\"\n\t\t\t\t\t\t\t\t\t\t\tstyle=\"\n\t\t\t\t\t\t\t\t\t\t\t\t\t\t\t\t\t\t\t\t\t\t\t\t\t\" alt=\"\"\n\t\t\t\t\t\t\t\t\t\t\/> -->\n\t\t\t\t\t\t\t\t\t\t\t<\/div>\n\t\t\t\t\t\t\t\t\t\t<\/div>\n\t\t\t\t\t\t\t\t\t<\/div>\n\t\t\t\t\t\t\t\t<\/div>\n\t\t\t\t\t\t\t\t<div class=\"\">\n\t\t\t\t\t\t\t\t<\/div>\n\t\t\t\t\t\t\t\t<div class=\"slide-reveal\"><\/div>\n\t\t\t\t\t\t\t<\/div>\n\t\t\t\t\t\t<\/div>\n\t\t\t\t\t\n\t\t\t\t<\/div>\n\n\t\t\t\t\n\t\t\t<\/div>\n\n\t\t<\/section>\n\n\t\t\n\n\n<p><\/p>\n","protected":false},"excerpt":{"rendered":"<p>Etat des lieux de l\u2019approvisionnement en \u00e9lectricit\u00e9 verte en France<\/p>\n","protected":false},"author":166,"featured_media":702762,"template":"","meta":{"cg_dt_proposed_to":[],"cg_seo_hreflang_relations":"[]","cg_seo_canonical_relation":"","cg_seo_hreflang_x_default_relation":"{\"uuid\":\"0ac27f8d-d661-4263-8167-cc3c8e645a80\",\"blogId\":\"\",\"domain\":\"\",\"sitePath\":\"\",\"postLink\":\"\",\"postId\":null,\"isSaved\":true,\"isCrossLink\":false,\"hasCrossLink\":false}","cg_dt_approved_content":true,"cg_dt_mandatory_content":false,"cg_dt_notes":"","cg_dg_source_changed":false,"cg_dt_link_disabled":false,"footnotes":"","related_resource_url":"","related_resource_id":0,"related_resource_size":"","related_resource_type":"","cg_author":0,"_yoast_wpseo_primary_theme":174,"primary_term":"Transition \u00e9nerg\u00e9tique","featured_focal_points":""},"tags":[171],"research-and-insight-type":[172],"theme":[173,174,211],"brand":[160],"service":[],"industry":[175],"partners":[],"content-group":[],"class_list":["post-697718","research-and-insight","type-research-and-insight","status-publish","has-post-thumbnail","hentry","tag-developpement-durable","research-and-insight-type-rapport","theme-developpement-durable","theme-innovation-et-technologies","theme-transition-energetique","brand-capgemini-invent","industry-energie-et-utilities"],"yoast_head":"<!-- This site is optimized with the Yoast SEO Premium plugin v22.8 (Yoast SEO v22.8) - https:\/\/yoast.com\/wordpress\/plugins\/seo\/ -->\n<title>Barom\u00e8tre des achats d\u2019\u00e9nergie verte en France - Capgemini Canada French<\/title>\n<meta name=\"description\" content=\"Cet Observatoire pr\u00e9sente chaque trimestre un \u00e9tat des lieux en France de l\u2019approvisionnement en \u00e9lectricit\u00e9 verte en France\" \/>\n<meta name=\"robots\" content=\"index, follow, max-snippet:-1, max-image-preview:large, max-video-preview:-1\" \/>\n<link rel=\"canonical\" href=\"https:\/\/www.capgemini.com\/ca-fr\/perspectives\/publications\/barometre-achats-energie-verte-france\/\" \/>\n<meta property=\"og:locale\" content=\"fr_FR\" \/>\n<meta property=\"og:type\" content=\"article\" \/>\n<meta property=\"og:title\" content=\"Barom\u00e8tre des achats d\u2019\u00e9nergie verte en France\" \/>\n<meta property=\"og:description\" content=\"Cet Observatoire pr\u00e9sente chaque trimestre un \u00e9tat des lieux en France de l\u2019approvisionnement en \u00e9lectricit\u00e9 verte en France\" \/>\n<meta property=\"og:url\" content=\"https:\/\/www.capgemini.com\/ca-fr\/perspectives\/publications\/barometre-achats-energie-verte-france\/\" \/>\n<meta property=\"og:site_name\" content=\"Capgemini Canada French\" \/>\n<meta property=\"article:modified_time\" content=\"2026-02-20T15:41:17+00:00\" \/>\n<meta property=\"og:image\" content=\"https:\/\/www.capgemini.com\/ca-fr\/wp-content\/uploads\/sites\/21\/2025\/10\/New-Web-preview-global.jpg\" \/>\n\t<meta property=\"og:image:width\" content=\"1200\" \/>\n\t<meta property=\"og:image:height\" content=\"627\" \/>\n\t<meta property=\"og:image:type\" content=\"image\/jpeg\" \/>\n<meta name=\"twitter:card\" content=\"summary_large_image\" \/>\n<meta name=\"twitter:description\" content=\"Cet Observatoire pr\u00e9sente chaque trimestre un \u00e9tat des lieux en France de l\u2019approvisionnement en \u00e9lectricit\u00e9 verte en France\" \/>\n<meta name=\"twitter:label1\" content=\"Est. reading time\" \/>\n\t<meta name=\"twitter:data1\" content=\"5 minutes\" \/>\n<script type=\"application\/ld+json\" class=\"yoast-schema-graph\">{\"@context\":\"https:\/\/schema.org\",\"@graph\":[{\"@type\":\"WebPage\",\"@id\":\"https:\/\/www.capgemini.com\/ca-fr\/perspectives\/publications\/barometre-achats-energie-verte-france\/\",\"url\":\"https:\/\/www.capgemini.com\/ca-fr\/perspectives\/publications\/barometre-achats-energie-verte-france\/\",\"name\":\"Barom\u00e8tre des achats d\u2019\u00e9nergie verte en France - Capgemini Canada French\",\"isPartOf\":{\"@id\":\"https:\/\/www.capgemini.com\/ca-fr\/#website\"},\"primaryImageOfPage\":{\"@id\":\"https:\/\/www.capgemini.com\/ca-fr\/perspectives\/publications\/barometre-achats-energie-verte-france\/#primaryimage\"},\"image\":{\"@id\":\"https:\/\/www.capgemini.com\/ca-fr\/perspectives\/publications\/barometre-achats-energie-verte-france\/#primaryimage\"},\"thumbnailUrl\":\"https:\/\/www.capgemini.com\/ca-fr\/wp-content\/uploads\/sites\/21\/2023\/10\/2022-FR-Featured-Image-Barometre-Energies-Vertes.jpg\",\"datePublished\":\"2023-10-20T09:44:31+00:00\",\"dateModified\":\"2026-02-20T15:41:17+00:00\",\"description\":\"Cet Observatoire pr\u00e9sente chaque trimestre un \u00e9tat des lieux en France de l\u2019approvisionnement en \u00e9lectricit\u00e9 verte en France\",\"breadcrumb\":{\"@id\":\"https:\/\/www.capgemini.com\/ca-fr\/perspectives\/publications\/barometre-achats-energie-verte-france\/#breadcrumb\"},\"inLanguage\":\"fr-FR\",\"potentialAction\":[{\"@type\":\"ReadAction\",\"target\":[\"https:\/\/www.capgemini.com\/ca-fr\/perspectives\/publications\/barometre-achats-energie-verte-france\/\"]}]},{\"@type\":\"ImageObject\",\"inLanguage\":\"fr-FR\",\"@id\":\"https:\/\/www.capgemini.com\/ca-fr\/perspectives\/publications\/barometre-achats-energie-verte-france\/#primaryimage\",\"url\":\"https:\/\/www.capgemini.com\/ca-fr\/wp-content\/uploads\/sites\/21\/2023\/10\/2022-FR-Featured-Image-Barometre-Energies-Vertes.jpg\",\"contentUrl\":\"https:\/\/www.capgemini.com\/ca-fr\/wp-content\/uploads\/sites\/21\/2023\/10\/2022-FR-Featured-Image-Barometre-Energies-Vertes.jpg\",\"width\":2880,\"height\":1800},{\"@type\":\"BreadcrumbList\",\"@id\":\"https:\/\/www.capgemini.com\/ca-fr\/perspectives\/publications\/barometre-achats-energie-verte-france\/#breadcrumb\",\"itemListElement\":[{\"@type\":\"ListItem\",\"position\":1,\"name\":\"Home\",\"item\":\"https:\/\/www.capgemini.com\/ca-fr\/\"},{\"@type\":\"ListItem\",\"position\":2,\"name\":\"Research &amp; insights\",\"item\":\"https:\/\/www.capgemini.com\/ca-fr\/research-and-insight\/\"},{\"@type\":\"ListItem\",\"position\":3,\"name\":\"Barom\u00e8tre des achats d\u2019\u00e9nergie verte en France\"}]},{\"@type\":\"WebSite\",\"@id\":\"https:\/\/www.capgemini.com\/ca-fr\/#website\",\"url\":\"https:\/\/www.capgemini.com\/ca-fr\/\",\"name\":\"Capgemini Canada French\",\"description\":\"Capgemini\",\"potentialAction\":[{\"@type\":\"SearchAction\",\"target\":{\"@type\":\"EntryPoint\",\"urlTemplate\":\"https:\/\/www.capgemini.com\/ca-fr\/?s={search_term_string}\"},\"query-input\":\"required name=search_term_string\"}],\"inLanguage\":\"fr-FR\"}]}<\/script>\n<!-- \/ Yoast SEO Premium plugin. -->","yoast_head_json":{"title":"Barom\u00e8tre des achats d\u2019\u00e9nergie verte en France - Capgemini Canada French","description":"Cet Observatoire pr\u00e9sente chaque trimestre un \u00e9tat des lieux en France de l\u2019approvisionnement en \u00e9lectricit\u00e9 verte en France","robots":{"index":"index","follow":"follow","max-snippet":"max-snippet:-1","max-image-preview":"max-image-preview:large","max-video-preview":"max-video-preview:-1"},"canonical":"https:\/\/www.capgemini.com\/ca-fr\/perspectives\/publications\/barometre-achats-energie-verte-france\/","og_locale":"fr_FR","og_type":"article","og_title":"Barom\u00e8tre des achats d\u2019\u00e9nergie verte en France","og_description":"Cet Observatoire pr\u00e9sente chaque trimestre un \u00e9tat des lieux en France de l\u2019approvisionnement en \u00e9lectricit\u00e9 verte en France","og_url":"https:\/\/www.capgemini.com\/ca-fr\/perspectives\/publications\/barometre-achats-energie-verte-france\/","og_site_name":"Capgemini Canada French","article_modified_time":"2026-02-20T15:41:17+00:00","og_image":[{"width":1200,"height":627,"url":"https:\/\/www.capgemini.com\/ca-fr\/wp-content\/uploads\/sites\/21\/2025\/10\/New-Web-preview-global.jpg","type":"image\/jpeg"}],"twitter_card":"summary_large_image","twitter_description":"Cet Observatoire pr\u00e9sente chaque trimestre un \u00e9tat des lieux en France de l\u2019approvisionnement en \u00e9lectricit\u00e9 verte en France","twitter_misc":{"Est. reading time":"5 minutes"},"schema":{"@context":"https:\/\/schema.org","@graph":[{"@type":"WebPage","@id":"https:\/\/www.capgemini.com\/ca-fr\/perspectives\/publications\/barometre-achats-energie-verte-france\/","url":"https:\/\/www.capgemini.com\/ca-fr\/perspectives\/publications\/barometre-achats-energie-verte-france\/","name":"Barom\u00e8tre des achats d\u2019\u00e9nergie verte en France - Capgemini Canada French","isPartOf":{"@id":"https:\/\/www.capgemini.com\/ca-fr\/#website"},"primaryImageOfPage":{"@id":"https:\/\/www.capgemini.com\/ca-fr\/perspectives\/publications\/barometre-achats-energie-verte-france\/#primaryimage"},"image":{"@id":"https:\/\/www.capgemini.com\/ca-fr\/perspectives\/publications\/barometre-achats-energie-verte-france\/#primaryimage"},"thumbnailUrl":"https:\/\/www.capgemini.com\/ca-fr\/wp-content\/uploads\/sites\/21\/2023\/10\/2022-FR-Featured-Image-Barometre-Energies-Vertes.jpg","datePublished":"2023-10-20T09:44:31+00:00","dateModified":"2026-02-20T15:41:17+00:00","description":"Cet Observatoire pr\u00e9sente chaque trimestre un \u00e9tat des lieux en France de l\u2019approvisionnement en \u00e9lectricit\u00e9 verte en France","breadcrumb":{"@id":"https:\/\/www.capgemini.com\/ca-fr\/perspectives\/publications\/barometre-achats-energie-verte-france\/#breadcrumb"},"inLanguage":"fr-FR","potentialAction":[{"@type":"ReadAction","target":["https:\/\/www.capgemini.com\/ca-fr\/perspectives\/publications\/barometre-achats-energie-verte-france\/"]}]},{"@type":"ImageObject","inLanguage":"fr-FR","@id":"https:\/\/www.capgemini.com\/ca-fr\/perspectives\/publications\/barometre-achats-energie-verte-france\/#primaryimage","url":"https:\/\/www.capgemini.com\/ca-fr\/wp-content\/uploads\/sites\/21\/2023\/10\/2022-FR-Featured-Image-Barometre-Energies-Vertes.jpg","contentUrl":"https:\/\/www.capgemini.com\/ca-fr\/wp-content\/uploads\/sites\/21\/2023\/10\/2022-FR-Featured-Image-Barometre-Energies-Vertes.jpg","width":2880,"height":1800},{"@type":"BreadcrumbList","@id":"https:\/\/www.capgemini.com\/ca-fr\/perspectives\/publications\/barometre-achats-energie-verte-france\/#breadcrumb","itemListElement":[{"@type":"ListItem","position":1,"name":"Home","item":"https:\/\/www.capgemini.com\/ca-fr\/"},{"@type":"ListItem","position":2,"name":"Research &amp; insights","item":"https:\/\/www.capgemini.com\/ca-fr\/research-and-insight\/"},{"@type":"ListItem","position":3,"name":"Barom\u00e8tre des achats d\u2019\u00e9nergie verte en France"}]},{"@type":"WebSite","@id":"https:\/\/www.capgemini.com\/ca-fr\/#website","url":"https:\/\/www.capgemini.com\/ca-fr\/","name":"Capgemini Canada French","description":"Capgemini","potentialAction":[{"@type":"SearchAction","target":{"@type":"EntryPoint","urlTemplate":"https:\/\/www.capgemini.com\/ca-fr\/?s={search_term_string}"},"query-input":"required name=search_term_string"}],"inLanguage":"fr-FR"}]}},"theme_term_info":[{"id":173,"name":"D\u00e9veloppement Durable"},{"id":174,"name":"Innovation &amp; technologies"},{"id":211,"name":"Transition \u00e9nerg\u00e9tique"}],"industry_term_info":[{"id":175,"name":"Energie et utilities"}],"services_term_info":[],"partners_term_info":[],"brand_term_info":[{"id":160,"name":"Capgemini Invent","slug":"capgemini-invent"}],"brand_term":[{"id":160,"slug":"capgemini-invent"}],"parsely":{"version":"1.1.0","canonical_url":"https:\/\/capgemini.com\/ca-fr\/perspectives\/publications\/barometre-achats-energie-verte-france\/","smart_links":{"inbound":0,"outbound":0},"traffic_boost_suggestions_count":0,"meta":{"@context":"https:\/\/schema.org","@type":"NewsArticle","headline":"Barom\u00e8tre des achats d\u2019\u00e9nergie verte en France","url":"https:\/\/www.capgemini.com\/ca-fr\/perspectives\/publications\/barometre-achats-energie-verte-france\/","mainEntityOfPage":{"@type":"WebPage","@id":"https:\/\/www.capgemini.com\/ca-fr\/perspectives\/publications\/barometre-achats-energie-verte-france\/"},"thumbnailUrl":"https:\/\/www.capgemini.com\/ca-fr\/wp-content\/uploads\/sites\/21\/2023\/10\/2022-FR-Featured-Image-Barometre-Energies-Vertes.jpg?w=150&h=150&crop=1","image":{"@type":"ImageObject","url":"https:\/\/www.capgemini.com\/ca-fr\/wp-content\/uploads\/sites\/21\/2023\/10\/2022-FR-Featured-Image-Barometre-Energies-Vertes.jpg"},"articleSection":"Uncategorized","author":[],"creator":[],"publisher":{"@type":"Organization","name":"Capgemini Canada French","logo":""},"keywords":["d\u00e9veloppement durable"],"dateCreated":"2023-10-20T09:44:31Z","datePublished":"2023-10-20T09:44:31Z","dateModified":"2026-02-20T15:41:17Z"},"rendered":"<meta name=\"parsely-title\" content=\"Barom\u00e8tre des achats d\u2019\u00e9nergie verte en France\" \/>\n<meta name=\"parsely-link\" content=\"https:\/\/www.capgemini.com\/ca-fr\/perspectives\/publications\/barometre-achats-energie-verte-france\/\" \/>\n<meta name=\"parsely-type\" content=\"post\" \/>\n<meta name=\"parsely-image-url\" content=\"https:\/\/www.capgemini.com\/ca-fr\/wp-content\/uploads\/sites\/21\/2023\/10\/2022-FR-Featured-Image-Barometre-Energies-Vertes.jpg?w=150&amp;h=150&amp;crop=1\" \/>\n<meta name=\"parsely-pub-date\" content=\"2023-10-20T09:44:31Z\" \/>\n<meta name=\"parsely-section\" content=\"Uncategorized\" \/>\n<meta name=\"parsely-tags\" content=\"d\u00e9veloppement durable\" \/>","tracker_url":"https:\/\/cdn.parsely.com\/keys\/capgemini.com\/p.js"},"archive_status":false,"featured_image_src":"https:\/\/www.capgemini.com\/ca-fr\/wp-content\/uploads\/sites\/21\/2023\/10\/2022-FR-Featured-Image-Barometre-Energies-Vertes.jpg","featured_image_alt":"","jetpack_sharing_enabled":true,"distributor_meta":false,"distributor_terms":false,"distributor_media":false,"distributor_original_site_name":"Capgemini Canada French","distributor_original_site_url":"https:\/\/www.capgemini.com\/ca-fr","push-errors":false,"tag_names":["D\u00e9veloppement Durable"],"featured_image_url":"https:\/\/www.capgemini.com\/ca-fr\/wp-content\/uploads\/sites\/21\/2023\/10\/2022-FR-Featured-Image-Barometre-Energies-Vertes.jpg","_links":{"self":[{"href":"https:\/\/www.capgemini.com\/ca-fr\/wp-json\/wp\/v2\/research-and-insight\/697718","targetHints":{"allow":["GET"]}}],"collection":[{"href":"https:\/\/www.capgemini.com\/ca-fr\/wp-json\/wp\/v2\/research-and-insight"}],"about":[{"href":"https:\/\/www.capgemini.com\/ca-fr\/wp-json\/wp\/v2\/types\/research-and-insight"}],"author":[{"embeddable":true,"href":"https:\/\/www.capgemini.com\/ca-fr\/wp-json\/wp\/v2\/users\/166"}],"version-history":[{"count":20,"href":"https:\/\/www.capgemini.com\/ca-fr\/wp-json\/wp\/v2\/research-and-insight\/697718\/revisions"}],"predecessor-version":[{"id":710445,"href":"https:\/\/www.capgemini.com\/ca-fr\/wp-json\/wp\/v2\/research-and-insight\/697718\/revisions\/710445"}],"wp:featuredmedia":[{"embeddable":true,"href":"https:\/\/www.capgemini.com\/ca-fr\/wp-json\/wp\/v2\/media\/702762"}],"wp:attachment":[{"href":"https:\/\/www.capgemini.com\/ca-fr\/wp-json\/wp\/v2\/media?parent=697718"}],"wp:term":[{"taxonomy":"post_tag","embeddable":true,"href":"https:\/\/www.capgemini.com\/ca-fr\/wp-json\/wp\/v2\/tags?post=697718"},{"taxonomy":"research-and-insight-type","embeddable":true,"href":"https:\/\/www.capgemini.com\/ca-fr\/wp-json\/wp\/v2\/research-and-insight-type?post=697718"},{"taxonomy":"theme","embeddable":true,"href":"https:\/\/www.capgemini.com\/ca-fr\/wp-json\/wp\/v2\/theme?post=697718"},{"taxonomy":"brand","embeddable":true,"href":"https:\/\/www.capgemini.com\/ca-fr\/wp-json\/wp\/v2\/brand?post=697718"},{"taxonomy":"service","embeddable":true,"href":"https:\/\/www.capgemini.com\/ca-fr\/wp-json\/wp\/v2\/service?post=697718"},{"taxonomy":"industry","embeddable":true,"href":"https:\/\/www.capgemini.com\/ca-fr\/wp-json\/wp\/v2\/industry?post=697718"},{"taxonomy":"partners","embeddable":true,"href":"https:\/\/www.capgemini.com\/ca-fr\/wp-json\/wp\/v2\/partners?post=697718"},{"taxonomy":"content-group","embeddable":true,"href":"https:\/\/www.capgemini.com\/ca-fr\/wp-json\/wp\/v2\/content-group?post=697718"}],"curies":[{"name":"wp","href":"https:\/\/api.w.org\/{rel}","templated":true}]}}