{"id":7238,"date":"2021-03-17T15:18:00","date_gmt":"2021-03-17T15:18:00","guid":{"rendered":"https:\/\/www.capgemini.com\/?post_type=people&#038;p=514510"},"modified":"2025-03-30T18:19:44","modified_gmt":"2025-03-30T18:19:44","slug":"carole-ferrand","status":"publish","type":"people","link":"https:\/\/www.capgemini.com\/ca-fr\/notre-groupe\/gestion-gouvernance\/equipe-de-direction\/carole-ferrand\/","title":{"rendered":"Carole Ferrand"},"content":{"rendered":"<\/header>\n\n\n<section class=\"wp-block-cg-blocks-intro-para undefined section section--intro\"><div class=\"intro-para\"><div class=\"container\"><div class=\"row\"><div class=\"col-12 col-md-1\"><nav class=\"article-social\"><ul class=\"social-nav\"><li class=\"ip-order-fb\"><a href=\"https:\/\/www.facebook.com\/sharer\/sharer.php?u=https:\/\/www.capgemini.com\/ca-fr\/notre-groupe\/gestion-gouvernance\/equipe-de-direction\/carole-ferrand\/\" target=\"_blank\" rel=\"noopener noreferrer\" title=\"Ouvrir dans une nouvelle fen\u00eatre\"><i aria-hidden=\"true\" class=\"icon-fb\"><\/i><span class=\"sr-only\">Facebook<\/span><\/a><\/li><li class=\"ip-order-li\"><a href=\"https:\/\/www.linkedin.com\/sharing\/share-offsite\/?url=https:\/\/www.capgemini.com\/ca-fr\/notre-groupe\/gestion-gouvernance\/equipe-de-direction\/carole-ferrand\/\" target=\"_blank\" rel=\"noopener noreferrer\" title=\"Ouvrir dans une nouvelle fen\u00eatre\"><i aria-hidden=\"true\" class=\"icon-li\"><\/i><span class=\"sr-only\">Linkedin<\/span><\/a><\/li><\/ul><\/nav><\/div><div class=\"col-12 col-md-11 col-lg-10\"><h2 class=\"intro-para-title\">Directrice Financi\u00e8re du groupe Capgemini<br>Membre du Comit\u00e9 de Direction g\u00e9n\u00e9rale du Groupe<\/h2><p class=\"intro-para-content\">Carole Ferrand a \u00e9t\u00e9 nomm\u00e9e Directrice Financi\u00e8re du groupe Capgemini et membre du Comit\u00e9 de Direction G\u00e9n\u00e9rale du Groupe le 1er juin 2018.<br>\u00a0<br>Avant de rejoindre Capgemini, Carole a si\u00e9g\u00e9 au Conseil d&#8217;Administration du Groupe \u00e0 compter de mai 2016 et jusqu\u2019au 28 mai 2018. Depuis 2013, elle occupait le poste de directeur des financements au sein du groupe Art\u00e9mis, la holding de la famille Pinault notamment principal actionnaire de Kering. Au cours de cette p\u00e9riode, elle eut \u00e9galement la charge d\u2019accompagner certains investissements d\u2019un point de vue strat\u00e9gique et financier.<br>\u00a0<br>Pr\u00e9c\u00e9demment, elle exer\u00e7ait la fonction de directrice financi\u00e8re du groupe Europacorp, qu\u2019elle avait rejoint en 2011, apr\u00e8s avoir pass\u00e9 une dizaine d\u2019ann\u00e9es chez Sony\u00a0France, aux postes de directeur financier, de 2000 \u00e0 2002, puis de secr\u00e9taire g\u00e9n\u00e9ral.<br>\u00a0<br>Carole a d\u00e9but\u00e9 sa carri\u00e8re chez PricewaterhouseCoopers en 1992, o\u00f9 elle a exerc\u00e9 des fonctions d\u2019audit puis de conseil financier au sein du d\u00e9partement Transaction Services en France et au Royaume-Unis.<br>\u00a0<br>Pendant sa carri\u00e8re, Carole a \u00e9t\u00e9 administratrice de plusieurs soci\u00e9t\u00e9s notamment Fnac Darty entre 2013 et 2022 et Sanofi depuis 2022.<br>\u00a0<br>Elle est dipl\u00f4m\u00e9e de HEC (promotion 1992).<\/p><\/div><\/div><\/div><\/div><\/section>\n","protected":false},"excerpt":{"rendered":"<p>Directeur Financier<\/p>\n","protected":false},"author":166,"featured_media":706793,"template":"","meta":{"cg_dt_proposed_to":[],"cg_seo_hreflang_relations":"[]","cg_seo_canonical_relation":"","cg_seo_hreflang_x_default_relation":"{\"uuid\":\"32b9abf4-143c-4260-a583-f15cb1f9974b\",\"blogId\":\"\",\"domain\":\"\",\"sitePath\":\"\",\"postLink\":\"\",\"postId\":null,\"isSaved\":true,\"isCrossLink\":false,\"hasCrossLink\":false}","cg_dt_approved_content":true,"cg_dt_mandatory_content":false,"cg_dt_notes":"","cg_dg_source_changed":false,"cg_dt_link_disabled":false,"_yoast_wpseo_primary_brand":"","footnotes":"","cg_testimonial_custom_title":"","people_tel":"+9262726627","people_email":"","people_position":"Directeur Financier","people_profile_tw":"","people_profile_fb":"","people_profile_li":"","featured_focal_points":""},"tags":[],"people-type":[257],"brand":[],"service":[],"industry":[],"partners":[],"content-group":[],"class_list":["post-7238","people","type-people","status-publish","has-post-thumbnail","hentry","people-type-group-executive-board"],"yoast_head":"<!-- This site is optimized with the Yoast SEO Premium plugin v22.8 (Yoast SEO v22.8) - https:\/\/yoast.com\/wordpress\/plugins\/seo\/ -->\n<title>Carole Ferrand | Comit\u00e9 de direction g\u00e9n\u00e9rale du Groupe | Capgemini<\/title>\n<meta name=\"robots\" content=\"index, follow, max-snippet:-1, max-image-preview:large, max-video-preview:-1\" \/>\n<link rel=\"canonical\" href=\"https:\/\/www.capgemini.com\/fr-fr\/?post_type=people&p=689504\" \/>\n<meta property=\"og:locale\" content=\"fr_FR\" \/>\n<meta property=\"og:type\" content=\"article\" \/>\n<meta property=\"og:title\" content=\"Carole Ferrand\" \/>\n<meta property=\"og:description\" content=\"Directeur Financier\" \/>\n<meta property=\"og:url\" content=\"https:\/\/www.capgemini.com\/ca-fr\/notre-groupe\/gestion-gouvernance\/equipe-de-direction\/carole-ferrand\/\" \/>\n<meta property=\"og:site_name\" content=\"Capgemini Canada French\" \/>\n<meta property=\"article:modified_time\" content=\"2025-03-30T18:19:44+00:00\" \/>\n<meta property=\"og:image\" content=\"https:\/\/www.capgemini.com\/ca-fr\/wp-content\/uploads\/sites\/21\/2021\/03\/CAROLE-FERRAND-6.jpg\" \/>\n\t<meta property=\"og:image:width\" content=\"800\" \/>\n\t<meta property=\"og:image:height\" content=\"1067\" \/>\n\t<meta property=\"og:image:type\" content=\"image\/jpeg\" \/>\n<meta name=\"twitter:card\" content=\"summary_large_image\" \/>\n<meta name=\"twitter:label1\" content=\"Est. reading time\" \/>\n\t<meta name=\"twitter:data1\" content=\"1 minute\" \/>\n<script type=\"application\/ld+json\" class=\"yoast-schema-graph\">{\"@context\":\"https:\/\/schema.org\",\"@graph\":[{\"@type\":\"WebPage\",\"@id\":\"https:\/\/www.capgemini.com\/ca-fr\/notre-groupe\/gestion-gouvernance\/equipe-de-direction\/carole-ferrand\/\",\"url\":\"https:\/\/www.capgemini.com\/ca-fr\/notre-groupe\/gestion-gouvernance\/equipe-de-direction\/carole-ferrand\/\",\"name\":\"Carole Ferrand | Comit\u00e9 de direction g\u00e9n\u00e9rale du Groupe | Capgemini\",\"isPartOf\":{\"@id\":\"https:\/\/www.capgemini.com\/ca-fr\/#website\"},\"primaryImageOfPage\":{\"@id\":\"https:\/\/www.capgemini.com\/ca-fr\/notre-groupe\/gestion-gouvernance\/equipe-de-direction\/carole-ferrand\/#primaryimage\"},\"image\":{\"@id\":\"https:\/\/www.capgemini.com\/ca-fr\/notre-groupe\/gestion-gouvernance\/equipe-de-direction\/carole-ferrand\/#primaryimage\"},\"thumbnailUrl\":\"https:\/\/www.capgemini.com\/ca-fr\/wp-content\/uploads\/sites\/21\/2021\/03\/CAROLE-FERRAND-6.jpg\",\"datePublished\":\"2021-03-17T15:18:00+00:00\",\"dateModified\":\"2025-03-30T18:19:44+00:00\",\"breadcrumb\":{\"@id\":\"https:\/\/www.capgemini.com\/ca-fr\/notre-groupe\/gestion-gouvernance\/equipe-de-direction\/carole-ferrand\/#breadcrumb\"},\"inLanguage\":\"fr-FR\",\"potentialAction\":[{\"@type\":\"ReadAction\",\"target\":[\"https:\/\/www.capgemini.com\/ca-fr\/notre-groupe\/gestion-gouvernance\/equipe-de-direction\/carole-ferrand\/\"]}]},{\"@type\":\"ImageObject\",\"inLanguage\":\"fr-FR\",\"@id\":\"https:\/\/www.capgemini.com\/ca-fr\/notre-groupe\/gestion-gouvernance\/equipe-de-direction\/carole-ferrand\/#primaryimage\",\"url\":\"https:\/\/www.capgemini.com\/ca-fr\/wp-content\/uploads\/sites\/21\/2021\/03\/CAROLE-FERRAND-6.jpg\",\"contentUrl\":\"https:\/\/www.capgemini.com\/ca-fr\/wp-content\/uploads\/sites\/21\/2021\/03\/CAROLE-FERRAND-6.jpg\",\"width\":800,\"height\":1067},{\"@type\":\"BreadcrumbList\",\"@id\":\"https:\/\/www.capgemini.com\/ca-fr\/notre-groupe\/gestion-gouvernance\/equipe-de-direction\/carole-ferrand\/#breadcrumb\",\"itemListElement\":[{\"@type\":\"ListItem\",\"position\":1,\"name\":\"Home\",\"item\":\"https:\/\/www.capgemini.com\/ca-fr\/\"},{\"@type\":\"ListItem\",\"position\":2,\"name\":\"People\",\"item\":\"https:\/\/www.capgemini.com\/ca-fr\/people\/\"},{\"@type\":\"ListItem\",\"position\":3,\"name\":\"Carole Ferrand\"}]},{\"@type\":\"WebSite\",\"@id\":\"https:\/\/www.capgemini.com\/ca-fr\/#website\",\"url\":\"https:\/\/www.capgemini.com\/ca-fr\/\",\"name\":\"Capgemini Canada French\",\"description\":\"Capgemini\",\"potentialAction\":[{\"@type\":\"SearchAction\",\"target\":{\"@type\":\"EntryPoint\",\"urlTemplate\":\"https:\/\/www.capgemini.com\/ca-fr\/?s={search_term_string}\"},\"query-input\":\"required name=search_term_string\"}],\"inLanguage\":\"fr-FR\"}]}<\/script>\n<!-- \/ Yoast SEO Premium plugin. -->","yoast_head_json":{"title":"Carole Ferrand | Comit\u00e9 de direction g\u00e9n\u00e9rale du Groupe | Capgemini","robots":{"index":"index","follow":"follow","max-snippet":"max-snippet:-1","max-image-preview":"max-image-preview:large","max-video-preview":"max-video-preview:-1"},"canonical":"https:\/\/www.capgemini.com\/fr-fr\/?post_type=people&p=689504","og_locale":"fr_FR","og_type":"article","og_title":"Carole Ferrand","og_description":"Directeur Financier","og_url":"https:\/\/www.capgemini.com\/ca-fr\/notre-groupe\/gestion-gouvernance\/equipe-de-direction\/carole-ferrand\/","og_site_name":"Capgemini Canada French","article_modified_time":"2025-03-30T18:19:44+00:00","og_image":[{"width":800,"height":1067,"url":"https:\/\/www.capgemini.com\/ca-fr\/wp-content\/uploads\/sites\/21\/2021\/03\/CAROLE-FERRAND-6.jpg","type":"image\/jpeg"}],"twitter_card":"summary_large_image","twitter_misc":{"Est. reading time":"1 minute"},"schema":{"@context":"https:\/\/schema.org","@graph":[{"@type":"WebPage","@id":"https:\/\/www.capgemini.com\/ca-fr\/notre-groupe\/gestion-gouvernance\/equipe-de-direction\/carole-ferrand\/","url":"https:\/\/www.capgemini.com\/ca-fr\/notre-groupe\/gestion-gouvernance\/equipe-de-direction\/carole-ferrand\/","name":"Carole Ferrand | Comit\u00e9 de direction g\u00e9n\u00e9rale du Groupe | Capgemini","isPartOf":{"@id":"https:\/\/www.capgemini.com\/ca-fr\/#website"},"primaryImageOfPage":{"@id":"https:\/\/www.capgemini.com\/ca-fr\/notre-groupe\/gestion-gouvernance\/equipe-de-direction\/carole-ferrand\/#primaryimage"},"image":{"@id":"https:\/\/www.capgemini.com\/ca-fr\/notre-groupe\/gestion-gouvernance\/equipe-de-direction\/carole-ferrand\/#primaryimage"},"thumbnailUrl":"https:\/\/www.capgemini.com\/ca-fr\/wp-content\/uploads\/sites\/21\/2021\/03\/CAROLE-FERRAND-6.jpg","datePublished":"2021-03-17T15:18:00+00:00","dateModified":"2025-03-30T18:19:44+00:00","breadcrumb":{"@id":"https:\/\/www.capgemini.com\/ca-fr\/notre-groupe\/gestion-gouvernance\/equipe-de-direction\/carole-ferrand\/#breadcrumb"},"inLanguage":"fr-FR","potentialAction":[{"@type":"ReadAction","target":["https:\/\/www.capgemini.com\/ca-fr\/notre-groupe\/gestion-gouvernance\/equipe-de-direction\/carole-ferrand\/"]}]},{"@type":"ImageObject","inLanguage":"fr-FR","@id":"https:\/\/www.capgemini.com\/ca-fr\/notre-groupe\/gestion-gouvernance\/equipe-de-direction\/carole-ferrand\/#primaryimage","url":"https:\/\/www.capgemini.com\/ca-fr\/wp-content\/uploads\/sites\/21\/2021\/03\/CAROLE-FERRAND-6.jpg","contentUrl":"https:\/\/www.capgemini.com\/ca-fr\/wp-content\/uploads\/sites\/21\/2021\/03\/CAROLE-FERRAND-6.jpg","width":800,"height":1067},{"@type":"BreadcrumbList","@id":"https:\/\/www.capgemini.com\/ca-fr\/notre-groupe\/gestion-gouvernance\/equipe-de-direction\/carole-ferrand\/#breadcrumb","itemListElement":[{"@type":"ListItem","position":1,"name":"Home","item":"https:\/\/www.capgemini.com\/ca-fr\/"},{"@type":"ListItem","position":2,"name":"People","item":"https:\/\/www.capgemini.com\/ca-fr\/people\/"},{"@type":"ListItem","position":3,"name":"Carole Ferrand"}]},{"@type":"WebSite","@id":"https:\/\/www.capgemini.com\/ca-fr\/#website","url":"https:\/\/www.capgemini.com\/ca-fr\/","name":"Capgemini Canada French","description":"Capgemini","potentialAction":[{"@type":"SearchAction","target":{"@type":"EntryPoint","urlTemplate":"https:\/\/www.capgemini.com\/ca-fr\/?s={search_term_string}"},"query-input":"required name=search_term_string"}],"inLanguage":"fr-FR"}]}},"parsely":{"version":"1.1.0","canonical_url":"https:\/\/capgemini.com\/ca-fr\/notre-groupe\/gestion-gouvernance\/equipe-de-direction\/carole-ferrand\/","smart_links":{"inbound":0,"outbound":0},"traffic_boost_suggestions_count":0,"meta":{"@context":"https:\/\/schema.org","@type":"NewsArticle","headline":"Carole Ferrand","url":"https:\/\/www.capgemini.com\/ca-fr\/notre-groupe\/gestion-gouvernance\/equipe-de-direction\/carole-ferrand\/","mainEntityOfPage":{"@type":"WebPage","@id":"https:\/\/www.capgemini.com\/ca-fr\/notre-groupe\/gestion-gouvernance\/equipe-de-direction\/carole-ferrand\/"},"thumbnailUrl":"https:\/\/www.capgemini.com\/ca-fr\/wp-content\/uploads\/sites\/21\/2021\/03\/CAROLE-FERRAND-6.jpg?w=150&h=150&crop=1","image":{"@type":"ImageObject","url":"https:\/\/www.capgemini.com\/ca-fr\/wp-content\/uploads\/sites\/21\/2021\/03\/CAROLE-FERRAND-6.jpg"},"articleSection":"Uncategorized","author":[],"creator":[],"publisher":{"@type":"Organization","name":"Capgemini Canada French","logo":""},"keywords":[],"dateCreated":"2021-03-17T15:18:00Z","datePublished":"2021-03-17T15:18:00Z","dateModified":"2025-03-30T18:19:44Z"},"rendered":"<meta name=\"parsely-title\" content=\"Carole Ferrand\" \/>\n<meta name=\"parsely-link\" content=\"https:\/\/www.capgemini.com\/ca-fr\/notre-groupe\/gestion-gouvernance\/equipe-de-direction\/carole-ferrand\/\" \/>\n<meta name=\"parsely-type\" content=\"post\" \/>\n<meta name=\"parsely-image-url\" content=\"https:\/\/www.capgemini.com\/ca-fr\/wp-content\/uploads\/sites\/21\/2021\/03\/CAROLE-FERRAND-6.jpg?w=150&amp;h=150&amp;crop=1\" \/>\n<meta name=\"parsely-pub-date\" content=\"2021-03-17T15:18:00Z\" \/>\n<meta name=\"parsely-section\" content=\"Uncategorized\" \/>","tracker_url":"https:\/\/cdn.parsely.com\/keys\/capgemini.com\/p.js"},"archive_status":false,"featured_image_src":"https:\/\/www.capgemini.com\/ca-fr\/wp-content\/uploads\/sites\/21\/2021\/03\/CAROLE-FERRAND-6.jpg","featured_image_alt":"","jetpack_sharing_enabled":true,"distributor_meta":false,"distributor_terms":false,"distributor_media":false,"distributor_original_site_name":"Capgemini Canada French","distributor_original_site_url":"https:\/\/www.capgemini.com\/ca-fr","push-errors":false,"_links":{"self":[{"href":"https:\/\/www.capgemini.com\/ca-fr\/wp-json\/wp\/v2\/people\/7238","targetHints":{"allow":["GET"]}}],"collection":[{"href":"https:\/\/www.capgemini.com\/ca-fr\/wp-json\/wp\/v2\/people"}],"about":[{"href":"https:\/\/www.capgemini.com\/ca-fr\/wp-json\/wp\/v2\/types\/people"}],"author":[{"embeddable":true,"href":"https:\/\/www.capgemini.com\/ca-fr\/wp-json\/wp\/v2\/users\/166"}],"version-history":[{"count":8,"href":"https:\/\/www.capgemini.com\/ca-fr\/wp-json\/wp\/v2\/people\/7238\/revisions"}],"predecessor-version":[{"id":708410,"href":"https:\/\/www.capgemini.com\/ca-fr\/wp-json\/wp\/v2\/people\/7238\/revisions\/708410"}],"wp:featuredmedia":[{"embeddable":true,"href":"https:\/\/www.capgemini.com\/ca-fr\/wp-json\/wp\/v2\/media\/706793"}],"wp:attachment":[{"href":"https:\/\/www.capgemini.com\/ca-fr\/wp-json\/wp\/v2\/media?parent=7238"}],"wp:term":[{"taxonomy":"post_tag","embeddable":true,"href":"https:\/\/www.capgemini.com\/ca-fr\/wp-json\/wp\/v2\/tags?post=7238"},{"taxonomy":"people-type","embeddable":true,"href":"https:\/\/www.capgemini.com\/ca-fr\/wp-json\/wp\/v2\/people-type?post=7238"},{"taxonomy":"brand","embeddable":true,"href":"https:\/\/www.capgemini.com\/ca-fr\/wp-json\/wp\/v2\/brand?post=7238"},{"taxonomy":"service","embeddable":true,"href":"https:\/\/www.capgemini.com\/ca-fr\/wp-json\/wp\/v2\/service?post=7238"},{"taxonomy":"industry","embeddable":true,"href":"https:\/\/www.capgemini.com\/ca-fr\/wp-json\/wp\/v2\/industry?post=7238"},{"taxonomy":"partners","embeddable":true,"href":"https:\/\/www.capgemini.com\/ca-fr\/wp-json\/wp\/v2\/partners?post=7238"},{"taxonomy":"content-group","embeddable":true,"href":"https:\/\/www.capgemini.com\/ca-fr\/wp-json\/wp\/v2\/content-group?post=7238"}],"curies":[{"name":"wp","href":"https:\/\/api.w.org\/{rel}","templated":true}]}}