{"id":508402,"date":"2023-01-10T10:23:27","date_gmt":"2023-01-10T09:23:27","guid":{"rendered":"https:\/\/www.capgemini.com\/?post_type=event&#038;p=838367"},"modified":"2025-03-28T08:21:40","modified_gmt":"2025-03-28T08:21:40","slug":"capgemini-en-davos-2023","status":"publish","type":"event","link":"https:\/\/www.capgemini.com\/ar-es\/news\/events\/capgemini-en-davos-2023\/","title":{"rendered":"Capgemini en Davos 2023"},"content":{"rendered":"\n<header class=\"wp-block-cg-blocks-hero-reusable header heroReusable  \"><div class=\"header-bgs\"><picture><source srcset=\"https:\/\/www.capgemini.com\/wp-content\/uploads\/2022\/11\/DAVOS_23_KEY_VISUAL-no-text.jpg?w=2880&amp;quality=70 1x, https:\/\/www.capgemini.com\/wp-content\/uploads\/2022\/11\/DAVOS_23_KEY_VISUAL-no-text.jpg?w=2880&amp;quality=70 2x\" media=\"(min-width: 1500px)\"\/><source srcset=\"https:\/\/www.capgemini.com\/wp-content\/uploads\/2022\/11\/DAVOS_23_KEY_VISUAL-no-text.jpg?w=1440&amp;quality=70 1x, https:\/\/www.capgemini.com\/wp-content\/uploads\/2022\/11\/DAVOS_23_KEY_VISUAL-no-text.jpg?w=2880&amp;quality=70 2x\" media=\"(min-width: 992px)\"\/><source srcset=\"https:\/\/www.capgemini.com\/wp-content\/uploads\/2022\/11\/DAVOS_23_KEY_VISUAL-no-text.jpg?w=1024&amp;quality=70 1x, https:\/\/www.capgemini.com\/wp-content\/uploads\/2022\/11\/DAVOS_23_KEY_VISUAL-no-text.jpg?w=1024&amp;quality=70 2x\" media=\"(min-width: 768px)\"\/><source srcset=\"https:\/\/www.capgemini.com\/wp-content\/uploads\/2022\/11\/DAVOS_23_KEY_VISUAL-no-text.jpg?w=768&amp;quality=70 1x, https:\/\/www.capgemini.com\/wp-content\/uploads\/2022\/11\/DAVOS_23_KEY_VISUAL-no-text.jpg?w=768&amp;quality=70 2x\" media=\"(min-width: 0)\"\/><img decoding=\"async\" src=\"https:\/\/www.capgemini.com\/wp-content\/uploads\/2022\/11\/DAVOS_23_KEY_VISUAL-no-text.jpg\" class=\"header-img header-img-d\" alt=\"\" style=\"object-fit:cover;object-position:51% 38%\" loading=\"eager\"\/><\/picture><\/div><div class=\"heroPictureCardHeaderShape\"><\/div><div class=\"container\"><div class=\"row\"><div class=\"col-md-12\"><div class=\"box\"><div class=\"boxTagWrapper\"><div class=\"tagInfo\"><div><span class=\"box-tag\">Event<\/span><\/div><\/div><\/div><div class=\"box-title\"><h1 data-maxlength=\"34\">CAPGEMINI EN DAVOS<\/h1><\/div><div class=\"inner-row-insight download-btn\"><\/div><\/div><\/div><\/div><\/div><\/header>\n\n\n\n<section class=\"wp-block-cg-blocks-group undefined section section--article-content\"><div class=\"article-main-content\"><div class=\"container\"><div class=\"row\"><div class=\"col-12 col-md-1\"><nav class=\"article-social\"><ul class=\"social-nav\"><li class=\"ip-order-fb\"><a href=\"https:\/\/www.facebook.com\/sharer\/sharer.php?u=https:\/\/www.capgemini.com\/?post_type=event&amp;p=838367\" target=\"_blank\" rel=\"noopener noreferrer\" title=\"abrir en una nueva ventana\"><i aria-hidden=\"true\" class=\"icon-fb\"><\/i><span class=\"sr-only\">Facebook<\/span><\/a><\/li><li class=\"ip-order-tw\"><a href=\"https:\/\/twitter.com\/intent\/tweet?url=https:\/\/www.capgemini.com\/?post_type=event&amp;p=838367&amp;text=Capgemini%20at%20DAVOS%202023\" target=\"_blank\" rel=\"noopener noreferrer\" title=\"abrir en una nueva ventana\"><i aria-hidden=\"true\" class=\"icon-tw\"><\/i><span class=\"sr-only\">Twitter<\/span><\/a><\/li><li class=\"ip-order-li\"><a href=\"https:\/\/www.linkedin.com\/shareArticle?url=https:\/\/www.capgemini.com\/?post_type=event&amp;p=838367&amp;text=Capgemini%20at%20DAVOS%202023\" target=\"_blank\" rel=\"noopener noreferrer\" title=\"abrir en una nueva ventana\"><i aria-hidden=\"true\" class=\"icon-li\"><\/i><span class=\"sr-only\">Linkedin<\/span><\/a><\/li><\/ul><\/nav><\/div><div class=\"col-12 col-md-11 col-lg-10\"><div class=\"article-text article-quote-text\">\n<h3 class=\"wp-block-heading\" id=\"h-el-futuro-de-la-industria-sera-mas-inteligente-eficiente-sostenible-y-resiliente\">El futuro de la industria ser\u00e1 m\u00e1s inteligente, eficiente, sostenible y resiliente<\/h3>\n\n\n\n<div style=\"height:20px\" aria-hidden=\"true\" class=\"wp-block-spacer\"><\/div>\n\n\n\n<figure class=\"wp-block-image alignright size-large is-resized\"><img decoding=\"async\" src=\"https:\/\/www.capgemini.com\/wp-content\/uploads\/2022\/12\/DAVOS_23_KEY_VISUAL.jpg?w=960\" alt=\"\" class=\"wp-image-838480\" style=\"width:350px\"\/><\/figure>\n\n\n\n<p>En enero de 2023, m\u00e1s de 2,500 l\u00edderes empresariales, gubernamentales y sociales de todo el mundo se reunieron en el Foro Econ\u00f3mico Mundial (FEM) en Davos, Suiza.<\/p>\n\n\n\n<p>El tema del evento de este a\u00f1o fue &#8220;Cooperaci\u00f3n en un mundo fragmentado&#8221;, que estableci\u00f3 el contexto para discutir prioridades clave sobre c\u00f3mo lograr objetivos comerciales y de sostenibilidad ambiciosos en circunstancias excepcionalmente desafiantes.<\/p>\n\n\n\n<p>Como socio estrat\u00e9gico de WEF, mostramos c\u00f3mo creamos un impacto positivo inmediato y creamos valor a largo plazo para nuestros clientes que generan resiliencia, seguridad y crecimiento futuro.<\/p>\n<\/div><\/div><\/div><\/div><\/div><\/section>\n\n\n\n<section class=\"wp-block-cg-blocks-learn-more learnMoreBlock updated-new-sample-amal\"><div class=\"container\"><div class=\"content-title\"><h3>Profundizar en nuestros insights<\/h3><\/div><div class=\"row\"><div class=\"col-md-4\"><div class=\"box\"><div class=\"box-wrapper\"><a class=\"box-title\" href=\"\/ar-es\/insights\/biblioteca-de-investigacion\/tendencias-inversion\/\" target=\"\" rel=\"noopener noreferrer\"><div class=\"box-img-wrapper\"><img decoding=\"async\" src=\"https:\/\/www.capgemini.com\/wp-content\/uploads\/2023\/01\/Dotcom_banner_2880x1800.jpg?w=500&amp;quality=90\" srcset=\"https:\/\/www.capgemini.com\/wp-content\/uploads\/2023\/01\/Dotcom_banner_2880x1800.jpg?w=500&amp;quality=90 1x, https:\/\/www.capgemini.com\/wp-content\/uploads\/2023\/01\/Dotcom_banner_2880x1800.jpg?w=1000&amp;quality=90 2x\" class=\"box-img\" alt=\"\" style=\"object-fit:cover;object-position:50% 50%\" loading=\"lazy\"\/><\/div><h4 class=\"titleWithoutLink_learnMore\">\u00bfD\u00f3nde est\u00e1n invirtiendo las organizaciones en 2023?<\/h4><\/a><\/div><\/div><div class=\"box-inner\"><p class=\"box-desc\">Consultar informe del Instituto de Investigaci\u00f3n de Capgemini: Avanzando a trav\u00e9s de vientos en contra: \u00bfD\u00f3nde est\u00e1n invirtiendo las organizaciones?<\/p><\/div><\/div><div class=\"col-md-4\"><div class=\"box\"><div class=\"box-wrapper\"><a class=\"box-title\" href=\"https:\/\/www.weforum.org\/agenda\/2023\/01\/the-future-of-business-digital-sustainable-davos2023\/\" target=\"_blank\" rel=\"noopener noreferrer\"><div class=\"box-img-wrapper\"><img decoding=\"async\" src=\"https:\/\/www.capgemini.com\/wp-content\/uploads\/2022\/11\/FS-Nordics-Digital-Transformation-PoV.jpg?w=500&amp;quality=90\" srcset=\"https:\/\/www.capgemini.com\/wp-content\/uploads\/2022\/11\/FS-Nordics-Digital-Transformation-PoV.jpg?w=500&amp;quality=90 1x, https:\/\/www.capgemini.com\/wp-content\/uploads\/2022\/11\/FS-Nordics-Digital-Transformation-PoV.jpg?w=1000&amp;quality=90 2x\" class=\"box-img\" alt=\"\" style=\"object-fit:cover;object-position:50% 50%\" loading=\"lazy\"\/><\/div><h4 class=\"titleWithoutLink_learnMore\">El futuro de los negocios es digital y sostenible<\/h4><\/a><\/div><\/div><div class=\"box-inner\"><p class=\"box-desc\">Convertirse en una empresa verdaderamente sostenible requiere un redise\u00f1o fundamental de los sistemas y procesos. Este art\u00edculo analiza c\u00f3mo hacerlo.<\/p><\/div><\/div><div class=\"col-md-4\"><div class=\"box\"><div class=\"box-wrapper\"><a class=\"box-title\" href=\"https:\/\/www.weforum.org\/whitepapers\/the-no-excuse-framework-to-accelerate-the-path-to-net-zero-manufacturing-and-value-chains\" target=\"_blank\" rel=\"noopener noreferrer\"><div class=\"box-img-wrapper\"><img decoding=\"async\" src=\"https:\/\/www.capgemini.com\/wp-content\/uploads\/2023\/01\/pexels-fox-212324.jpg?w=500&amp;quality=90\" srcset=\"https:\/\/www.capgemini.com\/wp-content\/uploads\/2023\/01\/pexels-fox-212324.jpg?w=500&amp;quality=90 1x, https:\/\/www.capgemini.com\/wp-content\/uploads\/2023\/01\/pexels-fox-212324.jpg?w=1000&amp;quality=90 2x\" class=\"box-img\" alt=\"\" style=\"object-fit:cover;object-position:50% 50%\" loading=\"lazy\"\/><\/div><h4 class=\"titleWithoutLink_learnMore\">El marco \u201csin excusas\u201d para acelerar el camino hacia la fabricaci\u00f3n neta cero y cadenas de valor<\/h4><\/a><\/div><\/div><div class=\"box-inner\"><p class=\"box-desc\">Este whitepaper del Foro Econ\u00f3mico Mundial, en coautor\u00eda con Capgemini, destaca ejemplos de iniciativas y estrategias de colaboraci\u00f3n.<\/p><\/div><\/div><\/div><\/div><\/section>\n\n\n\n<section class=\"wp-block-cg-blocks-learn-more learnMoreBlock updated-new-sample-amal\"><div class=\"container\"><div class=\"content-title\"><h2 class=\"learnmore-heading\">Consultar videos<\/h2><\/div><div class=\"row\"><div class=\"col-md-4\"><div class=\"box\"><div class=\"box-wrapper\"><a class=\"box-title\" href=\"https:\/\/www.weforum.org\/events\/world-economic-forum-annual-meeting-2023\/sessions\/big-bets-on-infrastructure-for-frontier-tech \" target=\"_blank\" aria-label=\"Grandes apuestas para las industrias digitales\" rel=\"noopener noreferrer\"><div class=\"box-img-wrapper\"><img decoding=\"async\" src=\"https:\/\/www.capgemini.com\/wp-content\/uploads\/2023\/02\/Aiman-panel.jpg?w=500&amp;quality=70\" srcset=\"https:\/\/www.capgemini.com\/wp-content\/uploads\/2023\/02\/Aiman-panel.jpg?w=500&amp;quality=70 1x, https:\/\/www.capgemini.com\/wp-content\/uploads\/2023\/02\/Aiman-panel.jpg?w=1000&amp;quality=70 2x\" class=\"box-img\" alt=\"\" style=\"object-fit:cover;object-position:50% 50%\" loading=\"lazy\"\/><\/div><h3 class=\"titleWithoutLink_learnMore\">Grandes apuestas para las industrias digitales<\/h3><\/a><\/div><\/div><div class=\"box-inner\"><p class=\"box-desc\">L\u00edderes ejecutivos, incluido el CEO de Capgemini, Aiman Ezzat, hablan sobre d\u00f3nde las empresas y el gobierno deben enfocar sus prioridades de inversi\u00f3n.<\/p><\/div><\/div><div class=\"col-md-4\"><div class=\"box\"><div class=\"box-wrapper\"><a class=\"box-title\" href=\"https:\/\/www.cnbc.com\/video\/2023\/01\/16\/capgemini-ceo-business-environment-right-now-continues-to-be-good.html \" target=\"_blank\" aria-label=\"El entorno empresarial en este momento sigue siendo bueno\" rel=\"noopener noreferrer\"><div class=\"box-img-wrapper\"><img decoding=\"async\" src=\"https:\/\/www.capgemini.com\/wp-content\/uploads\/2023\/02\/1673958830811.jpg?w=500&amp;quality=70\" srcset=\"https:\/\/www.capgemini.com\/wp-content\/uploads\/2023\/02\/1673958830811.jpg?w=500&amp;quality=70 1x, https:\/\/www.capgemini.com\/wp-content\/uploads\/2023\/02\/1673958830811.jpg?w=1000&amp;quality=70 2x\" class=\"box-img\" alt=\"\" style=\"object-fit:cover;object-position:50% 50%\" loading=\"lazy\"\/><\/div><h3 class=\"titleWithoutLink_learnMore\">El entorno empresarial en este momento sigue siendo bueno<\/h3><\/a><\/div><\/div><div class=\"box-inner\"><p class=\"box-desc\">El CEO de Capgemini, Aiman Ezzat, habla con Joumanna Bercetche de CNBC durante la reuni\u00f3n anual del Foro Econ\u00f3mico Mundial.<\/p><\/div><\/div><div class=\"col-md-4\"><div class=\"box\"><div class=\"box-wrapper\"><a class=\"box-title\" href=\"https:\/\/www.linkedin.com\/posts\/cyrilgarcia1_wef23-sustainableproductdesign-davos-activity-7021591587063242752-3jKT\/\" target=\"_blank\" aria-label=\"Desarrollar un dise\u00f1o de producto sostenible y ganar la lealtad del cliente\" rel=\"noopener noreferrer\"><div class=\"box-img-wrapper\"><img decoding=\"async\" src=\"https:\/\/www.capgemini.com\/wp-content\/uploads\/2023\/02\/Martine-video.jpg?w=500&amp;quality=70\" srcset=\"https:\/\/www.capgemini.com\/wp-content\/uploads\/2023\/02\/Martine-video.jpg?w=500&amp;quality=70 1x, https:\/\/www.capgemini.com\/wp-content\/uploads\/2023\/02\/Martine-video.jpg?w=1000&amp;quality=70 2x\" class=\"box-img\" alt=\"\" style=\"object-fit:cover;object-position:50% 50%\" loading=\"lazy\"\/><\/div><h3 class=\"titleWithoutLink_learnMore\">Desarrollar un dise\u00f1o de producto sostenible y ganar la lealtad del cliente<\/h3><\/a><\/div><\/div><div class=\"box-inner\"><p class=\"box-desc\">Martine Stillman y Cyril Garcia analizan qu\u00e9 es el dise\u00f1o sostenible y c\u00f3mo implementarlo para ganar participaci\u00f3n de mercado, aumentar la lealtad de los clientes y configurar su negocio para el futuro.<\/p><\/div><\/div><div class=\"col-md-4\"><div class=\"box\"><div class=\"box-wrapper\"><a class=\"box-title\" href=\"https:\/\/www.linkedin.com\/posts\/cyrilgarcia1_wef23-sustainability-circulareconomy-activity-7023573285246226432-OY4t\/ \" target=\"_blank\" aria-label=\"Asegurar el futuro del negocio dando vida a la econom\u00eda circular\" rel=\"noopener noreferrer\"><div class=\"box-img-wrapper\"><img decoding=\"async\" src=\"https:\/\/www.capgemini.com\/wp-content\/uploads\/2023\/02\/IMG202301181401132.jpg?w=500&amp;quality=70\" srcset=\"https:\/\/www.capgemini.com\/wp-content\/uploads\/2023\/02\/IMG202301181401132.jpg?w=500&amp;quality=70 1x, https:\/\/www.capgemini.com\/wp-content\/uploads\/2023\/02\/IMG202301181401132.jpg?w=1000&amp;quality=70 2x\" class=\"box-img\" alt=\"\" style=\"object-fit:cover;object-position:50% 50%\" loading=\"lazy\"\/><\/div><h3 class=\"titleWithoutLink_learnMore\">Asegurar el futuro del negocio dando vida a la econom\u00eda circular<\/h3><\/a><\/div><\/div><div class=\"box-inner\"><p class=\"box-desc\">Alain Chardon y Cyril Garcia analizan c\u00f3mo la escasez de recursos y las expectativas cambiantes de los consumidores en torno a la sostenibilidad han potenciado el inter\u00e9s empresarial por la circularidad.<\/p><\/div><\/div><div class=\"col-md-4\"><div class=\"box\"><div class=\"box-wrapper\"><a class=\"box-title\" href=\"https:\/\/www.youtube.com\/watch?v=vgCfB9xQrVo\" target=\"_blank\" aria-label=\"Lograr un futuro neto cero con la captura de carbono\" rel=\"noopener noreferrer\"><div class=\"box-img-wrapper\"><img decoding=\"async\" src=\"https:\/\/www.capgemini.com\/wp-content\/uploads\/2023\/02\/ann.jpg?w=500&amp;quality=70\" srcset=\"https:\/\/www.capgemini.com\/wp-content\/uploads\/2023\/02\/ann.jpg?w=500&amp;quality=70 1x, https:\/\/www.capgemini.com\/wp-content\/uploads\/2023\/02\/ann.jpg?w=1000&amp;quality=70 2x\" class=\"box-img\" alt=\"\" style=\"object-fit:cover;object-position:50% 50%\" loading=\"lazy\"\/><\/div><h3 class=\"titleWithoutLink_learnMore\">Lograr un futuro neto cero con la captura de carbono<\/h3><\/a><\/div><\/div><div class=\"box-inner\"><p class=\"box-desc\">Ann Torres y Cyril Garc\u00eda exploran las oportunidades y los desaf\u00edos para desbloquear esta oportunidad multimillonaria.<\/p><\/div><\/div><div class=\"col-md-4\"><div class=\"box\"><div class=\"box-wrapper\"><a class=\"box-title\" href=\"https:\/\/www.youtube.com\/watch?v=fU8DBZAiJG4 \" target=\"_blank\" aria-label=\"Innovaci\u00f3n para la sostenibilidad: m\u00e1s all\u00e1 de la exageraci\u00f3n\" rel=\"noopener noreferrer\"><div class=\"box-img-wrapper\"><img decoding=\"async\" src=\"https:\/\/www.capgemini.com\/wp-content\/uploads\/2023\/02\/Keith.jpg?w=500&amp;quality=70\" srcset=\"https:\/\/www.capgemini.com\/wp-content\/uploads\/2023\/02\/Keith.jpg?w=500&amp;quality=70 1x, https:\/\/www.capgemini.com\/wp-content\/uploads\/2023\/02\/Keith.jpg?w=1000&amp;quality=70 2x\" class=\"box-img\" alt=\"\" style=\"object-fit:cover;object-position:50% 50%\" loading=\"lazy\"\/><\/div><h3 class=\"titleWithoutLink_learnMore\">Innovaci\u00f3n para la sostenibilidad: m\u00e1s all\u00e1 de la exageraci\u00f3n<\/h3><\/a><\/div><\/div><div class=\"box-inner\"><p class=\"box-desc\">Keith Williams y Ann Torres discuten c\u00f3mo podemos hacer progresos pr\u00e1cticos dentro de nuestra esfera de control, en funci\u00f3n de lo que las nuevas tecnolog\u00edas y enfoques pueden ofrecer de manera realista.<\/p><\/div><\/div><div class=\"col-md-4\"><div class=\"box\"><div class=\"box-wrapper\"><a class=\"box-title\" href=\"https:\/\/www.youtube.com\/watch?v=ZQk6qCqAPWE\" target=\"_blank\" aria-label=\"Navegando futuros descentralizados para servicios financieros\" rel=\"noopener noreferrer\"><div class=\"box-img-wrapper\"><img decoding=\"async\" src=\"https:\/\/www.capgemini.com\/wp-content\/uploads\/2023\/02\/sudhir.jpg?w=500&amp;quality=70\" srcset=\"https:\/\/www.capgemini.com\/wp-content\/uploads\/2023\/02\/sudhir.jpg?w=500&amp;quality=70 1x, https:\/\/www.capgemini.com\/wp-content\/uploads\/2023\/02\/sudhir.jpg?w=1000&amp;quality=70 2x\" class=\"box-img\" alt=\"\" style=\"object-fit:cover;object-position:50% 50%\" loading=\"lazy\"\/><\/div><h3 class=\"titleWithoutLink_learnMore\">Navegando futuros descentralizados para servicios financieros<\/h3><\/a><\/div><\/div><div class=\"box-inner\"><p class=\"box-desc\">Sudhir Pai y Olivier Sevillia analizan c\u00f3mo unir DeFi y el mercado financiero regulado es esencial para desbloquear un nuevo valor comercial.<\/p><\/div><\/div><div class=\"col-md-4\"><div class=\"box\"><div class=\"box-wrapper\"><a class=\"box-title\" href=\"https:\/\/www.youtube.com\/watch?v=LM-Q7LsmEfQ\" target=\"_blank\" aria-label=\"El futuro de los viajes\" rel=\"noopener noreferrer\"><div class=\"box-img-wrapper\"><img decoding=\"async\" src=\"https:\/\/www.capgemini.com\/wp-content\/uploads\/2023\/02\/20230115_Davos_Works_WEF_17.jpg?w=500&amp;quality=70\" srcset=\"https:\/\/www.capgemini.com\/wp-content\/uploads\/2023\/02\/20230115_Davos_Works_WEF_17.jpg?w=500&amp;quality=70 1x, https:\/\/www.capgemini.com\/wp-content\/uploads\/2023\/02\/20230115_Davos_Works_WEF_17.jpg?w=1000&amp;quality=70 2x\" class=\"box-img\" alt=\"\" style=\"object-fit:cover;object-position:50% 50%\" loading=\"lazy\"\/><\/div><h3 class=\"titleWithoutLink_learnMore\">El futuro de los viajes<\/h3><\/a><\/div><\/div><div class=\"box-inner\"><p class=\"box-desc\">\u00bfC\u00f3mo podemos combinar el poder del dise\u00f1o creativo y la predicci\u00f3n para explorar c\u00f3mo ser\u00e1n los viajes en 2050?<\/p><\/div><\/div><\/div><\/div><\/section>\n\n\n\n<section class=\"wp-block-cg-blocks-learn-more learnMoreBlock updated-new-sample-amal\"><div class=\"container\"><div class=\"content-title\"><h2 class=\"learnmore-heading\">Ver demos<\/h2><\/div><div class=\"row\"><div class=\"col-md-4\"><div class=\"box\"><div class=\"box-wrapper\"><a class=\"box-title\" href=\"https:\/\/www.youtube.com\/watch?v=06Rtu4vtwek\" target=\"_blank\" aria-label=\"Existir: industria inteligente a trav\u00e9s del metaverso industrial\" rel=\"noopener noreferrer\"><div class=\"box-img-wrapper\"><img decoding=\"async\" src=\"https:\/\/www.capgemini.com\/wp-content\/uploads\/2023\/02\/IMG202301191917413.jpg?w=500&amp;quality=70\" srcset=\"https:\/\/www.capgemini.com\/wp-content\/uploads\/2023\/02\/IMG202301191917413.jpg?w=500&amp;quality=70 1x, https:\/\/www.capgemini.com\/wp-content\/uploads\/2023\/02\/IMG202301191917413.jpg?w=1000&amp;quality=70 2x\" class=\"box-img\" alt=\"\" style=\"object-fit:cover;object-position:50% 50%\" loading=\"lazy\"\/><\/div><h3 class=\"titleWithoutLink_learnMore\">Existir: industria inteligente a trav\u00e9s del metaverso industrial<\/h3><\/a><\/div><\/div><div class=\"box-inner\"><p class=\"box-desc\">Un marco para proporcionar aplicaciones industriales de metaverso, conectando a expertos y operadores de todo el mundo con activos reales a trav\u00e9s de gemelos digitales.<\/p><\/div><\/div><div class=\"col-md-4\"><div class=\"box\"><div class=\"box-wrapper\"><a class=\"box-title\" href=\"https:\/\/www.youtube.com\/watch?v=Muk945BSaBU \" target=\"_blank\" aria-label=\"Centro de Comando de Energ\u00eda\" rel=\"noopener noreferrer\"><div class=\"box-img-wrapper\"><img decoding=\"async\" src=\"https:\/\/www.capgemini.com\/wp-content\/uploads\/2023\/02\/Demo-still-1.jpg?w=500&amp;quality=70\" srcset=\"https:\/\/www.capgemini.com\/wp-content\/uploads\/2023\/02\/Demo-still-1.jpg?w=500&amp;quality=70 1x, https:\/\/www.capgemini.com\/wp-content\/uploads\/2023\/02\/Demo-still-1.jpg?w=1000&amp;quality=70 2x\" class=\"box-img\" alt=\"\" style=\"object-fit:cover;object-position:50% 50%\" loading=\"lazy\"\/><\/div><h3 class=\"titleWithoutLink_learnMore\">Centro de Comando de Energ\u00eda<\/h3><\/a><\/div><\/div><div class=\"box-inner\"><p class=\"box-desc\">Energy Command Center se construy\u00f3 sobre una arquitectura basada en IoT para una gesti\u00f3n de recursos intuitiva. Aprovecha un enfoque basado en datos y la digitalizaci\u00f3n para monitorear y administrar el rendimiento de los activos energ\u00e9ticos.<\/p><\/div><\/div><div class=\"col-md-4\"><div class=\"box\"><div class=\"box-wrapper\"><a class=\"box-title\" href=\"https:\/\/www.youtube.com\/watch?v=ATsskEV6OgI\" target=\"_blank\" aria-label=\"Soluci\u00f3n de hidr\u00f3geno para coches peque\u00f1os.\" rel=\"noopener noreferrer\"><div class=\"box-img-wrapper\"><img decoding=\"async\" src=\"https:\/\/www.capgemini.com\/wp-content\/uploads\/2023\/02\/microcar2.jpg?w=500&amp;quality=70\" srcset=\"https:\/\/www.capgemini.com\/wp-content\/uploads\/2023\/02\/microcar2.jpg?w=500&amp;quality=70 1x, https:\/\/www.capgemini.com\/wp-content\/uploads\/2023\/02\/microcar2.jpg?w=1000&amp;quality=70 2x\" class=\"box-img\" alt=\"\" style=\"object-fit:cover;object-position:50% 50%\" loading=\"lazy\"\/><\/div><h3 class=\"titleWithoutLink_learnMore\">Soluci\u00f3n de hidr\u00f3geno para coches peque\u00f1os.<\/h3><\/a><\/div><\/div><div class=\"box-inner\"><p class=\"box-desc\">El hidr\u00f3geno es una gran promesa como futuro combustible sostenible para el transporte, y esta demostraci\u00f3n muestra el potencial de un autom\u00f3vil propulsado por hidr\u00f3geno.<\/p><\/div><\/div><\/div><\/div><\/section>\n","protected":false},"excerpt":{"rendered":"<p>In January 2023, more than 2,500 leaders from business, government, and society, from all over the world, convened at the World Economic Forum\u2019s (WEF) annual meeting in Davos, Switzerland.\u00a0<\/p>\n","protected":false},"author":33,"featured_media":508403,"template":"","meta":{"cg_dt_proposed_to":[],"cg_seo_hreflang_relations":"[]","cg_seo_canonical_relation":"","cg_seo_hreflang_x_default_relation":"","cg_dt_approved_content":true,"cg_dt_mandatory_content":false,"cg_dt_notes":"","cg_dg_source_changed":false,"cg_dt_link_disabled":false,"footnotes":"","cg_event_start":"2023-01-16T21:00:00","cg_event_end":"2023-01-16T23:00:00","cg_event_timezone":"","event_location":"Davos","cg_event_type":"Business","cg_event_short_title":"Capgemini at Davos 2023","cg_event_block_title":"","featured_focal_points":""},"tags":[],"brand":[],"event-location":[],"class_list":["post-508402","event","type-event","status-publish","has-post-thumbnail","hentry"],"yoast_head":"<!-- This site is optimized with the Yoast SEO Premium plugin v22.8 (Yoast SEO v22.8) - https:\/\/yoast.com\/wordpress\/plugins\/seo\/ -->\n<title>Capgemini en Davos 2023 | Capgemini<\/title>\n<meta name=\"description\" content=\"En enero de 2023, m\u00e1s de 2,500 l\u00edderes empresariales, gubernamentales y sociales de todo el mundo se reunieron en el Foro Econ\u00f3mico Mundial (FEM) en Davos, Suiza.\" \/>\n<meta name=\"robots\" content=\"index, follow, max-snippet:-1, max-image-preview:large, max-video-preview:-1\" \/>\n<link rel=\"canonical\" href=\"https:\/\/www.capgemini.com\/ar-es\/news\/events\/capgemini-en-davos-2023\/\" \/>\n<meta property=\"og:locale\" content=\"es_MX\" \/>\n<meta property=\"og:type\" content=\"article\" \/>\n<meta property=\"og:title\" content=\"Capgemini en Davos 2023\" \/>\n<meta property=\"og:description\" content=\"In January 2023, more than 2,500 leaders from business, government, and society, from all over the world, convened at the World Economic Forum\u2019s (WEF) annual meeting in Davos, Switzerland.\u00a0 Davos 2023: We look forward to sharing insights that support our belief that the future of industry is both intelligent and sustainable\" \/>\n<meta property=\"og:url\" content=\"https:\/\/www.capgemini.com\/ar-es\/news\/events\/capgemini-en-davos-2023\/\" \/>\n<meta property=\"og:site_name\" content=\"Capgemini Argentina\" \/>\n<meta property=\"article:modified_time\" content=\"2025-03-28T08:21:40+00:00\" \/>\n<meta property=\"og:image\" content=\"https:\/\/www.capgemini.com\/ar-es\/wp-content\/uploads\/sites\/9\/2025\/10\/New-Web-preview-global.jpg\" \/>\n\t<meta property=\"og:image:width\" content=\"1200\" \/>\n\t<meta property=\"og:image:height\" content=\"627\" \/>\n\t<meta property=\"og:image:type\" content=\"image\/jpeg\" \/>\n<meta name=\"twitter:card\" content=\"summary_large_image\" \/>\n<meta name=\"twitter:description\" content=\"In January 2023, more than 2,500 leaders from business, government, and society, from all over the world, convened at the World Economic Forum\u2019s (WEF) annual meeting in Davos, Switzerland.\u00a0 Davos 2023: We look forward to sharing insights that support our belief that the future of industry is both intelligent and sustainable\" \/>\n<meta name=\"twitter:label1\" content=\"Est. reading time\" \/>\n\t<meta name=\"twitter:data1\" content=\"7 minutes\" \/>\n<script type=\"application\/ld+json\" class=\"yoast-schema-graph\">{\"@context\":\"https:\/\/schema.org\",\"@graph\":[{\"@type\":\"WebPage\",\"@id\":\"https:\/\/www.capgemini.com\/ar-es\/news\/events\/capgemini-en-davos-2023\/\",\"url\":\"https:\/\/www.capgemini.com\/ar-es\/news\/events\/capgemini-en-davos-2023\/\",\"name\":\"Capgemini en Davos 2023 | Capgemini\",\"isPartOf\":{\"@id\":\"https:\/\/www.capgemini.com\/ar-es\/#website\"},\"primaryImageOfPage\":{\"@id\":\"https:\/\/www.capgemini.com\/ar-es\/news\/events\/capgemini-en-davos-2023\/#primaryimage\"},\"image\":{\"@id\":\"https:\/\/www.capgemini.com\/ar-es\/news\/events\/capgemini-en-davos-2023\/#primaryimage\"},\"thumbnailUrl\":\"https:\/\/www.capgemini.com\/ar-es\/wp-content\/uploads\/sites\/9\/2023\/01\/DAVOS_23_KEY_VISUAL-no-text.jpg\",\"datePublished\":\"2023-01-10T09:23:27+00:00\",\"dateModified\":\"2025-03-28T08:21:40+00:00\",\"description\":\"En enero de 2023, m\u00e1s de 2,500 l\u00edderes empresariales, gubernamentales y sociales de todo el mundo se reunieron en el Foro Econ\u00f3mico Mundial (FEM) en Davos, Suiza.\",\"breadcrumb\":{\"@id\":\"https:\/\/www.capgemini.com\/ar-es\/news\/events\/capgemini-en-davos-2023\/#breadcrumb\"},\"inLanguage\":\"es-MX\",\"potentialAction\":[{\"@type\":\"ReadAction\",\"target\":[\"https:\/\/www.capgemini.com\/ar-es\/news\/events\/capgemini-en-davos-2023\/\"]}]},{\"@type\":\"ImageObject\",\"inLanguage\":\"es-MX\",\"@id\":\"https:\/\/www.capgemini.com\/ar-es\/news\/events\/capgemini-en-davos-2023\/#primaryimage\",\"url\":\"https:\/\/www.capgemini.com\/ar-es\/wp-content\/uploads\/sites\/9\/2023\/01\/DAVOS_23_KEY_VISUAL-no-text.jpg\",\"contentUrl\":\"https:\/\/www.capgemini.com\/ar-es\/wp-content\/uploads\/sites\/9\/2023\/01\/DAVOS_23_KEY_VISUAL-no-text.jpg\",\"width\":2880,\"height\":1865},{\"@type\":\"BreadcrumbList\",\"@id\":\"https:\/\/www.capgemini.com\/ar-es\/news\/events\/capgemini-en-davos-2023\/#breadcrumb\",\"itemListElement\":[{\"@type\":\"ListItem\",\"position\":1,\"name\":\"Home\",\"item\":\"https:\/\/www.capgemini.com\/ar-es\/\"},{\"@type\":\"ListItem\",\"position\":2,\"name\":\"Events\",\"item\":\"https:\/\/www.capgemini.com\/ar-es\/event\/\"},{\"@type\":\"ListItem\",\"position\":3,\"name\":\"Capgemini en Davos 2023\"}]},{\"@type\":\"WebSite\",\"@id\":\"https:\/\/www.capgemini.com\/ar-es\/#website\",\"url\":\"https:\/\/www.capgemini.com\/ar-es\/\",\"name\":\"Capgemini Argentina\",\"description\":\"Capgemini\",\"potentialAction\":[{\"@type\":\"SearchAction\",\"target\":{\"@type\":\"EntryPoint\",\"urlTemplate\":\"https:\/\/www.capgemini.com\/ar-es\/?s={search_term_string}\"},\"query-input\":\"required name=search_term_string\"}],\"inLanguage\":\"es-MX\"}]}<\/script>\n<!-- \/ Yoast SEO Premium plugin. -->","yoast_head_json":{"title":"Capgemini en Davos 2023 | Capgemini","description":"En enero de 2023, m\u00e1s de 2,500 l\u00edderes empresariales, gubernamentales y sociales de todo el mundo se reunieron en el Foro Econ\u00f3mico Mundial (FEM) en Davos, Suiza.","robots":{"index":"index","follow":"follow","max-snippet":"max-snippet:-1","max-image-preview":"max-image-preview:large","max-video-preview":"max-video-preview:-1"},"canonical":"https:\/\/www.capgemini.com\/ar-es\/news\/events\/capgemini-en-davos-2023\/","og_locale":"es_MX","og_type":"article","og_title":"Capgemini en Davos 2023","og_description":"In January 2023, more than 2,500 leaders from business, government, and society, from all over the world, convened at the World Economic Forum\u2019s (WEF) annual meeting in Davos, Switzerland.\u00a0 Davos 2023: We look forward to sharing insights that support our belief that the future of industry is both intelligent and sustainable","og_url":"https:\/\/www.capgemini.com\/ar-es\/news\/events\/capgemini-en-davos-2023\/","og_site_name":"Capgemini Argentina","article_modified_time":"2025-03-28T08:21:40+00:00","og_image":[{"width":1200,"height":627,"url":"https:\/\/www.capgemini.com\/ar-es\/wp-content\/uploads\/sites\/9\/2025\/10\/New-Web-preview-global.jpg","type":"image\/jpeg"}],"twitter_card":"summary_large_image","twitter_description":"In January 2023, more than 2,500 leaders from business, government, and society, from all over the world, convened at the World Economic Forum\u2019s (WEF) annual meeting in Davos, Switzerland.\u00a0 Davos 2023: We look forward to sharing insights that support our belief that the future of industry is both intelligent and sustainable","twitter_misc":{"Est. reading time":"7 minutes"},"schema":{"@context":"https:\/\/schema.org","@graph":[{"@type":"WebPage","@id":"https:\/\/www.capgemini.com\/ar-es\/news\/events\/capgemini-en-davos-2023\/","url":"https:\/\/www.capgemini.com\/ar-es\/news\/events\/capgemini-en-davos-2023\/","name":"Capgemini en Davos 2023 | Capgemini","isPartOf":{"@id":"https:\/\/www.capgemini.com\/ar-es\/#website"},"primaryImageOfPage":{"@id":"https:\/\/www.capgemini.com\/ar-es\/news\/events\/capgemini-en-davos-2023\/#primaryimage"},"image":{"@id":"https:\/\/www.capgemini.com\/ar-es\/news\/events\/capgemini-en-davos-2023\/#primaryimage"},"thumbnailUrl":"https:\/\/www.capgemini.com\/ar-es\/wp-content\/uploads\/sites\/9\/2023\/01\/DAVOS_23_KEY_VISUAL-no-text.jpg","datePublished":"2023-01-10T09:23:27+00:00","dateModified":"2025-03-28T08:21:40+00:00","description":"En enero de 2023, m\u00e1s de 2,500 l\u00edderes empresariales, gubernamentales y sociales de todo el mundo se reunieron en el Foro Econ\u00f3mico Mundial (FEM) en Davos, Suiza.","breadcrumb":{"@id":"https:\/\/www.capgemini.com\/ar-es\/news\/events\/capgemini-en-davos-2023\/#breadcrumb"},"inLanguage":"es-MX","potentialAction":[{"@type":"ReadAction","target":["https:\/\/www.capgemini.com\/ar-es\/news\/events\/capgemini-en-davos-2023\/"]}]},{"@type":"ImageObject","inLanguage":"es-MX","@id":"https:\/\/www.capgemini.com\/ar-es\/news\/events\/capgemini-en-davos-2023\/#primaryimage","url":"https:\/\/www.capgemini.com\/ar-es\/wp-content\/uploads\/sites\/9\/2023\/01\/DAVOS_23_KEY_VISUAL-no-text.jpg","contentUrl":"https:\/\/www.capgemini.com\/ar-es\/wp-content\/uploads\/sites\/9\/2023\/01\/DAVOS_23_KEY_VISUAL-no-text.jpg","width":2880,"height":1865},{"@type":"BreadcrumbList","@id":"https:\/\/www.capgemini.com\/ar-es\/news\/events\/capgemini-en-davos-2023\/#breadcrumb","itemListElement":[{"@type":"ListItem","position":1,"name":"Home","item":"https:\/\/www.capgemini.com\/ar-es\/"},{"@type":"ListItem","position":2,"name":"Events","item":"https:\/\/www.capgemini.com\/ar-es\/event\/"},{"@type":"ListItem","position":3,"name":"Capgemini en Davos 2023"}]},{"@type":"WebSite","@id":"https:\/\/www.capgemini.com\/ar-es\/#website","url":"https:\/\/www.capgemini.com\/ar-es\/","name":"Capgemini Argentina","description":"Capgemini","potentialAction":[{"@type":"SearchAction","target":{"@type":"EntryPoint","urlTemplate":"https:\/\/www.capgemini.com\/ar-es\/?s={search_term_string}"},"query-input":"required name=search_term_string"}],"inLanguage":"es-MX"}]}},"event_post_tag":"","brand_term":[],"parsely":{"version":"1.1.0","canonical_url":"https:\/\/capgemini.com\/ar-es\/news\/events\/capgemini-en-davos-2023\/","smart_links":{"inbound":0,"outbound":0},"traffic_boost_suggestions_count":0,"meta":{"@context":"https:\/\/schema.org","@type":"NewsArticle","headline":"Capgemini en Davos 2023","url":"https:\/\/www.capgemini.com\/ar-es\/news\/events\/capgemini-en-davos-2023\/","mainEntityOfPage":{"@type":"WebPage","@id":"https:\/\/www.capgemini.com\/ar-es\/news\/events\/capgemini-en-davos-2023\/"},"thumbnailUrl":"https:\/\/www.capgemini.com\/ar-es\/wp-content\/uploads\/sites\/9\/2023\/01\/DAVOS_23_KEY_VISUAL-no-text.jpg?w=150&h=150&crop=1","image":{"@type":"ImageObject","url":"https:\/\/www.capgemini.com\/ar-es\/wp-content\/uploads\/sites\/9\/2023\/01\/DAVOS_23_KEY_VISUAL-no-text.jpg"},"articleSection":"Uncategorized","author":[],"creator":[],"publisher":{"@type":"Organization","name":"Capgemini Argentina","logo":""},"keywords":[],"dateCreated":"2023-01-10T09:23:27Z","datePublished":"2023-01-10T09:23:27Z","dateModified":"2025-03-28T08:21:40Z"},"rendered":"<meta name=\"parsely-title\" content=\"Capgemini en Davos 2023\" \/>\n<meta name=\"parsely-link\" content=\"https:\/\/www.capgemini.com\/ar-es\/news\/events\/capgemini-en-davos-2023\/\" \/>\n<meta name=\"parsely-type\" content=\"post\" \/>\n<meta name=\"parsely-image-url\" content=\"https:\/\/www.capgemini.com\/ar-es\/wp-content\/uploads\/sites\/9\/2023\/01\/DAVOS_23_KEY_VISUAL-no-text.jpg?w=150&amp;h=150&amp;crop=1\" \/>\n<meta name=\"parsely-pub-date\" content=\"2023-01-10T09:23:27Z\" \/>\n<meta name=\"parsely-section\" content=\"Uncategorized\" \/>","tracker_url":"https:\/\/cdn.parsely.com\/keys\/capgemini.com\/p.js"},"archive_status":false,"featured_image_src":"https:\/\/www.capgemini.com\/ar-es\/wp-content\/uploads\/sites\/9\/2023\/01\/DAVOS_23_KEY_VISUAL-no-text.jpg","featured_image_alt":"","jetpack_sharing_enabled":true,"distributor_meta":false,"distributor_terms":false,"distributor_media":false,"distributor_original_site_name":"Capgemini Argentina","distributor_original_site_url":"https:\/\/www.capgemini.com\/ar-es","push-errors":false,"_links":{"self":[{"href":"https:\/\/www.capgemini.com\/ar-es\/wp-json\/wp\/v2\/event\/508402","targetHints":{"allow":["GET"]}}],"collection":[{"href":"https:\/\/www.capgemini.com\/ar-es\/wp-json\/wp\/v2\/event"}],"about":[{"href":"https:\/\/www.capgemini.com\/ar-es\/wp-json\/wp\/v2\/types\/event"}],"author":[{"embeddable":true,"href":"https:\/\/www.capgemini.com\/ar-es\/wp-json\/wp\/v2\/users\/33"}],"version-history":[{"count":5,"href":"https:\/\/www.capgemini.com\/ar-es\/wp-json\/wp\/v2\/event\/508402\/revisions"}],"predecessor-version":[{"id":516177,"href":"https:\/\/www.capgemini.com\/ar-es\/wp-json\/wp\/v2\/event\/508402\/revisions\/516177"}],"wp:featuredmedia":[{"embeddable":true,"href":"https:\/\/www.capgemini.com\/ar-es\/wp-json\/wp\/v2\/media\/508403"}],"wp:attachment":[{"href":"https:\/\/www.capgemini.com\/ar-es\/wp-json\/wp\/v2\/media?parent=508402"}],"wp:term":[{"taxonomy":"post_tag","embeddable":true,"href":"https:\/\/www.capgemini.com\/ar-es\/wp-json\/wp\/v2\/tags?post=508402"},{"taxonomy":"brand","embeddable":true,"href":"https:\/\/www.capgemini.com\/ar-es\/wp-json\/wp\/v2\/brand?post=508402"},{"taxonomy":"event-location","embeddable":true,"href":"https:\/\/www.capgemini.com\/ar-es\/wp-json\/wp\/v2\/event-location?post=508402"}],"curies":[{"name":"wp","href":"https:\/\/api.w.org\/{rel}","templated":true}]}}